
{"id":5,"date":"2022-11-08T16:07:53","date_gmt":"2022-11-08T21:07:53","guid":{"rendered":"https:\/\/cssdn.gouv.qc.ca\/auberiviere\/accueil\/"},"modified":"2025-10-31T15:02:44","modified_gmt":"2025-10-31T19:02:44","slug":"accueil","status":"publish","type":"page","link":"https:\/\/cssdn.gouv.qc.ca\/auberiviere\/","title":{"rendered":"Accueil"},"content":{"rendered":"\n<div class=\"wp-block-cover alignfull is-light is-style-hero-home-subsite\" style=\"min-height:537px;aspect-ratio:unset;\"><img decoding=\"async\" width=\"1920\" height=\"537\" class=\"wp-block-cover__image-background wp-image-68 lazyload\" alt=\"\" data-src=\"https:\/\/cssdn.gouv.qc.ca\/auberiviere\/wp-content\/uploads\/sites\/38\/2022\/11\/Seawire-Hero-06-min.png\" data-object-fit=\"cover\" data-srcset=\"https:\/\/cssdn.gouv.qc.ca\/auberiviere\/wp-content\/uploads\/sites\/38\/2022\/11\/Seawire-Hero-06-min.png 1920w, https:\/\/cssdn.gouv.qc.ca\/auberiviere\/wp-content\/uploads\/sites\/38\/2022\/11\/Seawire-Hero-06-min-300x84.png 300w, https:\/\/cssdn.gouv.qc.ca\/auberiviere\/wp-content\/uploads\/sites\/38\/2022\/11\/Seawire-Hero-06-min-1024x286.png 1024w, https:\/\/cssdn.gouv.qc.ca\/auberiviere\/wp-content\/uploads\/sites\/38\/2022\/11\/Seawire-Hero-06-min-768x215.png 768w, https:\/\/cssdn.gouv.qc.ca\/auberiviere\/wp-content\/uploads\/sites\/38\/2022\/11\/Seawire-Hero-06-min-1536x430.png 1536w\" data-sizes=\"(max-width: 1920px) 100vw, 1920px\" src=\"data:image\/svg+xml;base64,PHN2ZyB3aWR0aD0iMSIgaGVpZ2h0PSIxIiB4bWxucz0iaHR0cDovL3d3dy53My5vcmcvMjAwMC9zdmciPjwvc3ZnPg==\" style=\"--smush-placeholder-width: 1920px; --smush-placeholder-aspect-ratio: 1920\/537;\" \/><span aria-hidden=\"true\" class=\"wp-block-cover__background has-background-dim\"><\/span><div class=\"wp-block-cover__inner-container\">\n<div class=\"wp-block-group alignwide\">\n<h1 class=\"wp-block-heading wp-block-post-title has-white-color has-text-color\">Bienvenue \u00e0 l&rsquo;\u00e9cole de l&rsquo;Auberivi\u00e8re<\/h1>\n<\/div>\n\n\n\n<p class=\"wp-block-paragraph\"><\/p>\n\n\n\n<p class=\"wp-block-paragraph\"><\/p>\n\n\n\n<p class=\"wp-block-paragraph\"><\/p>\n\n\n\n<p class=\"wp-block-paragraph\"><\/p>\n\n\n\n<p class=\"wp-block-paragraph\"><\/p>\n\n\n\n<p class=\"wp-block-paragraph\"><\/p>\n\n\n\n<p class=\"wp-block-paragraph\"><\/p>\n\n\n\n<p class=\"wp-block-paragraph\"><\/p>\n<\/div><\/div>\n\n\n\n<div class=\"wp-block-group alignfull is-style-bg-waves\">\n<h2 class=\"wp-block-heading alignwide has-heading-1-font-size\">Actualit\u00e9s<\/h2>\n\n\n<div class=\" alignwide alignwide alignwide archive-listing\" id=\"testimonial-block_8beed0a5a3de63e180cce8df7071b50e\">\n                                                                    <ul class=\"archive-listing__list  archive-listing__group-\">\n                                <li class=\"archive-listing__item\">\n                     <div class=\"actualite-card\">    <div class=\"wp-block-post-image\">\n    \n    <\/div>\n    <div class=\"wp-block-post-content\">\n        <div class=\"wp-block-post-date\"><time datetime=\"2026-04-20T09:33:31-04:00\">20 avril 2026<\/time><\/div>\n        <h2 class=\"wp-block-post-title\">Semaine du personnel de soutien administratif &#8211; 19 au 25 avril 2026<\/h2>\n\n        <div class=\"wp-block-post-excerpt\"><p class=\"wp-block-post-excerpt__excerpt\">Le personnel de soutien administratif, dans nos \u00e9coles, centres et nos services, est un \u00e9l\u00e9ment crucial de notre organisation puisqu&rsquo;il fournit un appui logistique, technique et administratif essentiel. <\/p><\/div>\n        <a aria-label=\"Semaine du personnel de soutien administratif &amp;#8211; 19 au 25 avril 2026\" class=\"wp-block-read-more\" href=\"https:\/\/cssdn.gouv.qc.ca\/auberiviere\/2026\/04\/20\/semaine-du-personnel-de-soutien-administratif-19-au-25-avril-2026\/\" target=\"_self\">En savoir plus<span class=\"screen-reader-text\">\u00a0: Semaine du personnel de soutien administratif &#8211; 19 au 25 avril 2026<\/span><\/a>\n    <\/div><\/div>                <\/li>\n                                            <li class=\"archive-listing__item\">\n                     <div class=\"actualite-card\">    <div class=\"wp-block-post-image\">\n    \n    <\/div>\n    <div class=\"wp-block-post-content\">\n        <div class=\"wp-block-post-date\"><time datetime=\"2026-02-25T10:10:54-05:00\">25 f\u00e9vrier 2026<\/time><\/div>\n        <h2 class=\"wp-block-post-title\">Conf\u00e9rence de l&rsquo;UMR Synergia \u00ab 5 pistes d\u2019actions pour interagir avec son enfant et adolescent afin de l\u2019aider \u00e0 se fixer des buts et \u00e0 les atteindre \u00bb &#8211; 10 mars 2026<\/h2>\n\n        <div class=\"wp-block-post-excerpt\"><p class=\"wp-block-post-excerpt__excerpt\">Cette conf\u00e9rence est organis\u00e9e par l&rsquo;Unit\u00e9 mixte de recherche Synergia en partenariat avec le CSSDN et est offerte exclusivement et gratuitement aux parents de nos \u00e9l\u00e8ves. <\/p><\/div>\n        <a aria-label=\"Conf\u00e9rence de l&amp;rsquo;UMR Synergia \u00ab 5 pistes d\u2019actions pour interagir avec son enfant et adolescent afin de l\u2019aider \u00e0 se fixer des buts et \u00e0 les atteindre \u00bb &amp;#8211; 10 mars 2026\" class=\"wp-block-read-more\" href=\"https:\/\/cssdn.gouv.qc.ca\/auberiviere\/2026\/02\/25\/conference-de-lumr-synergia-5-pistes-dactions-pour-interagir-avec-son-enfant-et-adolescent-afin-de-laider-a-se-fixer-des-buts-et-a-les-atteindre-10-mars-2026\/\" target=\"_self\">En savoir plus<span class=\"screen-reader-text\">\u00a0: Conf\u00e9rence de l&rsquo;UMR Synergia \u00ab 5 pistes d\u2019actions pour interagir avec son enfant et adolescent afin de l\u2019aider \u00e0 se fixer des buts et \u00e0 les atteindre \u00bb &#8211; 10 mars 2026<\/span><\/a>\n    <\/div><\/div>                <\/li>\n                                            <li class=\"archive-listing__item\">\n                     <div class=\"actualite-card\">    <div class=\"wp-block-post-image\">\n    <figure class=\"wp-block-post-featured-image\"><img decoding=\"async\" width=\"423\" height=\"218\" data-src=\"https:\/\/cssdn.gouv.qc.ca\/auberiviere\/wp-content\/uploads\/sites\/38\/2026\/03\/securite2026.png\" class=\"attachment-post-thumbnail size-post-thumbnail wp-post-image lazyload\" alt=\"\" style=\"--smush-placeholder-width: 423px; --smush-placeholder-aspect-ratio: 423\/218;object-fit:cover;\" data-srcset=\"https:\/\/cssdn.gouv.qc.ca\/auberiviere\/wp-content\/uploads\/sites\/38\/2026\/03\/securite2026.png 423w, https:\/\/cssdn.gouv.qc.ca\/auberiviere\/wp-content\/uploads\/sites\/38\/2026\/03\/securite2026-300x155.png 300w\" data-sizes=\"(max-width: 423px) 100vw, 423px\" src=\"data:image\/svg+xml;base64,PHN2ZyB3aWR0aD0iMSIgaGVpZ2h0PSIxIiB4bWxucz0iaHR0cDovL3d3dy53My5vcmcvMjAwMC9zdmciPjwvc3ZnPg==\" \/><\/figure>\n    <\/div>\n    <div class=\"wp-block-post-content\">\n        <div class=\"wp-block-post-date\"><time datetime=\"2026-02-20T08:50:21-05:00\">20 f\u00e9vrier 2026<\/time><\/div>\n        <h2 class=\"wp-block-post-title\">Pr\u00e8s des \u00e9coles, je fais mon bout de chemin<\/h2>\n\n        <div class=\"wp-block-post-excerpt\"><p class=\"wp-block-post-excerpt__excerpt\">Une grande campagne de s\u00e9curit\u00e9 routi\u00e8re est en cours \u00e0 L\u00e9vis, car la s\u00e9curit\u00e9 des enfants doit \u00eatre une priorit\u00e9. \u00c0 l\u2019approche d\u2019une \u00e9cole, redoublez de prudence. Et vous, faites-vous votre bout de chemin? <\/p><\/div>\n        <a aria-label=\"Pr\u00e8s des \u00e9coles, je fais mon bout de chemin\" class=\"wp-block-read-more\" href=\"https:\/\/cssdn.gouv.qc.ca\/auberiviere\/2026\/02\/20\/pres-des-ecoles-je-fais-mon-bout-de-chemin\/\" target=\"_self\">En savoir plus<span class=\"screen-reader-text\">\u00a0: Pr\u00e8s des \u00e9coles, je fais mon bout de chemin<\/span><\/a>\n    <\/div><\/div>                <\/li>\n                                            <li class=\"archive-listing__item\">\n                     <div class=\"actualite-card\">    <div class=\"wp-block-post-image\">\n    <figure class=\"wp-block-post-featured-image\"><img decoding=\"async\" width=\"940\" height=\"788\" data-src=\"https:\/\/cssdn.gouv.qc.ca\/auberiviere\/wp-content\/uploads\/sites\/38\/2026\/01\/VIGNETTE-ENSEIGNANTS.png\" class=\"attachment-post-thumbnail size-post-thumbnail wp-post-image lazyload\" alt=\"\" style=\"--smush-placeholder-width: 940px; --smush-placeholder-aspect-ratio: 940\/788;object-fit:cover;\" data-srcset=\"https:\/\/cssdn.gouv.qc.ca\/auberiviere\/wp-content\/uploads\/sites\/38\/2026\/01\/VIGNETTE-ENSEIGNANTS.png 940w, https:\/\/cssdn.gouv.qc.ca\/auberiviere\/wp-content\/uploads\/sites\/38\/2026\/01\/VIGNETTE-ENSEIGNANTS-300x251.png 300w, https:\/\/cssdn.gouv.qc.ca\/auberiviere\/wp-content\/uploads\/sites\/38\/2026\/01\/VIGNETTE-ENSEIGNANTS-768x644.png 768w\" data-sizes=\"(max-width: 940px) 100vw, 940px\" src=\"data:image\/svg+xml;base64,PHN2ZyB3aWR0aD0iMSIgaGVpZ2h0PSIxIiB4bWxucz0iaHR0cDovL3d3dy53My5vcmcvMjAwMC9zdmciPjwvc3ZnPg==\" \/><\/figure>\n    <\/div>\n    <div class=\"wp-block-post-content\">\n        <div class=\"wp-block-post-date\"><time datetime=\"2026-02-01T06:00:00-05:00\">1 f\u00e9vrier 2026<\/time><\/div>\n        <h2 class=\"wp-block-post-title\">Semaine des enseignantes et des enseignants &#8211; 1er au 7 f\u00e9vrier 2026<\/h2>\n\n        <div class=\"wp-block-post-excerpt\"><p class=\"wp-block-post-excerpt__excerpt\">Chaque jour, vous transmettez bien plus que des connaissances : vous inspirez, vous accompagnez et vous changez des parcours de vie. En cette semaine qui vous est d\u00e9di\u00e9e, nous vous remercions d\u2019avoir les \u00e9l\u00e8ves \u00e0 c\u0153ur, de croire en leur potentiel et de contribuer, par votre engagement, \u00e0 notre mission \u00e9ducative! <\/p><\/div>\n        <a aria-label=\"Semaine des enseignantes et des enseignants &amp;#8211; 1er au 7 f\u00e9vrier 2026\" class=\"wp-block-read-more\" href=\"https:\/\/cssdn.gouv.qc.ca\/auberiviere\/2026\/02\/01\/semaine-des-enseignantes-et-des-enseignants-1er-au-7-fevrier-2026\/\" target=\"_self\">En savoir plus<span class=\"screen-reader-text\">\u00a0: Semaine des enseignantes et des enseignants &#8211; 1er au 7 f\u00e9vrier 2026<\/span><\/a>\n    <\/div><\/div>                <\/li>\n                                            <li class=\"archive-listing__item\">\n                     <div class=\"actualite-card\">    <div class=\"wp-block-post-image\">\n    \n    <\/div>\n    <div class=\"wp-block-post-content\">\n        <div class=\"wp-block-post-date\"><time datetime=\"2026-01-16T16:19:04-05:00\">16 janvier 2026<\/time><\/div>\n        <h2 class=\"wp-block-post-title\">Inscriptions scolaires 2026-2027<\/h2>\n\n        <div class=\"wp-block-post-excerpt\"><p class=\"wp-block-post-excerpt__excerpt\">D\u00e9couvrez les dates des inscriptions pour la maternelle 4 et 5 ans, le programme Passe-partout, le primaire, le secondaire et la FP, ainsi que tous les renseignements concernant nos services \u00e9ducatifs. <\/p><\/div>\n        <a aria-label=\"Inscriptions scolaires 2026-2027\" class=\"wp-block-read-more\" href=\"https:\/\/cssdn.gouv.qc.ca\/auberiviere\/2026\/01\/16\/inscriptions-scolaires-2026-2027\/\" target=\"_self\">En savoir plus<span class=\"screen-reader-text\">\u00a0: Inscriptions scolaires 2026-2027<\/span><\/a>\n    <\/div><\/div>                <\/li>\n                                            <li class=\"archive-listing__item\">\n                     <div class=\"actualite-card\">    <div class=\"wp-block-post-image\">\n    <figure class=\"wp-block-post-featured-image\"><img decoding=\"async\" width=\"1640\" height=\"924\" data-src=\"https:\/\/cssdn.gouv.qc.ca\/auberiviere\/wp-content\/uploads\/sites\/38\/2026\/01\/Inscriptions-scolaires-vignette.png\" class=\"attachment-post-thumbnail size-post-thumbnail wp-post-image lazyload\" alt=\"\" style=\"--smush-placeholder-width: 1640px; --smush-placeholder-aspect-ratio: 1640\/924;object-fit:cover;\" data-srcset=\"https:\/\/cssdn.gouv.qc.ca\/auberiviere\/wp-content\/uploads\/sites\/38\/2026\/01\/Inscriptions-scolaires-vignette.png 1640w, https:\/\/cssdn.gouv.qc.ca\/auberiviere\/wp-content\/uploads\/sites\/38\/2026\/01\/Inscriptions-scolaires-vignette-300x169.png 300w, https:\/\/cssdn.gouv.qc.ca\/auberiviere\/wp-content\/uploads\/sites\/38\/2026\/01\/Inscriptions-scolaires-vignette-1024x577.png 1024w, https:\/\/cssdn.gouv.qc.ca\/auberiviere\/wp-content\/uploads\/sites\/38\/2026\/01\/Inscriptions-scolaires-vignette-768x433.png 768w, https:\/\/cssdn.gouv.qc.ca\/auberiviere\/wp-content\/uploads\/sites\/38\/2026\/01\/Inscriptions-scolaires-vignette-1536x865.png 1536w\" data-sizes=\"(max-width: 1640px) 100vw, 1640px\" src=\"data:image\/svg+xml;base64,PHN2ZyB3aWR0aD0iMSIgaGVpZ2h0PSIxIiB4bWxucz0iaHR0cDovL3d3dy53My5vcmcvMjAwMC9zdmciPjwvc3ZnPg==\" \/><\/figure>\n    <\/div>\n    <div class=\"wp-block-post-content\">\n        <div class=\"wp-block-post-date\"><time datetime=\"2026-01-16T16:19:04-05:00\">16 janvier 2026<\/time><\/div>\n        <h2 class=\"wp-block-post-title\">Inscriptions scolaires 2026-2027<\/h2>\n\n        <div class=\"wp-block-post-excerpt\"><p class=\"wp-block-post-excerpt__excerpt\">D\u00e9couvrez les dates des inscriptions pour la maternelle 4 et 5 ans, le programme Passe-partout, le primaire, le secondaire et la FP, ainsi que tous les renseignements concernant nos services \u00e9ducatifs. <\/p><\/div>\n        <a aria-label=\"Inscriptions scolaires 2026-2027\" class=\"wp-block-read-more\" href=\"https:\/\/cssdn.gouv.qc.ca\/auberiviere\/2026\/01\/16\/inscriptions-scolaires-2026-2027-2\/\" target=\"_self\">En savoir plus<span class=\"screen-reader-text\">\u00a0: Inscriptions scolaires 2026-2027<\/span><\/a>\n    <\/div><\/div>                <\/li>\n                                            <li class=\"archive-listing__item\">\n                     <div class=\"actualite-card\">    <div class=\"wp-block-post-image\">\n    \n    <\/div>\n    <div class=\"wp-block-post-content\">\n        <div class=\"wp-block-post-date\"><time datetime=\"2025-12-18T16:04:56-05:00\">18 D\u00e9cembre 2025<\/time><\/div>\n        <h2 class=\"wp-block-post-title\">Calendriers scolaires 2026-2027<\/h2>\n\n        <div class=\"wp-block-post-excerpt\"><p class=\"wp-block-post-excerpt__excerpt\">Les calendriers scolaires des \u00e9coles primaires et secondaires des Navigateurs pour la prochaine ann\u00e9e scolaire sont maintenant en ligne! <\/p><\/div>\n        <a aria-label=\"Calendriers scolaires 2026-2027\" class=\"wp-block-read-more\" href=\"https:\/\/cssdn.gouv.qc.ca\/auberiviere\/2025\/12\/18\/calendriers-scolaires-2026-2027\/\" target=\"_self\">En savoir plus<span class=\"screen-reader-text\">\u00a0: Calendriers scolaires 2026-2027<\/span><\/a>\n    <\/div><\/div>                <\/li>\n                                            <li class=\"archive-listing__item\">\n                     <div class=\"actualite-card\">    <div class=\"wp-block-post-image\">\n    <figure class=\"wp-block-post-featured-image\"><img decoding=\"async\" width=\"1600\" height=\"900\" data-src=\"https:\/\/cssdn.gouv.qc.ca\/auberiviere\/wp-content\/uploads\/sites\/38\/2025\/11\/25-139-03_info-x_sem-pro_v1.jpg\" class=\"attachment-post-thumbnail size-post-thumbnail wp-post-image lazyload\" alt=\"\" style=\"--smush-placeholder-width: 1600px; --smush-placeholder-aspect-ratio: 1600\/900;object-fit:cover;\" data-srcset=\"https:\/\/cssdn.gouv.qc.ca\/auberiviere\/wp-content\/uploads\/sites\/38\/2025\/11\/25-139-03_info-x_sem-pro_v1.jpg 1600w, https:\/\/cssdn.gouv.qc.ca\/auberiviere\/wp-content\/uploads\/sites\/38\/2025\/11\/25-139-03_info-x_sem-pro_v1-300x169.jpg 300w, https:\/\/cssdn.gouv.qc.ca\/auberiviere\/wp-content\/uploads\/sites\/38\/2025\/11\/25-139-03_info-x_sem-pro_v1-1024x576.jpg 1024w, https:\/\/cssdn.gouv.qc.ca\/auberiviere\/wp-content\/uploads\/sites\/38\/2025\/11\/25-139-03_info-x_sem-pro_v1-768x432.jpg 768w, https:\/\/cssdn.gouv.qc.ca\/auberiviere\/wp-content\/uploads\/sites\/38\/2025\/11\/25-139-03_info-x_sem-pro_v1-1536x864.jpg 1536w\" data-sizes=\"(max-width: 1600px) 100vw, 1600px\" src=\"data:image\/svg+xml;base64,PHN2ZyB3aWR0aD0iMSIgaGVpZ2h0PSIxIiB4bWxucz0iaHR0cDovL3d3dy53My5vcmcvMjAwMC9zdmciPjwvc3ZnPg==\" \/><\/figure>\n    <\/div>\n    <div class=\"wp-block-post-content\">\n        <div class=\"wp-block-post-date\"><time datetime=\"2025-11-17T09:07:26-05:00\">17 novembre 2025<\/time><\/div>\n        <h2 class=\"wp-block-post-title\">Semaine des professionnelles et des professionnels de l\u2019\u00e9ducation &#8211; 17 au 21 novembre 2025<\/h2>\n\n        <div class=\"wp-block-post-excerpt\"><p class=\"wp-block-post-excerpt__excerpt\">Chaque jour, les personnes professionnelles dans notre r\u00e9seau offrent le meilleur d&rsquo;elles-m\u00eames afin d&rsquo;aider et de soutenir nos \u00e9l\u00e8ves et toute notre organisation. <\/p><\/div>\n        <a aria-label=\"Semaine des professionnelles et des professionnels de l\u2019\u00e9ducation &amp;#8211; 17 au 21 novembre 2025\" class=\"wp-block-read-more\" href=\"https:\/\/cssdn.gouv.qc.ca\/auberiviere\/2025\/11\/17\/semaine-des-professionnelles-et-des-professionnels-de-leducation-17-au-21-novembre-2025\/\" target=\"_self\">En savoir plus<span class=\"screen-reader-text\">\u00a0: Semaine des professionnelles et des professionnels de l\u2019\u00e9ducation &#8211; 17 au 21 novembre 2025<\/span><\/a>\n    <\/div><\/div>                <\/li>\n                                            <li class=\"archive-listing__item\">\n                     <div class=\"actualite-card\">    <div class=\"wp-block-post-image\">\n    <figure class=\"wp-block-post-featured-image\"><img decoding=\"async\" width=\"1920\" height=\"1080\" data-src=\"https:\/\/cssdn.gouv.qc.ca\/auberiviere\/wp-content\/uploads\/sites\/38\/2025\/11\/Actualite_Noel_minspire.png\" class=\"attachment-post-thumbnail size-post-thumbnail wp-post-image lazyload\" alt=\"\" style=\"--smush-placeholder-width: 1920px; --smush-placeholder-aspect-ratio: 1920\/1080;object-fit:cover;\" data-srcset=\"https:\/\/cssdn.gouv.qc.ca\/auberiviere\/wp-content\/uploads\/sites\/38\/2025\/11\/Actualite_Noel_minspire.png 1920w, https:\/\/cssdn.gouv.qc.ca\/auberiviere\/wp-content\/uploads\/sites\/38\/2025\/11\/Actualite_Noel_minspire-300x169.png 300w, https:\/\/cssdn.gouv.qc.ca\/auberiviere\/wp-content\/uploads\/sites\/38\/2025\/11\/Actualite_Noel_minspire-1024x576.png 1024w, https:\/\/cssdn.gouv.qc.ca\/auberiviere\/wp-content\/uploads\/sites\/38\/2025\/11\/Actualite_Noel_minspire-768x432.png 768w, https:\/\/cssdn.gouv.qc.ca\/auberiviere\/wp-content\/uploads\/sites\/38\/2025\/11\/Actualite_Noel_minspire-1536x864.png 1536w\" data-sizes=\"(max-width: 1920px) 100vw, 1920px\" src=\"data:image\/svg+xml;base64,PHN2ZyB3aWR0aD0iMSIgaGVpZ2h0PSIxIiB4bWxucz0iaHR0cDovL3d3dy53My5vcmcvMjAwMC9zdmciPjwvc3ZnPg==\" \/><\/figure>\n    <\/div>\n    <div class=\"wp-block-post-content\">\n        <div class=\"wp-block-post-date\"><time datetime=\"2025-11-11T15:35:57-05:00\">11 novembre 2025<\/time><\/div>\n        <h2 class=\"wp-block-post-title\">\ud83c\udf81 Le concours \u00ab No\u00ebl m&rsquo;inspire \u00bb, destin\u00e9 \u00e0 nos \u00e9l\u00e8ves du pr\u00e9scolaire et du primaire, est de retour!<\/h2>\n\n        <div class=\"wp-block-post-excerpt\"><p class=\"wp-block-post-excerpt__excerpt\">Le concours annuel de cr\u00e9ations artistiques du Centre de services scolaire des Navigateurs\u00a0\u00ab\u00a0No\u00ebl\u00a0m\u2019inspire ! \u00bb est\u00a0de\u00a0retour! Nous invitons les\u00a0\u00e9l\u00e8ves\u00a0du\u00a0pr\u00e9scolaire et du primaire\u00a0de\u00a0notre territoire\u00a0\u00e0 utiliser leur imagination et \u00e0 s\u2019inspirer de la f\u00eate de No\u00ebl pour \u00e9laborer diverses cr\u00e9ations artistiques dans le but\u00a0de\u00a0concevoir\u00a0des cartes\u00a0de\u00a0No\u00ebl\u00a0et un calendrier\u00a0de\u00a0l&rsquo;avent virtuel. <\/p><\/div>\n        <a aria-label=\"\ud83c\udf81 Le concours \u00ab No\u00ebl m&amp;rsquo;inspire \u00bb, destin\u00e9 \u00e0 nos \u00e9l\u00e8ves du pr\u00e9scolaire et du primaire, est de retour!\" class=\"wp-block-read-more\" href=\"https:\/\/cssdn.gouv.qc.ca\/auberiviere\/2025\/11\/11\/%f0%9f%8e%81-le-concours-noel-minspire-destine-a-nos-eleves-du-prescolaire-et-du-primaire-est-de-retour\/\" target=\"_self\">En savoir plus<span class=\"screen-reader-text\">\u00a0: \ud83c\udf81 Le concours \u00ab No\u00ebl m&rsquo;inspire \u00bb, destin\u00e9 \u00e0 nos \u00e9l\u00e8ves du pr\u00e9scolaire et du primaire, est de retour!<\/span><\/a>\n    <\/div><\/div>                <\/li>\n                    <\/ul>\n        <\/div>\n\n\n\n<div class=\"is-content-justification-right wp-block-buttons alignwide\">\n<div class=\"wp-block-button\"><a class=\"wp-block-button__link wp-element-button\" href=\"https:\/\/cssdn.gouv.qc.ca\/auberiviere\/actualites\/\" target=\"_blank\" rel=\"noreferrer noopener\">Voir toutes les actualit\u00e9s<img decoding=\"async\" class=\"wp-image-243 lazyload\" style=\"width: 0px\" data-src=\"https:\/\/cssdn.gouv.qc.ca\/wp-content\/uploads\/2022\/09\/Arrow_Left_SM.svg\" alt=\"\" src=\"data:image\/svg+xml;base64,PHN2ZyB3aWR0aD0iMSIgaGVpZ2h0PSIxIiB4bWxucz0iaHR0cDovL3d3dy53My5vcmcvMjAwMC9zdmciPjwvc3ZnPg==\"><\/a><\/div>\n<\/div>\n<\/div>\n\n\n\n<div class=\"wp-block-group alignwide\">\n<h2 class=\"wp-block-heading alignwide has-gap-x-large-bottom has-heading-1-font-size\">Calendrier<\/h2>\n\n\n\n<div class=\"wp-block-columns alignwide has-gap-ultra-large-bottom\">\n<div class=\"wp-block-column\">\n<h3 class=\"wp-block-heading has-primary-color has-text-color\">\u00c0 surveiller<\/h3>\n\n\n<div class=\"align wp-block-acf-act-date-list\" id=\"testimonial-block_e8a4dc5e4bda160b2ac9fe73fe344de6\"><div class=\"wp-block-group\"><\/div><\/div><\/div>\n\n\n\n<div class=\"wp-block-column\">\n<div style=\"--layout--content-size: ;--layout--wide-size: ;\" class=\"wp-block-group calendar-container\"><div class=\"act-post-calendar\">\n\n<\/div>\n<script>\n    if (document.querySelectorAll('.act-post-calendar').length > 0) {\n        var actPostCalendarPopups = {\n                    }\n        var actPostCalendarMonths = [\n            'Janvier',\n            'F\u00e9vrier',\n            'Mars',\n            'Avril',\n            'Mai',\n            'Juin',\n            'Juillet',\n            'Ao\u00fbt',\n            'Septembre',\n            'Octobre',\n            'Novembre',\n            'D\u00e9cembre'\n        ]\n        var actPostCalendarWeekdays = ['D', 'L', 'M', 'M', 'J', 'V', 'S'];\n    }\n<\/script>\n\n\n<div class=\"wp-block-buttons\">\n<div class=\"wp-block-button\"><a class=\"wp-block-button__link wp-element-button\" href=\"https:\/\/cssdn.gouv.qc.ca\/auberiviere\/evenements\/\" target=\"_blank\" rel=\"noreferrer noopener\">Voir tous les \u00e9v\u00e9nements<img decoding=\"async\" class=\"wp-image-243 lazyload\" style=\"width: 0px\" data-src=\"https:\/\/cssdn.gouv.qc.ca\/wp-content\/uploads\/2022\/09\/Arrow_Left_SM.svg\" alt=\"\" src=\"data:image\/svg+xml;base64,PHN2ZyB3aWR0aD0iMSIgaGVpZ2h0PSIxIiB4bWxucz0iaHR0cDovL3d3dy53My5vcmcvMjAwMC9zdmciPjwvc3ZnPg==\"><\/a><\/div>\n<\/div>\n<\/div>\n<\/div>\n<\/div>\n<\/div>\n\n\n\n<div class=\"wp-block-media-text alignwide is-stacked-on-mobile is-style-image-to-side\"><figure class=\"wp-block-media-text__media\"><img decoding=\"async\" data-src=\"https:\/\/cssdn.gouv.qc.ca\/education-des-adultes-site\/wp-content\/uploads\/sites\/4\/2022\/11\/Container.jpg\" alt=\"\" class=\"wp-image-172 size-full lazyload\" src=\"data:image\/svg+xml;base64,PHN2ZyB3aWR0aD0iMSIgaGVpZ2h0PSIxIiB4bWxucz0iaHR0cDovL3d3dy53My5vcmcvMjAwMC9zdmciPjwvc3ZnPg==\" \/><\/figure><div class=\"wp-block-media-text__content\">\n<h2 class=\"wp-block-heading has-heading-1-font-size\">Projet \u00e9ducatif<\/h2>\n\n\n\n<p class=\"wp-block-paragraph\">Le projet e\u0301ducatif est un outil strate\u0301gique permettant de de\u0301finir et de faire connai\u0302tre a\u0300 la communaute\u0301 e\u0301ducative d\u2019un e\u0301tablissement d\u2019enseignement des orientations, des priorite\u0301s d\u2019action et les re\u0301sultats attendus pour assurer la re\u0301ussite e\u0301ducative de tous les e\u0301le\u0300ves.<\/p>\n\n\n<\/div><\/div>\n\n\n\n<div class=\"wp-block-group alignfull is-style-bg-gradient\"><section class=\"act-galerie-slider align alignwide act-galerie\">\n    <ul id=\"act-galerie-slider_69eea5956feaa\">\n                    <li class=\"act-galerie-slider__item\">\n                <img decoding=\"async\" width=\"486\" height=\"290\" data-src=\"https:\/\/cssdn.gouv.qc.ca\/auberiviere\/wp-content\/uploads\/sites\/38\/2023\/05\/photo-ecole-Auberiviere.png\" class=\"attachment-large size-large lazyload\" alt=\"\" data-srcset=\"https:\/\/cssdn.gouv.qc.ca\/auberiviere\/wp-content\/uploads\/sites\/38\/2023\/05\/photo-ecole-Auberiviere.png 486w, https:\/\/cssdn.gouv.qc.ca\/auberiviere\/wp-content\/uploads\/sites\/38\/2023\/05\/photo-ecole-Auberiviere-300x179.png 300w\" data-sizes=\"(max-width: 486px) 100vw, 486px\" src=\"data:image\/svg+xml;base64,PHN2ZyB3aWR0aD0iMSIgaGVpZ2h0PSIxIiB4bWxucz0iaHR0cDovL3d3dy53My5vcmcvMjAwMC9zdmciPjwvc3ZnPg==\" style=\"--smush-placeholder-width: 486px; --smush-placeholder-aspect-ratio: 486\/290;\" \/>            <\/li>\n            <\/ul>\n<\/section>\n\n<\/div>\n\n\n\n<div class=\"wp-block-group alignfull has-white-background-color has-background\">\n<div class=\"wp-block-group alignfull has-white-background-color has-background\">\n<div class=\"wp-block-media-text alignwide is-stacked-on-mobile is-style-50-50\"><figure class=\"wp-block-media-text__media\"><img decoding=\"async\" width=\"300\" height=\"287\" data-src=\"https:\/\/cssdn.gouv.qc.ca\/auberiviere\/wp-content\/uploads\/sites\/38\/2022\/12\/logo_auberiviere_coul-300x287.jpg\" alt=\"\" class=\"wp-image-108 size-medium lazyload\" data-srcset=\"https:\/\/cssdn.gouv.qc.ca\/auberiviere\/wp-content\/uploads\/sites\/38\/2022\/12\/logo_auberiviere_coul-300x287.jpg 300w, https:\/\/cssdn.gouv.qc.ca\/auberiviere\/wp-content\/uploads\/sites\/38\/2022\/12\/logo_auberiviere_coul-1024x979.jpg 1024w, https:\/\/cssdn.gouv.qc.ca\/auberiviere\/wp-content\/uploads\/sites\/38\/2022\/12\/logo_auberiviere_coul-768x735.jpg 768w, https:\/\/cssdn.gouv.qc.ca\/auberiviere\/wp-content\/uploads\/sites\/38\/2022\/12\/logo_auberiviere_coul-1536x1469.jpg 1536w, https:\/\/cssdn.gouv.qc.ca\/auberiviere\/wp-content\/uploads\/sites\/38\/2022\/12\/logo_auberiviere_coul.jpg 2000w\" data-sizes=\"(max-width: 300px) 100vw, 300px\" src=\"data:image\/svg+xml;base64,PHN2ZyB3aWR0aD0iMSIgaGVpZ2h0PSIxIiB4bWxucz0iaHR0cDovL3d3dy53My5vcmcvMjAwMC9zdmciPjwvc3ZnPg==\" style=\"--smush-placeholder-width: 300px; --smush-placeholder-aspect-ratio: 300\/287;\" \/><\/figure><div class=\"wp-block-media-text__content\">\n<h2 class=\"wp-block-heading has-heading-1-font-size\">\u00c0 propos de l&rsquo;\u00e9cole<\/h2>\n\n\n\n<p class=\"wp-block-paragraph\">D\u00e9couvrez la mission, la vision ainsi que les valeurs de l\u2019\u00e9cole. Vous pouvez \u00e9galement consulter l\u2019horaire, le calendrier, notre \u00e9quipe, le conseil d\u2019\u00e9tablissement ainsi que notre rapport annuel.<\/p>\n\n\n\n<div class=\"wp-block-buttons\">\n<div class=\"wp-block-button\"><a class=\"wp-block-button__link wp-element-button\" href=\"https:\/\/cssdn.gouv.qc.ca\/auberiviere\/a-propos\/\" target=\"_blank\" rel=\"noreferrer noopener\">En savoir plus<img decoding=\"async\" class=\"wp-image-243 lazyload\" style=\"width: 0px\" data-src=\"https:\/\/cssdn.gouv.qc.ca\/wp-content\/uploads\/2022\/09\/Arrow_Left_SM.svg\" alt=\"\" src=\"data:image\/svg+xml;base64,PHN2ZyB3aWR0aD0iMSIgaGVpZ2h0PSIxIiB4bWxucz0iaHR0cDovL3d3dy53My5vcmcvMjAwMC9zdmciPjwvc3ZnPg==\"><\/a><\/div>\n<\/div>\n<\/div><\/div>\n\n\n\n<p class=\"wp-block-paragraph\"><\/p>\n\n\n\n<p class=\"wp-block-paragraph\"><\/p>\n\n\n\n<p class=\"wp-block-paragraph\"><\/p>\n\n\n\n<p class=\"wp-block-paragraph\"><\/p>\n\n\n\n<p class=\"wp-block-paragraph\"><\/p>\n<\/div>\n<\/div>\n","protected":false},"excerpt":{"rendered":"<p>Actualit\u00e9s Calendrier \u00c0 surveiller \u00c0 propos de l&rsquo;\u00e9cole D\u00e9couvrez la mission, la vision ainsi que les valeurs de l\u2019\u00e9cole. Vous pouvez \u00e9galement consulter l\u2019horaire, le calendrier, notre \u00e9quipe, le conseil d\u2019\u00e9tablissement ainsi que notre rapport annuel.<\/p>\n","protected":false},"author":1,"featured_media":0,"parent":0,"menu_order":10,"comment_status":"closed","ping_status":"closed","template":"","meta":{"_acf_changed":false,"_crdt_document":"","inline_featured_image":false,"footnotes":""},"categories":[],"tags":[],"class_list":["post-5","page","type-page","status-publish","hentry"],"acf":[],"yoast_head":"<!-- This site is optimized with the Yoast SEO plugin v27.4 - https:\/\/yoast.com\/product\/yoast-seo-wordpress\/ -->\n<title>Accueil - \u00c9cole De l\u2019Auberivi\u00e8re<\/title>\n<meta name=\"robots\" content=\"index, follow, max-snippet:-1, max-image-preview:large, max-video-preview:-1\" \/>\n<link rel=\"canonical\" href=\"https:\/\/cssdn.gouv.qc.ca\/auberiviere\/\" \/>\n<meta property=\"og:locale\" content=\"fr_CA\" \/>\n<meta property=\"og:type\" content=\"article\" \/>\n<meta property=\"og:title\" content=\"Accueil - \u00c9cole De l\u2019Auberivi\u00e8re\" \/>\n<meta property=\"og:description\" content=\"Actualit\u00e9s Calendrier \u00c0 surveiller \u00c0 propos de l&rsquo;\u00e9cole D\u00e9couvrez la mission, la vision ainsi que les valeurs de l\u2019\u00e9cole. Vous pouvez \u00e9galement consulter l\u2019horaire, le calendrier, notre \u00e9quipe, le conseil d\u2019\u00e9tablissement ainsi que notre rapport annuel.\" \/>\n<meta property=\"og:url\" content=\"https:\/\/cssdn.gouv.qc.ca\/auberiviere\/\" \/>\n<meta property=\"og:site_name\" content=\"\u00c9cole De l\u2019Auberivi\u00e8re\" \/>\n<meta property=\"article:publisher\" content=\"https:\/\/www.facebook.com\/ecoledelAuberiviere\" \/>\n<meta property=\"article:modified_time\" content=\"2025-10-31T19:02:44+00:00\" \/>\n<meta property=\"og:image\" content=\"https:\/\/cssdn.gouv.qc.ca\/auberiviere\/wp-content\/uploads\/sites\/38\/2022\/11\/Seawire-Hero-06-min.png\" \/>\n\t<meta property=\"og:image:width\" content=\"1920\" \/>\n\t<meta property=\"og:image:height\" content=\"537\" \/>\n\t<meta property=\"og:image:type\" content=\"image\/png\" \/>\n<meta name=\"twitter:card\" content=\"summary_large_image\" \/>\n<meta name=\"twitter:label1\" content=\"Estimation du temps de lecture\" \/>\n\t<meta name=\"twitter:data1\" content=\"2 minutes\" \/>\n<script type=\"application\/ld+json\" class=\"yoast-schema-graph\">{\"@context\":\"https:\\\/\\\/schema.org\",\"@graph\":[{\"@type\":\"WebPage\",\"@id\":\"https:\\\/\\\/cssdn.gouv.qc.ca\\\/auberiviere\\\/\",\"url\":\"https:\\\/\\\/cssdn.gouv.qc.ca\\\/auberiviere\\\/\",\"name\":\"Accueil - \u00c9cole De l\u2019Auberivi\u00e8re\",\"isPartOf\":{\"@id\":\"https:\\\/\\\/cssdn.gouv.qc.ca\\\/auberiviere\\\/#website\"},\"primaryImageOfPage\":{\"@id\":\"https:\\\/\\\/cssdn.gouv.qc.ca\\\/auberiviere\\\/#primaryimage\"},\"image\":{\"@id\":\"https:\\\/\\\/cssdn.gouv.qc.ca\\\/auberiviere\\\/#primaryimage\"},\"thumbnailUrl\":\"https:\\\/\\\/cssdn.gouv.qc.ca\\\/auberiviere\\\/wp-content\\\/uploads\\\/sites\\\/38\\\/2022\\\/11\\\/Seawire-Hero-06-min.png\",\"datePublished\":\"2022-11-08T21:07:53+00:00\",\"dateModified\":\"2025-10-31T19:02:44+00:00\",\"breadcrumb\":{\"@id\":\"https:\\\/\\\/cssdn.gouv.qc.ca\\\/auberiviere\\\/#breadcrumb\"},\"inLanguage\":\"fr-CA\",\"potentialAction\":[{\"@type\":\"ReadAction\",\"target\":[\"https:\\\/\\\/cssdn.gouv.qc.ca\\\/auberiviere\\\/\"]}]},{\"@type\":\"ImageObject\",\"inLanguage\":\"fr-CA\",\"@id\":\"https:\\\/\\\/cssdn.gouv.qc.ca\\\/auberiviere\\\/#primaryimage\",\"url\":\"https:\\\/\\\/cssdn.gouv.qc.ca\\\/auberiviere\\\/wp-content\\\/uploads\\\/sites\\\/38\\\/2022\\\/11\\\/Seawire-Hero-06-min.png\",\"contentUrl\":\"https:\\\/\\\/cssdn.gouv.qc.ca\\\/auberiviere\\\/wp-content\\\/uploads\\\/sites\\\/38\\\/2022\\\/11\\\/Seawire-Hero-06-min.png\",\"width\":1920,\"height\":537},{\"@type\":\"BreadcrumbList\",\"@id\":\"https:\\\/\\\/cssdn.gouv.qc.ca\\\/auberiviere\\\/#breadcrumb\",\"itemListElement\":[{\"@type\":\"ListItem\",\"position\":1,\"name\":\"Accueil\",\"item\":\"https:\\\/\\\/cssdn.gouv.qc.ca\\\/auberiviere\\\/\"},{\"@type\":\"ListItem\",\"position\":2,\"name\":\"Accueil\"}]},{\"@type\":\"WebSite\",\"@id\":\"https:\\\/\\\/cssdn.gouv.qc.ca\\\/auberiviere\\\/#website\",\"url\":\"https:\\\/\\\/cssdn.gouv.qc.ca\\\/auberiviere\\\/\",\"name\":\"\u00c9cole De l\u2019Auberivi\u00e8re\",\"description\":\"Un site des centres de services scolaires des Navigateurs\",\"publisher\":{\"@id\":\"https:\\\/\\\/cssdn.gouv.qc.ca\\\/auberiviere\\\/#organization\"},\"potentialAction\":[{\"@type\":\"SearchAction\",\"target\":{\"@type\":\"EntryPoint\",\"urlTemplate\":\"https:\\\/\\\/cssdn.gouv.qc.ca\\\/auberiviere\\\/?s={search_term_string}\"},\"query-input\":{\"@type\":\"PropertyValueSpecification\",\"valueRequired\":true,\"valueName\":\"search_term_string\"}}],\"inLanguage\":\"fr-CA\"},{\"@type\":\"Organization\",\"@id\":\"https:\\\/\\\/cssdn.gouv.qc.ca\\\/auberiviere\\\/#organization\",\"name\":\"\u00c9cole De l\u2019Auberivi\u00e8re\",\"url\":\"https:\\\/\\\/cssdn.gouv.qc.ca\\\/auberiviere\\\/\",\"logo\":{\"@type\":\"ImageObject\",\"inLanguage\":\"fr-CA\",\"@id\":\"https:\\\/\\\/cssdn.gouv.qc.ca\\\/auberiviere\\\/#\\\/schema\\\/logo\\\/image\\\/\",\"url\":\"https:\\\/\\\/cssdn.gouv.qc.ca\\\/auberiviere\\\/wp-content\\\/uploads\\\/sites\\\/38\\\/2023\\\/01\\\/logo_quebec.svg\",\"contentUrl\":\"https:\\\/\\\/cssdn.gouv.qc.ca\\\/auberiviere\\\/wp-content\\\/uploads\\\/sites\\\/38\\\/2023\\\/01\\\/logo_quebec.svg\",\"width\":188,\"height\":41,\"caption\":\"\u00c9cole De l\u2019Auberivi\u00e8re\"},\"image\":{\"@id\":\"https:\\\/\\\/cssdn.gouv.qc.ca\\\/auberiviere\\\/#\\\/schema\\\/logo\\\/image\\\/\"},\"sameAs\":[\"https:\\\/\\\/www.facebook.com\\\/ecoledelAuberiviere\"]}]}<\/script>\n<!-- \/ Yoast SEO plugin. -->","yoast_head_json":{"title":"Accueil - \u00c9cole De l\u2019Auberivi\u00e8re","robots":{"index":"index","follow":"follow","max-snippet":"max-snippet:-1","max-image-preview":"max-image-preview:large","max-video-preview":"max-video-preview:-1"},"canonical":"https:\/\/cssdn.gouv.qc.ca\/auberiviere\/","og_locale":"fr_CA","og_type":"article","og_title":"Accueil - \u00c9cole De l\u2019Auberivi\u00e8re","og_description":"Actualit\u00e9s Calendrier \u00c0 surveiller \u00c0 propos de l&rsquo;\u00e9cole D\u00e9couvrez la mission, la vision ainsi que les valeurs de l\u2019\u00e9cole. Vous pouvez \u00e9galement consulter l\u2019horaire, le calendrier, notre \u00e9quipe, le conseil d\u2019\u00e9tablissement ainsi que notre rapport annuel.","og_url":"https:\/\/cssdn.gouv.qc.ca\/auberiviere\/","og_site_name":"\u00c9cole De l\u2019Auberivi\u00e8re","article_publisher":"https:\/\/www.facebook.com\/ecoledelAuberiviere","article_modified_time":"2025-10-31T19:02:44+00:00","og_image":[{"width":1920,"height":537,"url":"https:\/\/cssdn.gouv.qc.ca\/auberiviere\/wp-content\/uploads\/sites\/38\/2022\/11\/Seawire-Hero-06-min.png","type":"image\/png"}],"twitter_card":"summary_large_image","twitter_misc":{"Estimation du temps de lecture":"2 minutes"},"schema":{"@context":"https:\/\/schema.org","@graph":[{"@type":"WebPage","@id":"https:\/\/cssdn.gouv.qc.ca\/auberiviere\/","url":"https:\/\/cssdn.gouv.qc.ca\/auberiviere\/","name":"Accueil - \u00c9cole De l\u2019Auberivi\u00e8re","isPartOf":{"@id":"https:\/\/cssdn.gouv.qc.ca\/auberiviere\/#website"},"primaryImageOfPage":{"@id":"https:\/\/cssdn.gouv.qc.ca\/auberiviere\/#primaryimage"},"image":{"@id":"https:\/\/cssdn.gouv.qc.ca\/auberiviere\/#primaryimage"},"thumbnailUrl":"https:\/\/cssdn.gouv.qc.ca\/auberiviere\/wp-content\/uploads\/sites\/38\/2022\/11\/Seawire-Hero-06-min.png","datePublished":"2022-11-08T21:07:53+00:00","dateModified":"2025-10-31T19:02:44+00:00","breadcrumb":{"@id":"https:\/\/cssdn.gouv.qc.ca\/auberiviere\/#breadcrumb"},"inLanguage":"fr-CA","potentialAction":[{"@type":"ReadAction","target":["https:\/\/cssdn.gouv.qc.ca\/auberiviere\/"]}]},{"@type":"ImageObject","inLanguage":"fr-CA","@id":"https:\/\/cssdn.gouv.qc.ca\/auberiviere\/#primaryimage","url":"https:\/\/cssdn.gouv.qc.ca\/auberiviere\/wp-content\/uploads\/sites\/38\/2022\/11\/Seawire-Hero-06-min.png","contentUrl":"https:\/\/cssdn.gouv.qc.ca\/auberiviere\/wp-content\/uploads\/sites\/38\/2022\/11\/Seawire-Hero-06-min.png","width":1920,"height":537},{"@type":"BreadcrumbList","@id":"https:\/\/cssdn.gouv.qc.ca\/auberiviere\/#breadcrumb","itemListElement":[{"@type":"ListItem","position":1,"name":"Accueil","item":"https:\/\/cssdn.gouv.qc.ca\/auberiviere\/"},{"@type":"ListItem","position":2,"name":"Accueil"}]},{"@type":"WebSite","@id":"https:\/\/cssdn.gouv.qc.ca\/auberiviere\/#website","url":"https:\/\/cssdn.gouv.qc.ca\/auberiviere\/","name":"\u00c9cole De l\u2019Auberivi\u00e8re","description":"Un site des centres de services scolaires des Navigateurs","publisher":{"@id":"https:\/\/cssdn.gouv.qc.ca\/auberiviere\/#organization"},"potentialAction":[{"@type":"SearchAction","target":{"@type":"EntryPoint","urlTemplate":"https:\/\/cssdn.gouv.qc.ca\/auberiviere\/?s={search_term_string}"},"query-input":{"@type":"PropertyValueSpecification","valueRequired":true,"valueName":"search_term_string"}}],"inLanguage":"fr-CA"},{"@type":"Organization","@id":"https:\/\/cssdn.gouv.qc.ca\/auberiviere\/#organization","name":"\u00c9cole De l\u2019Auberivi\u00e8re","url":"https:\/\/cssdn.gouv.qc.ca\/auberiviere\/","logo":{"@type":"ImageObject","inLanguage":"fr-CA","@id":"https:\/\/cssdn.gouv.qc.ca\/auberiviere\/#\/schema\/logo\/image\/","url":"https:\/\/cssdn.gouv.qc.ca\/auberiviere\/wp-content\/uploads\/sites\/38\/2023\/01\/logo_quebec.svg","contentUrl":"https:\/\/cssdn.gouv.qc.ca\/auberiviere\/wp-content\/uploads\/sites\/38\/2023\/01\/logo_quebec.svg","width":188,"height":41,"caption":"\u00c9cole De l\u2019Auberivi\u00e8re"},"image":{"@id":"https:\/\/cssdn.gouv.qc.ca\/auberiviere\/#\/schema\/logo\/image\/"},"sameAs":["https:\/\/www.facebook.com\/ecoledelAuberiviere"]}]}},"publishpress_future_action":{"enabled":false,"date":"2026-05-03 19:53:57","action":"change-status","newStatus":"draft","terms":[],"taxonomy":"category","extraData":[]},"publishpress_future_workflow_manual_trigger":{"enabledWorkflows":[]},"_links":{"self":[{"href":"https:\/\/cssdn.gouv.qc.ca\/auberiviere\/wp-json\/wp\/v2\/pages\/5","targetHints":{"allow":["GET"]}}],"collection":[{"href":"https:\/\/cssdn.gouv.qc.ca\/auberiviere\/wp-json\/wp\/v2\/pages"}],"about":[{"href":"https:\/\/cssdn.gouv.qc.ca\/auberiviere\/wp-json\/wp\/v2\/types\/page"}],"author":[{"embeddable":true,"href":"https:\/\/cssdn.gouv.qc.ca\/auberiviere\/wp-json\/wp\/v2\/users\/1"}],"replies":[{"embeddable":true,"href":"https:\/\/cssdn.gouv.qc.ca\/auberiviere\/wp-json\/wp\/v2\/comments?post=5"}],"version-history":[{"count":0,"href":"https:\/\/cssdn.gouv.qc.ca\/auberiviere\/wp-json\/wp\/v2\/pages\/5\/revisions"}],"wp:attachment":[{"href":"https:\/\/cssdn.gouv.qc.ca\/auberiviere\/wp-json\/wp\/v2\/media?parent=5"}],"wp:term":[{"taxonomy":"category","embeddable":true,"href":"https:\/\/cssdn.gouv.qc.ca\/auberiviere\/wp-json\/wp\/v2\/categories?post=5"},{"taxonomy":"post_tag","embeddable":true,"href":"https:\/\/cssdn.gouv.qc.ca\/auberiviere\/wp-json\/wp\/v2\/tags?post=5"}],"curies":[{"name":"wp","href":"https:\/\/api.w.org\/{rel}","templated":true}]}}