
{"id":10,"date":"2022-11-08T16:17:57","date_gmt":"2022-11-08T21:17:57","guid":{"rendered":"https:\/\/cssdn.gouv.qc.ca\/aubier\/a-propos\/conseil-detablissement\/"},"modified":"2026-04-22T10:08:03","modified_gmt":"2026-04-22T14:08:03","slug":"conseil-detablissement","status":"publish","type":"page","link":"https:\/\/cssdn.gouv.qc.ca\/aubier\/a-propos\/conseil-detablissement\/","title":{"rendered":"Conseil d&rsquo;\u00e9tablissement"},"content":{"rendered":"\n<div class=\"wp-block-cover alignfull is-light is-style-title-banner\"><img decoding=\"async\" class=\"wp-block-cover__image-background wp-image-111 lazyload\" alt=\"\" data-src=\"https:\/\/stage.cssdn.gouv.qc.ca\/wp-content\/uploads\/2022\/08\/Seawire-Hero-06.jpg\" data-object-fit=\"cover\" src=\"data:image\/svg+xml;base64,PHN2ZyB3aWR0aD0iMSIgaGVpZ2h0PSIxIiB4bWxucz0iaHR0cDovL3d3dy53My5vcmcvMjAwMC9zdmciPjwvc3ZnPg==\" \/><span aria-hidden=\"true\" class=\"wp-block-cover__background has-primary-background-color has-background-dim\"><\/span><div class=\"wp-block-cover__inner-container\"><h3 class=\"wp-block-post-title\">Conseil d&rsquo;\u00e9tablissement<\/h3><\/div><\/div>\n\n\n\n<div class=\"wp-block-group alignfull has-padding-y-large has-secondary-background-color has-background\"><div class=\"yoast-breadcrumbs alignwide \"><span class=\"breadcrumbs\"><a href=\"https:\/\/cssdn.gouv.qc.ca\/aubier\/\" class=\"breadcrumbs__element\">Accueil<\/a> <span class=\"breadcrumbs__separator\">\n        <svg class=\"icon icon-breadcrumb__separator\"><use xlink:href=\"#icon-breadcrumb__separator\"><\/use><\/svg>\n    <\/span> <a href=\"https:\/\/cssdn.gouv.qc.ca\/aubier\/a-propos\/\" class=\"breadcrumbs__element\">\u00c0 propos<\/a> <span class=\"breadcrumbs__separator\">\n        <svg class=\"icon icon-breadcrumb__separator\"><use xlink:href=\"#icon-breadcrumb__separator\"><\/use><\/svg>\n    <\/span> <span class=\"breadcrumbs__element breadcrumbs__element-current\">Conseil d&rsquo;\u00e9tablissement<\/span><\/span><\/div><\/div>\n\n\n\n<p class=\"wp-block-paragraph\">Membres du CE<\/p>\n\n\n\n<div class=\"wp-block-file\"><a id=\"wp-block-file--media-92785d72-028a-4cdf-91b5-3d28186ec0fb\" href=\"https:\/\/cssdn.gouv.qc.ca\/aubier\/wp-content\/uploads\/sites\/10\/2025\/09\/Membres-parents-CE-2025-2026.pdf\">Membres parents CE 2025-2026<\/a><a href=\"https:\/\/cssdn.gouv.qc.ca\/aubier\/wp-content\/uploads\/sites\/10\/2025\/09\/Membres-parents-CE-2025-2026.pdf\" class=\"wp-block-file__button wp-element-button\" download aria-describedby=\"wp-block-file--media-92785d72-028a-4cdf-91b5-3d28186ec0fb\">Download<\/a><\/div>\n\n\n\n<p class=\"wp-block-paragraph\">Calendrier des rencontres<\/p>\n\n\n\n<div class=\"wp-block-file\"><a id=\"wp-block-file--media-937be77e-8ed4-4ef0-92b0-439e1f52d336\" href=\"https:\/\/cssdn.gouv.qc.ca\/aubier\/wp-content\/uploads\/sites\/10\/2026\/04\/Calendrier-des-rencontres-2025-2026-1.pdf\">Calendrier des rencontres 2025-2026<\/a><a href=\"https:\/\/cssdn.gouv.qc.ca\/aubier\/wp-content\/uploads\/sites\/10\/2026\/04\/Calendrier-des-rencontres-2025-2026-1.pdf\" class=\"wp-block-file__button wp-element-button\" download aria-describedby=\"wp-block-file--media-937be77e-8ed4-4ef0-92b0-439e1f52d336\">Download<\/a><\/div>\n\n\n\n<p class=\"wp-block-paragraph\">Ordre du jour<\/p>\n\n\n\n<div class=\"wp-block-file\"><a id=\"wp-block-file--media-e5089dc9-acf3-4749-aa6e-6a5d07e40769\" href=\"https:\/\/cssdn.gouv.qc.ca\/aubier\/wp-content\/uploads\/sites\/10\/2025\/09\/ODJ-CE-16-septembre-2025-003-002.pdf\">ODJ CE  16 septembre 2025 (003) (002)<\/a><a href=\"https:\/\/cssdn.gouv.qc.ca\/aubier\/wp-content\/uploads\/sites\/10\/2025\/09\/ODJ-CE-16-septembre-2025-003-002.pdf\" class=\"wp-block-file__button wp-element-button\" download aria-describedby=\"wp-block-file--media-e5089dc9-acf3-4749-aa6e-6a5d07e40769\">Download<\/a><\/div>\n\n\n\n<div class=\"wp-block-file\"><a id=\"wp-block-file--media-92992deb-4924-4b30-b343-24ee4fc1294f\" href=\"https:\/\/cssdn.gouv.qc.ca\/aubier\/wp-content\/uploads\/sites\/10\/2025\/11\/ODJ-CE-4-novembre-2025.pdf\">ODJ CE  4 novembre 2025<\/a><a href=\"https:\/\/cssdn.gouv.qc.ca\/aubier\/wp-content\/uploads\/sites\/10\/2025\/11\/ODJ-CE-4-novembre-2025.pdf\" class=\"wp-block-file__button wp-element-button\" download aria-describedby=\"wp-block-file--media-92992deb-4924-4b30-b343-24ee4fc1294f\">Download<\/a><\/div>\n\n\n\n<div class=\"wp-block-file\"><a id=\"wp-block-file--media-061fefe2-5f31-47dd-8a6d-32f548e54293\" href=\"https:\/\/cssdn.gouv.qc.ca\/aubier\/wp-content\/uploads\/sites\/10\/2026\/04\/ODJ-CE-10-decembre-2025.pdf\">ODJ CE  10 d\u00e9cembre 2025<\/a><a href=\"https:\/\/cssdn.gouv.qc.ca\/aubier\/wp-content\/uploads\/sites\/10\/2026\/04\/ODJ-CE-10-decembre-2025.pdf\" class=\"wp-block-file__button wp-element-button\" download aria-describedby=\"wp-block-file--media-061fefe2-5f31-47dd-8a6d-32f548e54293\">Download<\/a><\/div>\n\n\n\n<div class=\"wp-block-file\"><a id=\"wp-block-file--media-91afbbd2-46ec-48b5-8d57-c327ce9073a3\" href=\"https:\/\/cssdn.gouv.qc.ca\/aubier\/wp-content\/uploads\/sites\/10\/2026\/04\/ODJ-CE-10-fevrier-2026.pdf\">ODJ CE  10  f\u00e9vrier  2026<\/a><a href=\"https:\/\/cssdn.gouv.qc.ca\/aubier\/wp-content\/uploads\/sites\/10\/2026\/04\/ODJ-CE-10-fevrier-2026.pdf\" class=\"wp-block-file__button wp-element-button\" download aria-describedby=\"wp-block-file--media-91afbbd2-46ec-48b5-8d57-c327ce9073a3\">Download<\/a><\/div>\n\n\n\n<div class=\"wp-block-file\"><a id=\"wp-block-file--media-58c4bed9-981e-4684-8d36-5983ab716940\" href=\"https:\/\/cssdn.gouv.qc.ca\/aubier\/wp-content\/uploads\/sites\/10\/2026\/04\/ODJ-CE-17-mars-2026.pdf\">ODJ CE  17 mars 2026<\/a><a href=\"https:\/\/cssdn.gouv.qc.ca\/aubier\/wp-content\/uploads\/sites\/10\/2026\/04\/ODJ-CE-17-mars-2026.pdf\" class=\"wp-block-file__button wp-element-button\" download aria-describedby=\"wp-block-file--media-58c4bed9-981e-4684-8d36-5983ab716940\">Download<\/a><\/div>\n\n\n\n<div class=\"wp-block-file\"><a id=\"wp-block-file--media-7f818c64-7166-4405-8eca-8d1a64afe972\" href=\"https:\/\/cssdn.gouv.qc.ca\/aubier\/wp-content\/uploads\/sites\/10\/2025\/09\/Avis-de-convocation-AG-Parents-2025-eet-Ordre-du-Jour.pdf\">Avis de convocation AG Parents 2025 et Ordre du Jour<\/a><a href=\"https:\/\/cssdn.gouv.qc.ca\/aubier\/wp-content\/uploads\/sites\/10\/2025\/09\/Avis-de-convocation-AG-Parents-2025-eet-Ordre-du-Jour.pdf\" class=\"wp-block-file__button wp-element-button\" download aria-describedby=\"wp-block-file--media-7f818c64-7166-4405-8eca-8d1a64afe972\">Download<\/a><\/div>\n\n\n\n<p class=\"wp-block-paragraph\">Compte-rendu<\/p>\n\n\n\n<div class=\"wp-block-file\"><a id=\"wp-block-file--media-9f6920c6-04d7-4fc4-8214-4dbff0e2e17d\" href=\"https:\/\/cssdn.gouv.qc.ca\/aubier\/wp-content\/uploads\/sites\/10\/2025\/09\/Compte-rendu-CE-11-juin-2025.pdf\">Compte-rendu  CE 11 juin 2025<\/a><a href=\"https:\/\/cssdn.gouv.qc.ca\/aubier\/wp-content\/uploads\/sites\/10\/2025\/09\/Compte-rendu-CE-11-juin-2025.pdf\" class=\"wp-block-file__button wp-element-button\" download aria-describedby=\"wp-block-file--media-9f6920c6-04d7-4fc4-8214-4dbff0e2e17d\">Download<\/a><\/div>\n\n\n\n<div class=\"wp-block-file\"><a id=\"wp-block-file--media-180ff83a-555d-485b-8801-5644c05b58e7\" href=\"https:\/\/cssdn.gouv.qc.ca\/aubier\/wp-content\/uploads\/sites\/10\/2025\/11\/Compte-rendu-CE-16-09-2025-final.pdf\">Compte-rendu CE 16-09-2025 final<\/a><a href=\"https:\/\/cssdn.gouv.qc.ca\/aubier\/wp-content\/uploads\/sites\/10\/2025\/11\/Compte-rendu-CE-16-09-2025-final.pdf\" class=\"wp-block-file__button wp-element-button\" download aria-describedby=\"wp-block-file--media-180ff83a-555d-485b-8801-5644c05b58e7\">Download<\/a><\/div>\n\n\n\n<div class=\"wp-block-file\"><a id=\"wp-block-file--media-cc5e9136-c34f-4b3d-b02d-537faa51c44c\" href=\"https:\/\/cssdn.gouv.qc.ca\/aubier\/wp-content\/uploads\/sites\/10\/2026\/04\/Compte-rendu-CE-du-4-11-2025-V2.pdf\">Compte-rendu C\u00c9 du 4-11-2025 V2<\/a><a href=\"https:\/\/cssdn.gouv.qc.ca\/aubier\/wp-content\/uploads\/sites\/10\/2026\/04\/Compte-rendu-CE-du-4-11-2025-V2.pdf\" class=\"wp-block-file__button wp-element-button\" download aria-describedby=\"wp-block-file--media-cc5e9136-c34f-4b3d-b02d-537faa51c44c\">Download<\/a><\/div>\n\n\n\n<div class=\"wp-block-file\"><a id=\"wp-block-file--media-9a1d9f3c-de25-48f9-8a9f-031513a5b1a8\" href=\"https:\/\/cssdn.gouv.qc.ca\/aubier\/wp-content\/uploads\/sites\/10\/2026\/04\/Proces-verbal-CE-10-12-2025-2.pdf\">Proc\u00e8s-verbal CE 10-12-2025-2<\/a><a href=\"https:\/\/cssdn.gouv.qc.ca\/aubier\/wp-content\/uploads\/sites\/10\/2026\/04\/Proces-verbal-CE-10-12-2025-2.pdf\" class=\"wp-block-file__button wp-element-button\" download aria-describedby=\"wp-block-file--media-9a1d9f3c-de25-48f9-8a9f-031513a5b1a8\">Download<\/a><\/div>\n\n\n\n<div class=\"wp-block-file\"><a id=\"wp-block-file--media-1f91067f-33ae-4b93-bf94-e7abba33b463\" href=\"https:\/\/cssdn.gouv.qc.ca\/aubier\/wp-content\/uploads\/sites\/10\/2026\/04\/Proces-verbal-du-CE-du-10-fevrier-2026.pdf\">Proc\u00e8s verbal du C\u00c9 du 10 f\u00e9vrier 2026<\/a><a href=\"https:\/\/cssdn.gouv.qc.ca\/aubier\/wp-content\/uploads\/sites\/10\/2026\/04\/Proces-verbal-du-CE-du-10-fevrier-2026.pdf\" class=\"wp-block-file__button wp-element-button\" download aria-describedby=\"wp-block-file--media-1f91067f-33ae-4b93-bf94-e7abba33b463\">Download<\/a><\/div>\n\n\n\n\n\n<div class=\"wp-block-file\"><a id=\"wp-block-file--media-c4cf9490-26f0-4270-bdfb-98faac98d551\" href=\"https:\/\/cssdn.gouv.qc.ca\/aubier\/wp-content\/uploads\/sites\/10\/2025\/09\/CR-Assemblee-generale-des-parents-2024.pdf\">CR Assembl\u00e9e g\u00e9n\u00e9rale des parents 2024<\/a><a href=\"https:\/\/cssdn.gouv.qc.ca\/aubier\/wp-content\/uploads\/sites\/10\/2025\/09\/CR-Assemblee-generale-des-parents-2024.pdf\" class=\"wp-block-file__button wp-element-button\" download aria-describedby=\"wp-block-file--media-c4cf9490-26f0-4270-bdfb-98faac98d551\">Download<\/a><\/div>\n\n\n\n<div class=\"wp-block-file\"><a id=\"wp-block-file--media-de25e6c8-0d4e-430b-8d1a-82c10077d04e\" href=\"https:\/\/cssdn.gouv.qc.ca\/aubier\/wp-content\/uploads\/sites\/10\/2025\/09\/Rapport-annuel-CE-2024-2025-Aubier.pdf\">Rapport-annuel-CE 2024-2025 Aubier<\/a><a href=\"https:\/\/cssdn.gouv.qc.ca\/aubier\/wp-content\/uploads\/sites\/10\/2025\/09\/Rapport-annuel-CE-2024-2025-Aubier.pdf\" class=\"wp-block-file__button wp-element-button\" download aria-describedby=\"wp-block-file--media-de25e6c8-0d4e-430b-8d1a-82c10077d04e\">Download<\/a><\/div>\n","protected":false},"excerpt":{"rendered":"<p>Membres du CE Calendrier des rencontres Ordre du jour Compte-rendu<\/p>\n","protected":false},"author":1,"featured_media":0,"parent":5,"menu_order":0,"comment_status":"closed","ping_status":"closed","template":"","meta":{"_acf_changed":false,"_crdt_document":"","inline_featured_image":false,"footnotes":""},"categories":[25],"tags":[],"class_list":["post-10","page","type-page","status-publish","hentry","category-conseil-detablissement"],"acf":[],"yoast_head":"<!-- This site is optimized with the Yoast SEO plugin v27.5 - https:\/\/yoast.com\/product\/yoast-seo-wordpress\/ -->\n<title>Conseil d&#039;\u00e9tablissement - \u00c9cole secondaire de l&#039;Aubier<\/title>\n<meta name=\"robots\" content=\"index, follow, max-snippet:-1, max-image-preview:large, max-video-preview:-1\" \/>\n<link rel=\"canonical\" href=\"https:\/\/cssdn.gouv.qc.ca\/aubier\/a-propos\/conseil-detablissement\/\" \/>\n<meta property=\"og:locale\" content=\"fr_CA\" \/>\n<meta property=\"og:type\" content=\"article\" \/>\n<meta property=\"og:title\" content=\"Conseil d&#039;\u00e9tablissement - \u00c9cole secondaire de l&#039;Aubier\" \/>\n<meta property=\"og:description\" content=\"Membres du CE Calendrier des rencontres Ordre du jour Compte-rendu\" \/>\n<meta property=\"og:url\" content=\"https:\/\/cssdn.gouv.qc.ca\/aubier\/a-propos\/conseil-detablissement\/\" \/>\n<meta property=\"og:site_name\" content=\"\u00c9cole secondaire de l&#039;Aubier\" \/>\n<meta property=\"article:publisher\" content=\"https:\/\/www.facebook.com\/ecolesecondairedelaubier\" \/>\n<meta property=\"article:modified_time\" content=\"2026-04-22T14:08:03+00:00\" \/>\n<meta name=\"twitter:card\" content=\"summary_large_image\" \/>\n<meta name=\"twitter:site\" content=\"@CSSNavigateurs\" \/>\n<meta name=\"twitter:label1\" content=\"Estimation du temps de lecture\" \/>\n\t<meta name=\"twitter:data1\" content=\"1 minute\" \/>\n<script type=\"application\/ld+json\" class=\"yoast-schema-graph\">{\"@context\":\"https:\\\/\\\/schema.org\",\"@graph\":[{\"@type\":\"WebPage\",\"@id\":\"https:\\\/\\\/cssdn.gouv.qc.ca\\\/aubier\\\/a-propos\\\/conseil-detablissement\\\/\",\"url\":\"https:\\\/\\\/cssdn.gouv.qc.ca\\\/aubier\\\/a-propos\\\/conseil-detablissement\\\/\",\"name\":\"Conseil d'\u00e9tablissement - \u00c9cole secondaire de l&#039;Aubier\",\"isPartOf\":{\"@id\":\"https:\\\/\\\/cssdn.gouv.qc.ca\\\/aubier\\\/#website\"},\"primaryImageOfPage\":{\"@id\":\"https:\\\/\\\/cssdn.gouv.qc.ca\\\/aubier\\\/a-propos\\\/conseil-detablissement\\\/#primaryimage\"},\"image\":{\"@id\":\"https:\\\/\\\/cssdn.gouv.qc.ca\\\/aubier\\\/a-propos\\\/conseil-detablissement\\\/#primaryimage\"},\"thumbnailUrl\":\"https:\\\/\\\/stage.cssdn.gouv.qc.ca\\\/wp-content\\\/uploads\\\/2022\\\/08\\\/Seawire-Hero-06.jpg\",\"datePublished\":\"2022-11-08T21:17:57+00:00\",\"dateModified\":\"2026-04-22T14:08:03+00:00\",\"breadcrumb\":{\"@id\":\"https:\\\/\\\/cssdn.gouv.qc.ca\\\/aubier\\\/a-propos\\\/conseil-detablissement\\\/#breadcrumb\"},\"inLanguage\":\"fr-CA\",\"potentialAction\":[{\"@type\":\"ReadAction\",\"target\":[\"https:\\\/\\\/cssdn.gouv.qc.ca\\\/aubier\\\/a-propos\\\/conseil-detablissement\\\/\"]}]},{\"@type\":\"ImageObject\",\"inLanguage\":\"fr-CA\",\"@id\":\"https:\\\/\\\/cssdn.gouv.qc.ca\\\/aubier\\\/a-propos\\\/conseil-detablissement\\\/#primaryimage\",\"url\":\"https:\\\/\\\/stage.cssdn.gouv.qc.ca\\\/wp-content\\\/uploads\\\/2022\\\/08\\\/Seawire-Hero-06.jpg\",\"contentUrl\":\"https:\\\/\\\/stage.cssdn.gouv.qc.ca\\\/wp-content\\\/uploads\\\/2022\\\/08\\\/Seawire-Hero-06.jpg\"},{\"@type\":\"BreadcrumbList\",\"@id\":\"https:\\\/\\\/cssdn.gouv.qc.ca\\\/aubier\\\/a-propos\\\/conseil-detablissement\\\/#breadcrumb\",\"itemListElement\":[{\"@type\":\"ListItem\",\"position\":1,\"name\":\"Accueil\",\"item\":\"https:\\\/\\\/cssdn.gouv.qc.ca\\\/aubier\\\/\"},{\"@type\":\"ListItem\",\"position\":2,\"name\":\"\u00c0 propos\",\"item\":\"https:\\\/\\\/cssdn.gouv.qc.ca\\\/aubier\\\/a-propos\\\/\"},{\"@type\":\"ListItem\",\"position\":3,\"name\":\"Conseil d&rsquo;\u00e9tablissement\"}]},{\"@type\":\"WebSite\",\"@id\":\"https:\\\/\\\/cssdn.gouv.qc.ca\\\/aubier\\\/#website\",\"url\":\"https:\\\/\\\/cssdn.gouv.qc.ca\\\/aubier\\\/\",\"name\":\"\u00c9cole secondaire de l&#039;Aubier\",\"description\":\"Un site des centres de services scolaires des Navigateurs\",\"publisher\":{\"@id\":\"https:\\\/\\\/cssdn.gouv.qc.ca\\\/aubier\\\/#organization\"},\"potentialAction\":[{\"@type\":\"SearchAction\",\"target\":{\"@type\":\"EntryPoint\",\"urlTemplate\":\"https:\\\/\\\/cssdn.gouv.qc.ca\\\/aubier\\\/?s={search_term_string}\"},\"query-input\":{\"@type\":\"PropertyValueSpecification\",\"valueRequired\":true,\"valueName\":\"search_term_string\"}}],\"inLanguage\":\"fr-CA\"},{\"@type\":\"Organization\",\"@id\":\"https:\\\/\\\/cssdn.gouv.qc.ca\\\/aubier\\\/#organization\",\"name\":\"\u00c9cole secondaire de l&#039;Aubier\",\"url\":\"https:\\\/\\\/cssdn.gouv.qc.ca\\\/aubier\\\/\",\"logo\":{\"@type\":\"ImageObject\",\"inLanguage\":\"fr-CA\",\"@id\":\"https:\\\/\\\/cssdn.gouv.qc.ca\\\/aubier\\\/#\\\/schema\\\/logo\\\/image\\\/\",\"url\":\"https:\\\/\\\/cssdn.gouv.qc.ca\\\/aubier\\\/wp-content\\\/uploads\\\/sites\\\/10\\\/2023\\\/01\\\/logo_quebec.svg\",\"contentUrl\":\"https:\\\/\\\/cssdn.gouv.qc.ca\\\/aubier\\\/wp-content\\\/uploads\\\/sites\\\/10\\\/2023\\\/01\\\/logo_quebec.svg\",\"width\":188,\"height\":41,\"caption\":\"\u00c9cole secondaire de l&#039;Aubier\"},\"image\":{\"@id\":\"https:\\\/\\\/cssdn.gouv.qc.ca\\\/aubier\\\/#\\\/schema\\\/logo\\\/image\\\/\"},\"sameAs\":[\"https:\\\/\\\/www.facebook.com\\\/ecolesecondairedelaubier\",\"https:\\\/\\\/x.com\\\/CSSNavigateurs\",\"https:\\\/\\\/www.instagram.com\\\/cssnavigateurs\\\/\",\"https:\\\/\\\/www.youtube.com\\\/channel\\\/UCHbNBehije70JBzCIVT82bQ\",\"https:\\\/\\\/www.linkedin.com\\\/company\\\/cssdn\"]}]}<\/script>\n<!-- \/ Yoast SEO plugin. -->","yoast_head_json":{"title":"Conseil d'\u00e9tablissement - \u00c9cole secondaire de l&#039;Aubier","robots":{"index":"index","follow":"follow","max-snippet":"max-snippet:-1","max-image-preview":"max-image-preview:large","max-video-preview":"max-video-preview:-1"},"canonical":"https:\/\/cssdn.gouv.qc.ca\/aubier\/a-propos\/conseil-detablissement\/","og_locale":"fr_CA","og_type":"article","og_title":"Conseil d'\u00e9tablissement - \u00c9cole secondaire de l&#039;Aubier","og_description":"Membres du CE Calendrier des rencontres Ordre du jour Compte-rendu","og_url":"https:\/\/cssdn.gouv.qc.ca\/aubier\/a-propos\/conseil-detablissement\/","og_site_name":"\u00c9cole secondaire de l&#039;Aubier","article_publisher":"https:\/\/www.facebook.com\/ecolesecondairedelaubier","article_modified_time":"2026-04-22T14:08:03+00:00","twitter_card":"summary_large_image","twitter_site":"@CSSNavigateurs","twitter_misc":{"Estimation du temps de lecture":"1 minute"},"schema":{"@context":"https:\/\/schema.org","@graph":[{"@type":"WebPage","@id":"https:\/\/cssdn.gouv.qc.ca\/aubier\/a-propos\/conseil-detablissement\/","url":"https:\/\/cssdn.gouv.qc.ca\/aubier\/a-propos\/conseil-detablissement\/","name":"Conseil d'\u00e9tablissement - \u00c9cole secondaire de l&#039;Aubier","isPartOf":{"@id":"https:\/\/cssdn.gouv.qc.ca\/aubier\/#website"},"primaryImageOfPage":{"@id":"https:\/\/cssdn.gouv.qc.ca\/aubier\/a-propos\/conseil-detablissement\/#primaryimage"},"image":{"@id":"https:\/\/cssdn.gouv.qc.ca\/aubier\/a-propos\/conseil-detablissement\/#primaryimage"},"thumbnailUrl":"https:\/\/stage.cssdn.gouv.qc.ca\/wp-content\/uploads\/2022\/08\/Seawire-Hero-06.jpg","datePublished":"2022-11-08T21:17:57+00:00","dateModified":"2026-04-22T14:08:03+00:00","breadcrumb":{"@id":"https:\/\/cssdn.gouv.qc.ca\/aubier\/a-propos\/conseil-detablissement\/#breadcrumb"},"inLanguage":"fr-CA","potentialAction":[{"@type":"ReadAction","target":["https:\/\/cssdn.gouv.qc.ca\/aubier\/a-propos\/conseil-detablissement\/"]}]},{"@type":"ImageObject","inLanguage":"fr-CA","@id":"https:\/\/cssdn.gouv.qc.ca\/aubier\/a-propos\/conseil-detablissement\/#primaryimage","url":"https:\/\/stage.cssdn.gouv.qc.ca\/wp-content\/uploads\/2022\/08\/Seawire-Hero-06.jpg","contentUrl":"https:\/\/stage.cssdn.gouv.qc.ca\/wp-content\/uploads\/2022\/08\/Seawire-Hero-06.jpg"},{"@type":"BreadcrumbList","@id":"https:\/\/cssdn.gouv.qc.ca\/aubier\/a-propos\/conseil-detablissement\/#breadcrumb","itemListElement":[{"@type":"ListItem","position":1,"name":"Accueil","item":"https:\/\/cssdn.gouv.qc.ca\/aubier\/"},{"@type":"ListItem","position":2,"name":"\u00c0 propos","item":"https:\/\/cssdn.gouv.qc.ca\/aubier\/a-propos\/"},{"@type":"ListItem","position":3,"name":"Conseil d&rsquo;\u00e9tablissement"}]},{"@type":"WebSite","@id":"https:\/\/cssdn.gouv.qc.ca\/aubier\/#website","url":"https:\/\/cssdn.gouv.qc.ca\/aubier\/","name":"\u00c9cole secondaire de l&#039;Aubier","description":"Un site des centres de services scolaires des Navigateurs","publisher":{"@id":"https:\/\/cssdn.gouv.qc.ca\/aubier\/#organization"},"potentialAction":[{"@type":"SearchAction","target":{"@type":"EntryPoint","urlTemplate":"https:\/\/cssdn.gouv.qc.ca\/aubier\/?s={search_term_string}"},"query-input":{"@type":"PropertyValueSpecification","valueRequired":true,"valueName":"search_term_string"}}],"inLanguage":"fr-CA"},{"@type":"Organization","@id":"https:\/\/cssdn.gouv.qc.ca\/aubier\/#organization","name":"\u00c9cole secondaire de l&#039;Aubier","url":"https:\/\/cssdn.gouv.qc.ca\/aubier\/","logo":{"@type":"ImageObject","inLanguage":"fr-CA","@id":"https:\/\/cssdn.gouv.qc.ca\/aubier\/#\/schema\/logo\/image\/","url":"https:\/\/cssdn.gouv.qc.ca\/aubier\/wp-content\/uploads\/sites\/10\/2023\/01\/logo_quebec.svg","contentUrl":"https:\/\/cssdn.gouv.qc.ca\/aubier\/wp-content\/uploads\/sites\/10\/2023\/01\/logo_quebec.svg","width":188,"height":41,"caption":"\u00c9cole secondaire de l&#039;Aubier"},"image":{"@id":"https:\/\/cssdn.gouv.qc.ca\/aubier\/#\/schema\/logo\/image\/"},"sameAs":["https:\/\/www.facebook.com\/ecolesecondairedelaubier","https:\/\/x.com\/CSSNavigateurs","https:\/\/www.instagram.com\/cssnavigateurs\/","https:\/\/www.youtube.com\/channel\/UCHbNBehije70JBzCIVT82bQ","https:\/\/www.linkedin.com\/company\/cssdn"]}]}},"publishpress_future_action":{"enabled":false,"date":"2026-05-08 05:33:24","action":"change-status","newStatus":"draft","terms":[],"taxonomy":"category","extraData":[]},"publishpress_future_workflow_manual_trigger":{"enabledWorkflows":[]},"_links":{"self":[{"href":"https:\/\/cssdn.gouv.qc.ca\/aubier\/wp-json\/wp\/v2\/pages\/10","targetHints":{"allow":["GET"]}}],"collection":[{"href":"https:\/\/cssdn.gouv.qc.ca\/aubier\/wp-json\/wp\/v2\/pages"}],"about":[{"href":"https:\/\/cssdn.gouv.qc.ca\/aubier\/wp-json\/wp\/v2\/types\/page"}],"author":[{"embeddable":true,"href":"https:\/\/cssdn.gouv.qc.ca\/aubier\/wp-json\/wp\/v2\/users\/1"}],"replies":[{"embeddable":true,"href":"https:\/\/cssdn.gouv.qc.ca\/aubier\/wp-json\/wp\/v2\/comments?post=10"}],"version-history":[{"count":0,"href":"https:\/\/cssdn.gouv.qc.ca\/aubier\/wp-json\/wp\/v2\/pages\/10\/revisions"}],"up":[{"embeddable":true,"href":"https:\/\/cssdn.gouv.qc.ca\/aubier\/wp-json\/wp\/v2\/pages\/5"}],"wp:attachment":[{"href":"https:\/\/cssdn.gouv.qc.ca\/aubier\/wp-json\/wp\/v2\/media?parent=10"}],"wp:term":[{"taxonomy":"category","embeddable":true,"href":"https:\/\/cssdn.gouv.qc.ca\/aubier\/wp-json\/wp\/v2\/categories?post=10"},{"taxonomy":"post_tag","embeddable":true,"href":"https:\/\/cssdn.gouv.qc.ca\/aubier\/wp-json\/wp\/v2\/tags?post=10"}],"curies":[{"name":"wp","href":"https:\/\/api.w.org\/{rel}","templated":true}]}}