
{"id":4,"date":"2022-11-08T16:17:54","date_gmt":"2022-11-08T21:17:54","guid":{"rendered":"https:\/\/cssdn.gouv.qc.ca\/aubier\/accueil\/"},"modified":"2025-10-08T16:23:16","modified_gmt":"2025-10-08T20:23:16","slug":"accueil","status":"publish","type":"page","link":"https:\/\/cssdn.gouv.qc.ca\/aubier\/","title":{"rendered":"Bienvenue \u00e0 l&rsquo;Aubier"},"content":{"rendered":"\n<div class=\"wp-block-cover alignfull is-style-hero-home-subsite\" style=\"min-height:537px;aspect-ratio:unset;\"><img decoding=\"async\" width=\"1241\" height=\"661\" class=\"wp-block-cover__image-background wp-image-5518 lazyload\" alt=\"\" data-src=\"https:\/\/cssdn.gouv.qc.ca\/aubier\/wp-content\/uploads\/sites\/10\/2024\/02\/Photo-de-lecole.png\" data-object-fit=\"cover\" data-srcset=\"https:\/\/cssdn.gouv.qc.ca\/aubier\/wp-content\/uploads\/sites\/10\/2024\/02\/Photo-de-lecole.png 1241w, https:\/\/cssdn.gouv.qc.ca\/aubier\/wp-content\/uploads\/sites\/10\/2024\/02\/Photo-de-lecole-300x160.png 300w, https:\/\/cssdn.gouv.qc.ca\/aubier\/wp-content\/uploads\/sites\/10\/2024\/02\/Photo-de-lecole-1024x545.png 1024w, https:\/\/cssdn.gouv.qc.ca\/aubier\/wp-content\/uploads\/sites\/10\/2024\/02\/Photo-de-lecole-768x409.png 768w\" data-sizes=\"(max-width: 1241px) 100vw, 1241px\" src=\"data:image\/svg+xml;base64,PHN2ZyB3aWR0aD0iMSIgaGVpZ2h0PSIxIiB4bWxucz0iaHR0cDovL3d3dy53My5vcmcvMjAwMC9zdmciPjwvc3ZnPg==\" style=\"--smush-placeholder-width: 1241px; --smush-placeholder-aspect-ratio: 1241\/661;\" \/><span aria-hidden=\"true\" class=\"wp-block-cover__background has-background-dim\"><\/span><div class=\"wp-block-cover__inner-container\">\n<div class=\"wp-block-group alignwide\">\n<h1 class=\"wp-block-heading wp-block-post-title has-white-color has-text-color\">Bienvenue \u00e0 l&rsquo;Aubier<\/h1>\n<\/div>\n<\/div><\/div>\n\n\n\n<div class=\"wp-block-group alignfull is-style-home-quicklinks is-style-bg-waves\">\n<h2 class=\"wp-block-heading alignwide has-heading-1-font-size\">Programmes et profils<\/h2>\n\n\n<nav class=\"align is-style-logo-in-background alignwide act-quick-links\">\n    <ul class=\"act-quick-links__wrapper\">\n        <li class=\"act-quick-links__item\">\n                    <a href=\"https:\/\/cssdn.gouv.qc.ca\/aubier\/programmes-et-profils\/profil-arts-visuels\/\" class=\"act-quick-links__link\">\n                        <div class=\"act-quick-links__icon\"><svg fill=\"#000000\" xmlns=\"http:\/\/www.w3.org\/2000\/svg\"  viewBox=\"0 0 24 24\" width=\"175px\" height=\"175px\"><path d=\"M 6.4394531 1.9199219 C 5.8594531 1.9299219 5.279375 2.1307813 4.859375 2.5507812 L 3.7304688 3.6699219 C 3.3204687 4.0899219 3.0896094 4.6504687 3.0996094 5.2304688 C 3.1096094 5.8204687 3.3492969 6.3695313 3.7792969 6.7695312 L 8.640625 11.359375 L 8.6308594 11.369141 L 10.089844 12.740234 L 11.289062 13.880859 L 12.740234 15.259766 L 12.75 15.25 L 15.359375 17.730469 L 15.369141 17.740234 C 15.469141 18.340234 15.720078 18.910078 16.080078 19.330078 C 16.660078 19.980078 17.570234 20.190547 19.240234 20.560547 C 19.830234 20.690547 20.320156 20.780078 20.660156 20.830078 L 22.029297 21.060547 L 21.810547 19.689453 C 21.760547 19.399453 21.690078 18.969219 21.580078 18.449219 C 21.210078 16.669219 21.000313 15.679844 20.320312 15.089844 C 19.950312 14.769844 19.459453 14.539922 18.939453 14.419922 L 18.929688 14.410156 L 17.279297 12.630859 L 16.359375 11.640625 L 15 10.169922 L 12.519531 7.4804688 L 12.509766 7.4902344 L 7.9804688 2.6191406 C 7.5804687 2.1791406 7.0194531 1.9299219 6.4394531 1.9199219 z M 18.410156 2 C 18.160156 2 17.900937 2.0990625 17.710938 2.2890625 L 13.929688 6.0703125 L 17.779297 10.220703 L 21.710938 6.2890625 C 22.100938 5.8990625 22.100938 5.2708594 21.710938 4.8808594 L 19.119141 2.2890625 C 18.929141 2.0990625 18.670156 2 18.410156 2 z M 14 12.019531 L 14.949219 13.050781 L 16.490234 14.710938 L 15.800781 15.390625 L 14.160156 13.839844 L 13.160156 12.890625 L 14 12.019531 z M 7.2207031 12.779297 L 5 15 C 5 15 6.01 15.01 6.5 15.5 C 6.97 15.97 6.9804688 16.900469 6.9804688 16.980469 C 6.9804688 16.980469 8 17 8.5 17.5 C 9 18 9 19 9 19 L 11.330078 16.669922 L 7.2207031 12.779297 z M 18.179688 16.330078 C 18.489687 16.330078 18.82 16.439844 19 16.589844 C 19.17 16.759844 19.380547 17.680078 19.560547 18.580078 C 18.700547 18.390078 17.749844 18.169766 17.589844 18.009766 C 17.309844 17.689766 17.179062 16.910781 17.539062 16.550781 C 17.699063 16.390781 17.929688 16.330078 18.179688 16.330078 z M 3.6699219 17 L 3 21 L 7 20.330078 L 3.6699219 17 z\"\/><\/svg><\/div>\n                        <span class=\"act-quick-links__text\">Profil Arts visuels<\/span>\n                    <\/a>\n                <\/li><li class=\"act-quick-links__item\">\n                    <a href=\"https:\/\/cssdn.gouv.qc.ca\/aubier\/programmes-et-profils\/profil-football\/\" class=\"act-quick-links__link\">\n                        <div class=\"act-quick-links__icon\"><?xml version=\"1.0\"?><svg fill=\"#000000\" xmlns=\"http:\/\/www.w3.org\/2000\/svg\"  viewBox=\"0 0 24 24\" width=\"175px\" height=\"175px\">    <path d=\"M20.66,3.38l-0.03-0.03c-2.56-2.46-9.85-1.6-14.42,2.88c-3.37,3.44-6,11.27-2.85,14.41C4.23,21.52,5.84,22,7.77,22 c3.12,0,7.06-1.27,10.01-4.22C22.29,13.27,23.14,5.97,20.66,3.38z M16.21,11.79l-1.42,1.42l-1.29-1.3l-1.59,1.59l1.3,1.29 l-1.42,1.42l-1.29-1.3l-1.79,1.8l-1.42-1.42l1.8-1.79l-1.3-1.29l1.42-1.42l1.29,1.3l1.59-1.59l-1.3-1.29l1.42-1.42l1.29,1.3 l1.79-1.8l1.42,1.42l-1.8,1.79L16.21,11.79z\"\/><\/svg><\/div>\n                        <span class=\"act-quick-links__text\">Profil Football<\/span>\n                    <\/a>\n                <\/li><li class=\"act-quick-links__item\">\n                    <a href=\"https:\/\/cssdn.gouv.qc.ca\/aubier\/programmes-et-profils\/profil-guitare\/\" class=\"act-quick-links__link\">\n                        <div class=\"act-quick-links__icon\"><svg fill=\"#000000\" xmlns=\"http:\/\/www.w3.org\/2000\/svg\"  viewBox=\"0 0 24 24\" width=\"175px\" height=\"175px\"><path d=\"M 19.9375 1.9375 L 17.9375 3.9375 L 18.28125 4.28125 L 14.59375 7.96875 C 11.929688 5.824219 8.910156 7.046875 8.40625 9.25 C 8.113281 10.261719 7.175781 10.917969 6.125 10.9375 C 4.988281 10.960938 3.929688 11.339844 3.15625 12.125 C 1.273438 14.027344 1.734375 17.511719 4.15625 19.90625 C 5.558594 21.289063 7.308594 22.011719 8.90625 22 C 10.070313 21.992188 11.144531 21.617188 11.9375 20.8125 C 12.714844 20.027344 13.117188 18.949219 13.125 17.8125 C 13.132813 16.761719 13.742188 15.835938 14.75 15.53125 C 17.226563 14.570313 17.691406 11.730469 16 9.4375 L 19.71875 5.71875 L 20.0625 6.0625 L 22.0625 4.0625 Z M 11.4375 8.90625 C 11.996094 8.902344 12.578125 9.105469 13.125 9.4375 L 11 11.5625 C 10.335938 11.390625 9.613281 11.574219 9.09375 12.09375 C 8.3125 12.875 8.3125 14.125 9.09375 14.90625 C 9.875 15.6875 11.125 15.6875 11.90625 14.90625 C 12.425781 14.386719 12.609375 13.664063 12.4375 13 L 14.5625 10.875 C 14.816406 11.300781 15.007813 11.742188 15.0625 12.1875 C 15.109375 12.558594 15.074219 13.84375 13.96875 14.125 C 12.476563 14.578125 11.484375 15.980469 11.46875 17.59375 C 11.464844 18.105469 11.335938 18.8125 10.78125 19.375 C 10.210938 19.953125 9.464844 20.089844 8.9375 20.09375 C 7.773438 20.101563 6.484375 19.503906 5.5 18.53125 C 4.632813 17.671875 4.070313 16.621094 3.9375 15.5625 C 3.820313 14.628906 4.054688 13.828125 4.59375 13.28125 C 5.148438 12.71875 5.898438 12.574219 6.40625 12.5625 C 8.019531 12.53125 9.375 11.496094 9.8125 10 C 10.019531 9.222656 11.082031 8.910156 11.4375 8.90625 Z M 6.4375 14.46875 L 5.5 15.40625 L 8.625 18.5 L 9.5625 17.5625 Z\"\/><\/svg><\/div>\n                        <span class=\"act-quick-links__text\">Profil Guitare +<\/span>\n                    <\/a>\n                <\/li><li class=\"act-quick-links__item\">\n                    <a href=\"https:\/\/cssdn.gouv.qc.ca\/aubier\/programmes-et-profils\/profil-multisport\/\" class=\"act-quick-links__link\">\n                        <div class=\"act-quick-links__icon\"><svg fill=\"#000000\" xmlns=\"http:\/\/www.w3.org\/2000\/svg\"  viewBox=\"0 0 24 24\" width=\"175px\" height=\"175px\"><path d=\"M 6.65625 2 C 6.316406 2 5.980469 2.144531 5.71875 2.40625 L 2.25 3.96875 C 2.25 3.96875 1.4375 5.6875 2.875 7.125 C 4.390625 8.640625 6.03125 7.75 6.03125 7.75 L 7.59375 4.28125 C 8.117188 3.757813 8.117188 2.929688 7.59375 2.40625 C 7.332031 2.144531 6.996094 2 6.65625 2 Z M 16.5 2 C 15.089844 2 13.695313 2.523438 12.625 3.59375 L 11.1875 5.03125 C 9.042969 7.175781 9.042969 10.667969 11.1875 12.8125 C 13.332031 14.957031 16.824219 14.957031 18.96875 12.8125 L 20.40625 11.375 C 22.550781 9.230469 22.550781 5.738281 20.40625 3.59375 C 19.335938 2.523438 17.910156 2 16.5 2 Z M 16.5 3 C 17.652344 3 18.808594 3.433594 19.6875 4.3125 C 21.441406 6.066406 21.441406 8.933594 19.6875 10.6875 L 18.28125 12.09375 C 16.527344 13.847656 13.660156 13.847656 11.90625 12.09375 C 10.152344 10.339844 10.152344 7.472656 11.90625 5.71875 L 13.3125 4.3125 C 14.191406 3.433594 15.347656 3 16.5 3 Z M 5.4375 4 L 6 4.5625 L 5.0625 6.65625 C 4.75 6.695313 4.3125 6.625 3.84375 6.15625 C 3.402344 5.714844 3.339844 5.265625 3.375 4.9375 Z M 16.5 4 C 16.105469 4 15.722656 4.085938 15.34375 4.21875 L 15.78125 4.65625 L 15.09375 5.375 L 14.40625 4.71875 C 14.273438 4.820313 14.152344 4.910156 14.03125 5.03125 L 13.6875 5.375 L 14.375 6.09375 L 13.6875 6.78125 L 12.96875 6.09375 L 12.625 6.4375 C 12.503906 6.558594 12.382813 6.679688 12.28125 6.8125 L 12.96875 7.5 L 12.25 8.21875 L 11.8125 7.75 C 11.546875 8.503906 11.546875 9.308594 11.8125 10.0625 L 12.25 9.625 L 12.96875 10.3125 L 12.28125 11 C 12.382813 11.132813 12.503906 11.253906 12.625 11.375 C 12.746094 11.496094 12.867188 11.585938 13 11.6875 L 13.6875 11.03125 L 14.375 11.75 L 13.9375 12.1875 C 14.691406 12.453125 15.496094 12.453125 16.25 12.1875 L 15.78125 11.75 L 16.5 11.03125 L 17.1875 11.6875 C 17.320313 11.585938 17.441406 11.496094 17.5625 11.375 L 17.90625 11.03125 L 17.21875 10.3125 L 17.90625 9.625 L 18.625 10.3125 L 18.96875 9.96875 C 19.089844 9.847656 19.179688 9.726563 19.28125 9.59375 L 18.625 8.90625 L 19.34375 8.21875 L 19.78125 8.65625 C 20.046875 7.902344 20.046875 7.097656 19.78125 6.34375 L 19.34375 6.78125 L 18.625 6.09375 L 19.28125 5.40625 C 19.179688 5.273438 19.089844 5.152344 18.96875 5.03125 C 18.847656 4.910156 18.726563 4.820313 18.59375 4.71875 L 17.90625 5.375 L 17.21875 4.65625 L 17.65625 4.21875 C 17.277344 4.085938 16.894531 4 16.5 4 Z M 16.5 5.375 L 17.21875 6.09375 L 16.5 6.78125 L 15.78125 6.09375 Z M 15.09375 6.78125 L 15.78125 7.5 L 15.09375 8.21875 L 14.375 7.5 Z M 17.90625 6.78125 L 18.625 7.5 L 17.90625 8.21875 L 17.21875 7.5 Z M 13.6875 8.21875 L 14.375 8.90625 L 13.6875 9.625 L 12.96875 8.90625 Z M 16.5 8.21875 L 17.21875 8.90625 L 16.5 9.625 L 15.78125 8.90625 Z M 15.09375 9.625 L 15.78125 10.3125 L 15.09375 11.03125 L 14.375 10.3125 Z M 9.84375 12.75 L 6.28125 16.28125 L 5.9375 15.9375 L 1.9375 19.9375 L 4.0625 22.0625 L 8.0625 18.0625 L 7.71875 17.71875 L 11.25 14.15625 C 10.984375 13.960938 10.742188 13.742188 10.5 13.5 C 10.257813 13.261719 10.039063 13.019531 9.84375 12.75 Z\"\/><\/svg><\/div>\n                        <span class=\"act-quick-links__text\">Profil Multisport<\/span>\n                    <\/a>\n                <\/li><li class=\"act-quick-links__item\">\n                    <a href=\"https:\/\/cssdn.gouv.qc.ca\/aubier\/programmes-et-profils\/profil-sciences\/\" class=\"act-quick-links__link\">\n                        <div class=\"act-quick-links__icon\"><?xml version=\"1.0\"?><svg fill=\"#000000\" xmlns=\"http:\/\/www.w3.org\/2000\/svg\"  viewBox=\"0 0 24 24\" width=\"175px\" height=\"175px\">    <path d=\"M 8 3 L 8 5 L 9 5 L 9 10 L 3.4277344 17.773438 L 3.4316406 17.773438 C 3.1656406 18.112437 3 18.535 3 19 C 3 20.105 3.895 21 5 21 L 19 21 C 20.105 21 21 20.105 21 19 C 21 18.535 20.834359 18.112437 20.568359 17.773438 L 20.572266 17.773438 L 15 10 L 15 5 L 16 5 L 16 3 L 8 3 z M 11 5 L 13 5 L 13 10 L 11 10 L 11 5 z M 13 13 C 13.552 13 14 13.448 14 14 C 14 14.552 13.552 15 13 15 C 12.448 15 12 14.552 12 14 C 12 13.448 12.448 13 13 13 z M 9.5 16 C 10.328 16 11 16.672 11 17.5 C 11 18.328 10.328 19 9.5 19 C 8.672 19 8 18.328 8 17.5 C 8 16.672 8.672 16 9.5 16 z\"\/><\/svg><\/div>\n                        <span class=\"act-quick-links__text\">Profil Sciences (1re et 2e secondaire)<\/span>\n                    <\/a>\n                <\/li><li class=\"act-quick-links__item\">\n                    <a href=\"https:\/\/cssdn.gouv.qc.ca\/aubier\/programmes-et-profils\/profil-soccer\/\" class=\"act-quick-links__link\">\n                        <div class=\"act-quick-links__icon\"><?xml version=\"1.0\"?><svg fill=\"#000000\" xmlns=\"http:\/\/www.w3.org\/2000\/svg\"  viewBox=\"0 0 24 24\" width=\"175px\" height=\"175px\">    <path d=\"M 13 2 A 2 2 0 0 0 11 4 A 2 2 0 0 0 13 6 A 2 2 0 0 0 15 4 A 2 2 0 0 0 13 2 z M 10.107422 5.9726562 C 9.6095354 5.9722882 9.1184197 6.1172552 8.6972656 6.3984375 L 8.6640625 6.4199219 L 6.2050781 8.3515625 L 4.734375 11.292969 L 6.5234375 12.1875 L 7.7949219 9.6484375 L 9.6855469 8.1621094 L 9.5 8.8007812 L 8.0625 12.59375 L 6.7753906 15.71875 L 8.625 16.480469 L 9.6699219 13.941406 L 10.525391 14.109375 L 8.0644531 20.648438 L 9.9355469 21.351562 L 13.003906 13.203125 L 14.65625 8.9550781 L 20.035156 12.015625 L 21.023438 10.277344 L 15.498047 7.1328125 C 15.259756 6.9962266 15.001365 6.9005952 14.734375 6.8476562 L 14.732422 6.8476562 L 10.605469 6.0214844 C 10.440464 5.9885658 10.273384 5.9727789 10.107422 5.9726562 z M 5 18 A 2 2 0 0 0 3 20 A 2 2 0 0 0 5 22 A 2 2 0 0 0 7 20 A 2 2 0 0 0 5 18 z\"\/><\/svg><\/div>\n                        <span class=\"act-quick-links__text\">Profil Soccer<\/span>\n                    <\/a>\n                <\/li><li class=\"act-quick-links__item\">\n                    <a href=\"https:\/\/cssdn.gouv.qc.ca\/aubier\/programmes-et-profils\/profil-spr\/\" class=\"act-quick-links__link\">\n                        <div class=\"act-quick-links__icon\"><\/div>\n                        <span class=\"act-quick-links__text\">Profil SPR+ (Sciences, programmation et robotique pour le 3e secondaire)<\/span>\n                    <\/a>\n                <\/li><li class=\"act-quick-links__item\">\n                    <a href=\"https:\/\/cssdn.gouv.qc.ca\/aubier\/programmes-et-profils\/profil-volleyball\/\" class=\"act-quick-links__link\">\n                        <div class=\"act-quick-links__icon\"><\/div>\n                        <span class=\"act-quick-links__text\">Profil Volleyball<\/span>\n                    <\/a>\n                <\/li><li class=\"act-quick-links__item\">\n                    <a href=\"https:\/\/cssdn.gouv.qc.ca\/aubier\/programmes-et-profils\/programme-citoyens-du-monde-cim-aubier\/\" class=\"act-quick-links__link\">\n                        <div class=\"act-quick-links__icon\"><?xml version=\"1.0\"?><svg fill=\"#000000\" xmlns=\"http:\/\/www.w3.org\/2000\/svg\"  viewBox=\"0 0 24 24\" width=\"175px\" height=\"175px\">    <path d=\"M 11.617188 2.0117188 C 11.348744 2.0213906 11.080875 2.0405156 10.8125 2.0722656 C 11.9525 2.7182656 13.124906 3.6837813 14.253906 4.9257812 L 16.988281 3.3457031 C 15.360781 2.4112031 13.496291 1.9440156 11.617188 2.0117188 z M 8.0136719 3.1640625 C 7.6203281 3.1240469 7.2765 3.1800937 7 3.3398438 C 5.894 3.9788437 5.6809688 6.3659531 6.5429688 9.3769531 L 12.455078 5.9628906 C 10.823078 4.2738906 9.1937031 3.2841094 8.0136719 3.1640625 z M 18.761719 4.6328125 L 15.539062 6.4921875 C 16.115063 7.2621875 16.672312 8.094 17.195312 9 C 17.718312 9.906 18.161063 10.805453 18.539062 11.689453 L 21.761719 9.828125 C 21.546719 8.858125 21.183156 7.905 20.660156 7 C 20.137156 6.095 19.493719 5.3048125 18.761719 4.6328125 z M 3.9960938 6.0078125 C 2.7030938 7.7398125 2.0177187 9.8471875 2.0117188 11.992188 L 4.7460938 10.414062 C 4.2350937 8.8160625 3.9850938 7.3178125 3.9960938 6.0078125 z M 13.789062 7.5039062 L 7.2109375 11.300781 C 7.5699375 12.178781 8.0071563 13.086 8.5351562 14 C 9.0631563 14.914 9.6289375 15.747094 10.210938 16.496094 L 16.789062 12.699219 C 16.431062 11.821219 15.991844 10.914 15.464844 10 C 14.937844 9.086 14.371063 8.2529063 13.789062 7.5039062 z M 21.988281 12.005859 L 19.253906 13.585938 C 19.764906 15.183938 20.014906 16.682188 20.003906 17.992188 C 21.296906 16.260188 21.983281 14.150859 21.988281 12.005859 z M 5.4609375 12.310547 L 2.2382812 14.171875 C 2.4532813 15.141875 2.8168438 16.095 3.3398438 17 C 3.8628437 17.905 4.5062813 18.695187 5.2382812 19.367188 L 8.4609375 17.507812 C 7.8849375 16.737813 7.3276875 15.906 6.8046875 15 C 6.2816875 14.094 5.8389375 13.194547 5.4609375 12.310547 z M 17.457031 14.623047 L 11.544922 18.037109 C 13.721922 20.289109 15.894953 21.299156 17.001953 20.660156 C 18.108953 20.021156 18.319031 17.634047 17.457031 14.623047 z M 9.7460938 19.074219 L 7.0117188 20.654297 C 8.8717187 21.722297 11.0405 22.181734 13.1875 21.927734 C 12.0475 21.281734 10.875094 20.316219 9.7460938 19.074219 z\"\/><\/svg><\/div>\n                        <span class=\"act-quick-links__text\">Programme Citoyens du monde (1re, 2e, 3e sec., Aubier)<\/span>\n                    <\/a>\n                <\/li>    <\/ul>\n<\/nav>\n<\/div>\n\n\n\n<div class=\"wp-block-group alignfull is-style-default has-secondary-background-color has-background\">\n<h2 class=\"wp-block-heading alignwide has-heading-1-font-size\">Actualit\u00e9s<\/h2>\n\n\n<div class=\" alignwide alignwide alignwide archive-listing\" id=\"testimonial-block_83d31a79330f3cbc8d6385fa6f3a678a\">\n                                                                    <ul class=\"archive-listing__list  archive-listing__group-\">\n                                <li class=\"archive-listing__item\">\n                     <div class=\"actualite-card\">    <div class=\"wp-block-post-image\">\n    <figure class=\"wp-block-post-featured-image\"><img decoding=\"async\" width=\"320\" height=\"198\" data-src=\"https:\/\/cssdn.gouv.qc.ca\/aubier\/wp-content\/uploads\/sites\/10\/2026\/04\/25-139-07_vign-intra_sem-perso-soutien-admin_v1.jpg\" class=\"attachment-post-thumbnail size-post-thumbnail wp-post-image lazyload\" alt=\"\" style=\"--smush-placeholder-width: 320px; --smush-placeholder-aspect-ratio: 320\/198;object-fit:cover;\" data-srcset=\"https:\/\/cssdn.gouv.qc.ca\/aubier\/wp-content\/uploads\/sites\/10\/2026\/04\/25-139-07_vign-intra_sem-perso-soutien-admin_v1.jpg 320w, https:\/\/cssdn.gouv.qc.ca\/aubier\/wp-content\/uploads\/sites\/10\/2026\/04\/25-139-07_vign-intra_sem-perso-soutien-admin_v1-300x186.jpg 300w\" data-sizes=\"(max-width: 320px) 100vw, 320px\" src=\"data:image\/svg+xml;base64,PHN2ZyB3aWR0aD0iMSIgaGVpZ2h0PSIxIiB4bWxucz0iaHR0cDovL3d3dy53My5vcmcvMjAwMC9zdmciPjwvc3ZnPg==\" \/><\/figure>\n    <\/div>\n    <div class=\"wp-block-post-content\">\n        <div class=\"wp-block-post-date\"><time datetime=\"2026-04-20T09:33:31-04:00\">20 avril 2026<\/time><\/div>\n        <h2 class=\"wp-block-post-title\">Semaine du personnel de soutien administratif &#8211; 19 au 25 avril 2026<\/h2>\n\n        <div class=\"wp-block-post-excerpt\"><p class=\"wp-block-post-excerpt__excerpt\">Le personnel de soutien administratif, dans nos \u00e9coles, centres et nos services, est un \u00e9l\u00e9ment crucial de notre organisation puisqu&rsquo;il fournit un appui logistique, technique et administratif essentiel. <\/p><\/div>\n        <a aria-label=\"Semaine du personnel de soutien administratif &amp;#8211; 19 au 25 avril 2026\" class=\"wp-block-read-more\" href=\"https:\/\/cssdn.gouv.qc.ca\/aubier\/2026\/04\/20\/semaine-du-personnel-de-soutien-administratif-19-au-25-avril-2026\/\" target=\"_self\">En savoir plus<span class=\"screen-reader-text\">\u00a0: Semaine du personnel de soutien administratif &#8211; 19 au 25 avril 2026<\/span><\/a>\n    <\/div><\/div>                <\/li>\n                                            <li class=\"archive-listing__item\">\n                     <div class=\"actualite-card\">    <div class=\"wp-block-post-image\">\n    <figure class=\"wp-block-post-featured-image\"><img decoding=\"async\" width=\"1640\" height=\"924\" data-src=\"https:\/\/cssdn.gouv.qc.ca\/aubier\/wp-content\/uploads\/sites\/10\/2026\/04\/Couvertures-FB-Bonne-rentree-bonne-relache.png\" class=\"attachment-post-thumbnail size-post-thumbnail wp-post-image lazyload\" alt=\"\" style=\"--smush-placeholder-width: 1640px; --smush-placeholder-aspect-ratio: 1640\/924;object-fit:cover;\" data-srcset=\"https:\/\/cssdn.gouv.qc.ca\/aubier\/wp-content\/uploads\/sites\/10\/2026\/04\/Couvertures-FB-Bonne-rentree-bonne-relache.png 1640w, https:\/\/cssdn.gouv.qc.ca\/aubier\/wp-content\/uploads\/sites\/10\/2026\/04\/Couvertures-FB-Bonne-rentree-bonne-relache-300x169.png 300w, https:\/\/cssdn.gouv.qc.ca\/aubier\/wp-content\/uploads\/sites\/10\/2026\/04\/Couvertures-FB-Bonne-rentree-bonne-relache-1024x577.png 1024w, https:\/\/cssdn.gouv.qc.ca\/aubier\/wp-content\/uploads\/sites\/10\/2026\/04\/Couvertures-FB-Bonne-rentree-bonne-relache-768x433.png 768w, https:\/\/cssdn.gouv.qc.ca\/aubier\/wp-content\/uploads\/sites\/10\/2026\/04\/Couvertures-FB-Bonne-rentree-bonne-relache-1536x865.png 1536w\" data-sizes=\"(max-width: 1640px) 100vw, 1640px\" src=\"data:image\/svg+xml;base64,PHN2ZyB3aWR0aD0iMSIgaGVpZ2h0PSIxIiB4bWxucz0iaHR0cDovL3d3dy53My5vcmcvMjAwMC9zdmciPjwvc3ZnPg==\" \/><\/figure>\n    <\/div>\n    <div class=\"wp-block-post-content\">\n        <div class=\"wp-block-post-date\"><time datetime=\"2026-04-16T11:14:09-04:00\">16 avril 2026<\/time><\/div>\n        <h2 class=\"wp-block-post-title\">Webinaire \u00ab La pr\u00e9vention de la violence faite aux enfants (3 \u00e0 12 ans) \u00bb, pr\u00e9sent\u00e9 par le CCSEHDAA &#8211; 23 avril 2026<\/h2>\n\n        <div class=\"wp-block-post-excerpt\"><p class=\"wp-block-post-excerpt__excerpt\">Le Comit\u00e9 consultatif sur les services aux \u00e9l\u00e8ves HDAA du CSSDN et Espace Chaudi\u00e8re-Appalaches vous convient \u00e0 un webinaire gratuit sur le th\u00e8me \u00ab La pr\u00e9vention de la violence faite aux enfants (3 \u00e0 12 ans) \u00bb. <\/p><\/div>\n        <a aria-label=\"Webinaire \u00ab La pr\u00e9vention de la violence faite aux enfants (3 \u00e0 12 ans) \u00bb, pr\u00e9sent\u00e9 par le CCSEHDAA &amp;#8211; 23 avril 2026\" class=\"wp-block-read-more\" href=\"https:\/\/cssdn.gouv.qc.ca\/aubier\/2026\/04\/16\/webinaire-la-prevention-de-la-violence-faite-aux-enfants-3-a-12-ans-presente-par-le-ccsehdaa-23-avril-2026\/\" target=\"_self\">En savoir plus<span class=\"screen-reader-text\">\u00a0: Webinaire \u00ab La pr\u00e9vention de la violence faite aux enfants (3 \u00e0 12 ans) \u00bb, pr\u00e9sent\u00e9 par le CCSEHDAA &#8211; 23 avril 2026<\/span><\/a>\n    <\/div><\/div>                <\/li>\n                                            <li class=\"archive-listing__item\">\n                     <div class=\"actualite-card\">    <div class=\"wp-block-post-image\">\n    <figure class=\"wp-block-post-featured-image\"><img decoding=\"async\" width=\"1000\" height=\"667\" data-src=\"https:\/\/cssdn.gouv.qc.ca\/aubier\/wp-content\/uploads\/sites\/10\/2026\/04\/a-20260401_ses-FR1-Ste-Marie_07897.png\" class=\"attachment-post-thumbnail size-post-thumbnail wp-post-image lazyload\" alt=\"\" style=\"--smush-placeholder-width: 1000px; --smush-placeholder-aspect-ratio: 1000\/667;object-fit:cover;\" data-srcset=\"https:\/\/cssdn.gouv.qc.ca\/aubier\/wp-content\/uploads\/sites\/10\/2026\/04\/a-20260401_ses-FR1-Ste-Marie_07897.png 1000w, https:\/\/cssdn.gouv.qc.ca\/aubier\/wp-content\/uploads\/sites\/10\/2026\/04\/a-20260401_ses-FR1-Ste-Marie_07897-300x200.png 300w, https:\/\/cssdn.gouv.qc.ca\/aubier\/wp-content\/uploads\/sites\/10\/2026\/04\/a-20260401_ses-FR1-Ste-Marie_07897-768x512.png 768w\" data-sizes=\"(max-width: 1000px) 100vw, 1000px\" src=\"data:image\/svg+xml;base64,PHN2ZyB3aWR0aD0iMSIgaGVpZ2h0PSIxIiB4bWxucz0iaHR0cDovL3d3dy53My5vcmcvMjAwMC9zdmciPjwvc3ZnPg==\" \/><\/figure>\n    <\/div>\n    <div class=\"wp-block-post-content\">\n        <div class=\"wp-block-post-date\"><time datetime=\"2026-04-13T16:17:34-04:00\">13 avril 2026<\/time><\/div>\n        <h2 class=\"wp-block-post-title\">Nos laur\u00e9ates et laur\u00e9at des finales r\u00e9gionales de Secondaire en spectacle<\/h2>\n\n        <div class=\"wp-block-post-excerpt\"><p class=\"wp-block-post-excerpt__excerpt\">Notre rel\u00e8ve artistique a brill\u00e9 lors des finales r\u00e9gionales de Secondaire en spectacle! Reconnaissons, c\u00e9l\u00e9brons et faisons briller les talents des \u00e9coles secondaires publiques de L\u00e9vis et Lotbini\u00e8re! <\/p><\/div>\n        <a aria-label=\"Nos laur\u00e9ates et laur\u00e9at des finales r\u00e9gionales de Secondaire en spectacle\" class=\"wp-block-read-more\" href=\"https:\/\/cssdn.gouv.qc.ca\/aubier\/2026\/04\/13\/nos-laureates-et-laureat-des-finales-regionales-de-secondaire-en-spectacle\/\" target=\"_self\">En savoir plus<span class=\"screen-reader-text\">\u00a0: Nos laur\u00e9ates et laur\u00e9at des finales r\u00e9gionales de Secondaire en spectacle<\/span><\/a>\n    <\/div><\/div>                <\/li>\n                                            <li class=\"archive-listing__item\">\n                     <div class=\"actualite-card\">    <div class=\"wp-block-post-image\">\n    <figure class=\"wp-block-post-featured-image\"><img decoding=\"async\" width=\"2048\" height=\"1536\" data-src=\"https:\/\/cssdn.gouv.qc.ca\/aubier\/wp-content\/uploads\/sites\/10\/2026\/04\/20260405_Aubier-Vikings-Boston2-1-1.jpg\" class=\"attachment-post-thumbnail size-post-thumbnail wp-post-image lazyload\" alt=\"\" style=\"--smush-placeholder-width: 2048px; --smush-placeholder-aspect-ratio: 2048\/1536;object-fit:cover;\" data-srcset=\"https:\/\/cssdn.gouv.qc.ca\/aubier\/wp-content\/uploads\/sites\/10\/2026\/04\/20260405_Aubier-Vikings-Boston2-1-1.jpg 2048w, https:\/\/cssdn.gouv.qc.ca\/aubier\/wp-content\/uploads\/sites\/10\/2026\/04\/20260405_Aubier-Vikings-Boston2-1-1-300x225.jpg 300w, https:\/\/cssdn.gouv.qc.ca\/aubier\/wp-content\/uploads\/sites\/10\/2026\/04\/20260405_Aubier-Vikings-Boston2-1-1-1024x768.jpg 1024w, https:\/\/cssdn.gouv.qc.ca\/aubier\/wp-content\/uploads\/sites\/10\/2026\/04\/20260405_Aubier-Vikings-Boston2-1-1-768x576.jpg 768w, https:\/\/cssdn.gouv.qc.ca\/aubier\/wp-content\/uploads\/sites\/10\/2026\/04\/20260405_Aubier-Vikings-Boston2-1-1-1536x1152.jpg 1536w\" data-sizes=\"(max-width: 2048px) 100vw, 2048px\" src=\"data:image\/svg+xml;base64,PHN2ZyB3aWR0aD0iMSIgaGVpZ2h0PSIxIiB4bWxucz0iaHR0cDovL3d3dy53My5vcmcvMjAwMC9zdmciPjwvc3ZnPg==\" \/><\/figure>\n    <\/div>\n    <div class=\"wp-block-post-content\">\n        <div class=\"wp-block-post-date\"><time datetime=\"2026-04-08T09:59:59-04:00\">8 avril 2026<\/time><\/div>\n        <h2 class=\"wp-block-post-title\">Les Vikings de l&rsquo;Aubier brillent \u00e0 Boston!<\/h2>\n\n        <div class=\"wp-block-post-excerpt\"><p class=\"wp-block-post-excerpt__excerpt\">Lors du National de volleyball \u00e0 Boston, pendant la fin de semaine de P\u00e2ques, l\u2019\u00e9quipe cadette f\u00e9minine des Vikings a livr\u00e9 tout un tournoi! <\/p><\/div>\n        <a aria-label=\"Les Vikings de l&amp;rsquo;Aubier brillent \u00e0 Boston!\" class=\"wp-block-read-more\" href=\"https:\/\/cssdn.gouv.qc.ca\/aubier\/2026\/04\/08\/les-vikings-de-laubier-brillent-a-boston\/\" target=\"_self\">En savoir plus<span class=\"screen-reader-text\">\u00a0: Les Vikings de l&rsquo;Aubier brillent \u00e0 Boston!<\/span><\/a>\n    <\/div><\/div>                <\/li>\n                                            <li class=\"archive-listing__item\">\n                     <div class=\"actualite-card\">    <div class=\"wp-block-post-image\">\n    <figure class=\"wp-block-post-featured-image\"><img decoding=\"async\" width=\"1920\" height=\"1080\" data-src=\"https:\/\/cssdn.gouv.qc.ca\/aubier\/wp-content\/uploads\/sites\/10\/2026\/03\/CSSDN_Alerte_Tempete_Actualite_Site_1920x1080_date.png\" class=\"attachment-post-thumbnail size-post-thumbnail wp-post-image lazyload\" alt=\"\" style=\"--smush-placeholder-width: 1920px; --smush-placeholder-aspect-ratio: 1920\/1080;object-fit:cover;\" data-srcset=\"https:\/\/cssdn.gouv.qc.ca\/aubier\/wp-content\/uploads\/sites\/10\/2026\/03\/CSSDN_Alerte_Tempete_Actualite_Site_1920x1080_date.png 1920w, https:\/\/cssdn.gouv.qc.ca\/aubier\/wp-content\/uploads\/sites\/10\/2026\/03\/CSSDN_Alerte_Tempete_Actualite_Site_1920x1080_date-300x169.png 300w, https:\/\/cssdn.gouv.qc.ca\/aubier\/wp-content\/uploads\/sites\/10\/2026\/03\/CSSDN_Alerte_Tempete_Actualite_Site_1920x1080_date-1024x576.png 1024w, https:\/\/cssdn.gouv.qc.ca\/aubier\/wp-content\/uploads\/sites\/10\/2026\/03\/CSSDN_Alerte_Tempete_Actualite_Site_1920x1080_date-768x432.png 768w, https:\/\/cssdn.gouv.qc.ca\/aubier\/wp-content\/uploads\/sites\/10\/2026\/03\/CSSDN_Alerte_Tempete_Actualite_Site_1920x1080_date-1536x864.png 1536w\" data-sizes=\"(max-width: 1920px) 100vw, 1920px\" src=\"data:image\/svg+xml;base64,PHN2ZyB3aWR0aD0iMSIgaGVpZ2h0PSIxIiB4bWxucz0iaHR0cDovL3d3dy53My5vcmcvMjAwMC9zdmciPjwvc3ZnPg==\" \/><\/figure>\n    <\/div>\n    <div class=\"wp-block-post-content\">\n        <div class=\"wp-block-post-date\"><time datetime=\"2026-03-12T05:44:02-04:00\">12 mars 2026<\/time><\/div>\n        <h2 class=\"wp-block-post-title\">\ud83c\udf26 Fermeture des \u00e9tablissements du CSSDN le jeudi 12 mars 2026<\/h2>\n\n        <div class=\"wp-block-post-excerpt\"><p class=\"wp-block-post-excerpt__excerpt\">MiLe\u00a0Centre de services scolaire des Navigateurs annonce qu\u2019en raison de l\u2019\u00e9tat des conditions routi\u00e8res, toutes les \u00e9coles primaires et secondaires ainsi que tous les centres de formation professionnelle et d\u2019\u00e9ducation des adultes du Centre de services scolaire des Navigateurs (CSSDN)\u00a0seront ferm\u00e9s\u00a0aujourd\u2019hui, le jeudi 12 mars 2026. <\/p><\/div>\n        <a aria-label=\"\ud83c\udf26 Fermeture des \u00e9tablissements du CSSDN le jeudi 12 mars 2026\" class=\"wp-block-read-more\" href=\"https:\/\/cssdn.gouv.qc.ca\/aubier\/2026\/03\/12\/%f0%9f%8c%a6-fermeture-des-etablissements-du-cssdn-le-jeudi-12-mars-2026\/\" target=\"_self\">En savoir plus<span class=\"screen-reader-text\">\u00a0: \ud83c\udf26 Fermeture des \u00e9tablissements du CSSDN le jeudi 12 mars 2026<\/span><\/a>\n    <\/div><\/div>                <\/li>\n                                            <li class=\"archive-listing__item\">\n                     <div class=\"actualite-card\">    <div class=\"wp-block-post-image\">\n    <figure class=\"wp-block-post-featured-image\"><img decoding=\"async\" width=\"1920\" height=\"1080\" data-src=\"https:\/\/cssdn.gouv.qc.ca\/aubier\/wp-content\/uploads\/sites\/10\/2026\/03\/CSSDN_Info_Tempete_Actualite_Site_1920x1080_date.png\" class=\"attachment-post-thumbnail size-post-thumbnail wp-post-image lazyload\" alt=\"\" style=\"--smush-placeholder-width: 1920px; --smush-placeholder-aspect-ratio: 1920\/1080;object-fit:cover;\" data-srcset=\"https:\/\/cssdn.gouv.qc.ca\/aubier\/wp-content\/uploads\/sites\/10\/2026\/03\/CSSDN_Info_Tempete_Actualite_Site_1920x1080_date.png 1920w, https:\/\/cssdn.gouv.qc.ca\/aubier\/wp-content\/uploads\/sites\/10\/2026\/03\/CSSDN_Info_Tempete_Actualite_Site_1920x1080_date-300x169.png 300w, https:\/\/cssdn.gouv.qc.ca\/aubier\/wp-content\/uploads\/sites\/10\/2026\/03\/CSSDN_Info_Tempete_Actualite_Site_1920x1080_date-1024x576.png 1024w, https:\/\/cssdn.gouv.qc.ca\/aubier\/wp-content\/uploads\/sites\/10\/2026\/03\/CSSDN_Info_Tempete_Actualite_Site_1920x1080_date-768x432.png 768w, https:\/\/cssdn.gouv.qc.ca\/aubier\/wp-content\/uploads\/sites\/10\/2026\/03\/CSSDN_Info_Tempete_Actualite_Site_1920x1080_date-1536x864.png 1536w\" data-sizes=\"(max-width: 1920px) 100vw, 1920px\" src=\"data:image\/svg+xml;base64,PHN2ZyB3aWR0aD0iMSIgaGVpZ2h0PSIxIiB4bWxucz0iaHR0cDovL3d3dy53My5vcmcvMjAwMC9zdmciPjwvc3ZnPg==\" \/><\/figure>\n    <\/div>\n    <div class=\"wp-block-post-content\">\n        <div class=\"wp-block-post-date\"><time datetime=\"2026-03-10T15:16:09-04:00\">10 mars 2026<\/time><\/div>\n        <h2 class=\"wp-block-post-title\">\ud83c\udf26 Fermeture pr\u00e9ventive des \u00e9tablissements du CSSDN le mercredi 11 mars 2026<\/h2>\n\n        <div class=\"wp-block-post-excerpt\"><p class=\"wp-block-post-excerpt__excerpt\">En raison des conditions m\u00e9t\u00e9orologiques annonc\u00e9es, toutes les \u00e9coles primaires et secondaires ainsi que tous les centres de formation professionnelle et d\u2019\u00e9ducation des adultes du Centre de services scolaire des Navigateurs (CSSDN)\u00a0seront ferm\u00e9s demain, le mercredi 11 mars 2026. <\/p><\/div>\n        <a aria-label=\"\ud83c\udf26 Fermeture pr\u00e9ventive des \u00e9tablissements du CSSDN le mercredi 11 mars 2026\" class=\"wp-block-read-more\" href=\"https:\/\/cssdn.gouv.qc.ca\/aubier\/2026\/03\/10\/%f0%9f%8c%a6-fermeture-preventive-des-etablissements-du-cssdn-le-mercredi-11-mars-2026\/\" target=\"_self\">En savoir plus<span class=\"screen-reader-text\">\u00a0: \ud83c\udf26 Fermeture pr\u00e9ventive des \u00e9tablissements du CSSDN le mercredi 11 mars 2026<\/span><\/a>\n    <\/div><\/div>                <\/li>\n                    <\/ul>\n        <\/div>\n\n\n\n<div class=\"is-content-justification-right wp-block-buttons alignwide\">\n<div class=\"wp-block-button\"><a class=\"wp-block-button__link wp-element-button\" href=\"https:\/\/cssdn.gouv.qc.ca\/aubier\/actualites\/\" target=\"_blank\" rel=\"noreferrer noopener\">Voir toutes les actualit\u00e9s<img decoding=\"async\" class=\"wp-image-243 lazyload\" style=\"width: 0px\" data-src=\"https:\/\/cssdn.gouv.qc.ca\/wp-content\/uploads\/2022\/09\/Arrow_Left_SM.svg\" alt=\"\" src=\"data:image\/svg+xml;base64,PHN2ZyB3aWR0aD0iMSIgaGVpZ2h0PSIxIiB4bWxucz0iaHR0cDovL3d3dy53My5vcmcvMjAwMC9zdmciPjwvc3ZnPg==\"><\/a><\/div>\n<\/div>\n<\/div>\n\n\n\n<div class=\"wp-block-group alignwide\">\n<h2 class=\"wp-block-heading alignwide has-gap-x-large-bottom has-heading-1-font-size\">Calendrier<\/h2>\n\n\n\n<div class=\"wp-block-columns alignwide has-gap-ultra-large-bottom\">\n<div class=\"wp-block-column\">\n<h3 class=\"wp-block-heading has-primary-color has-text-color\">\u00c0 surveiller<\/h3>\n<\/div>\n\n\n\n<div class=\"wp-block-column\">\n<div style=\"--layout--content-size: ;--layout--wide-size: ;\" class=\"wp-block-group calendar-container\"><div class=\"act-post-calendar\">\n\n<\/div>\n<script>\n    if (document.querySelectorAll('.act-post-calendar').length > 0) {\n        var actPostCalendarPopups = {\n             '2024-09-16': {\n                    modifier: 'bg-accent',\n                    html: '<a href=\"https:\/\/cssdn.gouv.qc.ca\/aubier\/evenements\/assemblee-generale-des-parents\/\">Assembl\u00e9e g\u00e9n\u00e9rale des parents<\/a><br \/><a href=\"https:\/\/cssdn.gouv.qc.ca\/aubier\/evenements\/rencontre-de-parents-des-eleves-de-1re-secondaire-et-de-cim1\/\">Rencontre de parents des \u00e9l\u00e8ves de 1re secondaire et de CIM1<\/a>'\n                },\n             '2024-09-17': {\n                    modifier: 'bg-accent',\n                    html: '<a href=\"https:\/\/cssdn.gouv.qc.ca\/aubier\/evenements\/rencontre-de-parents-des-eleves-de-2e-et-de-3e-secondaire\/\">Rencontre de parents des \u00e9l\u00e8ves de 2e et de 3e secondaire et de CIM 2 et 3<\/a>'\n                },\n             '2024-10-02': {\n                    modifier: 'bg-accent',\n                    html: '<a href=\"https:\/\/cssdn.gouv.qc.ca\/aubier\/evenements\/portes-ouvertes\/\">Portes ouvertes<\/a>'\n                },\n             '2024-10-09': {\n                    modifier: 'bg-accent',\n                    html: '<a href=\"https:\/\/cssdn.gouv.qc.ca\/aubier\/evenements\/soiree-dinformation-cim\/\">Soir\u00e9e d&rsquo;information CIM 2025-2026<\/a>'\n                },\n             '2025-09-09': {\n                    modifier: 'bg-accent',\n                    html: '<a href=\"https:\/\/cssdn.gouv.qc.ca\/aubier\/evenements\/rencontre-parents-tuteurs-enseignants-responsables-profils\/\">RENCONTRE PARENTS\/TUTEURS\/ENSEIGNANTS<\/a><br \/><a href=\"https:\/\/cssdn.gouv.qc.ca\/aubier\/evenements\/assemblee-generale-des-parents-2\/\">ASSEMBL\u00c9E G\u00c9N\u00c9RALE DES PARENTS<\/a><br \/><a href=\"https:\/\/cssdn.gouv.qc.ca\/aubier\/evenements\/rencontre-parents-tuteurs-enseignants\/\">RENCONTRE PARENTS\/TUTEURS\/ENSEIGNANTS<\/a>'\n                },\n             '2025-10-09': {\n                    modifier: 'bg-accent',\n                    html: '<a href=\"https:\/\/cssdn.gouv.qc.ca\/aubier\/evenements\/portes-ouvertes-2\/\">PORTES OUVERTES<\/a>'\n                },\n                    }\n        var actPostCalendarMonths = [\n            'Janvier',\n            'F\u00e9vrier',\n            'Mars',\n            'Avril',\n            'Mai',\n            'Juin',\n            'Juillet',\n            'Ao\u00fbt',\n            'Septembre',\n            'Octobre',\n            'Novembre',\n            'D\u00e9cembre'\n        ]\n        var actPostCalendarWeekdays = ['D', 'L', 'M', 'M', 'J', 'V', 'S'];\n    }\n<\/script>\n\n\n<div class=\"wp-block-buttons\">\n<div class=\"wp-block-button\"><a class=\"wp-block-button__link wp-element-button\" href=\"https:\/\/cssdn.gouv.qc.ca\/aubier\/evenements\/\" target=\"_blank\" rel=\"noreferrer noopener\">Voir tous les \u00e9v\u00e9nements<img decoding=\"async\" class=\"wp-image-243 lazyload\" style=\"width: 0px\" data-src=\"https:\/\/cssdn.gouv.qc.ca\/wp-content\/uploads\/2022\/09\/Arrow_Left_SM.svg\" alt=\"\" src=\"data:image\/svg+xml;base64,PHN2ZyB3aWR0aD0iMSIgaGVpZ2h0PSIxIiB4bWxucz0iaHR0cDovL3d3dy53My5vcmcvMjAwMC9zdmciPjwvc3ZnPg==\"><\/a><\/div>\n<\/div>\n<\/div>\n<\/div>\n<\/div>\n<\/div>\n\n\n\n<div class=\"wp-block-media-text alignwide is-stacked-on-mobile is-style-image-to-side\"><figure class=\"wp-block-media-text__media\"><img decoding=\"async\" width=\"768\" height=\"1024\" data-src=\"https:\/\/cssdn.gouv.qc.ca\/aubier\/wp-content\/uploads\/sites\/10\/2025\/01\/IMG_5515-768x1024.jpg\" alt=\"\" class=\"wp-image-5815 size-full lazyload\" data-srcset=\"https:\/\/cssdn.gouv.qc.ca\/aubier\/wp-content\/uploads\/sites\/10\/2025\/01\/IMG_5515-768x1024.jpg 768w, https:\/\/cssdn.gouv.qc.ca\/aubier\/wp-content\/uploads\/sites\/10\/2025\/01\/IMG_5515-225x300.jpg 225w, https:\/\/cssdn.gouv.qc.ca\/aubier\/wp-content\/uploads\/sites\/10\/2025\/01\/IMG_5515-1152x1536.jpg 1152w, https:\/\/cssdn.gouv.qc.ca\/aubier\/wp-content\/uploads\/sites\/10\/2025\/01\/IMG_5515-1536x2048.jpg 1536w, https:\/\/cssdn.gouv.qc.ca\/aubier\/wp-content\/uploads\/sites\/10\/2025\/01\/IMG_5515-scaled.jpg 1920w\" data-sizes=\"(max-width: 768px) 100vw, 768px\" src=\"data:image\/svg+xml;base64,PHN2ZyB3aWR0aD0iMSIgaGVpZ2h0PSIxIiB4bWxucz0iaHR0cDovL3d3dy53My5vcmcvMjAwMC9zdmciPjwvc3ZnPg==\" style=\"--smush-placeholder-width: 768px; --smush-placeholder-aspect-ratio: 768\/1024;\" \/><\/figure><div class=\"wp-block-media-text__content\">\n<h2 class=\"wp-block-heading has-heading-1-font-size\">Projet \u00e9ducatif<\/h2>\n\n\n\n<p class=\"wp-block-paragraph\">Le projet e\u0301ducatif est un outil strate\u0301gique permettant de de\u0301finir et de faire connai\u0302tre a\u0300 la communaute\u0301 e\u0301ducative d\u2019un e\u0301tablissement d\u2019enseignement des orientations, des priorite\u0301s d\u2019action et les re\u0301sultats attendus pour assurer la re\u0301ussite e\u0301ducative de tous les e\u0301le\u0300ves.<\/p>\n\n\n\n<div class=\"wp-block-buttons\">\n<div class=\"wp-block-button\"><a class=\"wp-block-button__link wp-element-button\" href=\"https:\/\/cssdn.gouv.qc.ca\/aubier\/a-propos\/projet-educatif\/\" target=\"_blank\" rel=\"noreferrer noopener\">En savoir plus sur notre projet \u00e9ducatif<img decoding=\"async\" class=\"wp-image-243 lazyload\" style=\"width: 0px\" data-src=\"https:\/\/cssdn.gouv.qc.ca\/wp-content\/uploads\/2022\/09\/Arrow_Left_SM.svg\" alt=\"\" src=\"data:image\/svg+xml;base64,PHN2ZyB3aWR0aD0iMSIgaGVpZ2h0PSIxIiB4bWxucz0iaHR0cDovL3d3dy53My5vcmcvMjAwMC9zdmciPjwvc3ZnPg==\"><\/a><\/div>\n<\/div>\n<\/div><\/div>\n\n\n\n<div class=\"wp-block-group alignfull is-style-bg-gradient\"><section class=\"act-galerie-slider align alignwide act-galerie\">\n    <ul id=\"act-galerie-slider_69f49e3d66166\">\n                    <li class=\"act-galerie-slider__item\">\n                <img decoding=\"async\" width=\"1024\" height=\"768\" data-src=\"https:\/\/cssdn.gouv.qc.ca\/aubier\/wp-content\/uploads\/sites\/10\/2023\/09\/ecole-secondaire-auier-photo-06-1024x768.jpg\" class=\"attachment-large size-large lazyload\" alt=\"\" data-srcset=\"https:\/\/cssdn.gouv.qc.ca\/aubier\/wp-content\/uploads\/sites\/10\/2023\/09\/ecole-secondaire-auier-photo-06-1024x768.jpg 1024w, https:\/\/cssdn.gouv.qc.ca\/aubier\/wp-content\/uploads\/sites\/10\/2023\/09\/ecole-secondaire-auier-photo-06-300x225.jpg 300w, https:\/\/cssdn.gouv.qc.ca\/aubier\/wp-content\/uploads\/sites\/10\/2023\/09\/ecole-secondaire-auier-photo-06-768x576.jpg 768w, https:\/\/cssdn.gouv.qc.ca\/aubier\/wp-content\/uploads\/sites\/10\/2023\/09\/ecole-secondaire-auier-photo-06-1536x1152.jpg 1536w, https:\/\/cssdn.gouv.qc.ca\/aubier\/wp-content\/uploads\/sites\/10\/2023\/09\/ecole-secondaire-auier-photo-06.jpg 2048w\" data-sizes=\"(max-width: 1024px) 100vw, 1024px\" src=\"data:image\/svg+xml;base64,PHN2ZyB3aWR0aD0iMSIgaGVpZ2h0PSIxIiB4bWxucz0iaHR0cDovL3d3dy53My5vcmcvMjAwMC9zdmciPjwvc3ZnPg==\" style=\"--smush-placeholder-width: 1024px; --smush-placeholder-aspect-ratio: 1024\/768;\" \/>            <\/li>\n                    <li class=\"act-galerie-slider__item\">\n                <img decoding=\"async\" width=\"960\" height=\"720\" data-src=\"https:\/\/cssdn.gouv.qc.ca\/aubier\/wp-content\/uploads\/sites\/10\/2023\/09\/ecole-secondaire-auier-photo-09.jpg\" class=\"attachment-large size-large lazyload\" alt=\"\" data-srcset=\"https:\/\/cssdn.gouv.qc.ca\/aubier\/wp-content\/uploads\/sites\/10\/2023\/09\/ecole-secondaire-auier-photo-09.jpg 960w, https:\/\/cssdn.gouv.qc.ca\/aubier\/wp-content\/uploads\/sites\/10\/2023\/09\/ecole-secondaire-auier-photo-09-300x225.jpg 300w, https:\/\/cssdn.gouv.qc.ca\/aubier\/wp-content\/uploads\/sites\/10\/2023\/09\/ecole-secondaire-auier-photo-09-768x576.jpg 768w\" data-sizes=\"(max-width: 960px) 100vw, 960px\" src=\"data:image\/svg+xml;base64,PHN2ZyB3aWR0aD0iMSIgaGVpZ2h0PSIxIiB4bWxucz0iaHR0cDovL3d3dy53My5vcmcvMjAwMC9zdmciPjwvc3ZnPg==\" style=\"--smush-placeholder-width: 960px; --smush-placeholder-aspect-ratio: 960\/720;\" \/>            <\/li>\n                    <li class=\"act-galerie-slider__item\">\n                <img decoding=\"async\" width=\"1024\" height=\"768\" data-src=\"https:\/\/cssdn.gouv.qc.ca\/aubier\/wp-content\/uploads\/sites\/10\/2023\/09\/ecole-secondaire-auier-photo-10-1024x768.jpg\" class=\"attachment-large size-large lazyload\" alt=\"\" data-srcset=\"https:\/\/cssdn.gouv.qc.ca\/aubier\/wp-content\/uploads\/sites\/10\/2023\/09\/ecole-secondaire-auier-photo-10-1024x768.jpg 1024w, https:\/\/cssdn.gouv.qc.ca\/aubier\/wp-content\/uploads\/sites\/10\/2023\/09\/ecole-secondaire-auier-photo-10-300x225.jpg 300w, https:\/\/cssdn.gouv.qc.ca\/aubier\/wp-content\/uploads\/sites\/10\/2023\/09\/ecole-secondaire-auier-photo-10-768x576.jpg 768w, https:\/\/cssdn.gouv.qc.ca\/aubier\/wp-content\/uploads\/sites\/10\/2023\/09\/ecole-secondaire-auier-photo-10-1536x1152.jpg 1536w, https:\/\/cssdn.gouv.qc.ca\/aubier\/wp-content\/uploads\/sites\/10\/2023\/09\/ecole-secondaire-auier-photo-10.jpg 2016w\" data-sizes=\"(max-width: 1024px) 100vw, 1024px\" src=\"data:image\/svg+xml;base64,PHN2ZyB3aWR0aD0iMSIgaGVpZ2h0PSIxIiB4bWxucz0iaHR0cDovL3d3dy53My5vcmcvMjAwMC9zdmciPjwvc3ZnPg==\" style=\"--smush-placeholder-width: 1024px; --smush-placeholder-aspect-ratio: 1024\/768;\" \/>            <\/li>\n                    <li class=\"act-galerie-slider__item\">\n                <img decoding=\"async\" width=\"1024\" height=\"699\" data-src=\"https:\/\/cssdn.gouv.qc.ca\/aubier\/wp-content\/uploads\/sites\/10\/2023\/09\/ecole-secondaire-auier-photo-01-1024x699.jpg\" class=\"attachment-large size-large lazyload\" alt=\"\" data-srcset=\"https:\/\/cssdn.gouv.qc.ca\/aubier\/wp-content\/uploads\/sites\/10\/2023\/09\/ecole-secondaire-auier-photo-01-1024x699.jpg 1024w, https:\/\/cssdn.gouv.qc.ca\/aubier\/wp-content\/uploads\/sites\/10\/2023\/09\/ecole-secondaire-auier-photo-01-300x205.jpg 300w, https:\/\/cssdn.gouv.qc.ca\/aubier\/wp-content\/uploads\/sites\/10\/2023\/09\/ecole-secondaire-auier-photo-01-768x524.jpg 768w, https:\/\/cssdn.gouv.qc.ca\/aubier\/wp-content\/uploads\/sites\/10\/2023\/09\/ecole-secondaire-auier-photo-01-1536x1048.jpg 1536w, https:\/\/cssdn.gouv.qc.ca\/aubier\/wp-content\/uploads\/sites\/10\/2023\/09\/ecole-secondaire-auier-photo-01.jpg 1944w\" data-sizes=\"(max-width: 1024px) 100vw, 1024px\" src=\"data:image\/svg+xml;base64,PHN2ZyB3aWR0aD0iMSIgaGVpZ2h0PSIxIiB4bWxucz0iaHR0cDovL3d3dy53My5vcmcvMjAwMC9zdmciPjwvc3ZnPg==\" style=\"--smush-placeholder-width: 1024px; --smush-placeholder-aspect-ratio: 1024\/699;\" \/>            <\/li>\n            <\/ul>\n<\/section>\n\n\n\n\n<p class=\"wp-block-paragraph\"><\/p>\n\n\n\n<figure class=\"wp-block-embed is-type-video is-provider-youtube wp-block-embed-youtube wp-embed-aspect-16-9 wp-has-aspect-ratio\"><div class=\"wp-block-embed__wrapper\">\n<iframe title=\"Zo\u00e9 et Jacob nous invitent \u00e0 l&#039;\u00e9cole secondaire de l&#039;Aubier - Cap sur le secondaire 2025\" width=\"500\" height=\"281\" data-src=\"https:\/\/www.youtube.com\/embed\/GU2ywAC5jgw?feature=oembed\" frameborder=\"0\" allow=\"accelerometer; autoplay; clipboard-write; encrypted-media; gyroscope; picture-in-picture; web-share\" referrerpolicy=\"strict-origin-when-cross-origin\" allowfullscreen src=\"data:image\/svg+xml;base64,PHN2ZyB3aWR0aD0iMSIgaGVpZ2h0PSIxIiB4bWxucz0iaHR0cDovL3d3dy53My5vcmcvMjAwMC9zdmciPjwvc3ZnPg==\" class=\"lazyload\" data-load-mode=\"1\"><\/iframe>\n<\/div><\/figure>\n<\/div>\n\n\n\n<div class=\"wp-block-group alignfull has-white-background-color has-background\">\n<div class=\"wp-block-media-text alignwide is-stacked-on-mobile is-style-50-50\"><figure class=\"wp-block-media-text__media\"><img decoding=\"async\" width=\"612\" height=\"384\" data-src=\"https:\/\/cssdn.gouv.qc.ca\/aubier\/wp-content\/uploads\/sites\/10\/2022\/11\/Frame-287-1.png\" alt=\"\" class=\"wp-image-85 size-full lazyload\" data-srcset=\"https:\/\/cssdn.gouv.qc.ca\/aubier\/wp-content\/uploads\/sites\/10\/2022\/11\/Frame-287-1.png 612w, https:\/\/cssdn.gouv.qc.ca\/aubier\/wp-content\/uploads\/sites\/10\/2022\/11\/Frame-287-1-300x188.png 300w\" data-sizes=\"(max-width: 612px) 100vw, 612px\" src=\"data:image\/svg+xml;base64,PHN2ZyB3aWR0aD0iMSIgaGVpZ2h0PSIxIiB4bWxucz0iaHR0cDovL3d3dy53My5vcmcvMjAwMC9zdmciPjwvc3ZnPg==\" style=\"--smush-placeholder-width: 612px; --smush-placeholder-aspect-ratio: 612\/384;\" \/><\/figure><div class=\"wp-block-media-text__content\">\n<h2 class=\"wp-block-heading has-heading-1-font-size\">\u00c0 propos de l&rsquo;\u00e9cole<\/h2>\n\n\n\n<p class=\"wp-block-paragraph\">D\u00e9couvrez la mission, la vision ainsi que les valeurs de l\u2019\u00e9cole. Vous pouvez \u00e9galement consulter l\u2019horaire, le calendrier, notre \u00e9quipe, le conseil d\u2019\u00e9tablissement ainsi que notre rapport annuel.<\/p>\n\n\n\n<div class=\"wp-block-buttons\">\n<div class=\"wp-block-button\"><a class=\"wp-block-button__link wp-element-button\">En savoir plus<img decoding=\"async\" class=\"wp-image-243 lazyload\" style=\"width: 0px\" data-src=\"https:\/\/cssdn.gouv.qc.ca\/wp-content\/uploads\/2022\/09\/Arrow_Left_SM.svg\" alt=\"\" src=\"data:image\/svg+xml;base64,PHN2ZyB3aWR0aD0iMSIgaGVpZ2h0PSIxIiB4bWxucz0iaHR0cDovL3d3dy53My5vcmcvMjAwMC9zdmciPjwvc3ZnPg==\"><\/a><\/div>\n<\/div>\n\n\n\n<div class=\"wp-block-buttons\">\n<div class=\"wp-block-button\"><a class=\"wp-block-button__link wp-element-button\" href=\"https:\/\/www.google.com\/maps\/@46.7331199,-71.2706169,3a,75y,58.19h,88.43t\/data=!3m8!1e1!3m6!1sAF1QipOIZa7oMCuMh6Paqwj8mSkN07vhLrp5Z6basasW!2e10!3e11!6shttps:%2F%2Flh5.googleusercontent.com%2Fp%2FAF1QipOIZa7oMCuMh6Paqwj8mSkN07vhLrp5Z6basasW%3Dw203-h100-k-no-pi-0-ya341.41064-ro-0-fo100!7i7968!8i3984?shorturl=1\" target=\"_blank\" rel=\"noreferrer noopener\">Visite virtuelle de l&rsquo;\u00e9cole secondaire de l&rsquo;Aubier<\/a><\/div>\n<\/div>\n<\/div><\/div>\n<\/div>\n\n\n\n<figure class=\"wp-block-image size-large\"><img decoding=\"async\" width=\"1024\" height=\"341\" data-src=\"https:\/\/cssdn.gouv.qc.ca\/aubier\/wp-content\/uploads\/sites\/10\/2025\/10\/Cap-sur-le-secondaire-Bouton-2025-1024x341.png\" alt=\"\" class=\"wp-image-6092 lazyload\" data-srcset=\"https:\/\/cssdn.gouv.qc.ca\/aubier\/wp-content\/uploads\/sites\/10\/2025\/10\/Cap-sur-le-secondaire-Bouton-2025-1024x341.png 1024w, https:\/\/cssdn.gouv.qc.ca\/aubier\/wp-content\/uploads\/sites\/10\/2025\/10\/Cap-sur-le-secondaire-Bouton-2025-300x100.png 300w, https:\/\/cssdn.gouv.qc.ca\/aubier\/wp-content\/uploads\/sites\/10\/2025\/10\/Cap-sur-le-secondaire-Bouton-2025-768x256.png 768w, https:\/\/cssdn.gouv.qc.ca\/aubier\/wp-content\/uploads\/sites\/10\/2025\/10\/Cap-sur-le-secondaire-Bouton-2025.png 1500w\" data-sizes=\"(max-width: 1024px) 100vw, 1024px\" src=\"data:image\/svg+xml;base64,PHN2ZyB3aWR0aD0iMSIgaGVpZ2h0PSIxIiB4bWxucz0iaHR0cDovL3d3dy53My5vcmcvMjAwMC9zdmciPjwvc3ZnPg==\" style=\"--smush-placeholder-width: 1024px; --smush-placeholder-aspect-ratio: 1024\/341;\" \/><\/figure>\n\n\n\n<p class=\"wp-block-paragraph\"><\/p>\n","protected":false},"excerpt":{"rendered":"<p>Programmes et profils Actualit\u00e9s Calendrier \u00c0 surveiller \u00c0 propos de l&rsquo;\u00e9cole D\u00e9couvrez la mission, la vision ainsi que les valeurs de l\u2019\u00e9cole. Vous pouvez \u00e9galement consulter l\u2019horaire, le calendrier, notre \u00e9quipe, le conseil d\u2019\u00e9tablissement ainsi que notre rapport annuel.<\/p>\n","protected":false},"author":1,"featured_media":5518,"parent":0,"menu_order":0,"comment_status":"closed","ping_status":"closed","template":"","meta":{"_acf_changed":false,"_crdt_document":"","inline_featured_image":false,"footnotes":""},"categories":[],"tags":[],"class_list":["post-4","page","type-page","status-publish","has-post-thumbnail","hentry"],"acf":[],"yoast_head":"<!-- This site is optimized with the Yoast SEO plugin v27.5 - https:\/\/yoast.com\/product\/yoast-seo-wordpress\/ -->\n<title>Bienvenue \u00e0 l&#039;Aubier - \u00c9cole secondaire de l&#039;Aubier<\/title>\n<meta name=\"robots\" content=\"index, follow, max-snippet:-1, max-image-preview:large, max-video-preview:-1\" \/>\n<link rel=\"canonical\" href=\"https:\/\/cssdn.gouv.qc.ca\/aubier\/\" \/>\n<meta property=\"og:locale\" content=\"fr_CA\" \/>\n<meta property=\"og:type\" content=\"article\" \/>\n<meta property=\"og:title\" content=\"Bienvenue \u00e0 l&#039;Aubier - \u00c9cole secondaire de l&#039;Aubier\" \/>\n<meta property=\"og:description\" content=\"Programmes et profils Actualit\u00e9s Calendrier \u00c0 surveiller \u00c0 propos de l&rsquo;\u00e9cole D\u00e9couvrez la mission, la vision ainsi que les valeurs de l\u2019\u00e9cole. Vous pouvez \u00e9galement consulter l\u2019horaire, le calendrier, notre \u00e9quipe, le conseil d\u2019\u00e9tablissement ainsi que notre rapport annuel.\" \/>\n<meta property=\"og:url\" content=\"https:\/\/cssdn.gouv.qc.ca\/aubier\/\" \/>\n<meta property=\"og:site_name\" content=\"\u00c9cole secondaire de l&#039;Aubier\" \/>\n<meta property=\"article:publisher\" content=\"https:\/\/www.facebook.com\/ecolesecondairedelaubier\" \/>\n<meta property=\"article:modified_time\" content=\"2025-10-08T20:23:16+00:00\" \/>\n<meta property=\"og:image\" content=\"https:\/\/cssdn.gouv.qc.ca\/aubier\/wp-content\/uploads\/sites\/10\/2024\/02\/Photo-de-lecole.png\" \/>\n\t<meta property=\"og:image:width\" content=\"1241\" \/>\n\t<meta property=\"og:image:height\" content=\"661\" \/>\n\t<meta property=\"og:image:type\" content=\"image\/png\" \/>\n<meta name=\"twitter:card\" content=\"summary_large_image\" \/>\n<meta name=\"twitter:site\" content=\"@CSSNavigateurs\" \/>\n<meta name=\"twitter:label1\" content=\"Estimation du temps de lecture\" \/>\n\t<meta name=\"twitter:data1\" content=\"3 minutes\" \/>\n<script type=\"application\/ld+json\" class=\"yoast-schema-graph\">{\"@context\":\"https:\\\/\\\/schema.org\",\"@graph\":[{\"@type\":\"WebPage\",\"@id\":\"https:\\\/\\\/cssdn.gouv.qc.ca\\\/aubier\\\/\",\"url\":\"https:\\\/\\\/cssdn.gouv.qc.ca\\\/aubier\\\/\",\"name\":\"Bienvenue \u00e0 l'Aubier - \u00c9cole secondaire de l&#039;Aubier\",\"isPartOf\":{\"@id\":\"https:\\\/\\\/cssdn.gouv.qc.ca\\\/aubier\\\/#website\"},\"primaryImageOfPage\":{\"@id\":\"https:\\\/\\\/cssdn.gouv.qc.ca\\\/aubier\\\/#primaryimage\"},\"image\":{\"@id\":\"https:\\\/\\\/cssdn.gouv.qc.ca\\\/aubier\\\/#primaryimage\"},\"thumbnailUrl\":\"https:\\\/\\\/cssdn.gouv.qc.ca\\\/aubier\\\/wp-content\\\/uploads\\\/sites\\\/10\\\/2024\\\/02\\\/Photo-de-lecole.png\",\"datePublished\":\"2022-11-08T21:17:54+00:00\",\"dateModified\":\"2025-10-08T20:23:16+00:00\",\"breadcrumb\":{\"@id\":\"https:\\\/\\\/cssdn.gouv.qc.ca\\\/aubier\\\/#breadcrumb\"},\"inLanguage\":\"fr-CA\",\"potentialAction\":[{\"@type\":\"ReadAction\",\"target\":[\"https:\\\/\\\/cssdn.gouv.qc.ca\\\/aubier\\\/\"]}]},{\"@type\":\"ImageObject\",\"inLanguage\":\"fr-CA\",\"@id\":\"https:\\\/\\\/cssdn.gouv.qc.ca\\\/aubier\\\/#primaryimage\",\"url\":\"https:\\\/\\\/cssdn.gouv.qc.ca\\\/aubier\\\/wp-content\\\/uploads\\\/sites\\\/10\\\/2024\\\/02\\\/Photo-de-lecole.png\",\"contentUrl\":\"https:\\\/\\\/cssdn.gouv.qc.ca\\\/aubier\\\/wp-content\\\/uploads\\\/sites\\\/10\\\/2024\\\/02\\\/Photo-de-lecole.png\",\"width\":1241,\"height\":661},{\"@type\":\"BreadcrumbList\",\"@id\":\"https:\\\/\\\/cssdn.gouv.qc.ca\\\/aubier\\\/#breadcrumb\",\"itemListElement\":[{\"@type\":\"ListItem\",\"position\":1,\"name\":\"Accueil\",\"item\":\"https:\\\/\\\/cssdn.gouv.qc.ca\\\/aubier\\\/\"},{\"@type\":\"ListItem\",\"position\":2,\"name\":\"Bienvenue \u00e0 l&rsquo;Aubier\"}]},{\"@type\":\"WebSite\",\"@id\":\"https:\\\/\\\/cssdn.gouv.qc.ca\\\/aubier\\\/#website\",\"url\":\"https:\\\/\\\/cssdn.gouv.qc.ca\\\/aubier\\\/\",\"name\":\"\u00c9cole secondaire de l&#039;Aubier\",\"description\":\"Un site des centres de services scolaires des Navigateurs\",\"publisher\":{\"@id\":\"https:\\\/\\\/cssdn.gouv.qc.ca\\\/aubier\\\/#organization\"},\"potentialAction\":[{\"@type\":\"SearchAction\",\"target\":{\"@type\":\"EntryPoint\",\"urlTemplate\":\"https:\\\/\\\/cssdn.gouv.qc.ca\\\/aubier\\\/?s={search_term_string}\"},\"query-input\":{\"@type\":\"PropertyValueSpecification\",\"valueRequired\":true,\"valueName\":\"search_term_string\"}}],\"inLanguage\":\"fr-CA\"},{\"@type\":\"Organization\",\"@id\":\"https:\\\/\\\/cssdn.gouv.qc.ca\\\/aubier\\\/#organization\",\"name\":\"\u00c9cole secondaire de l&#039;Aubier\",\"url\":\"https:\\\/\\\/cssdn.gouv.qc.ca\\\/aubier\\\/\",\"logo\":{\"@type\":\"ImageObject\",\"inLanguage\":\"fr-CA\",\"@id\":\"https:\\\/\\\/cssdn.gouv.qc.ca\\\/aubier\\\/#\\\/schema\\\/logo\\\/image\\\/\",\"url\":\"https:\\\/\\\/cssdn.gouv.qc.ca\\\/aubier\\\/wp-content\\\/uploads\\\/sites\\\/10\\\/2023\\\/01\\\/logo_quebec.svg\",\"contentUrl\":\"https:\\\/\\\/cssdn.gouv.qc.ca\\\/aubier\\\/wp-content\\\/uploads\\\/sites\\\/10\\\/2023\\\/01\\\/logo_quebec.svg\",\"width\":188,\"height\":41,\"caption\":\"\u00c9cole secondaire de l&#039;Aubier\"},\"image\":{\"@id\":\"https:\\\/\\\/cssdn.gouv.qc.ca\\\/aubier\\\/#\\\/schema\\\/logo\\\/image\\\/\"},\"sameAs\":[\"https:\\\/\\\/www.facebook.com\\\/ecolesecondairedelaubier\",\"https:\\\/\\\/x.com\\\/CSSNavigateurs\",\"https:\\\/\\\/www.instagram.com\\\/cssnavigateurs\\\/\",\"https:\\\/\\\/www.youtube.com\\\/channel\\\/UCHbNBehije70JBzCIVT82bQ\",\"https:\\\/\\\/www.linkedin.com\\\/company\\\/cssdn\"]}]}<\/script>\n<!-- \/ Yoast SEO plugin. -->","yoast_head_json":{"title":"Bienvenue \u00e0 l'Aubier - \u00c9cole secondaire de l&#039;Aubier","robots":{"index":"index","follow":"follow","max-snippet":"max-snippet:-1","max-image-preview":"max-image-preview:large","max-video-preview":"max-video-preview:-1"},"canonical":"https:\/\/cssdn.gouv.qc.ca\/aubier\/","og_locale":"fr_CA","og_type":"article","og_title":"Bienvenue \u00e0 l'Aubier - \u00c9cole secondaire de l&#039;Aubier","og_description":"Programmes et profils Actualit\u00e9s Calendrier \u00c0 surveiller \u00c0 propos de l&rsquo;\u00e9cole D\u00e9couvrez la mission, la vision ainsi que les valeurs de l\u2019\u00e9cole. Vous pouvez \u00e9galement consulter l\u2019horaire, le calendrier, notre \u00e9quipe, le conseil d\u2019\u00e9tablissement ainsi que notre rapport annuel.","og_url":"https:\/\/cssdn.gouv.qc.ca\/aubier\/","og_site_name":"\u00c9cole secondaire de l&#039;Aubier","article_publisher":"https:\/\/www.facebook.com\/ecolesecondairedelaubier","article_modified_time":"2025-10-08T20:23:16+00:00","og_image":[{"width":1241,"height":661,"url":"https:\/\/cssdn.gouv.qc.ca\/aubier\/wp-content\/uploads\/sites\/10\/2024\/02\/Photo-de-lecole.png","type":"image\/png"}],"twitter_card":"summary_large_image","twitter_site":"@CSSNavigateurs","twitter_misc":{"Estimation du temps de lecture":"3 minutes"},"schema":{"@context":"https:\/\/schema.org","@graph":[{"@type":"WebPage","@id":"https:\/\/cssdn.gouv.qc.ca\/aubier\/","url":"https:\/\/cssdn.gouv.qc.ca\/aubier\/","name":"Bienvenue \u00e0 l'Aubier - \u00c9cole secondaire de l&#039;Aubier","isPartOf":{"@id":"https:\/\/cssdn.gouv.qc.ca\/aubier\/#website"},"primaryImageOfPage":{"@id":"https:\/\/cssdn.gouv.qc.ca\/aubier\/#primaryimage"},"image":{"@id":"https:\/\/cssdn.gouv.qc.ca\/aubier\/#primaryimage"},"thumbnailUrl":"https:\/\/cssdn.gouv.qc.ca\/aubier\/wp-content\/uploads\/sites\/10\/2024\/02\/Photo-de-lecole.png","datePublished":"2022-11-08T21:17:54+00:00","dateModified":"2025-10-08T20:23:16+00:00","breadcrumb":{"@id":"https:\/\/cssdn.gouv.qc.ca\/aubier\/#breadcrumb"},"inLanguage":"fr-CA","potentialAction":[{"@type":"ReadAction","target":["https:\/\/cssdn.gouv.qc.ca\/aubier\/"]}]},{"@type":"ImageObject","inLanguage":"fr-CA","@id":"https:\/\/cssdn.gouv.qc.ca\/aubier\/#primaryimage","url":"https:\/\/cssdn.gouv.qc.ca\/aubier\/wp-content\/uploads\/sites\/10\/2024\/02\/Photo-de-lecole.png","contentUrl":"https:\/\/cssdn.gouv.qc.ca\/aubier\/wp-content\/uploads\/sites\/10\/2024\/02\/Photo-de-lecole.png","width":1241,"height":661},{"@type":"BreadcrumbList","@id":"https:\/\/cssdn.gouv.qc.ca\/aubier\/#breadcrumb","itemListElement":[{"@type":"ListItem","position":1,"name":"Accueil","item":"https:\/\/cssdn.gouv.qc.ca\/aubier\/"},{"@type":"ListItem","position":2,"name":"Bienvenue \u00e0 l&rsquo;Aubier"}]},{"@type":"WebSite","@id":"https:\/\/cssdn.gouv.qc.ca\/aubier\/#website","url":"https:\/\/cssdn.gouv.qc.ca\/aubier\/","name":"\u00c9cole secondaire de l&#039;Aubier","description":"Un site des centres de services scolaires des Navigateurs","publisher":{"@id":"https:\/\/cssdn.gouv.qc.ca\/aubier\/#organization"},"potentialAction":[{"@type":"SearchAction","target":{"@type":"EntryPoint","urlTemplate":"https:\/\/cssdn.gouv.qc.ca\/aubier\/?s={search_term_string}"},"query-input":{"@type":"PropertyValueSpecification","valueRequired":true,"valueName":"search_term_string"}}],"inLanguage":"fr-CA"},{"@type":"Organization","@id":"https:\/\/cssdn.gouv.qc.ca\/aubier\/#organization","name":"\u00c9cole secondaire de l&#039;Aubier","url":"https:\/\/cssdn.gouv.qc.ca\/aubier\/","logo":{"@type":"ImageObject","inLanguage":"fr-CA","@id":"https:\/\/cssdn.gouv.qc.ca\/aubier\/#\/schema\/logo\/image\/","url":"https:\/\/cssdn.gouv.qc.ca\/aubier\/wp-content\/uploads\/sites\/10\/2023\/01\/logo_quebec.svg","contentUrl":"https:\/\/cssdn.gouv.qc.ca\/aubier\/wp-content\/uploads\/sites\/10\/2023\/01\/logo_quebec.svg","width":188,"height":41,"caption":"\u00c9cole secondaire de l&#039;Aubier"},"image":{"@id":"https:\/\/cssdn.gouv.qc.ca\/aubier\/#\/schema\/logo\/image\/"},"sameAs":["https:\/\/www.facebook.com\/ecolesecondairedelaubier","https:\/\/x.com\/CSSNavigateurs","https:\/\/www.instagram.com\/cssnavigateurs\/","https:\/\/www.youtube.com\/channel\/UCHbNBehije70JBzCIVT82bQ","https:\/\/www.linkedin.com\/company\/cssdn"]}]}},"publishpress_future_action":{"enabled":false,"date":"2026-05-08 08:36:13","action":"change-status","newStatus":"draft","terms":[],"taxonomy":"category","extraData":[]},"publishpress_future_workflow_manual_trigger":{"enabledWorkflows":[]},"_links":{"self":[{"href":"https:\/\/cssdn.gouv.qc.ca\/aubier\/wp-json\/wp\/v2\/pages\/4","targetHints":{"allow":["GET"]}}],"collection":[{"href":"https:\/\/cssdn.gouv.qc.ca\/aubier\/wp-json\/wp\/v2\/pages"}],"about":[{"href":"https:\/\/cssdn.gouv.qc.ca\/aubier\/wp-json\/wp\/v2\/types\/page"}],"author":[{"embeddable":true,"href":"https:\/\/cssdn.gouv.qc.ca\/aubier\/wp-json\/wp\/v2\/users\/1"}],"replies":[{"embeddable":true,"href":"https:\/\/cssdn.gouv.qc.ca\/aubier\/wp-json\/wp\/v2\/comments?post=4"}],"version-history":[{"count":0,"href":"https:\/\/cssdn.gouv.qc.ca\/aubier\/wp-json\/wp\/v2\/pages\/4\/revisions"}],"wp:featuredmedia":[{"embeddable":true,"href":"https:\/\/cssdn.gouv.qc.ca\/aubier\/wp-json\/wp\/v2\/media\/5518"}],"wp:attachment":[{"href":"https:\/\/cssdn.gouv.qc.ca\/aubier\/wp-json\/wp\/v2\/media?parent=4"}],"wp:term":[{"taxonomy":"category","embeddable":true,"href":"https:\/\/cssdn.gouv.qc.ca\/aubier\/wp-json\/wp\/v2\/categories?post=4"},{"taxonomy":"post_tag","embeddable":true,"href":"https:\/\/cssdn.gouv.qc.ca\/aubier\/wp-json\/wp\/v2\/tags?post=4"}],"curies":[{"name":"wp","href":"https:\/\/api.w.org\/{rel}","templated":true}]}}