
{"id":5,"date":"2022-11-08T16:07:53","date_gmt":"2022-11-08T21:07:53","guid":{"rendered":"https:\/\/cssdn.gouv.qc.ca\/belleaugagnon\/accueil\/"},"modified":"2025-10-28T14:30:05","modified_gmt":"2025-10-28T18:30:05","slug":"accueil","status":"publish","type":"page","link":"https:\/\/cssdn.gouv.qc.ca\/belleaugagnon\/","title":{"rendered":"Accueil"},"content":{"rendered":"\n<div class=\"wp-block-cover alignfull is-light is-style-hero-home-subsite\" style=\"min-height:537px;aspect-ratio:unset;\"><img decoding=\"async\" width=\"1024\" height=\"769\" class=\"wp-block-cover__image-background wp-image-5773 size-large lazyload\" alt=\"\" data-src=\"https:\/\/cssdn.gouv.qc.ca\/belleaugagnon\/wp-content\/uploads\/sites\/41\/2025\/10\/481700752_655994253625796_4968493043412829757_n-1024x769.jpg\" data-object-fit=\"cover\" data-srcset=\"https:\/\/cssdn.gouv.qc.ca\/belleaugagnon\/wp-content\/uploads\/sites\/41\/2025\/10\/481700752_655994253625796_4968493043412829757_n-1024x769.jpg 1024w, https:\/\/cssdn.gouv.qc.ca\/belleaugagnon\/wp-content\/uploads\/sites\/41\/2025\/10\/481700752_655994253625796_4968493043412829757_n-300x225.jpg 300w, https:\/\/cssdn.gouv.qc.ca\/belleaugagnon\/wp-content\/uploads\/sites\/41\/2025\/10\/481700752_655994253625796_4968493043412829757_n-768x576.jpg 768w, https:\/\/cssdn.gouv.qc.ca\/belleaugagnon\/wp-content\/uploads\/sites\/41\/2025\/10\/481700752_655994253625796_4968493043412829757_n-1536x1153.jpg 1536w, https:\/\/cssdn.gouv.qc.ca\/belleaugagnon\/wp-content\/uploads\/sites\/41\/2025\/10\/481700752_655994253625796_4968493043412829757_n.jpg 2048w\" data-sizes=\"(max-width: 1024px) 100vw, 1024px\" src=\"data:image\/svg+xml;base64,PHN2ZyB3aWR0aD0iMSIgaGVpZ2h0PSIxIiB4bWxucz0iaHR0cDovL3d3dy53My5vcmcvMjAwMC9zdmciPjwvc3ZnPg==\" style=\"--smush-placeholder-width: 1024px; --smush-placeholder-aspect-ratio: 1024\/769;\" \/><span aria-hidden=\"true\" class=\"wp-block-cover__background has-background-dim\" style=\"background-color:#9a887b\"><\/span><div class=\"wp-block-cover__inner-container\">\n<div class=\"wp-block-group alignwide\">\n<h1 class=\"wp-block-heading wp-block-post-title has-white-color has-text-color\">Bienvenue \u00e0 l&rsquo;\u00e9cole Belleau, Gagnon<\/h1>\n<\/div>\n<\/div><\/div>\n\n\n\n<div class=\"wp-block-group alignfull is-style-bg-waves\">\n<h2 class=\"wp-block-heading alignwide has-heading-1-font-size\">Actualit\u00e9s<\/h2>\n\n\n<div class=\" alignwide alignwide alignwide archive-listing\" id=\"testimonial-block_8beed0a5a3de63e180cce8df7071b50e\">\n                                                                    <ul class=\"archive-listing__list  archive-listing__group-\">\n                                <li class=\"archive-listing__item\">\n                     <div class=\"actualite-card\">    <div class=\"wp-block-post-image\">\n    \n    <\/div>\n    <div class=\"wp-block-post-content\">\n        <div class=\"wp-block-post-date\"><time datetime=\"2026-04-16T11:14:09-04:00\">16 avril 2026<\/time><\/div>\n        <h2 class=\"wp-block-post-title\">Webinaire \u00ab La pr\u00e9vention de la violence faite aux enfants (3 \u00e0 12 ans) \u00bb, pr\u00e9sent\u00e9 par le CCSEHDAA &#8211; 23 avril 2026<\/h2>\n\n        <div class=\"wp-block-post-excerpt\"><p class=\"wp-block-post-excerpt__excerpt\">Le Comit\u00e9 consultatif sur les services aux \u00e9l\u00e8ves HDAA du CSSDN et Espace Chaudi\u00e8re-Appalaches vous convient \u00e0 un webinaire gratuit sur le th\u00e8me \u00ab La pr\u00e9vention de la violence faite aux enfants (3 \u00e0 12 ans) \u00bb. <\/p><\/div>\n        <a aria-label=\"Webinaire \u00ab La pr\u00e9vention de la violence faite aux enfants (3 \u00e0 12 ans) \u00bb, pr\u00e9sent\u00e9 par le CCSEHDAA &amp;#8211; 23 avril 2026\" class=\"wp-block-read-more\" href=\"https:\/\/cssdn.gouv.qc.ca\/belleaugagnon\/2026\/04\/16\/webinaire-la-prevention-de-la-violence-faite-aux-enfants-3-a-12-ans-presente-par-le-ccsehdaa-23-avril-2026\/\" target=\"_self\">En savoir plus<span class=\"screen-reader-text\">\u00a0: Webinaire \u00ab La pr\u00e9vention de la violence faite aux enfants (3 \u00e0 12 ans) \u00bb, pr\u00e9sent\u00e9 par le CCSEHDAA &#8211; 23 avril 2026<\/span><\/a>\n    <\/div><\/div>                <\/li>\n                                            <li class=\"archive-listing__item\">\n                     <div class=\"actualite-card\">    <div class=\"wp-block-post-image\">\n    <figure class=\"wp-block-post-featured-image\"><img decoding=\"async\" width=\"600\" height=\"600\" data-src=\"https:\/\/cssdn.gouv.qc.ca\/belleaugagnon\/wp-content\/uploads\/sites\/41\/2026\/02\/20260226_ludo-cortex-belleau-gagnon-1.jpg\" class=\"attachment-post-thumbnail size-post-thumbnail wp-post-image lazyload\" alt=\"\" style=\"--smush-placeholder-width: 600px; --smush-placeholder-aspect-ratio: 600\/600;object-fit:cover;\" data-srcset=\"https:\/\/cssdn.gouv.qc.ca\/belleaugagnon\/wp-content\/uploads\/sites\/41\/2026\/02\/20260226_ludo-cortex-belleau-gagnon-1.jpg 600w, https:\/\/cssdn.gouv.qc.ca\/belleaugagnon\/wp-content\/uploads\/sites\/41\/2026\/02\/20260226_ludo-cortex-belleau-gagnon-1-300x300.jpg 300w, https:\/\/cssdn.gouv.qc.ca\/belleaugagnon\/wp-content\/uploads\/sites\/41\/2026\/02\/20260226_ludo-cortex-belleau-gagnon-1-150x150.jpg 150w\" data-sizes=\"(max-width: 600px) 100vw, 600px\" src=\"data:image\/svg+xml;base64,PHN2ZyB3aWR0aD0iMSIgaGVpZ2h0PSIxIiB4bWxucz0iaHR0cDovL3d3dy53My5vcmcvMjAwMC9zdmciPjwvc3ZnPg==\" \/><\/figure>\n    <\/div>\n    <div class=\"wp-block-post-content\">\n        <div class=\"wp-block-post-date\"><time datetime=\"2026-02-27T10:40:46-05:00\">27 f\u00e9vrier 2026<\/time><\/div>\n        <h2 class=\"wp-block-post-title\">Ludo Cortex r\u00e9compens\u00e9, \u00e0 l&rsquo;\u00e9cole Belleau, Gagnon<\/h2>\n\n        <div class=\"wp-block-post-excerpt\"><p class=\"wp-block-post-excerpt__excerpt\">Ludo Cortex est un projet cr\u00e9\u00e9 pour r\u00e9pondre aux besoins des \u00e9l\u00e8ves qui apprennent plus rapidement, souvent identifi\u00e9s comme HPI (haut potentiel intellectuel). Ludo Cortex valorise ces \u00e9l\u00e8ves, nourrit leur curiosit\u00e9 et soutient leur pers\u00e9v\u00e9rance scolaire, tout en favorisant l\u2019\u00e9panouissement de leurs talents. <\/p><\/div>\n        <a aria-label=\"Ludo Cortex r\u00e9compens\u00e9, \u00e0 l&amp;rsquo;\u00e9cole Belleau, Gagnon\" class=\"wp-block-read-more\" href=\"https:\/\/cssdn.gouv.qc.ca\/belleaugagnon\/2026\/02\/27\/ludo-cortex-recompense-a-lecole-belleau-gagnon\/\" target=\"_self\">En savoir plus<span class=\"screen-reader-text\">\u00a0: Ludo Cortex r\u00e9compens\u00e9, \u00e0 l&rsquo;\u00e9cole Belleau, Gagnon<\/span><\/a>\n    <\/div><\/div>                <\/li>\n                                            <li class=\"archive-listing__item\">\n                     <div class=\"actualite-card\">    <div class=\"wp-block-post-image\">\n    <figure class=\"wp-block-post-featured-image\"><img decoding=\"async\" width=\"940\" height=\"788\" data-src=\"https:\/\/cssdn.gouv.qc.ca\/belleaugagnon\/wp-content\/uploads\/sites\/41\/2026\/02\/VIGNETTE-ENSEIGNANTS.png\" class=\"attachment-post-thumbnail size-post-thumbnail wp-post-image lazyload\" alt=\"\" style=\"--smush-placeholder-width: 940px; --smush-placeholder-aspect-ratio: 940\/788;object-fit:cover;\" data-srcset=\"https:\/\/cssdn.gouv.qc.ca\/belleaugagnon\/wp-content\/uploads\/sites\/41\/2026\/02\/VIGNETTE-ENSEIGNANTS.png 940w, https:\/\/cssdn.gouv.qc.ca\/belleaugagnon\/wp-content\/uploads\/sites\/41\/2026\/02\/VIGNETTE-ENSEIGNANTS-300x251.png 300w, https:\/\/cssdn.gouv.qc.ca\/belleaugagnon\/wp-content\/uploads\/sites\/41\/2026\/02\/VIGNETTE-ENSEIGNANTS-768x644.png 768w\" data-sizes=\"(max-width: 940px) 100vw, 940px\" src=\"data:image\/svg+xml;base64,PHN2ZyB3aWR0aD0iMSIgaGVpZ2h0PSIxIiB4bWxucz0iaHR0cDovL3d3dy53My5vcmcvMjAwMC9zdmciPjwvc3ZnPg==\" \/><\/figure>\n    <\/div>\n    <div class=\"wp-block-post-content\">\n        <div class=\"wp-block-post-date\"><time datetime=\"2026-02-01T06:00:00-05:00\">1 f\u00e9vrier 2026<\/time><\/div>\n        <h2 class=\"wp-block-post-title\">Semaine des enseignantes et des enseignants &#8211; 1er au 7 f\u00e9vrier 2026<\/h2>\n\n        <div class=\"wp-block-post-excerpt\"><p class=\"wp-block-post-excerpt__excerpt\">Chaque jour, vous transmettez bien plus que des connaissances : vous inspirez, vous accompagnez et vous changez des parcours de vie. En cette semaine qui vous est d\u00e9di\u00e9e, nous vous remercions d\u2019avoir les \u00e9l\u00e8ves \u00e0 c\u0153ur, de croire en leur potentiel et de contribuer, par votre engagement, \u00e0 notre mission \u00e9ducative! <\/p><\/div>\n        <a aria-label=\"Semaine des enseignantes et des enseignants &amp;#8211; 1er au 7 f\u00e9vrier 2026\" class=\"wp-block-read-more\" href=\"https:\/\/cssdn.gouv.qc.ca\/belleaugagnon\/2026\/02\/01\/semaine-des-enseignantes-et-des-enseignants-1er-au-7-fevrier-2026\/\" target=\"_self\">En savoir plus<span class=\"screen-reader-text\">\u00a0: Semaine des enseignantes et des enseignants &#8211; 1er au 7 f\u00e9vrier 2026<\/span><\/a>\n    <\/div><\/div>                <\/li>\n                                            <li class=\"archive-listing__item\">\n                     <div class=\"actualite-card\">    <div class=\"wp-block-post-image\">\n    <figure class=\"wp-block-post-featured-image\"><img decoding=\"async\" width=\"1640\" height=\"924\" data-src=\"https:\/\/cssdn.gouv.qc.ca\/belleaugagnon\/wp-content\/uploads\/sites\/41\/2026\/01\/Inscriptions-scolaires-vignette.png\" class=\"attachment-post-thumbnail size-post-thumbnail wp-post-image lazyload\" alt=\"\" style=\"--smush-placeholder-width: 1640px; --smush-placeholder-aspect-ratio: 1640\/924;object-fit:cover;\" data-srcset=\"https:\/\/cssdn.gouv.qc.ca\/belleaugagnon\/wp-content\/uploads\/sites\/41\/2026\/01\/Inscriptions-scolaires-vignette.png 1640w, https:\/\/cssdn.gouv.qc.ca\/belleaugagnon\/wp-content\/uploads\/sites\/41\/2026\/01\/Inscriptions-scolaires-vignette-300x169.png 300w, https:\/\/cssdn.gouv.qc.ca\/belleaugagnon\/wp-content\/uploads\/sites\/41\/2026\/01\/Inscriptions-scolaires-vignette-1024x577.png 1024w, https:\/\/cssdn.gouv.qc.ca\/belleaugagnon\/wp-content\/uploads\/sites\/41\/2026\/01\/Inscriptions-scolaires-vignette-768x433.png 768w, https:\/\/cssdn.gouv.qc.ca\/belleaugagnon\/wp-content\/uploads\/sites\/41\/2026\/01\/Inscriptions-scolaires-vignette-1536x865.png 1536w\" data-sizes=\"(max-width: 1640px) 100vw, 1640px\" src=\"data:image\/svg+xml;base64,PHN2ZyB3aWR0aD0iMSIgaGVpZ2h0PSIxIiB4bWxucz0iaHR0cDovL3d3dy53My5vcmcvMjAwMC9zdmciPjwvc3ZnPg==\" \/><\/figure>\n    <\/div>\n    <div class=\"wp-block-post-content\">\n        <div class=\"wp-block-post-date\"><time datetime=\"2026-01-16T16:19:04-05:00\">16 janvier 2026<\/time><\/div>\n        <h2 class=\"wp-block-post-title\">Inscriptions scolaires 2026-2027<\/h2>\n\n        <div class=\"wp-block-post-excerpt\"><p class=\"wp-block-post-excerpt__excerpt\">D\u00e9couvrez les dates des inscriptions pour la maternelle 4 et 5 ans, le programme Passe-partout, le primaire, le secondaire et la FP, ainsi que tous les renseignements concernant nos services \u00e9ducatifs. <\/p><\/div>\n        <a aria-label=\"Inscriptions scolaires 2026-2027\" class=\"wp-block-read-more\" href=\"https:\/\/cssdn.gouv.qc.ca\/belleaugagnon\/2026\/01\/16\/inscriptions-scolaires-2026-2027\/\" target=\"_self\">En savoir plus<span class=\"screen-reader-text\">\u00a0: Inscriptions scolaires 2026-2027<\/span><\/a>\n    <\/div><\/div>                <\/li>\n                                            <li class=\"archive-listing__item\">\n                     <div class=\"actualite-card\">    <div class=\"wp-block-post-image\">\n    <figure class=\"wp-block-post-featured-image\"><img decoding=\"async\" width=\"1502\" height=\"484\" data-src=\"https:\/\/cssdn.gouv.qc.ca\/belleaugagnon\/wp-content\/uploads\/sites\/41\/2026\/01\/20251217_Belleau-gagnon-deux-activites-joie3.jpg\" class=\"attachment-post-thumbnail size-post-thumbnail wp-post-image lazyload\" alt=\"\" style=\"--smush-placeholder-width: 1502px; --smush-placeholder-aspect-ratio: 1502\/484;object-fit:cover;\" data-srcset=\"https:\/\/cssdn.gouv.qc.ca\/belleaugagnon\/wp-content\/uploads\/sites\/41\/2026\/01\/20251217_Belleau-gagnon-deux-activites-joie3.jpg 1502w, https:\/\/cssdn.gouv.qc.ca\/belleaugagnon\/wp-content\/uploads\/sites\/41\/2026\/01\/20251217_Belleau-gagnon-deux-activites-joie3-300x97.jpg 300w, https:\/\/cssdn.gouv.qc.ca\/belleaugagnon\/wp-content\/uploads\/sites\/41\/2026\/01\/20251217_Belleau-gagnon-deux-activites-joie3-1024x330.jpg 1024w, https:\/\/cssdn.gouv.qc.ca\/belleaugagnon\/wp-content\/uploads\/sites\/41\/2026\/01\/20251217_Belleau-gagnon-deux-activites-joie3-768x247.jpg 768w\" data-sizes=\"(max-width: 1502px) 100vw, 1502px\" src=\"data:image\/svg+xml;base64,PHN2ZyB3aWR0aD0iMSIgaGVpZ2h0PSIxIiB4bWxucz0iaHR0cDovL3d3dy53My5vcmcvMjAwMC9zdmciPjwvc3ZnPg==\" \/><\/figure>\n    <\/div>\n    <div class=\"wp-block-post-content\">\n        <div class=\"wp-block-post-date\"><time datetime=\"2025-12-17T09:20:01-05:00\">17 D\u00e9cembre 2025<\/time><\/div>\n        <h2 class=\"wp-block-post-title\">Activit\u00e9s significatives pour les \u00e9l\u00e8ves de 4e ann\u00e9e de Belleau-Gagnon<\/h2>\n\n        <div class=\"wp-block-post-excerpt\"><p class=\"wp-block-post-excerpt__excerpt\">Ces activit\u00e9s ont permis de d\u00e9velopper la solidarit\u00e9, la confiance et le go\u00fbt de la lecture, tout en c\u00e9l\u00e9brant l\u2019esprit des F\u00eates \u00e0 travers des gestes simples et significatifs. <\/p><\/div>\n        <a aria-label=\"Activit\u00e9s significatives pour les \u00e9l\u00e8ves de 4e ann\u00e9e de Belleau-Gagnon\" class=\"wp-block-read-more\" href=\"https:\/\/cssdn.gouv.qc.ca\/belleaugagnon\/2025\/12\/17\/activites-significatives-pour-les-eleves-de-4e-annee-de-belleau-gagnon\/\" target=\"_self\">En savoir plus<span class=\"screen-reader-text\">\u00a0: Activit\u00e9s significatives pour les \u00e9l\u00e8ves de 4e ann\u00e9e de Belleau-Gagnon<\/span><\/a>\n    <\/div><\/div>                <\/li>\n                                            <li class=\"archive-listing__item\">\n                     <div class=\"actualite-card\">    <div class=\"wp-block-post-image\">\n    <figure class=\"wp-block-post-featured-image\"><img decoding=\"async\" width=\"2048\" height=\"1536\" data-src=\"https:\/\/cssdn.gouv.qc.ca\/belleaugagnon\/wp-content\/uploads\/sites\/41\/2025\/12\/20251216_Cuisine-collab-Belleau-Gagnon2.jpg\" class=\"attachment-post-thumbnail size-post-thumbnail wp-post-image lazyload\" alt=\"\" style=\"--smush-placeholder-width: 2048px; --smush-placeholder-aspect-ratio: 2048\/1536;object-fit:cover;\" data-srcset=\"https:\/\/cssdn.gouv.qc.ca\/belleaugagnon\/wp-content\/uploads\/sites\/41\/2025\/12\/20251216_Cuisine-collab-Belleau-Gagnon2.jpg 2048w, https:\/\/cssdn.gouv.qc.ca\/belleaugagnon\/wp-content\/uploads\/sites\/41\/2025\/12\/20251216_Cuisine-collab-Belleau-Gagnon2-300x225.jpg 300w, https:\/\/cssdn.gouv.qc.ca\/belleaugagnon\/wp-content\/uploads\/sites\/41\/2025\/12\/20251216_Cuisine-collab-Belleau-Gagnon2-1024x768.jpg 1024w, https:\/\/cssdn.gouv.qc.ca\/belleaugagnon\/wp-content\/uploads\/sites\/41\/2025\/12\/20251216_Cuisine-collab-Belleau-Gagnon2-768x576.jpg 768w, https:\/\/cssdn.gouv.qc.ca\/belleaugagnon\/wp-content\/uploads\/sites\/41\/2025\/12\/20251216_Cuisine-collab-Belleau-Gagnon2-1536x1152.jpg 1536w\" data-sizes=\"(max-width: 2048px) 100vw, 2048px\" src=\"data:image\/svg+xml;base64,PHN2ZyB3aWR0aD0iMSIgaGVpZ2h0PSIxIiB4bWxucz0iaHR0cDovL3d3dy53My5vcmcvMjAwMC9zdmciPjwvc3ZnPg==\" \/><\/figure>\n    <\/div>\n    <div class=\"wp-block-post-content\">\n        <div class=\"wp-block-post-date\"><time datetime=\"2025-12-16T14:02:56-05:00\">16 D\u00e9cembre 2025<\/time><\/div>\n        <h2 class=\"wp-block-post-title\">Les petits cuistots de Belleau-Gagnon<\/h2>\n\n        <div class=\"wp-block-post-excerpt\"><p class=\"wp-block-post-excerpt__excerpt\">En plus du travail de collaboration habituel, les enfants ont \u00e9t\u00e9 sensibilis\u00e9s au partage et \u00e0 l&rsquo;entraide. Nous tenons \u00e0 remercier les Chevaliers de Colomb Saint-Henri pour leur g\u00e9n\u00e9reuse contribution pour l&rsquo;achat des ingr\u00e9dients n\u00e9cessaires. <\/p><\/div>\n        <a aria-label=\"Les petits cuistots de Belleau-Gagnon\" class=\"wp-block-read-more\" href=\"https:\/\/cssdn.gouv.qc.ca\/belleaugagnon\/2025\/12\/16\/les-petits-cuistots-de-belleau-gagnon\/\" target=\"_self\">En savoir plus<span class=\"screen-reader-text\">\u00a0: Les petits cuistots de Belleau-Gagnon<\/span><\/a>\n    <\/div><\/div>                <\/li>\n                                            <li class=\"archive-listing__item\">\n                     <div class=\"actualite-card\">    <div class=\"wp-block-post-image\">\n    <figure class=\"wp-block-post-featured-image\"><img decoding=\"async\" width=\"1600\" height=\"900\" data-src=\"https:\/\/cssdn.gouv.qc.ca\/belleaugagnon\/wp-content\/uploads\/sites\/41\/2025\/11\/25-139-03_info-x_sem-pro_v1.jpg\" class=\"attachment-post-thumbnail size-post-thumbnail wp-post-image lazyload\" alt=\"\" style=\"--smush-placeholder-width: 1600px; --smush-placeholder-aspect-ratio: 1600\/900;object-fit:cover;\" data-srcset=\"https:\/\/cssdn.gouv.qc.ca\/belleaugagnon\/wp-content\/uploads\/sites\/41\/2025\/11\/25-139-03_info-x_sem-pro_v1.jpg 1600w, https:\/\/cssdn.gouv.qc.ca\/belleaugagnon\/wp-content\/uploads\/sites\/41\/2025\/11\/25-139-03_info-x_sem-pro_v1-300x169.jpg 300w, https:\/\/cssdn.gouv.qc.ca\/belleaugagnon\/wp-content\/uploads\/sites\/41\/2025\/11\/25-139-03_info-x_sem-pro_v1-1024x576.jpg 1024w, https:\/\/cssdn.gouv.qc.ca\/belleaugagnon\/wp-content\/uploads\/sites\/41\/2025\/11\/25-139-03_info-x_sem-pro_v1-768x432.jpg 768w, https:\/\/cssdn.gouv.qc.ca\/belleaugagnon\/wp-content\/uploads\/sites\/41\/2025\/11\/25-139-03_info-x_sem-pro_v1-1536x864.jpg 1536w\" data-sizes=\"(max-width: 1600px) 100vw, 1600px\" src=\"data:image\/svg+xml;base64,PHN2ZyB3aWR0aD0iMSIgaGVpZ2h0PSIxIiB4bWxucz0iaHR0cDovL3d3dy53My5vcmcvMjAwMC9zdmciPjwvc3ZnPg==\" \/><\/figure>\n    <\/div>\n    <div class=\"wp-block-post-content\">\n        <div class=\"wp-block-post-date\"><time datetime=\"2025-11-17T09:07:26-05:00\">17 novembre 2025<\/time><\/div>\n        <h2 class=\"wp-block-post-title\">Semaine des professionnelles et des professionnels de l\u2019\u00e9ducation &#8211; 17 au 21 novembre 2025<\/h2>\n\n        <div class=\"wp-block-post-excerpt\"><p class=\"wp-block-post-excerpt__excerpt\">Chaque jour, les personnes professionnelles dans notre r\u00e9seau offrent le meilleur d&rsquo;elles-m\u00eames afin d&rsquo;aider et de soutenir nos \u00e9l\u00e8ves et toute notre organisation. <\/p><\/div>\n        <a aria-label=\"Semaine des professionnelles et des professionnels de l\u2019\u00e9ducation &amp;#8211; 17 au 21 novembre 2025\" class=\"wp-block-read-more\" href=\"https:\/\/cssdn.gouv.qc.ca\/belleaugagnon\/2025\/11\/17\/semaine-des-professionnelles-et-des-professionnels-de-leducation-17-au-21-novembre-2025\/\" target=\"_self\">En savoir plus<span class=\"screen-reader-text\">\u00a0: Semaine des professionnelles et des professionnels de l\u2019\u00e9ducation &#8211; 17 au 21 novembre 2025<\/span><\/a>\n    <\/div><\/div>                <\/li>\n                                            <li class=\"archive-listing__item\">\n                     <div class=\"actualite-card\">    <div class=\"wp-block-post-image\">\n    <figure class=\"wp-block-post-featured-image\"><img decoding=\"async\" width=\"1920\" height=\"1080\" data-src=\"https:\/\/cssdn.gouv.qc.ca\/belleaugagnon\/wp-content\/uploads\/sites\/41\/2025\/11\/Actualite_Noel_minspire.png\" class=\"attachment-post-thumbnail size-post-thumbnail wp-post-image lazyload\" alt=\"\" style=\"--smush-placeholder-width: 1920px; --smush-placeholder-aspect-ratio: 1920\/1080;object-fit:cover;\" data-srcset=\"https:\/\/cssdn.gouv.qc.ca\/belleaugagnon\/wp-content\/uploads\/sites\/41\/2025\/11\/Actualite_Noel_minspire.png 1920w, https:\/\/cssdn.gouv.qc.ca\/belleaugagnon\/wp-content\/uploads\/sites\/41\/2025\/11\/Actualite_Noel_minspire-300x169.png 300w, https:\/\/cssdn.gouv.qc.ca\/belleaugagnon\/wp-content\/uploads\/sites\/41\/2025\/11\/Actualite_Noel_minspire-1024x576.png 1024w, https:\/\/cssdn.gouv.qc.ca\/belleaugagnon\/wp-content\/uploads\/sites\/41\/2025\/11\/Actualite_Noel_minspire-768x432.png 768w, https:\/\/cssdn.gouv.qc.ca\/belleaugagnon\/wp-content\/uploads\/sites\/41\/2025\/11\/Actualite_Noel_minspire-1536x864.png 1536w\" data-sizes=\"(max-width: 1920px) 100vw, 1920px\" src=\"data:image\/svg+xml;base64,PHN2ZyB3aWR0aD0iMSIgaGVpZ2h0PSIxIiB4bWxucz0iaHR0cDovL3d3dy53My5vcmcvMjAwMC9zdmciPjwvc3ZnPg==\" \/><\/figure>\n    <\/div>\n    <div class=\"wp-block-post-content\">\n        <div class=\"wp-block-post-date\"><time datetime=\"2025-11-11T15:35:57-05:00\">11 novembre 2025<\/time><\/div>\n        <h2 class=\"wp-block-post-title\">\ud83c\udf81 Le concours \u00ab No\u00ebl m&rsquo;inspire \u00bb, destin\u00e9 \u00e0 nos \u00e9l\u00e8ves du pr\u00e9scolaire et du primaire, est de retour!<\/h2>\n\n        <div class=\"wp-block-post-excerpt\"><p class=\"wp-block-post-excerpt__excerpt\">Le concours annuel de cr\u00e9ations artistiques du Centre de services scolaire des Navigateurs\u00a0\u00ab\u00a0No\u00ebl\u00a0m\u2019inspire ! \u00bb est\u00a0de\u00a0retour! Nous invitons les\u00a0\u00e9l\u00e8ves\u00a0du\u00a0pr\u00e9scolaire et du primaire\u00a0de\u00a0notre territoire\u00a0\u00e0 utiliser leur imagination et \u00e0 s\u2019inspirer de la f\u00eate de No\u00ebl pour \u00e9laborer diverses cr\u00e9ations artistiques dans le but\u00a0de\u00a0concevoir\u00a0des cartes\u00a0de\u00a0No\u00ebl\u00a0et un calendrier\u00a0de\u00a0l&rsquo;avent virtuel. <\/p><\/div>\n        <a aria-label=\"\ud83c\udf81 Le concours \u00ab No\u00ebl m&amp;rsquo;inspire \u00bb, destin\u00e9 \u00e0 nos \u00e9l\u00e8ves du pr\u00e9scolaire et du primaire, est de retour!\" class=\"wp-block-read-more\" href=\"https:\/\/cssdn.gouv.qc.ca\/belleaugagnon\/2025\/11\/11\/%f0%9f%8e%81-le-concours-noel-minspire-destine-a-nos-eleves-du-prescolaire-et-du-primaire-est-de-retour\/\" target=\"_self\">En savoir plus<span class=\"screen-reader-text\">\u00a0: \ud83c\udf81 Le concours \u00ab No\u00ebl m&rsquo;inspire \u00bb, destin\u00e9 \u00e0 nos \u00e9l\u00e8ves du pr\u00e9scolaire et du primaire, est de retour!<\/span><\/a>\n    <\/div><\/div>                <\/li>\n                                            <li class=\"archive-listing__item\">\n                     <div class=\"actualite-card\">    <div class=\"wp-block-post-image\">\n    <figure class=\"wp-block-post-featured-image\"><img decoding=\"async\" width=\"750\" height=\"566\" data-src=\"https:\/\/cssdn.gouv.qc.ca\/belleaugagnon\/wp-content\/uploads\/sites\/41\/2025\/11\/20251111_Oeuvre-belleau-gagnon.jpg\" class=\"attachment-post-thumbnail size-post-thumbnail wp-post-image lazyload\" alt=\"\" style=\"--smush-placeholder-width: 750px; --smush-placeholder-aspect-ratio: 750\/566;object-fit:cover;\" data-srcset=\"https:\/\/cssdn.gouv.qc.ca\/belleaugagnon\/wp-content\/uploads\/sites\/41\/2025\/11\/20251111_Oeuvre-belleau-gagnon.jpg 750w, https:\/\/cssdn.gouv.qc.ca\/belleaugagnon\/wp-content\/uploads\/sites\/41\/2025\/11\/20251111_Oeuvre-belleau-gagnon-300x226.jpg 300w\" data-sizes=\"(max-width: 750px) 100vw, 750px\" src=\"data:image\/svg+xml;base64,PHN2ZyB3aWR0aD0iMSIgaGVpZ2h0PSIxIiB4bWxucz0iaHR0cDovL3d3dy53My5vcmcvMjAwMC9zdmciPjwvc3ZnPg==\" \/><\/figure>\n    <\/div>\n    <div class=\"wp-block-post-content\">\n        <div class=\"wp-block-post-date\"><time datetime=\"2025-11-11T11:27:28-05:00\">11 novembre 2025<\/time><\/div>\n        <h2 class=\"wp-block-post-title\">Une \u0153uvre en souvenir<\/h2>\n\n        <div class=\"wp-block-post-excerpt\"><p class=\"wp-block-post-excerpt__excerpt\">Les \u00e9l\u00e8ves de 6e ann\u00e9e et du groupe 560-650, chapeaut\u00e9s par leurs enseignantes Cindy Fontaine et Isabelle Rousseau, ont cr\u00e9\u00e9 cette oeuvre pour le jour du Souvenir, afin de se souvenir des personnes qui ont aid\u00e9 \u00e0 prot\u00e9ger notre pays et \u00e0 construire un monde de paix. <\/p><\/div>\n        <a aria-label=\"Une \u0153uvre en souvenir\" class=\"wp-block-read-more\" href=\"https:\/\/cssdn.gouv.qc.ca\/belleaugagnon\/2025\/11\/11\/une-oeuvre-en-souvenir\/\" target=\"_self\">En savoir plus<span class=\"screen-reader-text\">\u00a0: Une \u0153uvre en souvenir<\/span><\/a>\n    <\/div><\/div>                <\/li>\n                    <\/ul>\n        <\/div>\n\n\n\n<div class=\"is-content-justification-right wp-block-buttons alignwide\">\n<div class=\"wp-block-button\"><a class=\"wp-block-button__link wp-element-button\" href=\"https:\/\/cssdn.gouv.qc.ca\/belleaugagnon\/actualites\/\" target=\"_blank\" rel=\"noreferrer noopener\">Voir toutes les actualit\u00e9s<img decoding=\"async\" class=\"wp-image-243 lazyload\" style=\"width: 0px\" data-src=\"https:\/\/cssdn.gouv.qc.ca\/wp-content\/uploads\/2022\/09\/Arrow_Left_SM.svg\" alt=\"\" src=\"data:image\/svg+xml;base64,PHN2ZyB3aWR0aD0iMSIgaGVpZ2h0PSIxIiB4bWxucz0iaHR0cDovL3d3dy53My5vcmcvMjAwMC9zdmciPjwvc3ZnPg==\"><\/a><\/div>\n<\/div>\n<\/div>\n\n\n\n<div class=\"wp-block-group alignwide\">\n<h2 class=\"wp-block-heading alignwide has-gap-x-large-bottom has-heading-1-font-size\">Calendrier<\/h2>\n\n\n\n<div class=\"wp-block-columns alignwide has-gap-ultra-large-bottom\">\n<div class=\"wp-block-column\">\n<h3 class=\"wp-block-heading has-primary-color has-text-color\">\u00c0 surveiller<\/h3>\n\n\n<div class=\"align wp-block-acf-act-date-list\" id=\"testimonial-block_e8a4dc5e4bda160b2ac9fe73fe344de6\"><div class=\"wp-block-group\"><\/div><\/div><\/div>\n\n\n\n<div class=\"wp-block-column\">\n<div style=\"--layout--content-size: ;--layout--wide-size: ;\" class=\"wp-block-group calendar-container\"><div class=\"act-post-calendar\">\n\n<\/div>\n<script>\n    if (document.querySelectorAll('.act-post-calendar').length > 0) {\n        var actPostCalendarPopups = {\n                    }\n        var actPostCalendarMonths = [\n            'Janvier',\n            'F\u00e9vrier',\n            'Mars',\n            'Avril',\n            'Mai',\n            'Juin',\n            'Juillet',\n            'Ao\u00fbt',\n            'Septembre',\n            'Octobre',\n            'Novembre',\n            'D\u00e9cembre'\n        ]\n        var actPostCalendarWeekdays = ['D', 'L', 'M', 'M', 'J', 'V', 'S'];\n    }\n<\/script>\n\n\n<div class=\"wp-block-buttons\">\n<div class=\"wp-block-button\"><a class=\"wp-block-button__link wp-element-button\" href=\"https:\/\/cssdn.gouv.qc.ca\/belleaugagnon\/evenements\/\" target=\"_blank\" rel=\"noreferrer noopener\">Voir tous les \u00e9v\u00e9nements<img decoding=\"async\" class=\"wp-image-243 lazyload\" style=\"width: 0px\" data-src=\"https:\/\/cssdn.gouv.qc.ca\/wp-content\/uploads\/2022\/09\/Arrow_Left_SM.svg\" alt=\"\" src=\"data:image\/svg+xml;base64,PHN2ZyB3aWR0aD0iMSIgaGVpZ2h0PSIxIiB4bWxucz0iaHR0cDovL3d3dy53My5vcmcvMjAwMC9zdmciPjwvc3ZnPg==\"><\/a><\/div>\n<\/div>\n<\/div>\n<\/div>\n<\/div>\n<\/div>\n\n\n\n<div class=\"wp-block-media-text alignwide is-stacked-on-mobile is-style-image-to-side\"><figure class=\"wp-block-media-text__media\"><img decoding=\"async\" width=\"644\" height=\"881\" data-src=\"https:\/\/cssdn.gouv.qc.ca\/belleaugagnon\/wp-content\/uploads\/sites\/41\/2025\/08\/belleaugagnon2024-4.jpg\" alt=\"\" class=\"wp-image-5735 size-full lazyload\" data-srcset=\"https:\/\/cssdn.gouv.qc.ca\/belleaugagnon\/wp-content\/uploads\/sites\/41\/2025\/08\/belleaugagnon2024-4.jpg 644w, https:\/\/cssdn.gouv.qc.ca\/belleaugagnon\/wp-content\/uploads\/sites\/41\/2025\/08\/belleaugagnon2024-4-219x300.jpg 219w\" data-sizes=\"(max-width: 644px) 100vw, 644px\" src=\"data:image\/svg+xml;base64,PHN2ZyB3aWR0aD0iMSIgaGVpZ2h0PSIxIiB4bWxucz0iaHR0cDovL3d3dy53My5vcmcvMjAwMC9zdmciPjwvc3ZnPg==\" style=\"--smush-placeholder-width: 644px; --smush-placeholder-aspect-ratio: 644\/881;\" \/><\/figure><div class=\"wp-block-media-text__content\">\n<h2 class=\"wp-block-heading has-heading-1-font-size\">Projet \u00e9ducatif<\/h2>\n\n\n\n<p class=\"wp-block-paragraph\">Le projet e\u0301ducatif est un outil strate\u0301gique permettant de de\u0301finir et de faire connai\u0302tre a\u0300 la communaute\u0301 e\u0301ducative d\u2019un e\u0301tablissement d\u2019enseignement des orientations, des priorite\u0301s d\u2019action et les re\u0301sultats attendus pour assurer la re\u0301ussite e\u0301ducative de tous les e\u0301le\u0300ves.<\/p>\n\n\n\n<div class=\"wp-block-buttons\">\n<div class=\"wp-block-button\"><a class=\"wp-block-button__link wp-element-button\" href=\"https:\/\/cssdn.gouv.qc.ca\/belleaugagnon\/a-propos\/documentation-et-rapport-annuel\/\">En savoir plus sur notre projet \u00e9ducatif<img decoding=\"async\" class=\"wp-image-243 lazyload\" style=\"width: 0px\" data-src=\"https:\/\/cssdn.gouv.qc.ca\/wp-content\/uploads\/2022\/09\/Arrow_Left_SM.svg\" alt=\"\" src=\"data:image\/svg+xml;base64,PHN2ZyB3aWR0aD0iMSIgaGVpZ2h0PSIxIiB4bWxucz0iaHR0cDovL3d3dy53My5vcmcvMjAwMC9zdmciPjwvc3ZnPg==\"><\/a><\/div>\n<\/div>\n<\/div><\/div>\n\n\n\n<div class=\"wp-block-group alignfull is-style-bg-gradient\"><section class=\"act-galerie-slider align alignwide act-galerie\">\n    <ul id=\"act-galerie-slider_69f500a1503ae\">\n                    <li class=\"act-galerie-slider__item\">\n                <img decoding=\"async\" width=\"671\" height=\"408\" data-src=\"https:\/\/cssdn.gouv.qc.ca\/belleaugagnon\/wp-content\/uploads\/sites\/41\/2025\/08\/belleaugagnon2024-1.jpg\" class=\"attachment-large size-large lazyload\" alt=\"\" data-srcset=\"https:\/\/cssdn.gouv.qc.ca\/belleaugagnon\/wp-content\/uploads\/sites\/41\/2025\/08\/belleaugagnon2024-1.jpg 671w, https:\/\/cssdn.gouv.qc.ca\/belleaugagnon\/wp-content\/uploads\/sites\/41\/2025\/08\/belleaugagnon2024-1-300x182.jpg 300w\" data-sizes=\"(max-width: 671px) 100vw, 671px\" src=\"data:image\/svg+xml;base64,PHN2ZyB3aWR0aD0iMSIgaGVpZ2h0PSIxIiB4bWxucz0iaHR0cDovL3d3dy53My5vcmcvMjAwMC9zdmciPjwvc3ZnPg==\" style=\"--smush-placeholder-width: 671px; --smush-placeholder-aspect-ratio: 671\/408;\" \/>            <\/li>\n                    <li class=\"act-galerie-slider__item\">\n                <img decoding=\"async\" width=\"586\" height=\"412\" data-src=\"https:\/\/cssdn.gouv.qc.ca\/belleaugagnon\/wp-content\/uploads\/sites\/41\/2025\/08\/belleaugagnon2024-2.jpg\" class=\"attachment-large size-large lazyload\" alt=\"\" data-srcset=\"https:\/\/cssdn.gouv.qc.ca\/belleaugagnon\/wp-content\/uploads\/sites\/41\/2025\/08\/belleaugagnon2024-2.jpg 586w, https:\/\/cssdn.gouv.qc.ca\/belleaugagnon\/wp-content\/uploads\/sites\/41\/2025\/08\/belleaugagnon2024-2-300x211.jpg 300w\" data-sizes=\"(max-width: 586px) 100vw, 586px\" src=\"data:image\/svg+xml;base64,PHN2ZyB3aWR0aD0iMSIgaGVpZ2h0PSIxIiB4bWxucz0iaHR0cDovL3d3dy53My5vcmcvMjAwMC9zdmciPjwvc3ZnPg==\" style=\"--smush-placeholder-width: 586px; --smush-placeholder-aspect-ratio: 586\/412;\" \/>            <\/li>\n                    <li class=\"act-galerie-slider__item\">\n                <img decoding=\"async\" width=\"1024\" height=\"452\" data-src=\"https:\/\/cssdn.gouv.qc.ca\/belleaugagnon\/wp-content\/uploads\/sites\/41\/2025\/08\/belleaugagnon2024-3-1024x452.jpg\" class=\"attachment-large size-large lazyload\" alt=\"\" data-srcset=\"https:\/\/cssdn.gouv.qc.ca\/belleaugagnon\/wp-content\/uploads\/sites\/41\/2025\/08\/belleaugagnon2024-3-1024x452.jpg 1024w, https:\/\/cssdn.gouv.qc.ca\/belleaugagnon\/wp-content\/uploads\/sites\/41\/2025\/08\/belleaugagnon2024-3-300x132.jpg 300w, https:\/\/cssdn.gouv.qc.ca\/belleaugagnon\/wp-content\/uploads\/sites\/41\/2025\/08\/belleaugagnon2024-3-768x339.jpg 768w, https:\/\/cssdn.gouv.qc.ca\/belleaugagnon\/wp-content\/uploads\/sites\/41\/2025\/08\/belleaugagnon2024-3.jpg 1450w\" data-sizes=\"(max-width: 1024px) 100vw, 1024px\" src=\"data:image\/svg+xml;base64,PHN2ZyB3aWR0aD0iMSIgaGVpZ2h0PSIxIiB4bWxucz0iaHR0cDovL3d3dy53My5vcmcvMjAwMC9zdmciPjwvc3ZnPg==\" style=\"--smush-placeholder-width: 1024px; --smush-placeholder-aspect-ratio: 1024\/452;\" \/>            <\/li>\n                    <li class=\"act-galerie-slider__item\">\n                <img decoding=\"async\" width=\"1024\" height=\"768\" data-src=\"https:\/\/cssdn.gouv.qc.ca\/belleaugagnon\/wp-content\/uploads\/sites\/41\/2025\/08\/belleaugagnon2024-5-1024x768.jpg\" class=\"attachment-large size-large lazyload\" alt=\"\" data-srcset=\"https:\/\/cssdn.gouv.qc.ca\/belleaugagnon\/wp-content\/uploads\/sites\/41\/2025\/08\/belleaugagnon2024-5-1024x768.jpg 1024w, https:\/\/cssdn.gouv.qc.ca\/belleaugagnon\/wp-content\/uploads\/sites\/41\/2025\/08\/belleaugagnon2024-5-300x225.jpg 300w, https:\/\/cssdn.gouv.qc.ca\/belleaugagnon\/wp-content\/uploads\/sites\/41\/2025\/08\/belleaugagnon2024-5-768x576.jpg 768w, https:\/\/cssdn.gouv.qc.ca\/belleaugagnon\/wp-content\/uploads\/sites\/41\/2025\/08\/belleaugagnon2024-5-1536x1152.jpg 1536w, https:\/\/cssdn.gouv.qc.ca\/belleaugagnon\/wp-content\/uploads\/sites\/41\/2025\/08\/belleaugagnon2024-5.jpg 2048w\" data-sizes=\"(max-width: 1024px) 100vw, 1024px\" src=\"data:image\/svg+xml;base64,PHN2ZyB3aWR0aD0iMSIgaGVpZ2h0PSIxIiB4bWxucz0iaHR0cDovL3d3dy53My5vcmcvMjAwMC9zdmciPjwvc3ZnPg==\" style=\"--smush-placeholder-width: 1024px; --smush-placeholder-aspect-ratio: 1024\/768;\" \/>            <\/li>\n            <\/ul>\n<\/section>\n\n<\/div>\n\n\n\n<div class=\"wp-block-group alignfull has-white-background-color has-background\">\n<div class=\"wp-block-group alignfull has-white-background-color has-background\">\n<div class=\"wp-block-media-text alignwide is-stacked-on-mobile is-style-50-50\"><figure class=\"wp-block-media-text__media\"><img decoding=\"async\" width=\"919\" height=\"378\" data-src=\"https:\/\/cssdn.gouv.qc.ca\/belleaugagnon\/wp-content\/uploads\/sites\/41\/2022\/12\/BellGag-horiz-coul.jpg\" alt=\"\" class=\"wp-image-115 size-full lazyload\" data-srcset=\"https:\/\/cssdn.gouv.qc.ca\/belleaugagnon\/wp-content\/uploads\/sites\/41\/2022\/12\/BellGag-horiz-coul.jpg 919w, https:\/\/cssdn.gouv.qc.ca\/belleaugagnon\/wp-content\/uploads\/sites\/41\/2022\/12\/BellGag-horiz-coul-300x123.jpg 300w, https:\/\/cssdn.gouv.qc.ca\/belleaugagnon\/wp-content\/uploads\/sites\/41\/2022\/12\/BellGag-horiz-coul-768x316.jpg 768w\" data-sizes=\"(max-width: 919px) 100vw, 919px\" src=\"data:image\/svg+xml;base64,PHN2ZyB3aWR0aD0iMSIgaGVpZ2h0PSIxIiB4bWxucz0iaHR0cDovL3d3dy53My5vcmcvMjAwMC9zdmciPjwvc3ZnPg==\" style=\"--smush-placeholder-width: 919px; --smush-placeholder-aspect-ratio: 919\/378;\" \/><\/figure><div class=\"wp-block-media-text__content\">\n<h2 class=\"wp-block-heading has-heading-1-font-size\">\u00c0 propos de l&rsquo;\u00e9cole<\/h2>\n\n\n\n<p class=\"wp-block-paragraph\">D\u00e9couvrez la mission, la vision ainsi que les valeurs de l\u2019\u00e9cole. Vous pouvez \u00e9galement consulter l\u2019horaire, le calendrier, notre \u00e9quipe, le conseil d\u2019\u00e9tablissement ainsi que notre rapport annuel.<\/p>\n\n\n\n<div class=\"wp-block-buttons\">\n<div class=\"wp-block-button\"><a class=\"wp-block-button__link wp-element-button\" href=\"https:\/\/cssdn.gouv.qc.ca\/belleaugagnon\/a-propos\/\" target=\"_blank\" rel=\"noreferrer noopener\">En savoir plus<img decoding=\"async\" class=\"wp-image-243 lazyload\" style=\"width: 0px\" data-src=\"https:\/\/cssdn.gouv.qc.ca\/wp-content\/uploads\/2022\/09\/Arrow_Left_SM.svg\" alt=\"\" src=\"data:image\/svg+xml;base64,PHN2ZyB3aWR0aD0iMSIgaGVpZ2h0PSIxIiB4bWxucz0iaHR0cDovL3d3dy53My5vcmcvMjAwMC9zdmciPjwvc3ZnPg==\"><\/a><\/div>\n<\/div>\n<\/div><\/div>\n<\/div>\n<\/div>\n","protected":false},"excerpt":{"rendered":"<p>Actualit\u00e9s Calendrier \u00c0 surveiller \u00c0 propos de l&rsquo;\u00e9cole D\u00e9couvrez la mission, la vision ainsi que les valeurs de l\u2019\u00e9cole. Vous pouvez \u00e9galement consulter l\u2019horaire, le calendrier, notre \u00e9quipe, le conseil d\u2019\u00e9tablissement ainsi que notre rapport annuel.<\/p>\n","protected":false},"author":1,"featured_media":0,"parent":0,"menu_order":10,"comment_status":"closed","ping_status":"closed","template":"","meta":{"_acf_changed":false,"_crdt_document":"","inline_featured_image":false,"footnotes":""},"categories":[],"tags":[],"class_list":["post-5","page","type-page","status-publish","hentry"],"acf":[],"yoast_head":"<!-- This site is optimized with the Yoast SEO plugin v27.5 - https:\/\/yoast.com\/product\/yoast-seo-wordpress\/ -->\n<title>Accueil - \u00c9cole Belleau, Gagnon<\/title>\n<meta name=\"robots\" content=\"index, follow, max-snippet:-1, max-image-preview:large, max-video-preview:-1\" \/>\n<link rel=\"canonical\" href=\"https:\/\/cssdn.gouv.qc.ca\/belleaugagnon\/\" \/>\n<meta property=\"og:locale\" content=\"fr_CA\" \/>\n<meta property=\"og:type\" content=\"article\" \/>\n<meta property=\"og:title\" content=\"Accueil - \u00c9cole Belleau, Gagnon\" \/>\n<meta property=\"og:description\" content=\"Actualit\u00e9s Calendrier \u00c0 surveiller \u00c0 propos de l&rsquo;\u00e9cole D\u00e9couvrez la mission, la vision ainsi que les valeurs de l\u2019\u00e9cole. Vous pouvez \u00e9galement consulter l\u2019horaire, le calendrier, notre \u00e9quipe, le conseil d\u2019\u00e9tablissement ainsi que notre rapport annuel.\" \/>\n<meta property=\"og:url\" content=\"https:\/\/cssdn.gouv.qc.ca\/belleaugagnon\/\" \/>\n<meta property=\"og:site_name\" content=\"\u00c9cole Belleau, Gagnon\" \/>\n<meta property=\"article:publisher\" content=\"https:\/\/www.facebook.com\/profile.php?id=100076456800743\" \/>\n<meta property=\"article:modified_time\" content=\"2025-10-28T18:30:05+00:00\" \/>\n<meta property=\"og:image\" content=\"https:\/\/cssdn.gouv.qc.ca\/belleaugagnon\/wp-content\/uploads\/sites\/41\/2022\/11\/Seawire-Hero-06-min.png\" \/>\n\t<meta property=\"og:image:width\" content=\"1920\" \/>\n\t<meta property=\"og:image:height\" content=\"537\" \/>\n\t<meta property=\"og:image:type\" content=\"image\/png\" \/>\n<meta name=\"twitter:card\" content=\"summary_large_image\" \/>\n<meta name=\"twitter:label1\" content=\"Estimation du temps de lecture\" \/>\n\t<meta name=\"twitter:data1\" content=\"2 minutes\" \/>\n<script type=\"application\/ld+json\" class=\"yoast-schema-graph\">{\"@context\":\"https:\\\/\\\/schema.org\",\"@graph\":[{\"@type\":\"WebPage\",\"@id\":\"https:\\\/\\\/cssdn.gouv.qc.ca\\\/belleaugagnon\\\/\",\"url\":\"https:\\\/\\\/cssdn.gouv.qc.ca\\\/belleaugagnon\\\/\",\"name\":\"Accueil - \u00c9cole Belleau, Gagnon\",\"isPartOf\":{\"@id\":\"https:\\\/\\\/cssdn.gouv.qc.ca\\\/belleaugagnon\\\/#website\"},\"primaryImageOfPage\":{\"@id\":\"https:\\\/\\\/cssdn.gouv.qc.ca\\\/belleaugagnon\\\/#primaryimage\"},\"image\":{\"@id\":\"https:\\\/\\\/cssdn.gouv.qc.ca\\\/belleaugagnon\\\/#primaryimage\"},\"thumbnailUrl\":\"https:\\\/\\\/cssdn.gouv.qc.ca\\\/belleaugagnon\\\/wp-content\\\/uploads\\\/sites\\\/41\\\/2025\\\/10\\\/481700752_655994253625796_4968493043412829757_n-1024x769.jpg\",\"datePublished\":\"2022-11-08T21:07:53+00:00\",\"dateModified\":\"2025-10-28T18:30:05+00:00\",\"breadcrumb\":{\"@id\":\"https:\\\/\\\/cssdn.gouv.qc.ca\\\/belleaugagnon\\\/#breadcrumb\"},\"inLanguage\":\"fr-CA\",\"potentialAction\":[{\"@type\":\"ReadAction\",\"target\":[\"https:\\\/\\\/cssdn.gouv.qc.ca\\\/belleaugagnon\\\/\"]}]},{\"@type\":\"ImageObject\",\"inLanguage\":\"fr-CA\",\"@id\":\"https:\\\/\\\/cssdn.gouv.qc.ca\\\/belleaugagnon\\\/#primaryimage\",\"url\":\"https:\\\/\\\/cssdn.gouv.qc.ca\\\/belleaugagnon\\\/wp-content\\\/uploads\\\/sites\\\/41\\\/2025\\\/10\\\/481700752_655994253625796_4968493043412829757_n.jpg\",\"contentUrl\":\"https:\\\/\\\/cssdn.gouv.qc.ca\\\/belleaugagnon\\\/wp-content\\\/uploads\\\/sites\\\/41\\\/2025\\\/10\\\/481700752_655994253625796_4968493043412829757_n.jpg\",\"width\":2048,\"height\":1537},{\"@type\":\"BreadcrumbList\",\"@id\":\"https:\\\/\\\/cssdn.gouv.qc.ca\\\/belleaugagnon\\\/#breadcrumb\",\"itemListElement\":[{\"@type\":\"ListItem\",\"position\":1,\"name\":\"Accueil\",\"item\":\"https:\\\/\\\/cssdn.gouv.qc.ca\\\/belleaugagnon\\\/\"},{\"@type\":\"ListItem\",\"position\":2,\"name\":\"Accueil\"}]},{\"@type\":\"WebSite\",\"@id\":\"https:\\\/\\\/cssdn.gouv.qc.ca\\\/belleaugagnon\\\/#website\",\"url\":\"https:\\\/\\\/cssdn.gouv.qc.ca\\\/belleaugagnon\\\/\",\"name\":\"\u00c9cole Belleau, Gagnon\",\"description\":\"Un site des centres de services scolaires des Navigateurs\",\"publisher\":{\"@id\":\"https:\\\/\\\/cssdn.gouv.qc.ca\\\/belleaugagnon\\\/#organization\"},\"potentialAction\":[{\"@type\":\"SearchAction\",\"target\":{\"@type\":\"EntryPoint\",\"urlTemplate\":\"https:\\\/\\\/cssdn.gouv.qc.ca\\\/belleaugagnon\\\/?s={search_term_string}\"},\"query-input\":{\"@type\":\"PropertyValueSpecification\",\"valueRequired\":true,\"valueName\":\"search_term_string\"}}],\"inLanguage\":\"fr-CA\"},{\"@type\":\"Organization\",\"@id\":\"https:\\\/\\\/cssdn.gouv.qc.ca\\\/belleaugagnon\\\/#organization\",\"name\":\"\u00c9cole Belleau, Gagnon\",\"url\":\"https:\\\/\\\/cssdn.gouv.qc.ca\\\/belleaugagnon\\\/\",\"logo\":{\"@type\":\"ImageObject\",\"inLanguage\":\"fr-CA\",\"@id\":\"https:\\\/\\\/cssdn.gouv.qc.ca\\\/belleaugagnon\\\/#\\\/schema\\\/logo\\\/image\\\/\",\"url\":\"https:\\\/\\\/cssdn.gouv.qc.ca\\\/belleaugagnon\\\/wp-content\\\/uploads\\\/sites\\\/41\\\/2023\\\/01\\\/logo_quebec.svg\",\"contentUrl\":\"https:\\\/\\\/cssdn.gouv.qc.ca\\\/belleaugagnon\\\/wp-content\\\/uploads\\\/sites\\\/41\\\/2023\\\/01\\\/logo_quebec.svg\",\"width\":188,\"height\":41,\"caption\":\"\u00c9cole Belleau, Gagnon\"},\"image\":{\"@id\":\"https:\\\/\\\/cssdn.gouv.qc.ca\\\/belleaugagnon\\\/#\\\/schema\\\/logo\\\/image\\\/\"},\"sameAs\":[\"https:\\\/\\\/www.facebook.com\\\/profile.php?id=100076456800743\"]}]}<\/script>\n<!-- \/ Yoast SEO plugin. -->","yoast_head_json":{"title":"Accueil - \u00c9cole Belleau, Gagnon","robots":{"index":"index","follow":"follow","max-snippet":"max-snippet:-1","max-image-preview":"max-image-preview:large","max-video-preview":"max-video-preview:-1"},"canonical":"https:\/\/cssdn.gouv.qc.ca\/belleaugagnon\/","og_locale":"fr_CA","og_type":"article","og_title":"Accueil - \u00c9cole Belleau, Gagnon","og_description":"Actualit\u00e9s Calendrier \u00c0 surveiller \u00c0 propos de l&rsquo;\u00e9cole D\u00e9couvrez la mission, la vision ainsi que les valeurs de l\u2019\u00e9cole. Vous pouvez \u00e9galement consulter l\u2019horaire, le calendrier, notre \u00e9quipe, le conseil d\u2019\u00e9tablissement ainsi que notre rapport annuel.","og_url":"https:\/\/cssdn.gouv.qc.ca\/belleaugagnon\/","og_site_name":"\u00c9cole Belleau, Gagnon","article_publisher":"https:\/\/www.facebook.com\/profile.php?id=100076456800743","article_modified_time":"2025-10-28T18:30:05+00:00","og_image":[{"width":1920,"height":537,"url":"https:\/\/cssdn.gouv.qc.ca\/belleaugagnon\/wp-content\/uploads\/sites\/41\/2022\/11\/Seawire-Hero-06-min.png","type":"image\/png"}],"twitter_card":"summary_large_image","twitter_misc":{"Estimation du temps de lecture":"2 minutes"},"schema":{"@context":"https:\/\/schema.org","@graph":[{"@type":"WebPage","@id":"https:\/\/cssdn.gouv.qc.ca\/belleaugagnon\/","url":"https:\/\/cssdn.gouv.qc.ca\/belleaugagnon\/","name":"Accueil - \u00c9cole Belleau, Gagnon","isPartOf":{"@id":"https:\/\/cssdn.gouv.qc.ca\/belleaugagnon\/#website"},"primaryImageOfPage":{"@id":"https:\/\/cssdn.gouv.qc.ca\/belleaugagnon\/#primaryimage"},"image":{"@id":"https:\/\/cssdn.gouv.qc.ca\/belleaugagnon\/#primaryimage"},"thumbnailUrl":"https:\/\/cssdn.gouv.qc.ca\/belleaugagnon\/wp-content\/uploads\/sites\/41\/2025\/10\/481700752_655994253625796_4968493043412829757_n-1024x769.jpg","datePublished":"2022-11-08T21:07:53+00:00","dateModified":"2025-10-28T18:30:05+00:00","breadcrumb":{"@id":"https:\/\/cssdn.gouv.qc.ca\/belleaugagnon\/#breadcrumb"},"inLanguage":"fr-CA","potentialAction":[{"@type":"ReadAction","target":["https:\/\/cssdn.gouv.qc.ca\/belleaugagnon\/"]}]},{"@type":"ImageObject","inLanguage":"fr-CA","@id":"https:\/\/cssdn.gouv.qc.ca\/belleaugagnon\/#primaryimage","url":"https:\/\/cssdn.gouv.qc.ca\/belleaugagnon\/wp-content\/uploads\/sites\/41\/2025\/10\/481700752_655994253625796_4968493043412829757_n.jpg","contentUrl":"https:\/\/cssdn.gouv.qc.ca\/belleaugagnon\/wp-content\/uploads\/sites\/41\/2025\/10\/481700752_655994253625796_4968493043412829757_n.jpg","width":2048,"height":1537},{"@type":"BreadcrumbList","@id":"https:\/\/cssdn.gouv.qc.ca\/belleaugagnon\/#breadcrumb","itemListElement":[{"@type":"ListItem","position":1,"name":"Accueil","item":"https:\/\/cssdn.gouv.qc.ca\/belleaugagnon\/"},{"@type":"ListItem","position":2,"name":"Accueil"}]},{"@type":"WebSite","@id":"https:\/\/cssdn.gouv.qc.ca\/belleaugagnon\/#website","url":"https:\/\/cssdn.gouv.qc.ca\/belleaugagnon\/","name":"\u00c9cole Belleau, Gagnon","description":"Un site des centres de services scolaires des Navigateurs","publisher":{"@id":"https:\/\/cssdn.gouv.qc.ca\/belleaugagnon\/#organization"},"potentialAction":[{"@type":"SearchAction","target":{"@type":"EntryPoint","urlTemplate":"https:\/\/cssdn.gouv.qc.ca\/belleaugagnon\/?s={search_term_string}"},"query-input":{"@type":"PropertyValueSpecification","valueRequired":true,"valueName":"search_term_string"}}],"inLanguage":"fr-CA"},{"@type":"Organization","@id":"https:\/\/cssdn.gouv.qc.ca\/belleaugagnon\/#organization","name":"\u00c9cole Belleau, Gagnon","url":"https:\/\/cssdn.gouv.qc.ca\/belleaugagnon\/","logo":{"@type":"ImageObject","inLanguage":"fr-CA","@id":"https:\/\/cssdn.gouv.qc.ca\/belleaugagnon\/#\/schema\/logo\/image\/","url":"https:\/\/cssdn.gouv.qc.ca\/belleaugagnon\/wp-content\/uploads\/sites\/41\/2023\/01\/logo_quebec.svg","contentUrl":"https:\/\/cssdn.gouv.qc.ca\/belleaugagnon\/wp-content\/uploads\/sites\/41\/2023\/01\/logo_quebec.svg","width":188,"height":41,"caption":"\u00c9cole Belleau, Gagnon"},"image":{"@id":"https:\/\/cssdn.gouv.qc.ca\/belleaugagnon\/#\/schema\/logo\/image\/"},"sameAs":["https:\/\/www.facebook.com\/profile.php?id=100076456800743"]}]}},"publishpress_future_action":{"enabled":false,"date":"2026-05-08 15:36:01","action":"change-status","newStatus":"draft","terms":[],"taxonomy":"category","extraData":[]},"publishpress_future_workflow_manual_trigger":{"enabledWorkflows":[]},"_links":{"self":[{"href":"https:\/\/cssdn.gouv.qc.ca\/belleaugagnon\/wp-json\/wp\/v2\/pages\/5","targetHints":{"allow":["GET"]}}],"collection":[{"href":"https:\/\/cssdn.gouv.qc.ca\/belleaugagnon\/wp-json\/wp\/v2\/pages"}],"about":[{"href":"https:\/\/cssdn.gouv.qc.ca\/belleaugagnon\/wp-json\/wp\/v2\/types\/page"}],"author":[{"embeddable":true,"href":"https:\/\/cssdn.gouv.qc.ca\/belleaugagnon\/wp-json\/wp\/v2\/users\/1"}],"replies":[{"embeddable":true,"href":"https:\/\/cssdn.gouv.qc.ca\/belleaugagnon\/wp-json\/wp\/v2\/comments?post=5"}],"version-history":[{"count":0,"href":"https:\/\/cssdn.gouv.qc.ca\/belleaugagnon\/wp-json\/wp\/v2\/pages\/5\/revisions"}],"wp:attachment":[{"href":"https:\/\/cssdn.gouv.qc.ca\/belleaugagnon\/wp-json\/wp\/v2\/media?parent=5"}],"wp:term":[{"taxonomy":"category","embeddable":true,"href":"https:\/\/cssdn.gouv.qc.ca\/belleaugagnon\/wp-json\/wp\/v2\/categories?post=5"},{"taxonomy":"post_tag","embeddable":true,"href":"https:\/\/cssdn.gouv.qc.ca\/belleaugagnon\/wp-json\/wp\/v2\/tags?post=5"}],"curies":[{"name":"wp","href":"https:\/\/api.w.org\/{rel}","templated":true}]}}