
{"id":17,"date":"2022-11-08T16:07:56","date_gmt":"2022-11-08T21:07:56","guid":{"rendered":"https:\/\/cssdn.gouv.qc.ca\/caravelle\/vie-scolaire\/"},"modified":"2025-12-09T14:20:11","modified_gmt":"2025-12-09T19:20:11","slug":"vie-scolaire","status":"publish","type":"page","link":"https:\/\/cssdn.gouv.qc.ca\/caravelle\/vie-scolaire\/","title":{"rendered":"Vie scolaire"},"content":{"rendered":"\n<div class=\"wp-block-cover alignfull is-light is-style-title-banner\"><img decoding=\"async\" class=\"wp-block-cover__image-background wp-image-111 lazyload\" alt=\"\" data-src=\"https:\/\/cssdn.gouv.qc.ca\/wp-content\/uploads\/2022\/08\/Seawire-Hero-06.jpg\" data-object-fit=\"cover\" src=\"data:image\/svg+xml;base64,PHN2ZyB3aWR0aD0iMSIgaGVpZ2h0PSIxIiB4bWxucz0iaHR0cDovL3d3dy53My5vcmcvMjAwMC9zdmciPjwvc3ZnPg==\" \/><span aria-hidden=\"true\" class=\"wp-block-cover__background has-primary-background-color has-background-dim\"><\/span><div class=\"wp-block-cover__inner-container\"><h3 class=\"wp-block-post-title\">Vie scolaire<\/h3><\/div><\/div>\n\n\n\n<div class=\"wp-block-group alignfull has-padding-y-large has-secondary-background-color has-background\"><div class=\"yoast-breadcrumbs alignwide \"><span class=\"breadcrumbs\"><a href=\"https:\/\/cssdn.gouv.qc.ca\/caravelle\/\" class=\"breadcrumbs__element\">Accueil<\/a> <span class=\"breadcrumbs__separator\">\n        <svg class=\"icon icon-breadcrumb__separator\"><use xlink:href=\"#icon-breadcrumb__separator\"><\/use><\/svg>\n    <\/span> <span class=\"breadcrumbs__element breadcrumbs__element-current\">Vie scolaire<\/span><\/span><\/div><\/div>\n\n\n\n<p class=\"wp-block-paragraph\"><strong>Tournoi de badminton<\/strong><\/p>\n\n\n\n<p class=\"wp-block-paragraph\">Bravo \u00e0 tous les \u00e9l\u00e8ves qui ont particip\u00e9s au tournoi de badminton de la ligue multisports de Pamphile-Lemay vendredi dernier. \u00a0Nos \u00e9l\u00e8ves de la Caravelle ont travaill\u00e9s forts et se sont encourag\u00e9s toute la journ\u00e9e! Ils ont termin\u00e9 avec une troisi\u00e8me place. Bravo \u00e0 Dexter et F\u00e9lix qui ont gagn\u00e9 leur finale dans leur cat\u00e9gorie. <\/p>\n\n\n\n<p class=\"wp-block-paragraph\"><\/p>\n\n\n\n<figure class=\"wp-block-image size-full\"><img decoding=\"async\" width=\"674\" height=\"505\" data-src=\"https:\/\/cssdn.gouv.qc.ca\/caravelle\/wp-content\/uploads\/sites\/20\/2025\/12\/Badminton.png\" alt=\"\" class=\"wp-image-5869 lazyload\" data-srcset=\"https:\/\/cssdn.gouv.qc.ca\/caravelle\/wp-content\/uploads\/sites\/20\/2025\/12\/Badminton.png 674w, https:\/\/cssdn.gouv.qc.ca\/caravelle\/wp-content\/uploads\/sites\/20\/2025\/12\/Badminton-300x225.png 300w\" data-sizes=\"(max-width: 674px) 100vw, 674px\" src=\"data:image\/svg+xml;base64,PHN2ZyB3aWR0aD0iMSIgaGVpZ2h0PSIxIiB4bWxucz0iaHR0cDovL3d3dy53My5vcmcvMjAwMC9zdmciPjwvc3ZnPg==\" style=\"--smush-placeholder-width: 674px; --smush-placeholder-aspect-ratio: 674\/505;\" \/><\/figure>\n\n\n\n<p class=\"wp-block-paragraph\"><strong>Jour de la terre<\/strong><\/p>\n\n\n\n<p class=\"wp-block-paragraph\">Dans le cadre du Jour de la Terre, les \u00e9l\u00e8ves de la classe 302 de l\u2019\u00c9cole de La Caravelle de Joly ont fait une diff\u00e9rence en ramassant des d\u00e9chets qui se trouvaient dans la cour d\u2019\u00e9cole et les alentours.<br><br>Un beau travail d&rsquo;\u00e9quipe!<\/p>\n\n\n\n<div class=\"wp-block-columns\">\n<div class=\"wp-block-column\" style=\"flex-basis:100%\">\n<div class=\"wp-block-columns\">\n<div class=\"wp-block-column\" style=\"flex-basis:100%\">\n<div class=\"wp-block-columns\">\n<div class=\"wp-block-column\" style=\"flex-basis:100%\">\n<figure class=\"wp-block-image size-full\"><img decoding=\"async\" width=\"1170\" height=\"1176\" data-src=\"https:\/\/cssdn.gouv.qc.ca\/caravelle\/wp-content\/uploads\/sites\/20\/2025\/12\/Image.jpg\" alt=\"\" class=\"wp-image-5871 lazyload\" data-srcset=\"https:\/\/cssdn.gouv.qc.ca\/caravelle\/wp-content\/uploads\/sites\/20\/2025\/12\/Image.jpg 1170w, https:\/\/cssdn.gouv.qc.ca\/caravelle\/wp-content\/uploads\/sites\/20\/2025\/12\/Image-298x300.jpg 298w, https:\/\/cssdn.gouv.qc.ca\/caravelle\/wp-content\/uploads\/sites\/20\/2025\/12\/Image-1019x1024.jpg 1019w, https:\/\/cssdn.gouv.qc.ca\/caravelle\/wp-content\/uploads\/sites\/20\/2025\/12\/Image-150x150.jpg 150w, https:\/\/cssdn.gouv.qc.ca\/caravelle\/wp-content\/uploads\/sites\/20\/2025\/12\/Image-768x772.jpg 768w\" data-sizes=\"(max-width: 1170px) 100vw, 1170px\" src=\"data:image\/svg+xml;base64,PHN2ZyB3aWR0aD0iMSIgaGVpZ2h0PSIxIiB4bWxucz0iaHR0cDovL3d3dy53My5vcmcvMjAwMC9zdmciPjwvc3ZnPg==\" style=\"--smush-placeholder-width: 1170px; --smush-placeholder-aspect-ratio: 1170\/1176;\" \/><\/figure>\n<\/div>\n<\/div>\n<\/div>\n<\/div>\n<\/div>\n<\/div>\n","protected":false},"excerpt":{"rendered":"<p>Tournoi de badminton Bravo \u00e0 tous les \u00e9l\u00e8ves qui ont particip\u00e9s au tournoi de badminton de la ligue multisports de Pamphile-Lemay vendredi dernier. \u00a0Nos \u00e9l\u00e8ves de la Caravelle ont travaill\u00e9s forts et se sont encourag\u00e9s toute la journ\u00e9e! Ils ont termin\u00e9 avec une troisi\u00e8me place. Bravo \u00e0 Dexter et F\u00e9lix qui ont gagn\u00e9 leur finale [&hellip;]<\/p>\n","protected":false},"author":1,"featured_media":0,"parent":0,"menu_order":50,"comment_status":"closed","ping_status":"closed","template":"","meta":{"_acf_changed":false,"_crdt_document":"","inline_featured_image":false,"footnotes":""},"categories":[],"tags":[],"class_list":["post-17","page","type-page","status-publish","hentry"],"acf":[],"yoast_head":"<!-- This site is optimized with the Yoast SEO plugin v27.5 - https:\/\/yoast.com\/product\/yoast-seo-wordpress\/ -->\n<title>Vie scolaire - \u00c9cole de la Caravelle<\/title>\n<meta name=\"robots\" content=\"index, follow, max-snippet:-1, max-image-preview:large, max-video-preview:-1\" \/>\n<link rel=\"canonical\" href=\"https:\/\/cssdn.gouv.qc.ca\/caravelle\/vie-scolaire\/\" \/>\n<meta property=\"og:locale\" content=\"fr_CA\" \/>\n<meta property=\"og:type\" content=\"article\" \/>\n<meta property=\"og:title\" content=\"Vie scolaire - \u00c9cole de la Caravelle\" \/>\n<meta property=\"og:description\" content=\"Tournoi de badminton Bravo \u00e0 tous les \u00e9l\u00e8ves qui ont particip\u00e9s au tournoi de badminton de la ligue multisports de Pamphile-Lemay vendredi dernier. \u00a0Nos \u00e9l\u00e8ves de la Caravelle ont travaill\u00e9s forts et se sont encourag\u00e9s toute la journ\u00e9e! Ils ont termin\u00e9 avec une troisi\u00e8me place. Bravo \u00e0 Dexter et F\u00e9lix qui ont gagn\u00e9 leur finale [&hellip;]\" \/>\n<meta property=\"og:url\" content=\"https:\/\/cssdn.gouv.qc.ca\/caravelle\/vie-scolaire\/\" \/>\n<meta property=\"og:site_name\" content=\"\u00c9cole de la Caravelle\" \/>\n<meta property=\"article:publisher\" content=\"https:\/\/www.facebook.com\/ecolecaravelle\" \/>\n<meta property=\"article:modified_time\" content=\"2025-12-09T19:20:11+00:00\" \/>\n<meta name=\"twitter:card\" content=\"summary_large_image\" \/>\n<meta name=\"twitter:label1\" content=\"Estimation du temps de lecture\" \/>\n\t<meta name=\"twitter:data1\" content=\"2 minutes\" \/>\n<script type=\"application\/ld+json\" class=\"yoast-schema-graph\">{\"@context\":\"https:\\\/\\\/schema.org\",\"@graph\":[{\"@type\":\"WebPage\",\"@id\":\"https:\\\/\\\/cssdn.gouv.qc.ca\\\/caravelle\\\/vie-scolaire\\\/\",\"url\":\"https:\\\/\\\/cssdn.gouv.qc.ca\\\/caravelle\\\/vie-scolaire\\\/\",\"name\":\"Vie scolaire - \u00c9cole de la Caravelle\",\"isPartOf\":{\"@id\":\"https:\\\/\\\/cssdn.gouv.qc.ca\\\/caravelle\\\/#website\"},\"primaryImageOfPage\":{\"@id\":\"https:\\\/\\\/cssdn.gouv.qc.ca\\\/caravelle\\\/vie-scolaire\\\/#primaryimage\"},\"image\":{\"@id\":\"https:\\\/\\\/cssdn.gouv.qc.ca\\\/caravelle\\\/vie-scolaire\\\/#primaryimage\"},\"thumbnailUrl\":\"https:\\\/\\\/cssdn.gouv.qc.ca\\\/wp-content\\\/uploads\\\/2022\\\/08\\\/Seawire-Hero-06.jpg\",\"datePublished\":\"2022-11-08T21:07:56+00:00\",\"dateModified\":\"2025-12-09T19:20:11+00:00\",\"breadcrumb\":{\"@id\":\"https:\\\/\\\/cssdn.gouv.qc.ca\\\/caravelle\\\/vie-scolaire\\\/#breadcrumb\"},\"inLanguage\":\"fr-CA\",\"potentialAction\":[{\"@type\":\"ReadAction\",\"target\":[\"https:\\\/\\\/cssdn.gouv.qc.ca\\\/caravelle\\\/vie-scolaire\\\/\"]}]},{\"@type\":\"ImageObject\",\"inLanguage\":\"fr-CA\",\"@id\":\"https:\\\/\\\/cssdn.gouv.qc.ca\\\/caravelle\\\/vie-scolaire\\\/#primaryimage\",\"url\":\"https:\\\/\\\/cssdn.gouv.qc.ca\\\/wp-content\\\/uploads\\\/2022\\\/08\\\/Seawire-Hero-06.jpg\",\"contentUrl\":\"https:\\\/\\\/cssdn.gouv.qc.ca\\\/wp-content\\\/uploads\\\/2022\\\/08\\\/Seawire-Hero-06.jpg\"},{\"@type\":\"BreadcrumbList\",\"@id\":\"https:\\\/\\\/cssdn.gouv.qc.ca\\\/caravelle\\\/vie-scolaire\\\/#breadcrumb\",\"itemListElement\":[{\"@type\":\"ListItem\",\"position\":1,\"name\":\"Accueil\",\"item\":\"https:\\\/\\\/cssdn.gouv.qc.ca\\\/caravelle\\\/\"},{\"@type\":\"ListItem\",\"position\":2,\"name\":\"Vie scolaire\"}]},{\"@type\":\"WebSite\",\"@id\":\"https:\\\/\\\/cssdn.gouv.qc.ca\\\/caravelle\\\/#website\",\"url\":\"https:\\\/\\\/cssdn.gouv.qc.ca\\\/caravelle\\\/\",\"name\":\"\u00c9cole de la Caravelle\",\"description\":\"Un site du Centre de services scolaire des Navigateurs\",\"publisher\":{\"@id\":\"https:\\\/\\\/cssdn.gouv.qc.ca\\\/caravelle\\\/#organization\"},\"potentialAction\":[{\"@type\":\"SearchAction\",\"target\":{\"@type\":\"EntryPoint\",\"urlTemplate\":\"https:\\\/\\\/cssdn.gouv.qc.ca\\\/caravelle\\\/?s={search_term_string}\"},\"query-input\":{\"@type\":\"PropertyValueSpecification\",\"valueRequired\":true,\"valueName\":\"search_term_string\"}}],\"inLanguage\":\"fr-CA\"},{\"@type\":\"Organization\",\"@id\":\"https:\\\/\\\/cssdn.gouv.qc.ca\\\/caravelle\\\/#organization\",\"name\":\"\u00c9cole de la Caravelle\",\"url\":\"https:\\\/\\\/cssdn.gouv.qc.ca\\\/caravelle\\\/\",\"logo\":{\"@type\":\"ImageObject\",\"inLanguage\":\"fr-CA\",\"@id\":\"https:\\\/\\\/cssdn.gouv.qc.ca\\\/caravelle\\\/#\\\/schema\\\/logo\\\/image\\\/\",\"url\":\"https:\\\/\\\/cssdn.gouv.qc.ca\\\/caravelle\\\/wp-content\\\/uploads\\\/sites\\\/20\\\/2023\\\/01\\\/logo_quebec.svg\",\"contentUrl\":\"https:\\\/\\\/cssdn.gouv.qc.ca\\\/caravelle\\\/wp-content\\\/uploads\\\/sites\\\/20\\\/2023\\\/01\\\/logo_quebec.svg\",\"width\":188,\"height\":41,\"caption\":\"\u00c9cole de la Caravelle\"},\"image\":{\"@id\":\"https:\\\/\\\/cssdn.gouv.qc.ca\\\/caravelle\\\/#\\\/schema\\\/logo\\\/image\\\/\"},\"sameAs\":[\"https:\\\/\\\/www.facebook.com\\\/ecolecaravelle\"]}]}<\/script>\n<!-- \/ Yoast SEO plugin. -->","yoast_head_json":{"title":"Vie scolaire - \u00c9cole de la Caravelle","robots":{"index":"index","follow":"follow","max-snippet":"max-snippet:-1","max-image-preview":"max-image-preview:large","max-video-preview":"max-video-preview:-1"},"canonical":"https:\/\/cssdn.gouv.qc.ca\/caravelle\/vie-scolaire\/","og_locale":"fr_CA","og_type":"article","og_title":"Vie scolaire - \u00c9cole de la Caravelle","og_description":"Tournoi de badminton Bravo \u00e0 tous les \u00e9l\u00e8ves qui ont particip\u00e9s au tournoi de badminton de la ligue multisports de Pamphile-Lemay vendredi dernier. \u00a0Nos \u00e9l\u00e8ves de la Caravelle ont travaill\u00e9s forts et se sont encourag\u00e9s toute la journ\u00e9e! Ils ont termin\u00e9 avec une troisi\u00e8me place. Bravo \u00e0 Dexter et F\u00e9lix qui ont gagn\u00e9 leur finale [&hellip;]","og_url":"https:\/\/cssdn.gouv.qc.ca\/caravelle\/vie-scolaire\/","og_site_name":"\u00c9cole de la Caravelle","article_publisher":"https:\/\/www.facebook.com\/ecolecaravelle","article_modified_time":"2025-12-09T19:20:11+00:00","twitter_card":"summary_large_image","twitter_misc":{"Estimation du temps de lecture":"2 minutes"},"schema":{"@context":"https:\/\/schema.org","@graph":[{"@type":"WebPage","@id":"https:\/\/cssdn.gouv.qc.ca\/caravelle\/vie-scolaire\/","url":"https:\/\/cssdn.gouv.qc.ca\/caravelle\/vie-scolaire\/","name":"Vie scolaire - \u00c9cole de la Caravelle","isPartOf":{"@id":"https:\/\/cssdn.gouv.qc.ca\/caravelle\/#website"},"primaryImageOfPage":{"@id":"https:\/\/cssdn.gouv.qc.ca\/caravelle\/vie-scolaire\/#primaryimage"},"image":{"@id":"https:\/\/cssdn.gouv.qc.ca\/caravelle\/vie-scolaire\/#primaryimage"},"thumbnailUrl":"https:\/\/cssdn.gouv.qc.ca\/wp-content\/uploads\/2022\/08\/Seawire-Hero-06.jpg","datePublished":"2022-11-08T21:07:56+00:00","dateModified":"2025-12-09T19:20:11+00:00","breadcrumb":{"@id":"https:\/\/cssdn.gouv.qc.ca\/caravelle\/vie-scolaire\/#breadcrumb"},"inLanguage":"fr-CA","potentialAction":[{"@type":"ReadAction","target":["https:\/\/cssdn.gouv.qc.ca\/caravelle\/vie-scolaire\/"]}]},{"@type":"ImageObject","inLanguage":"fr-CA","@id":"https:\/\/cssdn.gouv.qc.ca\/caravelle\/vie-scolaire\/#primaryimage","url":"https:\/\/cssdn.gouv.qc.ca\/wp-content\/uploads\/2022\/08\/Seawire-Hero-06.jpg","contentUrl":"https:\/\/cssdn.gouv.qc.ca\/wp-content\/uploads\/2022\/08\/Seawire-Hero-06.jpg"},{"@type":"BreadcrumbList","@id":"https:\/\/cssdn.gouv.qc.ca\/caravelle\/vie-scolaire\/#breadcrumb","itemListElement":[{"@type":"ListItem","position":1,"name":"Accueil","item":"https:\/\/cssdn.gouv.qc.ca\/caravelle\/"},{"@type":"ListItem","position":2,"name":"Vie scolaire"}]},{"@type":"WebSite","@id":"https:\/\/cssdn.gouv.qc.ca\/caravelle\/#website","url":"https:\/\/cssdn.gouv.qc.ca\/caravelle\/","name":"\u00c9cole de la Caravelle","description":"Un site du Centre de services scolaire des Navigateurs","publisher":{"@id":"https:\/\/cssdn.gouv.qc.ca\/caravelle\/#organization"},"potentialAction":[{"@type":"SearchAction","target":{"@type":"EntryPoint","urlTemplate":"https:\/\/cssdn.gouv.qc.ca\/caravelle\/?s={search_term_string}"},"query-input":{"@type":"PropertyValueSpecification","valueRequired":true,"valueName":"search_term_string"}}],"inLanguage":"fr-CA"},{"@type":"Organization","@id":"https:\/\/cssdn.gouv.qc.ca\/caravelle\/#organization","name":"\u00c9cole de la Caravelle","url":"https:\/\/cssdn.gouv.qc.ca\/caravelle\/","logo":{"@type":"ImageObject","inLanguage":"fr-CA","@id":"https:\/\/cssdn.gouv.qc.ca\/caravelle\/#\/schema\/logo\/image\/","url":"https:\/\/cssdn.gouv.qc.ca\/caravelle\/wp-content\/uploads\/sites\/20\/2023\/01\/logo_quebec.svg","contentUrl":"https:\/\/cssdn.gouv.qc.ca\/caravelle\/wp-content\/uploads\/sites\/20\/2023\/01\/logo_quebec.svg","width":188,"height":41,"caption":"\u00c9cole de la Caravelle"},"image":{"@id":"https:\/\/cssdn.gouv.qc.ca\/caravelle\/#\/schema\/logo\/image\/"},"sameAs":["https:\/\/www.facebook.com\/ecolecaravelle"]}]}},"publishpress_future_action":{"enabled":false,"date":"2026-05-10 05:20:24","action":"change-status","newStatus":"draft","terms":[],"taxonomy":"category","extraData":[]},"publishpress_future_workflow_manual_trigger":{"enabledWorkflows":[]},"_links":{"self":[{"href":"https:\/\/cssdn.gouv.qc.ca\/caravelle\/wp-json\/wp\/v2\/pages\/17","targetHints":{"allow":["GET"]}}],"collection":[{"href":"https:\/\/cssdn.gouv.qc.ca\/caravelle\/wp-json\/wp\/v2\/pages"}],"about":[{"href":"https:\/\/cssdn.gouv.qc.ca\/caravelle\/wp-json\/wp\/v2\/types\/page"}],"author":[{"embeddable":true,"href":"https:\/\/cssdn.gouv.qc.ca\/caravelle\/wp-json\/wp\/v2\/users\/1"}],"replies":[{"embeddable":true,"href":"https:\/\/cssdn.gouv.qc.ca\/caravelle\/wp-json\/wp\/v2\/comments?post=17"}],"version-history":[{"count":0,"href":"https:\/\/cssdn.gouv.qc.ca\/caravelle\/wp-json\/wp\/v2\/pages\/17\/revisions"}],"wp:attachment":[{"href":"https:\/\/cssdn.gouv.qc.ca\/caravelle\/wp-json\/wp\/v2\/media?parent=17"}],"wp:term":[{"taxonomy":"category","embeddable":true,"href":"https:\/\/cssdn.gouv.qc.ca\/caravelle\/wp-json\/wp\/v2\/categories?post=17"},{"taxonomy":"post_tag","embeddable":true,"href":"https:\/\/cssdn.gouv.qc.ca\/caravelle\/wp-json\/wp\/v2\/tags?post=17"}],"curies":[{"name":"wp","href":"https:\/\/api.w.org\/{rel}","templated":true}]}}