
{"id":10,"date":"2022-11-08T16:07:54","date_gmt":"2022-11-08T21:07:54","guid":{"rendered":"https:\/\/cssdn.gouv.qc.ca\/chenebergefalaise\/a-propos\/conseil-detablissement\/"},"modified":"2025-12-08T10:06:36","modified_gmt":"2025-12-08T15:06:36","slug":"conseil-detablissement","status":"publish","type":"page","link":"https:\/\/cssdn.gouv.qc.ca\/chenebergefalaise\/a-propos\/conseil-detablissement\/","title":{"rendered":"Conseil d&rsquo;\u00e9tablissement"},"content":{"rendered":"\n<div class=\"wp-block-cover alignfull is-light is-style-title-banner\"><img decoding=\"async\" class=\"wp-block-cover__image-background wp-image-111 lazyload\" alt=\"\" data-src=\"https:\/\/stage.cssdn.gouv.qc.ca\/wp-content\/uploads\/2022\/08\/Seawire-Hero-06.jpg\" data-object-fit=\"cover\" src=\"data:image\/svg+xml;base64,PHN2ZyB3aWR0aD0iMSIgaGVpZ2h0PSIxIiB4bWxucz0iaHR0cDovL3d3dy53My5vcmcvMjAwMC9zdmciPjwvc3ZnPg==\" \/><span aria-hidden=\"true\" class=\"wp-block-cover__background has-primary-background-color has-background-dim\"><\/span><div class=\"wp-block-cover__inner-container\"><h3 class=\"wp-block-post-title\">Conseil d&rsquo;\u00e9tablissement<\/h3><\/div><\/div>\n\n\n\n<div class=\"wp-block-group alignfull has-padding-y-large has-secondary-background-color has-background\"><div class=\"yoast-breadcrumbs alignwide \"><span class=\"breadcrumbs\"><a href=\"https:\/\/cssdn.gouv.qc.ca\/chenebergefalaise\/\" class=\"breadcrumbs__element\">Accueil<\/a> <span class=\"breadcrumbs__separator\">\n        <svg class=\"icon icon-breadcrumb__separator\"><use xlink:href=\"#icon-breadcrumb__separator\"><\/use><\/svg>\n    <\/span> <a href=\"https:\/\/cssdn.gouv.qc.ca\/chenebergefalaise\/a-propos\/\" class=\"breadcrumbs__element\">\u00c0 propos<\/a> <span class=\"breadcrumbs__separator\">\n        <svg class=\"icon icon-breadcrumb__separator\"><use xlink:href=\"#icon-breadcrumb__separator\"><\/use><\/svg>\n    <\/span> <span class=\"breadcrumbs__element breadcrumbs__element-current\">Conseil d&rsquo;\u00e9tablissement<\/span><\/span><\/div><\/div>\n\n\n\n<p class=\"wp-block-paragraph\"><strong><em>Pr\u00e9sident<\/em><\/strong><\/p>\n\n\n\n<ul class=\"wp-block-list\">\n<li>Monsieur Micha\u00ebl Beaudet<\/li>\n<\/ul>\n\n\n\n<p class=\"wp-block-paragraph\"><em><strong>Membres<\/strong><\/em><\/p>\n\n\n\n<ul class=\"wp-block-list\">\n<li>Madame Lysanne Bourguignon, directrice<\/li>\n\n\n\n<li>Madame Clara Daigle, membre du personnel <\/li>\n\n\n\n<li>Madame Val\u00e9rie Lambert, membre du personnel<\/li>\n\n\n\n<li>Madame Catherine V\u00e9zina, membre du personnel <\/li>\n\n\n\n<li>Madame Fanny St-Onge, membre du personnel <\/li>\n\n\n\n<li>Madame Laurie St-Onge, membre du personnel <\/li>\n\n\n\n<li>Madame Genevi\u00e8ve Martel, membre du personnel<\/li>\n\n\n\n<li>Madame Josiane Laroche, parent<\/li>\n\n\n\n<li>Monsieur Patrick Portelance, parent<\/li>\n\n\n\n<li>Madame Marie-Pier Lepage, parent <\/li>\n\n\n\n<li>Monsieur Gabriel Richard, parent<\/li>\n\n\n\n<li>Monsieur Jean-Mathieu Lemay, parent<\/li>\n<\/ul>\n\n\n\n<p class=\"wp-block-paragraph\"><\/p>\n\n\n\n<p class=\"wp-block-paragraph\"><strong>Proc\u00e8s verbaux<\/strong><\/p>\n\n\n\n<div class=\"wp-block-file\"><a id=\"wp-block-file--media-c04216a4-4c64-442a-9463-e88802f2cecb\" href=\"https:\/\/cssdn.gouv.qc.ca\/chenebergefalaise\/wp-content\/uploads\/sites\/23\/2025\/12\/Proces-verbal-2025-11-06.pdf\">Proc\u00e8s-verbal 2025-11-06<\/a><a href=\"https:\/\/cssdn.gouv.qc.ca\/chenebergefalaise\/wp-content\/uploads\/sites\/23\/2025\/12\/Proces-verbal-2025-11-06.pdf\" class=\"wp-block-file__button wp-element-button\" download aria-describedby=\"wp-block-file--media-c04216a4-4c64-442a-9463-e88802f2cecb\">Download<\/a><\/div>\n\n\n\n<div class=\"wp-block-file\"><a id=\"wp-block-file--media-def960d0-29bd-4061-9770-f6d7dba08f93\" href=\"https:\/\/cssdn.gouv.qc.ca\/chenebergefalaise\/wp-content\/uploads\/sites\/23\/2024\/06\/Proces-verbal-27-09-2023.pdf\">Proces-verbal-27-09-2023<\/a><a href=\"https:\/\/cssdn.gouv.qc.ca\/chenebergefalaise\/wp-content\/uploads\/sites\/23\/2024\/06\/Proces-verbal-27-09-2023.pdf\" class=\"wp-block-file__button wp-element-button\" download aria-describedby=\"wp-block-file--media-def960d0-29bd-4061-9770-f6d7dba08f93\">T\u00e9l\u00e9charger<\/a><\/div>\n\n\n\n<div class=\"wp-block-file\"><a id=\"wp-block-file--media-12c1717c-6f61-4b58-8600-a32a84820697\" href=\"https:\/\/cssdn.gouv.qc.ca\/chenebergefalaise\/wp-content\/uploads\/sites\/23\/2024\/06\/Proces-Verbal-15-11-2023.pdf\">Proces-Verbal-15-11-2023<\/a><a href=\"https:\/\/cssdn.gouv.qc.ca\/chenebergefalaise\/wp-content\/uploads\/sites\/23\/2024\/06\/Proces-Verbal-15-11-2023.pdf\" class=\"wp-block-file__button wp-element-button\" download aria-describedby=\"wp-block-file--media-12c1717c-6f61-4b58-8600-a32a84820697\">T\u00e9l\u00e9charger<\/a><\/div>\n\n\n\n<div class=\"wp-block-file\"><a id=\"wp-block-file--media-7824b62e-4798-49a7-8274-1476674a508e\" href=\"https:\/\/cssdn.gouv.qc.ca\/chenebergefalaise\/wp-content\/uploads\/sites\/23\/2024\/06\/Proces-verbal-27-02-2024.pdf\">Proces-verbal-27-02-2024<\/a><a href=\"https:\/\/cssdn.gouv.qc.ca\/chenebergefalaise\/wp-content\/uploads\/sites\/23\/2024\/06\/Proces-verbal-27-02-2024.pdf\" class=\"wp-block-file__button wp-element-button\" download aria-describedby=\"wp-block-file--media-7824b62e-4798-49a7-8274-1476674a508e\">T\u00e9l\u00e9charger<\/a><\/div>\n\n\n\n<div class=\"wp-block-file\"><a id=\"wp-block-file--media-fa13ef25-d32e-43eb-aca4-21b33a2abc4e\" href=\"https:\/\/cssdn.gouv.qc.ca\/chenebergefalaise\/wp-content\/uploads\/sites\/23\/2024\/06\/Proces-verbal-17-01-2024.pdf\">Proces-verbal-17-01-2024<\/a><a href=\"https:\/\/cssdn.gouv.qc.ca\/chenebergefalaise\/wp-content\/uploads\/sites\/23\/2024\/06\/Proces-verbal-17-01-2024.pdf\" class=\"wp-block-file__button wp-element-button\" download aria-describedby=\"wp-block-file--media-fa13ef25-d32e-43eb-aca4-21b33a2abc4e\">T\u00e9l\u00e9charger<\/a><\/div>\n\n\n\n<div class=\"wp-block-file\"><a id=\"wp-block-file--media-9656841e-5419-46d0-92c5-9e8cf830e349\" href=\"https:\/\/cssdn.gouv.qc.ca\/chenebergefalaise\/wp-content\/uploads\/sites\/23\/2024\/06\/Proces-verbal-24-04-2024.pdf\">Proces-verbal-24-04-2024<\/a><a href=\"https:\/\/cssdn.gouv.qc.ca\/chenebergefalaise\/wp-content\/uploads\/sites\/23\/2024\/06\/Proces-verbal-24-04-2024.pdf\" class=\"wp-block-file__button wp-element-button\" download aria-describedby=\"wp-block-file--media-9656841e-5419-46d0-92c5-9e8cf830e349\">T\u00e9l\u00e9charger<\/a><\/div>\n\n\n\n<div class=\"wp-block-file\"><a id=\"wp-block-file--media-f228992f-a774-43b0-ad11-1d49cb9b4938\" href=\"https:\/\/cssdn.gouv.qc.ca\/chenebergefalaise\/wp-content\/uploads\/sites\/23\/2024\/06\/Proces-verbal-15-05-2024.pdf\">Proces-verbal-15-05-2024<\/a><a href=\"https:\/\/cssdn.gouv.qc.ca\/chenebergefalaise\/wp-content\/uploads\/sites\/23\/2024\/06\/Proces-verbal-15-05-2024.pdf\" class=\"wp-block-file__button wp-element-button\" download aria-describedby=\"wp-block-file--media-f228992f-a774-43b0-ad11-1d49cb9b4938\">T\u00e9l\u00e9charger<\/a><\/div>\n\n\n\n<div class=\"wp-block-file\"><a id=\"wp-block-file--media-e30ab277-5bec-49f9-a072-a7e577ff51cf\" href=\"https:\/\/cssdn.gouv.qc.ca\/chenebergefalaise\/wp-content\/uploads\/sites\/23\/2024\/06\/Proces-verbal-06-06-2024.pdf\">Proces-verbal-06-06-2024<\/a><a href=\"https:\/\/cssdn.gouv.qc.ca\/chenebergefalaise\/wp-content\/uploads\/sites\/23\/2024\/06\/Proces-verbal-06-06-2024.pdf\" class=\"wp-block-file__button wp-element-button\" download aria-describedby=\"wp-block-file--media-e30ab277-5bec-49f9-a072-a7e577ff51cf\">T\u00e9l\u00e9charger<\/a><\/div>\n\n\n\n<div class=\"wp-block-file\"><a id=\"wp-block-file--media-52a1588b-e4e8-49a8-8356-dbf81345d104\" href=\"https:\/\/cssdn.gouv.qc.ca\/chenebergefalaise\/wp-content\/uploads\/sites\/23\/2024\/10\/Proces-verbal-2024-09-04.pdf\">Proc\u00e8s-verbal 2024-09-04<\/a><a href=\"https:\/\/cssdn.gouv.qc.ca\/chenebergefalaise\/wp-content\/uploads\/sites\/23\/2024\/10\/Proces-verbal-2024-09-04.pdf\" class=\"wp-block-file__button wp-element-button\" download aria-describedby=\"wp-block-file--media-52a1588b-e4e8-49a8-8356-dbf81345d104\">T\u00e9l\u00e9charger<\/a><\/div>\n\n\n\n<div class=\"wp-block-file\"><a id=\"wp-block-file--media-77a9c5f0-5c86-4a2e-a795-1d291cd2245f\" href=\"https:\/\/cssdn.gouv.qc.ca\/chenebergefalaise\/wp-content\/uploads\/sites\/23\/2024\/11\/Proces-verbal-2024-09-25.pdf\">Proce\u0300s-verbal 2024-09-25<\/a><a href=\"https:\/\/cssdn.gouv.qc.ca\/chenebergefalaise\/wp-content\/uploads\/sites\/23\/2024\/11\/Proces-verbal-2024-09-25.pdf\" class=\"wp-block-file__button wp-element-button\" download aria-describedby=\"wp-block-file--media-77a9c5f0-5c86-4a2e-a795-1d291cd2245f\">T\u00e9l\u00e9charger<\/a><\/div>\n\n\n\n<div class=\"wp-block-file\"><a id=\"wp-block-file--media-27eab9b3-35d8-4e5b-ab7b-573a0e10a9cf\" href=\"https:\/\/cssdn.gouv.qc.ca\/chenebergefalaise\/wp-content\/uploads\/sites\/23\/2025\/02\/Proces-verbal-2024-11-13.pdf\">Proce\u0300s-verbal 2024-11-13<\/a><a href=\"https:\/\/cssdn.gouv.qc.ca\/chenebergefalaise\/wp-content\/uploads\/sites\/23\/2025\/02\/Proces-verbal-2024-11-13.pdf\" class=\"wp-block-file__button wp-element-button\" download aria-describedby=\"wp-block-file--media-27eab9b3-35d8-4e5b-ab7b-573a0e10a9cf\">T\u00e9l\u00e9charger<\/a><\/div>\n\n\n\n<div class=\"wp-block-file\"><a id=\"wp-block-file--media-2d1b7673-1aee-4d8d-ad73-a12ac3aa50c2\" href=\"https:\/\/cssdn.gouv.qc.ca\/chenebergefalaise\/wp-content\/uploads\/sites\/23\/2025\/02\/Proces-verbal-2024-12-11.pdf\">Proce\u0300s-verbal 2024-12-11<\/a><a href=\"https:\/\/cssdn.gouv.qc.ca\/chenebergefalaise\/wp-content\/uploads\/sites\/23\/2025\/02\/Proces-verbal-2024-12-11.pdf\" class=\"wp-block-file__button wp-element-button\" download aria-describedby=\"wp-block-file--media-2d1b7673-1aee-4d8d-ad73-a12ac3aa50c2\">T\u00e9l\u00e9charger<\/a><\/div>\n\n\n\n<div class=\"wp-block-file\"><a id=\"wp-block-file--media-acf6b8ef-b2ab-4706-b197-1b4cf74401eb\" href=\"https:\/\/cssdn.gouv.qc.ca\/chenebergefalaise\/wp-content\/uploads\/sites\/23\/2025\/04\/Proces-verbal-2025-02-19.pdf\">Proc\u00e8s-verbal 2025-02-19<\/a><a href=\"https:\/\/cssdn.gouv.qc.ca\/chenebergefalaise\/wp-content\/uploads\/sites\/23\/2025\/04\/Proces-verbal-2025-02-19.pdf\" class=\"wp-block-file__button wp-element-button\" download aria-describedby=\"wp-block-file--media-acf6b8ef-b2ab-4706-b197-1b4cf74401eb\">T\u00e9l\u00e9charger<\/a><\/div>\n\n\n\n<div class=\"wp-block-file\"><a id=\"wp-block-file--media-9ada8166-73f2-4393-96ef-0584698b8006\" href=\"https:\/\/cssdn.gouv.qc.ca\/chenebergefalaise\/wp-content\/uploads\/sites\/23\/2025\/06\/Proces-verbal-16-04-2025.pdf\">Proc\u00e8s-verbal 16-04-2025<\/a><a href=\"https:\/\/cssdn.gouv.qc.ca\/chenebergefalaise\/wp-content\/uploads\/sites\/23\/2025\/06\/Proces-verbal-16-04-2025.pdf\" class=\"wp-block-file__button wp-element-button\" download aria-describedby=\"wp-block-file--media-9ada8166-73f2-4393-96ef-0584698b8006\">T\u00e9l\u00e9charger<\/a><\/div>\n\n\n\n<div class=\"wp-block-file\"><a id=\"wp-block-file--media-7a2499f1-2361-47ed-9545-b2496a5535aa\" href=\"https:\/\/cssdn.gouv.qc.ca\/chenebergefalaise\/wp-content\/uploads\/sites\/23\/2025\/06\/Proces-verbal-14-05-2025.pdf\">Proc\u00e8s-verbal 14-05-2025<\/a><a href=\"https:\/\/cssdn.gouv.qc.ca\/chenebergefalaise\/wp-content\/uploads\/sites\/23\/2025\/06\/Proces-verbal-14-05-2025.pdf\" class=\"wp-block-file__button wp-element-button\" download aria-describedby=\"wp-block-file--media-7a2499f1-2361-47ed-9545-b2496a5535aa\">T\u00e9l\u00e9charger<\/a><\/div>\n\n\n\n<p class=\"wp-block-paragraph\"><strong>Prochaines rencontres<\/strong><\/p>\n\n\n\n<p class=\"wp-block-paragraph\"><\/p>\n","protected":false},"excerpt":{"rendered":"<p>Pr\u00e9sident Membres Proc\u00e8s verbaux Prochaines rencontres<\/p>\n","protected":false},"author":1,"featured_media":0,"parent":6,"menu_order":0,"comment_status":"closed","ping_status":"closed","template":"","meta":{"_acf_changed":false,"_crdt_document":"","inline_featured_image":false,"footnotes":""},"categories":[],"tags":[],"class_list":["post-10","page","type-page","status-publish","hentry"],"acf":[],"yoast_head":"<!-- This site is optimized with the Yoast SEO plugin v27.4 - https:\/\/yoast.com\/product\/yoast-seo-wordpress\/ -->\n<title>Conseil d&#039;\u00e9tablissement - \u00c9coles de la Berge, du Ch\u00eane, de la Falaise<\/title>\n<meta name=\"robots\" content=\"index, follow, max-snippet:-1, max-image-preview:large, max-video-preview:-1\" \/>\n<link rel=\"canonical\" href=\"https:\/\/cssdn.gouv.qc.ca\/chenebergefalaise\/a-propos\/conseil-detablissement\/\" \/>\n<meta property=\"og:locale\" content=\"fr_CA\" \/>\n<meta property=\"og:type\" content=\"article\" \/>\n<meta property=\"og:title\" content=\"Conseil d&#039;\u00e9tablissement - \u00c9coles de la Berge, du Ch\u00eane, de la Falaise\" \/>\n<meta property=\"og:description\" content=\"Pr\u00e9sident Membres Proc\u00e8s verbaux Prochaines rencontres\" \/>\n<meta property=\"og:url\" content=\"https:\/\/cssdn.gouv.qc.ca\/chenebergefalaise\/a-propos\/conseil-detablissement\/\" \/>\n<meta property=\"og:site_name\" content=\"\u00c9coles de la Berge, du Ch\u00eane, de la Falaise\" \/>\n<meta property=\"article:publisher\" content=\"https:\/\/www.facebook.com\/bergechenefalaise\" \/>\n<meta property=\"article:modified_time\" content=\"2025-12-08T15:06:36+00:00\" \/>\n<meta name=\"twitter:card\" content=\"summary_large_image\" \/>\n<meta name=\"twitter:label1\" content=\"Estimation du temps de lecture\" \/>\n\t<meta name=\"twitter:data1\" content=\"1 minute\" \/>\n<script type=\"application\/ld+json\" class=\"yoast-schema-graph\">{\"@context\":\"https:\\\/\\\/schema.org\",\"@graph\":[{\"@type\":\"WebPage\",\"@id\":\"https:\\\/\\\/cssdn.gouv.qc.ca\\\/chenebergefalaise\\\/a-propos\\\/conseil-detablissement\\\/\",\"url\":\"https:\\\/\\\/cssdn.gouv.qc.ca\\\/chenebergefalaise\\\/a-propos\\\/conseil-detablissement\\\/\",\"name\":\"Conseil d'\u00e9tablissement - \u00c9coles de la Berge, du Ch\u00eane, de la Falaise\",\"isPartOf\":{\"@id\":\"https:\\\/\\\/cssdn.gouv.qc.ca\\\/chenebergefalaise\\\/#website\"},\"primaryImageOfPage\":{\"@id\":\"https:\\\/\\\/cssdn.gouv.qc.ca\\\/chenebergefalaise\\\/a-propos\\\/conseil-detablissement\\\/#primaryimage\"},\"image\":{\"@id\":\"https:\\\/\\\/cssdn.gouv.qc.ca\\\/chenebergefalaise\\\/a-propos\\\/conseil-detablissement\\\/#primaryimage\"},\"thumbnailUrl\":\"https:\\\/\\\/stage.cssdn.gouv.qc.ca\\\/wp-content\\\/uploads\\\/2022\\\/08\\\/Seawire-Hero-06.jpg\",\"datePublished\":\"2022-11-08T21:07:54+00:00\",\"dateModified\":\"2025-12-08T15:06:36+00:00\",\"breadcrumb\":{\"@id\":\"https:\\\/\\\/cssdn.gouv.qc.ca\\\/chenebergefalaise\\\/a-propos\\\/conseil-detablissement\\\/#breadcrumb\"},\"inLanguage\":\"fr-CA\",\"potentialAction\":[{\"@type\":\"ReadAction\",\"target\":[\"https:\\\/\\\/cssdn.gouv.qc.ca\\\/chenebergefalaise\\\/a-propos\\\/conseil-detablissement\\\/\"]}]},{\"@type\":\"ImageObject\",\"inLanguage\":\"fr-CA\",\"@id\":\"https:\\\/\\\/cssdn.gouv.qc.ca\\\/chenebergefalaise\\\/a-propos\\\/conseil-detablissement\\\/#primaryimage\",\"url\":\"https:\\\/\\\/stage.cssdn.gouv.qc.ca\\\/wp-content\\\/uploads\\\/2022\\\/08\\\/Seawire-Hero-06.jpg\",\"contentUrl\":\"https:\\\/\\\/stage.cssdn.gouv.qc.ca\\\/wp-content\\\/uploads\\\/2022\\\/08\\\/Seawire-Hero-06.jpg\"},{\"@type\":\"BreadcrumbList\",\"@id\":\"https:\\\/\\\/cssdn.gouv.qc.ca\\\/chenebergefalaise\\\/a-propos\\\/conseil-detablissement\\\/#breadcrumb\",\"itemListElement\":[{\"@type\":\"ListItem\",\"position\":1,\"name\":\"Accueil\",\"item\":\"https:\\\/\\\/cssdn.gouv.qc.ca\\\/chenebergefalaise\\\/\"},{\"@type\":\"ListItem\",\"position\":2,\"name\":\"\u00c0 propos\",\"item\":\"https:\\\/\\\/cssdn.gouv.qc.ca\\\/chenebergefalaise\\\/a-propos\\\/\"},{\"@type\":\"ListItem\",\"position\":3,\"name\":\"Conseil d&rsquo;\u00e9tablissement\"}]},{\"@type\":\"WebSite\",\"@id\":\"https:\\\/\\\/cssdn.gouv.qc.ca\\\/chenebergefalaise\\\/#website\",\"url\":\"https:\\\/\\\/cssdn.gouv.qc.ca\\\/chenebergefalaise\\\/\",\"name\":\"\u00c9coles de la Berge, du Ch\u00eane, de la Falaise\",\"description\":\"Un site des centres de services scolaires des Navigateurs\",\"publisher\":{\"@id\":\"https:\\\/\\\/cssdn.gouv.qc.ca\\\/chenebergefalaise\\\/#organization\"},\"potentialAction\":[{\"@type\":\"SearchAction\",\"target\":{\"@type\":\"EntryPoint\",\"urlTemplate\":\"https:\\\/\\\/cssdn.gouv.qc.ca\\\/chenebergefalaise\\\/?s={search_term_string}\"},\"query-input\":{\"@type\":\"PropertyValueSpecification\",\"valueRequired\":true,\"valueName\":\"search_term_string\"}}],\"inLanguage\":\"fr-CA\"},{\"@type\":\"Organization\",\"@id\":\"https:\\\/\\\/cssdn.gouv.qc.ca\\\/chenebergefalaise\\\/#organization\",\"name\":\"\u00c9coles de la Berge, du Ch\u00eane, de la Falaise\",\"url\":\"https:\\\/\\\/cssdn.gouv.qc.ca\\\/chenebergefalaise\\\/\",\"logo\":{\"@type\":\"ImageObject\",\"inLanguage\":\"fr-CA\",\"@id\":\"https:\\\/\\\/cssdn.gouv.qc.ca\\\/chenebergefalaise\\\/#\\\/schema\\\/logo\\\/image\\\/\",\"url\":\"https:\\\/\\\/cssdn.gouv.qc.ca\\\/chenebergefalaise\\\/wp-content\\\/uploads\\\/sites\\\/23\\\/2023\\\/01\\\/logo_quebec.svg\",\"contentUrl\":\"https:\\\/\\\/cssdn.gouv.qc.ca\\\/chenebergefalaise\\\/wp-content\\\/uploads\\\/sites\\\/23\\\/2023\\\/01\\\/logo_quebec.svg\",\"width\":188,\"height\":41,\"caption\":\"\u00c9coles de la Berge, du Ch\u00eane, de la Falaise\"},\"image\":{\"@id\":\"https:\\\/\\\/cssdn.gouv.qc.ca\\\/chenebergefalaise\\\/#\\\/schema\\\/logo\\\/image\\\/\"},\"sameAs\":[\"https:\\\/\\\/www.facebook.com\\\/bergechenefalaise\"]}]}<\/script>\n<!-- \/ Yoast SEO plugin. -->","yoast_head_json":{"title":"Conseil d'\u00e9tablissement - \u00c9coles de la Berge, du Ch\u00eane, de la Falaise","robots":{"index":"index","follow":"follow","max-snippet":"max-snippet:-1","max-image-preview":"max-image-preview:large","max-video-preview":"max-video-preview:-1"},"canonical":"https:\/\/cssdn.gouv.qc.ca\/chenebergefalaise\/a-propos\/conseil-detablissement\/","og_locale":"fr_CA","og_type":"article","og_title":"Conseil d'\u00e9tablissement - \u00c9coles de la Berge, du Ch\u00eane, de la Falaise","og_description":"Pr\u00e9sident Membres Proc\u00e8s verbaux Prochaines rencontres","og_url":"https:\/\/cssdn.gouv.qc.ca\/chenebergefalaise\/a-propos\/conseil-detablissement\/","og_site_name":"\u00c9coles de la Berge, du Ch\u00eane, de la Falaise","article_publisher":"https:\/\/www.facebook.com\/bergechenefalaise","article_modified_time":"2025-12-08T15:06:36+00:00","twitter_card":"summary_large_image","twitter_misc":{"Estimation du temps de lecture":"1 minute"},"schema":{"@context":"https:\/\/schema.org","@graph":[{"@type":"WebPage","@id":"https:\/\/cssdn.gouv.qc.ca\/chenebergefalaise\/a-propos\/conseil-detablissement\/","url":"https:\/\/cssdn.gouv.qc.ca\/chenebergefalaise\/a-propos\/conseil-detablissement\/","name":"Conseil d'\u00e9tablissement - \u00c9coles de la Berge, du Ch\u00eane, de la Falaise","isPartOf":{"@id":"https:\/\/cssdn.gouv.qc.ca\/chenebergefalaise\/#website"},"primaryImageOfPage":{"@id":"https:\/\/cssdn.gouv.qc.ca\/chenebergefalaise\/a-propos\/conseil-detablissement\/#primaryimage"},"image":{"@id":"https:\/\/cssdn.gouv.qc.ca\/chenebergefalaise\/a-propos\/conseil-detablissement\/#primaryimage"},"thumbnailUrl":"https:\/\/stage.cssdn.gouv.qc.ca\/wp-content\/uploads\/2022\/08\/Seawire-Hero-06.jpg","datePublished":"2022-11-08T21:07:54+00:00","dateModified":"2025-12-08T15:06:36+00:00","breadcrumb":{"@id":"https:\/\/cssdn.gouv.qc.ca\/chenebergefalaise\/a-propos\/conseil-detablissement\/#breadcrumb"},"inLanguage":"fr-CA","potentialAction":[{"@type":"ReadAction","target":["https:\/\/cssdn.gouv.qc.ca\/chenebergefalaise\/a-propos\/conseil-detablissement\/"]}]},{"@type":"ImageObject","inLanguage":"fr-CA","@id":"https:\/\/cssdn.gouv.qc.ca\/chenebergefalaise\/a-propos\/conseil-detablissement\/#primaryimage","url":"https:\/\/stage.cssdn.gouv.qc.ca\/wp-content\/uploads\/2022\/08\/Seawire-Hero-06.jpg","contentUrl":"https:\/\/stage.cssdn.gouv.qc.ca\/wp-content\/uploads\/2022\/08\/Seawire-Hero-06.jpg"},{"@type":"BreadcrumbList","@id":"https:\/\/cssdn.gouv.qc.ca\/chenebergefalaise\/a-propos\/conseil-detablissement\/#breadcrumb","itemListElement":[{"@type":"ListItem","position":1,"name":"Accueil","item":"https:\/\/cssdn.gouv.qc.ca\/chenebergefalaise\/"},{"@type":"ListItem","position":2,"name":"\u00c0 propos","item":"https:\/\/cssdn.gouv.qc.ca\/chenebergefalaise\/a-propos\/"},{"@type":"ListItem","position":3,"name":"Conseil d&rsquo;\u00e9tablissement"}]},{"@type":"WebSite","@id":"https:\/\/cssdn.gouv.qc.ca\/chenebergefalaise\/#website","url":"https:\/\/cssdn.gouv.qc.ca\/chenebergefalaise\/","name":"\u00c9coles de la Berge, du Ch\u00eane, de la Falaise","description":"Un site des centres de services scolaires des Navigateurs","publisher":{"@id":"https:\/\/cssdn.gouv.qc.ca\/chenebergefalaise\/#organization"},"potentialAction":[{"@type":"SearchAction","target":{"@type":"EntryPoint","urlTemplate":"https:\/\/cssdn.gouv.qc.ca\/chenebergefalaise\/?s={search_term_string}"},"query-input":{"@type":"PropertyValueSpecification","valueRequired":true,"valueName":"search_term_string"}}],"inLanguage":"fr-CA"},{"@type":"Organization","@id":"https:\/\/cssdn.gouv.qc.ca\/chenebergefalaise\/#organization","name":"\u00c9coles de la Berge, du Ch\u00eane, de la Falaise","url":"https:\/\/cssdn.gouv.qc.ca\/chenebergefalaise\/","logo":{"@type":"ImageObject","inLanguage":"fr-CA","@id":"https:\/\/cssdn.gouv.qc.ca\/chenebergefalaise\/#\/schema\/logo\/image\/","url":"https:\/\/cssdn.gouv.qc.ca\/chenebergefalaise\/wp-content\/uploads\/sites\/23\/2023\/01\/logo_quebec.svg","contentUrl":"https:\/\/cssdn.gouv.qc.ca\/chenebergefalaise\/wp-content\/uploads\/sites\/23\/2023\/01\/logo_quebec.svg","width":188,"height":41,"caption":"\u00c9coles de la Berge, du Ch\u00eane, de la Falaise"},"image":{"@id":"https:\/\/cssdn.gouv.qc.ca\/chenebergefalaise\/#\/schema\/logo\/image\/"},"sameAs":["https:\/\/www.facebook.com\/bergechenefalaise"]}]}},"publishpress_future_action":{"enabled":false,"date":"2026-05-05 05:50:22","action":"change-status","newStatus":"draft","terms":[],"taxonomy":"category","extraData":[]},"publishpress_future_workflow_manual_trigger":{"enabledWorkflows":[]},"_links":{"self":[{"href":"https:\/\/cssdn.gouv.qc.ca\/chenebergefalaise\/wp-json\/wp\/v2\/pages\/10","targetHints":{"allow":["GET"]}}],"collection":[{"href":"https:\/\/cssdn.gouv.qc.ca\/chenebergefalaise\/wp-json\/wp\/v2\/pages"}],"about":[{"href":"https:\/\/cssdn.gouv.qc.ca\/chenebergefalaise\/wp-json\/wp\/v2\/types\/page"}],"author":[{"embeddable":true,"href":"https:\/\/cssdn.gouv.qc.ca\/chenebergefalaise\/wp-json\/wp\/v2\/users\/1"}],"replies":[{"embeddable":true,"href":"https:\/\/cssdn.gouv.qc.ca\/chenebergefalaise\/wp-json\/wp\/v2\/comments?post=10"}],"version-history":[{"count":0,"href":"https:\/\/cssdn.gouv.qc.ca\/chenebergefalaise\/wp-json\/wp\/v2\/pages\/10\/revisions"}],"up":[{"embeddable":true,"href":"https:\/\/cssdn.gouv.qc.ca\/chenebergefalaise\/wp-json\/wp\/v2\/pages\/6"}],"wp:attachment":[{"href":"https:\/\/cssdn.gouv.qc.ca\/chenebergefalaise\/wp-json\/wp\/v2\/media?parent=10"}],"wp:term":[{"taxonomy":"category","embeddable":true,"href":"https:\/\/cssdn.gouv.qc.ca\/chenebergefalaise\/wp-json\/wp\/v2\/categories?post=10"},{"taxonomy":"post_tag","embeddable":true,"href":"https:\/\/cssdn.gouv.qc.ca\/chenebergefalaise\/wp-json\/wp\/v2\/tags?post=10"}],"curies":[{"name":"wp","href":"https:\/\/api.w.org\/{rel}","templated":true}]}}