
{"id":229,"date":"2022-12-06T14:04:53","date_gmt":"2022-12-06T19:04:53","guid":{"rendered":"https:\/\/cssdn.gouv.qc.ca\/cleduboise\/?post_type=programme&#038;p=229"},"modified":"2026-01-21T13:44:06","modified_gmt":"2026-01-21T18:44:06","slug":"programme-langues-et-culture-internationale-lci","status":"publish","type":"programme","link":"https:\/\/cssdn.gouv.qc.ca\/cleduboise\/programmes-et-profils\/programme-langues-et-culture-internationale-lci\/","title":{"rendered":"Programme Langues et culture internationale (1re, 2e sec., Cl\u00e9-du-Bois\u00e9)"},"content":{"rendered":"<section class=\"align programmes-details\" id=\"testimonial-block_07552dbea1738143bdb52ea9a4af23fe\">\n            <dl class=\"act-post-metadata__list\">\n                                <dt class=\"act-post-metadata__label act-post-metadata__label--niveau\">Le niveau :<\/dt>\n                    <dd class=\"act-post-metadata__value act-post-metadata__value--niveau\">Secondaire<\/dd>\n                                <dt class=\"act-post-metadata__label act-post-metadata__label--domaine\">Le domaine d&rsquo;\u00e9tude :<\/dt>\n                    <dd class=\"act-post-metadata__value act-post-metadata__value--domaine\">Culture, Langues<\/dd>\n                    <\/dl>\n        \n        <!-- wp:button -->\n    <div class=\"wp-block-button btn-compare-program\"><a href=\"https:\/\/cssdn.gouv.qc.ca\/ecoles-et-centres-par-type\/comparer-les-programmes\/?dropdown1=1554&#038;dropdown2=&#038;dropdown3=&#038;filter=filters-programme&#038;nocache=1718044558759\" class=\"wp-block-button__link wp-element-button\">Comparer avec d&rsquo;autres programmes<\/a><\/div>\n    <!-- \/wp:button -->\n    <\/section>\n\n\n\n\n\n<p class=\"wp-block-paragraph\">Le programme Langues et culture internationale (LCI) a pour objectif de favoriser l&rsquo;acquisition de connaissances linguistiques et culturelles et de d\u00e9velopper l&rsquo;engagement communautaire ainsi que la curiosit\u00e9 intellectuelle. Consultez la brochure ci-dessous pour en savoir plus!<\/p>\n\n\n\n<div class=\"wp-block-file\"><a id=\"wp-block-file--media-64e8a8a2-cd75-42bf-9082-a846af725467\" href=\"https:\/\/cssdn.gouv.qc.ca\/cleduboise\/wp-content\/uploads\/sites\/68\/2022\/12\/Programme-LCI-Brochure-1.pdf\">Programme Langues et culture internationale (LCI)<\/a><\/div>\n\n\n\n<div class=\"wp-block-file\"><a id=\"wp-block-file--media-13e83746-9a58-48af-9ae8-199d6cf3bcba\" href=\"https:\/\/cssdn.gouv.qc.ca\/cleduboise\/wp-content\/uploads\/sites\/68\/2022\/12\/5-bonnes-raisons-de-choisir-la-Cle-2023-2024.pdf\">5 bonnes raisons de choisir la Cl\u00e9 !<\/a><\/div>\n\n\n\n<p class=\"has-white-color has-primary-background-color has-text-color has-background has-link-color has-large-font-size wp-elements-cc2424ae897430aa2e7a481322037371 wp-block-paragraph\"><strong>Pr\u00e9inscription &#8211; Programme LCI 1re secondaire 2026-2027<\/strong><\/p>\n\n\n\n<p class=\"has-text-align-center wp-block-paragraph\"><\/p>\n\n\n\n<p class=\"has-grey-20-background-color has-background has-medium-font-size wp-block-paragraph\"><strong>Informations importantes pour compl\u00e9ter votre inscription : consultez-les ci-dessous.<\/strong><\/p>\n\n\n\n<div class=\"wp-block-file\"><a id=\"wp-block-file--media-9cb44983-2584-471f-831a-7187eddc8faf\" href=\"https:\/\/cssdn.gouv.qc.ca\/cleduboise\/wp-content\/uploads\/sites\/68\/2022\/12\/Preinscription-LCI-2025-2026-Demarches-dinscription-complete-1re-secondaire-2.pdf\" target=\"_blank\" rel=\"noreferrer noopener\">Pr\u00e9inscription LCI 2025-2026 &#8211; D\u00e9marches d&rsquo;inscription compl\u00e8te (1re secondaire)<\/a><a href=\"https:\/\/cssdn.gouv.qc.ca\/cleduboise\/wp-content\/uploads\/sites\/68\/2022\/12\/Preinscription-LCI-2025-2026-Demarches-dinscription-complete-1re-secondaire-2.pdf\" class=\"wp-block-file__button wp-element-button\" download aria-describedby=\"wp-block-file--media-9cb44983-2584-471f-831a-7187eddc8faf\">Download<\/a><\/div>\n\n\n\n<figure class=\"wp-block-image size-large\"><img decoding=\"async\" width=\"791\" height=\"1024\" data-src=\"https:\/\/cssdn.gouv.qc.ca\/cleduboise\/wp-content\/uploads\/sites\/68\/2022\/12\/Preinscription-LCI-2025-2026-Demarches-dinscription-complete-1re-secondaire_Page_1-1-791x1024.jpg\" alt=\"\" class=\"wp-image-1069 lazyload\" data-srcset=\"https:\/\/cssdn.gouv.qc.ca\/cleduboise\/wp-content\/uploads\/sites\/68\/2022\/12\/Preinscription-LCI-2025-2026-Demarches-dinscription-complete-1re-secondaire_Page_1-1-791x1024.jpg 791w, https:\/\/cssdn.gouv.qc.ca\/cleduboise\/wp-content\/uploads\/sites\/68\/2022\/12\/Preinscription-LCI-2025-2026-Demarches-dinscription-complete-1re-secondaire_Page_1-1-232x300.jpg 232w, https:\/\/cssdn.gouv.qc.ca\/cleduboise\/wp-content\/uploads\/sites\/68\/2022\/12\/Preinscription-LCI-2025-2026-Demarches-dinscription-complete-1re-secondaire_Page_1-1-768x994.jpg 768w, https:\/\/cssdn.gouv.qc.ca\/cleduboise\/wp-content\/uploads\/sites\/68\/2022\/12\/Preinscription-LCI-2025-2026-Demarches-dinscription-complete-1re-secondaire_Page_1-1-1187x1536.jpg 1187w, https:\/\/cssdn.gouv.qc.ca\/cleduboise\/wp-content\/uploads\/sites\/68\/2022\/12\/Preinscription-LCI-2025-2026-Demarches-dinscription-complete-1re-secondaire_Page_1-1-1583x2048.jpg 1583w, https:\/\/cssdn.gouv.qc.ca\/cleduboise\/wp-content\/uploads\/sites\/68\/2022\/12\/Preinscription-LCI-2025-2026-Demarches-dinscription-complete-1re-secondaire_Page_1-1.jpg 1701w\" data-sizes=\"(max-width: 791px) 100vw, 791px\" src=\"data:image\/svg+xml;base64,PHN2ZyB3aWR0aD0iMSIgaGVpZ2h0PSIxIiB4bWxucz0iaHR0cDovL3d3dy53My5vcmcvMjAwMC9zdmciPjwvc3ZnPg==\" style=\"--smush-placeholder-width: 791px; --smush-placeholder-aspect-ratio: 791\/1024;\" \/><\/figure>\n\n\n\n<figure class=\"wp-block-image size-large\"><img decoding=\"async\" width=\"791\" height=\"1024\" data-src=\"https:\/\/cssdn.gouv.qc.ca\/cleduboise\/wp-content\/uploads\/sites\/68\/2022\/12\/Preinscription-LCI-2025-2026-Demarches-dinscription-complete-1re-secondaire_Page_2-1-791x1024.jpg\" alt=\"\" class=\"wp-image-1070 lazyload\" data-srcset=\"https:\/\/cssdn.gouv.qc.ca\/cleduboise\/wp-content\/uploads\/sites\/68\/2022\/12\/Preinscription-LCI-2025-2026-Demarches-dinscription-complete-1re-secondaire_Page_2-1-791x1024.jpg 791w, https:\/\/cssdn.gouv.qc.ca\/cleduboise\/wp-content\/uploads\/sites\/68\/2022\/12\/Preinscription-LCI-2025-2026-Demarches-dinscription-complete-1re-secondaire_Page_2-1-232x300.jpg 232w, https:\/\/cssdn.gouv.qc.ca\/cleduboise\/wp-content\/uploads\/sites\/68\/2022\/12\/Preinscription-LCI-2025-2026-Demarches-dinscription-complete-1re-secondaire_Page_2-1-768x994.jpg 768w, https:\/\/cssdn.gouv.qc.ca\/cleduboise\/wp-content\/uploads\/sites\/68\/2022\/12\/Preinscription-LCI-2025-2026-Demarches-dinscription-complete-1re-secondaire_Page_2-1-1187x1536.jpg 1187w, https:\/\/cssdn.gouv.qc.ca\/cleduboise\/wp-content\/uploads\/sites\/68\/2022\/12\/Preinscription-LCI-2025-2026-Demarches-dinscription-complete-1re-secondaire_Page_2-1-1583x2048.jpg 1583w, https:\/\/cssdn.gouv.qc.ca\/cleduboise\/wp-content\/uploads\/sites\/68\/2022\/12\/Preinscription-LCI-2025-2026-Demarches-dinscription-complete-1re-secondaire_Page_2-1.jpg 1701w\" data-sizes=\"(max-width: 791px) 100vw, 791px\" src=\"data:image\/svg+xml;base64,PHN2ZyB3aWR0aD0iMSIgaGVpZ2h0PSIxIiB4bWxucz0iaHR0cDovL3d3dy53My5vcmcvMjAwMC9zdmciPjwvc3ZnPg==\" style=\"--smush-placeholder-width: 791px; --smush-placeholder-aspect-ratio: 791\/1024;\" \/><\/figure>\n\n\n\n<div class=\"wp-block-group\">\n<p class=\"has-large-font-size wp-block-paragraph\"><strong>En r\u00e9sum\u00e9 :<\/strong><\/p>\n\n\n\n<ol start=\"1\" class=\"wp-block-list\">\n<li class=\"has-medium-font-size\"><strong>Compl\u00e9tez<\/strong> le formulaire de pr\u00e9inscription <strong>[<a href=\"https:\/\/forms.office.com\/r\/DfN4GFNMRY\">ici<\/a>].<\/strong><\/li>\n\n\n\n<li class=\"has-medium-font-size\"><strong>Pr\u00e9parez<\/strong> votre vid\u00e9o de pr\u00e9sentation selon les consignes indiqu\u00e9es dans le document ci-haut.<\/li>\n\n\n\n<li class=\"has-medium-font-size\"><strong>D\u00e9posez<\/strong> votre bulletin de 5e ann\u00e9e ainsi que votre vid\u00e9o sur  <strong>[<a href=\"https:\/\/classroom.google.com\/c\/ODEwMTgwOTE1NzEx?cjc=ouc5lp3y\">Classroom<\/a>].<\/strong><\/li>\n<\/ol>\n<\/div>\n","protected":false},"template":"","niveau":[9],"domaine":[12,15],"municipalite":[21],"class_list":["post-229","programme","type-programme","status-publish","hentry","niveau-secondaire","domaine-culture","domaine-langues","municipalite-levis"],"acf":[],"yoast_head":"<!-- This site is optimized with the Yoast SEO plugin v27.5 - https:\/\/yoast.com\/product\/yoast-seo-wordpress\/ -->\n<title>Programme Langues et culture internationale (1re, 2e sec., Cl\u00e9-du-Bois\u00e9) - \u00c9cole de la Cl\u00e9-du-Bois\u00e9<\/title>\n<meta name=\"robots\" content=\"index, follow, max-snippet:-1, max-image-preview:large, max-video-preview:-1\" \/>\n<link rel=\"canonical\" href=\"https:\/\/cssdn.gouv.qc.ca\/cleduboise\/programmes-et-profils\/programme-langues-et-culture-internationale-lci\/\" \/>\n<meta property=\"og:locale\" content=\"fr_CA\" \/>\n<meta property=\"og:type\" content=\"article\" \/>\n<meta property=\"og:title\" content=\"Programme Langues et culture internationale (1re, 2e sec., Cl\u00e9-du-Bois\u00e9) - \u00c9cole de la Cl\u00e9-du-Bois\u00e9\" \/>\n<meta property=\"og:description\" content=\"Le programme Langues et culture internationale (LCI) a pour objectif de favoriser l&rsquo;acquisition de connaissances linguistiques et culturelles et de d\u00e9velopper l&rsquo;engagement communautaire ainsi que la curiosit\u00e9 intellectuelle. Consultez la brochure ci-dessous pour en savoir plus! Pr\u00e9inscription &#8211; Programme LCI 1re secondaire 2026-2027 Informations importantes pour compl\u00e9ter votre inscription : consultez-les ci-dessous. En r\u00e9sum\u00e9 :\" \/>\n<meta property=\"og:url\" content=\"https:\/\/cssdn.gouv.qc.ca\/cleduboise\/programmes-et-profils\/programme-langues-et-culture-internationale-lci\/\" \/>\n<meta property=\"og:site_name\" content=\"\u00c9cole de la Cl\u00e9-du-Bois\u00e9\" \/>\n<meta property=\"article:publisher\" content=\"https:\/\/www.facebook.com\/cleduboise\" \/>\n<meta property=\"article:modified_time\" content=\"2026-01-21T18:44:06+00:00\" \/>\n<meta property=\"og:image\" content=\"https:\/\/cssdn.gouv.qc.ca\/cleduboise\/wp-content\/uploads\/sites\/68\/2022\/12\/Preinscription-LCI-2025-2026-Demarches-dinscription-complete-1re-secondaire_Page_1-1.jpg\" \/>\n\t<meta property=\"og:image:width\" content=\"1701\" \/>\n\t<meta property=\"og:image:height\" content=\"2201\" \/>\n\t<meta property=\"og:image:type\" content=\"image\/jpeg\" \/>\n<meta name=\"twitter:card\" content=\"summary_large_image\" \/>\n<meta name=\"twitter:site\" content=\"@CSSNavigateurs\" \/>\n<meta name=\"twitter:label1\" content=\"Estimation du temps de lecture\" \/>\n\t<meta name=\"twitter:data1\" content=\"1 minute\" \/>\n<script type=\"application\/ld+json\" class=\"yoast-schema-graph\">{\"@context\":\"https:\\\/\\\/schema.org\",\"@graph\":[{\"@type\":\"WebPage\",\"@id\":\"https:\\\/\\\/cssdn.gouv.qc.ca\\\/cleduboise\\\/programmes-et-profils\\\/programme-langues-et-culture-internationale-lci\\\/\",\"url\":\"https:\\\/\\\/cssdn.gouv.qc.ca\\\/cleduboise\\\/programmes-et-profils\\\/programme-langues-et-culture-internationale-lci\\\/\",\"name\":\"Programme Langues et culture internationale (1re, 2e sec., Cl\u00e9-du-Bois\u00e9) - \u00c9cole de la Cl\u00e9-du-Bois\u00e9\",\"isPartOf\":{\"@id\":\"https:\\\/\\\/cssdn.gouv.qc.ca\\\/cleduboise\\\/#website\"},\"primaryImageOfPage\":{\"@id\":\"https:\\\/\\\/cssdn.gouv.qc.ca\\\/cleduboise\\\/programmes-et-profils\\\/programme-langues-et-culture-internationale-lci\\\/#primaryimage\"},\"image\":{\"@id\":\"https:\\\/\\\/cssdn.gouv.qc.ca\\\/cleduboise\\\/programmes-et-profils\\\/programme-langues-et-culture-internationale-lci\\\/#primaryimage\"},\"thumbnailUrl\":\"https:\\\/\\\/cssdn.gouv.qc.ca\\\/cleduboise\\\/wp-content\\\/uploads\\\/sites\\\/68\\\/2022\\\/12\\\/Preinscription-LCI-2025-2026-Demarches-dinscription-complete-1re-secondaire_Page_1-1-791x1024.jpg\",\"datePublished\":\"2022-12-06T19:04:53+00:00\",\"dateModified\":\"2026-01-21T18:44:06+00:00\",\"breadcrumb\":{\"@id\":\"https:\\\/\\\/cssdn.gouv.qc.ca\\\/cleduboise\\\/programmes-et-profils\\\/programme-langues-et-culture-internationale-lci\\\/#breadcrumb\"},\"inLanguage\":\"fr-CA\",\"potentialAction\":[{\"@type\":\"ReadAction\",\"target\":[\"https:\\\/\\\/cssdn.gouv.qc.ca\\\/cleduboise\\\/programmes-et-profils\\\/programme-langues-et-culture-internationale-lci\\\/\"]}]},{\"@type\":\"ImageObject\",\"inLanguage\":\"fr-CA\",\"@id\":\"https:\\\/\\\/cssdn.gouv.qc.ca\\\/cleduboise\\\/programmes-et-profils\\\/programme-langues-et-culture-internationale-lci\\\/#primaryimage\",\"url\":\"https:\\\/\\\/cssdn.gouv.qc.ca\\\/cleduboise\\\/wp-content\\\/uploads\\\/sites\\\/68\\\/2022\\\/12\\\/Preinscription-LCI-2025-2026-Demarches-dinscription-complete-1re-secondaire_Page_1-1.jpg\",\"contentUrl\":\"https:\\\/\\\/cssdn.gouv.qc.ca\\\/cleduboise\\\/wp-content\\\/uploads\\\/sites\\\/68\\\/2022\\\/12\\\/Preinscription-LCI-2025-2026-Demarches-dinscription-complete-1re-secondaire_Page_1-1.jpg\",\"width\":1701,\"height\":2201},{\"@type\":\"BreadcrumbList\",\"@id\":\"https:\\\/\\\/cssdn.gouv.qc.ca\\\/cleduboise\\\/programmes-et-profils\\\/programme-langues-et-culture-internationale-lci\\\/#breadcrumb\",\"itemListElement\":[{\"@type\":\"ListItem\",\"position\":1,\"name\":\"Accueil\",\"item\":\"https:\\\/\\\/cssdn.gouv.qc.ca\\\/cleduboise\\\/\"},{\"@type\":\"ListItem\",\"position\":2,\"name\":\"Programmes et profils\",\"item\":\"https:\\\/\\\/cssdn.gouv.qc.ca\\\/cleduboise\\\/programmes-et-profils\\\/\"},{\"@type\":\"ListItem\",\"position\":3,\"name\":\"Programme Langues et culture internationale (1re, 2e sec., Cl\u00e9-du-Bois\u00e9)\"}]},{\"@type\":\"WebSite\",\"@id\":\"https:\\\/\\\/cssdn.gouv.qc.ca\\\/cleduboise\\\/#website\",\"url\":\"https:\\\/\\\/cssdn.gouv.qc.ca\\\/cleduboise\\\/\",\"name\":\"\u00c9cole de la Cl\u00e9-du-Bois\u00e9\",\"description\":\"Un site des centres de services scolaires des Navigateurs\",\"publisher\":{\"@id\":\"https:\\\/\\\/cssdn.gouv.qc.ca\\\/cleduboise\\\/#organization\"},\"potentialAction\":[{\"@type\":\"SearchAction\",\"target\":{\"@type\":\"EntryPoint\",\"urlTemplate\":\"https:\\\/\\\/cssdn.gouv.qc.ca\\\/cleduboise\\\/?s={search_term_string}\"},\"query-input\":{\"@type\":\"PropertyValueSpecification\",\"valueRequired\":true,\"valueName\":\"search_term_string\"}}],\"inLanguage\":\"fr-CA\"},{\"@type\":\"Organization\",\"@id\":\"https:\\\/\\\/cssdn.gouv.qc.ca\\\/cleduboise\\\/#organization\",\"name\":\"\u00c9cole de la Cl\u00e9-du-Bois\u00e9\",\"url\":\"https:\\\/\\\/cssdn.gouv.qc.ca\\\/cleduboise\\\/\",\"logo\":{\"@type\":\"ImageObject\",\"inLanguage\":\"fr-CA\",\"@id\":\"https:\\\/\\\/cssdn.gouv.qc.ca\\\/cleduboise\\\/#\\\/schema\\\/logo\\\/image\\\/\",\"url\":\"https:\\\/\\\/cssdn.gouv.qc.ca\\\/cleduboise\\\/wp-content\\\/uploads\\\/sites\\\/68\\\/2023\\\/01\\\/logo_quebec.svg\",\"contentUrl\":\"https:\\\/\\\/cssdn.gouv.qc.ca\\\/cleduboise\\\/wp-content\\\/uploads\\\/sites\\\/68\\\/2023\\\/01\\\/logo_quebec.svg\",\"width\":188,\"height\":41,\"caption\":\"\u00c9cole de la Cl\u00e9-du-Bois\u00e9\"},\"image\":{\"@id\":\"https:\\\/\\\/cssdn.gouv.qc.ca\\\/cleduboise\\\/#\\\/schema\\\/logo\\\/image\\\/\"},\"sameAs\":[\"https:\\\/\\\/www.facebook.com\\\/cleduboise\",\"https:\\\/\\\/x.com\\\/CSSNavigateurs\",\"https:\\\/\\\/www.instagram.com\\\/cssnavigateurs\\\/\",\"https:\\\/\\\/www.youtube.com\\\/channel\\\/UCHbNBehije70JBzCIVT82bQ\",\"https:\\\/\\\/www.linkedin.com\\\/company\\\/cssdn\"]}]}<\/script>\n<!-- \/ Yoast SEO plugin. -->","yoast_head_json":{"title":"Programme Langues et culture internationale (1re, 2e sec., Cl\u00e9-du-Bois\u00e9) - \u00c9cole de la Cl\u00e9-du-Bois\u00e9","robots":{"index":"index","follow":"follow","max-snippet":"max-snippet:-1","max-image-preview":"max-image-preview:large","max-video-preview":"max-video-preview:-1"},"canonical":"https:\/\/cssdn.gouv.qc.ca\/cleduboise\/programmes-et-profils\/programme-langues-et-culture-internationale-lci\/","og_locale":"fr_CA","og_type":"article","og_title":"Programme Langues et culture internationale (1re, 2e sec., Cl\u00e9-du-Bois\u00e9) - \u00c9cole de la Cl\u00e9-du-Bois\u00e9","og_description":"Le programme Langues et culture internationale (LCI) a pour objectif de favoriser l&rsquo;acquisition de connaissances linguistiques et culturelles et de d\u00e9velopper l&rsquo;engagement communautaire ainsi que la curiosit\u00e9 intellectuelle. Consultez la brochure ci-dessous pour en savoir plus! Pr\u00e9inscription &#8211; Programme LCI 1re secondaire 2026-2027 Informations importantes pour compl\u00e9ter votre inscription : consultez-les ci-dessous. En r\u00e9sum\u00e9 :","og_url":"https:\/\/cssdn.gouv.qc.ca\/cleduboise\/programmes-et-profils\/programme-langues-et-culture-internationale-lci\/","og_site_name":"\u00c9cole de la Cl\u00e9-du-Bois\u00e9","article_publisher":"https:\/\/www.facebook.com\/cleduboise","article_modified_time":"2026-01-21T18:44:06+00:00","og_image":[{"width":1701,"height":2201,"url":"https:\/\/cssdn.gouv.qc.ca\/cleduboise\/wp-content\/uploads\/sites\/68\/2022\/12\/Preinscription-LCI-2025-2026-Demarches-dinscription-complete-1re-secondaire_Page_1-1.jpg","type":"image\/jpeg"}],"twitter_card":"summary_large_image","twitter_site":"@CSSNavigateurs","twitter_misc":{"Estimation du temps de lecture":"1 minute"},"schema":{"@context":"https:\/\/schema.org","@graph":[{"@type":"WebPage","@id":"https:\/\/cssdn.gouv.qc.ca\/cleduboise\/programmes-et-profils\/programme-langues-et-culture-internationale-lci\/","url":"https:\/\/cssdn.gouv.qc.ca\/cleduboise\/programmes-et-profils\/programme-langues-et-culture-internationale-lci\/","name":"Programme Langues et culture internationale (1re, 2e sec., Cl\u00e9-du-Bois\u00e9) - \u00c9cole de la Cl\u00e9-du-Bois\u00e9","isPartOf":{"@id":"https:\/\/cssdn.gouv.qc.ca\/cleduboise\/#website"},"primaryImageOfPage":{"@id":"https:\/\/cssdn.gouv.qc.ca\/cleduboise\/programmes-et-profils\/programme-langues-et-culture-internationale-lci\/#primaryimage"},"image":{"@id":"https:\/\/cssdn.gouv.qc.ca\/cleduboise\/programmes-et-profils\/programme-langues-et-culture-internationale-lci\/#primaryimage"},"thumbnailUrl":"https:\/\/cssdn.gouv.qc.ca\/cleduboise\/wp-content\/uploads\/sites\/68\/2022\/12\/Preinscription-LCI-2025-2026-Demarches-dinscription-complete-1re-secondaire_Page_1-1-791x1024.jpg","datePublished":"2022-12-06T19:04:53+00:00","dateModified":"2026-01-21T18:44:06+00:00","breadcrumb":{"@id":"https:\/\/cssdn.gouv.qc.ca\/cleduboise\/programmes-et-profils\/programme-langues-et-culture-internationale-lci\/#breadcrumb"},"inLanguage":"fr-CA","potentialAction":[{"@type":"ReadAction","target":["https:\/\/cssdn.gouv.qc.ca\/cleduboise\/programmes-et-profils\/programme-langues-et-culture-internationale-lci\/"]}]},{"@type":"ImageObject","inLanguage":"fr-CA","@id":"https:\/\/cssdn.gouv.qc.ca\/cleduboise\/programmes-et-profils\/programme-langues-et-culture-internationale-lci\/#primaryimage","url":"https:\/\/cssdn.gouv.qc.ca\/cleduboise\/wp-content\/uploads\/sites\/68\/2022\/12\/Preinscription-LCI-2025-2026-Demarches-dinscription-complete-1re-secondaire_Page_1-1.jpg","contentUrl":"https:\/\/cssdn.gouv.qc.ca\/cleduboise\/wp-content\/uploads\/sites\/68\/2022\/12\/Preinscription-LCI-2025-2026-Demarches-dinscription-complete-1re-secondaire_Page_1-1.jpg","width":1701,"height":2201},{"@type":"BreadcrumbList","@id":"https:\/\/cssdn.gouv.qc.ca\/cleduboise\/programmes-et-profils\/programme-langues-et-culture-internationale-lci\/#breadcrumb","itemListElement":[{"@type":"ListItem","position":1,"name":"Accueil","item":"https:\/\/cssdn.gouv.qc.ca\/cleduboise\/"},{"@type":"ListItem","position":2,"name":"Programmes et profils","item":"https:\/\/cssdn.gouv.qc.ca\/cleduboise\/programmes-et-profils\/"},{"@type":"ListItem","position":3,"name":"Programme Langues et culture internationale (1re, 2e sec., Cl\u00e9-du-Bois\u00e9)"}]},{"@type":"WebSite","@id":"https:\/\/cssdn.gouv.qc.ca\/cleduboise\/#website","url":"https:\/\/cssdn.gouv.qc.ca\/cleduboise\/","name":"\u00c9cole de la Cl\u00e9-du-Bois\u00e9","description":"Un site des centres de services scolaires des Navigateurs","publisher":{"@id":"https:\/\/cssdn.gouv.qc.ca\/cleduboise\/#organization"},"potentialAction":[{"@type":"SearchAction","target":{"@type":"EntryPoint","urlTemplate":"https:\/\/cssdn.gouv.qc.ca\/cleduboise\/?s={search_term_string}"},"query-input":{"@type":"PropertyValueSpecification","valueRequired":true,"valueName":"search_term_string"}}],"inLanguage":"fr-CA"},{"@type":"Organization","@id":"https:\/\/cssdn.gouv.qc.ca\/cleduboise\/#organization","name":"\u00c9cole de la Cl\u00e9-du-Bois\u00e9","url":"https:\/\/cssdn.gouv.qc.ca\/cleduboise\/","logo":{"@type":"ImageObject","inLanguage":"fr-CA","@id":"https:\/\/cssdn.gouv.qc.ca\/cleduboise\/#\/schema\/logo\/image\/","url":"https:\/\/cssdn.gouv.qc.ca\/cleduboise\/wp-content\/uploads\/sites\/68\/2023\/01\/logo_quebec.svg","contentUrl":"https:\/\/cssdn.gouv.qc.ca\/cleduboise\/wp-content\/uploads\/sites\/68\/2023\/01\/logo_quebec.svg","width":188,"height":41,"caption":"\u00c9cole de la Cl\u00e9-du-Bois\u00e9"},"image":{"@id":"https:\/\/cssdn.gouv.qc.ca\/cleduboise\/#\/schema\/logo\/image\/"},"sameAs":["https:\/\/www.facebook.com\/cleduboise","https:\/\/x.com\/CSSNavigateurs","https:\/\/www.instagram.com\/cssnavigateurs\/","https:\/\/www.youtube.com\/channel\/UCHbNBehije70JBzCIVT82bQ","https:\/\/www.linkedin.com\/company\/cssdn"]}]}},"publishpress_future_workflow_manual_trigger":{"enabledWorkflows":[]},"_links":{"self":[{"href":"https:\/\/cssdn.gouv.qc.ca\/cleduboise\/wp-json\/wp\/v2\/programmes\/229","targetHints":{"allow":["GET"]}}],"collection":[{"href":"https:\/\/cssdn.gouv.qc.ca\/cleduboise\/wp-json\/wp\/v2\/programmes"}],"about":[{"href":"https:\/\/cssdn.gouv.qc.ca\/cleduboise\/wp-json\/wp\/v2\/types\/programme"}],"wp:attachment":[{"href":"https:\/\/cssdn.gouv.qc.ca\/cleduboise\/wp-json\/wp\/v2\/media?parent=229"}],"wp:term":[{"taxonomy":"niveau","embeddable":true,"href":"https:\/\/cssdn.gouv.qc.ca\/cleduboise\/wp-json\/wp\/v2\/niveau?post=229"},{"taxonomy":"domaine","embeddable":true,"href":"https:\/\/cssdn.gouv.qc.ca\/cleduboise\/wp-json\/wp\/v2\/domaine?post=229"},{"taxonomy":"municipalite","embeddable":true,"href":"https:\/\/cssdn.gouv.qc.ca\/cleduboise\/wp-json\/wp\/v2\/municipalite?post=229"}],"curies":[{"name":"wp","href":"https:\/\/api.w.org\/{rel}","templated":true}]}}