
{"id":692,"date":"2023-09-11T14:07:39","date_gmt":"2023-09-11T18:07:39","guid":{"rendered":"https:\/\/cssdn.gouv.qc.ca\/ecgc\/?post_type=event&#038;p=692"},"modified":"2023-09-11T14:09:57","modified_gmt":"2023-09-11T18:09:57","slug":"admission-aux-programmes-langues-et-multimedia-programme-detucation-intermediaire","status":"publish","type":"event","link":"https:\/\/cssdn.gouv.qc.ca\/ecgc\/evenements\/admission-aux-programmes-langues-et-multimedia-programme-detucation-intermediaire\/","title":{"rendered":"Admissions aux programmes Langues et Multim\u00e9dia \/ Programme d&rsquo;\u00c9ducation Interm\u00e9diaire"},"content":{"rendered":"\n\n<section class=\"align event-details\" id=\"testimonial-block_2b77b046aa85002930acd3af78bf56ed\">\n    <div class=\"event-details__date\">\n        11 septembre 2023 au 06 octobre 2023, 13:00    <\/div>\n            <div class=\"event-details__address\">\n            <span class=\"location\">https:\/\/cssdn.gouv.qc.ca\/ecgc\/inscriptions\/<\/span>        <\/div>\n                    <div class=\"event-details__link\">\n            <div class=\"wp-block-button\">\n                <a class=\"wp-block-button__link wp-element-button addToCalendar\">Ajouter \u00e0 mon calendrier<\/a>\n            <\/div>\n            <div class=\"list-links listCalendar\">\n                <a href=\"data:text\/calendar;charset=utf8;base64,QkVHSU46VkNBTEVOREFSDQpWRVJTSU9OOjIuMA0KUFJPRElEOlNwYXRpZSBjYWxlbmRhci1saW5rcw0KQkVHSU46VkVWRU5UDQpVSUQ6NzgxMzBmZmI2MDA5YmM5ZTBiOTc3YzRmMTQ2Y2U1YjYNClNVTU1BUlk6QWRtaXNzaW9ucyBhdXggcHJvZ3JhbW1lcyBMYW5ndWVzIGV0IE11bHRpbcOpZGlhIC8gUHJvZ3JhbW1lIGQmcnNxdW9cO8OJZHVjYXRpb24gSW50ZXJtw6lkaWFpcmUNCkRUU1RBTVA7VFpJRD1VVEM6MjAyMzA5MTFUMTMwMDAwDQpEVFNUQVJUO1RaSUQ9VVRDOjIwMjMwOTExVDEzMDAwMA0KRFRFTkQ7VFpJRD1VVEM6MjAyMzEwMDZUMTMwMDAwDQpYLUFMVC1ERVNDO0ZNVFRZUEU9dGV4dC9odG1sOkTDqWJ1dCBkZXMgaW5zY3JpcHRpb25zIExNIC8gUEVJDQpMT0NBVElPTjpodHRwczovL2Nzc2RuLmdvdXYucWMuY2EvZWNnYy9pbnNjcmlwdGlvbnMvDQpFTkQ6VkVWRU5UDQpFTkQ6VkNBTEVOREFS\" target=\"_blank\" title=\"Ajouter Admissions aux programmes Langues et Multim\u00e9dia \/ Programme d&rsquo;\u00c9ducation Interm\u00e9diaire \u00e0 iCalendar\" class=\"btn_ical link_calendar\">Apple<\/a>\n                <a href=\"https:\/\/calendar.google.com\/calendar\/render?action=TEMPLATE&#038;dates=20230911T130000Z\/20231006T130000Z&#038;ctz=UTC&#038;text=Admissions+aux+programmes+Langues+et+Multim%C3%A9dia+%2F+Programme+d%26rsquo%3B%C3%89ducation+Interm%C3%A9diaire&#038;details=D%C3%A9but+des+inscriptions+LM+%2F+PEI&#038;location=https%3A%2F%2Fcssdn.gouv.qc.ca%2Fecgc%2Finscriptions%2F\" target=\"_blank\" title=\"Ajouter Admissions aux programmes Langues et Multim\u00e9dia \/ Programme d&rsquo;\u00c9ducation Interm\u00e9diaire \u00e0 Google \" class=\"btn_google link_calendar\">Google<\/a>\n                <a href=\"https:\/\/outlook.live.com\/calendar\/deeplink\/compose?path=\/calendar\/action\/compose&#038;rru=addevent&#038;startdt=2023-09-11T13:00:00Z&#038;enddt=2023-10-06T13:00:00Z&#038;subject=Admissions%20aux%20programmes%20Langues%20et%20Multim%C3%A9dia%20%2F%20Programme%20d%26rsquo%3B%C3%89ducation%20Interm%C3%A9diaire&#038;body=D%C3%A9but%20des%20inscriptions%20LM%20%2F%20PEI&#038;location=https%3A%2F%2Fcssdn.gouv.qc.ca%2Fecgc%2Finscriptions%2F\" target=\"_blank\" title=\"Ajouter Admissions aux programmes Langues et Multim\u00e9dia \/ Programme d&rsquo;\u00c9ducation Interm\u00e9diaire \u00e0 Outlook\" class=\"btn_outlook link_calendar\">Outlook<\/a>\n\n            <\/div>\n        <\/div>\n    <\/section>\n","protected":false},"excerpt":{"rendered":"","protected":false},"featured_media":0,"template":"","category_event":[],"class_list":["post-692","event","type-event","status-publish","hentry"],"acf":[],"yoast_head":"<!-- This site is optimized with the Yoast SEO plugin v27.5 - https:\/\/yoast.com\/product\/yoast-seo-wordpress\/ -->\n<title>Admissions aux programmes Langues et Multim\u00e9dia \/ Programme d&#039;\u00c9ducation Interm\u00e9diaire - \u00c9cole secondaire Champagnat, Guillaume-Couture<\/title>\n<meta name=\"robots\" content=\"index, follow, max-snippet:-1, max-image-preview:large, max-video-preview:-1\" \/>\n<link rel=\"canonical\" href=\"https:\/\/cssdn.gouv.qc.ca\/ecgc\/evenements\/admission-aux-programmes-langues-et-multimedia-programme-detucation-intermediaire\/\" \/>\n<meta property=\"og:locale\" content=\"fr_CA\" \/>\n<meta property=\"og:type\" content=\"article\" \/>\n<meta property=\"og:title\" content=\"Admissions aux programmes Langues et Multim\u00e9dia \/ Programme d&#039;\u00c9ducation Interm\u00e9diaire - \u00c9cole secondaire Champagnat, Guillaume-Couture\" \/>\n<meta property=\"og:url\" content=\"https:\/\/cssdn.gouv.qc.ca\/ecgc\/evenements\/admission-aux-programmes-langues-et-multimedia-programme-detucation-intermediaire\/\" \/>\n<meta property=\"og:site_name\" content=\"\u00c9cole secondaire Champagnat, Guillaume-Couture\" \/>\n<meta property=\"article:modified_time\" content=\"2023-09-11T18:09:57+00:00\" \/>\n<meta name=\"twitter:card\" content=\"summary_large_image\" \/>\n<meta name=\"twitter:site\" content=\"@CSSNavigateurs\" \/>\n<script type=\"application\/ld+json\" class=\"yoast-schema-graph\">{\"@context\":\"https:\\\/\\\/schema.org\",\"@graph\":[{\"@type\":\"WebPage\",\"@id\":\"https:\\\/\\\/cssdn.gouv.qc.ca\\\/ecgc\\\/evenements\\\/admission-aux-programmes-langues-et-multimedia-programme-detucation-intermediaire\\\/\",\"url\":\"https:\\\/\\\/cssdn.gouv.qc.ca\\\/ecgc\\\/evenements\\\/admission-aux-programmes-langues-et-multimedia-programme-detucation-intermediaire\\\/\",\"name\":\"Admissions aux programmes Langues et Multim\u00e9dia \\\/ Programme d'\u00c9ducation Interm\u00e9diaire - \u00c9cole secondaire Champagnat, Guillaume-Couture\",\"isPartOf\":{\"@id\":\"https:\\\/\\\/cssdn.gouv.qc.ca\\\/ecgc\\\/#website\"},\"datePublished\":\"2023-09-11T18:07:39+00:00\",\"dateModified\":\"2023-09-11T18:09:57+00:00\",\"breadcrumb\":{\"@id\":\"https:\\\/\\\/cssdn.gouv.qc.ca\\\/ecgc\\\/evenements\\\/admission-aux-programmes-langues-et-multimedia-programme-detucation-intermediaire\\\/#breadcrumb\"},\"inLanguage\":\"fr-CA\",\"potentialAction\":[{\"@type\":\"ReadAction\",\"target\":[\"https:\\\/\\\/cssdn.gouv.qc.ca\\\/ecgc\\\/evenements\\\/admission-aux-programmes-langues-et-multimedia-programme-detucation-intermediaire\\\/\"]}]},{\"@type\":\"BreadcrumbList\",\"@id\":\"https:\\\/\\\/cssdn.gouv.qc.ca\\\/ecgc\\\/evenements\\\/admission-aux-programmes-langues-et-multimedia-programme-detucation-intermediaire\\\/#breadcrumb\",\"itemListElement\":[{\"@type\":\"ListItem\",\"position\":1,\"name\":\"Accueil\",\"item\":\"https:\\\/\\\/cssdn.gouv.qc.ca\\\/ecgc\\\/\"},{\"@type\":\"ListItem\",\"position\":2,\"name\":\"\u00c9v\u00e9nements\",\"item\":\"https:\\\/\\\/cssdn.gouv.qc.ca\\\/ecgc\\\/evenements\\\/\"},{\"@type\":\"ListItem\",\"position\":3,\"name\":\"Admissions aux programmes Langues et Multim\u00e9dia \\\/ Programme d&rsquo;\u00c9ducation Interm\u00e9diaire\"}]},{\"@type\":\"WebSite\",\"@id\":\"https:\\\/\\\/cssdn.gouv.qc.ca\\\/ecgc\\\/#website\",\"url\":\"https:\\\/\\\/cssdn.gouv.qc.ca\\\/ecgc\\\/\",\"name\":\"\u00c9cole secondaire Champagnat, Guillaume-Couture\",\"description\":\"Un site des centres de services scolaires des Navigateurs\",\"publisher\":{\"@id\":\"https:\\\/\\\/cssdn.gouv.qc.ca\\\/ecgc\\\/#organization\"},\"potentialAction\":[{\"@type\":\"SearchAction\",\"target\":{\"@type\":\"EntryPoint\",\"urlTemplate\":\"https:\\\/\\\/cssdn.gouv.qc.ca\\\/ecgc\\\/?s={search_term_string}\"},\"query-input\":{\"@type\":\"PropertyValueSpecification\",\"valueRequired\":true,\"valueName\":\"search_term_string\"}}],\"inLanguage\":\"fr-CA\"},{\"@type\":\"Organization\",\"@id\":\"https:\\\/\\\/cssdn.gouv.qc.ca\\\/ecgc\\\/#organization\",\"name\":\"\u00c9cole secondaire Champagnat, Guillaume-Couture\",\"url\":\"https:\\\/\\\/cssdn.gouv.qc.ca\\\/ecgc\\\/\",\"logo\":{\"@type\":\"ImageObject\",\"inLanguage\":\"fr-CA\",\"@id\":\"https:\\\/\\\/cssdn.gouv.qc.ca\\\/ecgc\\\/#\\\/schema\\\/logo\\\/image\\\/\",\"url\":\"https:\\\/\\\/cssdn.gouv.qc.ca\\\/ecgc\\\/wp-content\\\/uploads\\\/sites\\\/12\\\/2023\\\/01\\\/logo_quebec.svg\",\"contentUrl\":\"https:\\\/\\\/cssdn.gouv.qc.ca\\\/ecgc\\\/wp-content\\\/uploads\\\/sites\\\/12\\\/2023\\\/01\\\/logo_quebec.svg\",\"width\":188,\"height\":41,\"caption\":\"\u00c9cole secondaire Champagnat, Guillaume-Couture\"},\"image\":{\"@id\":\"https:\\\/\\\/cssdn.gouv.qc.ca\\\/ecgc\\\/#\\\/schema\\\/logo\\\/image\\\/\"},\"sameAs\":[\"https:\\\/\\\/x.com\\\/CSSNavigateurs\",\"https:\\\/\\\/www.instagram.com\\\/cssnavigateurs\\\/\",\"https:\\\/\\\/www.youtube.com\\\/channel\\\/UCHbNBehije70JBzCIVT82bQ\",\"https:\\\/\\\/www.linkedin.com\\\/company\\\/cssdn\",\"https:\\\/\\\/www.facebook.com\\\/ecole.champagnat\",\"https:\\\/\\\/www.facebook.com\\\/ecoleguillaumecouture\"]}]}<\/script>\n<!-- \/ Yoast SEO plugin. -->","yoast_head_json":{"title":"Admissions aux programmes Langues et Multim\u00e9dia \/ Programme d'\u00c9ducation Interm\u00e9diaire - \u00c9cole secondaire Champagnat, Guillaume-Couture","robots":{"index":"index","follow":"follow","max-snippet":"max-snippet:-1","max-image-preview":"max-image-preview:large","max-video-preview":"max-video-preview:-1"},"canonical":"https:\/\/cssdn.gouv.qc.ca\/ecgc\/evenements\/admission-aux-programmes-langues-et-multimedia-programme-detucation-intermediaire\/","og_locale":"fr_CA","og_type":"article","og_title":"Admissions aux programmes Langues et Multim\u00e9dia \/ Programme d'\u00c9ducation Interm\u00e9diaire - \u00c9cole secondaire Champagnat, Guillaume-Couture","og_url":"https:\/\/cssdn.gouv.qc.ca\/ecgc\/evenements\/admission-aux-programmes-langues-et-multimedia-programme-detucation-intermediaire\/","og_site_name":"\u00c9cole secondaire Champagnat, Guillaume-Couture","article_modified_time":"2023-09-11T18:09:57+00:00","twitter_card":"summary_large_image","twitter_site":"@CSSNavigateurs","schema":{"@context":"https:\/\/schema.org","@graph":[{"@type":"WebPage","@id":"https:\/\/cssdn.gouv.qc.ca\/ecgc\/evenements\/admission-aux-programmes-langues-et-multimedia-programme-detucation-intermediaire\/","url":"https:\/\/cssdn.gouv.qc.ca\/ecgc\/evenements\/admission-aux-programmes-langues-et-multimedia-programme-detucation-intermediaire\/","name":"Admissions aux programmes Langues et Multim\u00e9dia \/ Programme d'\u00c9ducation Interm\u00e9diaire - \u00c9cole secondaire Champagnat, Guillaume-Couture","isPartOf":{"@id":"https:\/\/cssdn.gouv.qc.ca\/ecgc\/#website"},"datePublished":"2023-09-11T18:07:39+00:00","dateModified":"2023-09-11T18:09:57+00:00","breadcrumb":{"@id":"https:\/\/cssdn.gouv.qc.ca\/ecgc\/evenements\/admission-aux-programmes-langues-et-multimedia-programme-detucation-intermediaire\/#breadcrumb"},"inLanguage":"fr-CA","potentialAction":[{"@type":"ReadAction","target":["https:\/\/cssdn.gouv.qc.ca\/ecgc\/evenements\/admission-aux-programmes-langues-et-multimedia-programme-detucation-intermediaire\/"]}]},{"@type":"BreadcrumbList","@id":"https:\/\/cssdn.gouv.qc.ca\/ecgc\/evenements\/admission-aux-programmes-langues-et-multimedia-programme-detucation-intermediaire\/#breadcrumb","itemListElement":[{"@type":"ListItem","position":1,"name":"Accueil","item":"https:\/\/cssdn.gouv.qc.ca\/ecgc\/"},{"@type":"ListItem","position":2,"name":"\u00c9v\u00e9nements","item":"https:\/\/cssdn.gouv.qc.ca\/ecgc\/evenements\/"},{"@type":"ListItem","position":3,"name":"Admissions aux programmes Langues et Multim\u00e9dia \/ Programme d&rsquo;\u00c9ducation Interm\u00e9diaire"}]},{"@type":"WebSite","@id":"https:\/\/cssdn.gouv.qc.ca\/ecgc\/#website","url":"https:\/\/cssdn.gouv.qc.ca\/ecgc\/","name":"\u00c9cole secondaire Champagnat, Guillaume-Couture","description":"Un site des centres de services scolaires des Navigateurs","publisher":{"@id":"https:\/\/cssdn.gouv.qc.ca\/ecgc\/#organization"},"potentialAction":[{"@type":"SearchAction","target":{"@type":"EntryPoint","urlTemplate":"https:\/\/cssdn.gouv.qc.ca\/ecgc\/?s={search_term_string}"},"query-input":{"@type":"PropertyValueSpecification","valueRequired":true,"valueName":"search_term_string"}}],"inLanguage":"fr-CA"},{"@type":"Organization","@id":"https:\/\/cssdn.gouv.qc.ca\/ecgc\/#organization","name":"\u00c9cole secondaire Champagnat, Guillaume-Couture","url":"https:\/\/cssdn.gouv.qc.ca\/ecgc\/","logo":{"@type":"ImageObject","inLanguage":"fr-CA","@id":"https:\/\/cssdn.gouv.qc.ca\/ecgc\/#\/schema\/logo\/image\/","url":"https:\/\/cssdn.gouv.qc.ca\/ecgc\/wp-content\/uploads\/sites\/12\/2023\/01\/logo_quebec.svg","contentUrl":"https:\/\/cssdn.gouv.qc.ca\/ecgc\/wp-content\/uploads\/sites\/12\/2023\/01\/logo_quebec.svg","width":188,"height":41,"caption":"\u00c9cole secondaire Champagnat, Guillaume-Couture"},"image":{"@id":"https:\/\/cssdn.gouv.qc.ca\/ecgc\/#\/schema\/logo\/image\/"},"sameAs":["https:\/\/x.com\/CSSNavigateurs","https:\/\/www.instagram.com\/cssnavigateurs\/","https:\/\/www.youtube.com\/channel\/UCHbNBehije70JBzCIVT82bQ","https:\/\/www.linkedin.com\/company\/cssdn","https:\/\/www.facebook.com\/ecole.champagnat","https:\/\/www.facebook.com\/ecoleguillaumecouture"]}]}},"publishpress_future_workflow_manual_trigger":{"enabledWorkflows":[]},"_links":{"self":[{"href":"https:\/\/cssdn.gouv.qc.ca\/ecgc\/wp-json\/wp\/v2\/event\/692","targetHints":{"allow":["GET"]}}],"collection":[{"href":"https:\/\/cssdn.gouv.qc.ca\/ecgc\/wp-json\/wp\/v2\/event"}],"about":[{"href":"https:\/\/cssdn.gouv.qc.ca\/ecgc\/wp-json\/wp\/v2\/types\/event"}],"version-history":[{"count":0,"href":"https:\/\/cssdn.gouv.qc.ca\/ecgc\/wp-json\/wp\/v2\/event\/692\/revisions"}],"wp:attachment":[{"href":"https:\/\/cssdn.gouv.qc.ca\/ecgc\/wp-json\/wp\/v2\/media?parent=692"}],"wp:term":[{"taxonomy":"category_event","embeddable":true,"href":"https:\/\/cssdn.gouv.qc.ca\/ecgc\/wp-json\/wp\/v2\/category_event?post=692"}],"curies":[{"name":"wp","href":"https:\/\/api.w.org\/{rel}","templated":true}]}}