
{"id":9,"date":"2022-11-08T16:07:54","date_gmt":"2022-11-08T21:07:54","guid":{"rendered":"https:\/\/cssdn.gouv.qc.ca\/eperviere\/a-propos\/notre-equipe\/"},"modified":"2026-02-03T14:26:34","modified_gmt":"2026-02-03T19:26:34","slug":"notre-equipe","status":"publish","type":"page","link":"https:\/\/cssdn.gouv.qc.ca\/eperviere\/a-propos\/notre-equipe\/","title":{"rendered":"Notre \u00e9quipe"},"content":{"rendered":"\n<div class=\"wp-block-cover alignfull is-light is-style-title-banner\"><img decoding=\"async\" class=\"wp-block-cover__image-background wp-image-111 lazyload\" alt=\"\" data-src=\"https:\/\/cssdn.gouv.qc.ca\/wp-content\/uploads\/2022\/08\/Seawire-Hero-06.jpg\" data-object-fit=\"cover\" src=\"data:image\/svg+xml;base64,PHN2ZyB3aWR0aD0iMSIgaGVpZ2h0PSIxIiB4bWxucz0iaHR0cDovL3d3dy53My5vcmcvMjAwMC9zdmciPjwvc3ZnPg==\" \/><span aria-hidden=\"true\" class=\"wp-block-cover__background has-primary-background-color has-background-dim\"><\/span><div class=\"wp-block-cover__inner-container\"><h3 class=\"wp-block-post-title\">Notre \u00e9quipe<\/h3><\/div><\/div>\n\n\n\n<div class=\"wp-block-group alignfull has-padding-y-large has-secondary-background-color has-background\"><\/div>\n\n\n\n<p class=\"wp-block-paragraph\">Direction : Julie Lessard<\/p>\n\n\n\n<p class=\"wp-block-paragraph\">Direction adjointe : Benjamin Lalibert\u00e9-Breton<\/p>\n\n\n\n<p class=\"wp-block-paragraph\">Responsable du service de garde: Isabelle T\u00eatu<\/p>\n\n\n\n<p class=\"wp-block-paragraph\"><strong><mark class=\"has-inline-color has-tertiary-color\">Pr\u00e9scolaire 4 ans<\/mark><\/strong><\/p>\n\n\n\n<p class=\"wp-block-paragraph\">041 &#8211; Maude Plourde-Nolet<\/p>\n\n\n\n<p class=\"wp-block-paragraph\">042 &#8211; Genevi\u00e8ve Guindon<\/p>\n\n\n\n<p class=\"wp-block-paragraph\">031 &#8211; Roxane Thibault (passe-partout)<\/p>\n\n\n\n<p class=\"wp-block-paragraph\"><mark class=\"has-inline-color has-tertiary-color\"><strong>Pr\u00e9scolaire 5 ans<\/strong><\/mark><\/p>\n\n\n\n<p class=\"wp-block-paragraph\">001 &#8211; M\u00e9lanie Lalibert\u00e9<\/p>\n\n\n\n<p class=\"wp-block-paragraph\">002 &#8211; Am\u00e9lie Rousseau<\/p>\n\n\n\n<p class=\"wp-block-paragraph\">003 &#8211; Marie-Claude Roy<\/p>\n\n\n\n<p class=\"wp-block-paragraph\"><strong><mark class=\"has-inline-color has-tertiary-color\">Primaire<\/mark><\/strong><\/p>\n\n\n\n<p class=\"wp-block-paragraph\"><strong>1\u00e8re ann\u00e9e<\/strong><\/p>\n\n\n\n<p class=\"wp-block-paragraph\">101 &#8211; Myriam Mailhot<\/p>\n\n\n\n<p class=\"wp-block-paragraph\">102 &#8211; Andr\u00e9e Pelletier<\/p>\n\n\n\n<p class=\"wp-block-paragraph\">103 &#8211; Audrey Lamontagne<\/p>\n\n\n\n<p class=\"wp-block-paragraph\">120 &#8211; Cynthia Houde<\/p>\n\n\n\n<p class=\"wp-block-paragraph\"><strong>2e ann\u00e9e<\/strong><\/p>\n\n\n\n<p class=\"wp-block-paragraph\">201 &#8211; Bruno Montminy<\/p>\n\n\n\n<p class=\"wp-block-paragraph\">202 &#8211; Genevi\u00e8ve Bourque <\/p>\n\n\n\n<p class=\"wp-block-paragraph\">210 &#8211; Cynthia Houde<\/p>\n\n\n\n<p class=\"wp-block-paragraph\"><strong>3e ann\u00e9e<\/strong><\/p>\n\n\n\n<p class=\"wp-block-paragraph\">301 &#8211; Nancy Roy<\/p>\n\n\n\n<p class=\"wp-block-paragraph\">302 &#8211; Nathalie Grondin<\/p>\n\n\n\n<p class=\"wp-block-paragraph\">303 &#8211; Elisa-Sandra Dagnault Breton<\/p>\n\n\n\n<p class=\"wp-block-paragraph\"><strong>4e ann\u00e9e <\/strong><\/p>\n\n\n\n<p class=\"wp-block-paragraph\">401 &#8211; Val\u00e9rie Dion<\/p>\n\n\n\n<p class=\"wp-block-paragraph\">402 &#8211; M\u00e9lanie B\u00e9dard<\/p>\n\n\n\n<p class=\"wp-block-paragraph\">450 &#8211; Emmanuel Beaudoin<\/p>\n\n\n\n<h5 class=\"wp-block-heading has-grey-90-color has-text-color has-link-color wp-elements-0a594a8f2dd2d4b504229ca680091586\">5e ann\u00e9e<\/h5>\n\n\n\n<p class=\"wp-block-paragraph\">540 &#8211; Emmanuel Beaudoin<\/p>\n\n\n\n<p class=\"wp-block-paragraph\">501 &#8211; Jean-Benoit Allard<\/p>\n\n\n\n<p class=\"wp-block-paragraph\">502 &#8211; Kym Joncas<\/p>\n\n\n\n<p class=\"wp-block-paragraph\">560 &#8211; S\u00e9bastien C\u00f4t\u00e9<\/p>\n\n\n\n<h5 class=\"wp-block-heading has-grey-90-color has-text-color has-link-color wp-elements-3d419f7777d525b7a1652897dad99e84\">6e ann\u00e9e<\/h5>\n\n\n\n<p class=\"wp-block-paragraph\">650 &#8211; S\u00e9bastien C\u00f4t\u00e9<\/p>\n\n\n\n<p class=\"wp-block-paragraph\">601 &#8211; Eve-Lynn Lacombe<\/p>\n\n\n\n<p class=\"wp-block-paragraph\">602 &#8211; Audr\u00e9e Plamondon<\/p>\n\n\n\n<p class=\"wp-block-paragraph\"><strong><mark class=\"has-inline-color has-tertiary-color\">SP\u00c9CIALISTES<\/mark><\/strong><\/p>\n\n\n\n<p class=\"wp-block-paragraph\">Musique : Kevin Pichette<\/p>\n\n\n\n<p class=\"wp-block-paragraph\">Musique 6e ann\u00e9e et 001 : St\u00e9phane Richard<\/p>\n\n\n\n<p class=\"wp-block-paragraph\">\u00c9ducation physique : Eric Bouchard et William Szalay<\/p>\n\n\n\n<p class=\"wp-block-paragraph\">Enseignant d&rsquo;\u00e9ducation physique et responsable du programme des mini-gu\u00e9pards : J\u00e9r\u00e9mie Pr\u00e9mont<\/p>\n\n\n\n<p class=\"wp-block-paragraph\">Anglais : Jenifer Grenier<\/p>\n\n\n\n<p class=\"wp-block-paragraph\">Compl\u00e9ment de t\u00e2ches : Elisa-Sandra Dagnault Breton, Caroline Roussin et Christine Parent<\/p>\n","protected":false},"excerpt":{"rendered":"<p>Direction : Julie Lessard Direction adjointe : Benjamin Lalibert\u00e9-Breton Responsable du service de garde: Isabelle T\u00eatu Pr\u00e9scolaire 4 ans 041 &#8211; Maude Plourde-Nolet 042 &#8211; Genevi\u00e8ve Guindon 031 &#8211; Roxane Thibault (passe-partout) Pr\u00e9scolaire 5 ans 001 &#8211; M\u00e9lanie Lalibert\u00e9 002 &#8211; Am\u00e9lie Rousseau 003 &#8211; Marie-Claude Roy Primaire 1\u00e8re ann\u00e9e 101 &#8211; Myriam Mailhot 102 [&hellip;]<\/p>\n","protected":false},"author":1,"featured_media":0,"parent":6,"menu_order":0,"comment_status":"closed","ping_status":"closed","template":"","meta":{"_acf_changed":false,"_crdt_document":"","inline_featured_image":false,"footnotes":""},"categories":[],"tags":[],"class_list":["post-9","page","type-page","status-publish","hentry"],"acf":[],"yoast_head":"<!-- This site is optimized with the Yoast SEO plugin v27.5 - https:\/\/yoast.com\/product\/yoast-seo-wordpress\/ -->\n<title>Notre \u00e9quipe - \u00c9cole de l\u2019\u00c9pervi\u00e8re<\/title>\n<meta name=\"robots\" content=\"index, follow, max-snippet:-1, max-image-preview:large, max-video-preview:-1\" \/>\n<link rel=\"canonical\" href=\"https:\/\/cssdn.gouv.qc.ca\/eperviere\/a-propos\/notre-equipe\/\" \/>\n<meta property=\"og:locale\" content=\"fr_CA\" \/>\n<meta property=\"og:type\" content=\"article\" \/>\n<meta property=\"og:title\" content=\"Notre \u00e9quipe - \u00c9cole de l\u2019\u00c9pervi\u00e8re\" \/>\n<meta property=\"og:description\" content=\"Direction : Julie Lessard Direction adjointe : Benjamin Lalibert\u00e9-Breton Responsable du service de garde: Isabelle T\u00eatu Pr\u00e9scolaire 4 ans 041 &#8211; Maude Plourde-Nolet 042 &#8211; Genevi\u00e8ve Guindon 031 &#8211; Roxane Thibault (passe-partout) Pr\u00e9scolaire 5 ans 001 &#8211; M\u00e9lanie Lalibert\u00e9 002 &#8211; Am\u00e9lie Rousseau 003 &#8211; Marie-Claude Roy Primaire 1\u00e8re ann\u00e9e 101 &#8211; Myriam Mailhot 102 [&hellip;]\" \/>\n<meta property=\"og:url\" content=\"https:\/\/cssdn.gouv.qc.ca\/eperviere\/a-propos\/notre-equipe\/\" \/>\n<meta property=\"og:site_name\" content=\"\u00c9cole de l\u2019\u00c9pervi\u00e8re\" \/>\n<meta property=\"article:publisher\" content=\"https:\/\/www.facebook.com\/epervierestetherese\" \/>\n<meta property=\"article:modified_time\" content=\"2026-02-03T19:26:34+00:00\" \/>\n<meta name=\"twitter:card\" content=\"summary_large_image\" \/>\n<meta name=\"twitter:label1\" content=\"Estimation du temps de lecture\" \/>\n\t<meta name=\"twitter:data1\" content=\"1 minute\" \/>\n<script type=\"application\/ld+json\" class=\"yoast-schema-graph\">{\"@context\":\"https:\\\/\\\/schema.org\",\"@graph\":[{\"@type\":\"WebPage\",\"@id\":\"https:\\\/\\\/cssdn.gouv.qc.ca\\\/eperviere\\\/a-propos\\\/notre-equipe\\\/\",\"url\":\"https:\\\/\\\/cssdn.gouv.qc.ca\\\/eperviere\\\/a-propos\\\/notre-equipe\\\/\",\"name\":\"Notre \u00e9quipe - \u00c9cole de l\u2019\u00c9pervi\u00e8re\",\"isPartOf\":{\"@id\":\"https:\\\/\\\/cssdn.gouv.qc.ca\\\/eperviere\\\/#website\"},\"primaryImageOfPage\":{\"@id\":\"https:\\\/\\\/cssdn.gouv.qc.ca\\\/eperviere\\\/a-propos\\\/notre-equipe\\\/#primaryimage\"},\"image\":{\"@id\":\"https:\\\/\\\/cssdn.gouv.qc.ca\\\/eperviere\\\/a-propos\\\/notre-equipe\\\/#primaryimage\"},\"thumbnailUrl\":\"https:\\\/\\\/cssdn.gouv.qc.ca\\\/wp-content\\\/uploads\\\/2022\\\/08\\\/Seawire-Hero-06.jpg\",\"datePublished\":\"2022-11-08T21:07:54+00:00\",\"dateModified\":\"2026-02-03T19:26:34+00:00\",\"breadcrumb\":{\"@id\":\"https:\\\/\\\/cssdn.gouv.qc.ca\\\/eperviere\\\/a-propos\\\/notre-equipe\\\/#breadcrumb\"},\"inLanguage\":\"fr-CA\",\"potentialAction\":[{\"@type\":\"ReadAction\",\"target\":[\"https:\\\/\\\/cssdn.gouv.qc.ca\\\/eperviere\\\/a-propos\\\/notre-equipe\\\/\"]}]},{\"@type\":\"ImageObject\",\"inLanguage\":\"fr-CA\",\"@id\":\"https:\\\/\\\/cssdn.gouv.qc.ca\\\/eperviere\\\/a-propos\\\/notre-equipe\\\/#primaryimage\",\"url\":\"https:\\\/\\\/cssdn.gouv.qc.ca\\\/wp-content\\\/uploads\\\/2022\\\/08\\\/Seawire-Hero-06.jpg\",\"contentUrl\":\"https:\\\/\\\/cssdn.gouv.qc.ca\\\/wp-content\\\/uploads\\\/2022\\\/08\\\/Seawire-Hero-06.jpg\"},{\"@type\":\"BreadcrumbList\",\"@id\":\"https:\\\/\\\/cssdn.gouv.qc.ca\\\/eperviere\\\/a-propos\\\/notre-equipe\\\/#breadcrumb\",\"itemListElement\":[{\"@type\":\"ListItem\",\"position\":1,\"name\":\"Accueil\",\"item\":\"https:\\\/\\\/cssdn.gouv.qc.ca\\\/eperviere\\\/\"},{\"@type\":\"ListItem\",\"position\":2,\"name\":\"\u00c0 propos de l&rsquo;\u00e9cole\",\"item\":\"https:\\\/\\\/cssdn.gouv.qc.ca\\\/eperviere\\\/a-propos\\\/\"},{\"@type\":\"ListItem\",\"position\":3,\"name\":\"Notre \u00e9quipe\"}]},{\"@type\":\"WebSite\",\"@id\":\"https:\\\/\\\/cssdn.gouv.qc.ca\\\/eperviere\\\/#website\",\"url\":\"https:\\\/\\\/cssdn.gouv.qc.ca\\\/eperviere\\\/\",\"name\":\"\u00c9cole de l\u2019\u00c9pervi\u00e8re\",\"description\":\"Un site des centres de services scolaires des Navigateurs\",\"publisher\":{\"@id\":\"https:\\\/\\\/cssdn.gouv.qc.ca\\\/eperviere\\\/#organization\"},\"potentialAction\":[{\"@type\":\"SearchAction\",\"target\":{\"@type\":\"EntryPoint\",\"urlTemplate\":\"https:\\\/\\\/cssdn.gouv.qc.ca\\\/eperviere\\\/?s={search_term_string}\"},\"query-input\":{\"@type\":\"PropertyValueSpecification\",\"valueRequired\":true,\"valueName\":\"search_term_string\"}}],\"inLanguage\":\"fr-CA\"},{\"@type\":\"Organization\",\"@id\":\"https:\\\/\\\/cssdn.gouv.qc.ca\\\/eperviere\\\/#organization\",\"name\":\"\u00c9cole de l\u2019\u00c9pervi\u00e8re\",\"url\":\"https:\\\/\\\/cssdn.gouv.qc.ca\\\/eperviere\\\/\",\"logo\":{\"@type\":\"ImageObject\",\"inLanguage\":\"fr-CA\",\"@id\":\"https:\\\/\\\/cssdn.gouv.qc.ca\\\/eperviere\\\/#\\\/schema\\\/logo\\\/image\\\/\",\"url\":\"https:\\\/\\\/cssdn.gouv.qc.ca\\\/eperviere\\\/wp-content\\\/uploads\\\/sites\\\/28\\\/2023\\\/01\\\/logo_quebec.svg\",\"contentUrl\":\"https:\\\/\\\/cssdn.gouv.qc.ca\\\/eperviere\\\/wp-content\\\/uploads\\\/sites\\\/28\\\/2023\\\/01\\\/logo_quebec.svg\",\"width\":188,\"height\":41,\"caption\":\"\u00c9cole de l\u2019\u00c9pervi\u00e8re\"},\"image\":{\"@id\":\"https:\\\/\\\/cssdn.gouv.qc.ca\\\/eperviere\\\/#\\\/schema\\\/logo\\\/image\\\/\"},\"sameAs\":[\"https:\\\/\\\/www.facebook.com\\\/epervierestetherese\"]}]}<\/script>\n<!-- \/ Yoast SEO plugin. -->","yoast_head_json":{"title":"Notre \u00e9quipe - \u00c9cole de l\u2019\u00c9pervi\u00e8re","robots":{"index":"index","follow":"follow","max-snippet":"max-snippet:-1","max-image-preview":"max-image-preview:large","max-video-preview":"max-video-preview:-1"},"canonical":"https:\/\/cssdn.gouv.qc.ca\/eperviere\/a-propos\/notre-equipe\/","og_locale":"fr_CA","og_type":"article","og_title":"Notre \u00e9quipe - \u00c9cole de l\u2019\u00c9pervi\u00e8re","og_description":"Direction : Julie Lessard Direction adjointe : Benjamin Lalibert\u00e9-Breton Responsable du service de garde: Isabelle T\u00eatu Pr\u00e9scolaire 4 ans 041 &#8211; Maude Plourde-Nolet 042 &#8211; Genevi\u00e8ve Guindon 031 &#8211; Roxane Thibault (passe-partout) Pr\u00e9scolaire 5 ans 001 &#8211; M\u00e9lanie Lalibert\u00e9 002 &#8211; Am\u00e9lie Rousseau 003 &#8211; Marie-Claude Roy Primaire 1\u00e8re ann\u00e9e 101 &#8211; Myriam Mailhot 102 [&hellip;]","og_url":"https:\/\/cssdn.gouv.qc.ca\/eperviere\/a-propos\/notre-equipe\/","og_site_name":"\u00c9cole de l\u2019\u00c9pervi\u00e8re","article_publisher":"https:\/\/www.facebook.com\/epervierestetherese","article_modified_time":"2026-02-03T19:26:34+00:00","twitter_card":"summary_large_image","twitter_misc":{"Estimation du temps de lecture":"1 minute"},"schema":{"@context":"https:\/\/schema.org","@graph":[{"@type":"WebPage","@id":"https:\/\/cssdn.gouv.qc.ca\/eperviere\/a-propos\/notre-equipe\/","url":"https:\/\/cssdn.gouv.qc.ca\/eperviere\/a-propos\/notre-equipe\/","name":"Notre \u00e9quipe - \u00c9cole de l\u2019\u00c9pervi\u00e8re","isPartOf":{"@id":"https:\/\/cssdn.gouv.qc.ca\/eperviere\/#website"},"primaryImageOfPage":{"@id":"https:\/\/cssdn.gouv.qc.ca\/eperviere\/a-propos\/notre-equipe\/#primaryimage"},"image":{"@id":"https:\/\/cssdn.gouv.qc.ca\/eperviere\/a-propos\/notre-equipe\/#primaryimage"},"thumbnailUrl":"https:\/\/cssdn.gouv.qc.ca\/wp-content\/uploads\/2022\/08\/Seawire-Hero-06.jpg","datePublished":"2022-11-08T21:07:54+00:00","dateModified":"2026-02-03T19:26:34+00:00","breadcrumb":{"@id":"https:\/\/cssdn.gouv.qc.ca\/eperviere\/a-propos\/notre-equipe\/#breadcrumb"},"inLanguage":"fr-CA","potentialAction":[{"@type":"ReadAction","target":["https:\/\/cssdn.gouv.qc.ca\/eperviere\/a-propos\/notre-equipe\/"]}]},{"@type":"ImageObject","inLanguage":"fr-CA","@id":"https:\/\/cssdn.gouv.qc.ca\/eperviere\/a-propos\/notre-equipe\/#primaryimage","url":"https:\/\/cssdn.gouv.qc.ca\/wp-content\/uploads\/2022\/08\/Seawire-Hero-06.jpg","contentUrl":"https:\/\/cssdn.gouv.qc.ca\/wp-content\/uploads\/2022\/08\/Seawire-Hero-06.jpg"},{"@type":"BreadcrumbList","@id":"https:\/\/cssdn.gouv.qc.ca\/eperviere\/a-propos\/notre-equipe\/#breadcrumb","itemListElement":[{"@type":"ListItem","position":1,"name":"Accueil","item":"https:\/\/cssdn.gouv.qc.ca\/eperviere\/"},{"@type":"ListItem","position":2,"name":"\u00c0 propos de l&rsquo;\u00e9cole","item":"https:\/\/cssdn.gouv.qc.ca\/eperviere\/a-propos\/"},{"@type":"ListItem","position":3,"name":"Notre \u00e9quipe"}]},{"@type":"WebSite","@id":"https:\/\/cssdn.gouv.qc.ca\/eperviere\/#website","url":"https:\/\/cssdn.gouv.qc.ca\/eperviere\/","name":"\u00c9cole de l\u2019\u00c9pervi\u00e8re","description":"Un site des centres de services scolaires des Navigateurs","publisher":{"@id":"https:\/\/cssdn.gouv.qc.ca\/eperviere\/#organization"},"potentialAction":[{"@type":"SearchAction","target":{"@type":"EntryPoint","urlTemplate":"https:\/\/cssdn.gouv.qc.ca\/eperviere\/?s={search_term_string}"},"query-input":{"@type":"PropertyValueSpecification","valueRequired":true,"valueName":"search_term_string"}}],"inLanguage":"fr-CA"},{"@type":"Organization","@id":"https:\/\/cssdn.gouv.qc.ca\/eperviere\/#organization","name":"\u00c9cole de l\u2019\u00c9pervi\u00e8re","url":"https:\/\/cssdn.gouv.qc.ca\/eperviere\/","logo":{"@type":"ImageObject","inLanguage":"fr-CA","@id":"https:\/\/cssdn.gouv.qc.ca\/eperviere\/#\/schema\/logo\/image\/","url":"https:\/\/cssdn.gouv.qc.ca\/eperviere\/wp-content\/uploads\/sites\/28\/2023\/01\/logo_quebec.svg","contentUrl":"https:\/\/cssdn.gouv.qc.ca\/eperviere\/wp-content\/uploads\/sites\/28\/2023\/01\/logo_quebec.svg","width":188,"height":41,"caption":"\u00c9cole de l\u2019\u00c9pervi\u00e8re"},"image":{"@id":"https:\/\/cssdn.gouv.qc.ca\/eperviere\/#\/schema\/logo\/image\/"},"sameAs":["https:\/\/www.facebook.com\/epervierestetherese"]}]}},"publishpress_future_action":{"enabled":false,"date":"2026-05-07 10:07:20","action":"change-status","newStatus":"draft","terms":[],"taxonomy":"category","extraData":[]},"publishpress_future_workflow_manual_trigger":{"enabledWorkflows":[]},"_links":{"self":[{"href":"https:\/\/cssdn.gouv.qc.ca\/eperviere\/wp-json\/wp\/v2\/pages\/9","targetHints":{"allow":["GET"]}}],"collection":[{"href":"https:\/\/cssdn.gouv.qc.ca\/eperviere\/wp-json\/wp\/v2\/pages"}],"about":[{"href":"https:\/\/cssdn.gouv.qc.ca\/eperviere\/wp-json\/wp\/v2\/types\/page"}],"author":[{"embeddable":true,"href":"https:\/\/cssdn.gouv.qc.ca\/eperviere\/wp-json\/wp\/v2\/users\/1"}],"replies":[{"embeddable":true,"href":"https:\/\/cssdn.gouv.qc.ca\/eperviere\/wp-json\/wp\/v2\/comments?post=9"}],"version-history":[{"count":0,"href":"https:\/\/cssdn.gouv.qc.ca\/eperviere\/wp-json\/wp\/v2\/pages\/9\/revisions"}],"up":[{"embeddable":true,"href":"https:\/\/cssdn.gouv.qc.ca\/eperviere\/wp-json\/wp\/v2\/pages\/6"}],"wp:attachment":[{"href":"https:\/\/cssdn.gouv.qc.ca\/eperviere\/wp-json\/wp\/v2\/media?parent=9"}],"wp:term":[{"taxonomy":"category","embeddable":true,"href":"https:\/\/cssdn.gouv.qc.ca\/eperviere\/wp-json\/wp\/v2\/categories?post=9"},{"taxonomy":"post_tag","embeddable":true,"href":"https:\/\/cssdn.gouv.qc.ca\/eperviere\/wp-json\/wp\/v2\/tags?post=9"}],"curies":[{"name":"wp","href":"https:\/\/api.w.org\/{rel}","templated":true}]}}