
{"id":450,"date":"2023-01-25T14:59:40","date_gmt":"2023-01-25T19:59:40","guid":{"rendered":"https:\/\/cssdn.gouv.qc.ca\/esle\/?post_type=event&#038;p=450"},"modified":"2023-01-25T14:59:42","modified_gmt":"2023-01-25T19:59:42","slug":"finale-locale-secondaire-en-spectacle","status":"publish","type":"event","link":"https:\/\/cssdn.gouv.qc.ca\/esle\/evenements\/finale-locale-secondaire-en-spectacle\/","title":{"rendered":"Finale locale Secondaire en spectacle"},"content":{"rendered":"\n\n<p class=\"act-lead wp-block-paragraph\">Avec en premi\u00e8re partie, les \u00e9l\u00e8ves de l&rsquo;Aubier<\/p>\n\n\n\n<section class=\"align event-details\" id=\"testimonial-block_0b43ff7bab195fe0dcebf4ff9b9b259f\">\n    <div class=\"event-details__date\">\n        08 f\u00e9vrier 2023, 19:00 \u00e0 21:00    <\/div>\n            <div class=\"event-details__address\">\n            <span class=\"location\">Auditorium de l&rsquo;\u00e9cole<\/span>3724 Avenue des \u00c9glises , L\u00e9vis, G6X1X4        <\/div>\n                    <div class=\"event-details__link\">\n            <div class=\"wp-block-button\">\n                <a class=\"wp-block-button__link wp-element-button addToCalendar\">Ajouter \u00e0 mon calendrier<\/a>\n            <\/div>\n            <div class=\"list-links listCalendar\">\n                <a href=\"data:text\/calendar;charset=utf8;base64,QkVHSU46VkNBTEVOREFSDQpWRVJTSU9OOjIuMA0KUFJPRElEOlNwYXRpZSBjYWxlbmRhci1saW5rcw0KQkVHSU46VkVWRU5UDQpVSUQ6OWJjY2Y3NDhlMTNlMGE4ODg4NDA2NmMyNWM1OTQ0MzMNClNVTU1BUlk6RmluYWxlIGxvY2FsZSBTZWNvbmRhaXJlIGVuIHNwZWN0YWNsZQ0KRFRTVEFNUDtUWklEPVVUQzoyMDIzMDIwOFQxOTAwMDANCkRUU1RBUlQ7VFpJRD1VVEM6MjAyMzAyMDhUMTkwMDAwDQpEVEVORDtUWklEPVVUQzoyMDIzMDIwOFQyMTAwMDANClgtQUxULURFU0M7Rk1UVFlQRT10ZXh0L2h0bWw6RmluYWxlIGxvY2FsZSBkZSBTZWNvbmRhaXJlIGVuIHNwZWN0YWNsZVwsIG1ldHRhbnQgZW4gdmVkZXR0ZSBub3Mgw6lsw6h2ZXMgZGFucyBkZXMgbnVtw6lyb3MgZGUgY2hhbnRcLCBtdXNpcXVlXCwgZGFuc2VcLCBwb8Opc2llIGV0IHBsdXMgZW5jb3JlLlxyXG5CaWxsZXQgZW4gdmVudGUgYXUgY2\/Du3QgZGUgNSQgZW4gYXJnZW50IHVuaXF1ZW1lbnQgw6AgbGEgcG9ydGUgbGUgc29pciBkZSBsJ8OpdsOobmVtZW50IQ0KTE9DQVRJT046QXVkaXRvcml1bSBkZSBsJ8OpY29sZTM3MjQgQXZlbnVlIGRlcyDDiWdsaXNlcyBcLCBMw6l2aXNcLCBHNlgxWDQNCkVORDpWRVZFTlQNCkVORDpWQ0FMRU5EQVI=\" target=\"_blank\" title=\"Ajouter Finale locale Secondaire en spectacle \u00e0 iCalendar\" class=\"btn_ical link_calendar\">Apple<\/a>\n                <a href=\"https:\/\/calendar.google.com\/calendar\/render?action=TEMPLATE&#038;dates=20230208T190000Z\/20230208T210000Z&#038;ctz=UTC&#038;text=Finale+locale+Secondaire+en+spectacle&#038;details=Finale+locale+de+Secondaire+en+spectacle%2C+mettant+en+vedette+nos+%C3%A9l%C3%A8ves+dans+des+num%C3%A9ros+de+chant%2C+musique%2C+danse%2C+po%C3%A9sie+et+plus+encore.%0D%0ABillet+en+vente+au+co%C3%BBt+de+5%24+en+argent+uniquement+%C3%A0+la+porte+le+soir+de+l%27%C3%A9v%C3%A8nement%21&#038;location=Auditorium+de+l%27%C3%A9cole3724+Avenue+des+%C3%89glises+%2C+L%C3%A9vis%2C+G6X1X4\" target=\"_blank\" title=\"Ajouter Finale locale Secondaire en spectacle \u00e0 Google \" class=\"btn_google link_calendar\">Google<\/a>\n                <a href=\"https:\/\/outlook.live.com\/calendar\/deeplink\/compose?path=\/calendar\/action\/compose&#038;rru=addevent&#038;startdt=2023-02-08T19:00:00Z&#038;enddt=2023-02-08T21:00:00Z&#038;subject=Finale%20locale%20Secondaire%20en%20spectacle&#038;body=Finale%20locale%20de%20Secondaire%20en%20spectacle%2C%20mettant%20en%20vedette%20nos%20%C3%A9l%C3%A8ves%20dans%20des%20num%C3%A9ros%20de%20chant%2C%20musique%2C%20danse%2C%20po%C3%A9sie%20et%20plus%20encore.%0D%0ABillet%20en%20vente%20au%20co%C3%BBt%20de%205%24%20en%20argent%20uniquement%20%C3%A0%20la%20porte%20le%20soir%20de%20l%27%C3%A9v%C3%A8nement%21&#038;location=Auditorium%20de%20l%27%C3%A9cole3724%20Avenue%20des%20%C3%89glises%20%2C%20L%C3%A9vis%2C%20G6X1X4\" target=\"_blank\" title=\"Ajouter Finale locale Secondaire en spectacle \u00e0 Outlook\" class=\"btn_outlook link_calendar\">Outlook<\/a>\n\n            <\/div>\n        <\/div>\n    <\/section>","protected":false},"excerpt":{"rendered":"","protected":false},"featured_media":0,"template":"","category_event":[],"class_list":["post-450","event","type-event","status-publish","hentry"],"acf":[],"yoast_head":"<!-- This site is optimized with the Yoast SEO plugin v27.5 - https:\/\/yoast.com\/product\/yoast-seo-wordpress\/ -->\n<title>Finale locale Secondaire en spectacle - \u00c9cole secondaire les\u00a0Etchemins<\/title>\n<meta name=\"robots\" content=\"index, follow, max-snippet:-1, max-image-preview:large, max-video-preview:-1\" \/>\n<link rel=\"canonical\" href=\"https:\/\/cssdn.gouv.qc.ca\/esle\/evenements\/finale-locale-secondaire-en-spectacle\/\" \/>\n<meta property=\"og:locale\" content=\"fr_CA\" \/>\n<meta property=\"og:type\" content=\"article\" \/>\n<meta property=\"og:title\" content=\"Finale locale Secondaire en spectacle - \u00c9cole secondaire les\u00a0Etchemins\" \/>\n<meta property=\"og:url\" content=\"https:\/\/cssdn.gouv.qc.ca\/esle\/evenements\/finale-locale-secondaire-en-spectacle\/\" \/>\n<meta property=\"og:site_name\" content=\"\u00c9cole secondaire les\u00a0Etchemins\" \/>\n<meta property=\"article:publisher\" content=\"https:\/\/www.facebook.com\/eslecssdn\" \/>\n<meta property=\"article:modified_time\" content=\"2023-01-25T19:59:42+00:00\" \/>\n<meta name=\"twitter:card\" content=\"summary_large_image\" \/>\n<meta name=\"twitter:site\" content=\"@CSSNavigateurs\" \/>\n<meta name=\"twitter:label1\" content=\"Estimation du temps de lecture\" \/>\n\t<meta name=\"twitter:data1\" content=\"1 minute\" \/>\n<script type=\"application\/ld+json\" class=\"yoast-schema-graph\">{\"@context\":\"https:\\\/\\\/schema.org\",\"@graph\":[{\"@type\":\"WebPage\",\"@id\":\"https:\\\/\\\/cssdn.gouv.qc.ca\\\/esle\\\/evenements\\\/finale-locale-secondaire-en-spectacle\\\/\",\"url\":\"https:\\\/\\\/cssdn.gouv.qc.ca\\\/esle\\\/evenements\\\/finale-locale-secondaire-en-spectacle\\\/\",\"name\":\"Finale locale Secondaire en spectacle - \u00c9cole secondaire les\u00a0Etchemins\",\"isPartOf\":{\"@id\":\"https:\\\/\\\/cssdn.gouv.qc.ca\\\/esle\\\/#website\"},\"datePublished\":\"2023-01-25T19:59:40+00:00\",\"dateModified\":\"2023-01-25T19:59:42+00:00\",\"breadcrumb\":{\"@id\":\"https:\\\/\\\/cssdn.gouv.qc.ca\\\/esle\\\/evenements\\\/finale-locale-secondaire-en-spectacle\\\/#breadcrumb\"},\"inLanguage\":\"fr-CA\",\"potentialAction\":[{\"@type\":\"ReadAction\",\"target\":[\"https:\\\/\\\/cssdn.gouv.qc.ca\\\/esle\\\/evenements\\\/finale-locale-secondaire-en-spectacle\\\/\"]}]},{\"@type\":\"BreadcrumbList\",\"@id\":\"https:\\\/\\\/cssdn.gouv.qc.ca\\\/esle\\\/evenements\\\/finale-locale-secondaire-en-spectacle\\\/#breadcrumb\",\"itemListElement\":[{\"@type\":\"ListItem\",\"position\":1,\"name\":\"Accueil\",\"item\":\"https:\\\/\\\/cssdn.gouv.qc.ca\\\/esle\\\/\"},{\"@type\":\"ListItem\",\"position\":2,\"name\":\"\u00c9v\u00e9nements\",\"item\":\"https:\\\/\\\/cssdn.gouv.qc.ca\\\/esle\\\/evenements\\\/\"},{\"@type\":\"ListItem\",\"position\":3,\"name\":\"Finale locale Secondaire en spectacle\"}]},{\"@type\":\"WebSite\",\"@id\":\"https:\\\/\\\/cssdn.gouv.qc.ca\\\/esle\\\/#website\",\"url\":\"https:\\\/\\\/cssdn.gouv.qc.ca\\\/esle\\\/\",\"name\":\"\u00c9cole secondaire les\u00a0Etchemins\",\"description\":\"Un site des centres de services scolaires des Navigateurs\",\"publisher\":{\"@id\":\"https:\\\/\\\/cssdn.gouv.qc.ca\\\/esle\\\/#organization\"},\"potentialAction\":[{\"@type\":\"SearchAction\",\"target\":{\"@type\":\"EntryPoint\",\"urlTemplate\":\"https:\\\/\\\/cssdn.gouv.qc.ca\\\/esle\\\/?s={search_term_string}\"},\"query-input\":{\"@type\":\"PropertyValueSpecification\",\"valueRequired\":true,\"valueName\":\"search_term_string\"}}],\"inLanguage\":\"fr-CA\"},{\"@type\":\"Organization\",\"@id\":\"https:\\\/\\\/cssdn.gouv.qc.ca\\\/esle\\\/#organization\",\"name\":\"\u00c9cole secondaire les\u00a0Etchemins\",\"url\":\"https:\\\/\\\/cssdn.gouv.qc.ca\\\/esle\\\/\",\"logo\":{\"@type\":\"ImageObject\",\"inLanguage\":\"fr-CA\",\"@id\":\"https:\\\/\\\/cssdn.gouv.qc.ca\\\/esle\\\/#\\\/schema\\\/logo\\\/image\\\/\",\"url\":\"https:\\\/\\\/cssdn.gouv.qc.ca\\\/esle\\\/wp-content\\\/uploads\\\/sites\\\/13\\\/2023\\\/01\\\/logo_quebec.svg\",\"contentUrl\":\"https:\\\/\\\/cssdn.gouv.qc.ca\\\/esle\\\/wp-content\\\/uploads\\\/sites\\\/13\\\/2023\\\/01\\\/logo_quebec.svg\",\"width\":188,\"height\":41,\"caption\":\"\u00c9cole secondaire les\u00a0Etchemins\"},\"image\":{\"@id\":\"https:\\\/\\\/cssdn.gouv.qc.ca\\\/esle\\\/#\\\/schema\\\/logo\\\/image\\\/\"},\"sameAs\":[\"https:\\\/\\\/www.facebook.com\\\/eslecssdn\",\"https:\\\/\\\/x.com\\\/CSSNavigateurs\",\"https:\\\/\\\/www.instagram.com\\\/cssnavigateurs\\\/\",\"https:\\\/\\\/www.youtube.com\\\/channel\\\/UCHbNBehije70JBzCIVT82bQ\",\"https:\\\/\\\/www.linkedin.com\\\/company\\\/cssdn\"]}]}<\/script>\n<!-- \/ Yoast SEO plugin. -->","yoast_head_json":{"title":"Finale locale Secondaire en spectacle - \u00c9cole secondaire les\u00a0Etchemins","robots":{"index":"index","follow":"follow","max-snippet":"max-snippet:-1","max-image-preview":"max-image-preview:large","max-video-preview":"max-video-preview:-1"},"canonical":"https:\/\/cssdn.gouv.qc.ca\/esle\/evenements\/finale-locale-secondaire-en-spectacle\/","og_locale":"fr_CA","og_type":"article","og_title":"Finale locale Secondaire en spectacle - \u00c9cole secondaire les\u00a0Etchemins","og_url":"https:\/\/cssdn.gouv.qc.ca\/esle\/evenements\/finale-locale-secondaire-en-spectacle\/","og_site_name":"\u00c9cole secondaire les\u00a0Etchemins","article_publisher":"https:\/\/www.facebook.com\/eslecssdn","article_modified_time":"2023-01-25T19:59:42+00:00","twitter_card":"summary_large_image","twitter_site":"@CSSNavigateurs","twitter_misc":{"Estimation du temps de lecture":"1 minute"},"schema":{"@context":"https:\/\/schema.org","@graph":[{"@type":"WebPage","@id":"https:\/\/cssdn.gouv.qc.ca\/esle\/evenements\/finale-locale-secondaire-en-spectacle\/","url":"https:\/\/cssdn.gouv.qc.ca\/esle\/evenements\/finale-locale-secondaire-en-spectacle\/","name":"Finale locale Secondaire en spectacle - \u00c9cole secondaire les\u00a0Etchemins","isPartOf":{"@id":"https:\/\/cssdn.gouv.qc.ca\/esle\/#website"},"datePublished":"2023-01-25T19:59:40+00:00","dateModified":"2023-01-25T19:59:42+00:00","breadcrumb":{"@id":"https:\/\/cssdn.gouv.qc.ca\/esle\/evenements\/finale-locale-secondaire-en-spectacle\/#breadcrumb"},"inLanguage":"fr-CA","potentialAction":[{"@type":"ReadAction","target":["https:\/\/cssdn.gouv.qc.ca\/esle\/evenements\/finale-locale-secondaire-en-spectacle\/"]}]},{"@type":"BreadcrumbList","@id":"https:\/\/cssdn.gouv.qc.ca\/esle\/evenements\/finale-locale-secondaire-en-spectacle\/#breadcrumb","itemListElement":[{"@type":"ListItem","position":1,"name":"Accueil","item":"https:\/\/cssdn.gouv.qc.ca\/esle\/"},{"@type":"ListItem","position":2,"name":"\u00c9v\u00e9nements","item":"https:\/\/cssdn.gouv.qc.ca\/esle\/evenements\/"},{"@type":"ListItem","position":3,"name":"Finale locale Secondaire en spectacle"}]},{"@type":"WebSite","@id":"https:\/\/cssdn.gouv.qc.ca\/esle\/#website","url":"https:\/\/cssdn.gouv.qc.ca\/esle\/","name":"\u00c9cole secondaire les\u00a0Etchemins","description":"Un site des centres de services scolaires des Navigateurs","publisher":{"@id":"https:\/\/cssdn.gouv.qc.ca\/esle\/#organization"},"potentialAction":[{"@type":"SearchAction","target":{"@type":"EntryPoint","urlTemplate":"https:\/\/cssdn.gouv.qc.ca\/esle\/?s={search_term_string}"},"query-input":{"@type":"PropertyValueSpecification","valueRequired":true,"valueName":"search_term_string"}}],"inLanguage":"fr-CA"},{"@type":"Organization","@id":"https:\/\/cssdn.gouv.qc.ca\/esle\/#organization","name":"\u00c9cole secondaire les\u00a0Etchemins","url":"https:\/\/cssdn.gouv.qc.ca\/esle\/","logo":{"@type":"ImageObject","inLanguage":"fr-CA","@id":"https:\/\/cssdn.gouv.qc.ca\/esle\/#\/schema\/logo\/image\/","url":"https:\/\/cssdn.gouv.qc.ca\/esle\/wp-content\/uploads\/sites\/13\/2023\/01\/logo_quebec.svg","contentUrl":"https:\/\/cssdn.gouv.qc.ca\/esle\/wp-content\/uploads\/sites\/13\/2023\/01\/logo_quebec.svg","width":188,"height":41,"caption":"\u00c9cole secondaire les\u00a0Etchemins"},"image":{"@id":"https:\/\/cssdn.gouv.qc.ca\/esle\/#\/schema\/logo\/image\/"},"sameAs":["https:\/\/www.facebook.com\/eslecssdn","https:\/\/x.com\/CSSNavigateurs","https:\/\/www.instagram.com\/cssnavigateurs\/","https:\/\/www.youtube.com\/channel\/UCHbNBehije70JBzCIVT82bQ","https:\/\/www.linkedin.com\/company\/cssdn"]}]}},"publishpress_future_workflow_manual_trigger":{"enabledWorkflows":[]},"_links":{"self":[{"href":"https:\/\/cssdn.gouv.qc.ca\/esle\/wp-json\/wp\/v2\/event\/450","targetHints":{"allow":["GET"]}}],"collection":[{"href":"https:\/\/cssdn.gouv.qc.ca\/esle\/wp-json\/wp\/v2\/event"}],"about":[{"href":"https:\/\/cssdn.gouv.qc.ca\/esle\/wp-json\/wp\/v2\/types\/event"}],"version-history":[{"count":0,"href":"https:\/\/cssdn.gouv.qc.ca\/esle\/wp-json\/wp\/v2\/event\/450\/revisions"}],"wp:attachment":[{"href":"https:\/\/cssdn.gouv.qc.ca\/esle\/wp-json\/wp\/v2\/media?parent=450"}],"wp:term":[{"taxonomy":"category_event","embeddable":true,"href":"https:\/\/cssdn.gouv.qc.ca\/esle\/wp-json\/wp\/v2\/category_event?post=450"}],"curies":[{"name":"wp","href":"https:\/\/api.w.org\/{rel}","templated":true}]}}