
{"id":10,"date":"2022-11-08T16:17:57","date_gmt":"2022-11-08T21:17:57","guid":{"rendered":"https:\/\/cssdn.gouv.qc.ca\/esle\/a-propos\/conseil-detablissement\/"},"modified":"2026-04-15T11:31:26","modified_gmt":"2026-04-15T15:31:26","slug":"conseil-detablissement","status":"publish","type":"page","link":"https:\/\/cssdn.gouv.qc.ca\/esle\/a-propos\/conseil-detablissement\/","title":{"rendered":"Conseil d&rsquo;\u00e9tablissement"},"content":{"rendered":"\n<div class=\"wp-block-cover alignfull is-light is-style-title-banner\"><img decoding=\"async\" class=\"wp-block-cover__image-background wp-image-111 lazyload\" alt=\"\" data-src=\"https:\/\/cssdn.gouv.qc.ca\/wp-content\/uploads\/2022\/08\/Seawire-Hero-06.jpg\" data-object-fit=\"cover\" src=\"data:image\/svg+xml;base64,PHN2ZyB3aWR0aD0iMSIgaGVpZ2h0PSIxIiB4bWxucz0iaHR0cDovL3d3dy53My5vcmcvMjAwMC9zdmciPjwvc3ZnPg==\" \/><span aria-hidden=\"true\" class=\"wp-block-cover__background has-primary-background-color has-background-dim\"><\/span><div class=\"wp-block-cover__inner-container\"><h3 class=\"wp-block-post-title\">Conseil d&rsquo;\u00e9tablissement<\/h3><\/div><\/div>\n\n\n\n<div class=\"wp-block-group alignfull has-padding-y-large has-secondary-background-color has-background\"><div class=\"yoast-breadcrumbs alignwide \"><span class=\"breadcrumbs\"><a href=\"https:\/\/cssdn.gouv.qc.ca\/esle\/\" class=\"breadcrumbs__element\">Accueil<\/a> <span class=\"breadcrumbs__separator\">\n        <svg class=\"icon icon-breadcrumb__separator\"><use xlink:href=\"#icon-breadcrumb__separator\"><\/use><\/svg>\n    <\/span> <a href=\"https:\/\/cssdn.gouv.qc.ca\/esle\/a-propos\/\" class=\"breadcrumbs__element\">\u00c0 propos<\/a> <span class=\"breadcrumbs__separator\">\n        <svg class=\"icon icon-breadcrumb__separator\"><use xlink:href=\"#icon-breadcrumb__separator\"><\/use><\/svg>\n    <\/span> <span class=\"breadcrumbs__element breadcrumbs__element-current\">Conseil d&rsquo;\u00e9tablissement<\/span><\/span><\/div><\/div>\n\n\n\n<h2 class=\"wp-block-heading is-style-default has-black-color has-text-color has-large-font-size\">MEMBRES DU CONSEIL D\u2019\u00c9TABLISSEMENT DE L&rsquo;ESLE POUR L\u2019ANN\u00c9E SCOLAIRE 2025-2026<\/h2>\n\n\n\n<p class=\"has-black-color has-text-color wp-block-paragraph\"><strong>Adresse \u00e9lectronique:<\/strong>&nbsp;<em>etchemins@cssdn.gouv.qc.ca<\/em><\/p>\n\n\n\n<div class=\"wp-block-file\"><a id=\"wp-block-file--media-07c954b1-2d58-41bf-a7b7-f95e57b47cc2\" href=\"https:\/\/cssdn.gouv.qc.ca\/esle\/wp-content\/uploads\/sites\/13\/2025\/09\/Rapport-du-CE-2024-2025.pdf\">Rapport du C\u00c9 2024-2025<\/a><a href=\"https:\/\/cssdn.gouv.qc.ca\/esle\/wp-content\/uploads\/sites\/13\/2025\/09\/Rapport-du-CE-2024-2025.pdf\" class=\"wp-block-file__button wp-element-button\" download aria-describedby=\"wp-block-file--media-07c954b1-2d58-41bf-a7b7-f95e57b47cc2\">Download<\/a><\/div>\n\n\n\n<h3 class=\"wp-block-heading has-black-color has-text-color\">PARENTS<\/h3>\n\n\n\n<ul class=\"wp-block-list\">\n<li>Ramla Benaouda<\/li>\n\n\n\n<li>Martin Bussi\u00e8res, Pr\u00e9sident du C\u00c9<\/li>\n\n\n\n<li>Julie Chamberland<\/li>\n\n\n\n<li>Francis Duperron, Vice-pr\u00e9sident du C\u00c9<\/li>\n\n\n\n<li>Karine Fournier<\/li>\n\n\n\n<li>\u00c8ve Lapointe<\/li>\n<\/ul>\n\n\n\n<h3 class=\"wp-block-heading has-black-color has-text-color\">SUBSTITUTS<\/h3>\n\n\n\n<ul class=\"wp-block-list\">\n<li>Nadia Auclair<\/li>\n\n\n\n<li>Lucie Pulliat<\/li>\n<\/ul>\n\n\n\n<h3 class=\"wp-block-heading has-black-color has-text-color has-large-font-size\">MEMBRES DU PERSONNEL<\/h3>\n\n\n\n<ul class=\"wp-block-list\">\n<li>Sonia B\u00e9dard, directrice<\/li>\n\n\n\n<li>Anne B\u00e9rub\u00e9, enseignante en adaptation scolaire<\/li>\n\n\n\n<li>Natasha Bussi\u00e8res, enseignante en math\u00e9matique<\/li>\n\n\n\n<li>Philippe Courtemanche, enseignant en anglais<\/li>\n\n\n\n<li>Nadia Dechamplain, enseignante en sciences<\/li>\n\n\n\n<li>Catherine Paquette-Chass\u00e9, ADPEC (animatrice de d\u00e9veloppement personnel et d\u2019engagement communautaire)<\/li>\n\n\n\n<li>S\u00e9bastien C\u00f4t\u00e9, technicien en \u00e9ducation sp\u00e9cialis\u00e9e<\/li>\n<\/ul>\n\n\n\n<h3 class=\"wp-block-heading has-black-color has-text-color\">\u00c9L\u00c8VES<\/h3>\n\n\n\n<ul class=\"wp-block-list\">\n<li>Florence Gigu\u00e8re &#8211; 5e secondaire &#8211; Programme Citoyens du monde<\/li>\n\n\n\n<li>Camille Martin &#8211; 5e secondaire &#8211; Programme Citoyens du monde<\/li>\n<\/ul>\n\n\n\n<h3 class=\"wp-block-heading has-black-color has-text-color\">MEMBRES DE LA COMMUNAUT\u00c9<\/h3>\n\n\n\n<ul class=\"wp-block-list\">\n<li>Andr\u00e9e Dion, Alliance Jeunesse<\/li>\n<\/ul>\n\n\n\n<h3 class=\"wp-block-heading has-black-color has-text-color\">CALENDRIER DES RENCONTRES POUR L\u2019ANN\u00c9E SCOLAIRE 2025-2026<\/h3>\n\n\n\n<div class=\"wp-block-file\"><a id=\"wp-block-file--media-bd559a92-61ef-443f-8db8-f01316604ade\" href=\"https:\/\/cssdn.gouv.qc.ca\/esle\/wp-content\/uploads\/sites\/13\/2025\/09\/Calendrier-des-rencontres-du-CE-25-26.pdf\">Calendrier des rencontres du C\u00c9 25-26<\/a><a href=\"https:\/\/cssdn.gouv.qc.ca\/esle\/wp-content\/uploads\/sites\/13\/2025\/09\/Calendrier-des-rencontres-du-CE-25-26.pdf\" class=\"wp-block-file__button wp-element-button\" download aria-describedby=\"wp-block-file--media-bd559a92-61ef-443f-8db8-f01316604ade\">Download<\/a><\/div>\n\n\n\n<p class=\"wp-block-paragraph\">Les rencontres sont publiques et ont lieu \u00e0 19 h, en pr\u00e9sentiel, au local C-204.<\/p>\n\n\n\n<div class=\"wp-block-file\"><a id=\"wp-block-file--media-b80da666-fdfa-4411-94a6-8ece65ab45a3\" href=\"https:\/\/cssdn.gouv.qc.ca\/esle\/wp-content\/uploads\/sites\/13\/2025\/09\/Fonctionnement-de-la-periode-de-questions-au-public-extrait-de-Regles-de-regie-interne.pdf\">Fonctionnement de la p\u00e9riode de questions au public (extrait de R\u00e8gles de r\u00e9gie interne)<\/a><a href=\"https:\/\/cssdn.gouv.qc.ca\/esle\/wp-content\/uploads\/sites\/13\/2025\/09\/Fonctionnement-de-la-periode-de-questions-au-public-extrait-de-Regles-de-regie-interne.pdf\" class=\"wp-block-file__button wp-element-button\" download aria-describedby=\"wp-block-file--media-b80da666-fdfa-4411-94a6-8ece65ab45a3\">Download<\/a><\/div>\n\n\n\n<p class=\"wp-block-paragraph\"># 1 &#8211; Mardi le 23 septembre 2025<\/p>\n\n\n\n<div class=\"wp-block-file\"><a id=\"wp-block-file--media-8209811f-7b4d-4f7e-8204-4eb2147cd21b\" href=\"https:\/\/cssdn.gouv.qc.ca\/esle\/wp-content\/uploads\/sites\/13\/2025\/09\/ODJ-CE-23-septembre-2025.pdf\">Ordre du jour C\u00c9 &#8211; 23 septembre 2025<\/a><a href=\"https:\/\/cssdn.gouv.qc.ca\/esle\/wp-content\/uploads\/sites\/13\/2025\/09\/ODJ-CE-23-septembre-2025.pdf\" class=\"wp-block-file__button wp-element-button\" download aria-describedby=\"wp-block-file--media-8209811f-7b4d-4f7e-8204-4eb2147cd21b\">Download<\/a><\/div>\n\n\n\n<p class=\"wp-block-paragraph\"># 2 &#8211; Mardi le 2 d\u00e9cembre 2025<\/p>\n\n\n\n<div class=\"wp-block-file\"><a id=\"wp-block-file--media-fb7c5d14-26c0-4efe-be33-d67b91b932a6\" href=\"https:\/\/cssdn.gouv.qc.ca\/esle\/wp-content\/uploads\/sites\/13\/2025\/11\/ODJ-CE-2-decembre-2025-2.pdf\">Ordre du jour C\u00c9 &#8211; 2 d\u00e9cembre 2025<\/a><a href=\"https:\/\/cssdn.gouv.qc.ca\/esle\/wp-content\/uploads\/sites\/13\/2025\/11\/ODJ-CE-2-decembre-2025-2.pdf\" class=\"wp-block-file__button wp-element-button\" download aria-describedby=\"wp-block-file--media-fb7c5d14-26c0-4efe-be33-d67b91b932a6\">Download<\/a><\/div>\n\n\n\n<p class=\"wp-block-paragraph\"># 3 &#8211; Mardi le 27 janvier 2026<\/p>\n\n\n\n<div class=\"wp-block-file\"><a id=\"wp-block-file--media-7c86f9c1-7c36-43df-b475-d5b03ecfc68e\" href=\"https:\/\/cssdn.gouv.qc.ca\/esle\/wp-content\/uploads\/sites\/13\/2026\/01\/ODJ-CE-27-janvier-2026.pdf\">Ordre du jour C\u00c9 &#8211; 27 janvier 2026<\/a><a href=\"https:\/\/cssdn.gouv.qc.ca\/esle\/wp-content\/uploads\/sites\/13\/2026\/01\/ODJ-CE-27-janvier-2026.pdf\" class=\"wp-block-file__button wp-element-button\" download aria-describedby=\"wp-block-file--media-7c86f9c1-7c36-43df-b475-d5b03ecfc68e\">Download<\/a><\/div>\n\n\n\n<p class=\"wp-block-paragraph\"># 4 &#8211; Mardi le 14 avril 2026<\/p>\n\n\n\n<div class=\"wp-block-file\"><a id=\"wp-block-file--media-ead1a5e9-aa76-4ce3-aa05-7f72b15f1f88\" href=\"https:\/\/cssdn.gouv.qc.ca\/esle\/wp-content\/uploads\/sites\/13\/2026\/04\/ODJ-CE-14-avril-2026.pdf\">Ordre du jour C\u00c9 &#8211; 14 avril 2026<\/a><a href=\"https:\/\/cssdn.gouv.qc.ca\/esle\/wp-content\/uploads\/sites\/13\/2026\/04\/ODJ-CE-14-avril-2026.pdf\" class=\"wp-block-file__button wp-element-button\" download aria-describedby=\"wp-block-file--media-ead1a5e9-aa76-4ce3-aa05-7f72b15f1f88\">Download<\/a><\/div>\n\n\n\n<p class=\"wp-block-paragraph\"># 5 &#8211; Mardi le 12 mai 2026<\/p>\n\n\n\n<p class=\"wp-block-paragraph\"># 6 &#8211; Mardi le 9 juin 2026<\/p>\n\n\n\n<h3 class=\"wp-block-heading has-black-color has-text-color has-large-font-size\">PROC\u00c8S-VERBAUX 2025-2026<\/h3>\n\n\n\n<div class=\"wp-block-file\"><a id=\"wp-block-file--media-bdcd2c9e-bf67-42fa-869a-ddc5af4ae09d\" href=\"https:\/\/cssdn.gouv.qc.ca\/esle\/wp-content\/uploads\/sites\/13\/2026\/04\/PV-CE-3e-seance-27-janvier-2026-approuve.pdf\">PV &#8211;  C\u00c9 3e s\u00e9ance 27-01-2026 &#8211; approuv\u00e9 le 14 avril 2026<\/a><a href=\"https:\/\/cssdn.gouv.qc.ca\/esle\/wp-content\/uploads\/sites\/13\/2026\/04\/PV-CE-3e-seance-27-janvier-2026-approuve.pdf\" class=\"wp-block-file__button wp-element-button\" download aria-describedby=\"wp-block-file--media-bdcd2c9e-bf67-42fa-869a-ddc5af4ae09d\">Download<\/a><\/div>\n\n\n\n<div class=\"wp-block-file\"><a id=\"wp-block-file--media-93286f84-13ee-40d9-8a40-42ba17789ac7\" href=\"https:\/\/cssdn.gouv.qc.ca\/esle\/wp-content\/uploads\/sites\/13\/2026\/01\/PV-CE-2e-seance-2025-12-02-Approuve-le-27-janvier-2026.pdf\">PV &#8211; C\u00c9 2e s\u00e9ance 02-12-2025 &#8211; approuv\u00e9 le 27 janvier 2026<\/a><a href=\"https:\/\/cssdn.gouv.qc.ca\/esle\/wp-content\/uploads\/sites\/13\/2026\/01\/PV-CE-2e-seance-2025-12-02-Approuve-le-27-janvier-2026.pdf\" class=\"wp-block-file__button wp-element-button\" download aria-describedby=\"wp-block-file--media-93286f84-13ee-40d9-8a40-42ba17789ac7\">Download<\/a><\/div>\n\n\n\n<div class=\"wp-block-file\"><a id=\"wp-block-file--media-c74ac3d7-9d62-4880-93b1-7c5322cb576d\" href=\"https:\/\/cssdn.gouv.qc.ca\/esle\/wp-content\/uploads\/sites\/13\/2025\/12\/PV-CE-1ere-seance-23-09-2025-approuve-le-2-decembre-2025-1.pdf\">PV &#8211; C\u00c9 1\u00e8re s\u00e9ance 23-09-2025 &#8211; approuv\u00e9 le 2 d\u00e9cembre 2025<\/a><a href=\"https:\/\/cssdn.gouv.qc.ca\/esle\/wp-content\/uploads\/sites\/13\/2025\/12\/PV-CE-1ere-seance-23-09-2025-approuve-le-2-decembre-2025-1.pdf\" class=\"wp-block-file__button wp-element-button\" download aria-describedby=\"wp-block-file--media-c74ac3d7-9d62-4880-93b1-7c5322cb576d\">Download<\/a><\/div>\n\n\n\n<div class=\"wp-block-file\"><a id=\"wp-block-file--media-0df0f985-dad8-4d91-a25c-fb8c1ffddc50\" href=\"https:\/\/cssdn.gouv.qc.ca\/esle\/wp-content\/uploads\/sites\/13\/2025\/09\/PV-CE-6e-seance-10-06-2025-approuve-2025-09-23.pdf\">PV &#8211; C\u00c9 6e s\u00e9ance 10-06-2025 &#8211; approuv\u00e9 le 23 septembre 2025<\/a><a href=\"https:\/\/cssdn.gouv.qc.ca\/esle\/wp-content\/uploads\/sites\/13\/2025\/09\/PV-CE-6e-seance-10-06-2025-approuve-2025-09-23.pdf\" class=\"wp-block-file__button wp-element-button\" download aria-describedby=\"wp-block-file--media-0df0f985-dad8-4d91-a25c-fb8c1ffddc50\">Download<\/a><\/div>\n","protected":false},"excerpt":{"rendered":"<p>MEMBRES DU CONSEIL D\u2019\u00c9TABLISSEMENT DE L&rsquo;ESLE POUR L\u2019ANN\u00c9E SCOLAIRE 2025-2026 Adresse \u00e9lectronique:&nbsp;etchemins@cssdn.gouv.qc.ca PARENTS SUBSTITUTS MEMBRES DU PERSONNEL \u00c9L\u00c8VES MEMBRES DE LA COMMUNAUT\u00c9 CALENDRIER DES RENCONTRES POUR L\u2019ANN\u00c9E SCOLAIRE 2025-2026 Les rencontres sont publiques et ont lieu \u00e0 19 h, en pr\u00e9sentiel, au local C-204. # 1 &#8211; Mardi le 23 septembre 2025 # 2 &#8211; [&hellip;]<\/p>\n","protected":false},"author":1,"featured_media":0,"parent":5,"menu_order":0,"comment_status":"closed","ping_status":"closed","template":"","meta":{"_acf_changed":false,"_crdt_document":"","inline_featured_image":false,"footnotes":""},"categories":[],"tags":[],"class_list":["post-10","page","type-page","status-publish","hentry"],"acf":[],"yoast_head":"<!-- This site is optimized with the Yoast SEO plugin v27.4 - https:\/\/yoast.com\/product\/yoast-seo-wordpress\/ -->\n<title>Conseil d&#039;\u00e9tablissement - \u00c9cole secondaire les\u00a0Etchemins<\/title>\n<meta name=\"robots\" content=\"index, follow, max-snippet:-1, max-image-preview:large, max-video-preview:-1\" \/>\n<link rel=\"canonical\" href=\"https:\/\/cssdn.gouv.qc.ca\/esle\/a-propos\/conseil-detablissement\/\" \/>\n<meta property=\"og:locale\" content=\"fr_CA\" \/>\n<meta property=\"og:type\" content=\"article\" \/>\n<meta property=\"og:title\" content=\"Conseil d&#039;\u00e9tablissement - \u00c9cole secondaire les\u00a0Etchemins\" \/>\n<meta property=\"og:description\" content=\"MEMBRES DU CONSEIL D\u2019\u00c9TABLISSEMENT DE L&rsquo;ESLE POUR L\u2019ANN\u00c9E SCOLAIRE 2025-2026 Adresse \u00e9lectronique:&nbsp;etchemins@cssdn.gouv.qc.ca PARENTS SUBSTITUTS MEMBRES DU PERSONNEL \u00c9L\u00c8VES MEMBRES DE LA COMMUNAUT\u00c9 CALENDRIER DES RENCONTRES POUR L\u2019ANN\u00c9E SCOLAIRE 2025-2026 Les rencontres sont publiques et ont lieu \u00e0 19 h, en pr\u00e9sentiel, au local C-204. # 1 &#8211; Mardi le 23 septembre 2025 # 2 &#8211; [&hellip;]\" \/>\n<meta property=\"og:url\" content=\"https:\/\/cssdn.gouv.qc.ca\/esle\/a-propos\/conseil-detablissement\/\" \/>\n<meta property=\"og:site_name\" content=\"\u00c9cole secondaire les\u00a0Etchemins\" \/>\n<meta property=\"article:publisher\" content=\"https:\/\/www.facebook.com\/eslecssdn\" \/>\n<meta property=\"article:modified_time\" content=\"2026-04-15T15:31:26+00:00\" \/>\n<meta name=\"twitter:card\" content=\"summary_large_image\" \/>\n<meta name=\"twitter:site\" content=\"@CSSNavigateurs\" \/>\n<meta name=\"twitter:label1\" content=\"Estimation du temps de lecture\" \/>\n\t<meta name=\"twitter:data1\" content=\"2 minutes\" \/>\n<script type=\"application\/ld+json\" class=\"yoast-schema-graph\">{\"@context\":\"https:\\\/\\\/schema.org\",\"@graph\":[{\"@type\":\"WebPage\",\"@id\":\"https:\\\/\\\/cssdn.gouv.qc.ca\\\/esle\\\/a-propos\\\/conseil-detablissement\\\/\",\"url\":\"https:\\\/\\\/cssdn.gouv.qc.ca\\\/esle\\\/a-propos\\\/conseil-detablissement\\\/\",\"name\":\"Conseil d'\u00e9tablissement - \u00c9cole secondaire les\u00a0Etchemins\",\"isPartOf\":{\"@id\":\"https:\\\/\\\/cssdn.gouv.qc.ca\\\/esle\\\/#website\"},\"primaryImageOfPage\":{\"@id\":\"https:\\\/\\\/cssdn.gouv.qc.ca\\\/esle\\\/a-propos\\\/conseil-detablissement\\\/#primaryimage\"},\"image\":{\"@id\":\"https:\\\/\\\/cssdn.gouv.qc.ca\\\/esle\\\/a-propos\\\/conseil-detablissement\\\/#primaryimage\"},\"thumbnailUrl\":\"https:\\\/\\\/cssdn.gouv.qc.ca\\\/wp-content\\\/uploads\\\/2022\\\/08\\\/Seawire-Hero-06.jpg\",\"datePublished\":\"2022-11-08T21:17:57+00:00\",\"dateModified\":\"2026-04-15T15:31:26+00:00\",\"breadcrumb\":{\"@id\":\"https:\\\/\\\/cssdn.gouv.qc.ca\\\/esle\\\/a-propos\\\/conseil-detablissement\\\/#breadcrumb\"},\"inLanguage\":\"fr-CA\",\"potentialAction\":[{\"@type\":\"ReadAction\",\"target\":[\"https:\\\/\\\/cssdn.gouv.qc.ca\\\/esle\\\/a-propos\\\/conseil-detablissement\\\/\"]}]},{\"@type\":\"ImageObject\",\"inLanguage\":\"fr-CA\",\"@id\":\"https:\\\/\\\/cssdn.gouv.qc.ca\\\/esle\\\/a-propos\\\/conseil-detablissement\\\/#primaryimage\",\"url\":\"https:\\\/\\\/cssdn.gouv.qc.ca\\\/wp-content\\\/uploads\\\/2022\\\/08\\\/Seawire-Hero-06.jpg\",\"contentUrl\":\"https:\\\/\\\/cssdn.gouv.qc.ca\\\/wp-content\\\/uploads\\\/2022\\\/08\\\/Seawire-Hero-06.jpg\"},{\"@type\":\"BreadcrumbList\",\"@id\":\"https:\\\/\\\/cssdn.gouv.qc.ca\\\/esle\\\/a-propos\\\/conseil-detablissement\\\/#breadcrumb\",\"itemListElement\":[{\"@type\":\"ListItem\",\"position\":1,\"name\":\"Accueil\",\"item\":\"https:\\\/\\\/cssdn.gouv.qc.ca\\\/esle\\\/\"},{\"@type\":\"ListItem\",\"position\":2,\"name\":\"\u00c0 propos\",\"item\":\"https:\\\/\\\/cssdn.gouv.qc.ca\\\/esle\\\/a-propos\\\/\"},{\"@type\":\"ListItem\",\"position\":3,\"name\":\"Conseil d&rsquo;\u00e9tablissement\"}]},{\"@type\":\"WebSite\",\"@id\":\"https:\\\/\\\/cssdn.gouv.qc.ca\\\/esle\\\/#website\",\"url\":\"https:\\\/\\\/cssdn.gouv.qc.ca\\\/esle\\\/\",\"name\":\"\u00c9cole secondaire les\u00a0Etchemins\",\"description\":\"Un site des centres de services scolaires des Navigateurs\",\"publisher\":{\"@id\":\"https:\\\/\\\/cssdn.gouv.qc.ca\\\/esle\\\/#organization\"},\"potentialAction\":[{\"@type\":\"SearchAction\",\"target\":{\"@type\":\"EntryPoint\",\"urlTemplate\":\"https:\\\/\\\/cssdn.gouv.qc.ca\\\/esle\\\/?s={search_term_string}\"},\"query-input\":{\"@type\":\"PropertyValueSpecification\",\"valueRequired\":true,\"valueName\":\"search_term_string\"}}],\"inLanguage\":\"fr-CA\"},{\"@type\":\"Organization\",\"@id\":\"https:\\\/\\\/cssdn.gouv.qc.ca\\\/esle\\\/#organization\",\"name\":\"\u00c9cole secondaire les\u00a0Etchemins\",\"url\":\"https:\\\/\\\/cssdn.gouv.qc.ca\\\/esle\\\/\",\"logo\":{\"@type\":\"ImageObject\",\"inLanguage\":\"fr-CA\",\"@id\":\"https:\\\/\\\/cssdn.gouv.qc.ca\\\/esle\\\/#\\\/schema\\\/logo\\\/image\\\/\",\"url\":\"https:\\\/\\\/cssdn.gouv.qc.ca\\\/esle\\\/wp-content\\\/uploads\\\/sites\\\/13\\\/2023\\\/01\\\/logo_quebec.svg\",\"contentUrl\":\"https:\\\/\\\/cssdn.gouv.qc.ca\\\/esle\\\/wp-content\\\/uploads\\\/sites\\\/13\\\/2023\\\/01\\\/logo_quebec.svg\",\"width\":188,\"height\":41,\"caption\":\"\u00c9cole secondaire les\u00a0Etchemins\"},\"image\":{\"@id\":\"https:\\\/\\\/cssdn.gouv.qc.ca\\\/esle\\\/#\\\/schema\\\/logo\\\/image\\\/\"},\"sameAs\":[\"https:\\\/\\\/www.facebook.com\\\/eslecssdn\",\"https:\\\/\\\/x.com\\\/CSSNavigateurs\",\"https:\\\/\\\/www.instagram.com\\\/cssnavigateurs\\\/\",\"https:\\\/\\\/www.youtube.com\\\/channel\\\/UCHbNBehije70JBzCIVT82bQ\",\"https:\\\/\\\/www.linkedin.com\\\/company\\\/cssdn\"]}]}<\/script>\n<!-- \/ Yoast SEO plugin. -->","yoast_head_json":{"title":"Conseil d'\u00e9tablissement - \u00c9cole secondaire les\u00a0Etchemins","robots":{"index":"index","follow":"follow","max-snippet":"max-snippet:-1","max-image-preview":"max-image-preview:large","max-video-preview":"max-video-preview:-1"},"canonical":"https:\/\/cssdn.gouv.qc.ca\/esle\/a-propos\/conseil-detablissement\/","og_locale":"fr_CA","og_type":"article","og_title":"Conseil d'\u00e9tablissement - \u00c9cole secondaire les\u00a0Etchemins","og_description":"MEMBRES DU CONSEIL D\u2019\u00c9TABLISSEMENT DE L&rsquo;ESLE POUR L\u2019ANN\u00c9E SCOLAIRE 2025-2026 Adresse \u00e9lectronique:&nbsp;etchemins@cssdn.gouv.qc.ca PARENTS SUBSTITUTS MEMBRES DU PERSONNEL \u00c9L\u00c8VES MEMBRES DE LA COMMUNAUT\u00c9 CALENDRIER DES RENCONTRES POUR L\u2019ANN\u00c9E SCOLAIRE 2025-2026 Les rencontres sont publiques et ont lieu \u00e0 19 h, en pr\u00e9sentiel, au local C-204. # 1 &#8211; Mardi le 23 septembre 2025 # 2 &#8211; [&hellip;]","og_url":"https:\/\/cssdn.gouv.qc.ca\/esle\/a-propos\/conseil-detablissement\/","og_site_name":"\u00c9cole secondaire les\u00a0Etchemins","article_publisher":"https:\/\/www.facebook.com\/eslecssdn","article_modified_time":"2026-04-15T15:31:26+00:00","twitter_card":"summary_large_image","twitter_site":"@CSSNavigateurs","twitter_misc":{"Estimation du temps de lecture":"2 minutes"},"schema":{"@context":"https:\/\/schema.org","@graph":[{"@type":"WebPage","@id":"https:\/\/cssdn.gouv.qc.ca\/esle\/a-propos\/conseil-detablissement\/","url":"https:\/\/cssdn.gouv.qc.ca\/esle\/a-propos\/conseil-detablissement\/","name":"Conseil d'\u00e9tablissement - \u00c9cole secondaire les\u00a0Etchemins","isPartOf":{"@id":"https:\/\/cssdn.gouv.qc.ca\/esle\/#website"},"primaryImageOfPage":{"@id":"https:\/\/cssdn.gouv.qc.ca\/esle\/a-propos\/conseil-detablissement\/#primaryimage"},"image":{"@id":"https:\/\/cssdn.gouv.qc.ca\/esle\/a-propos\/conseil-detablissement\/#primaryimage"},"thumbnailUrl":"https:\/\/cssdn.gouv.qc.ca\/wp-content\/uploads\/2022\/08\/Seawire-Hero-06.jpg","datePublished":"2022-11-08T21:17:57+00:00","dateModified":"2026-04-15T15:31:26+00:00","breadcrumb":{"@id":"https:\/\/cssdn.gouv.qc.ca\/esle\/a-propos\/conseil-detablissement\/#breadcrumb"},"inLanguage":"fr-CA","potentialAction":[{"@type":"ReadAction","target":["https:\/\/cssdn.gouv.qc.ca\/esle\/a-propos\/conseil-detablissement\/"]}]},{"@type":"ImageObject","inLanguage":"fr-CA","@id":"https:\/\/cssdn.gouv.qc.ca\/esle\/a-propos\/conseil-detablissement\/#primaryimage","url":"https:\/\/cssdn.gouv.qc.ca\/wp-content\/uploads\/2022\/08\/Seawire-Hero-06.jpg","contentUrl":"https:\/\/cssdn.gouv.qc.ca\/wp-content\/uploads\/2022\/08\/Seawire-Hero-06.jpg"},{"@type":"BreadcrumbList","@id":"https:\/\/cssdn.gouv.qc.ca\/esle\/a-propos\/conseil-detablissement\/#breadcrumb","itemListElement":[{"@type":"ListItem","position":1,"name":"Accueil","item":"https:\/\/cssdn.gouv.qc.ca\/esle\/"},{"@type":"ListItem","position":2,"name":"\u00c0 propos","item":"https:\/\/cssdn.gouv.qc.ca\/esle\/a-propos\/"},{"@type":"ListItem","position":3,"name":"Conseil d&rsquo;\u00e9tablissement"}]},{"@type":"WebSite","@id":"https:\/\/cssdn.gouv.qc.ca\/esle\/#website","url":"https:\/\/cssdn.gouv.qc.ca\/esle\/","name":"\u00c9cole secondaire les\u00a0Etchemins","description":"Un site des centres de services scolaires des Navigateurs","publisher":{"@id":"https:\/\/cssdn.gouv.qc.ca\/esle\/#organization"},"potentialAction":[{"@type":"SearchAction","target":{"@type":"EntryPoint","urlTemplate":"https:\/\/cssdn.gouv.qc.ca\/esle\/?s={search_term_string}"},"query-input":{"@type":"PropertyValueSpecification","valueRequired":true,"valueName":"search_term_string"}}],"inLanguage":"fr-CA"},{"@type":"Organization","@id":"https:\/\/cssdn.gouv.qc.ca\/esle\/#organization","name":"\u00c9cole secondaire les\u00a0Etchemins","url":"https:\/\/cssdn.gouv.qc.ca\/esle\/","logo":{"@type":"ImageObject","inLanguage":"fr-CA","@id":"https:\/\/cssdn.gouv.qc.ca\/esle\/#\/schema\/logo\/image\/","url":"https:\/\/cssdn.gouv.qc.ca\/esle\/wp-content\/uploads\/sites\/13\/2023\/01\/logo_quebec.svg","contentUrl":"https:\/\/cssdn.gouv.qc.ca\/esle\/wp-content\/uploads\/sites\/13\/2023\/01\/logo_quebec.svg","width":188,"height":41,"caption":"\u00c9cole secondaire les\u00a0Etchemins"},"image":{"@id":"https:\/\/cssdn.gouv.qc.ca\/esle\/#\/schema\/logo\/image\/"},"sameAs":["https:\/\/www.facebook.com\/eslecssdn","https:\/\/x.com\/CSSNavigateurs","https:\/\/www.instagram.com\/cssnavigateurs\/","https:\/\/www.youtube.com\/channel\/UCHbNBehije70JBzCIVT82bQ","https:\/\/www.linkedin.com\/company\/cssdn"]}]}},"publishpress_future_action":{"enabled":false,"date":"2026-05-03 20:28:02","action":"change-status","newStatus":"draft","terms":[],"taxonomy":"category","extraData":[]},"publishpress_future_workflow_manual_trigger":{"enabledWorkflows":[]},"_links":{"self":[{"href":"https:\/\/cssdn.gouv.qc.ca\/esle\/wp-json\/wp\/v2\/pages\/10","targetHints":{"allow":["GET"]}}],"collection":[{"href":"https:\/\/cssdn.gouv.qc.ca\/esle\/wp-json\/wp\/v2\/pages"}],"about":[{"href":"https:\/\/cssdn.gouv.qc.ca\/esle\/wp-json\/wp\/v2\/types\/page"}],"author":[{"embeddable":true,"href":"https:\/\/cssdn.gouv.qc.ca\/esle\/wp-json\/wp\/v2\/users\/1"}],"replies":[{"embeddable":true,"href":"https:\/\/cssdn.gouv.qc.ca\/esle\/wp-json\/wp\/v2\/comments?post=10"}],"version-history":[{"count":0,"href":"https:\/\/cssdn.gouv.qc.ca\/esle\/wp-json\/wp\/v2\/pages\/10\/revisions"}],"up":[{"embeddable":true,"href":"https:\/\/cssdn.gouv.qc.ca\/esle\/wp-json\/wp\/v2\/pages\/5"}],"wp:attachment":[{"href":"https:\/\/cssdn.gouv.qc.ca\/esle\/wp-json\/wp\/v2\/media?parent=10"}],"wp:term":[{"taxonomy":"category","embeddable":true,"href":"https:\/\/cssdn.gouv.qc.ca\/esle\/wp-json\/wp\/v2\/categories?post=10"},{"taxonomy":"post_tag","embeddable":true,"href":"https:\/\/cssdn.gouv.qc.ca\/esle\/wp-json\/wp\/v2\/tags?post=10"}],"curies":[{"name":"wp","href":"https:\/\/api.w.org\/{rel}","templated":true}]}}