
{"id":233,"date":"2022-12-01T15:03:41","date_gmt":"2022-12-01T20:03:41","guid":{"rendered":"https:\/\/cssdn.gouv.qc.ca\/esle\/?post_type=programme&#038;p=233"},"modified":"2026-04-01T11:50:52","modified_gmt":"2026-04-01T15:50:52","slug":"citoyens-du-monde-cim","status":"publish","type":"programme","link":"https:\/\/cssdn.gouv.qc.ca\/esle\/programmes-et-profils\/citoyens-du-monde-cim\/","title":{"rendered":"Programme Citoyens du monde (4e, 5e sec., ESLE)"},"content":{"rendered":"<section class=\"align programmes-details\" id=\"testimonial-block_1e04d0f671b6095f5e1004d45d6f94cb\">\n            <dl class=\"act-post-metadata__list\">\n                                <dt class=\"act-post-metadata__label act-post-metadata__label--niveau\">Le niveau :<\/dt>\n                    <dd class=\"act-post-metadata__value act-post-metadata__value--niveau\">Secondaire<\/dd>\n                                <dt class=\"act-post-metadata__label act-post-metadata__label--domaine\">Le domaine d&rsquo;\u00e9tude :<\/dt>\n                    <dd class=\"act-post-metadata__value act-post-metadata__value--domaine\">Culture, Entrepreneuriat, Langues<\/dd>\n                    <\/dl>\n        \n        <!-- wp:button -->\n    <div class=\"wp-block-button btn-compare-program\"><a href=\"https:\/\/cssdn.gouv.qc.ca\/ecoles-et-centres-par-type\/comparer-les-programmes\/?dropdown1=1504&#038;dropdown2=&#038;dropdown3=&#038;filter=filters-programme&#038;nocache=1718044558759\" class=\"wp-block-button__link wp-element-button\">Comparer avec d&rsquo;autres programmes<\/a><\/div>\n    <!-- \/wp:button -->\n    <\/section>\n\n\n\n\n\n<h3 class=\"wp-block-heading\">Citoyens du monde <\/h3>\n\n\n\n<p class=\"wp-block-paragraph\">Le programme Citoyens du monde (CIM) est offert \u00e0 l\u2019\u00e9cole secondaire de l\u2019Aubier en 1<sup>re<\/sup>, 2<sup>e<\/sup>&nbsp;et 3<sup>e<\/sup>&nbsp;secondaire et \u00e0 l\u2019\u00e9cole secondaire les Etchemins (ESLE) en 4<sup>e<\/sup>&nbsp;et 5<sup>e<\/sup>&nbsp;secondaire. Il s\u2019adresse \u00e0 tous les \u00e9l\u00e8ves du territoire du Centre de services scolaire des Navigateurs. La formation est ax\u00e9e sur une connaissance de la langue fran\u00e7aise, de l\u2019anglais, des arts, de l\u2019histoire, des m\u00e9dias, de la politique, de l\u2019actualit\u00e9, de la philosophie et de l\u2019entrepreneuriat.<\/p>\n\n\n\n<p class=\"wp-block-paragraph\"><strong>Si vous d\u00e9sirez faire une demande d\u2019int\u00e9gration au programme Citoyens du monde (4<sup>e<\/sup> et 5<sup>e<\/sup> secondaire), veuillez remplir le formulaire ci-dessous.<\/strong><\/p>\n\n\n\n<div class=\"wp-block-buttons\">\n<div class=\"wp-block-button\"><a class=\"wp-block-button__link wp-element-button\" href=\"https:\/\/forms.gle\/HKLpeS3fTFsmFVme7\">Formulaire 2026-2027 <\/a><\/div>\n<\/div>\n\n\n\n<p class=\"wp-block-paragraph\">Prenez note que cette demande ne constitue pas une inscription \u00e0 ce programme. Les nouvelles demandes seront \u00e9valu\u00e9es selon le nombre de places disponibles. Nous r\u00e9pondrons \u00e0 toutes les demandes pendant l\u2019\u00e9t\u00e9 2025. Pour int\u00e9grer le programme, l&rsquo;\u00e9l\u00e8ve doit soumettre un vid\u00e9o de pr\u00e9sentation et de motivation montrant qu&rsquo;il ou elle correspond aux valeurs et aux orientations du programme. R\u00e9f\u00e9rence : Offre de services \u00e9ducatifs 2025-2026.<\/p>\n\n\n\n<p class=\"wp-block-paragraph\"><strong>UNE FORMATION UNIQUE ET PASSIONNANTE!<\/strong><\/p>\n\n\n\n<p class=\"wp-block-paragraph\">L\u2019objectif premier de CIM est de favoriser le d\u00e9veloppement de citoyennes et de citoyens responsables. C\u2019est en s\u2019appuyant sur les r\u00e9alit\u00e9s du monde actuel \u2013 o\u00f9 les savoirs sont en constante \u00e9volution et les collaborations de plus en plus interdisciplinaires et interculturelles \u2013 qu\u2019ont \u00e9t\u00e9 d\u00e9finies les grandes orientations \u00e9ducatives du programme.<\/p>\n\n\n\n<div class=\"wp-block-file\"><a id=\"wp-block-file--media-986b1ce5-becf-47e4-9b0e-e1ea8b957ead\" href=\"https:\/\/cssdn.gouv.qc.ca\/esle\/wp-content\/uploads\/sites\/13\/2023\/07\/CIM_dep-22-23_16aout_br.pdf\">Brochure CIM<\/a><a href=\"https:\/\/cssdn.gouv.qc.ca\/esle\/wp-content\/uploads\/sites\/13\/2023\/07\/CIM_dep-22-23_16aout_br.pdf\" class=\"wp-block-file__button wp-element-button\" download aria-describedby=\"wp-block-file--media-986b1ce5-becf-47e4-9b0e-e1ea8b957ead\">Download<\/a><\/div>\n","protected":false},"template":"","niveau":[9],"domaine":[12,13,15],"municipalite":[21],"class_list":["post-233","programme","type-programme","status-publish","hentry","niveau-secondaire","domaine-culture","domaine-entrepreneuriat","domaine-langues","municipalite-levis"],"acf":[],"yoast_head":"<!-- This site is optimized with the Yoast SEO plugin v27.4 - https:\/\/yoast.com\/product\/yoast-seo-wordpress\/ -->\n<title>Programme Citoyens du monde (4e, 5e sec., ESLE) - \u00c9cole secondaire les\u00a0Etchemins<\/title>\n<meta name=\"robots\" content=\"index, follow, max-snippet:-1, max-image-preview:large, max-video-preview:-1\" \/>\n<link rel=\"canonical\" href=\"https:\/\/cssdn.gouv.qc.ca\/esle\/programmes-et-profils\/citoyens-du-monde-cim\/\" \/>\n<meta property=\"og:locale\" content=\"fr_CA\" \/>\n<meta property=\"og:type\" content=\"article\" \/>\n<meta property=\"og:title\" content=\"Programme Citoyens du monde (4e, 5e sec., ESLE) - \u00c9cole secondaire les\u00a0Etchemins\" \/>\n<meta property=\"og:description\" content=\"Citoyens du monde Le programme Citoyens du monde (CIM) est offert \u00e0 l\u2019\u00e9cole secondaire de l\u2019Aubier en 1re, 2e&nbsp;et 3e&nbsp;secondaire et \u00e0 l\u2019\u00e9cole secondaire les Etchemins (ESLE) en 4e&nbsp;et 5e&nbsp;secondaire. Il s\u2019adresse \u00e0 tous les \u00e9l\u00e8ves du territoire du Centre de services scolaire des Navigateurs. La formation est ax\u00e9e sur une connaissance de la langue [&hellip;]\" \/>\n<meta property=\"og:url\" content=\"https:\/\/cssdn.gouv.qc.ca\/esle\/programmes-et-profils\/citoyens-du-monde-cim\/\" \/>\n<meta property=\"og:site_name\" content=\"\u00c9cole secondaire les\u00a0Etchemins\" \/>\n<meta property=\"article:publisher\" content=\"https:\/\/www.facebook.com\/eslecssdn\" \/>\n<meta property=\"article:modified_time\" content=\"2026-04-01T15:50:52+00:00\" \/>\n<meta name=\"twitter:card\" content=\"summary_large_image\" \/>\n<meta name=\"twitter:site\" content=\"@CSSNavigateurs\" \/>\n<meta name=\"twitter:label1\" content=\"Estimation du temps de lecture\" \/>\n\t<meta name=\"twitter:data1\" content=\"2 minutes\" \/>\n<script type=\"application\/ld+json\" class=\"yoast-schema-graph\">{\"@context\":\"https:\\\/\\\/schema.org\",\"@graph\":[{\"@type\":\"WebPage\",\"@id\":\"https:\\\/\\\/cssdn.gouv.qc.ca\\\/esle\\\/programmes-et-profils\\\/citoyens-du-monde-cim\\\/\",\"url\":\"https:\\\/\\\/cssdn.gouv.qc.ca\\\/esle\\\/programmes-et-profils\\\/citoyens-du-monde-cim\\\/\",\"name\":\"Programme Citoyens du monde (4e, 5e sec., ESLE) - \u00c9cole secondaire les\u00a0Etchemins\",\"isPartOf\":{\"@id\":\"https:\\\/\\\/cssdn.gouv.qc.ca\\\/esle\\\/#website\"},\"datePublished\":\"2022-12-01T20:03:41+00:00\",\"dateModified\":\"2026-04-01T15:50:52+00:00\",\"breadcrumb\":{\"@id\":\"https:\\\/\\\/cssdn.gouv.qc.ca\\\/esle\\\/programmes-et-profils\\\/citoyens-du-monde-cim\\\/#breadcrumb\"},\"inLanguage\":\"fr-CA\",\"potentialAction\":[{\"@type\":\"ReadAction\",\"target\":[\"https:\\\/\\\/cssdn.gouv.qc.ca\\\/esle\\\/programmes-et-profils\\\/citoyens-du-monde-cim\\\/\"]}]},{\"@type\":\"BreadcrumbList\",\"@id\":\"https:\\\/\\\/cssdn.gouv.qc.ca\\\/esle\\\/programmes-et-profils\\\/citoyens-du-monde-cim\\\/#breadcrumb\",\"itemListElement\":[{\"@type\":\"ListItem\",\"position\":1,\"name\":\"Accueil\",\"item\":\"https:\\\/\\\/cssdn.gouv.qc.ca\\\/esle\\\/\"},{\"@type\":\"ListItem\",\"position\":2,\"name\":\"Programmes et options\",\"item\":\"https:\\\/\\\/cssdn.gouv.qc.ca\\\/esle\\\/programmes-et-profils\\\/\"},{\"@type\":\"ListItem\",\"position\":3,\"name\":\"Programme Citoyens du monde (4e, 5e sec., ESLE)\"}]},{\"@type\":\"WebSite\",\"@id\":\"https:\\\/\\\/cssdn.gouv.qc.ca\\\/esle\\\/#website\",\"url\":\"https:\\\/\\\/cssdn.gouv.qc.ca\\\/esle\\\/\",\"name\":\"\u00c9cole secondaire les\u00a0Etchemins\",\"description\":\"Un site des centres de services scolaires des Navigateurs\",\"publisher\":{\"@id\":\"https:\\\/\\\/cssdn.gouv.qc.ca\\\/esle\\\/#organization\"},\"potentialAction\":[{\"@type\":\"SearchAction\",\"target\":{\"@type\":\"EntryPoint\",\"urlTemplate\":\"https:\\\/\\\/cssdn.gouv.qc.ca\\\/esle\\\/?s={search_term_string}\"},\"query-input\":{\"@type\":\"PropertyValueSpecification\",\"valueRequired\":true,\"valueName\":\"search_term_string\"}}],\"inLanguage\":\"fr-CA\"},{\"@type\":\"Organization\",\"@id\":\"https:\\\/\\\/cssdn.gouv.qc.ca\\\/esle\\\/#organization\",\"name\":\"\u00c9cole secondaire les\u00a0Etchemins\",\"url\":\"https:\\\/\\\/cssdn.gouv.qc.ca\\\/esle\\\/\",\"logo\":{\"@type\":\"ImageObject\",\"inLanguage\":\"fr-CA\",\"@id\":\"https:\\\/\\\/cssdn.gouv.qc.ca\\\/esle\\\/#\\\/schema\\\/logo\\\/image\\\/\",\"url\":\"https:\\\/\\\/cssdn.gouv.qc.ca\\\/esle\\\/wp-content\\\/uploads\\\/sites\\\/13\\\/2023\\\/01\\\/logo_quebec.svg\",\"contentUrl\":\"https:\\\/\\\/cssdn.gouv.qc.ca\\\/esle\\\/wp-content\\\/uploads\\\/sites\\\/13\\\/2023\\\/01\\\/logo_quebec.svg\",\"width\":188,\"height\":41,\"caption\":\"\u00c9cole secondaire les\u00a0Etchemins\"},\"image\":{\"@id\":\"https:\\\/\\\/cssdn.gouv.qc.ca\\\/esle\\\/#\\\/schema\\\/logo\\\/image\\\/\"},\"sameAs\":[\"https:\\\/\\\/www.facebook.com\\\/eslecssdn\",\"https:\\\/\\\/x.com\\\/CSSNavigateurs\",\"https:\\\/\\\/www.instagram.com\\\/cssnavigateurs\\\/\",\"https:\\\/\\\/www.youtube.com\\\/channel\\\/UCHbNBehije70JBzCIVT82bQ\",\"https:\\\/\\\/www.linkedin.com\\\/company\\\/cssdn\"]}]}<\/script>\n<!-- \/ Yoast SEO plugin. -->","yoast_head_json":{"title":"Programme Citoyens du monde (4e, 5e sec., ESLE) - \u00c9cole secondaire les\u00a0Etchemins","robots":{"index":"index","follow":"follow","max-snippet":"max-snippet:-1","max-image-preview":"max-image-preview:large","max-video-preview":"max-video-preview:-1"},"canonical":"https:\/\/cssdn.gouv.qc.ca\/esle\/programmes-et-profils\/citoyens-du-monde-cim\/","og_locale":"fr_CA","og_type":"article","og_title":"Programme Citoyens du monde (4e, 5e sec., ESLE) - \u00c9cole secondaire les\u00a0Etchemins","og_description":"Citoyens du monde Le programme Citoyens du monde (CIM) est offert \u00e0 l\u2019\u00e9cole secondaire de l\u2019Aubier en 1re, 2e&nbsp;et 3e&nbsp;secondaire et \u00e0 l\u2019\u00e9cole secondaire les Etchemins (ESLE) en 4e&nbsp;et 5e&nbsp;secondaire. Il s\u2019adresse \u00e0 tous les \u00e9l\u00e8ves du territoire du Centre de services scolaire des Navigateurs. La formation est ax\u00e9e sur une connaissance de la langue [&hellip;]","og_url":"https:\/\/cssdn.gouv.qc.ca\/esle\/programmes-et-profils\/citoyens-du-monde-cim\/","og_site_name":"\u00c9cole secondaire les\u00a0Etchemins","article_publisher":"https:\/\/www.facebook.com\/eslecssdn","article_modified_time":"2026-04-01T15:50:52+00:00","twitter_card":"summary_large_image","twitter_site":"@CSSNavigateurs","twitter_misc":{"Estimation du temps de lecture":"2 minutes"},"schema":{"@context":"https:\/\/schema.org","@graph":[{"@type":"WebPage","@id":"https:\/\/cssdn.gouv.qc.ca\/esle\/programmes-et-profils\/citoyens-du-monde-cim\/","url":"https:\/\/cssdn.gouv.qc.ca\/esle\/programmes-et-profils\/citoyens-du-monde-cim\/","name":"Programme Citoyens du monde (4e, 5e sec., ESLE) - \u00c9cole secondaire les\u00a0Etchemins","isPartOf":{"@id":"https:\/\/cssdn.gouv.qc.ca\/esle\/#website"},"datePublished":"2022-12-01T20:03:41+00:00","dateModified":"2026-04-01T15:50:52+00:00","breadcrumb":{"@id":"https:\/\/cssdn.gouv.qc.ca\/esle\/programmes-et-profils\/citoyens-du-monde-cim\/#breadcrumb"},"inLanguage":"fr-CA","potentialAction":[{"@type":"ReadAction","target":["https:\/\/cssdn.gouv.qc.ca\/esle\/programmes-et-profils\/citoyens-du-monde-cim\/"]}]},{"@type":"BreadcrumbList","@id":"https:\/\/cssdn.gouv.qc.ca\/esle\/programmes-et-profils\/citoyens-du-monde-cim\/#breadcrumb","itemListElement":[{"@type":"ListItem","position":1,"name":"Accueil","item":"https:\/\/cssdn.gouv.qc.ca\/esle\/"},{"@type":"ListItem","position":2,"name":"Programmes et options","item":"https:\/\/cssdn.gouv.qc.ca\/esle\/programmes-et-profils\/"},{"@type":"ListItem","position":3,"name":"Programme Citoyens du monde (4e, 5e sec., ESLE)"}]},{"@type":"WebSite","@id":"https:\/\/cssdn.gouv.qc.ca\/esle\/#website","url":"https:\/\/cssdn.gouv.qc.ca\/esle\/","name":"\u00c9cole secondaire les\u00a0Etchemins","description":"Un site des centres de services scolaires des Navigateurs","publisher":{"@id":"https:\/\/cssdn.gouv.qc.ca\/esle\/#organization"},"potentialAction":[{"@type":"SearchAction","target":{"@type":"EntryPoint","urlTemplate":"https:\/\/cssdn.gouv.qc.ca\/esle\/?s={search_term_string}"},"query-input":{"@type":"PropertyValueSpecification","valueRequired":true,"valueName":"search_term_string"}}],"inLanguage":"fr-CA"},{"@type":"Organization","@id":"https:\/\/cssdn.gouv.qc.ca\/esle\/#organization","name":"\u00c9cole secondaire les\u00a0Etchemins","url":"https:\/\/cssdn.gouv.qc.ca\/esle\/","logo":{"@type":"ImageObject","inLanguage":"fr-CA","@id":"https:\/\/cssdn.gouv.qc.ca\/esle\/#\/schema\/logo\/image\/","url":"https:\/\/cssdn.gouv.qc.ca\/esle\/wp-content\/uploads\/sites\/13\/2023\/01\/logo_quebec.svg","contentUrl":"https:\/\/cssdn.gouv.qc.ca\/esle\/wp-content\/uploads\/sites\/13\/2023\/01\/logo_quebec.svg","width":188,"height":41,"caption":"\u00c9cole secondaire les\u00a0Etchemins"},"image":{"@id":"https:\/\/cssdn.gouv.qc.ca\/esle\/#\/schema\/logo\/image\/"},"sameAs":["https:\/\/www.facebook.com\/eslecssdn","https:\/\/x.com\/CSSNavigateurs","https:\/\/www.instagram.com\/cssnavigateurs\/","https:\/\/www.youtube.com\/channel\/UCHbNBehije70JBzCIVT82bQ","https:\/\/www.linkedin.com\/company\/cssdn"]}]}},"publishpress_future_workflow_manual_trigger":{"enabledWorkflows":[]},"_links":{"self":[{"href":"https:\/\/cssdn.gouv.qc.ca\/esle\/wp-json\/wp\/v2\/programmes\/233","targetHints":{"allow":["GET"]}}],"collection":[{"href":"https:\/\/cssdn.gouv.qc.ca\/esle\/wp-json\/wp\/v2\/programmes"}],"about":[{"href":"https:\/\/cssdn.gouv.qc.ca\/esle\/wp-json\/wp\/v2\/types\/programme"}],"wp:attachment":[{"href":"https:\/\/cssdn.gouv.qc.ca\/esle\/wp-json\/wp\/v2\/media?parent=233"}],"wp:term":[{"taxonomy":"niveau","embeddable":true,"href":"https:\/\/cssdn.gouv.qc.ca\/esle\/wp-json\/wp\/v2\/niveau?post=233"},{"taxonomy":"domaine","embeddable":true,"href":"https:\/\/cssdn.gouv.qc.ca\/esle\/wp-json\/wp\/v2\/domaine?post=233"},{"taxonomy":"municipalite","embeddable":true,"href":"https:\/\/cssdn.gouv.qc.ca\/esle\/wp-json\/wp\/v2\/municipalite?post=233"}],"curies":[{"name":"wp","href":"https:\/\/api.w.org\/{rel}","templated":true}]}}