
{"id":9,"date":"2022-11-08T16:07:54","date_gmt":"2022-11-08T21:07:54","guid":{"rendered":"https:\/\/cssdn.gouv.qc.ca\/grandvoilier\/a-propos\/notre-equipe\/"},"modified":"2026-08-28T15:03:16","modified_gmt":"2026-08-28T19:03:16","slug":"notre-equipe","status":"publish","type":"page","link":"https:\/\/cssdn.gouv.qc.ca\/grandvoilier\/a-propos\/notre-equipe\/","title":{"rendered":"Notre \u00e9quipe"},"content":{"rendered":"\n<div class=\"wp-block-cover alignfull is-light is-style-title-banner\"><img decoding=\"async\" class=\"wp-block-cover__image-background wp-image-111 lazyload\" alt=\"\" data-src=\"https:\/\/cssdn.gouv.qc.ca\/wp-content\/uploads\/2022\/08\/Seawire-Hero-06.jpg\" data-object-fit=\"cover\" src=\"data:image\/svg+xml;base64,PHN2ZyB3aWR0aD0iMSIgaGVpZ2h0PSIxIiB4bWxucz0iaHR0cDovL3d3dy53My5vcmcvMjAwMC9zdmciPjwvc3ZnPg==\" \/><span aria-hidden=\"true\" class=\"wp-block-cover__background has-primary-background-color has-background-dim\"><\/span><div class=\"wp-block-cover__inner-container\"><h3 class=\"wp-block-post-title\">Notre \u00e9quipe<\/h3><\/div><\/div>\n\n\n\n<div class=\"wp-block-group alignfull has-padding-y-large has-secondary-background-color has-background\"><div class=\"yoast-breadcrumbs alignwide \"><span class=\"breadcrumbs\"><a href=\"https:\/\/cssdn.gouv.qc.ca\/grandvoilier\/\" class=\"breadcrumbs__element\">Accueil<\/a> <span class=\"breadcrumbs__separator\">\n        <svg class=\"icon icon-breadcrumb__separator\"><use xlink:href=\"#icon-breadcrumb__separator\"><\/use><\/svg>\n    <\/span> <a href=\"https:\/\/cssdn.gouv.qc.ca\/grandvoilier\/a-propos\/\" class=\"breadcrumbs__element\">\u00c0 propos<\/a> <span class=\"breadcrumbs__separator\">\n        <svg class=\"icon icon-breadcrumb__separator\"><use xlink:href=\"#icon-breadcrumb__separator\"><\/use><\/svg>\n    <\/span> <span class=\"breadcrumbs__element breadcrumbs__element-current\">Notre \u00e9quipe<\/span><\/span><\/div><\/div>\n\n\n\n<div class=\"act-collapsible\">\n<h5 class=\"wp-block-heading act-collapsible__heading\">\u00c9quipe de direction<\/h5>\n\n\n\n<div class=\"act-collapsible__content\"><div class=\"act-collapsible__content-inner\">\n<p class=\"wp-block-paragraph\">Isabelle Breault, directrice<br>(Pr\u00e9scolaire, 1re et 2e ann\u00e9e)<\/p>\n\n\n\n<p class=\"wp-block-paragraph\">Sonia Boisvert, directrice adjointe <br>(3e, 4e, 5e et  6e ann\u00e9e)<\/p>\n<\/div><\/div>\n<\/div>\n\n\n\n<div class=\"act-collapsible\">\n<h5 class=\"wp-block-heading act-collapsible__heading\">Secr\u00e9taires<\/h5>\n\n\n\n<div class=\"act-collapsible__content\"><div class=\"act-collapsible__content-inner\">\n<p class=\"wp-block-paragraph\">Nicole H\u00e9bert, St-Laurent un mercredi sur deux.<\/p>\n\n\n\n<p class=\"wp-block-paragraph\">Julie Galarneau, St-Laurent<\/p>\n\n\n\n<p class=\"wp-block-paragraph\">Myriam Marcoux, Hirondelles<\/p>\n<\/div><\/div>\n<\/div>\n\n\n\n<div class=\"act-collapsible\">\n<h5 class=\"wp-block-heading act-collapsible__heading\">Technicienne en service de garde et classe principale  en milieu scolaire<\/h5>\n\n\n\n<div class=\"act-collapsible__content\"><div class=\"act-collapsible__content-inner\">\n<p class=\"wp-block-paragraph\">Andr\u00e9 Levasseur, classe principale en milieu scolaire<\/p>\n\n\n\n<p class=\"wp-block-paragraph\">M\u00e9lissa Langlois, Technicienne en service de garde <\/p>\n<\/div><\/div>\n<\/div>\n\n\n\n<div class=\"act-collapsible\">\n<h2 class=\"wp-block-heading act-collapsible__heading\">Passe-partout<\/h2>\n\n\n\n<div class=\"act-collapsible__content\"><div class=\"act-collapsible__content-inner\">\n<p class=\"wp-block-paragraph\">Audrey Gu\u00e9rin<\/p>\n<\/div><\/div>\n<\/div>\n\n\n\n<div class=\"act-collapsible\">\n<h5 class=\"wp-block-heading act-collapsible__heading\">Classe CUBE<\/h5>\n\n\n\n<div class=\"act-collapsible__content\"><div class=\"act-collapsible__content-inner\">\n<p class=\"wp-block-paragraph\">Audrey Therrien (Titulaire)<\/p>\n\n\n\n<p class=\"wp-block-paragraph\">Daphn\u00e9 Mercier &#8211; TES Classe Cube<\/p>\n\n\n\n<p class=\"wp-block-paragraph\">Maude Daigle-Cyr &#8211; TES Classe Cube SDG soir<\/p>\n\n\n\n<p class=\"wp-block-paragraph\">Karine Boucher \u2013 PEH Classe Cube<\/p>\n<\/div><\/div>\n<\/div>\n\n\n\n<div class=\"wp-block-columns\">\n<div class=\"wp-block-column\" style=\"flex-basis:100%\">\n<div class=\"act-collapsible\">\n<h5 class=\"wp-block-heading act-collapsible__heading\">Maternelle 5 ans:  Titulaire et \u00e9ducatrice du service de garde<\/h5>\n\n\n\n<div class=\"act-collapsible__content\"><div class=\"act-collapsible__content-inner\">\n<p class=\"wp-block-paragraph\">Germaine Migneault \/ Carole Lavoie<\/p>\n\n\n\n<p class=\"wp-block-paragraph\">Marianne Gagnon \/ Danielle Huot<\/p>\n\n\n\n<p class=\"wp-block-paragraph\">Marisa Levasseur\/ Am\u00e9lie Leblanc<\/p>\n\n\n\n<p class=\"wp-block-paragraph\">Joannie Nadeau \/ Julie Roy<\/p>\n\n\n\n<p class=\"wp-block-paragraph\"><\/p>\n<\/div><\/div>\n<\/div>\n<\/div>\n<\/div>\n\n\n\n<div class=\"act-collapsible\">\n<h5 class=\"wp-block-heading act-collapsible__heading\">1re ann\u00e9e: Titulaires et \u00e9ducatrice du service de garde<\/h5>\n\n\n\n<div class=\"act-collapsible__content\"><div class=\"act-collapsible__content-inner\">\n<p class=\"wp-block-paragraph\">Isabelle Jacob \/ Marie-Neige Bouffard<\/p>\n\n\n\n<p class=\"wp-block-paragraph\">Josianne Pedneault \/ Chrystine Hamel<\/p>\n\n\n\n<p class=\"wp-block-paragraph\">Val\u00e9rie Jean \/ Anik Desjardins<\/p>\n\n\n\n<p class=\"wp-block-paragraph\">Maude Pelletier \/ Johanne Leclerc &amp; Francine Bourque<\/p>\n\n\n\n<p class=\"wp-block-paragraph\"><\/p>\n<\/div><\/div>\n<\/div>\n\n\n\n<div class=\"act-collapsible\">\n<h2 class=\"wp-block-heading act-collapsible__heading\">1re-2e ann\u00e9e: Titulaires et \u00e9ducatrice du service de garde<\/h2>\n\n\n\n<div class=\"act-collapsible__content\"><div class=\"act-collapsible__content-inner\">\n<p class=\"wp-block-paragraph\">Maude Pelletier \/ Johanne Leclerc &amp; Francine Bourque<\/p>\n<\/div><\/div>\n<\/div>\n\n\n\n<div class=\"act-collapsible\">\n<h5 class=\"wp-block-heading act-collapsible__heading\">2e ann\u00e9e: Titulaires et \u00e9ducatrice du service de garde<\/h5>\n\n\n\n<div class=\"act-collapsible__content\"><div class=\"act-collapsible__content-inner\">\n<p class=\"wp-block-paragraph\">Karine Rancourt \/ Maude Ferland B\u00e9dard<\/p>\n\n\n\n<p class=\"wp-block-paragraph\">Joannie Mass\u00e9 \/ Janick Blais<\/p>\n\n\n\n<p class=\"wp-block-paragraph\">Marie-\u00c8ve Lamontagne \/ Annick Gr\u00e9goire<\/p>\n\n\n\n<p class=\"wp-block-paragraph\"><\/p>\n<\/div><\/div>\n<\/div>\n\n\n\n<div class=\"act-collapsible\">\n<h2 class=\"wp-block-heading act-collapsible__heading\">2e-3e ann\u00e9e: Titulaire et \u00e9ducatrice du service de garde<\/h2>\n\n\n\n<div class=\"act-collapsible__content\"><div class=\"act-collapsible__content-inner\">\n<p class=\"wp-block-paragraph\">Marie-\u00c8ve Lamontagne \/ Annick Gr\u00e9goire<\/p>\n<\/div><\/div>\n<\/div>\n\n\n\n<div class=\"act-collapsible\">\n<h5 class=\"wp-block-heading act-collapsible__heading\">3e ann\u00e9e: Titulaires et \u00e9ducatrices du service de garde<\/h5>\n\n\n\n<div class=\"act-collapsible__content\"><div class=\"act-collapsible__content-inner\">\n<p class=\"wp-block-paragraph\">Julie Leclerc-Tancr\u00e8de \/ Marie Bernier<\/p>\n\n\n\n<p class=\"wp-block-paragraph\">Andr\u00e9anne Allard \/ Gabrielle T-Champagne<\/p>\n\n\n\n<p class=\"wp-block-paragraph\">Am\u00e9lie Chouinard Desch\u00eanes \/ Louise Morin<\/p>\n<\/div><\/div>\n<\/div>\n\n\n\n<div class=\"act-collapsible\">\n<h5 class=\"wp-block-heading act-collapsible__heading\">4e ann\u00e9e: Titulaires et \u00e9ducatrices du service de garde<\/h5>\n\n\n\n<div class=\"act-collapsible__content\"><div class=\"act-collapsible__content-inner\">\n<p class=\"wp-block-paragraph\">\u00c9milie Leblanc \/ Marie-Julitte Plante<\/p>\n\n\n\n<p class=\"wp-block-paragraph\">Catherine Laboissonni\u00e8re \/ Annie Hamel<\/p>\n\n\n\n<p class=\"wp-block-paragraph\">Marie-\u00c8ve Bergeron \/ Marlen Roy<\/p>\n<\/div><\/div>\n<\/div>\n\n\n\n<div class=\"act-collapsible\">\n<h5 class=\"wp-block-heading act-collapsible__heading\">5e ann\u00e9e: Titulaires et \u00e9ducatrices du service de garde<\/h5>\n\n\n\n<div class=\"act-collapsible__content\"><div class=\"act-collapsible__content-inner\">\n<p class=\"wp-block-paragraph\">Johanne Lalibert\u00e9 \/ Mbene Mbengue<\/p>\n\n\n\n<p class=\"wp-block-paragraph\">Marie-No\u00eblle Matte \/ Marie-Myriam G-Martineau<\/p>\n\n\n\n<p class=\"wp-block-paragraph\">Karine Paradis-Beaudoin \/ H\u00e9l\u00e8ne St-Laurent<\/p>\n\n\n\n<p class=\"wp-block-paragraph\">M\u00e9lissa Landry \/ Maxime Desmarchais<\/p>\n<\/div><\/div>\n<\/div>\n\n\n\n<div class=\"act-collapsible\">\n<h5 class=\"wp-block-heading act-collapsible__heading\">5e 6e \/6e ann\u00e9e: Titulaires et \u00e9ducateur\/trices du service de garde<\/h5>\n\n\n\n<div class=\"act-collapsible__content\"><div class=\"act-collapsible__content-inner\">\n<p class=\"wp-block-paragraph\">M\u00e9lissa Landry \/ Maxime Desmarchais<\/p>\n\n\n\n<p class=\"wp-block-paragraph\">Marie-\u00c8ve Ouellet \/ Sara Simoneau<\/p>\n\n\n\n<p class=\"wp-block-paragraph\">Catherine Falardeau \/ Andr\u00e9 Levasseur<\/p>\n\n\n\n<p class=\"wp-block-paragraph\">Val\u00e9rie Picard<\/p>\n\n\n\n<p class=\"wp-block-paragraph\"><\/p>\n<\/div><\/div>\n<\/div>\n\n\n\n<div class=\"act-collapsible\">\n<div class=\"act-collapsible__content\"><div class=\"act-collapsible__content-inner\">\n<p class=\"wp-block-paragraph\"><\/p>\n<\/div><\/div>\n\n\n\n<h5 class=\"wp-block-heading act-collapsible__heading\">Sp\u00e9cialistes <\/h5>\n<\/div>\n\n\n\n<p class=\"wp-block-paragraph\"><\/p>\n\n\n\n<p class=\"wp-block-paragraph\">Anglais M\u00e9lanie Lalibert\u00e9\u00a0<\/p>\n\n\n\n<p class=\"wp-block-paragraph\">Musique V\u00e9ronique Fortin<\/p>\n\n\n\n<p class=\"wp-block-paragraph\">Arts Dramatique. Julie Chamberland<\/p>\n\n\n\n<p class=\"wp-block-paragraph\">\u00c9ducation physique \u00a0Yannick Veilleux<\/p>\n\n\n\n<p class=\"wp-block-paragraph\">\u00c9ducation physique \u00a0\u00a0Philippe Bergeron<\/p>\n\n\n\n<p class=\"wp-block-paragraph\">\u00c9ducation physique \u00a0\u00a0(Marie-No\u00eblle T\u00eatu) Fr\u00e9d\u00e9rick Moreau, en remplacement<\/p>\n\n\n\n<div class=\"act-collapsible\">\n<h5 class=\"wp-block-heading act-collapsible__heading\">Compl\u00e9ments de t\u00e2ches<\/h5>\n\n\n\n<div class=\"act-collapsible__content\"><div class=\"act-collapsible__content-inner\">\n<p class=\"wp-block-paragraph\">Martika Chamberland<\/p>\n\n\n\n<p class=\"wp-block-paragraph\">Val\u00e9rie Picard<\/p>\n<\/div><\/div>\n<\/div>\n\n\n\n<div class=\"act-collapsible\">\n<h5 class=\"wp-block-heading act-collapsible__heading\">Orthop\u00e9dagogues<\/h5>\n\n\n\n<div class=\"act-collapsible__content\"><div class=\"act-collapsible__content-inner\">\n<p class=\"wp-block-paragraph\">Lysanne B\u00e9langer<\/p>\n\n\n\n<p class=\"wp-block-paragraph\">Vanessa Rochefort<\/p>\n<\/div><\/div>\n<\/div>\n\n\n\n<div class=\"act-collapsible\">\n<h5 class=\"wp-block-heading act-collapsible__heading\">Techniciens et techniciennes en \u00e9ducation sp\u00e9cialis\u00e9.es (TES) et pr\u00e9pos\u00e9e aux \u00e9l\u00e8ves handicap\u00e9s (PEH)<\/h5>\n\n\n\n<div class=\"act-collapsible__content\"><div class=\"act-collapsible__content-inner\">\n<p class=\"wp-block-paragraph\"><strong>Pavillon des Hirondelles<\/strong><\/p>\n\n\n\n<p class=\"wp-block-paragraph\">Odr\u00e9e Demers-Caron \u2013 TES pavillon \u2013 classe, r\u00e9cr\u00e9ations, SDG<\/p>\n\n\n\n<p class=\"wp-block-paragraph\">Pier-Luc Rivard \u2013 TES pavillon \u2013 classe, r\u00e9cr\u00e9ations<\/p>\n\n\n\n<p class=\"wp-block-paragraph\">Maude Daigle-Cyr &#8211; TES Classe Cube et classe r\u00e9guli\u00e8re<\/p>\n\n\n\n<p class=\"wp-block-paragraph\">Daphn\u00e9 Mercier, TES Classe Cube<\/p>\n\n\n\n<p class=\"wp-block-paragraph\">Andr\u00e9anne Beaudet-Lemay \u2013 Projet Langage<\/p>\n\n\n\n<p class=\"wp-block-paragraph\"><strong>Pavillon St-Laurent:<\/strong><\/p>\n\n\n\n<p class=\"wp-block-paragraph\">Alex Beaurivage (Anaelle Decaix) \u2013 TES pavillon \u2013 classe, r\u00e9cr\u00e9ations<\/p>\n\n\n\n<p class=\"wp-block-paragraph\">Emilie B\u00e9dard \u2013 TES pavillon \u2013 classe, r\u00e9cr\u00e9ations<\/p>\n\n\n\n<p class=\"wp-block-paragraph\">Karol-Ann Carrier \u2013 TES classe, r\u00e9cr\u00e9ations<\/p>\n\n\n\n<p class=\"wp-block-paragraph\">Andr\u00e9anne Beaudet-Lemay \u2013 Projet Langage<\/p>\n\n\n\n<p class=\"wp-block-paragraph\"><\/p>\n<\/div><\/div>\n<\/div>\n\n\n\n<div class=\"act-collapsible\">\n<h5 class=\"wp-block-heading act-collapsible__heading\">Professionnels<\/h5>\n\n\n\n<div class=\"act-collapsible__content\"><div class=\"act-collapsible__content-inner\">\n<p class=\"wp-block-paragraph\">Lydia Betty, Psycho\u00e9ducatrice<\/p>\n\n\n\n<p class=\"wp-block-paragraph\">Catherine Pothier, neuropsychologue<\/p>\n\n\n\n<p class=\"wp-block-paragraph\">Marie-No\u00eblle Bourque, orthophoniste<\/p>\n\n\n\n<p class=\"wp-block-paragraph\">\u00c9ric Demers, Animateur de d\u00e9veloppement personnel et d&rsquo;engagement communautaire (ADPEC)<\/p>\n\n\n\n<p class=\"wp-block-paragraph\">Jade Groleau, egoth\u00e9rapeute<\/p>\n<\/div><\/div>\n<\/div>\n\n\n\n<div class=\"act-collapsible\">\n<h5 class=\"wp-block-heading act-collapsible__heading\">Infirmi\u00e8re<\/h5>\n\n\n\n<div class=\"act-collapsible__content\"><div class=\"act-collapsible__content-inner\">\n<p class=\"wp-block-paragraph\">Mah\u00e9e L\u00e9tourneau<\/p>\n<\/div><\/div>\n<\/div>\n","protected":false},"excerpt":{"rendered":"<p>Anglais M\u00e9lanie Lalibert\u00e9\u00a0 Musique V\u00e9ronique Fortin Arts Dramatique. Julie Chamberland \u00c9ducation physique \u00a0Yannick Veilleux \u00c9ducation physique \u00a0\u00a0Philippe Bergeron \u00c9ducation physique \u00a0\u00a0(Marie-No\u00eblle T\u00eatu) Fr\u00e9d\u00e9rick Moreau, en remplacement<\/p>\n","protected":false},"author":1,"featured_media":0,"parent":6,"menu_order":0,"comment_status":"closed","ping_status":"closed","template":"","meta":{"_acf_changed":false,"inline_featured_image":false,"footnotes":""},"categories":[],"tags":[],"class_list":["post-9","page","type-page","status-publish","hentry"],"acf":[],"yoast_head":"<!-- This site is optimized with the Yoast SEO plugin v28.4 - https:\/\/yoast.com\/product\/yoast-seo-wordpress\/ -->\n<title>Notre \u00e9quipe - \u00c9cole du Grand-Voilier<\/title>\n<meta name=\"robots\" content=\"index, follow, max-snippet:-1, max-image-preview:large, max-video-preview:-1\" \/>\n<link rel=\"canonical\" href=\"https:\/\/cssdn.gouv.qc.ca\/grandvoilier\/a-propos\/notre-equipe\/\" \/>\n<meta property=\"og:locale\" content=\"fr_CA\" \/>\n<meta property=\"og:type\" content=\"article\" \/>\n<meta property=\"og:title\" content=\"Notre \u00e9quipe - \u00c9cole du Grand-Voilier\" \/>\n<meta property=\"og:description\" content=\"Anglais M\u00e9lanie Lalibert\u00e9\u00a0 Musique V\u00e9ronique Fortin Arts Dramatique. Julie Chamberland \u00c9ducation physique \u00a0Yannick Veilleux \u00c9ducation physique \u00a0\u00a0Philippe Bergeron \u00c9ducation physique \u00a0\u00a0(Marie-No\u00eblle T\u00eatu) Fr\u00e9d\u00e9rick Moreau, en remplacement\" \/>\n<meta property=\"og:url\" content=\"https:\/\/cssdn.gouv.qc.ca\/grandvoilier\/a-propos\/notre-equipe\/\" \/>\n<meta property=\"og:site_name\" content=\"\u00c9cole du Grand-Voilier\" \/>\n<meta property=\"article:publisher\" content=\"https:\/\/www.facebook.com\/GrandVoilier\" \/>\n<meta property=\"article:modified_time\" content=\"2026-08-28T19:03:16+00:00\" \/>\n<meta name=\"twitter:card\" content=\"summary_large_image\" \/>\n<meta name=\"twitter:label1\" content=\"Estimation du temps de lecture\" \/>\n\t<meta name=\"twitter:data1\" content=\"3 minutes\" \/>\n<script type=\"application\/ld+json\" class=\"yoast-schema-graph\">{\"@context\":\"https:\\\/\\\/schema.org\",\"@graph\":[{\"@type\":\"WebPage\",\"@id\":\"https:\\\/\\\/cssdn.gouv.qc.ca\\\/grandvoilier\\\/a-propos\\\/notre-equipe\\\/\",\"url\":\"https:\\\/\\\/cssdn.gouv.qc.ca\\\/grandvoilier\\\/a-propos\\\/notre-equipe\\\/\",\"name\":\"Notre \u00e9quipe - \u00c9cole du Grand-Voilier\",\"isPartOf\":{\"@id\":\"https:\\\/\\\/cssdn.gouv.qc.ca\\\/grandvoilier\\\/#website\"},\"primaryImageOfPage\":{\"@id\":\"https:\\\/\\\/cssdn.gouv.qc.ca\\\/grandvoilier\\\/a-propos\\\/notre-equipe\\\/#primaryimage\"},\"image\":{\"@id\":\"https:\\\/\\\/cssdn.gouv.qc.ca\\\/grandvoilier\\\/a-propos\\\/notre-equipe\\\/#primaryimage\"},\"thumbnailUrl\":\"https:\\\/\\\/cssdn.gouv.qc.ca\\\/wp-content\\\/uploads\\\/2022\\\/08\\\/Seawire-Hero-06.jpg\",\"datePublished\":\"2022-11-08T21:07:54+00:00\",\"dateModified\":\"2026-08-28T19:03:16+00:00\",\"breadcrumb\":{\"@id\":\"https:\\\/\\\/cssdn.gouv.qc.ca\\\/grandvoilier\\\/a-propos\\\/notre-equipe\\\/#breadcrumb\"},\"inLanguage\":\"fr-CA\",\"potentialAction\":[{\"@type\":\"ReadAction\",\"target\":[\"https:\\\/\\\/cssdn.gouv.qc.ca\\\/grandvoilier\\\/a-propos\\\/notre-equipe\\\/\"]}]},{\"@type\":\"ImageObject\",\"inLanguage\":\"fr-CA\",\"@id\":\"https:\\\/\\\/cssdn.gouv.qc.ca\\\/grandvoilier\\\/a-propos\\\/notre-equipe\\\/#primaryimage\",\"url\":\"https:\\\/\\\/cssdn.gouv.qc.ca\\\/wp-content\\\/uploads\\\/2022\\\/08\\\/Seawire-Hero-06.jpg\",\"contentUrl\":\"https:\\\/\\\/cssdn.gouv.qc.ca\\\/wp-content\\\/uploads\\\/2022\\\/08\\\/Seawire-Hero-06.jpg\"},{\"@type\":\"BreadcrumbList\",\"@id\":\"https:\\\/\\\/cssdn.gouv.qc.ca\\\/grandvoilier\\\/a-propos\\\/notre-equipe\\\/#breadcrumb\",\"itemListElement\":[{\"@type\":\"ListItem\",\"position\":1,\"name\":\"Accueil\",\"item\":\"https:\\\/\\\/cssdn.gouv.qc.ca\\\/grandvoilier\\\/\"},{\"@type\":\"ListItem\",\"position\":2,\"name\":\"\u00c0 propos\",\"item\":\"https:\\\/\\\/cssdn.gouv.qc.ca\\\/grandvoilier\\\/a-propos\\\/\"},{\"@type\":\"ListItem\",\"position\":3,\"name\":\"Notre \u00e9quipe\"}]},{\"@type\":\"WebSite\",\"@id\":\"https:\\\/\\\/cssdn.gouv.qc.ca\\\/grandvoilier\\\/#website\",\"url\":\"https:\\\/\\\/cssdn.gouv.qc.ca\\\/grandvoilier\\\/\",\"name\":\"\u00c9cole du Grand-Voilier\",\"description\":\"Un site des centres de services scolaires des Navigateurs\",\"publisher\":{\"@id\":\"https:\\\/\\\/cssdn.gouv.qc.ca\\\/grandvoilier\\\/#organization\"},\"potentialAction\":[{\"@type\":\"SearchAction\",\"target\":{\"@type\":\"EntryPoint\",\"urlTemplate\":\"https:\\\/\\\/cssdn.gouv.qc.ca\\\/grandvoilier\\\/?s={search_term_string}\"},\"query-input\":{\"@type\":\"PropertyValueSpecification\",\"valueRequired\":true,\"valueName\":\"search_term_string\"}}],\"inLanguage\":\"fr-CA\"},{\"@type\":\"Organization\",\"@id\":\"https:\\\/\\\/cssdn.gouv.qc.ca\\\/grandvoilier\\\/#organization\",\"name\":\"\u00c9cole du Grand-Voilier\",\"url\":\"https:\\\/\\\/cssdn.gouv.qc.ca\\\/grandvoilier\\\/\",\"logo\":{\"@type\":\"ImageObject\",\"inLanguage\":\"fr-CA\",\"@id\":\"https:\\\/\\\/cssdn.gouv.qc.ca\\\/grandvoilier\\\/#\\\/schema\\\/logo\\\/image\\\/\",\"url\":\"https:\\\/\\\/cssdn.gouv.qc.ca\\\/grandvoilier\\\/wp-content\\\/uploads\\\/sites\\\/45\\\/2023\\\/01\\\/logo_quebec.svg\",\"contentUrl\":\"https:\\\/\\\/cssdn.gouv.qc.ca\\\/grandvoilier\\\/wp-content\\\/uploads\\\/sites\\\/45\\\/2023\\\/01\\\/logo_quebec.svg\",\"width\":188,\"height\":41,\"caption\":\"\u00c9cole du Grand-Voilier\"},\"image\":{\"@id\":\"https:\\\/\\\/cssdn.gouv.qc.ca\\\/grandvoilier\\\/#\\\/schema\\\/logo\\\/image\\\/\"},\"sameAs\":[\"https:\\\/\\\/www.facebook.com\\\/GrandVoilier\"]}]}<\/script>\n<!-- \/ Yoast SEO plugin. -->","yoast_head_json":{"title":"Notre \u00e9quipe - \u00c9cole du Grand-Voilier","robots":{"index":"index","follow":"follow","max-snippet":"max-snippet:-1","max-image-preview":"max-image-preview:large","max-video-preview":"max-video-preview:-1"},"canonical":"https:\/\/cssdn.gouv.qc.ca\/grandvoilier\/a-propos\/notre-equipe\/","og_locale":"fr_CA","og_type":"article","og_title":"Notre \u00e9quipe - \u00c9cole du Grand-Voilier","og_description":"Anglais M\u00e9lanie Lalibert\u00e9\u00a0 Musique V\u00e9ronique Fortin Arts Dramatique. Julie Chamberland \u00c9ducation physique \u00a0Yannick Veilleux \u00c9ducation physique \u00a0\u00a0Philippe Bergeron \u00c9ducation physique \u00a0\u00a0(Marie-No\u00eblle T\u00eatu) Fr\u00e9d\u00e9rick Moreau, en remplacement","og_url":"https:\/\/cssdn.gouv.qc.ca\/grandvoilier\/a-propos\/notre-equipe\/","og_site_name":"\u00c9cole du Grand-Voilier","article_publisher":"https:\/\/www.facebook.com\/GrandVoilier","article_modified_time":"2026-08-28T19:03:16+00:00","twitter_card":"summary_large_image","twitter_misc":{"Estimation du temps de lecture":"3 minutes"},"schema":{"@context":"https:\/\/schema.org","@graph":[{"@type":"WebPage","@id":"https:\/\/cssdn.gouv.qc.ca\/grandvoilier\/a-propos\/notre-equipe\/","url":"https:\/\/cssdn.gouv.qc.ca\/grandvoilier\/a-propos\/notre-equipe\/","name":"Notre \u00e9quipe - \u00c9cole du Grand-Voilier","isPartOf":{"@id":"https:\/\/cssdn.gouv.qc.ca\/grandvoilier\/#website"},"primaryImageOfPage":{"@id":"https:\/\/cssdn.gouv.qc.ca\/grandvoilier\/a-propos\/notre-equipe\/#primaryimage"},"image":{"@id":"https:\/\/cssdn.gouv.qc.ca\/grandvoilier\/a-propos\/notre-equipe\/#primaryimage"},"thumbnailUrl":"https:\/\/cssdn.gouv.qc.ca\/wp-content\/uploads\/2022\/08\/Seawire-Hero-06.jpg","datePublished":"2022-11-08T21:07:54+00:00","dateModified":"2026-08-28T19:03:16+00:00","breadcrumb":{"@id":"https:\/\/cssdn.gouv.qc.ca\/grandvoilier\/a-propos\/notre-equipe\/#breadcrumb"},"inLanguage":"fr-CA","potentialAction":[{"@type":"ReadAction","target":["https:\/\/cssdn.gouv.qc.ca\/grandvoilier\/a-propos\/notre-equipe\/"]}]},{"@type":"ImageObject","inLanguage":"fr-CA","@id":"https:\/\/cssdn.gouv.qc.ca\/grandvoilier\/a-propos\/notre-equipe\/#primaryimage","url":"https:\/\/cssdn.gouv.qc.ca\/wp-content\/uploads\/2022\/08\/Seawire-Hero-06.jpg","contentUrl":"https:\/\/cssdn.gouv.qc.ca\/wp-content\/uploads\/2022\/08\/Seawire-Hero-06.jpg"},{"@type":"BreadcrumbList","@id":"https:\/\/cssdn.gouv.qc.ca\/grandvoilier\/a-propos\/notre-equipe\/#breadcrumb","itemListElement":[{"@type":"ListItem","position":1,"name":"Accueil","item":"https:\/\/cssdn.gouv.qc.ca\/grandvoilier\/"},{"@type":"ListItem","position":2,"name":"\u00c0 propos","item":"https:\/\/cssdn.gouv.qc.ca\/grandvoilier\/a-propos\/"},{"@type":"ListItem","position":3,"name":"Notre \u00e9quipe"}]},{"@type":"WebSite","@id":"https:\/\/cssdn.gouv.qc.ca\/grandvoilier\/#website","url":"https:\/\/cssdn.gouv.qc.ca\/grandvoilier\/","name":"\u00c9cole du Grand-Voilier","description":"Un site des centres de services scolaires des Navigateurs","publisher":{"@id":"https:\/\/cssdn.gouv.qc.ca\/grandvoilier\/#organization"},"potentialAction":[{"@type":"SearchAction","target":{"@type":"EntryPoint","urlTemplate":"https:\/\/cssdn.gouv.qc.ca\/grandvoilier\/?s={search_term_string}"},"query-input":{"@type":"PropertyValueSpecification","valueRequired":true,"valueName":"search_term_string"}}],"inLanguage":"fr-CA"},{"@type":"Organization","@id":"https:\/\/cssdn.gouv.qc.ca\/grandvoilier\/#organization","name":"\u00c9cole du Grand-Voilier","url":"https:\/\/cssdn.gouv.qc.ca\/grandvoilier\/","logo":{"@type":"ImageObject","inLanguage":"fr-CA","@id":"https:\/\/cssdn.gouv.qc.ca\/grandvoilier\/#\/schema\/logo\/image\/","url":"https:\/\/cssdn.gouv.qc.ca\/grandvoilier\/wp-content\/uploads\/sites\/45\/2023\/01\/logo_quebec.svg","contentUrl":"https:\/\/cssdn.gouv.qc.ca\/grandvoilier\/wp-content\/uploads\/sites\/45\/2023\/01\/logo_quebec.svg","width":188,"height":41,"caption":"\u00c9cole du Grand-Voilier"},"image":{"@id":"https:\/\/cssdn.gouv.qc.ca\/grandvoilier\/#\/schema\/logo\/image\/"},"sameAs":["https:\/\/www.facebook.com\/GrandVoilier"]}]}},"publishpress_future_action":{"enabled":false,"date":"2026-09-13 09:05:16","action":"change-status","newStatus":"draft","terms":[],"taxonomy":"category","extraData":[]},"publishpress_future_workflow_manual_trigger":{"enabledWorkflows":[]},"_links":{"self":[{"href":"https:\/\/cssdn.gouv.qc.ca\/grandvoilier\/wp-json\/wp\/v2\/pages\/9","targetHints":{"allow":["GET"]}}],"collection":[{"href":"https:\/\/cssdn.gouv.qc.ca\/grandvoilier\/wp-json\/wp\/v2\/pages"}],"about":[{"href":"https:\/\/cssdn.gouv.qc.ca\/grandvoilier\/wp-json\/wp\/v2\/types\/page"}],"author":[{"embeddable":true,"href":"https:\/\/cssdn.gouv.qc.ca\/grandvoilier\/wp-json\/wp\/v2\/users\/1"}],"replies":[{"embeddable":true,"href":"https:\/\/cssdn.gouv.qc.ca\/grandvoilier\/wp-json\/wp\/v2\/comments?post=9"}],"version-history":[{"count":0,"href":"https:\/\/cssdn.gouv.qc.ca\/grandvoilier\/wp-json\/wp\/v2\/pages\/9\/revisions"}],"up":[{"embeddable":true,"href":"https:\/\/cssdn.gouv.qc.ca\/grandvoilier\/wp-json\/wp\/v2\/pages\/6"}],"wp:attachment":[{"href":"https:\/\/cssdn.gouv.qc.ca\/grandvoilier\/wp-json\/wp\/v2\/media?parent=9"}],"wp:term":[{"taxonomy":"category","embeddable":true,"href":"https:\/\/cssdn.gouv.qc.ca\/grandvoilier\/wp-json\/wp\/v2\/categories?post=9"},{"taxonomy":"post_tag","embeddable":true,"href":"https:\/\/cssdn.gouv.qc.ca\/grandvoilier\/wp-json\/wp\/v2\/tags?post=9"}],"curies":[{"name":"wp","href":"https:\/\/api.w.org\/{rel}","templated":true}]}}