
{"id":374,"date":"2023-02-13T14:45:15","date_gmt":"2023-02-13T19:45:15","guid":{"rendered":"https:\/\/cssdn.gouv.qc.ca\/horizon\/?post_type=programme&#038;p=374"},"modified":"2023-09-26T11:29:42","modified_gmt":"2023-09-26T15:29:42","slug":"profil-basketball","status":"publish","type":"programme","link":"https:\/\/cssdn.gouv.qc.ca\/horizon\/programmes-et-profils\/profil-basketball\/","title":{"rendered":"Profil Basketball"},"content":{"rendered":"<section class=\"align programmes-details\" id=\"testimonial-block_5ffedf7097196b05d32e36aa99fb2b9c\">\n            <dl class=\"act-post-metadata__list\">\n                                <dt class=\"act-post-metadata__label act-post-metadata__label--niveau\">Le niveau :<\/dt>\n                    <dd class=\"act-post-metadata__value act-post-metadata__value--niveau\">Secondaire<\/dd>\n                    <\/dl>\n        \n    <\/section>\n\n\n\n\n\n<p class=\"wp-block-paragraph\">3 p\u00e9riodes par cycle.<\/p>\n\n\n\n<p class=\"wp-block-paragraph\">Un bloc de 2 p\u00e9riodes en gymnase (UQAR) et une p\u00e9riode en salle de conditionnement physique.<\/p>\n\n\n\n<p class=\"wp-block-paragraph\"><strong>Co\u00fbt du profil :<\/strong> Entre 350$ et 400$. <br>Le montant n&rsquo;est pas officiel, il doit \u00eatre approuv\u00e9 par le conseil d&rsquo;\u00e9tablissement en juin 2023.<br>*Possibilit\u00e9 d&rsquo;un cr\u00e9dit de 200$ sur la facturation scolaire par le Minist\u00e8re de l&rsquo;\u00c9ducation.<\/p>\n\n\n\n<div class=\"act-collapsible\">\n<h2 class=\"wp-block-heading act-collapsible__heading\" style=\"text-transform:none\"><strong>Foire aux questions<\/strong><\/h2>\n\n\n\n<div class=\"act-collapsible__content\"><div class=\"act-collapsible__content-inner\">\n<p class=\"wp-block-paragraph\"><strong>Est-ce que je dois faire partie obligatoirement d\u2019une \u00e9quipe dans une ligue RSEQ pour \u00eatre dans le profil ?<\/strong><br>Id\u00e9alement, ce serait bien, mais ce n\u2019est pas n\u00e9cessaire.<\/p>\n\n\n\n<p class=\"wp-block-paragraph\"><strong>Est-ce que je dois \u00eatre grand ou grande ?<\/strong><br>Non, la grandeur n\u2019a aucun impact sur ton d\u00e9veloppement au basketball.&nbsp;<\/p>\n\n\n\n<p class=\"wp-block-paragraph\"><strong>Comment allez-vous choisir les \u00e9l\u00e8ves s\u2019il y a plus de demandes que de places ?<\/strong><br>Nous allons faire des s\u00e9lections avec tous les \u00e9l\u00e8ves qui veulent faire partie du profil.&nbsp;<\/p>\n\n\n\n<p class=\"wp-block-paragraph\"><strong>Est-ce que je dois d\u00e9j\u00e0 avoir jou\u00e9 au basketball pour choisir le profil ?<\/strong><br>Non, tu peux n\u2019avoir jamais jou\u00e9 au basketball. Tu apprendras \u00e0 te d\u00e9velopper au cours de l\u2019ann\u00e9e que ce soit au niveau tactique, physique, mental,etc.<\/p>\n\n\n\n<p class=\"wp-block-paragraph\"><strong>O\u00f9 se feront les entra\u00eenements ?<\/strong><br>Nous avons une entente avec un gymnase \u00e0 proximit\u00e9 (UQAR), nous irons en autobus les avant-midis.<\/p>\n\n\n\n<p class=\"wp-block-paragraph\"><strong>Qu\u2019est-ce qui est inclus dans le co\u00fbt d\u2019inscription ?<\/strong><br>Le transport, la location du gymnase, frais d\u2019\u00e9quipe RSEQ, entra\u00eeneur.<\/p>\n\n\n\n<p class=\"wp-block-paragraph\"><em>Pratique et joutes en soir\u00e9e et les fins de semaines.&nbsp;<\/em><\/p>\n\n\n\n<p class=\"wp-block-paragraph\"><strong>Est-ce que les parents sont responsables d&rsquo;aller porter l&rsquo;enfant sur les lieux o\u00f9 c&rsquo;est avec le transport \u00e0 l&rsquo;\u00e9cole que l&rsquo;enfant est apport\u00e9 ? Et \u00e7a repr\u00e9sente combien fois dans un mois ?&nbsp;<\/strong><br>Les jeunes peuvent rester \u00e0 l\u2019\u00e9cole apr\u00e8s les cours. Ceux qui ont la pratique plus tard en profitent pour faire leurs travaux scolaires \u00e0 la caf\u00e9t\u00e9ria et manger. Les parents viennent les chercher apr\u00e8s les pratiques.&nbsp; Pour les matchs, la moiti\u00e9 des matchs ont lieu \u00e0 l\u2019\u00e9cole et les autres \u00e0 l\u2019ext\u00e9rieur. Encore une fois, les \u00e9l\u00e8ves peuvent rester apr\u00e8s les cours pour rester lors des matchs \u00e0 domicile. Il y a parfois des tournois lors des fins de semaine, le nombre diff\u00e8re selon le niveau, les jeunes et le coach.<\/p>\n<\/div><\/div>\n<\/div>\n","protected":false},"template":"","niveau":[9],"domaine":[],"municipalite":[21],"class_list":["post-374","programme","type-programme","status-publish","hentry","niveau-secondaire","municipalite-levis"],"acf":[],"yoast_head":"<!-- This site is optimized with the Yoast SEO plugin v27.4 - https:\/\/yoast.com\/product\/yoast-seo-wordpress\/ -->\n<title>Profil Basketball - \u00c9cole secondaire de l&#039;Horizon<\/title>\n<meta name=\"robots\" content=\"index, follow, max-snippet:-1, max-image-preview:large, max-video-preview:-1\" \/>\n<link rel=\"canonical\" href=\"https:\/\/cssdn.gouv.qc.ca\/horizon\/programmes-et-profils\/profil-basketball\/\" \/>\n<meta property=\"og:locale\" content=\"fr_CA\" \/>\n<meta property=\"og:type\" content=\"article\" \/>\n<meta property=\"og:title\" content=\"Profil Basketball - \u00c9cole secondaire de l&#039;Horizon\" \/>\n<meta property=\"og:description\" content=\"3 p\u00e9riodes par cycle. Un bloc de 2 p\u00e9riodes en gymnase (UQAR) et une p\u00e9riode en salle de conditionnement physique. Co\u00fbt du profil : Entre 350$ et 400$. Le montant n&rsquo;est pas officiel, il doit \u00eatre approuv\u00e9 par le conseil d&rsquo;\u00e9tablissement en juin 2023.*Possibilit\u00e9 d&rsquo;un cr\u00e9dit de 200$ sur la facturation scolaire par le Minist\u00e8re [&hellip;]\" \/>\n<meta property=\"og:url\" content=\"https:\/\/cssdn.gouv.qc.ca\/horizon\/programmes-et-profils\/profil-basketball\/\" \/>\n<meta property=\"og:site_name\" content=\"\u00c9cole secondaire de l&#039;Horizon\" \/>\n<meta property=\"article:publisher\" content=\"https:\/\/www.facebook.com\/horizonCSSDN\" \/>\n<meta property=\"article:modified_time\" content=\"2023-09-26T15:29:42+00:00\" \/>\n<meta name=\"twitter:card\" content=\"summary_large_image\" \/>\n<meta name=\"twitter:site\" content=\"@CSSNavigateurs\" \/>\n<meta name=\"twitter:label1\" content=\"Estimation du temps de lecture\" \/>\n\t<meta name=\"twitter:data1\" content=\"2 minutes\" \/>\n<script type=\"application\/ld+json\" class=\"yoast-schema-graph\">{\"@context\":\"https:\\\/\\\/schema.org\",\"@graph\":[{\"@type\":\"WebPage\",\"@id\":\"https:\\\/\\\/cssdn.gouv.qc.ca\\\/horizon\\\/programmes-et-profils\\\/profil-basketball\\\/\",\"url\":\"https:\\\/\\\/cssdn.gouv.qc.ca\\\/horizon\\\/programmes-et-profils\\\/profil-basketball\\\/\",\"name\":\"Profil Basketball - \u00c9cole secondaire de l&#039;Horizon\",\"isPartOf\":{\"@id\":\"https:\\\/\\\/cssdn.gouv.qc.ca\\\/horizon\\\/#website\"},\"datePublished\":\"2023-02-13T19:45:15+00:00\",\"dateModified\":\"2023-09-26T15:29:42+00:00\",\"breadcrumb\":{\"@id\":\"https:\\\/\\\/cssdn.gouv.qc.ca\\\/horizon\\\/programmes-et-profils\\\/profil-basketball\\\/#breadcrumb\"},\"inLanguage\":\"fr-CA\",\"potentialAction\":[{\"@type\":\"ReadAction\",\"target\":[\"https:\\\/\\\/cssdn.gouv.qc.ca\\\/horizon\\\/programmes-et-profils\\\/profil-basketball\\\/\"]}]},{\"@type\":\"BreadcrumbList\",\"@id\":\"https:\\\/\\\/cssdn.gouv.qc.ca\\\/horizon\\\/programmes-et-profils\\\/profil-basketball\\\/#breadcrumb\",\"itemListElement\":[{\"@type\":\"ListItem\",\"position\":1,\"name\":\"Accueil\",\"item\":\"https:\\\/\\\/cssdn.gouv.qc.ca\\\/horizon\\\/\"},{\"@type\":\"ListItem\",\"position\":2,\"name\":\"Programmes et profils\",\"item\":\"https:\\\/\\\/cssdn.gouv.qc.ca\\\/horizon\\\/programmes-et-profils\\\/\"},{\"@type\":\"ListItem\",\"position\":3,\"name\":\"Profil Basketball\"}]},{\"@type\":\"WebSite\",\"@id\":\"https:\\\/\\\/cssdn.gouv.qc.ca\\\/horizon\\\/#website\",\"url\":\"https:\\\/\\\/cssdn.gouv.qc.ca\\\/horizon\\\/\",\"name\":\"\u00c9cole secondaire de l&#039;Horizon\",\"description\":\"Un site des centres de services scolaires des Navigateurs\",\"publisher\":{\"@id\":\"https:\\\/\\\/cssdn.gouv.qc.ca\\\/horizon\\\/#organization\"},\"potentialAction\":[{\"@type\":\"SearchAction\",\"target\":{\"@type\":\"EntryPoint\",\"urlTemplate\":\"https:\\\/\\\/cssdn.gouv.qc.ca\\\/horizon\\\/?s={search_term_string}\"},\"query-input\":{\"@type\":\"PropertyValueSpecification\",\"valueRequired\":true,\"valueName\":\"search_term_string\"}}],\"inLanguage\":\"fr-CA\"},{\"@type\":\"Organization\",\"@id\":\"https:\\\/\\\/cssdn.gouv.qc.ca\\\/horizon\\\/#organization\",\"name\":\"\u00c9cole secondaire de l&#039;Horizon\",\"url\":\"https:\\\/\\\/cssdn.gouv.qc.ca\\\/horizon\\\/\",\"logo\":{\"@type\":\"ImageObject\",\"inLanguage\":\"fr-CA\",\"@id\":\"https:\\\/\\\/cssdn.gouv.qc.ca\\\/horizon\\\/#\\\/schema\\\/logo\\\/image\\\/\",\"url\":\"https:\\\/\\\/cssdn.gouv.qc.ca\\\/horizon\\\/wp-content\\\/uploads\\\/sites\\\/39\\\/2023\\\/01\\\/logo_quebec.svg\",\"contentUrl\":\"https:\\\/\\\/cssdn.gouv.qc.ca\\\/horizon\\\/wp-content\\\/uploads\\\/sites\\\/39\\\/2023\\\/01\\\/logo_quebec.svg\",\"width\":188,\"height\":41,\"caption\":\"\u00c9cole secondaire de l&#039;Horizon\"},\"image\":{\"@id\":\"https:\\\/\\\/cssdn.gouv.qc.ca\\\/horizon\\\/#\\\/schema\\\/logo\\\/image\\\/\"},\"sameAs\":[\"https:\\\/\\\/www.facebook.com\\\/horizonCSSDN\",\"https:\\\/\\\/x.com\\\/CSSNavigateurs\",\"https:\\\/\\\/www.instagram.com\\\/cssnavigateurs\\\/\",\"https:\\\/\\\/www.youtube.com\\\/channel\\\/UCHbNBehije70JBzCIVT82bQ\",\"https:\\\/\\\/www.linkedin.com\\\/company\\\/cssdn\"]}]}<\/script>\n<!-- \/ Yoast SEO plugin. -->","yoast_head_json":{"title":"Profil Basketball - \u00c9cole secondaire de l&#039;Horizon","robots":{"index":"index","follow":"follow","max-snippet":"max-snippet:-1","max-image-preview":"max-image-preview:large","max-video-preview":"max-video-preview:-1"},"canonical":"https:\/\/cssdn.gouv.qc.ca\/horizon\/programmes-et-profils\/profil-basketball\/","og_locale":"fr_CA","og_type":"article","og_title":"Profil Basketball - \u00c9cole secondaire de l&#039;Horizon","og_description":"3 p\u00e9riodes par cycle. Un bloc de 2 p\u00e9riodes en gymnase (UQAR) et une p\u00e9riode en salle de conditionnement physique. Co\u00fbt du profil : Entre 350$ et 400$. Le montant n&rsquo;est pas officiel, il doit \u00eatre approuv\u00e9 par le conseil d&rsquo;\u00e9tablissement en juin 2023.*Possibilit\u00e9 d&rsquo;un cr\u00e9dit de 200$ sur la facturation scolaire par le Minist\u00e8re [&hellip;]","og_url":"https:\/\/cssdn.gouv.qc.ca\/horizon\/programmes-et-profils\/profil-basketball\/","og_site_name":"\u00c9cole secondaire de l&#039;Horizon","article_publisher":"https:\/\/www.facebook.com\/horizonCSSDN","article_modified_time":"2023-09-26T15:29:42+00:00","twitter_card":"summary_large_image","twitter_site":"@CSSNavigateurs","twitter_misc":{"Estimation du temps de lecture":"2 minutes"},"schema":{"@context":"https:\/\/schema.org","@graph":[{"@type":"WebPage","@id":"https:\/\/cssdn.gouv.qc.ca\/horizon\/programmes-et-profils\/profil-basketball\/","url":"https:\/\/cssdn.gouv.qc.ca\/horizon\/programmes-et-profils\/profil-basketball\/","name":"Profil Basketball - \u00c9cole secondaire de l&#039;Horizon","isPartOf":{"@id":"https:\/\/cssdn.gouv.qc.ca\/horizon\/#website"},"datePublished":"2023-02-13T19:45:15+00:00","dateModified":"2023-09-26T15:29:42+00:00","breadcrumb":{"@id":"https:\/\/cssdn.gouv.qc.ca\/horizon\/programmes-et-profils\/profil-basketball\/#breadcrumb"},"inLanguage":"fr-CA","potentialAction":[{"@type":"ReadAction","target":["https:\/\/cssdn.gouv.qc.ca\/horizon\/programmes-et-profils\/profil-basketball\/"]}]},{"@type":"BreadcrumbList","@id":"https:\/\/cssdn.gouv.qc.ca\/horizon\/programmes-et-profils\/profil-basketball\/#breadcrumb","itemListElement":[{"@type":"ListItem","position":1,"name":"Accueil","item":"https:\/\/cssdn.gouv.qc.ca\/horizon\/"},{"@type":"ListItem","position":2,"name":"Programmes et profils","item":"https:\/\/cssdn.gouv.qc.ca\/horizon\/programmes-et-profils\/"},{"@type":"ListItem","position":3,"name":"Profil Basketball"}]},{"@type":"WebSite","@id":"https:\/\/cssdn.gouv.qc.ca\/horizon\/#website","url":"https:\/\/cssdn.gouv.qc.ca\/horizon\/","name":"\u00c9cole secondaire de l&#039;Horizon","description":"Un site des centres de services scolaires des Navigateurs","publisher":{"@id":"https:\/\/cssdn.gouv.qc.ca\/horizon\/#organization"},"potentialAction":[{"@type":"SearchAction","target":{"@type":"EntryPoint","urlTemplate":"https:\/\/cssdn.gouv.qc.ca\/horizon\/?s={search_term_string}"},"query-input":{"@type":"PropertyValueSpecification","valueRequired":true,"valueName":"search_term_string"}}],"inLanguage":"fr-CA"},{"@type":"Organization","@id":"https:\/\/cssdn.gouv.qc.ca\/horizon\/#organization","name":"\u00c9cole secondaire de l&#039;Horizon","url":"https:\/\/cssdn.gouv.qc.ca\/horizon\/","logo":{"@type":"ImageObject","inLanguage":"fr-CA","@id":"https:\/\/cssdn.gouv.qc.ca\/horizon\/#\/schema\/logo\/image\/","url":"https:\/\/cssdn.gouv.qc.ca\/horizon\/wp-content\/uploads\/sites\/39\/2023\/01\/logo_quebec.svg","contentUrl":"https:\/\/cssdn.gouv.qc.ca\/horizon\/wp-content\/uploads\/sites\/39\/2023\/01\/logo_quebec.svg","width":188,"height":41,"caption":"\u00c9cole secondaire de l&#039;Horizon"},"image":{"@id":"https:\/\/cssdn.gouv.qc.ca\/horizon\/#\/schema\/logo\/image\/"},"sameAs":["https:\/\/www.facebook.com\/horizonCSSDN","https:\/\/x.com\/CSSNavigateurs","https:\/\/www.instagram.com\/cssnavigateurs\/","https:\/\/www.youtube.com\/channel\/UCHbNBehije70JBzCIVT82bQ","https:\/\/www.linkedin.com\/company\/cssdn"]}]}},"publishpress_future_workflow_manual_trigger":{"enabledWorkflows":[]},"_links":{"self":[{"href":"https:\/\/cssdn.gouv.qc.ca\/horizon\/wp-json\/wp\/v2\/programmes\/374","targetHints":{"allow":["GET"]}}],"collection":[{"href":"https:\/\/cssdn.gouv.qc.ca\/horizon\/wp-json\/wp\/v2\/programmes"}],"about":[{"href":"https:\/\/cssdn.gouv.qc.ca\/horizon\/wp-json\/wp\/v2\/types\/programme"}],"wp:attachment":[{"href":"https:\/\/cssdn.gouv.qc.ca\/horizon\/wp-json\/wp\/v2\/media?parent=374"}],"wp:term":[{"taxonomy":"niveau","embeddable":true,"href":"https:\/\/cssdn.gouv.qc.ca\/horizon\/wp-json\/wp\/v2\/niveau?post=374"},{"taxonomy":"domaine","embeddable":true,"href":"https:\/\/cssdn.gouv.qc.ca\/horizon\/wp-json\/wp\/v2\/domaine?post=374"},{"taxonomy":"municipalite","embeddable":true,"href":"https:\/\/cssdn.gouv.qc.ca\/horizon\/wp-json\/wp\/v2\/municipalite?post=374"}],"curies":[{"name":"wp","href":"https:\/\/api.w.org\/{rel}","templated":true}]}}