
{"id":254,"date":"2023-07-05T09:48:21","date_gmt":"2023-07-05T13:48:21","guid":{"rendered":"https:\/\/cssdn.gouv.qc.ca\/lamennais\/?page_id=254"},"modified":"2025-06-26T10:29:12","modified_gmt":"2025-06-26T14:29:12","slug":"fournitures-scolaires-2","status":"publish","type":"page","link":"https:\/\/cssdn.gouv.qc.ca\/lamennais\/informations-aux-parents\/fournitures-scolaires-2\/","title":{"rendered":"Fournitures scolaires"},"content":{"rendered":"\n<div class=\"wp-block-cover alignfull is-light is-style-title-banner\"><img decoding=\"async\" class=\"wp-block-cover__image-background wp-image-111 lazyload\" alt=\"\" data-src=\"https:\/\/stage.cssdn.gouv.qc.ca\/wp-content\/uploads\/2022\/08\/Seawire-Hero-06.jpg\" data-object-fit=\"cover\" src=\"data:image\/svg+xml;base64,PHN2ZyB3aWR0aD0iMSIgaGVpZ2h0PSIxIiB4bWxucz0iaHR0cDovL3d3dy53My5vcmcvMjAwMC9zdmciPjwvc3ZnPg==\" \/><span aria-hidden=\"true\" class=\"wp-block-cover__background has-background-dim\"><\/span><div class=\"wp-block-cover__inner-container\"><h3 class=\"wp-block-post-title\">Fournitures scolaires<\/h3><\/div><\/div>\n\n\n\n<div class=\"wp-block-group alignfull has-padding-y-large has-secondary-background-color has-background\"><div class=\"yoast-breadcrumbs alignwide \"><span class=\"breadcrumbs\"><a href=\"https:\/\/cssdn.gouv.qc.ca\/lamennais\/\" class=\"breadcrumbs__element\">Accueil<\/a> <span class=\"breadcrumbs__separator\">\n        <svg class=\"icon icon-breadcrumb__separator\"><use xlink:href=\"#icon-breadcrumb__separator\"><\/use><\/svg>\n    <\/span> <a href=\"https:\/\/cssdn.gouv.qc.ca\/lamennais\/informations-aux-parents\/\" class=\"breadcrumbs__element\">Informations aux parents<\/a> <span class=\"breadcrumbs__separator\">\n        <svg class=\"icon icon-breadcrumb__separator\"><use xlink:href=\"#icon-breadcrumb__separator\"><\/use><\/svg>\n    <\/span> <span class=\"breadcrumbs__element breadcrumbs__element-current\">Fournitures scolaires<\/span><\/span><\/div><\/div>\n\n\n\n<h1 class=\"wp-block-heading\">Mat\u00e9riel scolaires 2025-2026<\/h1>\n\n\n\n<p class=\"wp-block-paragraph\">Pr\u00e9scolaire 4 ans<\/p>\n\n\n\n<div data-wp-interactive=\"core\/file\" class=\"wp-block-file\"><object data-wp-bind--hidden=\"!state.hasPdfPreview\" hidden class=\"wp-block-file__embed\" data=\"https:\/\/cssdn.gouv.qc.ca\/lamennais\/wp-content\/uploads\/sites\/46\/2025\/06\/Liste-de-materiel_prescolaire-4_2025-2026.pdf\" type=\"application\/pdf\" style=\"width:100%;height:200px\" aria-label=\"Contenu incorpor\u00e9 Liste de mat\u00e9riel_pr\u00e9scolaire 4_2025-2026.\"><\/object><a id=\"wp-block-file--media-ae20f3b2-1a11-4d9b-946f-a7d781bf5537\" href=\"https:\/\/cssdn.gouv.qc.ca\/lamennais\/wp-content\/uploads\/sites\/46\/2025\/06\/Liste-de-materiel_prescolaire-4_2025-2026.pdf\">Liste de mat\u00e9riel_pr\u00e9scolaire 4_2025-2026<\/a><a href=\"https:\/\/cssdn.gouv.qc.ca\/lamennais\/wp-content\/uploads\/sites\/46\/2025\/06\/Liste-de-materiel_prescolaire-4_2025-2026.pdf\" class=\"wp-block-file__button wp-element-button\" download aria-describedby=\"wp-block-file--media-ae20f3b2-1a11-4d9b-946f-a7d781bf5537\">T\u00e9l\u00e9charger<\/a><\/div>\n\n\n\n<p class=\"wp-block-paragraph\">Pr\u00e9scolaire 5 ans<\/p>\n\n\n\n<div data-wp-interactive=\"core\/file\" class=\"wp-block-file\"><object data-wp-bind--hidden=\"!state.hasPdfPreview\" hidden class=\"wp-block-file__embed\" data=\"https:\/\/cssdn.gouv.qc.ca\/lamennais\/wp-content\/uploads\/sites\/46\/2025\/06\/Liste-de-materiel_prescolaire-5_2025-2026.pdf\" type=\"application\/pdf\" style=\"width:100%;height:200px\" aria-label=\"Contenu incorpor\u00e9 Liste de mat\u00e9riel_pr\u00e9scolaire 5_2025-2026.\"><\/object><a id=\"wp-block-file--media-ca52fdad-7260-4c6c-b0d1-b16a98a1d18e\" href=\"https:\/\/cssdn.gouv.qc.ca\/lamennais\/wp-content\/uploads\/sites\/46\/2025\/06\/Liste-de-materiel_prescolaire-5_2025-2026.pdf\">Liste de mat\u00e9riel_pr\u00e9scolaire 5_2025-2026<\/a><a href=\"https:\/\/cssdn.gouv.qc.ca\/lamennais\/wp-content\/uploads\/sites\/46\/2025\/06\/Liste-de-materiel_prescolaire-5_2025-2026.pdf\" class=\"wp-block-file__button wp-element-button\" download aria-describedby=\"wp-block-file--media-ca52fdad-7260-4c6c-b0d1-b16a98a1d18e\">T\u00e9l\u00e9charger<\/a><\/div>\n\n\n\n<p class=\"wp-block-paragraph\">1\u00e8re ann\u00e9e<\/p>\n\n\n\n<div data-wp-interactive=\"core\/file\" class=\"wp-block-file\"><object data-wp-bind--hidden=\"!state.hasPdfPreview\" hidden class=\"wp-block-file__embed\" data=\"https:\/\/cssdn.gouv.qc.ca\/lamennais\/wp-content\/uploads\/sites\/46\/2025\/06\/Liste-de-materiel_1re-annee_2025-2026.pdf\" type=\"application\/pdf\" style=\"width:100%;height:200px\" aria-label=\"Contenu incorpor\u00e9 Liste de mat\u00e9riel_1re ann\u00e9e_2025-2026.\"><\/object><a id=\"wp-block-file--media-9d6c0419-7031-4fa8-ae86-ee98dfc74651\" href=\"https:\/\/cssdn.gouv.qc.ca\/lamennais\/wp-content\/uploads\/sites\/46\/2025\/06\/Liste-de-materiel_1re-annee_2025-2026.pdf\">Liste de mat\u00e9riel_1re ann\u00e9e_2025-2026<\/a><a href=\"https:\/\/cssdn.gouv.qc.ca\/lamennais\/wp-content\/uploads\/sites\/46\/2025\/06\/Liste-de-materiel_1re-annee_2025-2026.pdf\" class=\"wp-block-file__button wp-element-button\" download aria-describedby=\"wp-block-file--media-9d6c0419-7031-4fa8-ae86-ee98dfc74651\">T\u00e9l\u00e9charger<\/a><\/div>\n\n\n\n<p class=\"wp-block-paragraph\">2e ann\u00e9e<\/p>\n\n\n\n<div data-wp-interactive=\"core\/file\" class=\"wp-block-file\"><object data-wp-bind--hidden=\"!state.hasPdfPreview\" hidden class=\"wp-block-file__embed\" data=\"https:\/\/cssdn.gouv.qc.ca\/lamennais\/wp-content\/uploads\/sites\/46\/2025\/06\/Liste-de-materiel_2e-12_23_2025-2026.pdf\" type=\"application\/pdf\" style=\"width:100%;height:200px\" aria-label=\"Contenu incorpor\u00e9 Liste de mat\u00e9riel_2e (1&amp;2_2&amp;3)_2025-2026.\"><\/object><a id=\"wp-block-file--media-f45cb1ba-f79d-4e0d-a72a-cd072c8b097e\" href=\"https:\/\/cssdn.gouv.qc.ca\/lamennais\/wp-content\/uploads\/sites\/46\/2025\/06\/Liste-de-materiel_2e-12_23_2025-2026.pdf\">Liste de mat\u00e9riel_2e (1&amp;2_2&amp;3)_2025-2026<\/a><a href=\"https:\/\/cssdn.gouv.qc.ca\/lamennais\/wp-content\/uploads\/sites\/46\/2025\/06\/Liste-de-materiel_2e-12_23_2025-2026.pdf\" class=\"wp-block-file__button wp-element-button\" download aria-describedby=\"wp-block-file--media-f45cb1ba-f79d-4e0d-a72a-cd072c8b097e\">T\u00e9l\u00e9charger<\/a><\/div>\n\n\n\n<p class=\"wp-block-paragraph\">3e ann\u00e9e<\/p>\n\n\n\n<div data-wp-interactive=\"core\/file\" class=\"wp-block-file\"><object data-wp-bind--hidden=\"!state.hasPdfPreview\" hidden class=\"wp-block-file__embed\" data=\"https:\/\/cssdn.gouv.qc.ca\/lamennais\/wp-content\/uploads\/sites\/46\/2025\/06\/Liste-de-materiel_3e-annee_2025-2026-1.pdf\" type=\"application\/pdf\" style=\"width:100%;height:200px\" aria-label=\"Contenu incorpor\u00e9 Liste de mat\u00e9riel_3e ann\u00e9e_2025-2026 .\"><\/object><a id=\"wp-block-file--media-bae5b74a-f6ca-4d1c-bd98-90da34cf7d84\" href=\"https:\/\/cssdn.gouv.qc.ca\/lamennais\/wp-content\/uploads\/sites\/46\/2025\/06\/Liste-de-materiel_3e-annee_2025-2026-1.pdf\">Liste de mat\u00e9riel_3e ann\u00e9e_2025-2026 <\/a><a href=\"https:\/\/cssdn.gouv.qc.ca\/lamennais\/wp-content\/uploads\/sites\/46\/2025\/06\/Liste-de-materiel_3e-annee_2025-2026-1.pdf\" class=\"wp-block-file__button wp-element-button\" download aria-describedby=\"wp-block-file--media-bae5b74a-f6ca-4d1c-bd98-90da34cf7d84\">T\u00e9l\u00e9charger<\/a><\/div>\n\n\n\n<p class=\"wp-block-paragraph\">4e ann\u00e9e<\/p>\n\n\n\n<div data-wp-interactive=\"core\/file\" class=\"wp-block-file\"><object data-wp-bind--hidden=\"!state.hasPdfPreview\" hidden class=\"wp-block-file__embed\" data=\"https:\/\/cssdn.gouv.qc.ca\/lamennais\/wp-content\/uploads\/sites\/46\/2025\/06\/Liste-de-materiel_4e-annee_2025-2026.pdf\" type=\"application\/pdf\" style=\"width:100%;height:200px\" aria-label=\"Contenu incorpor\u00e9 Liste de mat\u00e9riel_4e ann\u00e9e_2025-2026.\"><\/object><a id=\"wp-block-file--media-cab3ebcc-c683-4116-b67f-911e609a632f\" href=\"https:\/\/cssdn.gouv.qc.ca\/lamennais\/wp-content\/uploads\/sites\/46\/2025\/06\/Liste-de-materiel_4e-annee_2025-2026.pdf\">Liste de mat\u00e9riel_4e ann\u00e9e_2025-2026<\/a><a href=\"https:\/\/cssdn.gouv.qc.ca\/lamennais\/wp-content\/uploads\/sites\/46\/2025\/06\/Liste-de-materiel_4e-annee_2025-2026.pdf\" class=\"wp-block-file__button wp-element-button\" download aria-describedby=\"wp-block-file--media-cab3ebcc-c683-4116-b67f-911e609a632f\">T\u00e9l\u00e9charger<\/a><\/div>\n\n\n\n<p class=\"wp-block-paragraph\">5e ann\u00e9e<\/p>\n\n\n\n<div data-wp-interactive=\"core\/file\" class=\"wp-block-file\"><object data-wp-bind--hidden=\"!state.hasPdfPreview\" hidden class=\"wp-block-file__embed\" data=\"https:\/\/cssdn.gouv.qc.ca\/lamennais\/wp-content\/uploads\/sites\/46\/2025\/06\/Liste-de-materiel_5e-et-5-6e-annee_2025-2026.pdf\" type=\"application\/pdf\" style=\"width:100%;height:200px\" aria-label=\"Contenu incorpor\u00e9 Liste de mat\u00e9riel_5e et 5-6e ann\u00e9e_2025-2026.\"><\/object><a id=\"wp-block-file--media-f29da553-d226-49b3-b071-c3b4f33859ce\" href=\"https:\/\/cssdn.gouv.qc.ca\/lamennais\/wp-content\/uploads\/sites\/46\/2025\/06\/Liste-de-materiel_5e-et-5-6e-annee_2025-2026.pdf\">Liste de mat\u00e9riel_5e et 5-6e ann\u00e9e_2025-2026<\/a><a href=\"https:\/\/cssdn.gouv.qc.ca\/lamennais\/wp-content\/uploads\/sites\/46\/2025\/06\/Liste-de-materiel_5e-et-5-6e-annee_2025-2026.pdf\" class=\"wp-block-file__button wp-element-button\" download aria-describedby=\"wp-block-file--media-f29da553-d226-49b3-b071-c3b4f33859ce\">T\u00e9l\u00e9charger<\/a><\/div>\n\n\n\n<p class=\"wp-block-paragraph\">6e ann\u00e9e<\/p>\n\n\n\n<div data-wp-interactive=\"core\/file\" class=\"wp-block-file\"><object data-wp-bind--hidden=\"!state.hasPdfPreview\" hidden class=\"wp-block-file__embed\" data=\"https:\/\/cssdn.gouv.qc.ca\/lamennais\/wp-content\/uploads\/sites\/46\/2025\/06\/Liste-de-materiel_6e-annee_2025-2026.pdf\" type=\"application\/pdf\" style=\"width:100%;height:200px\" aria-label=\"Contenu incorpor\u00e9 Liste de mat\u00e9riel_6e ann\u00e9e_2025-2026.\"><\/object><a id=\"wp-block-file--media-4456d92e-1f36-4606-abfa-f78b12e9a3f5\" href=\"https:\/\/cssdn.gouv.qc.ca\/lamennais\/wp-content\/uploads\/sites\/46\/2025\/06\/Liste-de-materiel_6e-annee_2025-2026.pdf\">Liste de mat\u00e9riel_6e ann\u00e9e_2025-2026<\/a><a href=\"https:\/\/cssdn.gouv.qc.ca\/lamennais\/wp-content\/uploads\/sites\/46\/2025\/06\/Liste-de-materiel_6e-annee_2025-2026.pdf\" class=\"wp-block-file__button wp-element-button\" download aria-describedby=\"wp-block-file--media-4456d92e-1f36-4606-abfa-f78b12e9a3f5\">T\u00e9l\u00e9charger<\/a><\/div>\n","protected":false},"excerpt":{"rendered":"<p>Mat\u00e9riel scolaires 2025-2026 Pr\u00e9scolaire 4 ans Pr\u00e9scolaire 5 ans 1\u00e8re ann\u00e9e 2e ann\u00e9e 3e ann\u00e9e 4e ann\u00e9e 5e ann\u00e9e 6e ann\u00e9e<\/p>\n","protected":false},"author":63,"featured_media":0,"parent":13,"menu_order":0,"comment_status":"closed","ping_status":"closed","template":"","meta":{"_acf_changed":false,"_crdt_document":"","inline_featured_image":false,"footnotes":""},"categories":[],"tags":[],"class_list":["post-254","page","type-page","status-publish","hentry"],"acf":[],"yoast_head":"<!-- This site is optimized with the Yoast SEO plugin v27.5 - https:\/\/yoast.com\/product\/yoast-seo-wordpress\/ -->\n<title>Fournitures scolaires - \u00c9cole La Mennais<\/title>\n<meta name=\"robots\" content=\"index, follow, max-snippet:-1, max-image-preview:large, max-video-preview:-1\" \/>\n<link rel=\"canonical\" href=\"https:\/\/cssdn.gouv.qc.ca\/lamennais\/informations-aux-parents\/fournitures-scolaires-2\/\" \/>\n<meta property=\"og:locale\" content=\"fr_CA\" \/>\n<meta property=\"og:type\" content=\"article\" \/>\n<meta property=\"og:title\" content=\"Fournitures scolaires - \u00c9cole La Mennais\" \/>\n<meta property=\"og:description\" content=\"Mat\u00e9riel scolaires 2025-2026 Pr\u00e9scolaire 4 ans Pr\u00e9scolaire 5 ans 1\u00e8re ann\u00e9e 2e ann\u00e9e 3e ann\u00e9e 4e ann\u00e9e 5e ann\u00e9e 6e ann\u00e9e\" \/>\n<meta property=\"og:url\" content=\"https:\/\/cssdn.gouv.qc.ca\/lamennais\/informations-aux-parents\/fournitures-scolaires-2\/\" \/>\n<meta property=\"og:site_name\" content=\"\u00c9cole La Mennais\" \/>\n<meta property=\"article:publisher\" content=\"https:\/\/www.facebook.com\/Ecolelamennais\" \/>\n<meta property=\"article:modified_time\" content=\"2025-06-26T14:29:12+00:00\" \/>\n<meta property=\"og:image\" content=\"https:\/\/cssdn.gouv.qc.ca\/lamennais\/wp-content\/uploads\/sites\/46\/2022\/12\/LaMennais2coul-1.jpg\" \/>\n\t<meta property=\"og:image:width\" content=\"1510\" \/>\n\t<meta property=\"og:image:height\" content=\"1369\" \/>\n\t<meta property=\"og:image:type\" content=\"image\/jpeg\" \/>\n<meta name=\"twitter:card\" content=\"summary_large_image\" \/>\n<meta name=\"twitter:label1\" content=\"Estimation du temps de lecture\" \/>\n\t<meta name=\"twitter:data1\" content=\"1 minute\" \/>\n<script type=\"application\/ld+json\" class=\"yoast-schema-graph\">{\"@context\":\"https:\\\/\\\/schema.org\",\"@graph\":[{\"@type\":\"WebPage\",\"@id\":\"https:\\\/\\\/cssdn.gouv.qc.ca\\\/lamennais\\\/informations-aux-parents\\\/fournitures-scolaires-2\\\/\",\"url\":\"https:\\\/\\\/cssdn.gouv.qc.ca\\\/lamennais\\\/informations-aux-parents\\\/fournitures-scolaires-2\\\/\",\"name\":\"Fournitures scolaires - \u00c9cole La Mennais\",\"isPartOf\":{\"@id\":\"https:\\\/\\\/cssdn.gouv.qc.ca\\\/lamennais\\\/#website\"},\"primaryImageOfPage\":{\"@id\":\"https:\\\/\\\/cssdn.gouv.qc.ca\\\/lamennais\\\/informations-aux-parents\\\/fournitures-scolaires-2\\\/#primaryimage\"},\"image\":{\"@id\":\"https:\\\/\\\/cssdn.gouv.qc.ca\\\/lamennais\\\/informations-aux-parents\\\/fournitures-scolaires-2\\\/#primaryimage\"},\"thumbnailUrl\":\"https:\\\/\\\/stage.cssdn.gouv.qc.ca\\\/wp-content\\\/uploads\\\/2022\\\/08\\\/Seawire-Hero-06.jpg\",\"datePublished\":\"2023-07-05T13:48:21+00:00\",\"dateModified\":\"2025-06-26T14:29:12+00:00\",\"breadcrumb\":{\"@id\":\"https:\\\/\\\/cssdn.gouv.qc.ca\\\/lamennais\\\/informations-aux-parents\\\/fournitures-scolaires-2\\\/#breadcrumb\"},\"inLanguage\":\"fr-CA\",\"potentialAction\":[{\"@type\":\"ReadAction\",\"target\":[\"https:\\\/\\\/cssdn.gouv.qc.ca\\\/lamennais\\\/informations-aux-parents\\\/fournitures-scolaires-2\\\/\"]}]},{\"@type\":\"ImageObject\",\"inLanguage\":\"fr-CA\",\"@id\":\"https:\\\/\\\/cssdn.gouv.qc.ca\\\/lamennais\\\/informations-aux-parents\\\/fournitures-scolaires-2\\\/#primaryimage\",\"url\":\"https:\\\/\\\/stage.cssdn.gouv.qc.ca\\\/wp-content\\\/uploads\\\/2022\\\/08\\\/Seawire-Hero-06.jpg\",\"contentUrl\":\"https:\\\/\\\/stage.cssdn.gouv.qc.ca\\\/wp-content\\\/uploads\\\/2022\\\/08\\\/Seawire-Hero-06.jpg\"},{\"@type\":\"BreadcrumbList\",\"@id\":\"https:\\\/\\\/cssdn.gouv.qc.ca\\\/lamennais\\\/informations-aux-parents\\\/fournitures-scolaires-2\\\/#breadcrumb\",\"itemListElement\":[{\"@type\":\"ListItem\",\"position\":1,\"name\":\"Accueil\",\"item\":\"https:\\\/\\\/cssdn.gouv.qc.ca\\\/lamennais\\\/\"},{\"@type\":\"ListItem\",\"position\":2,\"name\":\"Informations aux parents\",\"item\":\"https:\\\/\\\/cssdn.gouv.qc.ca\\\/lamennais\\\/informations-aux-parents\\\/\"},{\"@type\":\"ListItem\",\"position\":3,\"name\":\"Fournitures scolaires\"}]},{\"@type\":\"WebSite\",\"@id\":\"https:\\\/\\\/cssdn.gouv.qc.ca\\\/lamennais\\\/#website\",\"url\":\"https:\\\/\\\/cssdn.gouv.qc.ca\\\/lamennais\\\/\",\"name\":\"\u00c9cole La Mennais\",\"description\":\"Un site des centres de services scolaires des Navigateurs\",\"publisher\":{\"@id\":\"https:\\\/\\\/cssdn.gouv.qc.ca\\\/lamennais\\\/#organization\"},\"potentialAction\":[{\"@type\":\"SearchAction\",\"target\":{\"@type\":\"EntryPoint\",\"urlTemplate\":\"https:\\\/\\\/cssdn.gouv.qc.ca\\\/lamennais\\\/?s={search_term_string}\"},\"query-input\":{\"@type\":\"PropertyValueSpecification\",\"valueRequired\":true,\"valueName\":\"search_term_string\"}}],\"inLanguage\":\"fr-CA\"},{\"@type\":\"Organization\",\"@id\":\"https:\\\/\\\/cssdn.gouv.qc.ca\\\/lamennais\\\/#organization\",\"name\":\"\u00c9cole La Mennais\",\"url\":\"https:\\\/\\\/cssdn.gouv.qc.ca\\\/lamennais\\\/\",\"logo\":{\"@type\":\"ImageObject\",\"inLanguage\":\"fr-CA\",\"@id\":\"https:\\\/\\\/cssdn.gouv.qc.ca\\\/lamennais\\\/#\\\/schema\\\/logo\\\/image\\\/\",\"url\":\"https:\\\/\\\/cssdn.gouv.qc.ca\\\/lamennais\\\/wp-content\\\/uploads\\\/sites\\\/46\\\/2023\\\/01\\\/logo_quebec.svg\",\"contentUrl\":\"https:\\\/\\\/cssdn.gouv.qc.ca\\\/lamennais\\\/wp-content\\\/uploads\\\/sites\\\/46\\\/2023\\\/01\\\/logo_quebec.svg\",\"width\":188,\"height\":41,\"caption\":\"\u00c9cole La Mennais\"},\"image\":{\"@id\":\"https:\\\/\\\/cssdn.gouv.qc.ca\\\/lamennais\\\/#\\\/schema\\\/logo\\\/image\\\/\"},\"sameAs\":[\"https:\\\/\\\/www.facebook.com\\\/Ecolelamennais\"]}]}<\/script>\n<!-- \/ Yoast SEO plugin. -->","yoast_head_json":{"title":"Fournitures scolaires - \u00c9cole La Mennais","robots":{"index":"index","follow":"follow","max-snippet":"max-snippet:-1","max-image-preview":"max-image-preview:large","max-video-preview":"max-video-preview:-1"},"canonical":"https:\/\/cssdn.gouv.qc.ca\/lamennais\/informations-aux-parents\/fournitures-scolaires-2\/","og_locale":"fr_CA","og_type":"article","og_title":"Fournitures scolaires - \u00c9cole La Mennais","og_description":"Mat\u00e9riel scolaires 2025-2026 Pr\u00e9scolaire 4 ans Pr\u00e9scolaire 5 ans 1\u00e8re ann\u00e9e 2e ann\u00e9e 3e ann\u00e9e 4e ann\u00e9e 5e ann\u00e9e 6e ann\u00e9e","og_url":"https:\/\/cssdn.gouv.qc.ca\/lamennais\/informations-aux-parents\/fournitures-scolaires-2\/","og_site_name":"\u00c9cole La Mennais","article_publisher":"https:\/\/www.facebook.com\/Ecolelamennais","article_modified_time":"2025-06-26T14:29:12+00:00","og_image":[{"width":1510,"height":1369,"url":"https:\/\/cssdn.gouv.qc.ca\/lamennais\/wp-content\/uploads\/sites\/46\/2022\/12\/LaMennais2coul-1.jpg","type":"image\/jpeg"}],"twitter_card":"summary_large_image","twitter_misc":{"Estimation du temps de lecture":"1 minute"},"schema":{"@context":"https:\/\/schema.org","@graph":[{"@type":"WebPage","@id":"https:\/\/cssdn.gouv.qc.ca\/lamennais\/informations-aux-parents\/fournitures-scolaires-2\/","url":"https:\/\/cssdn.gouv.qc.ca\/lamennais\/informations-aux-parents\/fournitures-scolaires-2\/","name":"Fournitures scolaires - \u00c9cole La Mennais","isPartOf":{"@id":"https:\/\/cssdn.gouv.qc.ca\/lamennais\/#website"},"primaryImageOfPage":{"@id":"https:\/\/cssdn.gouv.qc.ca\/lamennais\/informations-aux-parents\/fournitures-scolaires-2\/#primaryimage"},"image":{"@id":"https:\/\/cssdn.gouv.qc.ca\/lamennais\/informations-aux-parents\/fournitures-scolaires-2\/#primaryimage"},"thumbnailUrl":"https:\/\/stage.cssdn.gouv.qc.ca\/wp-content\/uploads\/2022\/08\/Seawire-Hero-06.jpg","datePublished":"2023-07-05T13:48:21+00:00","dateModified":"2025-06-26T14:29:12+00:00","breadcrumb":{"@id":"https:\/\/cssdn.gouv.qc.ca\/lamennais\/informations-aux-parents\/fournitures-scolaires-2\/#breadcrumb"},"inLanguage":"fr-CA","potentialAction":[{"@type":"ReadAction","target":["https:\/\/cssdn.gouv.qc.ca\/lamennais\/informations-aux-parents\/fournitures-scolaires-2\/"]}]},{"@type":"ImageObject","inLanguage":"fr-CA","@id":"https:\/\/cssdn.gouv.qc.ca\/lamennais\/informations-aux-parents\/fournitures-scolaires-2\/#primaryimage","url":"https:\/\/stage.cssdn.gouv.qc.ca\/wp-content\/uploads\/2022\/08\/Seawire-Hero-06.jpg","contentUrl":"https:\/\/stage.cssdn.gouv.qc.ca\/wp-content\/uploads\/2022\/08\/Seawire-Hero-06.jpg"},{"@type":"BreadcrumbList","@id":"https:\/\/cssdn.gouv.qc.ca\/lamennais\/informations-aux-parents\/fournitures-scolaires-2\/#breadcrumb","itemListElement":[{"@type":"ListItem","position":1,"name":"Accueil","item":"https:\/\/cssdn.gouv.qc.ca\/lamennais\/"},{"@type":"ListItem","position":2,"name":"Informations aux parents","item":"https:\/\/cssdn.gouv.qc.ca\/lamennais\/informations-aux-parents\/"},{"@type":"ListItem","position":3,"name":"Fournitures scolaires"}]},{"@type":"WebSite","@id":"https:\/\/cssdn.gouv.qc.ca\/lamennais\/#website","url":"https:\/\/cssdn.gouv.qc.ca\/lamennais\/","name":"\u00c9cole La Mennais","description":"Un site des centres de services scolaires des Navigateurs","publisher":{"@id":"https:\/\/cssdn.gouv.qc.ca\/lamennais\/#organization"},"potentialAction":[{"@type":"SearchAction","target":{"@type":"EntryPoint","urlTemplate":"https:\/\/cssdn.gouv.qc.ca\/lamennais\/?s={search_term_string}"},"query-input":{"@type":"PropertyValueSpecification","valueRequired":true,"valueName":"search_term_string"}}],"inLanguage":"fr-CA"},{"@type":"Organization","@id":"https:\/\/cssdn.gouv.qc.ca\/lamennais\/#organization","name":"\u00c9cole La Mennais","url":"https:\/\/cssdn.gouv.qc.ca\/lamennais\/","logo":{"@type":"ImageObject","inLanguage":"fr-CA","@id":"https:\/\/cssdn.gouv.qc.ca\/lamennais\/#\/schema\/logo\/image\/","url":"https:\/\/cssdn.gouv.qc.ca\/lamennais\/wp-content\/uploads\/sites\/46\/2023\/01\/logo_quebec.svg","contentUrl":"https:\/\/cssdn.gouv.qc.ca\/lamennais\/wp-content\/uploads\/sites\/46\/2023\/01\/logo_quebec.svg","width":188,"height":41,"caption":"\u00c9cole La Mennais"},"image":{"@id":"https:\/\/cssdn.gouv.qc.ca\/lamennais\/#\/schema\/logo\/image\/"},"sameAs":["https:\/\/www.facebook.com\/Ecolelamennais"]}]}},"publishpress_future_action":{"enabled":false,"date":"2026-05-08 05:37:23","action":"change-status","newStatus":"draft","terms":[],"taxonomy":"category","extraData":[]},"publishpress_future_workflow_manual_trigger":{"enabledWorkflows":[]},"_links":{"self":[{"href":"https:\/\/cssdn.gouv.qc.ca\/lamennais\/wp-json\/wp\/v2\/pages\/254","targetHints":{"allow":["GET"]}}],"collection":[{"href":"https:\/\/cssdn.gouv.qc.ca\/lamennais\/wp-json\/wp\/v2\/pages"}],"about":[{"href":"https:\/\/cssdn.gouv.qc.ca\/lamennais\/wp-json\/wp\/v2\/types\/page"}],"author":[{"embeddable":true,"href":"https:\/\/cssdn.gouv.qc.ca\/lamennais\/wp-json\/wp\/v2\/users\/63"}],"replies":[{"embeddable":true,"href":"https:\/\/cssdn.gouv.qc.ca\/lamennais\/wp-json\/wp\/v2\/comments?post=254"}],"version-history":[{"count":0,"href":"https:\/\/cssdn.gouv.qc.ca\/lamennais\/wp-json\/wp\/v2\/pages\/254\/revisions"}],"up":[{"embeddable":true,"href":"https:\/\/cssdn.gouv.qc.ca\/lamennais\/wp-json\/wp\/v2\/pages\/13"}],"wp:attachment":[{"href":"https:\/\/cssdn.gouv.qc.ca\/lamennais\/wp-json\/wp\/v2\/media?parent=254"}],"wp:term":[{"taxonomy":"category","embeddable":true,"href":"https:\/\/cssdn.gouv.qc.ca\/lamennais\/wp-json\/wp\/v2\/categories?post=254"},{"taxonomy":"post_tag","embeddable":true,"href":"https:\/\/cssdn.gouv.qc.ca\/lamennais\/wp-json\/wp\/v2\/tags?post=254"}],"curies":[{"name":"wp","href":"https:\/\/api.w.org\/{rel}","templated":true}]}}