
{"id":9,"date":"2022-11-08T16:07:54","date_gmt":"2022-11-08T21:07:54","guid":{"rendered":"https:\/\/cssdn.gouv.qc.ca\/martiniere\/a-propos\/notre-equipe\/"},"modified":"2026-08-27T15:19:53","modified_gmt":"2026-08-27T19:19:53","slug":"notre-equipe","status":"publish","type":"page","link":"https:\/\/cssdn.gouv.qc.ca\/martiniere\/informations-aux-parents\/notre-equipe\/","title":{"rendered":"Notre \u00e9quipe"},"content":{"rendered":"\n<div class=\"wp-block-cover alignfull is-style-title-banner\"><img decoding=\"async\" width=\"1024\" height=\"768\" class=\"wp-block-cover__image-background wp-image-6337 size-large lazyload\" alt=\"\" data-src=\"https:\/\/cssdn.gouv.qc.ca\/martiniere\/wp-content\/smush-webp\/sites\/33\/2026\/08\/20260826_075646-1024x768.jpg.webp\" style=\"--smush-placeholder-width: 1024px; --smush-placeholder-aspect-ratio: 1024\/768;object-position:51% 57%\" data-object-fit=\"cover\" data-object-position=\"51% 57%\" data-srcset=\"https:\/\/cssdn.gouv.qc.ca\/martiniere\/wp-content\/smush-webp\/sites\/33\/2026\/08\/20260826_075646-1024x768.jpg.webp 1024w, https:\/\/cssdn.gouv.qc.ca\/martiniere\/wp-content\/smush-webp\/sites\/33\/2026\/08\/20260826_075646-300x225.jpg.webp 300w, https:\/\/cssdn.gouv.qc.ca\/martiniere\/wp-content\/smush-webp\/sites\/33\/2026\/08\/20260826_075646-768x576.jpg.webp 768w, https:\/\/cssdn.gouv.qc.ca\/martiniere\/wp-content\/smush-webp\/sites\/33\/2026\/08\/20260826_075646-1536x1152.jpg.webp 1536w, https:\/\/cssdn.gouv.qc.ca\/martiniere\/wp-content\/smush-webp\/sites\/33\/2026\/08\/20260826_075646-2048x1536.jpg.webp 2048w\" data-sizes=\"(max-width: 1024px) 100vw, 1024px\" src=\"data:image\/svg+xml;base64,PHN2ZyB3aWR0aD0iMSIgaGVpZ2h0PSIxIiB4bWxucz0iaHR0cDovL3d3dy53My5vcmcvMjAwMC9zdmciPjwvc3ZnPg==\" \/><span aria-hidden=\"true\" class=\"wp-block-cover__background has-primary-background-color has-background-dim\"><\/span><div class=\"wp-block-cover__inner-container\"><h3 class=\"wp-block-post-title\">Notre \u00e9quipe<\/h3>\n\n\n<figure class=\"wp-block-image size-large\"><img decoding=\"async\" width=\"1024\" height=\"768\" data-src=\"https:\/\/cssdn.gouv.qc.ca\/martiniere\/wp-content\/smush-webp\/sites\/33\/2026\/08\/20260826_075646-1-1024x768.jpg.webp\" alt=\"\" class=\"wp-image-6339 lazyload\" data-srcset=\"https:\/\/cssdn.gouv.qc.ca\/martiniere\/wp-content\/smush-webp\/sites\/33\/2026\/08\/20260826_075646-1-1024x768.jpg.webp 1024w, https:\/\/cssdn.gouv.qc.ca\/martiniere\/wp-content\/smush-webp\/sites\/33\/2026\/08\/20260826_075646-1-300x225.jpg.webp 300w, https:\/\/cssdn.gouv.qc.ca\/martiniere\/wp-content\/smush-webp\/sites\/33\/2026\/08\/20260826_075646-1-768x576.jpg.webp 768w, https:\/\/cssdn.gouv.qc.ca\/martiniere\/wp-content\/smush-webp\/sites\/33\/2026\/08\/20260826_075646-1-1536x1152.jpg.webp 1536w, https:\/\/cssdn.gouv.qc.ca\/martiniere\/wp-content\/smush-webp\/sites\/33\/2026\/08\/20260826_075646-1-2048x1536.jpg.webp 2048w\" data-sizes=\"(max-width: 1024px) 100vw, 1024px\" src=\"data:image\/svg+xml;base64,PHN2ZyB3aWR0aD0iMSIgaGVpZ2h0PSIxIiB4bWxucz0iaHR0cDovL3d3dy53My5vcmcvMjAwMC9zdmciPjwvc3ZnPg==\" style=\"--smush-placeholder-width: 1024px; --smush-placeholder-aspect-ratio: 1024\/768;\" \/><\/figure>\n<\/div><\/div>\n\n\n\n<div class=\"wp-block-group alignfull has-padding-y-large has-secondary-background-color has-background\"><div class=\"yoast-breadcrumbs alignwide \"><span class=\"breadcrumbs\"><a href=\"https:\/\/cssdn.gouv.qc.ca\/martiniere\/\" class=\"breadcrumbs__element\">Accueil<\/a> <span class=\"breadcrumbs__separator\">\n        <svg class=\"icon icon-breadcrumb__separator\"><use xlink:href=\"#icon-breadcrumb__separator\"><\/use><\/svg>\n    <\/span> <a href=\"https:\/\/cssdn.gouv.qc.ca\/martiniere\/informations-aux-parents\/\" class=\"breadcrumbs__element\">Informations aux parents<\/a> <span class=\"breadcrumbs__separator\">\n        <svg class=\"icon icon-breadcrumb__separator\"><use xlink:href=\"#icon-breadcrumb__separator\"><\/use><\/svg>\n    <\/span> <span class=\"breadcrumbs__element breadcrumbs__element-current\">Notre \u00e9quipe<\/span><\/span><\/div><\/div>\n\n\n\n<h2 class=\"wp-block-heading\">Directrice<\/h2>\n\n\n\n<ul class=\"wp-block-list\">\n<li>Mme M\u00e9lanie Lanouette<\/li>\n<\/ul>\n\n\n\n<div class=\"wp-block-columns\">\n<div class=\"wp-block-column\" style=\"flex-basis:100%\">\n<div class=\"act-collapsible\">\n<h1 class=\"wp-block-heading act-collapsible__heading is-style-default has-primary-color has-secondary-background-color has-text-color has-background has-x-large-font-size\"><strong>Personnel enseignant <\/strong>\/ soutien \/ professionnel<\/h1>\n\n\n\n<div class=\"act-collapsible__content\"><div class=\"act-collapsible__content-inner\">\n<h4 class=\"wp-block-heading\">Pr\u00e9scolaire 4 ans <\/h4>\n\n\n\n<ul class=\"wp-block-list\">\n<li>Ariane Duchesne<\/li>\n\n\n\n<li>Isabelle Carrier et Anne-Sophie Germain<\/li>\n<\/ul>\n\n\n\n<h4 class=\"wp-block-heading\">Pr\u00e9scolaire 5 ans <\/h4>\n\n\n\n<ul class=\"wp-block-list\">\n<li>Isabelle Lachance <\/li>\n\n\n\n<li>Marianne Bouffard<\/li>\n\n\n\n<li>Marie-Julie Moreau<\/li>\n<\/ul>\n\n\n\n<h4 class=\"wp-block-heading\">1re ann\u00e9e<\/h4>\n\n\n\n<ul class=\"wp-block-list\">\n<li>\u00c9milie Roy<\/li>\n\n\n\n<li>M\u00e9lanie Bilodeau<\/li>\n<\/ul>\n\n\n\n<h4 class=\"wp-block-heading\">2e ann\u00e9e<\/h4>\n\n\n\n<ul class=\"wp-block-list\">\n<li>Marie-Jos\u00e9e Fecteau<\/li>\n\n\n\n<li>M\u00e9lanie Godin<\/li>\n\n\n\n<li>Christine Bolduc<\/li>\n<\/ul>\n\n\n\n<h4 class=\"wp-block-heading\">3e ann\u00e9e<\/h4>\n\n\n\n<ul class=\"wp-block-list\">\n<li>Julie Ferland<\/li>\n\n\n\n<li>Claudia Lavoie<\/li>\n<\/ul>\n\n\n\n<h4 class=\"wp-block-heading\">4e ann\u00e9e<\/h4>\n\n\n\n<ul class=\"wp-block-list\">\n<li>Martine Perron<\/li>\n<\/ul>\n\n\n\n<h4 class=\"wp-block-heading\">4e-5e ann\u00e9e<\/h4>\n\n\n\n<ul class=\"wp-block-list\">\n<li>Karine Guay<\/li>\n<\/ul>\n\n\n\n<h4 class=\"wp-block-heading\">5e ann\u00e9e<\/h4>\n\n\n\n<ul class=\"wp-block-list\">\n<li>Karine Gagnon<\/li>\n<\/ul>\n\n\n\n<h4 class=\"wp-block-heading\">5e-6e et 6e ann\u00e9e<\/h4>\n\n\n\n<ul class=\"wp-block-list\">\n<li>Isabelle Desrochers-Fournier <\/li>\n\n\n\n<li>Simon Deschamps<\/li>\n<\/ul>\n\n\n\n<h4 class=\"wp-block-heading\">Sp\u00e9cialistes<\/h4>\n\n\n\n<ul class=\"wp-block-list\">\n<li>Martine Desch\u00eanes &#8211; \u00e9ducation physique<\/li>\n\n\n\n<li>Marie-Pier Genest Simard &#8211; \u00e9ducation physique<\/li>\n\n\n\n<li>Yan Beaulieu &#8211; Anglais<\/li>\n\n\n\n<li>Sylvie Duchesneau &#8211; Musique<\/li>\n<\/ul>\n\n\n\n<h4 class=\"wp-block-heading\">Soutien p\u00e9dagogique et compl\u00e9ment de t\u00e2che<\/h4>\n\n\n\n<ul class=\"wp-block-list\">\n<li>Alexandra Dion<\/li>\n\n\n\n<li>Marylie Leclerc<\/li>\n\n\n\n<li>St\u00e9phanie Gagnon<\/li>\n\n\n\n<li>\u00c9milie Pelletier (Francisation et aide p\u00e9dagogique)<\/li>\n<\/ul>\n\n\n\n<h1 class=\"wp-block-heading has-primary-color has-text-color has-link-color wp-elements-1\">Soutien<\/h1>\n\n\n\n<ul class=\"wp-block-list\">\n<li>\u00c9liane Rioux (technicienne en service de garde)<\/li>\n\n\n\n<li>Ma\u00efna Lapointe (aide de bureau au service de garde)<\/li>\n\n\n\n<li>Martin Pelletier (concierge)<\/li>\n\n\n\n<li>Daniel Savard (ouvrier d&rsquo;entretien)<\/li>\n\n\n\n<li>Julie Nicol (secr\u00e9taire d&rsquo;\u00e9cole)<\/li>\n\n\n\n<li>Min\u00e9ya Wiviane Vieira Daiello (secr\u00e9taire)<\/li>\n\n\n\n<li>Francine Poitras (TES)<\/li>\n\n\n\n<li>Caroline Denoncourt (TES)<\/li>\n\n\n\n<li>Jennifer Alain-Tremblay (TES)<\/li>\n\n\n\n<li>Janelle Laflamme (TES)<\/li>\n\n\n\n<li>Dominic Breton (ouvrier certifi\u00e9 d&rsquo;entretien)<\/li>\n\n\n\n<li>\u00c9quipe SDG, voir la section Service de garde<\/li>\n<\/ul>\n\n\n\n<h1 class=\"wp-block-heading has-primary-color has-text-color has-link-color wp-elements-2\">Professionnel<\/h1>\n\n\n\n<ul class=\"wp-block-list\">\n<li>Am\u00e9lie Mercier (orthophoniste)<\/li>\n\n\n\n<li>J\u00e9r\u00e9mie Belley-Lessard (psycho\u00e9ducateur)<\/li>\n\n\n\n<li>Claude Grimard (orthop\u00e9dagogue)<\/li>\n\n\n\n<li>St\u00e9phanie Roy (psychologue)<\/li>\n<\/ul>\n<\/div><\/div>\n<\/div>\n<\/div>\n<\/div>\n","protected":false},"excerpt":{"rendered":"<p>Directrice<\/p>\n","protected":false},"author":1,"featured_media":0,"parent":13,"menu_order":0,"comment_status":"closed","ping_status":"closed","template":"","meta":{"_acf_changed":false,"inline_featured_image":false,"footnotes":""},"categories":[],"tags":[],"class_list":["post-9","page","type-page","status-publish","hentry"],"acf":[],"yoast_head":"<!-- This site is optimized with the Yoast SEO plugin v28.4 - https:\/\/yoast.com\/product\/yoast-seo-wordpress\/ -->\n<title>Notre \u00e9quipe - \u00c9cole La Martini\u00e8re<\/title>\n<meta name=\"robots\" content=\"index, follow, max-snippet:-1, max-image-preview:large, max-video-preview:-1\" \/>\n<link rel=\"canonical\" href=\"https:\/\/cssdn.gouv.qc.ca\/martiniere\/informations-aux-parents\/notre-equipe\/\" \/>\n<meta property=\"og:locale\" content=\"fr_CA\" \/>\n<meta property=\"og:type\" content=\"article\" \/>\n<meta property=\"og:title\" content=\"Notre \u00e9quipe - \u00c9cole La Martini\u00e8re\" \/>\n<meta property=\"og:description\" content=\"Directrice\" \/>\n<meta property=\"og:url\" content=\"https:\/\/cssdn.gouv.qc.ca\/martiniere\/informations-aux-parents\/notre-equipe\/\" \/>\n<meta property=\"og:site_name\" content=\"\u00c9cole La Martini\u00e8re\" \/>\n<meta property=\"article:publisher\" content=\"https:\/\/www.facebook.com\/profile.php?id=100057657571666\" \/>\n<meta property=\"article:modified_time\" content=\"2026-08-27T19:19:53+00:00\" \/>\n<meta property=\"og:image\" content=\"https:\/\/cssdn.gouv.qc.ca\/martiniere\/wp-content\/uploads\/sites\/33\/2026\/08\/20260826_075646-scaled.jpg\" \/>\n\t<meta property=\"og:image:width\" content=\"2560\" \/>\n\t<meta property=\"og:image:height\" content=\"1920\" \/>\n\t<meta property=\"og:image:type\" content=\"image\/jpeg\" \/>\n<meta name=\"twitter:card\" content=\"summary_large_image\" \/>\n<meta name=\"twitter:label1\" content=\"Estimation du temps de lecture\" \/>\n\t<meta name=\"twitter:data1\" content=\"2 minutes\" \/>\n<script type=\"application\/ld+json\" class=\"yoast-schema-graph\">{\"@context\":\"https:\\\/\\\/schema.org\",\"@graph\":[{\"@type\":\"WebPage\",\"@id\":\"https:\\\/\\\/cssdn.gouv.qc.ca\\\/martiniere\\\/informations-aux-parents\\\/notre-equipe\\\/\",\"url\":\"https:\\\/\\\/cssdn.gouv.qc.ca\\\/martiniere\\\/informations-aux-parents\\\/notre-equipe\\\/\",\"name\":\"Notre \u00e9quipe - \u00c9cole La Martini\u00e8re\",\"isPartOf\":{\"@id\":\"https:\\\/\\\/cssdn.gouv.qc.ca\\\/martiniere\\\/#website\"},\"primaryImageOfPage\":{\"@id\":\"https:\\\/\\\/cssdn.gouv.qc.ca\\\/martiniere\\\/informations-aux-parents\\\/notre-equipe\\\/#primaryimage\"},\"image\":{\"@id\":\"https:\\\/\\\/cssdn.gouv.qc.ca\\\/martiniere\\\/informations-aux-parents\\\/notre-equipe\\\/#primaryimage\"},\"thumbnailUrl\":\"https:\\\/\\\/cssdn.gouv.qc.ca\\\/martiniere\\\/wp-content\\\/uploads\\\/sites\\\/33\\\/2026\\\/08\\\/20260826_075646-1024x768.jpg\",\"datePublished\":\"2022-11-08T21:07:54+00:00\",\"dateModified\":\"2026-08-27T19:19:53+00:00\",\"breadcrumb\":{\"@id\":\"https:\\\/\\\/cssdn.gouv.qc.ca\\\/martiniere\\\/informations-aux-parents\\\/notre-equipe\\\/#breadcrumb\"},\"inLanguage\":\"fr-CA\",\"potentialAction\":[{\"@type\":\"ReadAction\",\"target\":[\"https:\\\/\\\/cssdn.gouv.qc.ca\\\/martiniere\\\/informations-aux-parents\\\/notre-equipe\\\/\"]}]},{\"@type\":\"ImageObject\",\"inLanguage\":\"fr-CA\",\"@id\":\"https:\\\/\\\/cssdn.gouv.qc.ca\\\/martiniere\\\/informations-aux-parents\\\/notre-equipe\\\/#primaryimage\",\"url\":\"https:\\\/\\\/cssdn.gouv.qc.ca\\\/martiniere\\\/wp-content\\\/uploads\\\/sites\\\/33\\\/2026\\\/08\\\/20260826_075646-scaled.jpg\",\"contentUrl\":\"https:\\\/\\\/cssdn.gouv.qc.ca\\\/martiniere\\\/wp-content\\\/uploads\\\/sites\\\/33\\\/2026\\\/08\\\/20260826_075646-scaled.jpg\",\"width\":2560,\"height\":1920},{\"@type\":\"BreadcrumbList\",\"@id\":\"https:\\\/\\\/cssdn.gouv.qc.ca\\\/martiniere\\\/informations-aux-parents\\\/notre-equipe\\\/#breadcrumb\",\"itemListElement\":[{\"@type\":\"ListItem\",\"position\":1,\"name\":\"Accueil\",\"item\":\"https:\\\/\\\/cssdn.gouv.qc.ca\\\/martiniere\\\/\"},{\"@type\":\"ListItem\",\"position\":2,\"name\":\"Informations aux parents\",\"item\":\"https:\\\/\\\/cssdn.gouv.qc.ca\\\/martiniere\\\/informations-aux-parents\\\/\"},{\"@type\":\"ListItem\",\"position\":3,\"name\":\"Notre \u00e9quipe\"}]},{\"@type\":\"WebSite\",\"@id\":\"https:\\\/\\\/cssdn.gouv.qc.ca\\\/martiniere\\\/#website\",\"url\":\"https:\\\/\\\/cssdn.gouv.qc.ca\\\/martiniere\\\/\",\"name\":\"\u00c9cole La Martini\u00e8re\",\"description\":\"Un site des centres de services scolaires des Navigateurs\",\"publisher\":{\"@id\":\"https:\\\/\\\/cssdn.gouv.qc.ca\\\/martiniere\\\/#organization\"},\"potentialAction\":[{\"@type\":\"SearchAction\",\"target\":{\"@type\":\"EntryPoint\",\"urlTemplate\":\"https:\\\/\\\/cssdn.gouv.qc.ca\\\/martiniere\\\/?s={search_term_string}\"},\"query-input\":{\"@type\":\"PropertyValueSpecification\",\"valueRequired\":true,\"valueName\":\"search_term_string\"}}],\"inLanguage\":\"fr-CA\"},{\"@type\":\"Organization\",\"@id\":\"https:\\\/\\\/cssdn.gouv.qc.ca\\\/martiniere\\\/#organization\",\"name\":\"\u00c9cole La Martini\u00e8re\",\"url\":\"https:\\\/\\\/cssdn.gouv.qc.ca\\\/martiniere\\\/\",\"logo\":{\"@type\":\"ImageObject\",\"inLanguage\":\"fr-CA\",\"@id\":\"https:\\\/\\\/cssdn.gouv.qc.ca\\\/martiniere\\\/#\\\/schema\\\/logo\\\/image\\\/\",\"url\":\"https:\\\/\\\/cssdn.gouv.qc.ca\\\/martiniere\\\/wp-content\\\/uploads\\\/sites\\\/33\\\/2023\\\/01\\\/logo_quebec.svg\",\"contentUrl\":\"https:\\\/\\\/cssdn.gouv.qc.ca\\\/martiniere\\\/wp-content\\\/uploads\\\/sites\\\/33\\\/2023\\\/01\\\/logo_quebec.svg\",\"width\":188,\"height\":41,\"caption\":\"\u00c9cole La Martini\u00e8re\"},\"image\":{\"@id\":\"https:\\\/\\\/cssdn.gouv.qc.ca\\\/martiniere\\\/#\\\/schema\\\/logo\\\/image\\\/\"},\"sameAs\":[\"https:\\\/\\\/www.facebook.com\\\/profile.php?id=100057657571666\"]}]}<\/script>\n<!-- \/ Yoast SEO plugin. -->","yoast_head_json":{"title":"Notre \u00e9quipe - \u00c9cole La Martini\u00e8re","robots":{"index":"index","follow":"follow","max-snippet":"max-snippet:-1","max-image-preview":"max-image-preview:large","max-video-preview":"max-video-preview:-1"},"canonical":"https:\/\/cssdn.gouv.qc.ca\/martiniere\/informations-aux-parents\/notre-equipe\/","og_locale":"fr_CA","og_type":"article","og_title":"Notre \u00e9quipe - \u00c9cole La Martini\u00e8re","og_description":"Directrice","og_url":"https:\/\/cssdn.gouv.qc.ca\/martiniere\/informations-aux-parents\/notre-equipe\/","og_site_name":"\u00c9cole La Martini\u00e8re","article_publisher":"https:\/\/www.facebook.com\/profile.php?id=100057657571666","article_modified_time":"2026-08-27T19:19:53+00:00","og_image":[{"width":2560,"height":1920,"url":"https:\/\/cssdn.gouv.qc.ca\/martiniere\/wp-content\/uploads\/sites\/33\/2026\/08\/20260826_075646-scaled.jpg","type":"image\/jpeg"}],"twitter_card":"summary_large_image","twitter_misc":{"Estimation du temps de lecture":"2 minutes"},"schema":{"@context":"https:\/\/schema.org","@graph":[{"@type":"WebPage","@id":"https:\/\/cssdn.gouv.qc.ca\/martiniere\/informations-aux-parents\/notre-equipe\/","url":"https:\/\/cssdn.gouv.qc.ca\/martiniere\/informations-aux-parents\/notre-equipe\/","name":"Notre \u00e9quipe - \u00c9cole La Martini\u00e8re","isPartOf":{"@id":"https:\/\/cssdn.gouv.qc.ca\/martiniere\/#website"},"primaryImageOfPage":{"@id":"https:\/\/cssdn.gouv.qc.ca\/martiniere\/informations-aux-parents\/notre-equipe\/#primaryimage"},"image":{"@id":"https:\/\/cssdn.gouv.qc.ca\/martiniere\/informations-aux-parents\/notre-equipe\/#primaryimage"},"thumbnailUrl":"https:\/\/cssdn.gouv.qc.ca\/martiniere\/wp-content\/uploads\/sites\/33\/2026\/08\/20260826_075646-1024x768.jpg","datePublished":"2022-11-08T21:07:54+00:00","dateModified":"2026-08-27T19:19:53+00:00","breadcrumb":{"@id":"https:\/\/cssdn.gouv.qc.ca\/martiniere\/informations-aux-parents\/notre-equipe\/#breadcrumb"},"inLanguage":"fr-CA","potentialAction":[{"@type":"ReadAction","target":["https:\/\/cssdn.gouv.qc.ca\/martiniere\/informations-aux-parents\/notre-equipe\/"]}]},{"@type":"ImageObject","inLanguage":"fr-CA","@id":"https:\/\/cssdn.gouv.qc.ca\/martiniere\/informations-aux-parents\/notre-equipe\/#primaryimage","url":"https:\/\/cssdn.gouv.qc.ca\/martiniere\/wp-content\/uploads\/sites\/33\/2026\/08\/20260826_075646-scaled.jpg","contentUrl":"https:\/\/cssdn.gouv.qc.ca\/martiniere\/wp-content\/uploads\/sites\/33\/2026\/08\/20260826_075646-scaled.jpg","width":2560,"height":1920},{"@type":"BreadcrumbList","@id":"https:\/\/cssdn.gouv.qc.ca\/martiniere\/informations-aux-parents\/notre-equipe\/#breadcrumb","itemListElement":[{"@type":"ListItem","position":1,"name":"Accueil","item":"https:\/\/cssdn.gouv.qc.ca\/martiniere\/"},{"@type":"ListItem","position":2,"name":"Informations aux parents","item":"https:\/\/cssdn.gouv.qc.ca\/martiniere\/informations-aux-parents\/"},{"@type":"ListItem","position":3,"name":"Notre \u00e9quipe"}]},{"@type":"WebSite","@id":"https:\/\/cssdn.gouv.qc.ca\/martiniere\/#website","url":"https:\/\/cssdn.gouv.qc.ca\/martiniere\/","name":"\u00c9cole La Martini\u00e8re","description":"Un site des centres de services scolaires des Navigateurs","publisher":{"@id":"https:\/\/cssdn.gouv.qc.ca\/martiniere\/#organization"},"potentialAction":[{"@type":"SearchAction","target":{"@type":"EntryPoint","urlTemplate":"https:\/\/cssdn.gouv.qc.ca\/martiniere\/?s={search_term_string}"},"query-input":{"@type":"PropertyValueSpecification","valueRequired":true,"valueName":"search_term_string"}}],"inLanguage":"fr-CA"},{"@type":"Organization","@id":"https:\/\/cssdn.gouv.qc.ca\/martiniere\/#organization","name":"\u00c9cole La Martini\u00e8re","url":"https:\/\/cssdn.gouv.qc.ca\/martiniere\/","logo":{"@type":"ImageObject","inLanguage":"fr-CA","@id":"https:\/\/cssdn.gouv.qc.ca\/martiniere\/#\/schema\/logo\/image\/","url":"https:\/\/cssdn.gouv.qc.ca\/martiniere\/wp-content\/uploads\/sites\/33\/2023\/01\/logo_quebec.svg","contentUrl":"https:\/\/cssdn.gouv.qc.ca\/martiniere\/wp-content\/uploads\/sites\/33\/2023\/01\/logo_quebec.svg","width":188,"height":41,"caption":"\u00c9cole La Martini\u00e8re"},"image":{"@id":"https:\/\/cssdn.gouv.qc.ca\/martiniere\/#\/schema\/logo\/image\/"},"sameAs":["https:\/\/www.facebook.com\/profile.php?id=100057657571666"]}]}},"publishpress_future_action":{"enabled":false,"date":"2026-09-13 04:26:29","action":"change-status","newStatus":"draft","terms":[],"taxonomy":"category","extraData":[]},"publishpress_future_workflow_manual_trigger":{"enabledWorkflows":[]},"_links":{"self":[{"href":"https:\/\/cssdn.gouv.qc.ca\/martiniere\/wp-json\/wp\/v2\/pages\/9","targetHints":{"allow":["GET"]}}],"collection":[{"href":"https:\/\/cssdn.gouv.qc.ca\/martiniere\/wp-json\/wp\/v2\/pages"}],"about":[{"href":"https:\/\/cssdn.gouv.qc.ca\/martiniere\/wp-json\/wp\/v2\/types\/page"}],"author":[{"embeddable":true,"href":"https:\/\/cssdn.gouv.qc.ca\/martiniere\/wp-json\/wp\/v2\/users\/1"}],"replies":[{"embeddable":true,"href":"https:\/\/cssdn.gouv.qc.ca\/martiniere\/wp-json\/wp\/v2\/comments?post=9"}],"version-history":[{"count":0,"href":"https:\/\/cssdn.gouv.qc.ca\/martiniere\/wp-json\/wp\/v2\/pages\/9\/revisions"}],"up":[{"embeddable":true,"href":"https:\/\/cssdn.gouv.qc.ca\/martiniere\/wp-json\/wp\/v2\/pages\/13"}],"wp:attachment":[{"href":"https:\/\/cssdn.gouv.qc.ca\/martiniere\/wp-json\/wp\/v2\/media?parent=9"}],"wp:term":[{"taxonomy":"category","embeddable":true,"href":"https:\/\/cssdn.gouv.qc.ca\/martiniere\/wp-json\/wp\/v2\/categories?post=9"},{"taxonomy":"post_tag","embeddable":true,"href":"https:\/\/cssdn.gouv.qc.ca\/martiniere\/wp-json\/wp\/v2\/tags?post=9"}],"curies":[{"name":"wp","href":"https:\/\/api.w.org\/{rel}","templated":true}]}}