
{"id":138,"date":"2023-01-12T10:50:59","date_gmt":"2023-01-12T15:50:59","guid":{"rendered":"https:\/\/cssdn.gouv.qc.ca\/notredamedetchemin\/?page_id=138"},"modified":"2025-01-17T11:45:13","modified_gmt":"2025-01-17T16:45:13","slug":"inscriptions","status":"publish","type":"page","link":"https:\/\/cssdn.gouv.qc.ca\/notredamedetchemin\/inscriptions\/","title":{"rendered":"Inscriptions"},"content":{"rendered":"\n<div class=\"wp-block-cover alignfull is-light is-style-title-banner\"><span aria-hidden=\"true\" class=\"wp-block-cover__background has-primary-background-color has-background-dim\"><\/span><img decoding=\"async\" class=\"wp-block-cover__image-background wp-image-111 lazyload\" alt=\"\" data-src=\"https:\/\/cssdn.gouv.qc.ca\/wp-content\/uploads\/2022\/08\/Seawire-Hero-06.jpg\" data-object-fit=\"cover\" src=\"data:image\/svg+xml;base64,PHN2ZyB3aWR0aD0iMSIgaGVpZ2h0PSIxIiB4bWxucz0iaHR0cDovL3d3dy53My5vcmcvMjAwMC9zdmciPjwvc3ZnPg==\" \/><div class=\"wp-block-cover__inner-container\"><h3 class=\"wp-block-post-title\">Inscriptions<\/h3><\/div><\/div>\n\n\n\n<div class=\"wp-block-group alignfull has-padding-y-large has-secondary-background-color has-background\"><div class=\"yoast-breadcrumbs alignwide \"><span class=\"breadcrumbs\"><a href=\"https:\/\/cssdn.gouv.qc.ca\/notredamedetchemin\/\" class=\"breadcrumbs__element\">Accueil<\/a> <span class=\"breadcrumbs__separator\">\n        <svg class=\"icon icon-breadcrumb__separator\"><use xlink:href=\"#icon-breadcrumb__separator\"><\/use><\/svg>\n    <\/span> <span class=\"breadcrumbs__element breadcrumbs__element-current\">Inscriptions<\/span><\/span><\/div><\/div>\n\n\n\n<h1 class=\"wp-block-heading\">Inscriptions 2025-2026<\/h1>\n\n\n\n<div class=\"wp-block-buttons\">\n<div class=\"wp-block-button\"><a class=\"wp-block-button__link wp-element-button\" href=\"https:\/\/webnav.cssdn.gouv.qc.ca\/geobus\/Pages\/Anonyme\/parents\/page.fr.aspx\">Trouvez votre \u00e9cole de quartier<\/a><\/div>\n<\/div>\n\n\n\n<h3 class=\"wp-block-heading\"><a href=\"https:\/\/cssdn.gouv.qc.ca\/parents-et-eleves\/admission-et-inscription\/\">Admission et inscription &#8211; CSSDN<\/a><\/h3>\n\n\n\n<h3 class=\"wp-block-heading\"><strong>P\u00e9riodes officielles des inscriptions <\/strong><\/h3>\n\n\n\n<p class=\"wp-block-paragraph\"><strong>Pr\u00e9scolaire 5 ans et Primaire : du 3 au 14 f\u00e9vrier 2025.<\/strong> Les inscriptions se d\u00e9rouleront en ligne via le Moza\u00efk-Portail Parents. Le tout sera disponible \u00e0 partir du 3 f\u00e9vrier 2025 seulement.<\/p>\n\n\n\n<p class=\"wp-block-paragraph\"><strong>Maternelle 4 ans et Passe-Partout<\/strong> : <strong>mars 2025 (dates \u00e0 d\u00e9terminer).<\/strong> La p\u00e9riode officielle d\u2019admission et d\u2019inscription aux services destin\u00e9s aux enfants de 4 ans aura lieu durant le mois de mars 2025. La liste des \u00e9coles qui offriront ces services ainsi que les modalit\u00e9s d\u2019admission et d\u2019inscription seront disponibles \u00e0 la fin du mois de f\u00e9vrier.<\/p>\n\n\n\n<div class=\"wp-block-buttons\">\n<div class=\"wp-block-button\"><a class=\"wp-block-button__link wp-element-button\" href=\"https:\/\/web.cssdn.gouv.qc.ca\/passe-partout\">C&rsquo;est quoi Passe-Partout ?<\/a><\/div>\n<\/div>\n\n\n\n<p class=\"wp-block-paragraph\"><\/p>\n","protected":false},"excerpt":{"rendered":"<p>Inscriptions 2025-2026 Admission et inscription &#8211; CSSDN P\u00e9riodes officielles des inscriptions Pr\u00e9scolaire 5 ans et Primaire : du 3 au 14 f\u00e9vrier 2025. Les inscriptions se d\u00e9rouleront en ligne via le Moza\u00efk-Portail Parents. Le tout sera disponible \u00e0 partir du 3 f\u00e9vrier 2025 seulement. Maternelle 4 ans et Passe-Partout : mars 2025 (dates \u00e0 d\u00e9terminer). [&hellip;]<\/p>\n","protected":false},"author":88,"featured_media":0,"parent":0,"menu_order":10,"comment_status":"closed","ping_status":"closed","template":"","meta":{"_acf_changed":false,"_crdt_document":"","inline_featured_image":false,"footnotes":""},"categories":[],"tags":[],"class_list":["post-138","page","type-page","status-publish","hentry"],"acf":[],"yoast_head":"<!-- This site is optimized with the Yoast SEO plugin v27.5 - https:\/\/yoast.com\/product\/yoast-seo-wordpress\/ -->\n<title>Inscriptions - \u00c9cole Notre-Dame-d\u2019Etchemin<\/title>\n<meta name=\"robots\" content=\"index, follow, max-snippet:-1, max-image-preview:large, max-video-preview:-1\" \/>\n<link rel=\"canonical\" href=\"https:\/\/cssdn.gouv.qc.ca\/notredamedetchemin\/inscriptions\/\" \/>\n<meta property=\"og:locale\" content=\"fr_CA\" \/>\n<meta property=\"og:type\" content=\"article\" \/>\n<meta property=\"og:title\" content=\"Inscriptions - \u00c9cole Notre-Dame-d\u2019Etchemin\" \/>\n<meta property=\"og:description\" content=\"Inscriptions 2025-2026 Admission et inscription &#8211; CSSDN P\u00e9riodes officielles des inscriptions Pr\u00e9scolaire 5 ans et Primaire : du 3 au 14 f\u00e9vrier 2025. Les inscriptions se d\u00e9rouleront en ligne via le Moza\u00efk-Portail Parents. Le tout sera disponible \u00e0 partir du 3 f\u00e9vrier 2025 seulement. Maternelle 4 ans et Passe-Partout : mars 2025 (dates \u00e0 d\u00e9terminer). [&hellip;]\" \/>\n<meta property=\"og:url\" content=\"https:\/\/cssdn.gouv.qc.ca\/notredamedetchemin\/inscriptions\/\" \/>\n<meta property=\"og:site_name\" content=\"\u00c9cole Notre-Dame-d\u2019Etchemin\" \/>\n<meta property=\"article:publisher\" content=\"https:\/\/www.facebook.com\/notredamedetchemin\" \/>\n<meta property=\"article:modified_time\" content=\"2025-01-17T16:45:13+00:00\" \/>\n<meta name=\"twitter:card\" content=\"summary_large_image\" \/>\n<meta name=\"twitter:label1\" content=\"Estimation du temps de lecture\" \/>\n\t<meta name=\"twitter:data1\" content=\"1 minute\" \/>\n<script type=\"application\/ld+json\" class=\"yoast-schema-graph\">{\"@context\":\"https:\\\/\\\/schema.org\",\"@graph\":[{\"@type\":\"WebPage\",\"@id\":\"https:\\\/\\\/cssdn.gouv.qc.ca\\\/notredamedetchemin\\\/inscriptions\\\/\",\"url\":\"https:\\\/\\\/cssdn.gouv.qc.ca\\\/notredamedetchemin\\\/inscriptions\\\/\",\"name\":\"Inscriptions - \u00c9cole Notre-Dame-d\u2019Etchemin\",\"isPartOf\":{\"@id\":\"https:\\\/\\\/cssdn.gouv.qc.ca\\\/notredamedetchemin\\\/#website\"},\"primaryImageOfPage\":{\"@id\":\"https:\\\/\\\/cssdn.gouv.qc.ca\\\/notredamedetchemin\\\/inscriptions\\\/#primaryimage\"},\"image\":{\"@id\":\"https:\\\/\\\/cssdn.gouv.qc.ca\\\/notredamedetchemin\\\/inscriptions\\\/#primaryimage\"},\"thumbnailUrl\":\"https:\\\/\\\/cssdn.gouv.qc.ca\\\/wp-content\\\/uploads\\\/2022\\\/08\\\/Seawire-Hero-06.jpg\",\"datePublished\":\"2023-01-12T15:50:59+00:00\",\"dateModified\":\"2025-01-17T16:45:13+00:00\",\"breadcrumb\":{\"@id\":\"https:\\\/\\\/cssdn.gouv.qc.ca\\\/notredamedetchemin\\\/inscriptions\\\/#breadcrumb\"},\"inLanguage\":\"fr-CA\",\"potentialAction\":[{\"@type\":\"ReadAction\",\"target\":[\"https:\\\/\\\/cssdn.gouv.qc.ca\\\/notredamedetchemin\\\/inscriptions\\\/\"]}]},{\"@type\":\"ImageObject\",\"inLanguage\":\"fr-CA\",\"@id\":\"https:\\\/\\\/cssdn.gouv.qc.ca\\\/notredamedetchemin\\\/inscriptions\\\/#primaryimage\",\"url\":\"https:\\\/\\\/cssdn.gouv.qc.ca\\\/wp-content\\\/uploads\\\/2022\\\/08\\\/Seawire-Hero-06.jpg\",\"contentUrl\":\"https:\\\/\\\/cssdn.gouv.qc.ca\\\/wp-content\\\/uploads\\\/2022\\\/08\\\/Seawire-Hero-06.jpg\"},{\"@type\":\"BreadcrumbList\",\"@id\":\"https:\\\/\\\/cssdn.gouv.qc.ca\\\/notredamedetchemin\\\/inscriptions\\\/#breadcrumb\",\"itemListElement\":[{\"@type\":\"ListItem\",\"position\":1,\"name\":\"Accueil\",\"item\":\"https:\\\/\\\/cssdn.gouv.qc.ca\\\/notredamedetchemin\\\/\"},{\"@type\":\"ListItem\",\"position\":2,\"name\":\"Inscriptions\"}]},{\"@type\":\"WebSite\",\"@id\":\"https:\\\/\\\/cssdn.gouv.qc.ca\\\/notredamedetchemin\\\/#website\",\"url\":\"https:\\\/\\\/cssdn.gouv.qc.ca\\\/notredamedetchemin\\\/\",\"name\":\"\u00c9cole Notre-Dame-d\u2019Etchemin\",\"description\":\"Un site du Centre de services scolaire des Navigateurs\",\"publisher\":{\"@id\":\"https:\\\/\\\/cssdn.gouv.qc.ca\\\/notredamedetchemin\\\/#organization\"},\"potentialAction\":[{\"@type\":\"SearchAction\",\"target\":{\"@type\":\"EntryPoint\",\"urlTemplate\":\"https:\\\/\\\/cssdn.gouv.qc.ca\\\/notredamedetchemin\\\/?s={search_term_string}\"},\"query-input\":{\"@type\":\"PropertyValueSpecification\",\"valueRequired\":true,\"valueName\":\"search_term_string\"}}],\"inLanguage\":\"fr-CA\"},{\"@type\":\"Organization\",\"@id\":\"https:\\\/\\\/cssdn.gouv.qc.ca\\\/notredamedetchemin\\\/#organization\",\"name\":\"\u00c9cole Notre-Dame-d\u2019Etchemin\",\"url\":\"https:\\\/\\\/cssdn.gouv.qc.ca\\\/notredamedetchemin\\\/\",\"logo\":{\"@type\":\"ImageObject\",\"inLanguage\":\"fr-CA\",\"@id\":\"https:\\\/\\\/cssdn.gouv.qc.ca\\\/notredamedetchemin\\\/#\\\/schema\\\/logo\\\/image\\\/\",\"url\":\"https:\\\/\\\/cssdn.gouv.qc.ca\\\/notredamedetchemin\\\/wp-content\\\/uploads\\\/sites\\\/49\\\/2023\\\/01\\\/logo_quebec.svg\",\"contentUrl\":\"https:\\\/\\\/cssdn.gouv.qc.ca\\\/notredamedetchemin\\\/wp-content\\\/uploads\\\/sites\\\/49\\\/2023\\\/01\\\/logo_quebec.svg\",\"width\":188,\"height\":41,\"caption\":\"\u00c9cole Notre-Dame-d\u2019Etchemin\"},\"image\":{\"@id\":\"https:\\\/\\\/cssdn.gouv.qc.ca\\\/notredamedetchemin\\\/#\\\/schema\\\/logo\\\/image\\\/\"},\"sameAs\":[\"https:\\\/\\\/www.facebook.com\\\/notredamedetchemin\"]}]}<\/script>\n<!-- \/ Yoast SEO plugin. -->","yoast_head_json":{"title":"Inscriptions - \u00c9cole Notre-Dame-d\u2019Etchemin","robots":{"index":"index","follow":"follow","max-snippet":"max-snippet:-1","max-image-preview":"max-image-preview:large","max-video-preview":"max-video-preview:-1"},"canonical":"https:\/\/cssdn.gouv.qc.ca\/notredamedetchemin\/inscriptions\/","og_locale":"fr_CA","og_type":"article","og_title":"Inscriptions - \u00c9cole Notre-Dame-d\u2019Etchemin","og_description":"Inscriptions 2025-2026 Admission et inscription &#8211; CSSDN P\u00e9riodes officielles des inscriptions Pr\u00e9scolaire 5 ans et Primaire : du 3 au 14 f\u00e9vrier 2025. Les inscriptions se d\u00e9rouleront en ligne via le Moza\u00efk-Portail Parents. Le tout sera disponible \u00e0 partir du 3 f\u00e9vrier 2025 seulement. Maternelle 4 ans et Passe-Partout : mars 2025 (dates \u00e0 d\u00e9terminer). [&hellip;]","og_url":"https:\/\/cssdn.gouv.qc.ca\/notredamedetchemin\/inscriptions\/","og_site_name":"\u00c9cole Notre-Dame-d\u2019Etchemin","article_publisher":"https:\/\/www.facebook.com\/notredamedetchemin","article_modified_time":"2025-01-17T16:45:13+00:00","twitter_card":"summary_large_image","twitter_misc":{"Estimation du temps de lecture":"1 minute"},"schema":{"@context":"https:\/\/schema.org","@graph":[{"@type":"WebPage","@id":"https:\/\/cssdn.gouv.qc.ca\/notredamedetchemin\/inscriptions\/","url":"https:\/\/cssdn.gouv.qc.ca\/notredamedetchemin\/inscriptions\/","name":"Inscriptions - \u00c9cole Notre-Dame-d\u2019Etchemin","isPartOf":{"@id":"https:\/\/cssdn.gouv.qc.ca\/notredamedetchemin\/#website"},"primaryImageOfPage":{"@id":"https:\/\/cssdn.gouv.qc.ca\/notredamedetchemin\/inscriptions\/#primaryimage"},"image":{"@id":"https:\/\/cssdn.gouv.qc.ca\/notredamedetchemin\/inscriptions\/#primaryimage"},"thumbnailUrl":"https:\/\/cssdn.gouv.qc.ca\/wp-content\/uploads\/2022\/08\/Seawire-Hero-06.jpg","datePublished":"2023-01-12T15:50:59+00:00","dateModified":"2025-01-17T16:45:13+00:00","breadcrumb":{"@id":"https:\/\/cssdn.gouv.qc.ca\/notredamedetchemin\/inscriptions\/#breadcrumb"},"inLanguage":"fr-CA","potentialAction":[{"@type":"ReadAction","target":["https:\/\/cssdn.gouv.qc.ca\/notredamedetchemin\/inscriptions\/"]}]},{"@type":"ImageObject","inLanguage":"fr-CA","@id":"https:\/\/cssdn.gouv.qc.ca\/notredamedetchemin\/inscriptions\/#primaryimage","url":"https:\/\/cssdn.gouv.qc.ca\/wp-content\/uploads\/2022\/08\/Seawire-Hero-06.jpg","contentUrl":"https:\/\/cssdn.gouv.qc.ca\/wp-content\/uploads\/2022\/08\/Seawire-Hero-06.jpg"},{"@type":"BreadcrumbList","@id":"https:\/\/cssdn.gouv.qc.ca\/notredamedetchemin\/inscriptions\/#breadcrumb","itemListElement":[{"@type":"ListItem","position":1,"name":"Accueil","item":"https:\/\/cssdn.gouv.qc.ca\/notredamedetchemin\/"},{"@type":"ListItem","position":2,"name":"Inscriptions"}]},{"@type":"WebSite","@id":"https:\/\/cssdn.gouv.qc.ca\/notredamedetchemin\/#website","url":"https:\/\/cssdn.gouv.qc.ca\/notredamedetchemin\/","name":"\u00c9cole Notre-Dame-d\u2019Etchemin","description":"Un site du Centre de services scolaire des Navigateurs","publisher":{"@id":"https:\/\/cssdn.gouv.qc.ca\/notredamedetchemin\/#organization"},"potentialAction":[{"@type":"SearchAction","target":{"@type":"EntryPoint","urlTemplate":"https:\/\/cssdn.gouv.qc.ca\/notredamedetchemin\/?s={search_term_string}"},"query-input":{"@type":"PropertyValueSpecification","valueRequired":true,"valueName":"search_term_string"}}],"inLanguage":"fr-CA"},{"@type":"Organization","@id":"https:\/\/cssdn.gouv.qc.ca\/notredamedetchemin\/#organization","name":"\u00c9cole Notre-Dame-d\u2019Etchemin","url":"https:\/\/cssdn.gouv.qc.ca\/notredamedetchemin\/","logo":{"@type":"ImageObject","inLanguage":"fr-CA","@id":"https:\/\/cssdn.gouv.qc.ca\/notredamedetchemin\/#\/schema\/logo\/image\/","url":"https:\/\/cssdn.gouv.qc.ca\/notredamedetchemin\/wp-content\/uploads\/sites\/49\/2023\/01\/logo_quebec.svg","contentUrl":"https:\/\/cssdn.gouv.qc.ca\/notredamedetchemin\/wp-content\/uploads\/sites\/49\/2023\/01\/logo_quebec.svg","width":188,"height":41,"caption":"\u00c9cole Notre-Dame-d\u2019Etchemin"},"image":{"@id":"https:\/\/cssdn.gouv.qc.ca\/notredamedetchemin\/#\/schema\/logo\/image\/"},"sameAs":["https:\/\/www.facebook.com\/notredamedetchemin"]}]}},"publishpress_future_action":{"enabled":false,"date":"2026-05-06 23:19:28","action":"change-status","newStatus":"draft","terms":[],"taxonomy":"category","extraData":[]},"publishpress_future_workflow_manual_trigger":{"enabledWorkflows":[]},"_links":{"self":[{"href":"https:\/\/cssdn.gouv.qc.ca\/notredamedetchemin\/wp-json\/wp\/v2\/pages\/138","targetHints":{"allow":["GET"]}}],"collection":[{"href":"https:\/\/cssdn.gouv.qc.ca\/notredamedetchemin\/wp-json\/wp\/v2\/pages"}],"about":[{"href":"https:\/\/cssdn.gouv.qc.ca\/notredamedetchemin\/wp-json\/wp\/v2\/types\/page"}],"author":[{"embeddable":true,"href":"https:\/\/cssdn.gouv.qc.ca\/notredamedetchemin\/wp-json\/wp\/v2\/users\/88"}],"replies":[{"embeddable":true,"href":"https:\/\/cssdn.gouv.qc.ca\/notredamedetchemin\/wp-json\/wp\/v2\/comments?post=138"}],"version-history":[{"count":0,"href":"https:\/\/cssdn.gouv.qc.ca\/notredamedetchemin\/wp-json\/wp\/v2\/pages\/138\/revisions"}],"wp:attachment":[{"href":"https:\/\/cssdn.gouv.qc.ca\/notredamedetchemin\/wp-json\/wp\/v2\/media?parent=138"}],"wp:term":[{"taxonomy":"category","embeddable":true,"href":"https:\/\/cssdn.gouv.qc.ca\/notredamedetchemin\/wp-json\/wp\/v2\/categories?post=138"},{"taxonomy":"post_tag","embeddable":true,"href":"https:\/\/cssdn.gouv.qc.ca\/notredamedetchemin\/wp-json\/wp\/v2\/tags?post=138"}],"curies":[{"name":"wp","href":"https:\/\/api.w.org\/{rel}","templated":true}]}}