
{"id":241,"date":"2022-12-02T12:39:34","date_gmt":"2022-12-02T17:39:34","guid":{"rendered":"https:\/\/cssdn.gouv.qc.ca\/pamphilelemay\/?post_type=programme&#038;p=241"},"modified":"2026-03-13T10:21:08","modified_gmt":"2026-03-13T14:21:08","slug":"profil-langues-et-communications","status":"publish","type":"programme","link":"https:\/\/cssdn.gouv.qc.ca\/pamphilelemay\/programmes-et-profils\/profil-langues-et-communications\/","title":{"rendered":"Profil Langues et communications"},"content":{"rendered":"<section class=\"align programmes-details\" id=\"testimonial-block_0d07e2516cd5ab08d7518f009f50a037\">\n            <dl class=\"act-post-metadata__list\">\n                                <dt class=\"act-post-metadata__label act-post-metadata__label--niveau\">Le niveau :<\/dt>\n                    <dd class=\"act-post-metadata__value act-post-metadata__value--niveau\">Secondaire<\/dd>\n                                <dt class=\"act-post-metadata__label act-post-metadata__label--domaine\">Le domaine d&rsquo;\u00e9tude :<\/dt>\n                    <dd class=\"act-post-metadata__value act-post-metadata__value--domaine\">Langues<\/dd>\n                    <\/dl>\n        \n    <\/section>\n\n\n\n<figure class=\"wp-block-image size-large\"><img decoding=\"async\" width=\"1024\" height=\"819\" data-src=\"https:\/\/cssdn.gouv.qc.ca\/pamphilelemay\/wp-content\/uploads\/sites\/15\/2022\/12\/Profil-langues-et-multimedia-1024x819.png\" alt=\"\" class=\"wp-image-671 lazyload\" data-srcset=\"https:\/\/cssdn.gouv.qc.ca\/pamphilelemay\/wp-content\/uploads\/sites\/15\/2022\/12\/Profil-langues-et-multimedia-1024x819.png 1024w, https:\/\/cssdn.gouv.qc.ca\/pamphilelemay\/wp-content\/uploads\/sites\/15\/2022\/12\/Profil-langues-et-multimedia-300x240.png 300w, https:\/\/cssdn.gouv.qc.ca\/pamphilelemay\/wp-content\/uploads\/sites\/15\/2022\/12\/Profil-langues-et-multimedia-768x614.png 768w, https:\/\/cssdn.gouv.qc.ca\/pamphilelemay\/wp-content\/uploads\/sites\/15\/2022\/12\/Profil-langues-et-multimedia-1536x1229.png 1536w, https:\/\/cssdn.gouv.qc.ca\/pamphilelemay\/wp-content\/uploads\/sites\/15\/2022\/12\/Profil-langues-et-multimedia.png 2000w\" data-sizes=\"(max-width: 1024px) 100vw, 1024px\" src=\"data:image\/svg+xml;base64,PHN2ZyB3aWR0aD0iMSIgaGVpZ2h0PSIxIiB4bWxucz0iaHR0cDovL3d3dy53My5vcmcvMjAwMC9zdmciPjwvc3ZnPg==\" style=\"--smush-placeholder-width: 1024px; --smush-placeholder-aspect-ratio: 1024\/819;\" \/><\/figure>\n\n\n\n<h2 class=\"wp-block-heading act-collapsible__heading\">PROGRAMME PLC, 1<sup>re<\/sup>, 2<sup>e<\/sup>\u00a0et 3<sup>e<\/sup>\u00a0secondaire<\/h2>\n\n\n\n<p class=\"wp-block-paragraph\">Ce profil est ax\u00e9 sur les langues: le fran\u00e7ais, l&rsquo;anglais et l&rsquo;espagnol. Il offre une formule enrichie de l&rsquo;enseignement de l&rsquo;anglais au cours des trois premi\u00e8res ann\u00e9es du secondaire. L&rsquo;espagnol est \u00e9galement enseign\u00e9 en 2e et 3e secondaire. Les \u00e9l\u00e8ves inscrits \u00e0 ce profil ont la chance de vivre des immersions en milieu anglophone lors de voyages ou d&rsquo;un \u00e9change Exp\u00e9riences Canada. Plusieurs activit\u00e9s et projets \u00e9ducatifs en fran\u00e7ais et en anglais permettent aux \u00e9l\u00e8ves un enrichissement culturel. De plus, ces jeunes vivront de belles activit\u00e9s communautaires qui contribueront \u00e0 leur \u00e9panouissement personnel. \u00c0 noter \u00e9galement que les technologies sont utilis\u00e9es \u00e0 des fins p\u00e9dagogiques et qu&rsquo;il y a des groupes cloisonn\u00e9s d&rsquo;\u00e9l\u00e8ves s\u00e9lectionn\u00e9s pour leur bon comportement et leur facilit\u00e9 d&rsquo;apprentissage.<\/p>\n","protected":false},"template":"","niveau":[9],"domaine":[15],"municipalite":[22],"class_list":["post-241","programme","type-programme","status-publish","hentry","niveau-secondaire","domaine-langues","municipalite-lotbiniere"],"acf":[],"yoast_head":"<!-- This site is optimized with the Yoast SEO plugin v27.4 - https:\/\/yoast.com\/product\/yoast-seo-wordpress\/ -->\n<title>Profil Langues et communications - \u00c9cole secondaire Pamphile\u2011Le\u00a0May<\/title>\n<meta name=\"robots\" content=\"index, follow, max-snippet:-1, max-image-preview:large, max-video-preview:-1\" \/>\n<link rel=\"canonical\" href=\"https:\/\/cssdn.gouv.qc.ca\/pamphilelemay\/programmes-et-profils\/profil-langues-et-communications\/\" \/>\n<meta property=\"og:locale\" content=\"fr_CA\" \/>\n<meta property=\"og:type\" content=\"article\" \/>\n<meta property=\"og:title\" content=\"Profil Langues et communications - \u00c9cole secondaire Pamphile\u2011Le\u00a0May\" \/>\n<meta property=\"og:description\" content=\"PROGRAMME PLC, 1re, 2e\u00a0et 3e\u00a0secondaire Ce profil est ax\u00e9 sur les langues: le fran\u00e7ais, l&rsquo;anglais et l&rsquo;espagnol. Il offre une formule enrichie de l&rsquo;enseignement de l&rsquo;anglais au cours des trois premi\u00e8res ann\u00e9es du secondaire. L&rsquo;espagnol est \u00e9galement enseign\u00e9 en 2e et 3e secondaire. Les \u00e9l\u00e8ves inscrits \u00e0 ce profil ont la chance de vivre des [&hellip;]\" \/>\n<meta property=\"og:url\" content=\"https:\/\/cssdn.gouv.qc.ca\/pamphilelemay\/programmes-et-profils\/profil-langues-et-communications\/\" \/>\n<meta property=\"og:site_name\" content=\"\u00c9cole secondaire Pamphile\u2011Le\u00a0May\" \/>\n<meta property=\"article:publisher\" content=\"https:\/\/www.facebook.com\/ESPamphileLeMay\" \/>\n<meta property=\"article:modified_time\" content=\"2026-03-13T14:21:08+00:00\" \/>\n<meta property=\"og:image\" content=\"https:\/\/cssdn.gouv.qc.ca\/pamphilelemay\/wp-content\/uploads\/sites\/15\/2022\/12\/Profil-langues-et-multimedia-1024x819.png\" \/>\n\t<meta property=\"og:image:width\" content=\"1024\" \/>\n\t<meta property=\"og:image:height\" content=\"819\" \/>\n\t<meta property=\"og:image:type\" content=\"image\/png\" \/>\n<meta name=\"twitter:card\" content=\"summary_large_image\" \/>\n<meta name=\"twitter:site\" content=\"@CSSNavigateurs\" \/>\n<meta name=\"twitter:label1\" content=\"Estimation du temps de lecture\" \/>\n\t<meta name=\"twitter:data1\" content=\"1 minute\" \/>\n<script type=\"application\/ld+json\" class=\"yoast-schema-graph\">{\"@context\":\"https:\\\/\\\/schema.org\",\"@graph\":[{\"@type\":\"WebPage\",\"@id\":\"https:\\\/\\\/cssdn.gouv.qc.ca\\\/pamphilelemay\\\/programmes-et-profils\\\/profil-langues-et-communications\\\/\",\"url\":\"https:\\\/\\\/cssdn.gouv.qc.ca\\\/pamphilelemay\\\/programmes-et-profils\\\/profil-langues-et-communications\\\/\",\"name\":\"Profil Langues et communications - \u00c9cole secondaire Pamphile\u2011Le\u00a0May\",\"isPartOf\":{\"@id\":\"https:\\\/\\\/cssdn.gouv.qc.ca\\\/pamphilelemay\\\/#website\"},\"primaryImageOfPage\":{\"@id\":\"https:\\\/\\\/cssdn.gouv.qc.ca\\\/pamphilelemay\\\/programmes-et-profils\\\/profil-langues-et-communications\\\/#primaryimage\"},\"image\":{\"@id\":\"https:\\\/\\\/cssdn.gouv.qc.ca\\\/pamphilelemay\\\/programmes-et-profils\\\/profil-langues-et-communications\\\/#primaryimage\"},\"thumbnailUrl\":\"https:\\\/\\\/cssdn.gouv.qc.ca\\\/pamphilelemay\\\/wp-content\\\/uploads\\\/sites\\\/15\\\/2022\\\/12\\\/Profil-langues-et-multimedia-1024x819.png\",\"datePublished\":\"2022-12-02T17:39:34+00:00\",\"dateModified\":\"2026-03-13T14:21:08+00:00\",\"breadcrumb\":{\"@id\":\"https:\\\/\\\/cssdn.gouv.qc.ca\\\/pamphilelemay\\\/programmes-et-profils\\\/profil-langues-et-communications\\\/#breadcrumb\"},\"inLanguage\":\"fr-CA\",\"potentialAction\":[{\"@type\":\"ReadAction\",\"target\":[\"https:\\\/\\\/cssdn.gouv.qc.ca\\\/pamphilelemay\\\/programmes-et-profils\\\/profil-langues-et-communications\\\/\"]}]},{\"@type\":\"ImageObject\",\"inLanguage\":\"fr-CA\",\"@id\":\"https:\\\/\\\/cssdn.gouv.qc.ca\\\/pamphilelemay\\\/programmes-et-profils\\\/profil-langues-et-communications\\\/#primaryimage\",\"url\":\"https:\\\/\\\/cssdn.gouv.qc.ca\\\/pamphilelemay\\\/wp-content\\\/uploads\\\/sites\\\/15\\\/2022\\\/12\\\/Profil-langues-et-multimedia.png\",\"contentUrl\":\"https:\\\/\\\/cssdn.gouv.qc.ca\\\/pamphilelemay\\\/wp-content\\\/uploads\\\/sites\\\/15\\\/2022\\\/12\\\/Profil-langues-et-multimedia.png\",\"width\":2000,\"height\":1600},{\"@type\":\"BreadcrumbList\",\"@id\":\"https:\\\/\\\/cssdn.gouv.qc.ca\\\/pamphilelemay\\\/programmes-et-profils\\\/profil-langues-et-communications\\\/#breadcrumb\",\"itemListElement\":[{\"@type\":\"ListItem\",\"position\":1,\"name\":\"Accueil\",\"item\":\"https:\\\/\\\/cssdn.gouv.qc.ca\\\/pamphilelemay\\\/\"},{\"@type\":\"ListItem\",\"position\":2,\"name\":\"Programmes et profils\",\"item\":\"https:\\\/\\\/cssdn.gouv.qc.ca\\\/pamphilelemay\\\/programmes-et-profils\\\/\"},{\"@type\":\"ListItem\",\"position\":3,\"name\":\"Profil Langues et communications\"}]},{\"@type\":\"WebSite\",\"@id\":\"https:\\\/\\\/cssdn.gouv.qc.ca\\\/pamphilelemay\\\/#website\",\"url\":\"https:\\\/\\\/cssdn.gouv.qc.ca\\\/pamphilelemay\\\/\",\"name\":\"\u00c9cole secondaire Pamphile\u2011Le\u00a0May\",\"description\":\"Un site des centres de services scolaires des Navigateurs\",\"publisher\":{\"@id\":\"https:\\\/\\\/cssdn.gouv.qc.ca\\\/pamphilelemay\\\/#organization\"},\"potentialAction\":[{\"@type\":\"SearchAction\",\"target\":{\"@type\":\"EntryPoint\",\"urlTemplate\":\"https:\\\/\\\/cssdn.gouv.qc.ca\\\/pamphilelemay\\\/?s={search_term_string}\"},\"query-input\":{\"@type\":\"PropertyValueSpecification\",\"valueRequired\":true,\"valueName\":\"search_term_string\"}}],\"inLanguage\":\"fr-CA\"},{\"@type\":\"Organization\",\"@id\":\"https:\\\/\\\/cssdn.gouv.qc.ca\\\/pamphilelemay\\\/#organization\",\"name\":\"\u00c9cole secondaire Pamphile\u2011Le\u00a0May\",\"url\":\"https:\\\/\\\/cssdn.gouv.qc.ca\\\/pamphilelemay\\\/\",\"logo\":{\"@type\":\"ImageObject\",\"inLanguage\":\"fr-CA\",\"@id\":\"https:\\\/\\\/cssdn.gouv.qc.ca\\\/pamphilelemay\\\/#\\\/schema\\\/logo\\\/image\\\/\",\"url\":\"https:\\\/\\\/cssdn.gouv.qc.ca\\\/pamphilelemay\\\/wp-content\\\/uploads\\\/sites\\\/15\\\/2023\\\/01\\\/logo_quebec.svg\",\"contentUrl\":\"https:\\\/\\\/cssdn.gouv.qc.ca\\\/pamphilelemay\\\/wp-content\\\/uploads\\\/sites\\\/15\\\/2023\\\/01\\\/logo_quebec.svg\",\"width\":188,\"height\":41,\"caption\":\"\u00c9cole secondaire Pamphile\u2011Le\u00a0May\"},\"image\":{\"@id\":\"https:\\\/\\\/cssdn.gouv.qc.ca\\\/pamphilelemay\\\/#\\\/schema\\\/logo\\\/image\\\/\"},\"sameAs\":[\"https:\\\/\\\/www.facebook.com\\\/ESPamphileLeMay\",\"https:\\\/\\\/x.com\\\/CSSNavigateurs\",\"https:\\\/\\\/www.instagram.com\\\/cssnavigateurs\\\/\",\"https:\\\/\\\/www.youtube.com\\\/channel\\\/UCHbNBehije70JBzCIVT82bQ\",\"https:\\\/\\\/www.linkedin.com\\\/company\\\/cssdn\"]}]}<\/script>\n<!-- \/ Yoast SEO plugin. -->","yoast_head_json":{"title":"Profil Langues et communications - \u00c9cole secondaire Pamphile\u2011Le\u00a0May","robots":{"index":"index","follow":"follow","max-snippet":"max-snippet:-1","max-image-preview":"max-image-preview:large","max-video-preview":"max-video-preview:-1"},"canonical":"https:\/\/cssdn.gouv.qc.ca\/pamphilelemay\/programmes-et-profils\/profil-langues-et-communications\/","og_locale":"fr_CA","og_type":"article","og_title":"Profil Langues et communications - \u00c9cole secondaire Pamphile\u2011Le\u00a0May","og_description":"PROGRAMME PLC, 1re, 2e\u00a0et 3e\u00a0secondaire Ce profil est ax\u00e9 sur les langues: le fran\u00e7ais, l&rsquo;anglais et l&rsquo;espagnol. Il offre une formule enrichie de l&rsquo;enseignement de l&rsquo;anglais au cours des trois premi\u00e8res ann\u00e9es du secondaire. L&rsquo;espagnol est \u00e9galement enseign\u00e9 en 2e et 3e secondaire. Les \u00e9l\u00e8ves inscrits \u00e0 ce profil ont la chance de vivre des [&hellip;]","og_url":"https:\/\/cssdn.gouv.qc.ca\/pamphilelemay\/programmes-et-profils\/profil-langues-et-communications\/","og_site_name":"\u00c9cole secondaire Pamphile\u2011Le\u00a0May","article_publisher":"https:\/\/www.facebook.com\/ESPamphileLeMay","article_modified_time":"2026-03-13T14:21:08+00:00","og_image":[{"width":1024,"height":819,"url":"https:\/\/cssdn.gouv.qc.ca\/pamphilelemay\/wp-content\/uploads\/sites\/15\/2022\/12\/Profil-langues-et-multimedia-1024x819.png","type":"image\/png"}],"twitter_card":"summary_large_image","twitter_site":"@CSSNavigateurs","twitter_misc":{"Estimation du temps de lecture":"1 minute"},"schema":{"@context":"https:\/\/schema.org","@graph":[{"@type":"WebPage","@id":"https:\/\/cssdn.gouv.qc.ca\/pamphilelemay\/programmes-et-profils\/profil-langues-et-communications\/","url":"https:\/\/cssdn.gouv.qc.ca\/pamphilelemay\/programmes-et-profils\/profil-langues-et-communications\/","name":"Profil Langues et communications - \u00c9cole secondaire Pamphile\u2011Le\u00a0May","isPartOf":{"@id":"https:\/\/cssdn.gouv.qc.ca\/pamphilelemay\/#website"},"primaryImageOfPage":{"@id":"https:\/\/cssdn.gouv.qc.ca\/pamphilelemay\/programmes-et-profils\/profil-langues-et-communications\/#primaryimage"},"image":{"@id":"https:\/\/cssdn.gouv.qc.ca\/pamphilelemay\/programmes-et-profils\/profil-langues-et-communications\/#primaryimage"},"thumbnailUrl":"https:\/\/cssdn.gouv.qc.ca\/pamphilelemay\/wp-content\/uploads\/sites\/15\/2022\/12\/Profil-langues-et-multimedia-1024x819.png","datePublished":"2022-12-02T17:39:34+00:00","dateModified":"2026-03-13T14:21:08+00:00","breadcrumb":{"@id":"https:\/\/cssdn.gouv.qc.ca\/pamphilelemay\/programmes-et-profils\/profil-langues-et-communications\/#breadcrumb"},"inLanguage":"fr-CA","potentialAction":[{"@type":"ReadAction","target":["https:\/\/cssdn.gouv.qc.ca\/pamphilelemay\/programmes-et-profils\/profil-langues-et-communications\/"]}]},{"@type":"ImageObject","inLanguage":"fr-CA","@id":"https:\/\/cssdn.gouv.qc.ca\/pamphilelemay\/programmes-et-profils\/profil-langues-et-communications\/#primaryimage","url":"https:\/\/cssdn.gouv.qc.ca\/pamphilelemay\/wp-content\/uploads\/sites\/15\/2022\/12\/Profil-langues-et-multimedia.png","contentUrl":"https:\/\/cssdn.gouv.qc.ca\/pamphilelemay\/wp-content\/uploads\/sites\/15\/2022\/12\/Profil-langues-et-multimedia.png","width":2000,"height":1600},{"@type":"BreadcrumbList","@id":"https:\/\/cssdn.gouv.qc.ca\/pamphilelemay\/programmes-et-profils\/profil-langues-et-communications\/#breadcrumb","itemListElement":[{"@type":"ListItem","position":1,"name":"Accueil","item":"https:\/\/cssdn.gouv.qc.ca\/pamphilelemay\/"},{"@type":"ListItem","position":2,"name":"Programmes et profils","item":"https:\/\/cssdn.gouv.qc.ca\/pamphilelemay\/programmes-et-profils\/"},{"@type":"ListItem","position":3,"name":"Profil Langues et communications"}]},{"@type":"WebSite","@id":"https:\/\/cssdn.gouv.qc.ca\/pamphilelemay\/#website","url":"https:\/\/cssdn.gouv.qc.ca\/pamphilelemay\/","name":"\u00c9cole secondaire Pamphile\u2011Le\u00a0May","description":"Un site des centres de services scolaires des Navigateurs","publisher":{"@id":"https:\/\/cssdn.gouv.qc.ca\/pamphilelemay\/#organization"},"potentialAction":[{"@type":"SearchAction","target":{"@type":"EntryPoint","urlTemplate":"https:\/\/cssdn.gouv.qc.ca\/pamphilelemay\/?s={search_term_string}"},"query-input":{"@type":"PropertyValueSpecification","valueRequired":true,"valueName":"search_term_string"}}],"inLanguage":"fr-CA"},{"@type":"Organization","@id":"https:\/\/cssdn.gouv.qc.ca\/pamphilelemay\/#organization","name":"\u00c9cole secondaire Pamphile\u2011Le\u00a0May","url":"https:\/\/cssdn.gouv.qc.ca\/pamphilelemay\/","logo":{"@type":"ImageObject","inLanguage":"fr-CA","@id":"https:\/\/cssdn.gouv.qc.ca\/pamphilelemay\/#\/schema\/logo\/image\/","url":"https:\/\/cssdn.gouv.qc.ca\/pamphilelemay\/wp-content\/uploads\/sites\/15\/2023\/01\/logo_quebec.svg","contentUrl":"https:\/\/cssdn.gouv.qc.ca\/pamphilelemay\/wp-content\/uploads\/sites\/15\/2023\/01\/logo_quebec.svg","width":188,"height":41,"caption":"\u00c9cole secondaire Pamphile\u2011Le\u00a0May"},"image":{"@id":"https:\/\/cssdn.gouv.qc.ca\/pamphilelemay\/#\/schema\/logo\/image\/"},"sameAs":["https:\/\/www.facebook.com\/ESPamphileLeMay","https:\/\/x.com\/CSSNavigateurs","https:\/\/www.instagram.com\/cssnavigateurs\/","https:\/\/www.youtube.com\/channel\/UCHbNBehije70JBzCIVT82bQ","https:\/\/www.linkedin.com\/company\/cssdn"]}]}},"publishpress_future_workflow_manual_trigger":{"enabledWorkflows":[]},"_links":{"self":[{"href":"https:\/\/cssdn.gouv.qc.ca\/pamphilelemay\/wp-json\/wp\/v2\/programmes\/241","targetHints":{"allow":["GET"]}}],"collection":[{"href":"https:\/\/cssdn.gouv.qc.ca\/pamphilelemay\/wp-json\/wp\/v2\/programmes"}],"about":[{"href":"https:\/\/cssdn.gouv.qc.ca\/pamphilelemay\/wp-json\/wp\/v2\/types\/programme"}],"wp:attachment":[{"href":"https:\/\/cssdn.gouv.qc.ca\/pamphilelemay\/wp-json\/wp\/v2\/media?parent=241"}],"wp:term":[{"taxonomy":"niveau","embeddable":true,"href":"https:\/\/cssdn.gouv.qc.ca\/pamphilelemay\/wp-json\/wp\/v2\/niveau?post=241"},{"taxonomy":"domaine","embeddable":true,"href":"https:\/\/cssdn.gouv.qc.ca\/pamphilelemay\/wp-json\/wp\/v2\/domaine?post=241"},{"taxonomy":"municipalite","embeddable":true,"href":"https:\/\/cssdn.gouv.qc.ca\/pamphilelemay\/wp-json\/wp\/v2\/municipalite?post=241"}],"curies":[{"name":"wp","href":"https:\/\/api.w.org\/{rel}","templated":true}]}}