
{"id":5,"date":"2022-11-08T16:07:53","date_gmt":"2022-11-08T21:07:53","guid":{"rendered":"https:\/\/cssdn.gouv.qc.ca\/pleinsoleil\/accueil\/"},"modified":"2023-01-06T14:30:40","modified_gmt":"2023-01-06T19:30:40","slug":"accueil","status":"publish","type":"page","link":"https:\/\/cssdn.gouv.qc.ca\/pleinsoleil\/","title":{"rendered":"Accueil"},"content":{"rendered":"\n<div class=\"wp-block-cover alignfull is-style-hero-home-subsite\" style=\"min-height:537px;aspect-ratio:unset;\"><span aria-hidden=\"true\" class=\"wp-block-cover__background has-background-dim\"><\/span><img decoding=\"async\" width=\"2448\" height=\"2448\" class=\"wp-block-cover__image-background wp-image-146 lazyload\" alt=\"\" data-src=\"https:\/\/cssdn.gouv.qc.ca\/pleinsoleil\/wp-content\/uploads\/sites\/52\/2023\/01\/s3.jpg\" data-object-fit=\"cover\" data-srcset=\"https:\/\/cssdn.gouv.qc.ca\/pleinsoleil\/wp-content\/uploads\/sites\/52\/2023\/01\/s3.jpg 2448w, https:\/\/cssdn.gouv.qc.ca\/pleinsoleil\/wp-content\/uploads\/sites\/52\/2023\/01\/s3-300x300.jpg 300w, https:\/\/cssdn.gouv.qc.ca\/pleinsoleil\/wp-content\/uploads\/sites\/52\/2023\/01\/s3-1024x1024.jpg 1024w, https:\/\/cssdn.gouv.qc.ca\/pleinsoleil\/wp-content\/uploads\/sites\/52\/2023\/01\/s3-150x150.jpg 150w, https:\/\/cssdn.gouv.qc.ca\/pleinsoleil\/wp-content\/uploads\/sites\/52\/2023\/01\/s3-768x768.jpg 768w, https:\/\/cssdn.gouv.qc.ca\/pleinsoleil\/wp-content\/uploads\/sites\/52\/2023\/01\/s3-1536x1536.jpg 1536w, https:\/\/cssdn.gouv.qc.ca\/pleinsoleil\/wp-content\/uploads\/sites\/52\/2023\/01\/s3-2048x2048.jpg 2048w\" data-sizes=\"(max-width: 2448px) 100vw, 2448px\" src=\"data:image\/svg+xml;base64,PHN2ZyB3aWR0aD0iMSIgaGVpZ2h0PSIxIiB4bWxucz0iaHR0cDovL3d3dy53My5vcmcvMjAwMC9zdmciPjwvc3ZnPg==\" style=\"--smush-placeholder-width: 2448px; --smush-placeholder-aspect-ratio: 2448\/2448;\" \/><div class=\"wp-block-cover__inner-container\">\n<div class=\"wp-block-group alignwide\">\n<h1 class=\"wp-block-post-title has-white-color has-text-color wp-block-heading\">Bienvenue<\/h1>\n<\/div>\n<\/div><\/div>\n\n\n\n<div class=\"wp-block-group alignfull is-style-bg-waves\">\n<h2 class=\"alignwide has-heading-1-font-size wp-block-heading\">Actualit\u00e9s<\/h2>\n\n\n<div class=\" alignwide alignwide alignwide archive-listing\" id=\"testimonial-block_8beed0a5a3de63e180cce8df7071b50e\">\n                                                                    <ul class=\"archive-listing__list  archive-listing__group-\">\n                                <li class=\"archive-listing__item\">\n                     <div class=\"actualite-card\">    <div class=\"wp-block-post-image\">\n    <figure class=\"wp-block-post-featured-image\"><img decoding=\"async\" width=\"940\" height=\"788\" data-src=\"https:\/\/cssdn.gouv.qc.ca\/pleinsoleil\/wp-content\/uploads\/sites\/52\/2026\/02\/VIGNETTE-ENSEIGNANTS.png\" class=\"attachment-post-thumbnail size-post-thumbnail wp-post-image lazyload\" alt=\"\" style=\"--smush-placeholder-width: 940px; --smush-placeholder-aspect-ratio: 940\/788;object-fit:cover;\" data-srcset=\"https:\/\/cssdn.gouv.qc.ca\/pleinsoleil\/wp-content\/uploads\/sites\/52\/2026\/02\/VIGNETTE-ENSEIGNANTS.png 940w, https:\/\/cssdn.gouv.qc.ca\/pleinsoleil\/wp-content\/uploads\/sites\/52\/2026\/02\/VIGNETTE-ENSEIGNANTS-300x251.png 300w, https:\/\/cssdn.gouv.qc.ca\/pleinsoleil\/wp-content\/uploads\/sites\/52\/2026\/02\/VIGNETTE-ENSEIGNANTS-768x644.png 768w\" data-sizes=\"(max-width: 940px) 100vw, 940px\" src=\"data:image\/svg+xml;base64,PHN2ZyB3aWR0aD0iMSIgaGVpZ2h0PSIxIiB4bWxucz0iaHR0cDovL3d3dy53My5vcmcvMjAwMC9zdmciPjwvc3ZnPg==\" \/><\/figure>\n    <\/div>\n    <div class=\"wp-block-post-content\">\n        <div class=\"wp-block-post-date\"><time datetime=\"2026-02-01T06:00:00-05:00\">1 f\u00e9vrier 2026<\/time><\/div>\n        <h2 class=\"wp-block-post-title\">Semaine des enseignantes et des enseignants &#8211; 1er au 7 f\u00e9vrier 2026<\/h2>\n\n        <div class=\"wp-block-post-excerpt\"><p class=\"wp-block-post-excerpt__excerpt\">Chaque jour, vous transmettez bien plus que des connaissances : vous inspirez, vous accompagnez et vous changez des parcours de vie. En cette semaine qui vous est d\u00e9di\u00e9e, nous vous remercions d\u2019avoir les \u00e9l\u00e8ves \u00e0 c\u0153ur, de croire en leur potentiel et de contribuer, par votre engagement, \u00e0 notre mission \u00e9ducative! <\/p><\/div>\n        <a aria-label=\"Semaine des enseignantes et des enseignants &amp;#8211; 1er au 7 f\u00e9vrier 2026\" class=\"wp-block-read-more\" href=\"https:\/\/cssdn.gouv.qc.ca\/pleinsoleil\/2026\/02\/01\/semaine-des-enseignantes-et-des-enseignants-1er-au-7-fevrier-2026\/\" target=\"_self\">En savoir plus<span class=\"screen-reader-text\">\u00a0: Semaine des enseignantes et des enseignants &#8211; 1er au 7 f\u00e9vrier 2026<\/span><\/a>\n    <\/div><\/div>                <\/li>\n                                            <li class=\"archive-listing__item\">\n                     <div class=\"actualite-card\">    <div class=\"wp-block-post-image\">\n    <figure class=\"wp-block-post-featured-image\"><img decoding=\"async\" width=\"1640\" height=\"924\" data-src=\"https:\/\/cssdn.gouv.qc.ca\/pleinsoleil\/wp-content\/uploads\/sites\/52\/2026\/01\/Inscriptions-scolaires-vignette.png\" class=\"attachment-post-thumbnail size-post-thumbnail wp-post-image lazyload\" alt=\"\" style=\"--smush-placeholder-width: 1640px; --smush-placeholder-aspect-ratio: 1640\/924;object-fit:cover;\" data-srcset=\"https:\/\/cssdn.gouv.qc.ca\/pleinsoleil\/wp-content\/uploads\/sites\/52\/2026\/01\/Inscriptions-scolaires-vignette.png 1640w, https:\/\/cssdn.gouv.qc.ca\/pleinsoleil\/wp-content\/uploads\/sites\/52\/2026\/01\/Inscriptions-scolaires-vignette-300x169.png 300w, https:\/\/cssdn.gouv.qc.ca\/pleinsoleil\/wp-content\/uploads\/sites\/52\/2026\/01\/Inscriptions-scolaires-vignette-1024x577.png 1024w, https:\/\/cssdn.gouv.qc.ca\/pleinsoleil\/wp-content\/uploads\/sites\/52\/2026\/01\/Inscriptions-scolaires-vignette-768x433.png 768w, https:\/\/cssdn.gouv.qc.ca\/pleinsoleil\/wp-content\/uploads\/sites\/52\/2026\/01\/Inscriptions-scolaires-vignette-1536x865.png 1536w\" data-sizes=\"(max-width: 1640px) 100vw, 1640px\" src=\"data:image\/svg+xml;base64,PHN2ZyB3aWR0aD0iMSIgaGVpZ2h0PSIxIiB4bWxucz0iaHR0cDovL3d3dy53My5vcmcvMjAwMC9zdmciPjwvc3ZnPg==\" \/><\/figure>\n    <\/div>\n    <div class=\"wp-block-post-content\">\n        <div class=\"wp-block-post-date\"><time datetime=\"2026-01-16T16:19:04-05:00\">16 janvier 2026<\/time><\/div>\n        <h2 class=\"wp-block-post-title\">Inscriptions scolaires 2026-2027<\/h2>\n\n        <div class=\"wp-block-post-excerpt\"><p class=\"wp-block-post-excerpt__excerpt\">D\u00e9couvrez les dates des inscriptions pour la maternelle 4 et 5 ans, le programme Passe-partout, le primaire, le secondaire et la FP, ainsi que tous les renseignements concernant nos services \u00e9ducatifs. <\/p><\/div>\n        <a aria-label=\"Inscriptions scolaires 2026-2027\" class=\"wp-block-read-more\" href=\"https:\/\/cssdn.gouv.qc.ca\/pleinsoleil\/2026\/01\/16\/inscriptions-scolaires-2026-2027\/\" target=\"_self\">En savoir plus<span class=\"screen-reader-text\">\u00a0: Inscriptions scolaires 2026-2027<\/span><\/a>\n    <\/div><\/div>                <\/li>\n                                            <li class=\"archive-listing__item\">\n                     <div class=\"actualite-card\">    <div class=\"wp-block-post-image\">\n    \n    <\/div>\n    <div class=\"wp-block-post-content\">\n        <div class=\"wp-block-post-date\"><time datetime=\"2025-11-18T17:03:50-05:00\">18 novembre 2025<\/time><\/div>\n        <h2 class=\"wp-block-post-title\">Revitalisation de la cour d&rsquo;\u00e9cole<\/h2>\n\n        <div class=\"wp-block-post-excerpt\"><p class=\"wp-block-post-excerpt__excerpt\"> <\/p><\/div>\n        <a aria-label=\"Revitalisation de la cour d&amp;rsquo;\u00e9cole\" class=\"wp-block-read-more\" href=\"https:\/\/cssdn.gouv.qc.ca\/pleinsoleil\/2025\/11\/18\/868\/\" target=\"_self\">En savoir plus<span class=\"screen-reader-text\">\u00a0: Revitalisation de la cour d&rsquo;\u00e9cole<\/span><\/a>\n    <\/div><\/div>                <\/li>\n                                            <li class=\"archive-listing__item\">\n                     <div class=\"actualite-card\">    <div class=\"wp-block-post-image\">\n    <figure class=\"wp-block-post-featured-image\"><img decoding=\"async\" width=\"1920\" height=\"1080\" data-src=\"https:\/\/cssdn.gouv.qc.ca\/pleinsoleil\/wp-content\/uploads\/sites\/52\/2025\/11\/Actualite_Noel_minspire.png\" class=\"attachment-post-thumbnail size-post-thumbnail wp-post-image lazyload\" alt=\"\" style=\"--smush-placeholder-width: 1920px; --smush-placeholder-aspect-ratio: 1920\/1080;object-fit:cover;\" data-srcset=\"https:\/\/cssdn.gouv.qc.ca\/pleinsoleil\/wp-content\/uploads\/sites\/52\/2025\/11\/Actualite_Noel_minspire.png 1920w, https:\/\/cssdn.gouv.qc.ca\/pleinsoleil\/wp-content\/uploads\/sites\/52\/2025\/11\/Actualite_Noel_minspire-300x169.png 300w, https:\/\/cssdn.gouv.qc.ca\/pleinsoleil\/wp-content\/uploads\/sites\/52\/2025\/11\/Actualite_Noel_minspire-1024x576.png 1024w, https:\/\/cssdn.gouv.qc.ca\/pleinsoleil\/wp-content\/uploads\/sites\/52\/2025\/11\/Actualite_Noel_minspire-768x432.png 768w, https:\/\/cssdn.gouv.qc.ca\/pleinsoleil\/wp-content\/uploads\/sites\/52\/2025\/11\/Actualite_Noel_minspire-1536x864.png 1536w\" data-sizes=\"(max-width: 1920px) 100vw, 1920px\" src=\"data:image\/svg+xml;base64,PHN2ZyB3aWR0aD0iMSIgaGVpZ2h0PSIxIiB4bWxucz0iaHR0cDovL3d3dy53My5vcmcvMjAwMC9zdmciPjwvc3ZnPg==\" \/><\/figure>\n    <\/div>\n    <div class=\"wp-block-post-content\">\n        <div class=\"wp-block-post-date\"><time datetime=\"2025-11-11T15:35:57-05:00\">11 novembre 2025<\/time><\/div>\n        <h2 class=\"wp-block-post-title\">\ud83c\udf81 Le concours \u00ab No\u00ebl m&rsquo;inspire \u00bb, destin\u00e9 \u00e0 nos \u00e9l\u00e8ves du pr\u00e9scolaire et du primaire, est de retour!<\/h2>\n\n        <div class=\"wp-block-post-excerpt\"><p class=\"wp-block-post-excerpt__excerpt\">Le concours annuel de cr\u00e9ations artistiques du Centre de services scolaire des Navigateurs\u00a0\u00ab\u00a0No\u00ebl\u00a0m\u2019inspire ! \u00bb est\u00a0de\u00a0retour! Nous invitons les\u00a0\u00e9l\u00e8ves\u00a0du\u00a0pr\u00e9scolaire et du primaire\u00a0de\u00a0notre territoire\u00a0\u00e0 utiliser leur imagination et \u00e0 s\u2019inspirer de la f\u00eate de No\u00ebl pour \u00e9laborer diverses cr\u00e9ations artistiques dans le but\u00a0de\u00a0concevoir\u00a0des cartes\u00a0de\u00a0No\u00ebl\u00a0et un calendrier\u00a0de\u00a0l&rsquo;avent virtuel. <\/p><\/div>\n        <a aria-label=\"\ud83c\udf81 Le concours \u00ab No\u00ebl m&amp;rsquo;inspire \u00bb, destin\u00e9 \u00e0 nos \u00e9l\u00e8ves du pr\u00e9scolaire et du primaire, est de retour!\" class=\"wp-block-read-more\" href=\"https:\/\/cssdn.gouv.qc.ca\/pleinsoleil\/2025\/11\/11\/%f0%9f%8e%81-le-concours-noel-minspire-destine-a-nos-eleves-du-prescolaire-et-du-primaire-est-de-retour\/\" target=\"_self\">En savoir plus<span class=\"screen-reader-text\">\u00a0: \ud83c\udf81 Le concours \u00ab No\u00ebl m&rsquo;inspire \u00bb, destin\u00e9 \u00e0 nos \u00e9l\u00e8ves du pr\u00e9scolaire et du primaire, est de retour!<\/span><\/a>\n    <\/div><\/div>                <\/li>\n                                            <li class=\"archive-listing__item\">\n                     <div class=\"actualite-card\">    <div class=\"wp-block-post-image\">\n    <figure class=\"wp-block-post-featured-image\"><img decoding=\"async\" width=\"1080\" height=\"1080\" data-src=\"https:\/\/cssdn.gouv.qc.ca\/pleinsoleil\/wp-content\/uploads\/sites\/52\/2025\/08\/Guide-pratique-pour-les-parents-1.png\" class=\"attachment-post-thumbnail size-post-thumbnail wp-post-image lazyload\" alt=\"\" style=\"--smush-placeholder-width: 1080px; --smush-placeholder-aspect-ratio: 1080\/1080;object-fit:cover;\" data-srcset=\"https:\/\/cssdn.gouv.qc.ca\/pleinsoleil\/wp-content\/uploads\/sites\/52\/2025\/08\/Guide-pratique-pour-les-parents-1.png 1080w, https:\/\/cssdn.gouv.qc.ca\/pleinsoleil\/wp-content\/uploads\/sites\/52\/2025\/08\/Guide-pratique-pour-les-parents-1-300x300.png 300w, https:\/\/cssdn.gouv.qc.ca\/pleinsoleil\/wp-content\/uploads\/sites\/52\/2025\/08\/Guide-pratique-pour-les-parents-1-1024x1024.png 1024w, https:\/\/cssdn.gouv.qc.ca\/pleinsoleil\/wp-content\/uploads\/sites\/52\/2025\/08\/Guide-pratique-pour-les-parents-1-150x150.png 150w, https:\/\/cssdn.gouv.qc.ca\/pleinsoleil\/wp-content\/uploads\/sites\/52\/2025\/08\/Guide-pratique-pour-les-parents-1-768x768.png 768w\" data-sizes=\"(max-width: 1080px) 100vw, 1080px\" src=\"data:image\/svg+xml;base64,PHN2ZyB3aWR0aD0iMSIgaGVpZ2h0PSIxIiB4bWxucz0iaHR0cDovL3d3dy53My5vcmcvMjAwMC9zdmciPjwvc3ZnPg==\" \/><\/figure>\n    <\/div>\n    <div class=\"wp-block-post-content\">\n        <div class=\"wp-block-post-date\"><time datetime=\"2025-08-25T16:09:02-04:00\">25 ao\u00fbt 2025<\/time><\/div>\n        <h2 class=\"wp-block-post-title\">Guide pratique pour les parents \u2013 Ann\u00e9e scolaire 2025-2026<\/h2>\n\n        <div class=\"wp-block-post-excerpt\"><p class=\"wp-block-post-excerpt__excerpt\">Pour accompagner les parents de nos \u00e9l\u00e8ves tout au long de l\u2019ann\u00e9e, nous mettons \u00e0 votre disposition un guide pratique rempli d\u2019informations utiles. <\/p><\/div>\n        <a aria-label=\"Guide pratique pour les parents \u2013 Ann\u00e9e scolaire 2025-2026\" class=\"wp-block-read-more\" href=\"https:\/\/cssdn.gouv.qc.ca\/pleinsoleil\/2025\/08\/25\/guide-pratique-pour-les-parents-annee-scolaire-2025-2026\/\" target=\"_self\">En savoir plus<span class=\"screen-reader-text\">\u00a0: Guide pratique pour les parents \u2013 Ann\u00e9e scolaire 2025-2026<\/span><\/a>\n    <\/div><\/div>                <\/li>\n                                            <li class=\"archive-listing__item\">\n                     <div class=\"actualite-card\">    <div class=\"wp-block-post-image\">\n    <figure class=\"wp-block-post-featured-image\"><img decoding=\"async\" width=\"1280\" height=\"720\" data-src=\"https:\/\/cssdn.gouv.qc.ca\/pleinsoleil\/wp-content\/uploads\/sites\/52\/2025\/05\/Facebook_Inscription_Tardive-1.jpg\" class=\"attachment-post-thumbnail size-post-thumbnail wp-post-image lazyload\" alt=\"\" style=\"--smush-placeholder-width: 1280px; --smush-placeholder-aspect-ratio: 1280\/720;object-fit:cover;\" data-srcset=\"https:\/\/cssdn.gouv.qc.ca\/pleinsoleil\/wp-content\/uploads\/sites\/52\/2025\/05\/Facebook_Inscription_Tardive-1.jpg 1280w, https:\/\/cssdn.gouv.qc.ca\/pleinsoleil\/wp-content\/uploads\/sites\/52\/2025\/05\/Facebook_Inscription_Tardive-1-300x169.jpg 300w, https:\/\/cssdn.gouv.qc.ca\/pleinsoleil\/wp-content\/uploads\/sites\/52\/2025\/05\/Facebook_Inscription_Tardive-1-1024x576.jpg 1024w, https:\/\/cssdn.gouv.qc.ca\/pleinsoleil\/wp-content\/uploads\/sites\/52\/2025\/05\/Facebook_Inscription_Tardive-1-768x432.jpg 768w\" data-sizes=\"(max-width: 1280px) 100vw, 1280px\" src=\"data:image\/svg+xml;base64,PHN2ZyB3aWR0aD0iMSIgaGVpZ2h0PSIxIiB4bWxucz0iaHR0cDovL3d3dy53My5vcmcvMjAwMC9zdmciPjwvc3ZnPg==\" \/><\/figure>\n    <\/div>\n    <div class=\"wp-block-post-content\">\n        <div class=\"wp-block-post-date\"><time datetime=\"2025-05-28T14:01:48-04:00\">28 mai 2025<\/time><\/div>\n        <h2 class=\"wp-block-post-title\">Inscription tardive \u00e0 l&rsquo;\u00e9cole<\/h2>\n\n        <div class=\"wp-block-post-excerpt\"><p class=\"wp-block-post-excerpt__excerpt\">Vous arrivez dans la r\u00e9gion? Si ce n\u2019est d\u00e9j\u00e0 fait, n\u2019oubliez pas d\u2019inscrire votre enfant \u00e0 l\u2019\u00e9cole d\u00e8s maintenant. Vous trouverez plusieurs renseignements pertinents dans la section \u00ab Admission et inscription \u00bb, concernant plusieurs sujets. <\/p><\/div>\n        <a aria-label=\"Inscription tardive \u00e0 l&amp;rsquo;\u00e9cole\" class=\"wp-block-read-more\" href=\"https:\/\/cssdn.gouv.qc.ca\/pleinsoleil\/2025\/05\/28\/inscription-tardive-a-lecole\/\" target=\"_self\">En savoir plus<span class=\"screen-reader-text\">\u00a0: Inscription tardive \u00e0 l&rsquo;\u00e9cole<\/span><\/a>\n    <\/div><\/div>                <\/li>\n                                            <li class=\"archive-listing__item\">\n                     <div class=\"actualite-card\">    <div class=\"wp-block-post-image\">\n    <figure class=\"wp-block-post-featured-image\"><img decoding=\"async\" width=\"1200\" height=\"675\" data-src=\"https:\/\/cssdn.gouv.qc.ca\/pleinsoleil\/wp-content\/uploads\/sites\/52\/2025\/05\/24-138-06_info-x_jour-valo-sco_v1-1.png\" class=\"attachment-post-thumbnail size-post-thumbnail wp-post-image lazyload\" alt=\"\" style=\"--smush-placeholder-width: 1200px; --smush-placeholder-aspect-ratio: 1200\/675;object-fit:cover;\" data-srcset=\"https:\/\/cssdn.gouv.qc.ca\/pleinsoleil\/wp-content\/uploads\/sites\/52\/2025\/05\/24-138-06_info-x_jour-valo-sco_v1-1.png 1200w, https:\/\/cssdn.gouv.qc.ca\/pleinsoleil\/wp-content\/uploads\/sites\/52\/2025\/05\/24-138-06_info-x_jour-valo-sco_v1-1-300x169.png 300w, https:\/\/cssdn.gouv.qc.ca\/pleinsoleil\/wp-content\/uploads\/sites\/52\/2025\/05\/24-138-06_info-x_jour-valo-sco_v1-1-1024x576.png 1024w, https:\/\/cssdn.gouv.qc.ca\/pleinsoleil\/wp-content\/uploads\/sites\/52\/2025\/05\/24-138-06_info-x_jour-valo-sco_v1-1-768x432.png 768w\" data-sizes=\"(max-width: 1200px) 100vw, 1200px\" src=\"data:image\/svg+xml;base64,PHN2ZyB3aWR0aD0iMSIgaGVpZ2h0PSIxIiB4bWxucz0iaHR0cDovL3d3dy53My5vcmcvMjAwMC9zdmciPjwvc3ZnPg==\" \/><\/figure>\n    <\/div>\n    <div class=\"wp-block-post-content\">\n        <div class=\"wp-block-post-date\"><time datetime=\"2025-05-27T09:02:42-04:00\">27 mai 2025<\/time><\/div>\n        <h2 class=\"wp-block-post-title\">Journ\u00e9e de valorisation du personnel scolaire &#8211; 27 mai 2025<\/h2>\n\n        <div class=\"wp-block-post-excerpt\"><p class=\"wp-block-post-excerpt__excerpt\">Aujourd&rsquo;hui, c&rsquo;est l&rsquo;occasion de reconna\u00eetre le travail indispensable des personnes qui choisissent de mettre leur passion et leur cr\u00e9ativit\u00e9 au service de nos jeunes. <\/p><\/div>\n        <a aria-label=\"Journ\u00e9e de valorisation du personnel scolaire &amp;#8211; 27 mai 2025\" class=\"wp-block-read-more\" href=\"https:\/\/cssdn.gouv.qc.ca\/pleinsoleil\/2025\/05\/27\/journee-de-valorisation-du-personnel-scolaire-27-mai-2025\/\" target=\"_self\">En savoir plus<span class=\"screen-reader-text\">\u00a0: Journ\u00e9e de valorisation du personnel scolaire &#8211; 27 mai 2025<\/span><\/a>\n    <\/div><\/div>                <\/li>\n                                            <li class=\"archive-listing__item\">\n                     <div class=\"actualite-card\">    <div class=\"wp-block-post-image\">\n    <figure class=\"wp-block-post-featured-image\"><img decoding=\"async\" width=\"1000\" height=\"667\" data-src=\"https:\/\/cssdn.gouv.qc.ca\/pleinsoleil\/wp-content\/uploads\/sites\/52\/2025\/04\/conference-impacts-gestion-ecrans-enfants_plein-soleil.jpg\" class=\"attachment-post-thumbnail size-post-thumbnail wp-post-image lazyload\" alt=\"Conf\u00e9rence \u00e0 l&#039;\u00c9cole Plein-Soleil : Impacts et gestion des \u00e9crans chez les enfants\" style=\"--smush-placeholder-width: 1000px; --smush-placeholder-aspect-ratio: 1000\/667;object-fit:cover;\" data-srcset=\"https:\/\/cssdn.gouv.qc.ca\/pleinsoleil\/wp-content\/uploads\/sites\/52\/2025\/04\/conference-impacts-gestion-ecrans-enfants_plein-soleil.jpg 1000w, https:\/\/cssdn.gouv.qc.ca\/pleinsoleil\/wp-content\/uploads\/sites\/52\/2025\/04\/conference-impacts-gestion-ecrans-enfants_plein-soleil-300x200.jpg 300w, https:\/\/cssdn.gouv.qc.ca\/pleinsoleil\/wp-content\/uploads\/sites\/52\/2025\/04\/conference-impacts-gestion-ecrans-enfants_plein-soleil-768x512.jpg 768w\" data-sizes=\"(max-width: 1000px) 100vw, 1000px\" src=\"data:image\/svg+xml;base64,PHN2ZyB3aWR0aD0iMSIgaGVpZ2h0PSIxIiB4bWxucz0iaHR0cDovL3d3dy53My5vcmcvMjAwMC9zdmciPjwvc3ZnPg==\" \/><\/figure>\n    <\/div>\n    <div class=\"wp-block-post-content\">\n        <div class=\"wp-block-post-date\"><time datetime=\"2025-04-11T11:21:39-04:00\">11 avril 2025<\/time><\/div>\n        <h2 class=\"wp-block-post-title\">Conf\u00e9rence : Impacts et gestion des \u00e9crans chez les enfants<\/h2>\n\n        <div class=\"wp-block-post-excerpt\"><p class=\"wp-block-post-excerpt__excerpt\">Tous les parents de l&rsquo;\u00c9cole Plein-Soleil sont invit\u00e9s \u00e0 participer \u00e0 la conf\u00e9rence de Nancy Doyon : Impacts et gestion des \u00e9crans chez les enfants. Elle se d\u00e9roulera \u00e0 distance, par Zoom, le mardi 13 mai 2025, de 19 h \u00e0 20 h 30. <\/p><\/div>\n        <a aria-label=\"Conf\u00e9rence : Impacts et gestion des \u00e9crans chez les enfants\" class=\"wp-block-read-more\" href=\"https:\/\/cssdn.gouv.qc.ca\/pleinsoleil\/2025\/04\/11\/conference-impacts-gestion-ecrans-enfants\/\" target=\"_self\">En savoir plus<span class=\"screen-reader-text\">\u00a0: Conf\u00e9rence : Impacts et gestion des \u00e9crans chez les enfants<\/span><\/a>\n    <\/div><\/div>                <\/li>\n                                            <li class=\"archive-listing__item\">\n                     <div class=\"actualite-card\">    <div class=\"wp-block-post-image\">\n    <figure class=\"wp-block-post-featured-image\"><img decoding=\"async\" width=\"2560\" height=\"1707\" data-src=\"https:\/\/cssdn.gouv.qc.ca\/pleinsoleil\/wp-content\/uploads\/sites\/52\/2025\/03\/Superheros-toutous-Plein-Soleil-ESLE_2025_8-scaled-1.jpg\" class=\"attachment-post-thumbnail size-post-thumbnail wp-post-image lazyload\" alt=\"\" style=\"--smush-placeholder-width: 2560px; --smush-placeholder-aspect-ratio: 2560\/1707;object-fit:cover;\" data-srcset=\"https:\/\/cssdn.gouv.qc.ca\/pleinsoleil\/wp-content\/uploads\/sites\/52\/2025\/03\/Superheros-toutous-Plein-Soleil-ESLE_2025_8-scaled-1.jpg 2560w, https:\/\/cssdn.gouv.qc.ca\/pleinsoleil\/wp-content\/uploads\/sites\/52\/2025\/03\/Superheros-toutous-Plein-Soleil-ESLE_2025_8-scaled-1-300x200.jpg 300w, https:\/\/cssdn.gouv.qc.ca\/pleinsoleil\/wp-content\/uploads\/sites\/52\/2025\/03\/Superheros-toutous-Plein-Soleil-ESLE_2025_8-scaled-1-1024x683.jpg 1024w, https:\/\/cssdn.gouv.qc.ca\/pleinsoleil\/wp-content\/uploads\/sites\/52\/2025\/03\/Superheros-toutous-Plein-Soleil-ESLE_2025_8-scaled-1-768x512.jpg 768w, https:\/\/cssdn.gouv.qc.ca\/pleinsoleil\/wp-content\/uploads\/sites\/52\/2025\/03\/Superheros-toutous-Plein-Soleil-ESLE_2025_8-scaled-1-1536x1024.jpg 1536w, https:\/\/cssdn.gouv.qc.ca\/pleinsoleil\/wp-content\/uploads\/sites\/52\/2025\/03\/Superheros-toutous-Plein-Soleil-ESLE_2025_8-scaled-1-2048x1366.jpg 2048w\" data-sizes=\"(max-width: 2560px) 100vw, 2560px\" src=\"data:image\/svg+xml;base64,PHN2ZyB3aWR0aD0iMSIgaGVpZ2h0PSIxIiB4bWxucz0iaHR0cDovL3d3dy53My5vcmcvMjAwMC9zdmciPjwvc3ZnPg==\" \/><\/figure>\n    <\/div>\n    <div class=\"wp-block-post-content\">\n        <div class=\"wp-block-post-date\"><time datetime=\"2025-03-18T15:15:07-04:00\">18 mars 2025<\/time><\/div>\n        <h2 class=\"wp-block-post-title\">Cr\u00e9er des superh\u00e9ros : un projet commun entre Plein-Soleil et l&rsquo;ESLE<\/h2>\n\n        <div class=\"wp-block-post-excerpt\"><p class=\"wp-block-post-excerpt__excerpt\">Les petits artistes, qui ont imagin\u00e9 et dessin\u00e9 des superh\u00e9ros originaux, ont pu voir leurs dessins devenir r\u00e9alit\u00e9 lors de la remise officielle des toutous, le vendredi 14 mars dernier, dans leur classe, accompagn\u00e9s de leur enseignante, Mme Sylvie Bard. Les expressions de joie et d&rsquo;\u00e9merveillement \u00e9taient au rendez-vous! <\/p><\/div>\n        <a aria-label=\"Cr\u00e9er des superh\u00e9ros : un projet commun entre Plein-Soleil et l&amp;rsquo;ESLE\" class=\"wp-block-read-more\" href=\"https:\/\/cssdn.gouv.qc.ca\/pleinsoleil\/2025\/03\/18\/creer-des-superheros-un-projet-commun-entre-plein-soleil-et-lesle\/\" target=\"_self\">En savoir plus<span class=\"screen-reader-text\">\u00a0: Cr\u00e9er des superh\u00e9ros : un projet commun entre Plein-Soleil et l&rsquo;ESLE<\/span><\/a>\n    <\/div><\/div>                <\/li>\n                    <\/ul>\n        <\/div>\n\n\n\n<div class=\"is-content-justification-right wp-block-buttons alignwide\">\n<div class=\"wp-block-button\"><a class=\"wp-block-button__link wp-element-button\" href=\"https:\/\/cssdn.gouv.qc.ca\/pleinsoleil\/actualites\/\" target=\"_blank\" rel=\"noreferrer noopener\">Voir toutes les actualit\u00e9s<img decoding=\"async\" class=\"wp-image-243 lazyload\" style=\"width: 0px\" data-src=\"https:\/\/cssdn.gouv.qc.ca\/wp-content\/uploads\/2022\/09\/Arrow_Left_SM.svg\" alt=\"\" src=\"data:image\/svg+xml;base64,PHN2ZyB3aWR0aD0iMSIgaGVpZ2h0PSIxIiB4bWxucz0iaHR0cDovL3d3dy53My5vcmcvMjAwMC9zdmciPjwvc3ZnPg==\"><\/a><\/div>\n<\/div>\n<\/div>\n\n\n\n<div class=\"wp-block-group alignwide\">\n<h2 class=\"alignwide has-gap-x-large-bottom has-heading-1-font-size wp-block-heading\">Calendrier<\/h2>\n\n\n\n<div class=\"wp-block-columns alignwide has-gap-ultra-large-bottom\">\n<div class=\"wp-block-column\">\n<h3 class=\"has-primary-color has-text-color wp-block-heading\">\u00c0 surveiller<\/h3>\n\n\n<div class=\"align wp-block-acf-act-date-list\" id=\"testimonial-block_e8a4dc5e4bda160b2ac9fe73fe344de6\"><div class=\"wp-block-group\"><\/div><\/div><\/div>\n\n\n\n<div class=\"wp-block-column\">\n<div style=\"--layout--content-size: ;--layout--wide-size: ;\" class=\"wp-block-group calendar-container\"><div class=\"act-post-calendar\">\n\n<\/div>\n<script>\n    if (document.querySelectorAll('.act-post-calendar').length > 0) {\n        var actPostCalendarPopups = {\n             '2023-02-15': {\n                    modifier: 'bg-accent',\n                    html: '<a href=\"https:\/\/cssdn.gouv.qc.ca\/pleinsoleil\/evenements\/test\/\">Conseil d&rsquo;\u00e9tablissement<\/a>'\n                },\n             '2023-04-19': {\n                    modifier: 'bg-accent',\n                    html: '<a href=\"https:\/\/cssdn.gouv.qc.ca\/pleinsoleil\/evenements\/conseil-detablissement\/\">Conseil d&rsquo;\u00e9tablissement<\/a>'\n                },\n             '2023-06-14': {\n                    modifier: 'bg-accent',\n                    html: '<a href=\"https:\/\/cssdn.gouv.qc.ca\/pleinsoleil\/evenements\/conseil-detablissement-2\/\">Conseil d&rsquo;\u00e9tablissement<\/a>'\n                },\n             '2025-04-17': {\n                    modifier: 'bg-accent',\n                    html: '<a href=\"https:\/\/cssdn.gouv.qc.ca\/pleinsoleil\/evenements\/journee-reprise-tempete-du-13-fevrier-2025\/\">Journ\u00e9e reprise temp\u00eate (du 13 f\u00e9vrier 2025)<\/a>'\n                },\n             '2025-04-22': {\n                    modifier: 'bg-accent',\n                    html: '<a href=\"https:\/\/cssdn.gouv.qc.ca\/pleinsoleil\/evenements\/journee-reprise-tempete-du-17-fevrier-2025\/\">Journ\u00e9e reprise temp\u00eate (du 17 f\u00e9vrier 2025)<\/a>'\n                },\n             '2025-05-13': {\n                    modifier: 'bg-accent',\n                    html: '<a href=\"https:\/\/cssdn.gouv.qc.ca\/pleinsoleil\/evenements\/conference-ecrans\/\">Conf\u00e9rence : Impacts et gestion des \u00e9crans chez les enfants<\/a>'\n                },\n                    }\n        var actPostCalendarMonths = [\n            'Janvier',\n            'F\u00e9vrier',\n            'Mars',\n            'Avril',\n            'Mai',\n            'Juin',\n            'Juillet',\n            'Ao\u00fbt',\n            'Septembre',\n            'Octobre',\n            'Novembre',\n            'D\u00e9cembre'\n        ]\n        var actPostCalendarWeekdays = ['D', 'L', 'M', 'M', 'J', 'V', 'S'];\n    }\n<\/script>\n\n\n<div class=\"wp-block-buttons\">\n<div class=\"wp-block-button\"><a class=\"wp-block-button__link wp-element-button\" href=\"https:\/\/cssdn.gouv.qc.ca\/pleinsoleil\/evenements\/\" target=\"_blank\" rel=\"noreferrer noopener\">Voir tous les \u00e9v\u00e9nements<img decoding=\"async\" class=\"wp-image-243 lazyload\" style=\"width: 0px\" data-src=\"https:\/\/cssdn.gouv.qc.ca\/wp-content\/uploads\/2022\/09\/Arrow_Left_SM.svg\" alt=\"\" src=\"data:image\/svg+xml;base64,PHN2ZyB3aWR0aD0iMSIgaGVpZ2h0PSIxIiB4bWxucz0iaHR0cDovL3d3dy53My5vcmcvMjAwMC9zdmciPjwvc3ZnPg==\"><\/a><\/div>\n<\/div>\n<\/div>\n<\/div>\n<\/div>\n<\/div>\n\n\n\n<div class=\"wp-block-media-text alignwide is-stacked-on-mobile is-style-image-to-side\"><figure class=\"wp-block-media-text__media\"><img decoding=\"async\" width=\"157\" height=\"160\" data-src=\"https:\/\/cssdn.gouv.qc.ca\/pleinsoleil\/wp-content\/uploads\/sites\/52\/2023\/01\/logo3-3.png\" alt=\"\" class=\"wp-image-147 size-full lazyload\" src=\"data:image\/svg+xml;base64,PHN2ZyB3aWR0aD0iMSIgaGVpZ2h0PSIxIiB4bWxucz0iaHR0cDovL3d3dy53My5vcmcvMjAwMC9zdmciPjwvc3ZnPg==\" style=\"--smush-placeholder-width: 157px; --smush-placeholder-aspect-ratio: 157\/160;\" \/><\/figure><div class=\"wp-block-media-text__content\">\n<h2 class=\"has-heading-1-font-size wp-block-heading\">Projet \u00e9ducatif<\/h2>\n\n\n\n<p class=\"wp-block-paragraph\">Le projet e\u0301ducatif est un outil strate\u0301gique permettant de de\u0301finir et de faire connai\u0302tre a\u0300 la communaute\u0301 e\u0301ducative d\u2019un e\u0301tablissement d\u2019enseignement des orientations, des priorite\u0301s d\u2019action et les re\u0301sultats attendus pour assurer la re\u0301ussite e\u0301ducative de tous les e\u0301le\u0300ves.<\/p>\n\n\n\n<div class=\"wp-block-buttons\">\n<div class=\"wp-block-button\"><a class=\"wp-block-button__link wp-element-button\" href=\"https:\/\/cssdn.gouv.qc.ca\/pleinsoleil\/projet-educatif\/\" target=\"_blank\" rel=\"noreferrer noopener\">En savoir plus sur notre projet \u00e9ducatif<img decoding=\"async\" class=\"wp-image-243 lazyload\" style=\"width: 0px\" data-src=\"https:\/\/cssdn.gouv.qc.ca\/wp-content\/uploads\/2022\/09\/Arrow_Left_SM.svg\" alt=\"\" src=\"data:image\/svg+xml;base64,PHN2ZyB3aWR0aD0iMSIgaGVpZ2h0PSIxIiB4bWxucz0iaHR0cDovL3d3dy53My5vcmcvMjAwMC9zdmciPjwvc3ZnPg==\"><\/a><\/div>\n<\/div>\n<\/div><\/div>\n\n\n\n<div class=\"wp-block-group alignwide is-style-bg-gradient\"><section class=\"act-galerie-slider align alignwide act-galerie\">\n    <ul id=\"act-galerie-slider_69f481b894007\">\n                    <li class=\"act-galerie-slider__item\">\n                <img decoding=\"async\" width=\"750\" height=\"563\" data-src=\"https:\/\/cssdn.gouv.qc.ca\/pleinsoleil\/wp-content\/uploads\/sites\/52\/2023\/01\/danse-hiver.jpg\" class=\"attachment-large size-large lazyload\" alt=\"\" data-srcset=\"https:\/\/cssdn.gouv.qc.ca\/pleinsoleil\/wp-content\/uploads\/sites\/52\/2023\/01\/danse-hiver.jpg 750w, https:\/\/cssdn.gouv.qc.ca\/pleinsoleil\/wp-content\/uploads\/sites\/52\/2023\/01\/danse-hiver-300x225.jpg 300w\" data-sizes=\"(max-width: 750px) 100vw, 750px\" src=\"data:image\/svg+xml;base64,PHN2ZyB3aWR0aD0iMSIgaGVpZ2h0PSIxIiB4bWxucz0iaHR0cDovL3d3dy53My5vcmcvMjAwMC9zdmciPjwvc3ZnPg==\" style=\"--smush-placeholder-width: 750px; --smush-placeholder-aspect-ratio: 750\/563;\" \/>            <\/li>\n                    <li class=\"act-galerie-slider__item\">\n                <img decoding=\"async\" width=\"1024\" height=\"768\" data-src=\"https:\/\/cssdn.gouv.qc.ca\/pleinsoleil\/wp-content\/uploads\/sites\/52\/2023\/01\/Fichier_002-1024x768.jpeg\" class=\"attachment-large size-large lazyload\" alt=\"\" data-srcset=\"https:\/\/cssdn.gouv.qc.ca\/pleinsoleil\/wp-content\/uploads\/sites\/52\/2023\/01\/Fichier_002-1024x768.jpeg 1024w, https:\/\/cssdn.gouv.qc.ca\/pleinsoleil\/wp-content\/uploads\/sites\/52\/2023\/01\/Fichier_002-300x225.jpeg 300w, https:\/\/cssdn.gouv.qc.ca\/pleinsoleil\/wp-content\/uploads\/sites\/52\/2023\/01\/Fichier_002-768x576.jpeg 768w, https:\/\/cssdn.gouv.qc.ca\/pleinsoleil\/wp-content\/uploads\/sites\/52\/2023\/01\/Fichier_002-1536x1152.jpeg 1536w, https:\/\/cssdn.gouv.qc.ca\/pleinsoleil\/wp-content\/uploads\/sites\/52\/2023\/01\/Fichier_002-2048x1536.jpeg 2048w\" data-sizes=\"(max-width: 1024px) 100vw, 1024px\" src=\"data:image\/svg+xml;base64,PHN2ZyB3aWR0aD0iMSIgaGVpZ2h0PSIxIiB4bWxucz0iaHR0cDovL3d3dy53My5vcmcvMjAwMC9zdmciPjwvc3ZnPg==\" style=\"--smush-placeholder-width: 1024px; --smush-placeholder-aspect-ratio: 1024\/768;\" \/>            <\/li>\n                    <li class=\"act-galerie-slider__item\">\n                <img decoding=\"async\" width=\"1024\" height=\"768\" data-src=\"https:\/\/cssdn.gouv.qc.ca\/pleinsoleil\/wp-content\/uploads\/sites\/52\/2023\/01\/guy5-1024x768.jpg\" class=\"attachment-large size-large lazyload\" alt=\"\" data-srcset=\"https:\/\/cssdn.gouv.qc.ca\/pleinsoleil\/wp-content\/uploads\/sites\/52\/2023\/01\/guy5-1024x768.jpg 1024w, https:\/\/cssdn.gouv.qc.ca\/pleinsoleil\/wp-content\/uploads\/sites\/52\/2023\/01\/guy5-300x225.jpg 300w, https:\/\/cssdn.gouv.qc.ca\/pleinsoleil\/wp-content\/uploads\/sites\/52\/2023\/01\/guy5-768x576.jpg 768w, https:\/\/cssdn.gouv.qc.ca\/pleinsoleil\/wp-content\/uploads\/sites\/52\/2023\/01\/guy5-1536x1152.jpg 1536w, https:\/\/cssdn.gouv.qc.ca\/pleinsoleil\/wp-content\/uploads\/sites\/52\/2023\/01\/guy5-2048x1536.jpg 2048w\" data-sizes=\"(max-width: 1024px) 100vw, 1024px\" src=\"data:image\/svg+xml;base64,PHN2ZyB3aWR0aD0iMSIgaGVpZ2h0PSIxIiB4bWxucz0iaHR0cDovL3d3dy53My5vcmcvMjAwMC9zdmciPjwvc3ZnPg==\" style=\"--smush-placeholder-width: 1024px; --smush-placeholder-aspect-ratio: 1024\/768;\" \/>            <\/li>\n                    <li class=\"act-galerie-slider__item\">\n                <img decoding=\"async\" width=\"1024\" height=\"768\" data-src=\"https:\/\/cssdn.gouv.qc.ca\/pleinsoleil\/wp-content\/uploads\/sites\/52\/2023\/01\/IMG_0632-1024x768.jpg\" class=\"attachment-large size-large lazyload\" alt=\"\" data-srcset=\"https:\/\/cssdn.gouv.qc.ca\/pleinsoleil\/wp-content\/uploads\/sites\/52\/2023\/01\/IMG_0632-1024x768.jpg 1024w, https:\/\/cssdn.gouv.qc.ca\/pleinsoleil\/wp-content\/uploads\/sites\/52\/2023\/01\/IMG_0632-300x225.jpg 300w, https:\/\/cssdn.gouv.qc.ca\/pleinsoleil\/wp-content\/uploads\/sites\/52\/2023\/01\/IMG_0632-768x576.jpg 768w, https:\/\/cssdn.gouv.qc.ca\/pleinsoleil\/wp-content\/uploads\/sites\/52\/2023\/01\/IMG_0632-1536x1152.jpg 1536w, https:\/\/cssdn.gouv.qc.ca\/pleinsoleil\/wp-content\/uploads\/sites\/52\/2023\/01\/IMG_0632-2048x1536.jpg 2048w\" data-sizes=\"(max-width: 1024px) 100vw, 1024px\" src=\"data:image\/svg+xml;base64,PHN2ZyB3aWR0aD0iMSIgaGVpZ2h0PSIxIiB4bWxucz0iaHR0cDovL3d3dy53My5vcmcvMjAwMC9zdmciPjwvc3ZnPg==\" style=\"--smush-placeholder-width: 1024px; --smush-placeholder-aspect-ratio: 1024\/768;\" \/>            <\/li>\n                    <li class=\"act-galerie-slider__item\">\n                <img decoding=\"async\" width=\"960\" height=\"720\" data-src=\"https:\/\/cssdn.gouv.qc.ca\/pleinsoleil\/wp-content\/uploads\/sites\/52\/2023\/01\/yoga-dehors.jpg\" class=\"attachment-large size-large lazyload\" alt=\"\" data-srcset=\"https:\/\/cssdn.gouv.qc.ca\/pleinsoleil\/wp-content\/uploads\/sites\/52\/2023\/01\/yoga-dehors.jpg 960w, https:\/\/cssdn.gouv.qc.ca\/pleinsoleil\/wp-content\/uploads\/sites\/52\/2023\/01\/yoga-dehors-300x225.jpg 300w, https:\/\/cssdn.gouv.qc.ca\/pleinsoleil\/wp-content\/uploads\/sites\/52\/2023\/01\/yoga-dehors-768x576.jpg 768w\" data-sizes=\"(max-width: 960px) 100vw, 960px\" src=\"data:image\/svg+xml;base64,PHN2ZyB3aWR0aD0iMSIgaGVpZ2h0PSIxIiB4bWxucz0iaHR0cDovL3d3dy53My5vcmcvMjAwMC9zdmciPjwvc3ZnPg==\" style=\"--smush-placeholder-width: 960px; --smush-placeholder-aspect-ratio: 960\/720;\" \/>            <\/li>\n                    <li class=\"act-galerie-slider__item\">\n                <img decoding=\"async\" width=\"1024\" height=\"768\" data-src=\"https:\/\/cssdn.gouv.qc.ca\/pleinsoleil\/wp-content\/uploads\/sites\/52\/2023\/01\/phot2-1024x768.jpg\" class=\"attachment-large size-large lazyload\" alt=\"\" data-srcset=\"https:\/\/cssdn.gouv.qc.ca\/pleinsoleil\/wp-content\/uploads\/sites\/52\/2023\/01\/phot2-1024x768.jpg 1024w, https:\/\/cssdn.gouv.qc.ca\/pleinsoleil\/wp-content\/uploads\/sites\/52\/2023\/01\/phot2-300x225.jpg 300w, https:\/\/cssdn.gouv.qc.ca\/pleinsoleil\/wp-content\/uploads\/sites\/52\/2023\/01\/phot2-768x576.jpg 768w, https:\/\/cssdn.gouv.qc.ca\/pleinsoleil\/wp-content\/uploads\/sites\/52\/2023\/01\/phot2-1536x1152.jpg 1536w, https:\/\/cssdn.gouv.qc.ca\/pleinsoleil\/wp-content\/uploads\/sites\/52\/2023\/01\/phot2-2048x1536.jpg 2048w\" data-sizes=\"(max-width: 1024px) 100vw, 1024px\" src=\"data:image\/svg+xml;base64,PHN2ZyB3aWR0aD0iMSIgaGVpZ2h0PSIxIiB4bWxucz0iaHR0cDovL3d3dy53My5vcmcvMjAwMC9zdmciPjwvc3ZnPg==\" style=\"--smush-placeholder-width: 1024px; --smush-placeholder-aspect-ratio: 1024\/768;\" \/>            <\/li>\n            <\/ul>\n<\/section>\n\n<\/div>\n\n\n\n<div class=\"wp-block-group alignfull has-white-background-color has-background\">\n<div class=\"wp-block-group alignfull has-white-background-color has-background\">\n<div class=\"wp-block-media-text alignwide is-stacked-on-mobile is-style-50-50\"><figure class=\"wp-block-media-text__media\"><img decoding=\"async\" width=\"1000\" height=\"367\" data-src=\"https:\/\/cssdn.gouv.qc.ca\/pleinsoleil\/wp-content\/uploads\/sites\/52\/2022\/12\/PSoleil-horiz.jpg\" alt=\"\" class=\"wp-image-108 size-full lazyload\" data-srcset=\"https:\/\/cssdn.gouv.qc.ca\/pleinsoleil\/wp-content\/uploads\/sites\/52\/2022\/12\/PSoleil-horiz.jpg 1000w, https:\/\/cssdn.gouv.qc.ca\/pleinsoleil\/wp-content\/uploads\/sites\/52\/2022\/12\/PSoleil-horiz-300x110.jpg 300w, https:\/\/cssdn.gouv.qc.ca\/pleinsoleil\/wp-content\/uploads\/sites\/52\/2022\/12\/PSoleil-horiz-768x282.jpg 768w\" data-sizes=\"(max-width: 1000px) 100vw, 1000px\" src=\"data:image\/svg+xml;base64,PHN2ZyB3aWR0aD0iMSIgaGVpZ2h0PSIxIiB4bWxucz0iaHR0cDovL3d3dy53My5vcmcvMjAwMC9zdmciPjwvc3ZnPg==\" style=\"--smush-placeholder-width: 1000px; --smush-placeholder-aspect-ratio: 1000\/367;\" \/><\/figure><div class=\"wp-block-media-text__content\">\n<h2 class=\"has-heading-1-font-size wp-block-heading\">\u00c0 propos de l&rsquo;\u00e9cole<\/h2>\n\n\n\n<p class=\"wp-block-paragraph\">D\u00e9couvrez la mission, la vision ainsi que les valeurs de l\u2019\u00e9cole. Vous pouvez \u00e9galement consulter l\u2019horaire, le calendrier, notre \u00e9quipe, le conseil d\u2019\u00e9tablissement ainsi que notre rapport annuel.<\/p>\n\n\n\n<div class=\"wp-block-buttons\">\n<div class=\"wp-block-button\"><a class=\"wp-block-button__link wp-element-button\" href=\"https:\/\/cssdn.gouv.qc.ca\/pleinsoleil\/a-propos\/\" target=\"_blank\" rel=\"noreferrer noopener\">En savoir plus<img decoding=\"async\" class=\"wp-image-243 lazyload\" style=\"width: 0px\" data-src=\"https:\/\/cssdn.gouv.qc.ca\/wp-content\/uploads\/2022\/09\/Arrow_Left_SM.svg\" alt=\"\" src=\"data:image\/svg+xml;base64,PHN2ZyB3aWR0aD0iMSIgaGVpZ2h0PSIxIiB4bWxucz0iaHR0cDovL3d3dy53My5vcmcvMjAwMC9zdmciPjwvc3ZnPg==\"><\/a><\/div>\n<\/div>\n<\/div><\/div>\n<\/div>\n<\/div>\n","protected":false},"excerpt":{"rendered":"<p>Actualit\u00e9s Calendrier \u00c0 surveiller \u00c0 propos de l&rsquo;\u00e9cole D\u00e9couvrez la mission, la vision ainsi que les valeurs de l\u2019\u00e9cole. Vous pouvez \u00e9galement consulter l\u2019horaire, le calendrier, notre \u00e9quipe, le conseil d\u2019\u00e9tablissement ainsi que notre rapport annuel.<\/p>\n","protected":false},"author":1,"featured_media":0,"parent":0,"menu_order":10,"comment_status":"closed","ping_status":"closed","template":"","meta":{"_acf_changed":false,"_crdt_document":"","inline_featured_image":false,"footnotes":""},"categories":[],"tags":[],"class_list":["post-5","page","type-page","status-publish","hentry"],"acf":[],"yoast_head":"<!-- This site is optimized with the Yoast SEO plugin v27.5 - https:\/\/yoast.com\/product\/yoast-seo-wordpress\/ -->\n<title>Accueil - \u00c9cole Plein-Soleil<\/title>\n<meta name=\"robots\" content=\"index, follow, max-snippet:-1, max-image-preview:large, max-video-preview:-1\" \/>\n<link rel=\"canonical\" href=\"https:\/\/cssdn.gouv.qc.ca\/pleinsoleil\/\" \/>\n<meta property=\"og:locale\" content=\"fr_CA\" \/>\n<meta property=\"og:type\" content=\"article\" \/>\n<meta property=\"og:title\" content=\"Accueil - \u00c9cole Plein-Soleil\" \/>\n<meta property=\"og:description\" content=\"Actualit\u00e9s Calendrier \u00c0 surveiller \u00c0 propos de l&rsquo;\u00e9cole D\u00e9couvrez la mission, la vision ainsi que les valeurs de l\u2019\u00e9cole. Vous pouvez \u00e9galement consulter l\u2019horaire, le calendrier, notre \u00e9quipe, le conseil d\u2019\u00e9tablissement ainsi que notre rapport annuel.\" \/>\n<meta property=\"og:url\" content=\"https:\/\/cssdn.gouv.qc.ca\/pleinsoleil\/\" \/>\n<meta property=\"og:site_name\" content=\"\u00c9cole Plein-Soleil\" \/>\n<meta property=\"article:publisher\" content=\"https:\/\/www.facebook.com\/profile.php?id=100057347533929\" \/>\n<meta property=\"article:modified_time\" content=\"2023-01-06T19:30:40+00:00\" \/>\n<meta property=\"og:image\" content=\"https:\/\/cssdn.gouv.qc.ca\/pleinsoleil\/wp-content\/uploads\/sites\/52\/2023\/01\/s3.jpg\" \/>\n<meta name=\"twitter:card\" content=\"summary_large_image\" \/>\n<meta name=\"twitter:label1\" content=\"Estimation du temps de lecture\" \/>\n\t<meta name=\"twitter:data1\" content=\"2 minutes\" \/>\n<script type=\"application\/ld+json\" class=\"yoast-schema-graph\">{\"@context\":\"https:\\\/\\\/schema.org\",\"@graph\":[{\"@type\":\"WebPage\",\"@id\":\"https:\\\/\\\/cssdn.gouv.qc.ca\\\/pleinsoleil\\\/\",\"url\":\"https:\\\/\\\/cssdn.gouv.qc.ca\\\/pleinsoleil\\\/\",\"name\":\"Accueil - \u00c9cole Plein-Soleil\",\"isPartOf\":{\"@id\":\"https:\\\/\\\/cssdn.gouv.qc.ca\\\/pleinsoleil\\\/#website\"},\"primaryImageOfPage\":{\"@id\":\"https:\\\/\\\/cssdn.gouv.qc.ca\\\/pleinsoleil\\\/#primaryimage\"},\"image\":{\"@id\":\"https:\\\/\\\/cssdn.gouv.qc.ca\\\/pleinsoleil\\\/#primaryimage\"},\"thumbnailUrl\":\"https:\\\/\\\/cssdn.gouv.qc.ca\\\/pleinsoleil\\\/wp-content\\\/uploads\\\/sites\\\/52\\\/2023\\\/01\\\/s3.jpg\",\"datePublished\":\"2022-11-08T21:07:53+00:00\",\"dateModified\":\"2023-01-06T19:30:40+00:00\",\"breadcrumb\":{\"@id\":\"https:\\\/\\\/cssdn.gouv.qc.ca\\\/pleinsoleil\\\/#breadcrumb\"},\"inLanguage\":\"fr-CA\",\"potentialAction\":[{\"@type\":\"ReadAction\",\"target\":[\"https:\\\/\\\/cssdn.gouv.qc.ca\\\/pleinsoleil\\\/\"]}]},{\"@type\":\"ImageObject\",\"inLanguage\":\"fr-CA\",\"@id\":\"https:\\\/\\\/cssdn.gouv.qc.ca\\\/pleinsoleil\\\/#primaryimage\",\"url\":\"https:\\\/\\\/cssdn.gouv.qc.ca\\\/pleinsoleil\\\/wp-content\\\/uploads\\\/sites\\\/52\\\/2023\\\/01\\\/s3.jpg\",\"contentUrl\":\"https:\\\/\\\/cssdn.gouv.qc.ca\\\/pleinsoleil\\\/wp-content\\\/uploads\\\/sites\\\/52\\\/2023\\\/01\\\/s3.jpg\",\"width\":2448,\"height\":2448},{\"@type\":\"BreadcrumbList\",\"@id\":\"https:\\\/\\\/cssdn.gouv.qc.ca\\\/pleinsoleil\\\/#breadcrumb\",\"itemListElement\":[{\"@type\":\"ListItem\",\"position\":1,\"name\":\"Accueil\",\"item\":\"https:\\\/\\\/cssdn.gouv.qc.ca\\\/pleinsoleil\\\/\"},{\"@type\":\"ListItem\",\"position\":2,\"name\":\"Accueil\"}]},{\"@type\":\"WebSite\",\"@id\":\"https:\\\/\\\/cssdn.gouv.qc.ca\\\/pleinsoleil\\\/#website\",\"url\":\"https:\\\/\\\/cssdn.gouv.qc.ca\\\/pleinsoleil\\\/\",\"name\":\"\u00c9cole Plein-Soleil\",\"description\":\"Un site des centres de services scolaires des Navigateurs\",\"publisher\":{\"@id\":\"https:\\\/\\\/cssdn.gouv.qc.ca\\\/pleinsoleil\\\/#organization\"},\"potentialAction\":[{\"@type\":\"SearchAction\",\"target\":{\"@type\":\"EntryPoint\",\"urlTemplate\":\"https:\\\/\\\/cssdn.gouv.qc.ca\\\/pleinsoleil\\\/?s={search_term_string}\"},\"query-input\":{\"@type\":\"PropertyValueSpecification\",\"valueRequired\":true,\"valueName\":\"search_term_string\"}}],\"inLanguage\":\"fr-CA\"},{\"@type\":\"Organization\",\"@id\":\"https:\\\/\\\/cssdn.gouv.qc.ca\\\/pleinsoleil\\\/#organization\",\"name\":\"\u00c9cole Plein-Soleil\",\"url\":\"https:\\\/\\\/cssdn.gouv.qc.ca\\\/pleinsoleil\\\/\",\"logo\":{\"@type\":\"ImageObject\",\"inLanguage\":\"fr-CA\",\"@id\":\"https:\\\/\\\/cssdn.gouv.qc.ca\\\/pleinsoleil\\\/#\\\/schema\\\/logo\\\/image\\\/\",\"url\":\"https:\\\/\\\/cssdn.gouv.qc.ca\\\/pleinsoleil\\\/wp-content\\\/uploads\\\/sites\\\/52\\\/2023\\\/01\\\/logo_quebec.svg\",\"contentUrl\":\"https:\\\/\\\/cssdn.gouv.qc.ca\\\/pleinsoleil\\\/wp-content\\\/uploads\\\/sites\\\/52\\\/2023\\\/01\\\/logo_quebec.svg\",\"width\":188,\"height\":41,\"caption\":\"\u00c9cole Plein-Soleil\"},\"image\":{\"@id\":\"https:\\\/\\\/cssdn.gouv.qc.ca\\\/pleinsoleil\\\/#\\\/schema\\\/logo\\\/image\\\/\"},\"sameAs\":[\"https:\\\/\\\/www.facebook.com\\\/profile.php?id=100057347533929\"]}]}<\/script>\n<!-- \/ Yoast SEO plugin. -->","yoast_head_json":{"title":"Accueil - \u00c9cole Plein-Soleil","robots":{"index":"index","follow":"follow","max-snippet":"max-snippet:-1","max-image-preview":"max-image-preview:large","max-video-preview":"max-video-preview:-1"},"canonical":"https:\/\/cssdn.gouv.qc.ca\/pleinsoleil\/","og_locale":"fr_CA","og_type":"article","og_title":"Accueil - \u00c9cole Plein-Soleil","og_description":"Actualit\u00e9s Calendrier \u00c0 surveiller \u00c0 propos de l&rsquo;\u00e9cole D\u00e9couvrez la mission, la vision ainsi que les valeurs de l\u2019\u00e9cole. Vous pouvez \u00e9galement consulter l\u2019horaire, le calendrier, notre \u00e9quipe, le conseil d\u2019\u00e9tablissement ainsi que notre rapport annuel.","og_url":"https:\/\/cssdn.gouv.qc.ca\/pleinsoleil\/","og_site_name":"\u00c9cole Plein-Soleil","article_publisher":"https:\/\/www.facebook.com\/profile.php?id=100057347533929","article_modified_time":"2023-01-06T19:30:40+00:00","og_image":[{"url":"https:\/\/cssdn.gouv.qc.ca\/pleinsoleil\/wp-content\/uploads\/sites\/52\/2023\/01\/s3.jpg","type":"","width":"","height":""}],"twitter_card":"summary_large_image","twitter_misc":{"Estimation du temps de lecture":"2 minutes"},"schema":{"@context":"https:\/\/schema.org","@graph":[{"@type":"WebPage","@id":"https:\/\/cssdn.gouv.qc.ca\/pleinsoleil\/","url":"https:\/\/cssdn.gouv.qc.ca\/pleinsoleil\/","name":"Accueil - \u00c9cole Plein-Soleil","isPartOf":{"@id":"https:\/\/cssdn.gouv.qc.ca\/pleinsoleil\/#website"},"primaryImageOfPage":{"@id":"https:\/\/cssdn.gouv.qc.ca\/pleinsoleil\/#primaryimage"},"image":{"@id":"https:\/\/cssdn.gouv.qc.ca\/pleinsoleil\/#primaryimage"},"thumbnailUrl":"https:\/\/cssdn.gouv.qc.ca\/pleinsoleil\/wp-content\/uploads\/sites\/52\/2023\/01\/s3.jpg","datePublished":"2022-11-08T21:07:53+00:00","dateModified":"2023-01-06T19:30:40+00:00","breadcrumb":{"@id":"https:\/\/cssdn.gouv.qc.ca\/pleinsoleil\/#breadcrumb"},"inLanguage":"fr-CA","potentialAction":[{"@type":"ReadAction","target":["https:\/\/cssdn.gouv.qc.ca\/pleinsoleil\/"]}]},{"@type":"ImageObject","inLanguage":"fr-CA","@id":"https:\/\/cssdn.gouv.qc.ca\/pleinsoleil\/#primaryimage","url":"https:\/\/cssdn.gouv.qc.ca\/pleinsoleil\/wp-content\/uploads\/sites\/52\/2023\/01\/s3.jpg","contentUrl":"https:\/\/cssdn.gouv.qc.ca\/pleinsoleil\/wp-content\/uploads\/sites\/52\/2023\/01\/s3.jpg","width":2448,"height":2448},{"@type":"BreadcrumbList","@id":"https:\/\/cssdn.gouv.qc.ca\/pleinsoleil\/#breadcrumb","itemListElement":[{"@type":"ListItem","position":1,"name":"Accueil","item":"https:\/\/cssdn.gouv.qc.ca\/pleinsoleil\/"},{"@type":"ListItem","position":2,"name":"Accueil"}]},{"@type":"WebSite","@id":"https:\/\/cssdn.gouv.qc.ca\/pleinsoleil\/#website","url":"https:\/\/cssdn.gouv.qc.ca\/pleinsoleil\/","name":"\u00c9cole Plein-Soleil","description":"Un site des centres de services scolaires des Navigateurs","publisher":{"@id":"https:\/\/cssdn.gouv.qc.ca\/pleinsoleil\/#organization"},"potentialAction":[{"@type":"SearchAction","target":{"@type":"EntryPoint","urlTemplate":"https:\/\/cssdn.gouv.qc.ca\/pleinsoleil\/?s={search_term_string}"},"query-input":{"@type":"PropertyValueSpecification","valueRequired":true,"valueName":"search_term_string"}}],"inLanguage":"fr-CA"},{"@type":"Organization","@id":"https:\/\/cssdn.gouv.qc.ca\/pleinsoleil\/#organization","name":"\u00c9cole Plein-Soleil","url":"https:\/\/cssdn.gouv.qc.ca\/pleinsoleil\/","logo":{"@type":"ImageObject","inLanguage":"fr-CA","@id":"https:\/\/cssdn.gouv.qc.ca\/pleinsoleil\/#\/schema\/logo\/image\/","url":"https:\/\/cssdn.gouv.qc.ca\/pleinsoleil\/wp-content\/uploads\/sites\/52\/2023\/01\/logo_quebec.svg","contentUrl":"https:\/\/cssdn.gouv.qc.ca\/pleinsoleil\/wp-content\/uploads\/sites\/52\/2023\/01\/logo_quebec.svg","width":188,"height":41,"caption":"\u00c9cole Plein-Soleil"},"image":{"@id":"https:\/\/cssdn.gouv.qc.ca\/pleinsoleil\/#\/schema\/logo\/image\/"},"sameAs":["https:\/\/www.facebook.com\/profile.php?id=100057347533929"]}]}},"publishpress_future_action":{"enabled":false,"date":"2026-05-08 06:34:32","action":"change-status","newStatus":"draft","terms":[],"taxonomy":"category","extraData":[]},"publishpress_future_workflow_manual_trigger":{"enabledWorkflows":[]},"_links":{"self":[{"href":"https:\/\/cssdn.gouv.qc.ca\/pleinsoleil\/wp-json\/wp\/v2\/pages\/5","targetHints":{"allow":["GET"]}}],"collection":[{"href":"https:\/\/cssdn.gouv.qc.ca\/pleinsoleil\/wp-json\/wp\/v2\/pages"}],"about":[{"href":"https:\/\/cssdn.gouv.qc.ca\/pleinsoleil\/wp-json\/wp\/v2\/types\/page"}],"author":[{"embeddable":true,"href":"https:\/\/cssdn.gouv.qc.ca\/pleinsoleil\/wp-json\/wp\/v2\/users\/1"}],"replies":[{"embeddable":true,"href":"https:\/\/cssdn.gouv.qc.ca\/pleinsoleil\/wp-json\/wp\/v2\/comments?post=5"}],"version-history":[{"count":0,"href":"https:\/\/cssdn.gouv.qc.ca\/pleinsoleil\/wp-json\/wp\/v2\/pages\/5\/revisions"}],"wp:attachment":[{"href":"https:\/\/cssdn.gouv.qc.ca\/pleinsoleil\/wp-json\/wp\/v2\/media?parent=5"}],"wp:term":[{"taxonomy":"category","embeddable":true,"href":"https:\/\/cssdn.gouv.qc.ca\/pleinsoleil\/wp-json\/wp\/v2\/categories?post=5"},{"taxonomy":"post_tag","embeddable":true,"href":"https:\/\/cssdn.gouv.qc.ca\/pleinsoleil\/wp-json\/wp\/v2\/tags?post=5"}],"curies":[{"name":"wp","href":"https:\/\/api.w.org\/{rel}","templated":true}]}}