
{"id":4,"date":"2022-11-08T16:17:54","date_gmt":"2022-11-08T21:17:54","guid":{"rendered":"https:\/\/cssdn.gouv.qc.ca\/pointe-levy\/accueil\/"},"modified":"2026-03-24T09:03:39","modified_gmt":"2026-03-24T13:03:39","slug":"accueil","status":"publish","type":"page","link":"https:\/\/cssdn.gouv.qc.ca\/pointe-levy\/","title":{"rendered":"Bienvenue \u00e0 l&rsquo;\u00e9cole Pointe-L\u00e9vy"},"content":{"rendered":"\n<div class=\"wp-block-cover alignfull is-light is-style-title-banner\"><img decoding=\"async\" class=\"wp-block-cover__image-background wp-image-111 lazyload\" alt=\"\" data-src=\"https:\/\/stage.cssdn.gouv.qc.ca\/wp-content\/uploads\/2022\/08\/Seawire-Hero-06.jpg\" data-object-fit=\"cover\" src=\"data:image\/svg+xml;base64,PHN2ZyB3aWR0aD0iMSIgaGVpZ2h0PSIxIiB4bWxucz0iaHR0cDovL3d3dy53My5vcmcvMjAwMC9zdmciPjwvc3ZnPg==\" \/><span aria-hidden=\"true\" class=\"wp-block-cover__background has-primary-background-color has-background-dim\"><\/span><div class=\"wp-block-cover__inner-container\"><h3 class=\"wp-block-post-title\">Bienvenue \u00e0 l&rsquo;\u00e9cole Pointe-L\u00e9vy<\/h3><\/div><\/div>\n\n\n\n<div class=\"wp-block-group alignfull is-style-home-quicklinks is-style-bg-waves\">\n<h2 class=\"wp-block-heading alignwide\">Programmes et profils<\/h2>\n\n\n<nav class=\"align is-style-logo-in-background alignwide act-quick-links\">\n    <ul class=\"act-quick-links__wrapper\">\n        <li class=\"act-quick-links__item\">\n                    <a href=\"https:\/\/cssdn.gouv.qc.ca\/pointe-levy\/programmes-et-profils\/formation-aux-metiers-semi-specialises-fms\/\" class=\"act-quick-links__link\">\n                        <div class=\"act-quick-links__icon\"><?xml version=\"1.0\"?><svg fill=\"#000000\" xmlns=\"http:\/\/www.w3.org\/2000\/svg\"  viewBox=\"0 0 24 24\" width=\"175px\" height=\"175px\">    <path d=\"M 11.423828 2 C 11.179828 2 10.969688 2.1769687 10.929688 2.4179688 L 10.646484 4.1230469 C 10.159736 4.2067166 9.689176 4.3360771 9.2363281 4.5039062 L 8.1347656 3.1679688 C 7.9797656 2.9789688 7.7100469 2.9297344 7.4980469 3.0527344 L 6.5019531 3.6289062 C 6.2899531 3.7509062 6.1972031 4.0083281 6.2832031 4.2363281 L 6.8886719 5.8535156 C 6.513238 6.1663963 6.1663963 6.513238 5.8535156 6.8886719 L 4.2363281 6.2832031 C 4.0083281 6.1972031 3.7509062 6.2899531 3.6289062 6.5019531 L 3.0527344 7.4980469 C 2.9297344 7.7100469 2.9789688 7.9797656 3.1679688 8.1347656 L 4.5039062 9.2363281 C 4.3360771 9.689176 4.2067166 10.159736 4.1230469 10.646484 L 2.4179688 10.929688 C 2.1769687 10.970688 2 11.178828 2 11.423828 L 2 12.576172 C 2 12.820172 2.1769687 13.030312 2.4179688 13.070312 L 4.1230469 13.353516 C 4.2067166 13.840264 4.3360771 14.310824 4.5039062 14.763672 L 3.1679688 15.865234 C 2.9789687 16.020234 2.9307344 16.289953 3.0527344 16.501953 L 3.6289062 17.498047 C 3.7509062 17.710047 4.0083281 17.802797 4.2363281 17.716797 L 5.8535156 17.111328 C 6.1663963 17.486762 6.513238 17.833604 6.8886719 18.146484 L 6.2832031 19.763672 C 6.1972031 19.992672 6.2909531 20.249094 6.5019531 20.371094 L 7.4980469 20.947266 C 7.7100469 21.069266 7.9797656 21.020031 8.1347656 20.832031 L 9.234375 19.496094 C 9.6877476 19.664236 10.15912 19.793178 10.646484 19.876953 L 10.929688 21.582031 C 10.970688 21.823031 11.178828 22 11.423828 22 L 12.576172 22 C 12.820172 22 13.030312 21.823031 13.070312 21.582031 L 13.353516 19.876953 C 13.840264 19.793283 14.310824 19.663923 14.763672 19.496094 L 15.865234 20.832031 C 16.020234 21.021031 16.289953 21.069266 16.501953 20.947266 L 17.498047 20.371094 C 17.710047 20.249094 17.802797 19.991672 17.716797 19.763672 L 17.111328 18.146484 C 17.486762 17.833604 17.833604 17.486762 18.146484 17.111328 L 19.763672 17.716797 C 19.992672 17.802797 20.249094 17.709047 20.371094 17.498047 L 20.947266 16.501953 C 21.069266 16.289953 21.020031 16.020234 20.832031 15.865234 L 19.496094 14.765625 C 19.664236 14.312252 19.793178 13.84088 19.876953 13.353516 L 21.582031 13.070312 C 21.823031 13.029312 22 12.821172 22 12.576172 L 22 11.423828 C 22 11.179828 21.823031 10.969688 21.582031 10.929688 L 19.876953 10.646484 C 19.793283 10.159736 19.663923 9.689176 19.496094 9.2363281 L 20.832031 8.1347656 C 21.021031 7.9797656 21.069266 7.7100469 20.947266 7.4980469 L 20.371094 6.5019531 C 20.249094 6.2899531 19.991672 6.1972031 19.763672 6.2832031 L 18.146484 6.8886719 C 17.833604 6.513238 17.486762 6.1663963 17.111328 5.8535156 L 17.716797 4.2363281 C 17.802797 4.0073281 17.709047 3.7509062 17.498047 3.6289062 L 16.501953 3.0527344 C 16.289953 2.9307344 16.020234 2.9799687 15.865234 3.1679688 L 14.765625 4.5039062 C 14.312252 4.3357635 13.84088 4.2068225 13.353516 4.1230469 L 13.070312 2.4179688 C 13.029312 2.1769687 12.821172 2 12.576172 2 L 11.423828 2 z M 11 6.0898438 L 11 9.1738281 A 3 3 0 0 0 9 12 A 3 3 0 0 0 9.0507812 12.548828 L 6.3789062 14.089844 C 6.1382306 13.438833 6 12.736987 6 12 C 6 9.0161425 8.1553612 6.5637988 11 6.0898438 z M 13 6.0898438 C 15.844639 6.5637988 18 9.0161425 18 12 C 18 12.737875 17.86037 13.440133 17.619141 14.091797 L 14.947266 12.546875 A 3 3 0 0 0 15 12 A 3 3 0 0 0 13 9.1757812 L 13 6.0898438 z M 13.947266 14.277344 L 16.628906 15.826172 C 15.530388 17.156023 13.868625 18 12 18 C 10.131375 18 8.4696124 17.156023 7.3710938 15.826172 L 10.050781 14.279297 A 3 3 0 0 0 12 15 A 3 3 0 0 0 13.947266 14.277344 z\"\/><\/svg><\/div>\n                        <span class=\"act-quick-links__text\">Formation aux m\u00e9tiers semi-sp\u00e9cialis\u00e9s (FMS)<\/span>\n                    <\/a>\n                <\/li><li class=\"act-quick-links__item\">\n                    <a href=\"https:\/\/cssdn.gouv.qc.ca\/pointe-levy\/programmes-et-profils\/passerelle-robotique\/\" class=\"act-quick-links__link\">\n                        <div class=\"act-quick-links__icon\"><?xml version=\"1.0\"?><svg fill=\"#000000\" xmlns=\"http:\/\/www.w3.org\/2000\/svg\"  viewBox=\"0 0 30 30\" width=\"175px\" height=\"175px\">    <path d=\"M 13 2 C 11.895 2 11 2.895 11 4 L 11 6 L 13 6 L 13 5.5 C 13 5.224 13.224 5 13.5 5 L 16.5 5 C 16.776 5 17 5.224 17 5.5 L 17 6 L 19 6 L 19 4 C 19 2.895 18.105 2 17 2 L 13 2 z M 9 8 A 2 2 0 0 0 7 10 A 2 2 0 0 0 7.4394531 11.251953 L 4.7675781 18.123047 C 3.7522247 18.441482 3 19.386885 3 20.5 L 3 21 A 1.0001 1.0001 0 1 0 5 21 L 5 20.5 C 5 20.213063 5.2130628 20 5.5 20 C 5.7869372 20 6 20.213063 6 20.5 L 6 21 A 1.0001 1.0001 0 1 0 8 21 L 8 20.5 C 8 19.61183 7.5206805 18.828728 6.8125 18.384766 L 9.2871094 12.021484 L 9.8671875 20.142578 C 9.9421875 21.189578 10.812328 22 11.861328 22 L 15 22 L 18.138672 22 C 19.187672 22 20.057812 21.189578 20.132812 20.142578 L 20.712891 12.023438 L 23.1875 18.384766 C 22.47932 18.828728 22 19.61183 22 20.5 L 22 21 A 1.0001 1.0001 0 1 0 24 21 L 24 20.5 C 24 20.213063 24.213063 20 24.5 20 C 24.786937 20 25 20.213063 25 20.5 L 25 21 A 1.0001 1.0001 0 1 0 27 21 L 27 20.5 C 27 19.386885 26.247775 18.441482 25.232422 18.123047 L 22.558594 11.25 A 2 2 0 0 0 23 10 A 2 2 0 0 0 21 8 L 15 8 L 9 8 z M 12 24 L 12 27 C 12 27.552 12.448 28 13 28 L 17 28 C 17.552 28 18 27.552 18 27 L 18 24 L 12 24 z\"\/><\/svg><\/div>\n                        <span class=\"act-quick-links__text\">Passerelle Robotique (4e \u00e0 5e sec. \u00e0 Pointe-L\u00e9vy et au CFPL)<\/span>\n                    <\/a>\n                <\/li><li class=\"act-quick-links__item\">\n                    <a href=\"https:\/\/cssdn.gouv.qc.ca\/pointe-levy\/programmes-et-profils\/profil-exploration-carrieres-pec\/\" class=\"act-quick-links__link\">\n                        <div class=\"act-quick-links__icon\"><svg fill=\"#000000\" xmlns=\"http:\/\/www.w3.org\/2000\/svg\"  viewBox=\"0 0 24 24\" width=\"175px\" height=\"175px\"><path d=\"M 12 2 C 6.476563 2 2 6.476563 2 12 C 2 17.523438 6.476563 22 12 22 C 17.523438 22 22 17.523438 22 12 C 22 10.089844 21.460938 8.300781 20.53125 6.78125 L 19.0625 8.28125 C 19.65625 9.398438 20 10.648438 20 12 C 20 16.417969 16.417969 20 12 20 C 7.582031 20 4 16.417969 4 12 C 4 7.582031 7.582031 4 12 4 C 13.363281 4 14.628906 4.367188 15.75 4.96875 L 17.21875 3.5 C 15.695313 2.5625 13.921875 2 12 2 Z M 20.5 2.09375 L 12.5 10.0625 C 12.335938 10.019531 12.179688 10 12 10 C 10.894531 10 10 10.894531 10 12 C 10 13.105469 10.894531 14 12 14 C 13.105469 14 14 13.105469 14 12 C 14 11.820313 13.980469 11.664063 13.9375 11.5 L 21.90625 3.5 Z M 12 6 C 8.6875 6 6 8.6875 6 12 C 6 15.3125 8.6875 18 12 18 C 15.3125 18 18 15.3125 18 12 C 18 11.207031 17.84375 10.472656 17.5625 9.78125 L 15.9375 11.375 C 15.972656 11.574219 16 11.789063 16 12 C 16 14.210938 14.210938 16 12 16 C 9.789063 16 8 14.210938 8 12 C 8 9.789063 9.789063 8 12 8 C 12.222656 8 12.445313 8.023438 12.65625 8.0625 L 14.25 6.46875 C 13.550781 6.179688 12.804688 6 12 6 Z\"\/><\/svg><\/div>\n                        <span class=\"act-quick-links__text\">Profil Exploration Carri\u00e8res (PEC)<\/span>\n                    <\/a>\n                <\/li><li class=\"act-quick-links__item\">\n                    <a href=\"https:\/\/cssdn.gouv.qc.ca\/pointe-levy\/programmes-et-profils\/programme-deducation-intermediaire-pei\/\" class=\"act-quick-links__link\">\n                        <div class=\"act-quick-links__icon\"><svg fill=\"#000000\" xmlns=\"http:\/\/www.w3.org\/2000\/svg\"  viewBox=\"0 0 24 24\" width=\"175px\" height=\"175px\"><path d=\"M 12 2 A 1 1 0 0 0 11 3 A 1 1 0 0 0 12 4 A 1 1 0 0 0 13 3 A 1 1 0 0 0 12 2 z M 8.1113281 2.8847656 A 1 1 0 0 0 7.1113281 3.8847656 A 1 1 0 0 0 8.1113281 4.8847656 A 1 1 0 0 0 9.1113281 3.8847656 A 1 1 0 0 0 8.1113281 2.8847656 z M 15.923828 2.9003906 A 1 1 0 0 0 14.923828 3.9003906 A 1 1 0 0 0 15.923828 4.9003906 A 1 1 0 0 0 16.923828 3.9003906 A 1 1 0 0 0 15.923828 2.9003906 z M 4.9863281 5.359375 A 1 1 0 0 0 3.9863281 6.359375 A 1 1 0 0 0 4.9863281 7.359375 A 1 1 0 0 0 5.9863281 6.359375 A 1 1 0 0 0 4.9863281 5.359375 z M 19.052734 5.4082031 A 1 1 0 0 0 18.052734 6.4082031 A 1 1 0 0 0 19.052734 7.4082031 A 1 1 0 0 0 20.052734 6.4082031 A 1 1 0 0 0 19.052734 5.4082031 z M 12 6 C 8.6981361 6 6 8.6981361 6 12 C 6 15.301864 8.6981361 18 12 18 C 15.301864 18 18 15.301864 18 12 C 18 8.6981361 15.301864 6 12 6 z M 12 8 C 12.733942 8 13.410836 8.2085319 14 8.5488281 L 14 10 L 11 11 L 8.4667969 10.152344 C 9.1321445 8.8749344 10.450778 8 12 8 z M 3.2324219 8.9707031 A 1 1 0 0 0 2.2324219 9.9707031 A 1 1 0 0 0 3.2324219 10.970703 A 1 1 0 0 0 4.2324219 9.9707031 A 1 1 0 0 0 3.2324219 8.9707031 z M 20.78125 9.0253906 A 1 1 0 0 0 19.78125 10.025391 A 1 1 0 0 0 20.78125 11.025391 A 1 1 0 0 0 21.78125 10.025391 A 1 1 0 0 0 20.78125 9.0253906 z M 3.21875 12.974609 A 1 1 0 0 0 2.21875 13.974609 A 1 1 0 0 0 3.21875 14.974609 A 1 1 0 0 0 4.21875 13.974609 A 1 1 0 0 0 3.21875 12.974609 z M 11 13 L 14 13 L 15.664062 13.605469 C 15.049069 15.018431 13.648149 16 12 16 C 11.930279 16 11.865684 15.983934 11.796875 15.980469 L 11 13 z M 20.767578 13.029297 A 1 1 0 0 0 19.767578 14.029297 A 1 1 0 0 0 20.767578 15.029297 A 1 1 0 0 0 21.767578 14.029297 A 1 1 0 0 0 20.767578 13.029297 z M 4.9472656 16.591797 A 1 1 0 0 0 3.9472656 17.591797 A 1 1 0 0 0 4.9472656 18.591797 A 1 1 0 0 0 5.9472656 17.591797 A 1 1 0 0 0 4.9472656 16.591797 z M 19.013672 16.640625 A 1 1 0 0 0 18.013672 17.640625 A 1 1 0 0 0 19.013672 18.640625 A 1 1 0 0 0 20.013672 17.640625 A 1 1 0 0 0 19.013672 16.640625 z M 8.0761719 19.099609 A 1 1 0 0 0 7.0761719 20.099609 A 1 1 0 0 0 8.0761719 21.099609 A 1 1 0 0 0 9.0761719 20.099609 A 1 1 0 0 0 8.0761719 19.099609 z M 15.888672 19.115234 A 1 1 0 0 0 14.888672 20.115234 A 1 1 0 0 0 15.888672 21.115234 A 1 1 0 0 0 16.888672 20.115234 A 1 1 0 0 0 15.888672 19.115234 z M 12 20 A 1 1 0 0 0 11 21 A 1 1 0 0 0 12 22 A 1 1 0 0 0 13 21 A 1 1 0 0 0 12 20 z\"\/><\/svg><\/div>\n                        <span class=\"act-quick-links__text\">Programme d\u2019\u00e9ducation interm\u00e9diaire (3e \u00e0 5e sec., Pointe-L\u00e9vy) PEI<\/span>\n                    <\/a>\n                <\/li><li class=\"act-quick-links__item\">\n                    <a href=\"https:\/\/cssdn.gouv.qc.ca\/pointe-levy\/programmes-et-profils\/programme-langues-et-multimedia-lm\/\" class=\"act-quick-links__link\">\n                        <div class=\"act-quick-links__icon\"><svg fill=\"#000000\" xmlns=\"http:\/\/www.w3.org\/2000\/svg\"  viewBox=\"0 0 24 24\" width=\"175px\" height=\"175px\"><path d=\"M 4 4 C 2.9069372 4 2 4.9069372 2 6 L 2 16 C 2 17.093063 2.9069372 18 4 18 L 0 18 L 0 20 L 24 20 L 24 18 L 20 18 C 21.093063 18 22 17.093063 22 16 L 22 6 C 22 4.9069372 21.093063 4 20 4 L 4 4 z M 4 6 L 20 6 L 20 16 L 4 16 L 4 6 z M 11 8 L 11 12.949219 L 12.125 11.878906 L 13.083984 14.091797 L 14 13.695312 L 13.048828 11.494141 L 14.599609 11.359375 L 11 8 z\"\/><\/svg><\/div>\n                        <span class=\"act-quick-links__text\">Programme Langues et multim\u00e9dia (3e \u00e0 5e sec., Pointe-L\u00e9vy)<\/span>\n                    <\/a>\n                <\/li><li class=\"act-quick-links__item\">\n                    <a href=\"https:\/\/cssdn.gouv.qc.ca\/pointe-levy\/programmes-et-profils\/programme-robotique\/\" class=\"act-quick-links__link\">\n                        <div class=\"act-quick-links__icon\"><?xml version=\"1.0\"?><svg fill=\"#000000\" xmlns=\"http:\/\/www.w3.org\/2000\/svg\"  viewBox=\"0 0 30 30\" width=\"175px\" height=\"175px\">    <path d=\"M 13 2 C 11.895 2 11 2.895 11 4 L 11 6 L 13 6 L 13 5.5 C 13 5.224 13.224 5 13.5 5 L 16.5 5 C 16.776 5 17 5.224 17 5.5 L 17 6 L 19 6 L 19 4 C 19 2.895 18.105 2 17 2 L 13 2 z M 9 8 A 2 2 0 0 0 7 10 A 2 2 0 0 0 7.4394531 11.251953 L 4.7675781 18.123047 C 3.7522247 18.441482 3 19.386885 3 20.5 L 3 21 A 1.0001 1.0001 0 1 0 5 21 L 5 20.5 C 5 20.213063 5.2130628 20 5.5 20 C 5.7869372 20 6 20.213063 6 20.5 L 6 21 A 1.0001 1.0001 0 1 0 8 21 L 8 20.5 C 8 19.61183 7.5206805 18.828728 6.8125 18.384766 L 9.2871094 12.021484 L 9.8671875 20.142578 C 9.9421875 21.189578 10.812328 22 11.861328 22 L 15 22 L 18.138672 22 C 19.187672 22 20.057812 21.189578 20.132812 20.142578 L 20.712891 12.023438 L 23.1875 18.384766 C 22.47932 18.828728 22 19.61183 22 20.5 L 22 21 A 1.0001 1.0001 0 1 0 24 21 L 24 20.5 C 24 20.213063 24.213063 20 24.5 20 C 24.786937 20 25 20.213063 25 20.5 L 25 21 A 1.0001 1.0001 0 1 0 27 21 L 27 20.5 C 27 19.386885 26.247775 18.441482 25.232422 18.123047 L 22.558594 11.25 A 2 2 0 0 0 23 10 A 2 2 0 0 0 21 8 L 15 8 L 9 8 z M 12 24 L 12 27 C 12 27.552 12.448 28 13 28 L 17 28 C 17.552 28 18 27.552 18 27 L 18 24 L 12 24 z\"\/><\/svg><\/div>\n                        <span class=\"act-quick-links__text\">Programme Robotique (3e \u00e0 5e sec., \u00e0 Pointe-L\u00e9vy)<\/span>\n                    <\/a>\n                <\/li><li class=\"act-quick-links__item\">\n                    <a href=\"https:\/\/cssdn.gouv.qc.ca\/pointe-levy\/programmes-et-profils\/programmes-arts-langues-sports-pals\/\" class=\"act-quick-links__link\">\n                        <div class=\"act-quick-links__icon\"><svg fill=\"#000000\" xmlns=\"http:\/\/www.w3.org\/2000\/svg\"  viewBox=\"0 0 24 24\" width=\"175px\" height=\"175px\"><path d=\"M 12.5 2 C 11.671875 2 11 2.671875 11 3.5 C 11 4.328125 11.671875 5 12.5 5 C 13.328125 5 14 4.328125 14 3.5 C 14 2.671875 13.328125 2 12.5 2 Z M 18 3 L 18 3.375 C 16.050781 3.808594 14.742188 4.871094 14 5.96875 C 13.957031 6.03125 13.945313 6.09375 13.90625 6.15625 C 13.804688 5.988281 13.679688 5.824219 13.53125 5.65625 C 13.253906 5.34375 12.816406 5 12.21875 5 C 11.832031 5 11.402344 5.148438 11.125 5.40625 C 10.847656 5.664063 10.710938 5.972656 10.625 6.25 C 10.5 6.660156 10.261719 7.546875 10.09375 8.15625 C 9.632813 8.0625 9.128906 8 8.59375 8 C 7.589844 8 6.742188 8.40625 6.09375 9.03125 C 5.929688 9.015625 5.726563 9 5.5 9 C 4.695313 9 3.949219 9.300781 3.4375 9.75 C 2.925781 10.199219 2.609375 10.734375 2.40625 11.28125 C 2 12.375 2 13.480469 2 14 L 4 14 C 4 13.566406 4.035156 12.667969 4.28125 12 C 4.40625 11.664063 4.574219 11.402344 4.75 11.25 C 4.792969 11.210938 4.855469 11.1875 4.90625 11.15625 C 4.84375 11.445313 4.8125 11.730469 4.8125 12.03125 C 4.8125 13.035156 5.097656 13.773438 5.34375 14.25 C 5.589844 14.726563 5.65625 14.886719 5.65625 14.875 C 5.65625 14.875 5.609375 15.074219 5.34375 15.4375 C 5.078125 15.800781 4.640625 16.292969 4.1875 16.90625 L 4 17.15625 L 4 22 L 6 22 L 6 17.84375 C 6.328125 17.421875 6.648438 17.019531 6.9375 16.625 C 7.289063 16.148438 7.65625 15.609375 7.65625 14.875 C 7.65625 14.128906 7.300781 13.683594 7.125 13.34375 C 6.949219 13.003906 6.8125 12.699219 6.8125 12.03125 C 6.8125 10.914063 7.511719 10 8.59375 10 C 9.796875 10 11.015625 10.53125 11.15625 10.59375 L 11.8125 11.0625 L 11.0625 13.0625 L 12.9375 13.75 L 13.6875 11.75 C 13.992188 10.921875 13.710938 9.964844 13 9.4375 L 12.09375 8.8125 L 12 8.71875 C 12.105469 8.332031 12.207031 8.058594 12.34375 7.5625 C 12.453125 7.871094 12.5625 8.21875 12.5625 8.21875 L 12.71875 9 L 15 9 C 15 8.761719 15.128906 7.84375 15.65625 7.0625 C 16.09375 6.414063 16.800781 5.792969 18 5.4375 L 18 5.84375 L 18.84375 6 C 19.65625 6.136719 19.6875 6.8125 19.6875 6.8125 L 19.71875 7.125 L 19.9375 7.34375 L 20.125 7.5625 L 19.84375 7.65625 C 19.890625 7.636719 19.449219 7.738281 19.1875 7.6875 C 18.925781 7.636719 18.804688 7.625 18.65625 7.21875 L 16.78125 7.90625 C 16.894531 8.214844 17.066406 8.460938 17.25 8.6875 C 17.019531 9.234375 16.992188 9.847656 16.96875 10.40625 C 16.929688 11.339844 17 12.296875 17 12.90625 C 17 13.796875 16.1875 14.34375 16.1875 14.34375 L 15.78125 14.59375 L 15.71875 15.0625 C 15.488281 17.226563 14.5 19.90625 14.5 19.90625 L 14.34375 20.3125 L 14.5625 20.71875 C 14.5625 20.71875 14.660156 20.9375 14.78125 21.25 C 14.902344 21.5625 15 21.992188 15 22 L 17 22 C 17 21.394531 16.8125 20.933594 16.65625 20.53125 C 16.582031 20.335938 16.558594 20.316406 16.5 20.1875 C 16.625 19.84375 16.933594 18.917969 17.21875 17.75 C 17.402344 18.304688 17.582031 18.742188 17.6875 18.96875 L 17.25 20.03125 L 19.09375 20.8125 L 19.6875 19.375 L 19.875 18.9375 L 19.65625 18.53125 C 19.65625 18.53125 18.789063 16.683594 18.625 14.5625 C 18.851563 14.140625 19 13.59375 19 12.90625 C 19 12.136719 18.9375 11.238281 18.96875 10.5 C 18.984375 10.144531 19.039063 9.878906 19.09375 9.6875 C 19.453125 9.703125 19.746094 9.625 20.03125 9.5625 C 20.5 9.707031 21.28125 9.9375 21.28125 9.9375 L 21.84375 10.0625 L 22.25 9.65625 C 22.96875 8.910156 22.984375 7.699219 22.28125 6.9375 L 21.46875 6.03125 C 21.324219 5.585938 20.964844 4.867188 20 4.34375 L 20 3 Z M 8.78125 14.03125 L 8.71875 14.9375 C 8.71875 14.9375 8.582031 16.113281 7.6875 17.0625 L 7.21875 17.5625 L 7.53125 18.1875 L 9 21.25 L 9 22 L 11 22 L 11 20.78125 L 10.90625 20.5625 L 9.53125 17.78125 C 9.878906 17.273438 10.222656 16.746094 10.375 16.3125 C 10.570313 16.394531 10.546875 16.386719 10.8125 16.46875 C 11.675781 16.738281 12.921875 17 14.5625 17 L 14.5625 15 C 13.128906 15 12.089844 14.773438 11.40625 14.5625 C 10.722656 14.351563 10.46875 14.1875 10.46875 14.1875 L 10.21875 14.03125 Z\"\/><\/svg><\/div>\n                        <span class=\"act-quick-links__text\">Programmes Arts-Langues-Sports (PALS) (1re \u00e0 5e sec., Pointe-L\u00e9vy)<\/span>\n                    <\/a>\n                <\/li>    <\/ul>\n<\/nav>\n<\/div>\n\n\n\n<div class=\"wp-block-group alignfull is-style-home-actualites has-secondary-background-color has-background\">\n<h2 class=\"wp-block-heading alignwide\">Actualit\u00e9s<\/h2>\n\n\n<div class=\" alignwide alignwide alignwide archive-listing\" id=\"testimonial-block_83d31a79330f3cbc8d6385fa6f3a678a\">\n                                                                    <ul class=\"archive-listing__list  archive-listing__group-\">\n                                <li class=\"archive-listing__item\">\n                     <div class=\"actualite-card\">    <div class=\"wp-block-post-image\">\n    <figure class=\"wp-block-post-featured-image\"><img decoding=\"async\" width=\"602\" height=\"401\" data-src=\"https:\/\/cssdn.gouv.qc.ca\/pointe-levy\/wp-content\/uploads\/sites\/16\/2026\/04\/20260410_parlementdesjeunes2026-1.jpg\" class=\"attachment-post-thumbnail size-post-thumbnail wp-post-image lazyload\" alt=\"\" style=\"--smush-placeholder-width: 602px; --smush-placeholder-aspect-ratio: 602\/401;object-fit:cover;\" data-srcset=\"https:\/\/cssdn.gouv.qc.ca\/pointe-levy\/wp-content\/uploads\/sites\/16\/2026\/04\/20260410_parlementdesjeunes2026-1.jpg 602w, https:\/\/cssdn.gouv.qc.ca\/pointe-levy\/wp-content\/uploads\/sites\/16\/2026\/04\/20260410_parlementdesjeunes2026-1-300x200.jpg 300w\" data-sizes=\"(max-width: 602px) 100vw, 602px\" src=\"data:image\/svg+xml;base64,PHN2ZyB3aWR0aD0iMSIgaGVpZ2h0PSIxIiB4bWxucz0iaHR0cDovL3d3dy53My5vcmcvMjAwMC9zdmciPjwvc3ZnPg==\" \/><\/figure>\n    <\/div>\n    <div class=\"wp-block-post-content\">\n        <div class=\"wp-block-post-date\"><time datetime=\"2026-04-27T10:29:01-04:00\">27 avril 2026<\/time><\/div>\n        <h2 class=\"wp-block-post-title\">Le Parlement des jeunes de Beaurivage et Pointe-L\u00e9vy<\/h2>\n\n        <div class=\"wp-block-post-excerpt\"><p class=\"wp-block-post-excerpt__excerpt\">Accompagn\u00e9s d\u2019enseignants d\u2019univers social passionn\u00e9s de politique pendant les trois jours, les \u00e9l\u00e8ves ont pu parfaire leurs connaissances citoyennes li\u00e9es au parlementarisme, mais aussi d\u00e9velopper leurs capacit\u00e9s de communication et leur leadership, tout en tenant compte de l\u2019importance de faire des compromis, une valeur importante dans notre syst\u00e8me d\u00e9mocratique. <\/p><\/div>\n        <a aria-label=\"Le Parlement des jeunes de Beaurivage et Pointe-L\u00e9vy\" class=\"wp-block-read-more\" href=\"https:\/\/cssdn.gouv.qc.ca\/pointe-levy\/2026\/04\/27\/le-parlement-des-jeunes-de-beaurivage-et-pointe-levy\/\" target=\"_self\">En savoir plus<span class=\"screen-reader-text\">\u00a0: Le Parlement des jeunes de Beaurivage et Pointe-L\u00e9vy<\/span><\/a>\n    <\/div><\/div>                <\/li>\n                                            <li class=\"archive-listing__item\">\n                     <div class=\"actualite-card\">    <div class=\"wp-block-post-image\">\n    <figure class=\"wp-block-post-featured-image\"><img decoding=\"async\" width=\"320\" height=\"198\" data-src=\"https:\/\/cssdn.gouv.qc.ca\/pointe-levy\/wp-content\/uploads\/sites\/16\/2026\/04\/25-139-07_vign-intra_sem-perso-soutien-admin_v1.jpg\" class=\"attachment-post-thumbnail size-post-thumbnail wp-post-image lazyload\" alt=\"\" style=\"--smush-placeholder-width: 320px; --smush-placeholder-aspect-ratio: 320\/198;object-fit:cover;\" data-srcset=\"https:\/\/cssdn.gouv.qc.ca\/pointe-levy\/wp-content\/uploads\/sites\/16\/2026\/04\/25-139-07_vign-intra_sem-perso-soutien-admin_v1.jpg 320w, https:\/\/cssdn.gouv.qc.ca\/pointe-levy\/wp-content\/uploads\/sites\/16\/2026\/04\/25-139-07_vign-intra_sem-perso-soutien-admin_v1-300x186.jpg 300w\" data-sizes=\"(max-width: 320px) 100vw, 320px\" src=\"data:image\/svg+xml;base64,PHN2ZyB3aWR0aD0iMSIgaGVpZ2h0PSIxIiB4bWxucz0iaHR0cDovL3d3dy53My5vcmcvMjAwMC9zdmciPjwvc3ZnPg==\" \/><\/figure>\n    <\/div>\n    <div class=\"wp-block-post-content\">\n        <div class=\"wp-block-post-date\"><time datetime=\"2026-04-20T09:33:31-04:00\">20 avril 2026<\/time><\/div>\n        <h2 class=\"wp-block-post-title\">Semaine du personnel de soutien administratif &#8211; 19 au 25 avril 2026<\/h2>\n\n        <div class=\"wp-block-post-excerpt\"><p class=\"wp-block-post-excerpt__excerpt\">Le personnel de soutien administratif, dans nos \u00e9coles, centres et nos services, est un \u00e9l\u00e9ment crucial de notre organisation puisqu&rsquo;il fournit un appui logistique, technique et administratif essentiel. <\/p><\/div>\n        <a aria-label=\"Semaine du personnel de soutien administratif &amp;#8211; 19 au 25 avril 2026\" class=\"wp-block-read-more\" href=\"https:\/\/cssdn.gouv.qc.ca\/pointe-levy\/2026\/04\/20\/semaine-du-personnel-de-soutien-administratif-19-au-25-avril-2026\/\" target=\"_self\">En savoir plus<span class=\"screen-reader-text\">\u00a0: Semaine du personnel de soutien administratif &#8211; 19 au 25 avril 2026<\/span><\/a>\n    <\/div><\/div>                <\/li>\n                                            <li class=\"archive-listing__item\">\n                     <div class=\"actualite-card\">    <div class=\"wp-block-post-image\">\n    <figure class=\"wp-block-post-featured-image\"><img decoding=\"async\" width=\"1440\" height=\"960\" data-src=\"https:\/\/cssdn.gouv.qc.ca\/pointe-levy\/wp-content\/uploads\/sites\/16\/2026\/04\/20260412_Chevaliers-coupe-Jimmy-Ferrarri2.jpg\" class=\"attachment-post-thumbnail size-post-thumbnail wp-post-image lazyload\" alt=\"\" style=\"--smush-placeholder-width: 1440px; --smush-placeholder-aspect-ratio: 1440\/960;object-fit:cover;\" data-srcset=\"https:\/\/cssdn.gouv.qc.ca\/pointe-levy\/wp-content\/uploads\/sites\/16\/2026\/04\/20260412_Chevaliers-coupe-Jimmy-Ferrarri2.jpg 1440w, https:\/\/cssdn.gouv.qc.ca\/pointe-levy\/wp-content\/uploads\/sites\/16\/2026\/04\/20260412_Chevaliers-coupe-Jimmy-Ferrarri2-300x200.jpg 300w, https:\/\/cssdn.gouv.qc.ca\/pointe-levy\/wp-content\/uploads\/sites\/16\/2026\/04\/20260412_Chevaliers-coupe-Jimmy-Ferrarri2-1024x683.jpg 1024w, https:\/\/cssdn.gouv.qc.ca\/pointe-levy\/wp-content\/uploads\/sites\/16\/2026\/04\/20260412_Chevaliers-coupe-Jimmy-Ferrarri2-768x512.jpg 768w\" data-sizes=\"(max-width: 1440px) 100vw, 1440px\" src=\"data:image\/svg+xml;base64,PHN2ZyB3aWR0aD0iMSIgaGVpZ2h0PSIxIiB4bWxucz0iaHR0cDovL3d3dy53My5vcmcvMjAwMC9zdmciPjwvc3ZnPg==\" \/><\/figure>\n    <\/div>\n    <div class=\"wp-block-post-content\">\n        <div class=\"wp-block-post-date\"><time datetime=\"2026-04-14T13:21:42-04:00\">14 avril 2026<\/time><\/div>\n        <h2 class=\"wp-block-post-title\">Les Chevaliers sont champions pour une deuxi\u00e8me ann\u00e9e de suite<\/h2>\n\n        <div class=\"wp-block-post-excerpt\"><p class=\"wp-block-post-excerpt__excerpt\">Les Chevaliers de L\u00e9vis, dont quelques joueurs \u00e9tudient dans nos \u00e9coles, ont \u00e9t\u00e9 sacr\u00e9s champions de la Ligue de d\u00e9veloppement du hockey M18 AAA du Qu\u00e9bec, le 11 avril. <\/p><\/div>\n        <a aria-label=\"Les Chevaliers sont champions pour une deuxi\u00e8me ann\u00e9e de suite\" class=\"wp-block-read-more\" href=\"https:\/\/cssdn.gouv.qc.ca\/pointe-levy\/2026\/04\/14\/les-chevaliers-sont-champions-pour-une-deuxieme-annee-de-suite\/\" target=\"_self\">En savoir plus<span class=\"screen-reader-text\">\u00a0: Les Chevaliers sont champions pour une deuxi\u00e8me ann\u00e9e de suite<\/span><\/a>\n    <\/div><\/div>                <\/li>\n                                            <li class=\"archive-listing__item\">\n                     <div class=\"actualite-card\">    <div class=\"wp-block-post-image\">\n    <figure class=\"wp-block-post-featured-image\"><img decoding=\"async\" width=\"1000\" height=\"667\" data-src=\"https:\/\/cssdn.gouv.qc.ca\/pointe-levy\/wp-content\/uploads\/sites\/16\/2026\/04\/a-20260401_ses-FR1-Ste-Marie_07897.png\" class=\"attachment-post-thumbnail size-post-thumbnail wp-post-image lazyload\" alt=\"\" style=\"--smush-placeholder-width: 1000px; --smush-placeholder-aspect-ratio: 1000\/667;object-fit:cover;\" data-srcset=\"https:\/\/cssdn.gouv.qc.ca\/pointe-levy\/wp-content\/uploads\/sites\/16\/2026\/04\/a-20260401_ses-FR1-Ste-Marie_07897.png 1000w, https:\/\/cssdn.gouv.qc.ca\/pointe-levy\/wp-content\/uploads\/sites\/16\/2026\/04\/a-20260401_ses-FR1-Ste-Marie_07897-300x200.png 300w, https:\/\/cssdn.gouv.qc.ca\/pointe-levy\/wp-content\/uploads\/sites\/16\/2026\/04\/a-20260401_ses-FR1-Ste-Marie_07897-768x512.png 768w\" data-sizes=\"(max-width: 1000px) 100vw, 1000px\" src=\"data:image\/svg+xml;base64,PHN2ZyB3aWR0aD0iMSIgaGVpZ2h0PSIxIiB4bWxucz0iaHR0cDovL3d3dy53My5vcmcvMjAwMC9zdmciPjwvc3ZnPg==\" \/><\/figure>\n    <\/div>\n    <div class=\"wp-block-post-content\">\n        <div class=\"wp-block-post-date\"><time datetime=\"2026-04-13T16:17:34-04:00\">13 avril 2026<\/time><\/div>\n        <h2 class=\"wp-block-post-title\">Nos laur\u00e9ates et laur\u00e9at des finales r\u00e9gionales de Secondaire en spectacle<\/h2>\n\n        <div class=\"wp-block-post-excerpt\"><p class=\"wp-block-post-excerpt__excerpt\">Notre rel\u00e8ve artistique a brill\u00e9 lors des finales r\u00e9gionales de Secondaire en spectacle! Reconnaissons, c\u00e9l\u00e9brons et faisons briller les talents des \u00e9coles secondaires publiques de L\u00e9vis et Lotbini\u00e8re! <\/p><\/div>\n        <a aria-label=\"Nos laur\u00e9ates et laur\u00e9at des finales r\u00e9gionales de Secondaire en spectacle\" class=\"wp-block-read-more\" href=\"https:\/\/cssdn.gouv.qc.ca\/pointe-levy\/2026\/04\/13\/nos-laureates-et-laureat-des-finales-regionales-de-secondaire-en-spectacle\/\" target=\"_self\">En savoir plus<span class=\"screen-reader-text\">\u00a0: Nos laur\u00e9ates et laur\u00e9at des finales r\u00e9gionales de Secondaire en spectacle<\/span><\/a>\n    <\/div><\/div>                <\/li>\n                                            <li class=\"archive-listing__item\">\n                     <div class=\"actualite-card\">    <div class=\"wp-block-post-image\">\n    <figure class=\"wp-block-post-featured-image\"><img decoding=\"async\" width=\"2560\" height=\"1920\" data-src=\"https:\/\/cssdn.gouv.qc.ca\/pointe-levy\/wp-content\/uploads\/sites\/16\/2026\/03\/20260324_PL-civisme1-scaled-1.jpeg\" class=\"attachment-post-thumbnail size-post-thumbnail wp-post-image lazyload\" alt=\"\" style=\"--smush-placeholder-width: 2560px; --smush-placeholder-aspect-ratio: 2560\/1920;object-fit:cover;\" data-srcset=\"https:\/\/cssdn.gouv.qc.ca\/pointe-levy\/wp-content\/uploads\/sites\/16\/2026\/03\/20260324_PL-civisme1-scaled-1.jpeg 2560w, https:\/\/cssdn.gouv.qc.ca\/pointe-levy\/wp-content\/uploads\/sites\/16\/2026\/03\/20260324_PL-civisme1-scaled-1-300x225.jpeg 300w, https:\/\/cssdn.gouv.qc.ca\/pointe-levy\/wp-content\/uploads\/sites\/16\/2026\/03\/20260324_PL-civisme1-scaled-1-1024x768.jpeg 1024w, https:\/\/cssdn.gouv.qc.ca\/pointe-levy\/wp-content\/uploads\/sites\/16\/2026\/03\/20260324_PL-civisme1-scaled-1-768x576.jpeg 768w, https:\/\/cssdn.gouv.qc.ca\/pointe-levy\/wp-content\/uploads\/sites\/16\/2026\/03\/20260324_PL-civisme1-scaled-1-1536x1152.jpeg 1536w, https:\/\/cssdn.gouv.qc.ca\/pointe-levy\/wp-content\/uploads\/sites\/16\/2026\/03\/20260324_PL-civisme1-scaled-1-2048x1536.jpeg 2048w\" data-sizes=\"(max-width: 2560px) 100vw, 2560px\" src=\"data:image\/svg+xml;base64,PHN2ZyB3aWR0aD0iMSIgaGVpZ2h0PSIxIiB4bWxucz0iaHR0cDovL3d3dy53My5vcmcvMjAwMC9zdmciPjwvc3ZnPg==\" \/><\/figure>\n    <\/div>\n    <div class=\"wp-block-post-content\">\n        <div class=\"wp-block-post-date\"><time datetime=\"2026-03-24T10:57:19-04:00\">24 mars 2026<\/time><\/div>\n        <h2 class=\"wp-block-post-title\">L\u2019\u00e9cole Pointe-L\u00e9vy lance sa charte de civisme<\/h2>\n\n        <div class=\"wp-block-post-excerpt\"><p class=\"wp-block-post-excerpt__excerpt\">Dans le cadre de la Semaine de pr\u00e9vention de la violence et de l\u2019intimidation dans les \u00e9coles, l\u2019\u00e9cole Pointe-L\u00e9vy est \ufb01\u00e8re d\u2019annoncer le lancement officiel de sa toute nouvelle charte de civisme, une initiative rassembleuse visant \u00e0 promouvoir un climat scolaire respectueux, s\u00e9curitaire et positif pour l\u2019ensemble de sa communaut\u00e9. <\/p><\/div>\n        <a aria-label=\"L\u2019\u00e9cole Pointe-L\u00e9vy lance sa charte de civisme\" class=\"wp-block-read-more\" href=\"https:\/\/cssdn.gouv.qc.ca\/pointe-levy\/2026\/03\/24\/lecole-pointe-levy-lance-sa-charte-de-civisme\/\" target=\"_self\">En savoir plus<span class=\"screen-reader-text\">\u00a0: L\u2019\u00e9cole Pointe-L\u00e9vy lance sa charte de civisme<\/span><\/a>\n    <\/div><\/div>                <\/li>\n                                            <li class=\"archive-listing__item\">\n                     <div class=\"actualite-card\">    <div class=\"wp-block-post-image\">\n    <figure class=\"wp-block-post-featured-image\"><img decoding=\"async\" width=\"1920\" height=\"1080\" data-src=\"https:\/\/cssdn.gouv.qc.ca\/pointe-levy\/wp-content\/uploads\/sites\/16\/2026\/03\/CSSDN_Alerte_Tempete_Actualite_Site_1920x1080_date.png\" class=\"attachment-post-thumbnail size-post-thumbnail wp-post-image lazyload\" alt=\"\" style=\"--smush-placeholder-width: 1920px; --smush-placeholder-aspect-ratio: 1920\/1080;object-fit:cover;\" data-srcset=\"https:\/\/cssdn.gouv.qc.ca\/pointe-levy\/wp-content\/uploads\/sites\/16\/2026\/03\/CSSDN_Alerte_Tempete_Actualite_Site_1920x1080_date.png 1920w, https:\/\/cssdn.gouv.qc.ca\/pointe-levy\/wp-content\/uploads\/sites\/16\/2026\/03\/CSSDN_Alerte_Tempete_Actualite_Site_1920x1080_date-300x169.png 300w, https:\/\/cssdn.gouv.qc.ca\/pointe-levy\/wp-content\/uploads\/sites\/16\/2026\/03\/CSSDN_Alerte_Tempete_Actualite_Site_1920x1080_date-1024x576.png 1024w, https:\/\/cssdn.gouv.qc.ca\/pointe-levy\/wp-content\/uploads\/sites\/16\/2026\/03\/CSSDN_Alerte_Tempete_Actualite_Site_1920x1080_date-768x432.png 768w, https:\/\/cssdn.gouv.qc.ca\/pointe-levy\/wp-content\/uploads\/sites\/16\/2026\/03\/CSSDN_Alerte_Tempete_Actualite_Site_1920x1080_date-1536x864.png 1536w\" data-sizes=\"(max-width: 1920px) 100vw, 1920px\" src=\"data:image\/svg+xml;base64,PHN2ZyB3aWR0aD0iMSIgaGVpZ2h0PSIxIiB4bWxucz0iaHR0cDovL3d3dy53My5vcmcvMjAwMC9zdmciPjwvc3ZnPg==\" \/><\/figure>\n    <\/div>\n    <div class=\"wp-block-post-content\">\n        <div class=\"wp-block-post-date\"><time datetime=\"2026-03-12T05:44:02-04:00\">12 mars 2026<\/time><\/div>\n        <h2 class=\"wp-block-post-title\">\ud83c\udf26 Fermeture des \u00e9tablissements du CSSDN le jeudi 12 mars 2026<\/h2>\n\n        <div class=\"wp-block-post-excerpt\"><p class=\"wp-block-post-excerpt__excerpt\">MiLe\u00a0Centre de services scolaire des Navigateurs annonce qu\u2019en raison de l\u2019\u00e9tat des conditions routi\u00e8res, toutes les \u00e9coles primaires et secondaires ainsi que tous les centres de formation professionnelle et d\u2019\u00e9ducation des adultes du Centre de services scolaire des Navigateurs (CSSDN)\u00a0seront ferm\u00e9s\u00a0aujourd\u2019hui, le jeudi 12 mars 2026. <\/p><\/div>\n        <a aria-label=\"\ud83c\udf26 Fermeture des \u00e9tablissements du CSSDN le jeudi 12 mars 2026\" class=\"wp-block-read-more\" href=\"https:\/\/cssdn.gouv.qc.ca\/pointe-levy\/2026\/03\/12\/%f0%9f%8c%a6-fermeture-des-etablissements-du-cssdn-le-jeudi-12-mars-2026\/\" target=\"_self\">En savoir plus<span class=\"screen-reader-text\">\u00a0: \ud83c\udf26 Fermeture des \u00e9tablissements du CSSDN le jeudi 12 mars 2026<\/span><\/a>\n    <\/div><\/div>                <\/li>\n                    <\/ul>\n        <\/div>\n\n\n\n<div class=\"is-content-justification-right wp-block-buttons alignwide\">\n<div class=\"wp-block-button\"><a class=\"wp-block-button__link wp-element-button\" href=\"https:\/\/cssdn.gouv.qc.ca\/pointe-levy\/actualites\/\" target=\"_blank\" rel=\"noreferrer noopener\">Voir toutes les actualit\u00e9s<img decoding=\"async\" class=\"wp-image-243 lazyload\" style=\"width: 0px\" data-src=\"https:\/\/cssdn.gouv.qc.ca\/wp-content\/uploads\/2022\/09\/Arrow_Left_SM.svg\" alt=\"\" src=\"data:image\/svg+xml;base64,PHN2ZyB3aWR0aD0iMSIgaGVpZ2h0PSIxIiB4bWxucz0iaHR0cDovL3d3dy53My5vcmcvMjAwMC9zdmciPjwvc3ZnPg==\"><\/a><\/div>\n<\/div>\n<\/div>\n\n\n\n<div class=\"wp-block-group alignwide\">\n<h2 class=\"wp-block-heading alignwide has-gap-x-large-bottom\">Calendrier<\/h2>\n\n\n\n<div class=\"wp-block-columns alignwide has-gap-ultra-large-bottom\">\n<div class=\"wp-block-column\">\n<h3 class=\"wp-block-heading has-primary-color has-text-color\">\u00c0 surveiller<\/h3>\n\n\n<div class=\"align wp-block-acf-act-date-list\" id=\"testimonial-block_4f4cd18f7d2c7784f76e215fdbf47197\"><div class=\"wp-block-group\"><\/div><\/div><\/div>\n\n\n\n<div class=\"wp-block-column\">\n<div style=\"--layout--content-size: ;--layout--wide-size: ;\" class=\"wp-block-group calendar-container\"><div class=\"act-post-calendar\">\n\n<\/div>\n<script>\n    if (document.querySelectorAll('.act-post-calendar').length > 0) {\n        var actPostCalendarPopups = {\n             '2023-10-24': {\n                    modifier: 'bg-accent',\n                    html: '<a href=\"https:\/\/cssdn.gouv.qc.ca\/pointe-levy\/evenements\/course-5-km-des-5e-secondaire\/\">Course 5 km des 5e secondaire<\/a>'\n                },\n             '2023-10-31': {\n                    modifier: 'bg-accent',\n                    html: '<a href=\"https:\/\/cssdn.gouv.qc.ca\/pointe-levy\/evenements\/halloween\/\">Halloween<\/a>'\n                },\n             '2023-11-03': {\n                    modifier: 'bg-accent',\n                    html: '<a href=\"https:\/\/cssdn.gouv.qc.ca\/pointe-levy\/evenements\/fin-de-la-premiere-etape\/\">Fin de la premi\u00e8re \u00e9tape<\/a>'\n                },\n             '2023-11-16': {\n                    modifier: 'bg-accent',\n                    html: '<a href=\"https:\/\/cssdn.gouv.qc.ca\/pointe-levy\/evenements\/rencontre-de-parents-bulletins\/\">Rencontre de parents (bulletins)<\/a>'\n                },\n             '2023-12-01': {\n                    modifier: 'bg-accent',\n                    html: '<a href=\"https:\/\/cssdn.gouv.qc.ca\/pointe-levy\/evenements\/journee-pedagogique\/\">Journ\u00e9e p\u00e9dagogique<\/a>'\n                },\n             '2023-12-23': {\n                    modifier: 'bg-accent',\n                    html: '<a href=\"https:\/\/cssdn.gouv.qc.ca\/pointe-levy\/evenements\/vacances-scolaires-des-fetes\/\">Vacances scolaires des f\u00eates<\/a>'\n                },\n             '2023-12-24': {\n                    modifier: 'bg-accent',\n                    html: '<a href=\"https:\/\/cssdn.gouv.qc.ca\/pointe-levy\/evenements\/vacances-scolaires-des-fetes\/\">Vacances scolaires des f\u00eates<\/a>'\n                },\n             '2023-12-25': {\n                    modifier: 'bg-accent',\n                    html: '<a href=\"https:\/\/cssdn.gouv.qc.ca\/pointe-levy\/evenements\/vacances-scolaires-des-fetes\/\">Vacances scolaires des f\u00eates<\/a>'\n                },\n             '2023-12-26': {\n                    modifier: 'bg-accent',\n                    html: '<a href=\"https:\/\/cssdn.gouv.qc.ca\/pointe-levy\/evenements\/vacances-scolaires-des-fetes\/\">Vacances scolaires des f\u00eates<\/a>'\n                },\n             '2023-12-27': {\n                    modifier: 'bg-accent',\n                    html: '<a href=\"https:\/\/cssdn.gouv.qc.ca\/pointe-levy\/evenements\/vacances-scolaires-des-fetes\/\">Vacances scolaires des f\u00eates<\/a>'\n                },\n             '2023-12-28': {\n                    modifier: 'bg-accent',\n                    html: '<a href=\"https:\/\/cssdn.gouv.qc.ca\/pointe-levy\/evenements\/vacances-scolaires-des-fetes\/\">Vacances scolaires des f\u00eates<\/a>'\n                },\n             '2023-12-29': {\n                    modifier: 'bg-accent',\n                    html: '<a href=\"https:\/\/cssdn.gouv.qc.ca\/pointe-levy\/evenements\/vacances-scolaires-des-fetes\/\">Vacances scolaires des f\u00eates<\/a>'\n                },\n             '2023-12-30': {\n                    modifier: 'bg-accent',\n                    html: '<a href=\"https:\/\/cssdn.gouv.qc.ca\/pointe-levy\/evenements\/vacances-scolaires-des-fetes\/\">Vacances scolaires des f\u00eates<\/a>'\n                },\n             '2023-12-31': {\n                    modifier: 'bg-accent',\n                    html: '<a href=\"https:\/\/cssdn.gouv.qc.ca\/pointe-levy\/evenements\/vacances-scolaires-des-fetes\/\">Vacances scolaires des f\u00eates<\/a>'\n                },\n             '2024-01-01': {\n                    modifier: 'bg-accent',\n                    html: '<a href=\"https:\/\/cssdn.gouv.qc.ca\/pointe-levy\/evenements\/vacances-scolaires-des-fetes\/\">Vacances scolaires des f\u00eates<\/a>'\n                },\n             '2024-01-02': {\n                    modifier: 'bg-accent',\n                    html: '<a href=\"https:\/\/cssdn.gouv.qc.ca\/pointe-levy\/evenements\/vacances-scolaires-des-fetes\/\">Vacances scolaires des f\u00eates<\/a>'\n                },\n             '2024-01-03': {\n                    modifier: 'bg-accent',\n                    html: '<a href=\"https:\/\/cssdn.gouv.qc.ca\/pointe-levy\/evenements\/vacances-scolaires-des-fetes\/\">Vacances scolaires des f\u00eates<\/a>'\n                },\n             '2024-01-04': {\n                    modifier: 'bg-accent',\n                    html: '<a href=\"https:\/\/cssdn.gouv.qc.ca\/pointe-levy\/evenements\/vacances-scolaires-des-fetes\/\">Vacances scolaires des f\u00eates<\/a>'\n                },\n             '2024-01-05': {\n                    modifier: 'bg-accent',\n                    html: '<a href=\"https:\/\/cssdn.gouv.qc.ca\/pointe-levy\/evenements\/vacances-scolaires-des-fetes\/\">Vacances scolaires des f\u00eates<\/a>'\n                },\n             '2024-01-06': {\n                    modifier: 'bg-accent',\n                    html: '<a href=\"https:\/\/cssdn.gouv.qc.ca\/pointe-levy\/evenements\/vacances-scolaires-des-fetes\/\">Vacances scolaires des f\u00eates<\/a>'\n                },\n             '2024-01-07': {\n                    modifier: 'bg-accent',\n                    html: '<a href=\"https:\/\/cssdn.gouv.qc.ca\/pointe-levy\/evenements\/vacances-scolaires-des-fetes\/\">Vacances scolaires des f\u00eates<\/a>'\n                },\n             '2024-01-08': {\n                    modifier: 'bg-accent',\n                    html: '<a href=\"https:\/\/cssdn.gouv.qc.ca\/pointe-levy\/evenements\/vacances-scolaires-des-fetes\/\">Vacances scolaires des f\u00eates<\/a>'\n                },\n             '2024-02-02': {\n                    modifier: 'bg-accent',\n                    html: '<a href=\"https:\/\/cssdn.gouv.qc.ca\/pointe-levy\/evenements\/journee-pedagogique-2\/\">Journ\u00e9e p\u00e9dagogique<\/a>'\n                },\n             '2024-02-09': {\n                    modifier: 'bg-accent',\n                    html: '<a href=\"https:\/\/cssdn.gouv.qc.ca\/pointe-levy\/evenements\/fin-de-la-deuxieme-etape\/\">Fin de la deuxi\u00e8me \u00e9tape<\/a>'\n                },\n             '2024-02-21': {\n                    modifier: 'bg-accent',\n                    html: '<a href=\"https:\/\/cssdn.gouv.qc.ca\/pointe-levy\/evenements\/rencontre-de-parents-3e-secondaire-choix-de-cours\/\">Rencontre de parents 3e secondaire, choix de cours<\/a>'\n                },\n             '2024-02-22': {\n                    modifier: 'bg-accent',\n                    html: '<a href=\"https:\/\/cssdn.gouv.qc.ca\/pointe-levy\/evenements\/rencontre-de-parents-bulletins-2\/\">Rencontre de parents (bulletins)<\/a>'\n                },\n             '2024-02-23': {\n                    modifier: 'bg-accent',\n                    html: '<a href=\"https:\/\/cssdn.gouv.qc.ca\/pointe-levy\/evenements\/secondaire-en-spectacle\/\">Secondaire en spectacle<\/a>'\n                },\n             '2024-02-27': {\n                    modifier: 'bg-accent',\n                    html: '<a href=\"https:\/\/cssdn.gouv.qc.ca\/pointe-levy\/evenements\/rencontre-de-parents-pals-choix-de-cours\/\">Rencontre de parents PALS, choix de cours<\/a>'\n                },\n             '2024-03-04': {\n                    modifier: 'bg-accent',\n                    html: '<a href=\"https:\/\/cssdn.gouv.qc.ca\/pointe-levy\/evenements\/semaine-de-relache\/\">Semaine de rel\u00e2che<\/a>'\n                },\n             '2024-03-05': {\n                    modifier: 'bg-accent',\n                    html: '<a href=\"https:\/\/cssdn.gouv.qc.ca\/pointe-levy\/evenements\/semaine-de-relache\/\">Semaine de rel\u00e2che<\/a>'\n                },\n             '2024-03-06': {\n                    modifier: 'bg-accent',\n                    html: '<a href=\"https:\/\/cssdn.gouv.qc.ca\/pointe-levy\/evenements\/semaine-de-relache\/\">Semaine de rel\u00e2che<\/a>'\n                },\n             '2024-03-07': {\n                    modifier: 'bg-accent',\n                    html: '<a href=\"https:\/\/cssdn.gouv.qc.ca\/pointe-levy\/evenements\/semaine-de-relache\/\">Semaine de rel\u00e2che<\/a>'\n                },\n             '2024-03-08': {\n                    modifier: 'bg-accent',\n                    html: '<a href=\"https:\/\/cssdn.gouv.qc.ca\/pointe-levy\/evenements\/semaine-de-relache\/\">Semaine de rel\u00e2che<\/a>'\n                },\n             '2024-03-09': {\n                    modifier: 'bg-accent',\n                    html: '<a href=\"https:\/\/cssdn.gouv.qc.ca\/pointe-levy\/evenements\/semaine-de-relache\/\">Semaine de rel\u00e2che<\/a>'\n                },\n             '2024-03-11': {\n                    modifier: 'bg-accent',\n                    html: '<a href=\"https:\/\/cssdn.gouv.qc.ca\/pointe-levy\/evenements\/jour-de-classe-jour-7\/\">Jour de classe (Jour 7)<\/a>'\n                },\n             '2024-03-29': {\n                    modifier: 'bg-accent',\n                    html: '<a href=\"https:\/\/cssdn.gouv.qc.ca\/pointe-levy\/evenements\/conge-de-paques\/\">Cong\u00e9 de P\u00e2ques<\/a>'\n                },\n             '2024-03-30': {\n                    modifier: 'bg-accent',\n                    html: '<a href=\"https:\/\/cssdn.gouv.qc.ca\/pointe-levy\/evenements\/conge-de-paques\/\">Cong\u00e9 de P\u00e2ques<\/a>'\n                },\n             '2024-03-31': {\n                    modifier: 'bg-accent',\n                    html: '<a href=\"https:\/\/cssdn.gouv.qc.ca\/pointe-levy\/evenements\/conge-de-paques\/\">Cong\u00e9 de P\u00e2ques<\/a>'\n                },\n             '2024-04-01': {\n                    modifier: 'bg-accent',\n                    html: '<a href=\"https:\/\/cssdn.gouv.qc.ca\/pointe-levy\/evenements\/conge-de-paques\/\">Cong\u00e9 de P\u00e2ques<\/a>'\n                },\n             '2024-04-02': {\n                    modifier: 'bg-accent',\n                    html: '<a href=\"https:\/\/cssdn.gouv.qc.ca\/pointe-levy\/evenements\/journee-pedagogique-3\/\">Journ\u00e9e p\u00e9dagogique<\/a>'\n                },\n             '2024-06-06': {\n                    modifier: 'bg-accent',\n                    html: '<a href=\"https:\/\/cssdn.gouv.qc.ca\/pointe-levy\/evenements\/olympiades\/\">Olympiades<\/a>'\n                },\n             '2024-06-13': {\n                    modifier: 'bg-accent',\n                    html: '<a href=\"https:\/\/cssdn.gouv.qc.ca\/pointe-levy\/evenements\/session-dexamens-de-fin-dannee\/\">Session d\u2019examens de fin d\u2019ann\u00e9e<\/a>'\n                },\n             '2024-06-14': {\n                    modifier: 'bg-accent',\n                    html: '<a href=\"https:\/\/cssdn.gouv.qc.ca\/pointe-levy\/evenements\/session-dexamens-de-fin-dannee\/\">Session d\u2019examens de fin d\u2019ann\u00e9e<\/a>'\n                },\n             '2024-06-15': {\n                    modifier: 'bg-accent',\n                    html: '<a href=\"https:\/\/cssdn.gouv.qc.ca\/pointe-levy\/evenements\/session-dexamens-de-fin-dannee\/\">Session d\u2019examens de fin d\u2019ann\u00e9e<\/a>'\n                },\n             '2024-06-16': {\n                    modifier: 'bg-accent',\n                    html: '<a href=\"https:\/\/cssdn.gouv.qc.ca\/pointe-levy\/evenements\/session-dexamens-de-fin-dannee\/\">Session d\u2019examens de fin d\u2019ann\u00e9e<\/a>'\n                },\n             '2024-06-17': {\n                    modifier: 'bg-accent',\n                    html: '<a href=\"https:\/\/cssdn.gouv.qc.ca\/pointe-levy\/evenements\/session-dexamens-de-fin-dannee\/\">Session d\u2019examens de fin d\u2019ann\u00e9e<\/a>'\n                },\n             '2024-06-18': {\n                    modifier: 'bg-accent',\n                    html: '<a href=\"https:\/\/cssdn.gouv.qc.ca\/pointe-levy\/evenements\/session-dexamens-de-fin-dannee\/\">Session d\u2019examens de fin d\u2019ann\u00e9e<\/a>'\n                },\n             '2024-06-19': {\n                    modifier: 'bg-accent',\n                    html: '<a href=\"https:\/\/cssdn.gouv.qc.ca\/pointe-levy\/evenements\/session-dexamens-de-fin-dannee\/\">Session d\u2019examens de fin d\u2019ann\u00e9e<\/a>'\n                },\n             '2024-06-20': {\n                    modifier: 'bg-accent',\n                    html: '<a href=\"https:\/\/cssdn.gouv.qc.ca\/pointe-levy\/evenements\/session-dexamens-de-fin-dannee\/\">Session d\u2019examens de fin d\u2019ann\u00e9e<\/a>'\n                },\n             '2024-06-21': {\n                    modifier: 'bg-accent',\n                    html: '<a href=\"https:\/\/cssdn.gouv.qc.ca\/pointe-levy\/evenements\/session-dexamens-de-fin-dannee\/\">Session d\u2019examens de fin d\u2019ann\u00e9e<\/a><br \/><a href=\"https:\/\/cssdn.gouv.qc.ca\/pointe-levy\/evenements\/bal-de-finissants\/\">Bal de finissants<\/a>'\n                },\n             '2024-06-23': {\n                    modifier: 'bg-accent',\n                    html: '<a href=\"https:\/\/cssdn.gouv.qc.ca\/pointe-levy\/evenements\/ceremonie-de-remise-des-diplomes\/\">C\u00e9r\u00e9monie de remise des dipl\u00f4mes<\/a>'\n                },\n             '2024-08-27': {\n                    modifier: 'bg-accent',\n                    html: '<a href=\"https:\/\/cssdn.gouv.qc.ca\/pointe-levy\/evenements\/rentree-de-tous-les-eleves\/\">Rentr\u00e9e de tous les \u00e9l\u00e8ves<\/a>'\n                },\n             '2024-09-11': {\n                    modifier: 'bg-accent',\n                    html: '<a href=\"https:\/\/cssdn.gouv.qc.ca\/pointe-levy\/evenements\/assemblee-generale-des-parents\/\">Assembl\u00e9e g\u00e9n\u00e9rale et rencontre des parents<\/a>'\n                },\n             '2024-09-12': {\n                    modifier: 'bg-accent',\n                    html: '<a href=\"https:\/\/cssdn.gouv.qc.ca\/pointe-levy\/evenements\/rencontre-parents-pals\/\">Rencontre parents PALS<\/a>'\n                },\n             '2024-09-20': {\n                    modifier: 'bg-accent',\n                    html: '<a href=\"https:\/\/cssdn.gouv.qc.ca\/pointe-levy\/evenements\/journee-pedagogique-4\/\">Journ\u00e9e p\u00e9dagogique<\/a>'\n                },\n             '2024-11-14': {\n                    modifier: 'bg-accent',\n                    html: '<a href=\"https:\/\/cssdn.gouv.qc.ca\/pointe-levy\/evenements\/rencontre-de-parents-pour-les-bulletins\/\">Rencontre de parents pour les bulletins<\/a>'\n                },\n             '2024-11-15': {\n                    modifier: 'bg-accent',\n                    html: '<a href=\"https:\/\/cssdn.gouv.qc.ca\/pointe-levy\/evenements\/journee-pedagogique-5\/\">Journ\u00e9e p\u00e9dagogique<\/a>'\n                },\n             '2024-12-06': {\n                    modifier: 'bg-accent',\n                    html: '<a href=\"https:\/\/cssdn.gouv.qc.ca\/pointe-levy\/evenements\/journee-pedagogique-6\/\">Journ\u00e9e p\u00e9dagogique<\/a>'\n                },\n             '2024-12-21': {\n                    modifier: 'bg-accent',\n                    html: '<a href=\"https:\/\/cssdn.gouv.qc.ca\/pointe-levy\/evenements\/conge-des-fetes\/\">Cong\u00e9 des F\u00eates<\/a>'\n                },\n             '2024-12-22': {\n                    modifier: 'bg-accent',\n                    html: '<a href=\"https:\/\/cssdn.gouv.qc.ca\/pointe-levy\/evenements\/conge-des-fetes\/\">Cong\u00e9 des F\u00eates<\/a>'\n                },\n             '2024-12-23': {\n                    modifier: 'bg-accent',\n                    html: '<a href=\"https:\/\/cssdn.gouv.qc.ca\/pointe-levy\/evenements\/conge-des-fetes\/\">Cong\u00e9 des F\u00eates<\/a>'\n                },\n             '2024-12-24': {\n                    modifier: 'bg-accent',\n                    html: '<a href=\"https:\/\/cssdn.gouv.qc.ca\/pointe-levy\/evenements\/conge-des-fetes\/\">Cong\u00e9 des F\u00eates<\/a>'\n                },\n             '2024-12-25': {\n                    modifier: 'bg-accent',\n                    html: '<a href=\"https:\/\/cssdn.gouv.qc.ca\/pointe-levy\/evenements\/conge-des-fetes\/\">Cong\u00e9 des F\u00eates<\/a>'\n                },\n             '2024-12-26': {\n                    modifier: 'bg-accent',\n                    html: '<a href=\"https:\/\/cssdn.gouv.qc.ca\/pointe-levy\/evenements\/conge-des-fetes\/\">Cong\u00e9 des F\u00eates<\/a>'\n                },\n             '2024-12-27': {\n                    modifier: 'bg-accent',\n                    html: '<a href=\"https:\/\/cssdn.gouv.qc.ca\/pointe-levy\/evenements\/conge-des-fetes\/\">Cong\u00e9 des F\u00eates<\/a>'\n                },\n             '2024-12-28': {\n                    modifier: 'bg-accent',\n                    html: '<a href=\"https:\/\/cssdn.gouv.qc.ca\/pointe-levy\/evenements\/conge-des-fetes\/\">Cong\u00e9 des F\u00eates<\/a>'\n                },\n             '2024-12-29': {\n                    modifier: 'bg-accent',\n                    html: '<a href=\"https:\/\/cssdn.gouv.qc.ca\/pointe-levy\/evenements\/conge-des-fetes\/\">Cong\u00e9 des F\u00eates<\/a>'\n                },\n             '2024-12-30': {\n                    modifier: 'bg-accent',\n                    html: '<a href=\"https:\/\/cssdn.gouv.qc.ca\/pointe-levy\/evenements\/conge-des-fetes\/\">Cong\u00e9 des F\u00eates<\/a>'\n                },\n             '2024-12-31': {\n                    modifier: 'bg-accent',\n                    html: '<a href=\"https:\/\/cssdn.gouv.qc.ca\/pointe-levy\/evenements\/conge-des-fetes\/\">Cong\u00e9 des F\u00eates<\/a>'\n                },\n             '2025-01-01': {\n                    modifier: 'bg-accent',\n                    html: '<a href=\"https:\/\/cssdn.gouv.qc.ca\/pointe-levy\/evenements\/conge-des-fetes\/\">Cong\u00e9 des F\u00eates<\/a>'\n                },\n             '2025-01-02': {\n                    modifier: 'bg-accent',\n                    html: '<a href=\"https:\/\/cssdn.gouv.qc.ca\/pointe-levy\/evenements\/conge-des-fetes\/\">Cong\u00e9 des F\u00eates<\/a>'\n                },\n             '2025-01-03': {\n                    modifier: 'bg-accent',\n                    html: '<a href=\"https:\/\/cssdn.gouv.qc.ca\/pointe-levy\/evenements\/conge-des-fetes\/\">Cong\u00e9 des F\u00eates<\/a>'\n                },\n             '2025-01-04': {\n                    modifier: 'bg-accent',\n                    html: '<a href=\"https:\/\/cssdn.gouv.qc.ca\/pointe-levy\/evenements\/conge-des-fetes\/\">Cong\u00e9 des F\u00eates<\/a>'\n                },\n             '2025-01-05': {\n                    modifier: 'bg-accent',\n                    html: '<a href=\"https:\/\/cssdn.gouv.qc.ca\/pointe-levy\/evenements\/conge-des-fetes\/\">Cong\u00e9 des F\u00eates<\/a>'\n                },\n             '2025-01-06': {\n                    modifier: 'bg-accent',\n                    html: '<a href=\"https:\/\/cssdn.gouv.qc.ca\/pointe-levy\/evenements\/journee-pedagogique-7\/\">Journ\u00e9e p\u00e9dagogique<\/a>'\n                },\n             '2025-01-22': {\n                    modifier: 'bg-accent',\n                    html: '<a href=\"https:\/\/cssdn.gouv.qc.ca\/pointe-levy\/evenements\/soiree-info-passerelle-robotique\/\">Soir\u00e9e d\u2019information pour la Passerelle Robotique<\/a>'\n                },\n             '2025-01-24': {\n                    modifier: 'bg-accent',\n                    html: '<a href=\"https:\/\/cssdn.gouv.qc.ca\/pointe-levy\/evenements\/journee-pedagogique-8\/\">Journ\u00e9e p\u00e9dagogique<\/a>'\n                },\n             '2025-02-07': {\n                    modifier: 'bg-accent',\n                    html: '<a href=\"https:\/\/cssdn.gouv.qc.ca\/pointe-levy\/evenements\/fin-de-la-2e-etape\/\">Fin de la 2e \u00e9tape<\/a>'\n                },\n             '2025-02-20': {\n                    modifier: 'bg-accent',\n                    html: '<a href=\"https:\/\/cssdn.gouv.qc.ca\/pointe-levy\/evenements\/rencontre-de-parents\/\">Rencontre de parents<\/a>'\n                },\n             '2025-02-21': {\n                    modifier: 'bg-accent',\n                    html: '<a href=\"https:\/\/cssdn.gouv.qc.ca\/pointe-levy\/evenements\/journee-pedagogique-9\/\">Journ\u00e9e p\u00e9dagogique<\/a>'\n                },\n             '2025-03-03': {\n                    modifier: 'bg-accent',\n                    html: '<a href=\"https:\/\/cssdn.gouv.qc.ca\/pointe-levy\/evenements\/semaine-de-relache-3\/\">Semaine de rel\u00e2che<\/a>'\n                },\n             '2025-03-04': {\n                    modifier: 'bg-accent',\n                    html: '<a href=\"https:\/\/cssdn.gouv.qc.ca\/pointe-levy\/evenements\/semaine-de-relache-3\/\">Semaine de rel\u00e2che<\/a>'\n                },\n             '2025-03-05': {\n                    modifier: 'bg-accent',\n                    html: '<a href=\"https:\/\/cssdn.gouv.qc.ca\/pointe-levy\/evenements\/semaine-de-relache-3\/\">Semaine de rel\u00e2che<\/a>'\n                },\n             '2025-03-06': {\n                    modifier: 'bg-accent',\n                    html: '<a href=\"https:\/\/cssdn.gouv.qc.ca\/pointe-levy\/evenements\/semaine-de-relache-3\/\">Semaine de rel\u00e2che<\/a>'\n                },\n             '2025-03-07': {\n                    modifier: 'bg-accent',\n                    html: '<a href=\"https:\/\/cssdn.gouv.qc.ca\/pointe-levy\/evenements\/semaine-de-relache-3\/\">Semaine de rel\u00e2che<\/a>'\n                },\n             '2025-03-10': {\n                    modifier: 'bg-accent',\n                    html: '<a href=\"https:\/\/cssdn.gouv.qc.ca\/pointe-levy\/evenements\/journee-pedagogique-11\/\">Journ\u00e9e p\u00e9dagogique<\/a>'\n                },\n             '2025-03-28': {\n                    modifier: 'bg-accent',\n                    html: '<a href=\"https:\/\/cssdn.gouv.qc.ca\/pointe-levy\/evenements\/journee-pedagogique-10\/\">Journ\u00e9e p\u00e9dagogique<\/a>'\n                },\n             '2025-04-17': {\n                    modifier: 'bg-accent',\n                    html: '<a href=\"https:\/\/cssdn.gouv.qc.ca\/pointe-levy\/evenements\/reprise-tempete-jour-4\/\">Reprise temp\u00eate jour 4<\/a>'\n                },\n             '2025-04-18': {\n                    modifier: 'bg-accent',\n                    html: '<a href=\"https:\/\/cssdn.gouv.qc.ca\/pointe-levy\/evenements\/conge-de-paques-2\/\">Cong\u00e9 de P\u00e2ques<\/a>'\n                },\n             '2025-04-19': {\n                    modifier: 'bg-accent',\n                    html: '<a href=\"https:\/\/cssdn.gouv.qc.ca\/pointe-levy\/evenements\/conge-de-paques-2\/\">Cong\u00e9 de P\u00e2ques<\/a>'\n                },\n             '2025-04-20': {\n                    modifier: 'bg-accent',\n                    html: '<a href=\"https:\/\/cssdn.gouv.qc.ca\/pointe-levy\/evenements\/conge-de-paques-2\/\">Cong\u00e9 de P\u00e2ques<\/a>'\n                },\n             '2025-04-21': {\n                    modifier: 'bg-accent',\n                    html: '<a href=\"https:\/\/cssdn.gouv.qc.ca\/pointe-levy\/evenements\/conge-de-paques-2\/\">Cong\u00e9 de P\u00e2ques<\/a>'\n                },\n             '2025-04-22': {\n                    modifier: 'bg-accent',\n                    html: '<a href=\"https:\/\/cssdn.gouv.qc.ca\/pointe-levy\/evenements\/reprise-tempete-jour-6\/\">Reprise temp\u00eate jour 6<\/a>'\n                },\n             '2025-05-16': {\n                    modifier: 'bg-accent',\n                    html: '<a href=\"https:\/\/cssdn.gouv.qc.ca\/pointe-levy\/evenements\/journee-pedagogique-12\/\">Journ\u00e9e p\u00e9dagogique<\/a>'\n                },\n             '2025-06-10': {\n                    modifier: 'bg-accent',\n                    html: '<a href=\"https:\/\/cssdn.gouv.qc.ca\/pointe-levy\/evenements\/derniere-journee-de-classe\/\">Derni\u00e8re journ\u00e9e de classe<\/a>'\n                },\n             '2025-06-11': {\n                    modifier: 'bg-accent',\n                    html: '<a href=\"https:\/\/cssdn.gouv.qc.ca\/pointe-levy\/evenements\/debut-de-la-session-dexamens\/\">Session d\u2019examens<\/a>'\n                },\n             '2025-06-12': {\n                    modifier: 'bg-accent',\n                    html: '<a href=\"https:\/\/cssdn.gouv.qc.ca\/pointe-levy\/evenements\/debut-de-la-session-dexamens\/\">Session d\u2019examens<\/a>'\n                },\n             '2025-06-13': {\n                    modifier: 'bg-accent',\n                    html: '<a href=\"https:\/\/cssdn.gouv.qc.ca\/pointe-levy\/evenements\/debut-de-la-session-dexamens\/\">Session d\u2019examens<\/a>'\n                },\n             '2025-06-14': {\n                    modifier: 'bg-accent',\n                    html: '<a href=\"https:\/\/cssdn.gouv.qc.ca\/pointe-levy\/evenements\/debut-de-la-session-dexamens\/\">Session d\u2019examens<\/a>'\n                },\n             '2025-06-15': {\n                    modifier: 'bg-accent',\n                    html: '<a href=\"https:\/\/cssdn.gouv.qc.ca\/pointe-levy\/evenements\/debut-de-la-session-dexamens\/\">Session d\u2019examens<\/a>'\n                },\n             '2025-06-16': {\n                    modifier: 'bg-accent',\n                    html: '<a href=\"https:\/\/cssdn.gouv.qc.ca\/pointe-levy\/evenements\/debut-de-la-session-dexamens\/\">Session d\u2019examens<\/a>'\n                },\n             '2025-06-17': {\n                    modifier: 'bg-accent',\n                    html: '<a href=\"https:\/\/cssdn.gouv.qc.ca\/pointe-levy\/evenements\/debut-de-la-session-dexamens\/\">Session d\u2019examens<\/a><br \/><a href=\"https:\/\/cssdn.gouv.qc.ca\/pointe-levy\/evenements\/ceremonie-de-fin-detudes\/\">C\u00e9r\u00e9monie de fin d\u2019\u00e9tudes<\/a>'\n                },\n             '2025-06-18': {\n                    modifier: 'bg-accent',\n                    html: '<a href=\"https:\/\/cssdn.gouv.qc.ca\/pointe-levy\/evenements\/debut-de-la-session-dexamens\/\">Session d\u2019examens<\/a>'\n                },\n             '2025-06-19': {\n                    modifier: 'bg-accent',\n                    html: '<a href=\"https:\/\/cssdn.gouv.qc.ca\/pointe-levy\/evenements\/debut-de-la-session-dexamens\/\">Session d\u2019examens<\/a>'\n                },\n             '2025-06-20': {\n                    modifier: 'bg-accent',\n                    html: '<a href=\"https:\/\/cssdn.gouv.qc.ca\/pointe-levy\/evenements\/debut-de-la-session-dexamens\/\">Session d\u2019examens<\/a><br \/><a href=\"https:\/\/cssdn.gouv.qc.ca\/pointe-levy\/evenements\/bal-de-finissants-2\/\">Bal de finissants<\/a>'\n                },\n             '2025-08-20': {\n                    modifier: 'bg-accent',\n                    html: '<a href=\"https:\/\/cssdn.gouv.qc.ca\/pointe-levy\/evenements\/conference-cafe-sur-lecole-au-quebec\/\">Conf\u00e9rence caf\u00e9 sur l&rsquo;\u00e9cole au Qu\u00e9bec<\/a>'\n                },\n             '2025-09-20': {\n                    modifier: 'bg-accent',\n                    html: '<a href=\"https:\/\/cssdn.gouv.qc.ca\/pointe-levy\/evenements\/portes-ouvertes-de-lecole-pointe-levy\/\">Portes ouvertes de l&rsquo;\u00e9cole Pointe-L\u00e9vy<\/a>'\n                },\n             '2026-01-21': {\n                    modifier: 'bg-accent',\n                    html: '<a href=\"https:\/\/cssdn.gouv.qc.ca\/pointe-levy\/evenements\/rencontre-dinformation-passerelle-robotique-secondaire-4-21-janvier-2026\/\">Rencontre d&rsquo;information &#8211; Passerelle\u00a0robotique\u00a0(secondaire 4) &#8211; 21 janvier 2026<\/a>'\n                },\n                    }\n        var actPostCalendarMonths = [\n            'Janvier',\n            'F\u00e9vrier',\n            'Mars',\n            'Avril',\n            'Mai',\n            'Juin',\n            'Juillet',\n            'Ao\u00fbt',\n            'Septembre',\n            'Octobre',\n            'Novembre',\n            'D\u00e9cembre'\n        ]\n        var actPostCalendarWeekdays = ['D', 'L', 'M', 'M', 'J', 'V', 'S'];\n    }\n<\/script>\n\n\n<div class=\"wp-block-buttons\">\n<div class=\"wp-block-button\"><a class=\"wp-block-button__link wp-element-button\" href=\"https:\/\/cssdn.gouv.qc.ca\/pointe-levy\/evenements\/\" target=\"_blank\" rel=\"noreferrer noopener\">Voir tous les \u00e9v\u00e9nements<img decoding=\"async\" class=\"wp-image-243 lazyload\" style=\"width: 0px\" data-src=\"https:\/\/cssdn.gouv.qc.ca\/wp-content\/uploads\/2022\/09\/Arrow_Left_SM.svg\" alt=\"\" src=\"data:image\/svg+xml;base64,PHN2ZyB3aWR0aD0iMSIgaGVpZ2h0PSIxIiB4bWxucz0iaHR0cDovL3d3dy53My5vcmcvMjAwMC9zdmciPjwvc3ZnPg==\"><\/a><\/div>\n<\/div>\n<\/div>\n<\/div>\n<\/div>\n<\/div>\n\n\n\n<div class=\"wp-block-media-text alignwide is-stacked-on-mobile is-style-image-to-side\"><figure class=\"wp-block-media-text__media\"><img decoding=\"async\" width=\"1024\" height=\"716\" data-src=\"https:\/\/cssdn.gouv.qc.ca\/pointe-levy\/wp-content\/uploads\/sites\/16\/2023\/09\/IMG_1775-1024x716.jpeg\" alt=\"\" class=\"wp-image-994 size-full lazyload\" data-srcset=\"https:\/\/cssdn.gouv.qc.ca\/pointe-levy\/wp-content\/uploads\/sites\/16\/2023\/09\/IMG_1775-1024x716.jpeg 1024w, https:\/\/cssdn.gouv.qc.ca\/pointe-levy\/wp-content\/uploads\/sites\/16\/2023\/09\/IMG_1775-300x210.jpeg 300w, https:\/\/cssdn.gouv.qc.ca\/pointe-levy\/wp-content\/uploads\/sites\/16\/2023\/09\/IMG_1775-768x537.jpeg 768w, https:\/\/cssdn.gouv.qc.ca\/pointe-levy\/wp-content\/uploads\/sites\/16\/2023\/09\/IMG_1775-1536x1074.jpeg 1536w, https:\/\/cssdn.gouv.qc.ca\/pointe-levy\/wp-content\/uploads\/sites\/16\/2023\/09\/IMG_1775-2048x1432.jpeg 2048w\" data-sizes=\"(max-width: 1024px) 100vw, 1024px\" src=\"data:image\/svg+xml;base64,PHN2ZyB3aWR0aD0iMSIgaGVpZ2h0PSIxIiB4bWxucz0iaHR0cDovL3d3dy53My5vcmcvMjAwMC9zdmciPjwvc3ZnPg==\" style=\"--smush-placeholder-width: 1024px; --smush-placeholder-aspect-ratio: 1024\/716;\" \/><\/figure><div class=\"wp-block-media-text__content\">\n<h2 class=\"wp-block-heading has-heading-1-font-size\">Projet \u00e9ducatif<\/h2>\n\n\n\n<p class=\"wp-block-paragraph\">Le projet \u00e9ducatif est un outil strat\u00e9gique permettant de d\u00e9finir et de faire conna\u00eetre \u00e0 la communaut\u00e9 \u00e9ducative d\u2019un \u00e9tablissement d\u2019enseignement des orientations, des priorit\u00e9s d\u2019action et les r\u00e9sultats attendus pour assurer la r\u00e9ussite \u00e9ducative de tous les \u00e9l\u00e8ves.<\/p>\n\n\n\n<div class=\"wp-block-buttons\">\n<div class=\"wp-block-button\"><a class=\"wp-block-button__link wp-element-button\" href=\"https:\/\/cssdn.gouv.qc.ca\/pointe-levy\/a-propos\/projet-educatif\/\" target=\"_blank\" rel=\"noreferrer noopener\">En savoir plus sur notre projet \u00e9ducatif<img decoding=\"async\" class=\"wp-image-243 lazyload\" style=\"width: 0px\" data-src=\"https:\/\/cssdn.gouv.qc.ca\/wp-content\/uploads\/2022\/09\/Arrow_Left_SM.svg\" alt=\"\" src=\"data:image\/svg+xml;base64,PHN2ZyB3aWR0aD0iMSIgaGVpZ2h0PSIxIiB4bWxucz0iaHR0cDovL3d3dy53My5vcmcvMjAwMC9zdmciPjwvc3ZnPg==\"><\/a><\/div>\n<\/div>\n<\/div><\/div>\n\n\n\n<div class=\"wp-block-group alignfull is-style-bg-gradient\"><section class=\"act-galerie-slider align alignwide act-galerie\">\n    <ul id=\"act-galerie-slider_69f49e2513989\">\n                    <li class=\"act-galerie-slider__item\">\n                <img decoding=\"async\" width=\"1024\" height=\"669\" data-src=\"https:\/\/cssdn.gouv.qc.ca\/pointe-levy\/wp-content\/uploads\/sites\/16\/2024\/09\/IMG_2212-1024x669.jpeg\" class=\"attachment-large size-large lazyload\" alt=\"\" data-srcset=\"https:\/\/cssdn.gouv.qc.ca\/pointe-levy\/wp-content\/uploads\/sites\/16\/2024\/09\/IMG_2212-1024x669.jpeg 1024w, https:\/\/cssdn.gouv.qc.ca\/pointe-levy\/wp-content\/uploads\/sites\/16\/2024\/09\/IMG_2212-300x196.jpeg 300w, https:\/\/cssdn.gouv.qc.ca\/pointe-levy\/wp-content\/uploads\/sites\/16\/2024\/09\/IMG_2212-768x502.jpeg 768w, https:\/\/cssdn.gouv.qc.ca\/pointe-levy\/wp-content\/uploads\/sites\/16\/2024\/09\/IMG_2212-1536x1003.jpeg 1536w, https:\/\/cssdn.gouv.qc.ca\/pointe-levy\/wp-content\/uploads\/sites\/16\/2024\/09\/IMG_2212-2048x1338.jpeg 2048w\" data-sizes=\"(max-width: 1024px) 100vw, 1024px\" src=\"data:image\/svg+xml;base64,PHN2ZyB3aWR0aD0iMSIgaGVpZ2h0PSIxIiB4bWxucz0iaHR0cDovL3d3dy53My5vcmcvMjAwMC9zdmciPjwvc3ZnPg==\" style=\"--smush-placeholder-width: 1024px; --smush-placeholder-aspect-ratio: 1024\/669;\" \/>            <\/li>\n                    <li class=\"act-galerie-slider__item\">\n                <img decoding=\"async\" width=\"1024\" height=\"683\" data-src=\"https:\/\/cssdn.gouv.qc.ca\/pointe-levy\/wp-content\/uploads\/sites\/16\/2024\/09\/IMG_2231-1024x683.jpeg\" class=\"attachment-large size-large lazyload\" alt=\"\" data-srcset=\"https:\/\/cssdn.gouv.qc.ca\/pointe-levy\/wp-content\/uploads\/sites\/16\/2024\/09\/IMG_2231-1024x683.jpeg 1024w, https:\/\/cssdn.gouv.qc.ca\/pointe-levy\/wp-content\/uploads\/sites\/16\/2024\/09\/IMG_2231-300x200.jpeg 300w, https:\/\/cssdn.gouv.qc.ca\/pointe-levy\/wp-content\/uploads\/sites\/16\/2024\/09\/IMG_2231-768x512.jpeg 768w, https:\/\/cssdn.gouv.qc.ca\/pointe-levy\/wp-content\/uploads\/sites\/16\/2024\/09\/IMG_2231-1536x1024.jpeg 1536w, https:\/\/cssdn.gouv.qc.ca\/pointe-levy\/wp-content\/uploads\/sites\/16\/2024\/09\/IMG_2231.jpeg 2048w\" data-sizes=\"(max-width: 1024px) 100vw, 1024px\" src=\"data:image\/svg+xml;base64,PHN2ZyB3aWR0aD0iMSIgaGVpZ2h0PSIxIiB4bWxucz0iaHR0cDovL3d3dy53My5vcmcvMjAwMC9zdmciPjwvc3ZnPg==\" style=\"--smush-placeholder-width: 1024px; --smush-placeholder-aspect-ratio: 1024\/683;\" \/>            <\/li>\n                    <li class=\"act-galerie-slider__item\">\n                <img decoding=\"async\" width=\"1024\" height=\"737\" data-src=\"https:\/\/cssdn.gouv.qc.ca\/pointe-levy\/wp-content\/uploads\/sites\/16\/2024\/09\/IMG_2232-1024x737.jpeg\" class=\"attachment-large size-large lazyload\" alt=\"\" data-srcset=\"https:\/\/cssdn.gouv.qc.ca\/pointe-levy\/wp-content\/uploads\/sites\/16\/2024\/09\/IMG_2232-1024x737.jpeg 1024w, https:\/\/cssdn.gouv.qc.ca\/pointe-levy\/wp-content\/uploads\/sites\/16\/2024\/09\/IMG_2232-300x216.jpeg 300w, https:\/\/cssdn.gouv.qc.ca\/pointe-levy\/wp-content\/uploads\/sites\/16\/2024\/09\/IMG_2232-768x552.jpeg 768w, https:\/\/cssdn.gouv.qc.ca\/pointe-levy\/wp-content\/uploads\/sites\/16\/2024\/09\/IMG_2232-1536x1105.jpeg 1536w, https:\/\/cssdn.gouv.qc.ca\/pointe-levy\/wp-content\/uploads\/sites\/16\/2024\/09\/IMG_2232.jpeg 2048w\" data-sizes=\"(max-width: 1024px) 100vw, 1024px\" src=\"data:image\/svg+xml;base64,PHN2ZyB3aWR0aD0iMSIgaGVpZ2h0PSIxIiB4bWxucz0iaHR0cDovL3d3dy53My5vcmcvMjAwMC9zdmciPjwvc3ZnPg==\" style=\"--smush-placeholder-width: 1024px; --smush-placeholder-aspect-ratio: 1024\/737;\" \/>            <\/li>\n                    <li class=\"act-galerie-slider__item\">\n                <img decoding=\"async\" width=\"1024\" height=\"683\" data-src=\"https:\/\/cssdn.gouv.qc.ca\/pointe-levy\/wp-content\/uploads\/sites\/16\/2024\/09\/IMG_2233-1024x683.jpeg\" class=\"attachment-large size-large lazyload\" alt=\"\" data-srcset=\"https:\/\/cssdn.gouv.qc.ca\/pointe-levy\/wp-content\/uploads\/sites\/16\/2024\/09\/IMG_2233-1024x683.jpeg 1024w, https:\/\/cssdn.gouv.qc.ca\/pointe-levy\/wp-content\/uploads\/sites\/16\/2024\/09\/IMG_2233-300x200.jpeg 300w, https:\/\/cssdn.gouv.qc.ca\/pointe-levy\/wp-content\/uploads\/sites\/16\/2024\/09\/IMG_2233-768x512.jpeg 768w, https:\/\/cssdn.gouv.qc.ca\/pointe-levy\/wp-content\/uploads\/sites\/16\/2024\/09\/IMG_2233-1536x1024.jpeg 1536w, https:\/\/cssdn.gouv.qc.ca\/pointe-levy\/wp-content\/uploads\/sites\/16\/2024\/09\/IMG_2233.jpeg 2048w\" data-sizes=\"(max-width: 1024px) 100vw, 1024px\" src=\"data:image\/svg+xml;base64,PHN2ZyB3aWR0aD0iMSIgaGVpZ2h0PSIxIiB4bWxucz0iaHR0cDovL3d3dy53My5vcmcvMjAwMC9zdmciPjwvc3ZnPg==\" style=\"--smush-placeholder-width: 1024px; --smush-placeholder-aspect-ratio: 1024\/683;\" \/>            <\/li>\n                    <li class=\"act-galerie-slider__item\">\n                <img decoding=\"async\" width=\"1024\" height=\"683\" data-src=\"https:\/\/cssdn.gouv.qc.ca\/pointe-levy\/wp-content\/uploads\/sites\/16\/2024\/09\/IMG_2236-1024x683.jpeg\" class=\"attachment-large size-large lazyload\" alt=\"\" data-srcset=\"https:\/\/cssdn.gouv.qc.ca\/pointe-levy\/wp-content\/uploads\/sites\/16\/2024\/09\/IMG_2236-1024x683.jpeg 1024w, https:\/\/cssdn.gouv.qc.ca\/pointe-levy\/wp-content\/uploads\/sites\/16\/2024\/09\/IMG_2236-300x200.jpeg 300w, https:\/\/cssdn.gouv.qc.ca\/pointe-levy\/wp-content\/uploads\/sites\/16\/2024\/09\/IMG_2236-768x512.jpeg 768w, https:\/\/cssdn.gouv.qc.ca\/pointe-levy\/wp-content\/uploads\/sites\/16\/2024\/09\/IMG_2236-1536x1024.jpeg 1536w, https:\/\/cssdn.gouv.qc.ca\/pointe-levy\/wp-content\/uploads\/sites\/16\/2024\/09\/IMG_2236.jpeg 2048w\" data-sizes=\"(max-width: 1024px) 100vw, 1024px\" src=\"data:image\/svg+xml;base64,PHN2ZyB3aWR0aD0iMSIgaGVpZ2h0PSIxIiB4bWxucz0iaHR0cDovL3d3dy53My5vcmcvMjAwMC9zdmciPjwvc3ZnPg==\" style=\"--smush-placeholder-width: 1024px; --smush-placeholder-aspect-ratio: 1024\/683;\" \/>            <\/li>\n                    <li class=\"act-galerie-slider__item\">\n                <img decoding=\"async\" width=\"1024\" height=\"662\" data-src=\"https:\/\/cssdn.gouv.qc.ca\/pointe-levy\/wp-content\/uploads\/sites\/16\/2024\/09\/IMG_2238-1024x662.jpeg\" class=\"attachment-large size-large lazyload\" alt=\"\" data-srcset=\"https:\/\/cssdn.gouv.qc.ca\/pointe-levy\/wp-content\/uploads\/sites\/16\/2024\/09\/IMG_2238-1024x662.jpeg 1024w, https:\/\/cssdn.gouv.qc.ca\/pointe-levy\/wp-content\/uploads\/sites\/16\/2024\/09\/IMG_2238-300x194.jpeg 300w, https:\/\/cssdn.gouv.qc.ca\/pointe-levy\/wp-content\/uploads\/sites\/16\/2024\/09\/IMG_2238-768x497.jpeg 768w, https:\/\/cssdn.gouv.qc.ca\/pointe-levy\/wp-content\/uploads\/sites\/16\/2024\/09\/IMG_2238.jpeg 1279w\" data-sizes=\"(max-width: 1024px) 100vw, 1024px\" src=\"data:image\/svg+xml;base64,PHN2ZyB3aWR0aD0iMSIgaGVpZ2h0PSIxIiB4bWxucz0iaHR0cDovL3d3dy53My5vcmcvMjAwMC9zdmciPjwvc3ZnPg==\" style=\"--smush-placeholder-width: 1024px; --smush-placeholder-aspect-ratio: 1024\/662;\" \/>            <\/li>\n            <\/ul>\n<\/section>\n\n\n\n\n<div style=\" flex-wrap: nowrap;\" class=\"wp-block-group\">\n<figure class=\"wp-block-embed is-type-video is-provider-youtube wp-block-embed-youtube wp-embed-aspect-16-9 wp-has-aspect-ratio\"><div class=\"wp-block-embed__wrapper\">\n<iframe title=\"Chlo\u00e9 et Alexy nous invitent \u00e0 l&#039;\u00e9cole Pointe-L\u00e9vy - Cap sur le secondaire 2025\" width=\"500\" height=\"281\" data-src=\"https:\/\/www.youtube.com\/embed\/m-WAhYmDKec?feature=oembed\" frameborder=\"0\" allow=\"accelerometer; autoplay; clipboard-write; encrypted-media; gyroscope; picture-in-picture; web-share\" referrerpolicy=\"strict-origin-when-cross-origin\" allowfullscreen src=\"data:image\/svg+xml;base64,PHN2ZyB3aWR0aD0iMSIgaGVpZ2h0PSIxIiB4bWxucz0iaHR0cDovL3d3dy53My5vcmcvMjAwMC9zdmciPjwvc3ZnPg==\" class=\"lazyload\" data-load-mode=\"1\"><\/iframe>\n<\/div><\/figure>\n<\/div>\n\n\n\n<p class=\"wp-block-paragraph\">Cap sur le secondaire \u00ab Le balado \u00bb, format audio :<\/p>\n\n\n<\/div>\n\n\n\n<div class=\"wp-block-group alignfull has-white-background-color has-background\">\n<div style=\" flex-wrap: nowrap;\" class=\"wp-block-group\">\n<div class=\"wp-block-media-text alignwide is-stacked-on-mobile is-style-50-50\"><figure class=\"wp-block-media-text__media\"><img decoding=\"async\" width=\"1024\" height=\"299\" data-src=\"https:\/\/cssdn.gouv.qc.ca\/pointe-levy\/wp-content\/uploads\/sites\/16\/2022\/12\/Logo-PointeLevy-coul-Converted-1024x299.png\" alt=\"\" class=\"wp-image-225 size-full lazyload\" data-srcset=\"https:\/\/cssdn.gouv.qc.ca\/pointe-levy\/wp-content\/uploads\/sites\/16\/2022\/12\/Logo-PointeLevy-coul-Converted-1024x299.png 1024w, https:\/\/cssdn.gouv.qc.ca\/pointe-levy\/wp-content\/uploads\/sites\/16\/2022\/12\/Logo-PointeLevy-coul-Converted-300x88.png 300w, https:\/\/cssdn.gouv.qc.ca\/pointe-levy\/wp-content\/uploads\/sites\/16\/2022\/12\/Logo-PointeLevy-coul-Converted-768x224.png 768w, https:\/\/cssdn.gouv.qc.ca\/pointe-levy\/wp-content\/uploads\/sites\/16\/2022\/12\/Logo-PointeLevy-coul-Converted.png 1462w\" data-sizes=\"(max-width: 1024px) 100vw, 1024px\" src=\"data:image\/svg+xml;base64,PHN2ZyB3aWR0aD0iMSIgaGVpZ2h0PSIxIiB4bWxucz0iaHR0cDovL3d3dy53My5vcmcvMjAwMC9zdmciPjwvc3ZnPg==\" style=\"--smush-placeholder-width: 1024px; --smush-placeholder-aspect-ratio: 1024\/299;\" \/><\/figure><div class=\"wp-block-media-text__content\">\n<h2 class=\"wp-block-heading has-heading-1-font-size\">\u00c0 propos de l&rsquo;\u00e9cole<\/h2>\n\n\n\n<p class=\"wp-block-paragraph\">D\u00e9couvrez la mission, la vision ainsi que les valeurs de l\u2019\u00e9cole. Vous pouvez \u00e9galement consulter l\u2019horaire, le calendrier, notre \u00e9quipe, le conseil d\u2019\u00e9tablissement ainsi que notre rapport annuel.<\/p>\n\n\n\n<div class=\"wp-block-buttons\">\n<div class=\"wp-block-button\"><a class=\"wp-block-button__link wp-element-button\">En savoir plus<\/a><\/div>\n\n\n\n<div class=\"wp-block-button\"><a class=\"wp-block-button__link wp-element-button\" href=\"https:\/\/www.google.com\/maps\/@46.802278,-71.1731167,3a,90y,312.3h,86.81t\/data=!3m7!1e1!3m5!1sAF1QipOR1XqEEg9ghMT2Bx2j5JUaTOp28MAd1vJJzAGl!2e10!3e12!7i7944!8i3972?entry=ttu\" target=\"_blank\" rel=\"noreferrer noopener\">Visite virtuelle<\/a><\/div>\n\n\n\n<div class=\"wp-block-button\"><a class=\"wp-block-button__link wp-element-button\" href=\"https:\/\/www.facebook.com\/ecolePLE55?locale=fr_CA\" target=\"_blank\" rel=\"noreferrer noopener\">Page Facebook<img decoding=\"async\" class=\"wp-image-243 lazyload\" style=\"width: 0px\" data-src=\"https:\/\/cssdn.gouv.qc.ca\/wp-content\/uploads\/2022\/09\/Arrow_Left_SM.svg\" alt=\"\" src=\"data:image\/svg+xml;base64,PHN2ZyB3aWR0aD0iMSIgaGVpZ2h0PSIxIiB4bWxucz0iaHR0cDovL3d3dy53My5vcmcvMjAwMC9zdmciPjwvc3ZnPg==\"><\/a><\/div>\n<\/div>\n<\/div><\/div>\n<\/div>\n<\/div>\n\n\n\n<div style=\" flex-wrap: nowrap;\" class=\"wp-block-group\">\n<figure class=\"wp-block-image size-large\"><a href=\"https:\/\/cssdn.gouv.qc.ca\/parents-et-eleves\/outils-pour-les-parents\/decouvrez-le-secondaire\/\"><img decoding=\"async\" width=\"1024\" height=\"341\" data-src=\"https:\/\/cssdn.gouv.qc.ca\/pointe-levy\/wp-content\/uploads\/sites\/16\/2025\/09\/Cap-sur-le-secondaire-Bouton-2025-1024x341.png\" alt=\"\" class=\"wp-image-7890 lazyload\" data-srcset=\"https:\/\/cssdn.gouv.qc.ca\/pointe-levy\/wp-content\/uploads\/sites\/16\/2025\/09\/Cap-sur-le-secondaire-Bouton-2025-1024x341.png 1024w, https:\/\/cssdn.gouv.qc.ca\/pointe-levy\/wp-content\/uploads\/sites\/16\/2025\/09\/Cap-sur-le-secondaire-Bouton-2025-300x100.png 300w, https:\/\/cssdn.gouv.qc.ca\/pointe-levy\/wp-content\/uploads\/sites\/16\/2025\/09\/Cap-sur-le-secondaire-Bouton-2025-768x256.png 768w, https:\/\/cssdn.gouv.qc.ca\/pointe-levy\/wp-content\/uploads\/sites\/16\/2025\/09\/Cap-sur-le-secondaire-Bouton-2025.png 1500w\" data-sizes=\"(max-width: 1024px) 100vw, 1024px\" src=\"data:image\/svg+xml;base64,PHN2ZyB3aWR0aD0iMSIgaGVpZ2h0PSIxIiB4bWxucz0iaHR0cDovL3d3dy53My5vcmcvMjAwMC9zdmciPjwvc3ZnPg==\" style=\"--smush-placeholder-width: 1024px; --smush-placeholder-aspect-ratio: 1024\/341;\" \/><\/a><\/figure>\n<\/div>\n\n\n\n<p class=\"wp-block-paragraph\">&nbsp;<\/p>\n\n\n\n<p class=\"wp-block-paragraph\">&nbsp;<\/p>\n\n\n\n<p class=\"wp-block-paragraph\">&nbsp;<\/p>\n\n\n\n<p class=\"wp-block-paragraph\">&nbsp;<\/p>\n\n\n","protected":false},"excerpt":{"rendered":"<p>Programmes et profils Actualit\u00e9s Calendrier \u00c0 surveiller Cap sur le secondaire \u00ab Le balado \u00bb, format audio : \u00c0 propos de l&rsquo;\u00e9cole D\u00e9couvrez la mission, la vision ainsi que les valeurs de l\u2019\u00e9cole. Vous pouvez \u00e9galement consulter l\u2019horaire, le calendrier, notre \u00e9quipe, le conseil d\u2019\u00e9tablissement ainsi que notre rapport annuel. &nbsp; &nbsp; &nbsp; &nbsp;<\/p>\n","protected":false},"author":1,"featured_media":0,"parent":0,"menu_order":0,"comment_status":"closed","ping_status":"closed","template":"","meta":{"_acf_changed":false,"_crdt_document":"","inline_featured_image":false,"footnotes":""},"categories":[],"tags":[],"class_list":["post-4","page","type-page","status-publish","hentry"],"acf":[],"yoast_head":"<!-- This site is optimized with the Yoast SEO plugin v27.5 - https:\/\/yoast.com\/product\/yoast-seo-wordpress\/ -->\n<title>Bienvenue \u00e0 l&#039;\u00e9cole Pointe-L\u00e9vy - \u00c9cole Pointe-L\u00e9vy<\/title>\n<meta name=\"description\" content=\"Bienvenue sur le site de l&#039;\u00c9cole Pointe-L\u00e9vy\u00a0du Centre de services scolaire des Navigateurs (CSSDN).\" \/>\n<meta name=\"robots\" content=\"index, follow, max-snippet:-1, max-image-preview:large, max-video-preview:-1\" \/>\n<link rel=\"canonical\" href=\"https:\/\/cssdn.gouv.qc.ca\/pointe-levy\/\" \/>\n<meta property=\"og:locale\" content=\"fr_CA\" \/>\n<meta property=\"og:type\" content=\"article\" \/>\n<meta property=\"og:title\" content=\"Bienvenue \u00e0 l&#039;\u00e9cole Pointe-L\u00e9vy - \u00c9cole Pointe-L\u00e9vy\" \/>\n<meta property=\"og:description\" content=\"Bienvenue sur le site de l&#039;\u00c9cole Pointe-L\u00e9vy\u00a0du Centre de services scolaire des Navigateurs (CSSDN).\" \/>\n<meta property=\"og:url\" content=\"https:\/\/cssdn.gouv.qc.ca\/pointe-levy\/\" \/>\n<meta property=\"og:site_name\" content=\"\u00c9cole Pointe-L\u00e9vy\" \/>\n<meta property=\"article:publisher\" content=\"https:\/\/www.facebook.com\/ecolePLE55\" \/>\n<meta property=\"article:modified_time\" content=\"2026-03-24T13:03:39+00:00\" \/>\n<meta property=\"og:image\" content=\"https:\/\/cssdn.gouv.qc.ca\/pointe-levy\/wp-content\/uploads\/sites\/16\/2025\/09\/barbeapapa-midi-2025.jpg\" \/>\n\t<meta property=\"og:image:width\" content=\"2048\" \/>\n\t<meta property=\"og:image:height\" content=\"1536\" \/>\n\t<meta property=\"og:image:type\" content=\"image\/jpeg\" \/>\n<meta name=\"twitter:card\" content=\"summary_large_image\" \/>\n<meta name=\"twitter:site\" content=\"@CSSNavigateurs\" \/>\n<meta name=\"twitter:label1\" content=\"Estimation du temps de lecture\" \/>\n\t<meta name=\"twitter:data1\" content=\"3 minutes\" \/>\n<script type=\"application\/ld+json\" class=\"yoast-schema-graph\">{\"@context\":\"https:\\\/\\\/schema.org\",\"@graph\":[{\"@type\":\"WebPage\",\"@id\":\"https:\\\/\\\/cssdn.gouv.qc.ca\\\/pointe-levy\\\/\",\"url\":\"https:\\\/\\\/cssdn.gouv.qc.ca\\\/pointe-levy\\\/\",\"name\":\"Bienvenue \u00e0 l'\u00e9cole Pointe-L\u00e9vy - \u00c9cole Pointe-L\u00e9vy\",\"isPartOf\":{\"@id\":\"https:\\\/\\\/cssdn.gouv.qc.ca\\\/pointe-levy\\\/#website\"},\"primaryImageOfPage\":{\"@id\":\"https:\\\/\\\/cssdn.gouv.qc.ca\\\/pointe-levy\\\/#primaryimage\"},\"image\":{\"@id\":\"https:\\\/\\\/cssdn.gouv.qc.ca\\\/pointe-levy\\\/#primaryimage\"},\"thumbnailUrl\":\"https:\\\/\\\/stage.cssdn.gouv.qc.ca\\\/wp-content\\\/uploads\\\/2022\\\/08\\\/Seawire-Hero-06.jpg\",\"datePublished\":\"2022-11-08T21:17:54+00:00\",\"dateModified\":\"2026-03-24T13:03:39+00:00\",\"description\":\"Bienvenue sur le site de l'\u00c9cole Pointe-L\u00e9vy\u00a0du Centre de services scolaire des Navigateurs (CSSDN).\",\"inLanguage\":\"fr-CA\",\"potentialAction\":[{\"@type\":\"ReadAction\",\"target\":[\"https:\\\/\\\/cssdn.gouv.qc.ca\\\/pointe-levy\\\/\"]}]},{\"@type\":\"ImageObject\",\"inLanguage\":\"fr-CA\",\"@id\":\"https:\\\/\\\/cssdn.gouv.qc.ca\\\/pointe-levy\\\/#primaryimage\",\"url\":\"https:\\\/\\\/stage.cssdn.gouv.qc.ca\\\/wp-content\\\/uploads\\\/2022\\\/08\\\/Seawire-Hero-06.jpg\",\"contentUrl\":\"https:\\\/\\\/stage.cssdn.gouv.qc.ca\\\/wp-content\\\/uploads\\\/2022\\\/08\\\/Seawire-Hero-06.jpg\"},{\"@type\":\"WebSite\",\"@id\":\"https:\\\/\\\/cssdn.gouv.qc.ca\\\/pointe-levy\\\/#website\",\"url\":\"https:\\\/\\\/cssdn.gouv.qc.ca\\\/pointe-levy\\\/\",\"name\":\"\u00c9cole Pointe-L\u00e9vy\",\"description\":\"Un site des centres de services scolaires des Navigateurs\",\"publisher\":{\"@id\":\"https:\\\/\\\/cssdn.gouv.qc.ca\\\/pointe-levy\\\/#organization\"},\"potentialAction\":[{\"@type\":\"SearchAction\",\"target\":{\"@type\":\"EntryPoint\",\"urlTemplate\":\"https:\\\/\\\/cssdn.gouv.qc.ca\\\/pointe-levy\\\/?s={search_term_string}\"},\"query-input\":{\"@type\":\"PropertyValueSpecification\",\"valueRequired\":true,\"valueName\":\"search_term_string\"}}],\"inLanguage\":\"fr-CA\"},{\"@type\":\"Organization\",\"@id\":\"https:\\\/\\\/cssdn.gouv.qc.ca\\\/pointe-levy\\\/#organization\",\"name\":\"\u00c9cole Pointe-L\u00e9vy\",\"url\":\"https:\\\/\\\/cssdn.gouv.qc.ca\\\/pointe-levy\\\/\",\"logo\":{\"@type\":\"ImageObject\",\"inLanguage\":\"fr-CA\",\"@id\":\"https:\\\/\\\/cssdn.gouv.qc.ca\\\/pointe-levy\\\/#\\\/schema\\\/logo\\\/image\\\/\",\"url\":\"https:\\\/\\\/cssdn.gouv.qc.ca\\\/pointe-levy\\\/wp-content\\\/uploads\\\/sites\\\/16\\\/2023\\\/01\\\/logo_quebec.svg\",\"contentUrl\":\"https:\\\/\\\/cssdn.gouv.qc.ca\\\/pointe-levy\\\/wp-content\\\/uploads\\\/sites\\\/16\\\/2023\\\/01\\\/logo_quebec.svg\",\"width\":188,\"height\":41,\"caption\":\"\u00c9cole Pointe-L\u00e9vy\"},\"image\":{\"@id\":\"https:\\\/\\\/cssdn.gouv.qc.ca\\\/pointe-levy\\\/#\\\/schema\\\/logo\\\/image\\\/\"},\"sameAs\":[\"https:\\\/\\\/www.facebook.com\\\/ecolePLE55\",\"https:\\\/\\\/x.com\\\/CSSNavigateurs\",\"https:\\\/\\\/www.instagram.com\\\/pointelevy\\\/\",\"https:\\\/\\\/www.youtube.com\\\/channel\\\/UCHbNBehije70JBzCIVT82bQ\",\"https:\\\/\\\/www.linkedin.com\\\/company\\\/cssdn\"]}]}<\/script>\n<!-- \/ Yoast SEO plugin. -->","yoast_head_json":{"title":"Bienvenue \u00e0 l'\u00e9cole Pointe-L\u00e9vy - \u00c9cole Pointe-L\u00e9vy","description":"Bienvenue sur le site de l'\u00c9cole Pointe-L\u00e9vy\u00a0du Centre de services scolaire des Navigateurs (CSSDN).","robots":{"index":"index","follow":"follow","max-snippet":"max-snippet:-1","max-image-preview":"max-image-preview:large","max-video-preview":"max-video-preview:-1"},"canonical":"https:\/\/cssdn.gouv.qc.ca\/pointe-levy\/","og_locale":"fr_CA","og_type":"article","og_title":"Bienvenue \u00e0 l'\u00e9cole Pointe-L\u00e9vy - \u00c9cole Pointe-L\u00e9vy","og_description":"Bienvenue sur le site de l'\u00c9cole Pointe-L\u00e9vy\u00a0du Centre de services scolaire des Navigateurs (CSSDN).","og_url":"https:\/\/cssdn.gouv.qc.ca\/pointe-levy\/","og_site_name":"\u00c9cole Pointe-L\u00e9vy","article_publisher":"https:\/\/www.facebook.com\/ecolePLE55","article_modified_time":"2026-03-24T13:03:39+00:00","og_image":[{"width":2048,"height":1536,"url":"https:\/\/cssdn.gouv.qc.ca\/pointe-levy\/wp-content\/uploads\/sites\/16\/2025\/09\/barbeapapa-midi-2025.jpg","type":"image\/jpeg"}],"twitter_card":"summary_large_image","twitter_site":"@CSSNavigateurs","twitter_misc":{"Estimation du temps de lecture":"3 minutes"},"schema":{"@context":"https:\/\/schema.org","@graph":[{"@type":"WebPage","@id":"https:\/\/cssdn.gouv.qc.ca\/pointe-levy\/","url":"https:\/\/cssdn.gouv.qc.ca\/pointe-levy\/","name":"Bienvenue \u00e0 l'\u00e9cole Pointe-L\u00e9vy - \u00c9cole Pointe-L\u00e9vy","isPartOf":{"@id":"https:\/\/cssdn.gouv.qc.ca\/pointe-levy\/#website"},"primaryImageOfPage":{"@id":"https:\/\/cssdn.gouv.qc.ca\/pointe-levy\/#primaryimage"},"image":{"@id":"https:\/\/cssdn.gouv.qc.ca\/pointe-levy\/#primaryimage"},"thumbnailUrl":"https:\/\/stage.cssdn.gouv.qc.ca\/wp-content\/uploads\/2022\/08\/Seawire-Hero-06.jpg","datePublished":"2022-11-08T21:17:54+00:00","dateModified":"2026-03-24T13:03:39+00:00","description":"Bienvenue sur le site de l'\u00c9cole Pointe-L\u00e9vy\u00a0du Centre de services scolaire des Navigateurs (CSSDN).","inLanguage":"fr-CA","potentialAction":[{"@type":"ReadAction","target":["https:\/\/cssdn.gouv.qc.ca\/pointe-levy\/"]}]},{"@type":"ImageObject","inLanguage":"fr-CA","@id":"https:\/\/cssdn.gouv.qc.ca\/pointe-levy\/#primaryimage","url":"https:\/\/stage.cssdn.gouv.qc.ca\/wp-content\/uploads\/2022\/08\/Seawire-Hero-06.jpg","contentUrl":"https:\/\/stage.cssdn.gouv.qc.ca\/wp-content\/uploads\/2022\/08\/Seawire-Hero-06.jpg"},{"@type":"WebSite","@id":"https:\/\/cssdn.gouv.qc.ca\/pointe-levy\/#website","url":"https:\/\/cssdn.gouv.qc.ca\/pointe-levy\/","name":"\u00c9cole Pointe-L\u00e9vy","description":"Un site des centres de services scolaires des Navigateurs","publisher":{"@id":"https:\/\/cssdn.gouv.qc.ca\/pointe-levy\/#organization"},"potentialAction":[{"@type":"SearchAction","target":{"@type":"EntryPoint","urlTemplate":"https:\/\/cssdn.gouv.qc.ca\/pointe-levy\/?s={search_term_string}"},"query-input":{"@type":"PropertyValueSpecification","valueRequired":true,"valueName":"search_term_string"}}],"inLanguage":"fr-CA"},{"@type":"Organization","@id":"https:\/\/cssdn.gouv.qc.ca\/pointe-levy\/#organization","name":"\u00c9cole Pointe-L\u00e9vy","url":"https:\/\/cssdn.gouv.qc.ca\/pointe-levy\/","logo":{"@type":"ImageObject","inLanguage":"fr-CA","@id":"https:\/\/cssdn.gouv.qc.ca\/pointe-levy\/#\/schema\/logo\/image\/","url":"https:\/\/cssdn.gouv.qc.ca\/pointe-levy\/wp-content\/uploads\/sites\/16\/2023\/01\/logo_quebec.svg","contentUrl":"https:\/\/cssdn.gouv.qc.ca\/pointe-levy\/wp-content\/uploads\/sites\/16\/2023\/01\/logo_quebec.svg","width":188,"height":41,"caption":"\u00c9cole Pointe-L\u00e9vy"},"image":{"@id":"https:\/\/cssdn.gouv.qc.ca\/pointe-levy\/#\/schema\/logo\/image\/"},"sameAs":["https:\/\/www.facebook.com\/ecolePLE55","https:\/\/x.com\/CSSNavigateurs","https:\/\/www.instagram.com\/pointelevy\/","https:\/\/www.youtube.com\/channel\/UCHbNBehije70JBzCIVT82bQ","https:\/\/www.linkedin.com\/company\/cssdn"]}]}},"publishpress_future_action":{"enabled":false,"date":"2026-05-08 08:35:49","action":"change-status","newStatus":"draft","terms":[],"taxonomy":"category","extraData":[]},"publishpress_future_workflow_manual_trigger":{"enabledWorkflows":[]},"_links":{"self":[{"href":"https:\/\/cssdn.gouv.qc.ca\/pointe-levy\/wp-json\/wp\/v2\/pages\/4","targetHints":{"allow":["GET"]}}],"collection":[{"href":"https:\/\/cssdn.gouv.qc.ca\/pointe-levy\/wp-json\/wp\/v2\/pages"}],"about":[{"href":"https:\/\/cssdn.gouv.qc.ca\/pointe-levy\/wp-json\/wp\/v2\/types\/page"}],"author":[{"embeddable":true,"href":"https:\/\/cssdn.gouv.qc.ca\/pointe-levy\/wp-json\/wp\/v2\/users\/1"}],"replies":[{"embeddable":true,"href":"https:\/\/cssdn.gouv.qc.ca\/pointe-levy\/wp-json\/wp\/v2\/comments?post=4"}],"version-history":[{"count":0,"href":"https:\/\/cssdn.gouv.qc.ca\/pointe-levy\/wp-json\/wp\/v2\/pages\/4\/revisions"}],"wp:attachment":[{"href":"https:\/\/cssdn.gouv.qc.ca\/pointe-levy\/wp-json\/wp\/v2\/media?parent=4"}],"wp:term":[{"taxonomy":"category","embeddable":true,"href":"https:\/\/cssdn.gouv.qc.ca\/pointe-levy\/wp-json\/wp\/v2\/categories?post=4"},{"taxonomy":"post_tag","embeddable":true,"href":"https:\/\/cssdn.gouv.qc.ca\/pointe-levy\/wp-json\/wp\/v2\/tags?post=4"}],"curies":[{"name":"wp","href":"https:\/\/api.w.org\/{rel}","templated":true}]}}