
{"version":"1.0","provider_name":"\u00c9coles de la Ruche, Dominique-Savio et du\u00a0Tournesol","provider_url":"https:\/\/cssdn.gouv.qc.ca\/ruche","title":"Ski de fond \u00e0 la Ruche - \u00c9coles de la Ruche, Dominique-Savio et du\u00a0Tournesol","type":"rich","width":600,"height":338,"html":"<blockquote class=\"wp-embedded-content\" data-secret=\"WvqOe2WPgQ\"><a href=\"https:\/\/cssdn.gouv.qc.ca\/ruche\/2025\/01\/10\/ski-de-fond-a-la-ruche\/\">Ski de fond \u00e0 la Ruche<\/a><\/blockquote><iframe sandbox=\"allow-scripts\" security=\"restricted\" src=\"https:\/\/cssdn.gouv.qc.ca\/ruche\/2025\/01\/10\/ski-de-fond-a-la-ruche\/embed\/#?secret=WvqOe2WPgQ\" width=\"600\" height=\"338\" title=\"&laquo; Ski de fond \u00e0 la Ruche &raquo; &#8212; \u00c9coles de la Ruche, Dominique-Savio et du\u00a0Tournesol\" data-secret=\"WvqOe2WPgQ\" frameborder=\"0\" marginwidth=\"0\" marginheight=\"0\" scrolling=\"no\" class=\"wp-embedded-content\"><\/iframe><script>\n\/*! This file is auto-generated *\/\n!function(d,l){\"use strict\";l.querySelector&&d.addEventListener&&\"undefined\"!=typeof URL&&(d.wp=d.wp||{},d.wp.receiveEmbedMessage||(d.wp.receiveEmbedMessage=function(e){var t=e.data;if((t||t.secret||t.message||t.value)&&!\/[^a-zA-Z0-9]\/.test(t.secret)){for(var s,r,n,a=l.querySelectorAll('iframe[data-secret=\"'+t.secret+'\"]'),o=l.querySelectorAll('blockquote[data-secret=\"'+t.secret+'\"]'),c=new RegExp(\"^https?:$\",\"i\"),i=0;i<o.length;i++)o[i].style.display=\"none\";for(i=0;i<a.length;i++)s=a[i],e.source===s.contentWindow&&(s.removeAttribute(\"style\"),\"height\"===t.message?(1e3<(r=parseInt(t.value,10))?r=1e3:~~r<200&&(r=200),s.height=r):\"link\"===t.message&&(r=new URL(s.getAttribute(\"src\")),n=new URL(t.value),c.test(n.protocol))&&n.host===r.host&&l.activeElement===s&&(d.top.location.href=t.value))}},d.addEventListener(\"message\",d.wp.receiveEmbedMessage,!1),l.addEventListener(\"DOMContentLoaded\",function(){for(var e,t,s=l.querySelectorAll(\"iframe.wp-embedded-content\"),r=0;r<s.length;r++)(t=(e=s[r]).getAttribute(\"data-secret\"))||(t=Math.random().toString(36).substring(2,12),e.src+=\"#?secret=\"+t,e.setAttribute(\"data-secret\",t)),e.contentWindow.postMessage({message:\"ready\",secret:t},\"*\")},!1)))}(window,document);\n\/\/# sourceURL=https:\/\/cssdn.gouv.qc.ca\/ruche\/wp-includes\/js\/wp-embed.min.js\n<\/script>\n","thumbnail_url":"https:\/\/cssdn.gouv.qc.ca\/ruche\/wp-content\/uploads\/sites\/55\/2025\/01\/ski_3.jpg","thumbnail_width":2048,"thumbnail_height":946,"description":"La saison du ski bat son plein \u00e0 l\u2019\u00e9cole de la Ruche. Nous tenons \u00e0 remercier le club Chaudi\u00e8re-Ouest pour le traceur et la motoneige ainsi que notre super traceur, Marc-Antoine Asselin-Lamoureux!!"}