
{"id":5,"date":"2022-11-08T16:07:53","date_gmt":"2022-11-08T21:07:53","guid":{"rendered":"https:\/\/cssdn.gouv.qc.ca\/saintdominique\/accueil\/"},"modified":"2024-11-11T09:07:21","modified_gmt":"2024-11-11T14:07:21","slug":"accueil","status":"publish","type":"page","link":"https:\/\/cssdn.gouv.qc.ca\/saintdominique\/","title":{"rendered":"Accueil"},"content":{"rendered":"\n<div class=\"wp-block-cover alignfull is-light is-style-hero-home-subsite\" style=\"min-height:674px;aspect-ratio:unset;\"><span aria-hidden=\"true\" class=\"wp-block-cover__background has-background-dim\" style=\"background-color:#958671\"><\/span><img decoding=\"async\" width=\"1392\" height=\"1962\" class=\"wp-block-cover__image-background wp-image-241 lazyload\" alt=\"\" data-src=\"https:\/\/cssdn.gouv.qc.ca\/saintdominique\/wp-content\/uploads\/sites\/56\/2024\/05\/murale-1-e1716385817420.jpg\" data-object-fit=\"cover\" data-srcset=\"https:\/\/cssdn.gouv.qc.ca\/saintdominique\/wp-content\/uploads\/sites\/56\/2024\/05\/murale-1-e1716385817420.jpg 1392w, https:\/\/cssdn.gouv.qc.ca\/saintdominique\/wp-content\/uploads\/sites\/56\/2024\/05\/murale-1-e1716385817420-213x300.jpg 213w, https:\/\/cssdn.gouv.qc.ca\/saintdominique\/wp-content\/uploads\/sites\/56\/2024\/05\/murale-1-e1716385817420-727x1024.jpg 727w, https:\/\/cssdn.gouv.qc.ca\/saintdominique\/wp-content\/uploads\/sites\/56\/2024\/05\/murale-1-e1716385817420-768x1082.jpg 768w, https:\/\/cssdn.gouv.qc.ca\/saintdominique\/wp-content\/uploads\/sites\/56\/2024\/05\/murale-1-e1716385817420-1090x1536.jpg 1090w\" data-sizes=\"(max-width: 1392px) 100vw, 1392px\" src=\"data:image\/svg+xml;base64,PHN2ZyB3aWR0aD0iMSIgaGVpZ2h0PSIxIiB4bWxucz0iaHR0cDovL3d3dy53My5vcmcvMjAwMC9zdmciPjwvc3ZnPg==\" style=\"--smush-placeholder-width: 1392px; --smush-placeholder-aspect-ratio: 1392\/1962;\" \/><div class=\"wp-block-cover__inner-container\">\n<div class=\"wp-block-group alignwide\">\n<h1 class=\"wp-block-heading wp-block-post-title has-white-color has-text-color\">                                <\/h1>\n<\/div>\n<\/div><\/div>\n\n\n\n<div class=\"wp-block-group alignfull is-style-bg-waves\">\n<h2 class=\"wp-block-heading alignwide has-heading-1-font-size\">Actualit\u00e9s<\/h2>\n\n\n<div class=\" alignwide alignwide alignwide archive-listing\" id=\"testimonial-block_8beed0a5a3de63e180cce8df7071b50e\">\n                                                                    <ul class=\"archive-listing__list  archive-listing__group-\">\n                                <li class=\"archive-listing__item\">\n                     <div class=\"actualite-card\">    <div class=\"wp-block-post-image\">\n    <figure class=\"wp-block-post-featured-image\"><img decoding=\"async\" width=\"1640\" height=\"924\" data-src=\"https:\/\/cssdn.gouv.qc.ca\/saintdominique\/wp-content\/uploads\/sites\/56\/2026\/01\/Inscriptions-scolaires-vignette.png\" class=\"attachment-post-thumbnail size-post-thumbnail wp-post-image lazyload\" alt=\"\" style=\"--smush-placeholder-width: 1640px; --smush-placeholder-aspect-ratio: 1640\/924;object-fit:cover;\" data-srcset=\"https:\/\/cssdn.gouv.qc.ca\/saintdominique\/wp-content\/uploads\/sites\/56\/2026\/01\/Inscriptions-scolaires-vignette.png 1640w, https:\/\/cssdn.gouv.qc.ca\/saintdominique\/wp-content\/uploads\/sites\/56\/2026\/01\/Inscriptions-scolaires-vignette-300x169.png 300w, https:\/\/cssdn.gouv.qc.ca\/saintdominique\/wp-content\/uploads\/sites\/56\/2026\/01\/Inscriptions-scolaires-vignette-1024x577.png 1024w, https:\/\/cssdn.gouv.qc.ca\/saintdominique\/wp-content\/uploads\/sites\/56\/2026\/01\/Inscriptions-scolaires-vignette-768x433.png 768w, https:\/\/cssdn.gouv.qc.ca\/saintdominique\/wp-content\/uploads\/sites\/56\/2026\/01\/Inscriptions-scolaires-vignette-1536x865.png 1536w\" data-sizes=\"(max-width: 1640px) 100vw, 1640px\" src=\"data:image\/svg+xml;base64,PHN2ZyB3aWR0aD0iMSIgaGVpZ2h0PSIxIiB4bWxucz0iaHR0cDovL3d3dy53My5vcmcvMjAwMC9zdmciPjwvc3ZnPg==\" \/><\/figure>\n    <\/div>\n    <div class=\"wp-block-post-content\">\n        <div class=\"wp-block-post-date\"><time datetime=\"2026-01-16T16:19:04-05:00\">16 janvier 2026<\/time><\/div>\n        <h2 class=\"wp-block-post-title\">Inscriptions scolaires 2026-2027<\/h2>\n\n        <div class=\"wp-block-post-excerpt\"><p class=\"wp-block-post-excerpt__excerpt\">D\u00e9couvrez les dates des inscriptions pour la maternelle 4 et 5 ans, le programme Passe-partout, le primaire, le secondaire et la FP, ainsi que tous les renseignements concernant nos services \u00e9ducatifs. <\/p><\/div>\n        <a aria-label=\"Inscriptions scolaires 2026-2027\" class=\"wp-block-read-more\" href=\"https:\/\/cssdn.gouv.qc.ca\/saintdominique\/2026\/01\/16\/inscriptions-scolaires-2026-2027\/\" target=\"_self\">En savoir plus<span class=\"screen-reader-text\">\u00a0: Inscriptions scolaires 2026-2027<\/span><\/a>\n    <\/div><\/div>                <\/li>\n                                            <li class=\"archive-listing__item\">\n                     <div class=\"actualite-card\">    <div class=\"wp-block-post-image\">\n    <figure class=\"wp-block-post-featured-image\"><img decoding=\"async\" width=\"1920\" height=\"1080\" data-src=\"https:\/\/cssdn.gouv.qc.ca\/saintdominique\/wp-content\/uploads\/sites\/56\/2025\/11\/Actualite_Noel_minspire.png\" class=\"attachment-post-thumbnail size-post-thumbnail wp-post-image lazyload\" alt=\"\" style=\"--smush-placeholder-width: 1920px; --smush-placeholder-aspect-ratio: 1920\/1080;object-fit:cover;\" data-srcset=\"https:\/\/cssdn.gouv.qc.ca\/saintdominique\/wp-content\/uploads\/sites\/56\/2025\/11\/Actualite_Noel_minspire.png 1920w, https:\/\/cssdn.gouv.qc.ca\/saintdominique\/wp-content\/uploads\/sites\/56\/2025\/11\/Actualite_Noel_minspire-300x169.png 300w, https:\/\/cssdn.gouv.qc.ca\/saintdominique\/wp-content\/uploads\/sites\/56\/2025\/11\/Actualite_Noel_minspire-1024x576.png 1024w, https:\/\/cssdn.gouv.qc.ca\/saintdominique\/wp-content\/uploads\/sites\/56\/2025\/11\/Actualite_Noel_minspire-768x432.png 768w, https:\/\/cssdn.gouv.qc.ca\/saintdominique\/wp-content\/uploads\/sites\/56\/2025\/11\/Actualite_Noel_minspire-1536x864.png 1536w\" data-sizes=\"(max-width: 1920px) 100vw, 1920px\" src=\"data:image\/svg+xml;base64,PHN2ZyB3aWR0aD0iMSIgaGVpZ2h0PSIxIiB4bWxucz0iaHR0cDovL3d3dy53My5vcmcvMjAwMC9zdmciPjwvc3ZnPg==\" \/><\/figure>\n    <\/div>\n    <div class=\"wp-block-post-content\">\n        <div class=\"wp-block-post-date\"><time datetime=\"2025-11-11T15:35:57-05:00\">11 novembre 2025<\/time><\/div>\n        <h2 class=\"wp-block-post-title\">\ud83c\udf81 Le concours \u00ab No\u00ebl m&rsquo;inspire \u00bb, destin\u00e9 \u00e0 nos \u00e9l\u00e8ves du pr\u00e9scolaire et du primaire, est de retour!<\/h2>\n\n        <div class=\"wp-block-post-excerpt\"><p class=\"wp-block-post-excerpt__excerpt\">Le concours annuel de cr\u00e9ations artistiques du Centre de services scolaire des Navigateurs\u00a0\u00ab\u00a0No\u00ebl\u00a0m\u2019inspire ! \u00bb est\u00a0de\u00a0retour! Nous invitons les\u00a0\u00e9l\u00e8ves\u00a0du\u00a0pr\u00e9scolaire et du primaire\u00a0de\u00a0notre territoire\u00a0\u00e0 utiliser leur imagination et \u00e0 s\u2019inspirer de la f\u00eate de No\u00ebl pour \u00e9laborer diverses cr\u00e9ations artistiques dans le but\u00a0de\u00a0concevoir\u00a0des cartes\u00a0de\u00a0No\u00ebl\u00a0et un calendrier\u00a0de\u00a0l&rsquo;avent virtuel. <\/p><\/div>\n        <a aria-label=\"\ud83c\udf81 Le concours \u00ab No\u00ebl m&amp;rsquo;inspire \u00bb, destin\u00e9 \u00e0 nos \u00e9l\u00e8ves du pr\u00e9scolaire et du primaire, est de retour!\" class=\"wp-block-read-more\" href=\"https:\/\/cssdn.gouv.qc.ca\/saintdominique\/2025\/11\/11\/%f0%9f%8e%81-le-concours-noel-minspire-destine-a-nos-eleves-du-prescolaire-et-du-primaire-est-de-retour\/\" target=\"_self\">En savoir plus<span class=\"screen-reader-text\">\u00a0: \ud83c\udf81 Le concours \u00ab No\u00ebl m&rsquo;inspire \u00bb, destin\u00e9 \u00e0 nos \u00e9l\u00e8ves du pr\u00e9scolaire et du primaire, est de retour!<\/span><\/a>\n    <\/div><\/div>                <\/li>\n                                            <li class=\"archive-listing__item\">\n                     <div class=\"actualite-card\">    <div class=\"wp-block-post-image\">\n    <figure class=\"wp-block-post-featured-image\"><img decoding=\"async\" width=\"1080\" height=\"1080\" data-src=\"https:\/\/cssdn.gouv.qc.ca\/saintdominique\/wp-content\/uploads\/sites\/56\/2025\/08\/Guide-pratique-pour-les-parents-1.png\" class=\"attachment-post-thumbnail size-post-thumbnail wp-post-image lazyload\" alt=\"\" style=\"--smush-placeholder-width: 1080px; --smush-placeholder-aspect-ratio: 1080\/1080;object-fit:cover;\" data-srcset=\"https:\/\/cssdn.gouv.qc.ca\/saintdominique\/wp-content\/uploads\/sites\/56\/2025\/08\/Guide-pratique-pour-les-parents-1.png 1080w, https:\/\/cssdn.gouv.qc.ca\/saintdominique\/wp-content\/uploads\/sites\/56\/2025\/08\/Guide-pratique-pour-les-parents-1-300x300.png 300w, https:\/\/cssdn.gouv.qc.ca\/saintdominique\/wp-content\/uploads\/sites\/56\/2025\/08\/Guide-pratique-pour-les-parents-1-1024x1024.png 1024w, https:\/\/cssdn.gouv.qc.ca\/saintdominique\/wp-content\/uploads\/sites\/56\/2025\/08\/Guide-pratique-pour-les-parents-1-150x150.png 150w, https:\/\/cssdn.gouv.qc.ca\/saintdominique\/wp-content\/uploads\/sites\/56\/2025\/08\/Guide-pratique-pour-les-parents-1-768x768.png 768w\" data-sizes=\"(max-width: 1080px) 100vw, 1080px\" src=\"data:image\/svg+xml;base64,PHN2ZyB3aWR0aD0iMSIgaGVpZ2h0PSIxIiB4bWxucz0iaHR0cDovL3d3dy53My5vcmcvMjAwMC9zdmciPjwvc3ZnPg==\" \/><\/figure>\n    <\/div>\n    <div class=\"wp-block-post-content\">\n        <div class=\"wp-block-post-date\"><time datetime=\"2025-08-25T16:09:02-04:00\">25 ao\u00fbt 2025<\/time><\/div>\n        <h2 class=\"wp-block-post-title\">Guide pratique pour les parents \u2013 Ann\u00e9e scolaire 2025-2026<\/h2>\n\n        <div class=\"wp-block-post-excerpt\"><p class=\"wp-block-post-excerpt__excerpt\">Pour accompagner les parents de nos \u00e9l\u00e8ves tout au long de l\u2019ann\u00e9e, nous mettons \u00e0 votre disposition un guide pratique rempli d\u2019informations utiles. <\/p><\/div>\n        <a aria-label=\"Guide pratique pour les parents \u2013 Ann\u00e9e scolaire 2025-2026\" class=\"wp-block-read-more\" href=\"https:\/\/cssdn.gouv.qc.ca\/saintdominique\/2025\/08\/25\/guide-pratique-pour-les-parents-annee-scolaire-2025-2026\/\" target=\"_self\">En savoir plus<span class=\"screen-reader-text\">\u00a0: Guide pratique pour les parents \u2013 Ann\u00e9e scolaire 2025-2026<\/span><\/a>\n    <\/div><\/div>                <\/li>\n                                            <li class=\"archive-listing__item\">\n                     <div class=\"actualite-card\">    <div class=\"wp-block-post-image\">\n    <figure class=\"wp-block-post-featured-image\"><img decoding=\"async\" width=\"1796\" height=\"1010\" data-src=\"https:\/\/cssdn.gouv.qc.ca\/saintdominique\/wp-content\/uploads\/sites\/56\/2025\/06\/20250530_Festicubes-st-dominique9.jpg\" class=\"attachment-post-thumbnail size-post-thumbnail wp-post-image lazyload\" alt=\"\" style=\"--smush-placeholder-width: 1796px; --smush-placeholder-aspect-ratio: 1796\/1010;object-fit:cover;\" data-srcset=\"https:\/\/cssdn.gouv.qc.ca\/saintdominique\/wp-content\/uploads\/sites\/56\/2025\/06\/20250530_Festicubes-st-dominique9.jpg 1796w, https:\/\/cssdn.gouv.qc.ca\/saintdominique\/wp-content\/uploads\/sites\/56\/2025\/06\/20250530_Festicubes-st-dominique9-300x169.jpg 300w, https:\/\/cssdn.gouv.qc.ca\/saintdominique\/wp-content\/uploads\/sites\/56\/2025\/06\/20250530_Festicubes-st-dominique9-1024x576.jpg 1024w, https:\/\/cssdn.gouv.qc.ca\/saintdominique\/wp-content\/uploads\/sites\/56\/2025\/06\/20250530_Festicubes-st-dominique9-768x432.jpg 768w, https:\/\/cssdn.gouv.qc.ca\/saintdominique\/wp-content\/uploads\/sites\/56\/2025\/06\/20250530_Festicubes-st-dominique9-1536x864.jpg 1536w\" data-sizes=\"(max-width: 1796px) 100vw, 1796px\" src=\"data:image\/svg+xml;base64,PHN2ZyB3aWR0aD0iMSIgaGVpZ2h0PSIxIiB4bWxucz0iaHR0cDovL3d3dy53My5vcmcvMjAwMC9zdmciPjwvc3ZnPg==\" \/><\/figure>\n    <\/div>\n    <div class=\"wp-block-post-content\">\n        <div class=\"wp-block-post-date\"><time datetime=\"2025-06-02T11:52:59-04:00\">2 juin 2025<\/time><\/div>\n        <h2 class=\"wp-block-post-title\">Festi-Cubes \u00e0 Saint-Dominique : une journ\u00e9e pleine d\u2019\u00e9nergie!<\/h2>\n\n        <div class=\"wp-block-post-excerpt\"><p class=\"wp-block-post-excerpt__excerpt\">La cour d\u2019\u00e9cole de l&rsquo;\u00e9cole Saint-Dominique s\u2019est anim\u00e9e jeudi \u00e0 l\u2019occasion du Festi-Cubes, une grande f\u00eate sportive organis\u00e9e par le comit\u00e9 sant\u00e9 afin de souligner l\u2019atteinte de notre objectif dans le cadre du d\u00e9fi des Cubes \u00c9nergie. <\/p><\/div>\n        <a aria-label=\"Festi-Cubes \u00e0 Saint-Dominique : une journ\u00e9e pleine d\u2019\u00e9nergie!\" class=\"wp-block-read-more\" href=\"https:\/\/cssdn.gouv.qc.ca\/saintdominique\/2025\/06\/02\/festi-cubes-a-saint-dominique-une-journee-pleine-denergie\/\" target=\"_self\">En savoir plus<span class=\"screen-reader-text\">\u00a0: Festi-Cubes \u00e0 Saint-Dominique : une journ\u00e9e pleine d\u2019\u00e9nergie!<\/span><\/a>\n    <\/div><\/div>                <\/li>\n                                            <li class=\"archive-listing__item\">\n                     <div class=\"actualite-card\">    <div class=\"wp-block-post-image\">\n    <figure class=\"wp-block-post-featured-image\"><img decoding=\"async\" width=\"940\" height=\"788\" data-src=\"https:\/\/cssdn.gouv.qc.ca\/saintdominique\/wp-content\/uploads\/sites\/56\/2025\/05\/Cap-sur-vos-possibilites-general-Publications-FB-25.png\" class=\"attachment-post-thumbnail size-post-thumbnail wp-post-image lazyload\" alt=\"\" style=\"--smush-placeholder-width: 940px; --smush-placeholder-aspect-ratio: 940\/788;object-fit:cover;\" data-srcset=\"https:\/\/cssdn.gouv.qc.ca\/saintdominique\/wp-content\/uploads\/sites\/56\/2025\/05\/Cap-sur-vos-possibilites-general-Publications-FB-25.png 940w, https:\/\/cssdn.gouv.qc.ca\/saintdominique\/wp-content\/uploads\/sites\/56\/2025\/05\/Cap-sur-vos-possibilites-general-Publications-FB-25-300x251.png 300w, https:\/\/cssdn.gouv.qc.ca\/saintdominique\/wp-content\/uploads\/sites\/56\/2025\/05\/Cap-sur-vos-possibilites-general-Publications-FB-25-768x644.png 768w\" data-sizes=\"(max-width: 940px) 100vw, 940px\" src=\"data:image\/svg+xml;base64,PHN2ZyB3aWR0aD0iMSIgaGVpZ2h0PSIxIiB4bWxucz0iaHR0cDovL3d3dy53My5vcmcvMjAwMC9zdmciPjwvc3ZnPg==\" \/><\/figure>\n    <\/div>\n    <div class=\"wp-block-post-content\">\n        <div class=\"wp-block-post-date\"><time datetime=\"2025-05-26T09:22:06-04:00\">26 mai 2025<\/time><\/div>\n        <h2 class=\"wp-block-post-title\">\ud83d\udce2 D\u00e9couvrez nos emplois en vedette dans la semaine du 26 mai 2025!<\/h2>\n\n        <div class=\"wp-block-post-excerpt\"><p class=\"wp-block-post-excerpt__excerpt\">Cette semaine, nous cherchons une ou un technicien(ne) en \u00e9ducation sp\u00e9cialis\u00e9e, une enseignante ou un enseignant au primaire, une enseignante ou un enseignant au DEP Matelotage et quelques autres personnes pour joindre notre flotte! <\/p><\/div>\n        <a aria-label=\"\ud83d\udce2 D\u00e9couvrez nos emplois en vedette dans la semaine du 26 mai 2025!\" class=\"wp-block-read-more\" href=\"https:\/\/cssdn.gouv.qc.ca\/saintdominique\/2025\/05\/26\/%f0%9f%93%a2-decouvrez-nos-emplois-en-vedette-dans-la-semaine-du-26-mai-2025\/\" target=\"_self\">En savoir plus<span class=\"screen-reader-text\">\u00a0: \ud83d\udce2 D\u00e9couvrez nos emplois en vedette dans la semaine du 26 mai 2025!<\/span><\/a>\n    <\/div><\/div>                <\/li>\n                                            <li class=\"archive-listing__item\">\n                     <div class=\"actualite-card\">    <div class=\"wp-block-post-image\">\n    <figure class=\"wp-block-post-featured-image\"><img decoding=\"async\" width=\"2000\" height=\"1500\" data-src=\"https:\/\/cssdn.gouv.qc.ca\/saintdominique\/wp-content\/uploads\/sites\/56\/2025\/05\/reves-saint-dominique-2025-2.jpg\" class=\"attachment-post-thumbnail size-post-thumbnail wp-post-image lazyload\" alt=\"\" style=\"--smush-placeholder-width: 2000px; --smush-placeholder-aspect-ratio: 2000\/1500;object-fit:cover;\" data-srcset=\"https:\/\/cssdn.gouv.qc.ca\/saintdominique\/wp-content\/uploads\/sites\/56\/2025\/05\/reves-saint-dominique-2025-2.jpg 2000w, https:\/\/cssdn.gouv.qc.ca\/saintdominique\/wp-content\/uploads\/sites\/56\/2025\/05\/reves-saint-dominique-2025-2-300x225.jpg 300w, https:\/\/cssdn.gouv.qc.ca\/saintdominique\/wp-content\/uploads\/sites\/56\/2025\/05\/reves-saint-dominique-2025-2-1024x768.jpg 1024w, https:\/\/cssdn.gouv.qc.ca\/saintdominique\/wp-content\/uploads\/sites\/56\/2025\/05\/reves-saint-dominique-2025-2-768x576.jpg 768w, https:\/\/cssdn.gouv.qc.ca\/saintdominique\/wp-content\/uploads\/sites\/56\/2025\/05\/reves-saint-dominique-2025-2-1536x1152.jpg 1536w\" data-sizes=\"(max-width: 2000px) 100vw, 2000px\" src=\"data:image\/svg+xml;base64,PHN2ZyB3aWR0aD0iMSIgaGVpZ2h0PSIxIiB4bWxucz0iaHR0cDovL3d3dy53My5vcmcvMjAwMC9zdmciPjwvc3ZnPg==\" \/><\/figure>\n    <\/div>\n    <div class=\"wp-block-post-content\">\n        <div class=\"wp-block-post-date\"><time datetime=\"2025-05-13T11:55:25-04:00\">13 mai 2025<\/time><\/div>\n        <h2 class=\"wp-block-post-title\">Transformer un paysage en monde de r\u00eave \u00e0 Saint-Dominique<\/h2>\n\n        <div class=\"wp-block-post-excerpt\"><p class=\"wp-block-post-excerpt__excerpt\">Les \u00e9l\u00e8ves de 2e ann\u00e9e de la classe de madame Isabelle et de 5e ann\u00e9e de la classe de madame Jessica, \u00e0 l&rsquo;\u00e9cole Saint-Dominique, ont imagin\u00e9 leur monde de r\u00eaves et ils ont dessin\u00e9 leur vision. <\/p><\/div>\n        <a aria-label=\"Transformer un paysage en monde de r\u00eave \u00e0 Saint-Dominique\" class=\"wp-block-read-more\" href=\"https:\/\/cssdn.gouv.qc.ca\/saintdominique\/2025\/05\/13\/transformer-un-paysage-en-monde-de-reve-a-saint-dominique\/\" target=\"_self\">En savoir plus<span class=\"screen-reader-text\">\u00a0: Transformer un paysage en monde de r\u00eave \u00e0 Saint-Dominique<\/span><\/a>\n    <\/div><\/div>                <\/li>\n                                            <li class=\"archive-listing__item\">\n                     <div class=\"actualite-card\">    <div class=\"wp-block-post-image\">\n    <figure class=\"wp-block-post-featured-image\"><img decoding=\"async\" width=\"2560\" height=\"1920\" data-src=\"https:\/\/cssdn.gouv.qc.ca\/saintdominique\/wp-content\/uploads\/sites\/56\/2025\/03\/IMG_0491-scaled.jpeg\" class=\"attachment-post-thumbnail size-post-thumbnail wp-post-image lazyload\" alt=\"\" style=\"--smush-placeholder-width: 2560px; --smush-placeholder-aspect-ratio: 2560\/1920;object-fit:cover;\" data-srcset=\"https:\/\/cssdn.gouv.qc.ca\/saintdominique\/wp-content\/uploads\/sites\/56\/2025\/03\/IMG_0491-scaled.jpeg 2560w, https:\/\/cssdn.gouv.qc.ca\/saintdominique\/wp-content\/uploads\/sites\/56\/2025\/03\/IMG_0491-300x225.jpeg 300w, https:\/\/cssdn.gouv.qc.ca\/saintdominique\/wp-content\/uploads\/sites\/56\/2025\/03\/IMG_0491-1024x768.jpeg 1024w, https:\/\/cssdn.gouv.qc.ca\/saintdominique\/wp-content\/uploads\/sites\/56\/2025\/03\/IMG_0491-768x576.jpeg 768w, https:\/\/cssdn.gouv.qc.ca\/saintdominique\/wp-content\/uploads\/sites\/56\/2025\/03\/IMG_0491-1536x1152.jpeg 1536w, https:\/\/cssdn.gouv.qc.ca\/saintdominique\/wp-content\/uploads\/sites\/56\/2025\/03\/IMG_0491-2048x1536.jpeg 2048w\" data-sizes=\"(max-width: 2560px) 100vw, 2560px\" src=\"data:image\/svg+xml;base64,PHN2ZyB3aWR0aD0iMSIgaGVpZ2h0PSIxIiB4bWxucz0iaHR0cDovL3d3dy53My5vcmcvMjAwMC9zdmciPjwvc3ZnPg==\" \/><\/figure>\n    <\/div>\n    <div class=\"wp-block-post-content\">\n        <div class=\"wp-block-post-date\"><time datetime=\"2025-03-03T10:59:43-05:00\">3 mars 2025<\/time><\/div>\n        <h2 class=\"wp-block-post-title\">Le Fest\u2019Hiver \u00e0 l\u2019\u00c9cole Saint-Dominique : bouger, jouer \u00e0 l\u2019ext\u00e9rieur et s\u2019amuser ensemble!<\/h2>\n\n        <div class=\"wp-block-post-excerpt\"><p class=\"wp-block-post-excerpt__excerpt\">La cour de l\u2019\u00c9cole Saint-Dominique s\u2019est transform\u00e9e en v\u00e9ritable terrain de jeu pour c\u00e9l\u00e9brer les plaisirs de l\u2019hiver, mercredi dernier, le 26 f\u00e9vrier! L\u2019\u00e9dition 2025 du Fest\u2019Hiver a rassembl\u00e9 \u00e9l\u00e8ves et le personnel enseignant dans une ambiance festive o\u00f9 le plaisir de bouger \u00e9tait \u00e0 l\u2019honneur. <\/p><\/div>\n        <a aria-label=\"Le Fest\u2019Hiver \u00e0 l\u2019\u00c9cole Saint-Dominique : bouger, jouer \u00e0 l\u2019ext\u00e9rieur et s\u2019amuser ensemble!\" class=\"wp-block-read-more\" href=\"https:\/\/cssdn.gouv.qc.ca\/saintdominique\/2025\/03\/03\/le-festhiver-a-lecole-saint-dominique-bouger-jouer-a-lexterieur-et-samuser-ensemble\/\" target=\"_self\">En savoir plus<span class=\"screen-reader-text\">\u00a0: Le Fest\u2019Hiver \u00e0 l\u2019\u00c9cole Saint-Dominique : bouger, jouer \u00e0 l\u2019ext\u00e9rieur et s\u2019amuser ensemble!<\/span><\/a>\n    <\/div><\/div>                <\/li>\n                                            <li class=\"archive-listing__item\">\n                     <div class=\"actualite-card\">    <div class=\"wp-block-post-image\">\n    <figure class=\"wp-block-post-featured-image\"><img decoding=\"async\" width=\"1080\" height=\"508\" data-src=\"https:\/\/cssdn.gouv.qc.ca\/saintdominique\/wp-content\/uploads\/sites\/56\/2025\/03\/logocampanglais24-1.jpg\" class=\"attachment-post-thumbnail size-post-thumbnail wp-post-image lazyload\" alt=\"\" style=\"--smush-placeholder-width: 1080px; --smush-placeholder-aspect-ratio: 1080\/508;object-fit:cover;\" data-srcset=\"https:\/\/cssdn.gouv.qc.ca\/saintdominique\/wp-content\/uploads\/sites\/56\/2025\/03\/logocampanglais24-1.jpg 1080w, https:\/\/cssdn.gouv.qc.ca\/saintdominique\/wp-content\/uploads\/sites\/56\/2025\/03\/logocampanglais24-1-300x141.jpg 300w, https:\/\/cssdn.gouv.qc.ca\/saintdominique\/wp-content\/uploads\/sites\/56\/2025\/03\/logocampanglais24-1-1024x482.jpg 1024w, https:\/\/cssdn.gouv.qc.ca\/saintdominique\/wp-content\/uploads\/sites\/56\/2025\/03\/logocampanglais24-1-768x361.jpg 768w\" data-sizes=\"(max-width: 1080px) 100vw, 1080px\" src=\"data:image\/svg+xml;base64,PHN2ZyB3aWR0aD0iMSIgaGVpZ2h0PSIxIiB4bWxucz0iaHR0cDovL3d3dy53My5vcmcvMjAwMC9zdmciPjwvc3ZnPg==\" \/><\/figure>\n    <\/div>\n    <div class=\"wp-block-post-content\">\n        <div class=\"wp-block-post-date\"><time datetime=\"2025-02-24T09:53:23-05:00\">24 f\u00e9vrier 2025<\/time><\/div>\n        <h2 class=\"wp-block-post-title\">Inscription au Camp d&rsquo;anglais du Centre de services scolaire des Navigateurs<\/h2>\n\n        <div class=\"wp-block-post-excerpt\"><p class=\"wp-block-post-excerpt__excerpt\">Pour une 24e ann\u00e9e, il vous sera possible d\u2019inscrire vos enfants au Camp d\u2019anglais du CSSDN. Ce camp est offert en collaboration avec les Loisirs Saint-Sacrement et il s&rsquo;adresse aux \u00e9l\u00e8ves du primaire, ayant atteint 5 ans au plus tard le 30 septembre 2024. <\/p><\/div>\n        <a aria-label=\"Inscription au Camp d&amp;rsquo;anglais du Centre de services scolaire des Navigateurs\" class=\"wp-block-read-more\" href=\"https:\/\/cssdn.gouv.qc.ca\/saintdominique\/2025\/02\/24\/inscription-au-camp-danglais-du-centre-de-services-scolaire-des-navigateurs\/\" target=\"_self\">En savoir plus<span class=\"screen-reader-text\">\u00a0: Inscription au Camp d&rsquo;anglais du Centre de services scolaire des Navigateurs<\/span><\/a>\n    <\/div><\/div>                <\/li>\n                                            <li class=\"archive-listing__item\">\n                     <div class=\"actualite-card\">    <div class=\"wp-block-post-image\">\n    <figure class=\"wp-block-post-featured-image\"><img decoding=\"async\" width=\"2862\" height=\"1494\" data-src=\"https:\/\/cssdn.gouv.qc.ca\/saintdominique\/wp-content\/uploads\/sites\/56\/2025\/02\/Highway-to-hell.png\" class=\"attachment-post-thumbnail size-post-thumbnail wp-post-image lazyload\" alt=\"\" style=\"--smush-placeholder-width: 2862px; --smush-placeholder-aspect-ratio: 2862\/1494;object-fit:cover;\" data-srcset=\"https:\/\/cssdn.gouv.qc.ca\/saintdominique\/wp-content\/uploads\/sites\/56\/2025\/02\/Highway-to-hell.png 2862w, https:\/\/cssdn.gouv.qc.ca\/saintdominique\/wp-content\/uploads\/sites\/56\/2025\/02\/Highway-to-hell-300x157.png 300w, https:\/\/cssdn.gouv.qc.ca\/saintdominique\/wp-content\/uploads\/sites\/56\/2025\/02\/Highway-to-hell-1024x535.png 1024w, https:\/\/cssdn.gouv.qc.ca\/saintdominique\/wp-content\/uploads\/sites\/56\/2025\/02\/Highway-to-hell-768x401.png 768w, https:\/\/cssdn.gouv.qc.ca\/saintdominique\/wp-content\/uploads\/sites\/56\/2025\/02\/Highway-to-hell-1536x802.png 1536w, https:\/\/cssdn.gouv.qc.ca\/saintdominique\/wp-content\/uploads\/sites\/56\/2025\/02\/Highway-to-hell-2048x1069.png 2048w\" data-sizes=\"(max-width: 2862px) 100vw, 2862px\" src=\"data:image\/svg+xml;base64,PHN2ZyB3aWR0aD0iMSIgaGVpZ2h0PSIxIiB4bWxucz0iaHR0cDovL3d3dy53My5vcmcvMjAwMC9zdmciPjwvc3ZnPg==\" \/><\/figure>\n    <\/div>\n    <div class=\"wp-block-post-content\">\n        <div class=\"wp-block-post-date\"><time datetime=\"2025-02-17T11:53:55-05:00\">17 f\u00e9vrier 2025<\/time><\/div>\n        <h2 class=\"wp-block-post-title\">Tous ensemble en harmonie avec la musique<\/h2>\n\n        <div class=\"wp-block-post-excerpt\"><p class=\"wp-block-post-excerpt__excerpt\">L&rsquo;initiative \u00ab Tous ensemble en harmonie avec la musique \u00bb regroupe les talents musicaux des \u00e9coles secondaires du CSSDN dans le but d&rsquo;amener les \u00e9l\u00e8ves du 3e cycle du primaire \u00e0 d\u00e9couvrir les bienfaits de la pratique de la musique. Bravo et merci aux enseignant(e)s de musique du CSSDN! <\/p><\/div>\n        <a aria-label=\"Tous ensemble en harmonie avec la musique\" class=\"wp-block-read-more\" href=\"https:\/\/cssdn.gouv.qc.ca\/saintdominique\/2025\/02\/17\/tous-ensemble-en-harmonie-avec-la-musique\/\" target=\"_self\">En savoir plus<span class=\"screen-reader-text\">\u00a0: Tous ensemble en harmonie avec la musique<\/span><\/a>\n    <\/div><\/div>                <\/li>\n                    <\/ul>\n        <\/div>\n\n\n\n<div class=\"is-content-justification-right wp-block-buttons alignwide\">\n<div class=\"wp-block-button\"><a class=\"wp-block-button__link wp-element-button\" href=\"https:\/\/cssdn.gouv.qc.ca\/saintdominique\/actualites\/\" target=\"_blank\" rel=\"noreferrer noopener\">Voir toutes les actualit\u00e9s<img decoding=\"async\" class=\"wp-image-243 lazyload\" style=\"width: 0px\" data-src=\"https:\/\/cssdn.gouv.qc.ca\/wp-content\/uploads\/2022\/09\/Arrow_Left_SM.svg\" alt=\"\" src=\"data:image\/svg+xml;base64,PHN2ZyB3aWR0aD0iMSIgaGVpZ2h0PSIxIiB4bWxucz0iaHR0cDovL3d3dy53My5vcmcvMjAwMC9zdmciPjwvc3ZnPg==\"><\/a><\/div>\n<\/div>\n<\/div>\n\n\n\n<div class=\"wp-block-group alignwide\">\n<h2 class=\"wp-block-heading alignwide has-gap-x-large-bottom has-heading-1-font-size\">Calendrier<\/h2>\n\n\n\n<div class=\"wp-block-columns alignwide has-gap-ultra-large-bottom\">\n<div class=\"wp-block-column\"><div class=\"align wp-block-acf-act-date-list\" id=\"testimonial-block_e8a4dc5e4bda160b2ac9fe73fe344de6\"><div class=\"wp-block-group\"><\/div><\/div><\/div>\n\n\n\n<div class=\"wp-block-column\">\n<div style=\"--layout--content-size: ;--layout--wide-size: ;\" class=\"wp-block-group calendar-container\"><div class=\"act-post-calendar\">\n\n<\/div>\n<script>\n    if (document.querySelectorAll('.act-post-calendar').length > 0) {\n        var actPostCalendarPopups = {\n             '2024-12-09': {\n                    modifier: 'bg-accent',\n                    html: '<a href=\"https:\/\/cssdn.gouv.qc.ca\/saintdominique\/evenements\/commandes-maison-lavande\/\">Commandes &#8211; Maison Lavande<\/a>'\n                },\n             '2024-12-10': {\n                    modifier: 'bg-accent',\n                    html: '<a href=\"https:\/\/cssdn.gouv.qc.ca\/saintdominique\/evenements\/commandes-maison-lavande\/\">Commandes &#8211; Maison Lavande<\/a>'\n                },\n             '2024-12-11': {\n                    modifier: 'bg-accent',\n                    html: '<a href=\"https:\/\/cssdn.gouv.qc.ca\/saintdominique\/evenements\/commandes-maison-lavande\/\">Commandes &#8211; Maison Lavande<\/a>'\n                },\n             '2024-12-12': {\n                    modifier: 'bg-accent',\n                    html: '<a href=\"https:\/\/cssdn.gouv.qc.ca\/saintdominique\/evenements\/commandes-maison-lavande\/\">Commandes &#8211; Maison Lavande<\/a>'\n                },\n             '2024-12-13': {\n                    modifier: 'bg-accent',\n                    html: '<a href=\"https:\/\/cssdn.gouv.qc.ca\/saintdominique\/evenements\/commandes-maison-lavande\/\">Commandes &#8211; Maison Lavande<\/a>'\n                },\n             '2024-12-14': {\n                    modifier: 'bg-accent',\n                    html: '<a href=\"https:\/\/cssdn.gouv.qc.ca\/saintdominique\/evenements\/commandes-maison-lavande\/\">Commandes &#8211; Maison Lavande<\/a>'\n                },\n             '2024-12-15': {\n                    modifier: 'bg-accent',\n                    html: '<a href=\"https:\/\/cssdn.gouv.qc.ca\/saintdominique\/evenements\/commandes-maison-lavande\/\">Commandes &#8211; Maison Lavande<\/a>'\n                },\n             '2024-12-16': {\n                    modifier: 'bg-accent',\n                    html: '<a href=\"https:\/\/cssdn.gouv.qc.ca\/saintdominique\/evenements\/commandes-maison-lavande\/\">Commandes &#8211; Maison Lavande<\/a>'\n                },\n             '2024-12-17': {\n                    modifier: 'bg-accent',\n                    html: '<a href=\"https:\/\/cssdn.gouv.qc.ca\/saintdominique\/evenements\/commandes-maison-lavande\/\">Commandes &#8211; Maison Lavande<\/a>'\n                },\n             '2024-12-18': {\n                    modifier: 'bg-accent',\n                    html: '<a href=\"https:\/\/cssdn.gouv.qc.ca\/saintdominique\/evenements\/commandes-maison-lavande\/\">Commandes &#8211; Maison Lavande<\/a><br \/><a href=\"https:\/\/cssdn.gouv.qc.ca\/saintdominique\/evenements\/journee-chandail-de-noel\/\">Journ\u00e9e \u00ab\u00a0Chandail de No\u00ebl\u00a0\u00bb<\/a>'\n                },\n             '2024-12-19': {\n                    modifier: 'bg-accent',\n                    html: '<a href=\"https:\/\/cssdn.gouv.qc.ca\/saintdominique\/evenements\/commandes-maison-lavande\/\">Commandes &#8211; Maison Lavande<\/a><br \/><a href=\"https:\/\/cssdn.gouv.qc.ca\/saintdominique\/evenements\/journee-accessoires-de-noel\/\">Journ\u00e9e \u00ab\u00a0Accessoires de No\u00ebl\u00a0\u00bb<\/a>'\n                },\n             '2024-12-20': {\n                    modifier: 'bg-accent',\n                    html: '<a href=\"https:\/\/cssdn.gouv.qc.ca\/saintdominique\/evenements\/commandes-maison-lavande\/\">Commandes &#8211; Maison Lavande<\/a><br \/><a href=\"https:\/\/cssdn.gouv.qc.ca\/saintdominique\/evenements\/journee-vetements-preferes\/\">Journ\u00e9e \u00ab\u00a0V\u00eatements pr\u00e9f\u00e9r\u00e9s\u00a0\u00bb<\/a>'\n                },\n             '2024-12-21': {\n                    modifier: 'bg-accent',\n                    html: '<a href=\"https:\/\/cssdn.gouv.qc.ca\/saintdominique\/evenements\/commandes-maison-lavande\/\">Commandes &#8211; Maison Lavande<\/a>'\n                },\n             '2024-12-22': {\n                    modifier: 'bg-accent',\n                    html: '<a href=\"https:\/\/cssdn.gouv.qc.ca\/saintdominique\/evenements\/commandes-maison-lavande\/\">Commandes &#8211; Maison Lavande<\/a>'\n                },\n             '2024-12-23': {\n                    modifier: 'bg-accent',\n                    html: '<a href=\"https:\/\/cssdn.gouv.qc.ca\/saintdominique\/evenements\/commandes-maison-lavande\/\">Commandes &#8211; Maison Lavande<\/a>'\n                },\n             '2024-12-24': {\n                    modifier: 'bg-accent',\n                    html: '<a href=\"https:\/\/cssdn.gouv.qc.ca\/saintdominique\/evenements\/commandes-maison-lavande\/\">Commandes &#8211; Maison Lavande<\/a>'\n                },\n             '2024-12-25': {\n                    modifier: 'bg-accent',\n                    html: '<a href=\"https:\/\/cssdn.gouv.qc.ca\/saintdominique\/evenements\/commandes-maison-lavande\/\">Commandes &#8211; Maison Lavande<\/a>'\n                },\n             '2024-12-26': {\n                    modifier: 'bg-accent',\n                    html: '<a href=\"https:\/\/cssdn.gouv.qc.ca\/saintdominique\/evenements\/commandes-maison-lavande\/\">Commandes &#8211; Maison Lavande<\/a>'\n                },\n             '2024-12-27': {\n                    modifier: 'bg-accent',\n                    html: '<a href=\"https:\/\/cssdn.gouv.qc.ca\/saintdominique\/evenements\/commandes-maison-lavande\/\">Commandes &#8211; Maison Lavande<\/a>'\n                },\n             '2024-12-28': {\n                    modifier: 'bg-accent',\n                    html: '<a href=\"https:\/\/cssdn.gouv.qc.ca\/saintdominique\/evenements\/commandes-maison-lavande\/\">Commandes &#8211; Maison Lavande<\/a>'\n                },\n             '2024-12-29': {\n                    modifier: 'bg-accent',\n                    html: '<a href=\"https:\/\/cssdn.gouv.qc.ca\/saintdominique\/evenements\/commandes-maison-lavande\/\">Commandes &#8211; Maison Lavande<\/a>'\n                },\n             '2024-12-30': {\n                    modifier: 'bg-accent',\n                    html: '<a href=\"https:\/\/cssdn.gouv.qc.ca\/saintdominique\/evenements\/commandes-maison-lavande\/\">Commandes &#8211; Maison Lavande<\/a>'\n                },\n             '2024-12-31': {\n                    modifier: 'bg-accent',\n                    html: '<a href=\"https:\/\/cssdn.gouv.qc.ca\/saintdominique\/evenements\/commandes-maison-lavande\/\">Commandes &#8211; Maison Lavande<\/a>'\n                },\n             '2025-01-01': {\n                    modifier: 'bg-accent',\n                    html: '<a href=\"https:\/\/cssdn.gouv.qc.ca\/saintdominique\/evenements\/commandes-maison-lavande\/\">Commandes &#8211; Maison Lavande<\/a>'\n                },\n             '2025-01-02': {\n                    modifier: 'bg-accent',\n                    html: '<a href=\"https:\/\/cssdn.gouv.qc.ca\/saintdominique\/evenements\/commandes-maison-lavande\/\">Commandes &#8211; Maison Lavande<\/a>'\n                },\n             '2025-01-03': {\n                    modifier: 'bg-accent',\n                    html: '<a href=\"https:\/\/cssdn.gouv.qc.ca\/saintdominique\/evenements\/commandes-maison-lavande\/\">Commandes &#8211; Maison Lavande<\/a>'\n                },\n             '2025-01-04': {\n                    modifier: 'bg-accent',\n                    html: '<a href=\"https:\/\/cssdn.gouv.qc.ca\/saintdominique\/evenements\/commandes-maison-lavande\/\">Commandes &#8211; Maison Lavande<\/a>'\n                },\n             '2025-01-05': {\n                    modifier: 'bg-accent',\n                    html: '<a href=\"https:\/\/cssdn.gouv.qc.ca\/saintdominique\/evenements\/commandes-maison-lavande\/\">Commandes &#8211; Maison Lavande<\/a>'\n                },\n             '2025-01-06': {\n                    modifier: 'bg-accent',\n                    html: '<a href=\"https:\/\/cssdn.gouv.qc.ca\/saintdominique\/evenements\/commandes-maison-lavande\/\">Commandes &#8211; Maison Lavande<\/a>'\n                },\n             '2025-01-07': {\n                    modifier: 'bg-accent',\n                    html: '<a href=\"https:\/\/cssdn.gouv.qc.ca\/saintdominique\/evenements\/commandes-maison-lavande\/\">Commandes &#8211; Maison Lavande<\/a>'\n                },\n             '2025-01-08': {\n                    modifier: 'bg-accent',\n                    html: '<a href=\"https:\/\/cssdn.gouv.qc.ca\/saintdominique\/evenements\/commandes-maison-lavande\/\">Commandes &#8211; Maison Lavande<\/a>'\n                },\n             '2025-01-09': {\n                    modifier: 'bg-accent',\n                    html: '<a href=\"https:\/\/cssdn.gouv.qc.ca\/saintdominique\/evenements\/commandes-maison-lavande\/\">Commandes &#8211; Maison Lavande<\/a>'\n                },\n             '2025-01-10': {\n                    modifier: 'bg-accent',\n                    html: '<a href=\"https:\/\/cssdn.gouv.qc.ca\/saintdominique\/evenements\/commandes-maison-lavande\/\">Commandes &#8211; Maison Lavande<\/a>'\n                },\n             '2025-02-03': {\n                    modifier: 'bg-accent',\n                    html: '<a href=\"https:\/\/cssdn.gouv.qc.ca\/saintdominique\/evenements\/inscription-2025-2026\/\">Inscription 2025-2026<\/a>'\n                },\n             '2025-02-04': {\n                    modifier: 'bg-accent',\n                    html: '<a href=\"https:\/\/cssdn.gouv.qc.ca\/saintdominique\/evenements\/inscription-2025-2026\/\">Inscription 2025-2026<\/a>'\n                },\n             '2025-02-05': {\n                    modifier: 'bg-accent',\n                    html: '<a href=\"https:\/\/cssdn.gouv.qc.ca\/saintdominique\/evenements\/inscription-2025-2026\/\">Inscription 2025-2026<\/a>'\n                },\n             '2025-02-06': {\n                    modifier: 'bg-accent',\n                    html: '<a href=\"https:\/\/cssdn.gouv.qc.ca\/saintdominique\/evenements\/inscription-2025-2026\/\">Inscription 2025-2026<\/a>'\n                },\n             '2025-02-07': {\n                    modifier: 'bg-accent',\n                    html: '<a href=\"https:\/\/cssdn.gouv.qc.ca\/saintdominique\/evenements\/inscription-2025-2026\/\">Inscription 2025-2026<\/a>'\n                },\n             '2025-02-08': {\n                    modifier: 'bg-accent',\n                    html: '<a href=\"https:\/\/cssdn.gouv.qc.ca\/saintdominique\/evenements\/inscription-2025-2026\/\">Inscription 2025-2026<\/a>'\n                },\n             '2025-02-09': {\n                    modifier: 'bg-accent',\n                    html: '<a href=\"https:\/\/cssdn.gouv.qc.ca\/saintdominique\/evenements\/inscription-2025-2026\/\">Inscription 2025-2026<\/a>'\n                },\n             '2025-02-10': {\n                    modifier: 'bg-accent',\n                    html: '<a href=\"https:\/\/cssdn.gouv.qc.ca\/saintdominique\/evenements\/inscription-2025-2026\/\">Inscription 2025-2026<\/a>'\n                },\n             '2025-02-11': {\n                    modifier: 'bg-accent',\n                    html: '<a href=\"https:\/\/cssdn.gouv.qc.ca\/saintdominique\/evenements\/inscription-2025-2026\/\">Inscription 2025-2026<\/a>'\n                },\n             '2025-02-12': {\n                    modifier: 'bg-accent',\n                    html: '<a href=\"https:\/\/cssdn.gouv.qc.ca\/saintdominique\/evenements\/inscription-2025-2026\/\">Inscription 2025-2026<\/a>'\n                },\n             '2025-02-13': {\n                    modifier: 'bg-accent',\n                    html: '<a href=\"https:\/\/cssdn.gouv.qc.ca\/saintdominique\/evenements\/inscription-2025-2026\/\">Inscription 2025-2026<\/a>'\n                },\n             '2025-02-14': {\n                    modifier: 'bg-accent',\n                    html: '<a href=\"https:\/\/cssdn.gouv.qc.ca\/saintdominique\/evenements\/inscription-2025-2026\/\">Inscription 2025-2026<\/a>'\n                },\n             '2025-05-22': {\n                    modifier: 'bg-accent',\n                    html: '<a href=\"https:\/\/cssdn.gouv.qc.ca\/saintdominique\/evenements\/prescolaire-2025-2026\/\">Pr\u00e9scolaire 2025-2026<\/a>'\n                },\n             '2025-12-15': {\n                    modifier: 'bg-accent',\n                    html: '<a href=\"https:\/\/cssdn.gouv.qc.ca\/saintdominique\/evenements\/journees-thematiques-pour-noel\/\">Journ\u00e9e th\u00e9matique du 15 d\u00e9cembre<\/a>'\n                },\n             '2025-12-16': {\n                    modifier: 'bg-accent',\n                    html: '<a href=\"https:\/\/cssdn.gouv.qc.ca\/saintdominique\/evenements\/740\/\">Journ\u00e9e th\u00e9matique du 16 d\u00e9cembre<\/a>'\n                },\n             '2025-12-17': {\n                    modifier: 'bg-accent',\n                    html: '<a href=\"https:\/\/cssdn.gouv.qc.ca\/saintdominique\/evenements\/journees-thematiques-pour-noel-2\/\">Journ\u00e9e th\u00e9matique du 17 d\u00e9cembre<\/a>'\n                },\n             '2025-12-18': {\n                    modifier: 'bg-accent',\n                    html: '<a href=\"https:\/\/cssdn.gouv.qc.ca\/saintdominique\/evenements\/journees-thematiques-pour-noel-3\/\">Journ\u00e9e th\u00e9matique du 18 d\u00e9cembre<\/a>'\n                },\n             '2025-12-19': {\n                    modifier: 'bg-accent',\n                    html: '<a href=\"https:\/\/cssdn.gouv.qc.ca\/saintdominique\/evenements\/journees-thematiques-pour-noel-3\/\">Journ\u00e9e th\u00e9matique du 18 d\u00e9cembre<\/a><br \/><a href=\"https:\/\/cssdn.gouv.qc.ca\/saintdominique\/evenements\/journee-thematique-du-19-decembre\/\">Journ\u00e9e th\u00e9matique du 19 d\u00e9cembre<\/a>'\n                },\n                    }\n        var actPostCalendarMonths = [\n            'Janvier',\n            'F\u00e9vrier',\n            'Mars',\n            'Avril',\n            'Mai',\n            'Juin',\n            'Juillet',\n            'Ao\u00fbt',\n            'Septembre',\n            'Octobre',\n            'Novembre',\n            'D\u00e9cembre'\n        ]\n        var actPostCalendarWeekdays = ['D', 'L', 'M', 'M', 'J', 'V', 'S'];\n    }\n<\/script>\n\n\n<div class=\"wp-block-buttons\">\n<div class=\"wp-block-button\"><a class=\"wp-block-button__link wp-element-button\" href=\"https:\/\/cssdn.gouv.qc.ca\/saintdominique\/evenements\/\" target=\"_blank\" rel=\"noreferrer noopener\">Voir tous les \u00e9v\u00e9nements<img decoding=\"async\" class=\"wp-image-243 lazyload\" style=\"width: 0px\" data-src=\"https:\/\/cssdn.gouv.qc.ca\/wp-content\/uploads\/2022\/09\/Arrow_Left_SM.svg\" alt=\"\" src=\"data:image\/svg+xml;base64,PHN2ZyB3aWR0aD0iMSIgaGVpZ2h0PSIxIiB4bWxucz0iaHR0cDovL3d3dy53My5vcmcvMjAwMC9zdmciPjwvc3ZnPg==\"><\/a><\/div>\n<\/div>\n<\/div>\n<\/div>\n<\/div>\n<\/div>\n\n\n\n<div class=\"wp-block-group alignfull is-style-bg-gradient\"><section class=\"act-galerie-slider align alignwide act-galerie\">\n    <ul id=\"act-galerie-slider_69f4a1147d14e\">\n                    <li class=\"act-galerie-slider__item\">\n                <img decoding=\"async\" width=\"921\" height=\"630\" data-src=\"https:\/\/cssdn.gouv.qc.ca\/saintdominique\/wp-content\/uploads\/sites\/56\/2023\/10\/000_pentathlon_2018.jpg\" class=\"attachment-large size-large lazyload\" alt=\"\" data-srcset=\"https:\/\/cssdn.gouv.qc.ca\/saintdominique\/wp-content\/uploads\/sites\/56\/2023\/10\/000_pentathlon_2018.jpg 921w, https:\/\/cssdn.gouv.qc.ca\/saintdominique\/wp-content\/uploads\/sites\/56\/2023\/10\/000_pentathlon_2018-300x205.jpg 300w, https:\/\/cssdn.gouv.qc.ca\/saintdominique\/wp-content\/uploads\/sites\/56\/2023\/10\/000_pentathlon_2018-768x525.jpg 768w\" data-sizes=\"(max-width: 921px) 100vw, 921px\" src=\"data:image\/svg+xml;base64,PHN2ZyB3aWR0aD0iMSIgaGVpZ2h0PSIxIiB4bWxucz0iaHR0cDovL3d3dy53My5vcmcvMjAwMC9zdmciPjwvc3ZnPg==\" style=\"--smush-placeholder-width: 921px; --smush-placeholder-aspect-ratio: 921\/630;\" \/>            <\/li>\n                    <li class=\"act-galerie-slider__item\">\n                <img decoding=\"async\" width=\"1024\" height=\"768\" data-src=\"https:\/\/cssdn.gouv.qc.ca\/saintdominique\/wp-content\/uploads\/sites\/56\/2023\/10\/09_5a7-1024x768.jpg\" class=\"attachment-large size-large lazyload\" alt=\"\" data-srcset=\"https:\/\/cssdn.gouv.qc.ca\/saintdominique\/wp-content\/uploads\/sites\/56\/2023\/10\/09_5a7-1024x768.jpg 1024w, https:\/\/cssdn.gouv.qc.ca\/saintdominique\/wp-content\/uploads\/sites\/56\/2023\/10\/09_5a7-300x225.jpg 300w, https:\/\/cssdn.gouv.qc.ca\/saintdominique\/wp-content\/uploads\/sites\/56\/2023\/10\/09_5a7-768x576.jpg 768w, https:\/\/cssdn.gouv.qc.ca\/saintdominique\/wp-content\/uploads\/sites\/56\/2023\/10\/09_5a7.jpg 1152w\" data-sizes=\"(max-width: 1024px) 100vw, 1024px\" src=\"data:image\/svg+xml;base64,PHN2ZyB3aWR0aD0iMSIgaGVpZ2h0PSIxIiB4bWxucz0iaHR0cDovL3d3dy53My5vcmcvMjAwMC9zdmciPjwvc3ZnPg==\" style=\"--smush-placeholder-width: 1024px; --smush-placeholder-aspect-ratio: 1024\/768;\" \/>            <\/li>\n            <\/ul>\n<\/section>\n\n<\/div>\n\n\n\n<div class=\"wp-block-media-text alignwide is-stacked-on-mobile is-style-classic\"><figure class=\"wp-block-media-text__media\"><img decoding=\"async\" width=\"678\" height=\"1024\" data-src=\"https:\/\/cssdn.gouv.qc.ca\/saintdominique\/wp-content\/uploads\/sites\/56\/2023\/01\/Affiche-ecole-2-678x1024.jpg\" alt=\"\" class=\"wp-image-131 size-full lazyload\" data-srcset=\"https:\/\/cssdn.gouv.qc.ca\/saintdominique\/wp-content\/uploads\/sites\/56\/2023\/01\/Affiche-ecole-2-678x1024.jpg 678w, https:\/\/cssdn.gouv.qc.ca\/saintdominique\/wp-content\/uploads\/sites\/56\/2023\/01\/Affiche-ecole-2-199x300.jpg 199w, https:\/\/cssdn.gouv.qc.ca\/saintdominique\/wp-content\/uploads\/sites\/56\/2023\/01\/Affiche-ecole-2-768x1160.jpg 768w, https:\/\/cssdn.gouv.qc.ca\/saintdominique\/wp-content\/uploads\/sites\/56\/2023\/01\/Affiche-ecole-2-1017x1536.jpg 1017w, https:\/\/cssdn.gouv.qc.ca\/saintdominique\/wp-content\/uploads\/sites\/56\/2023\/01\/Affiche-ecole-2.jpg 1282w\" data-sizes=\"(max-width: 678px) 100vw, 678px\" src=\"data:image\/svg+xml;base64,PHN2ZyB3aWR0aD0iMSIgaGVpZ2h0PSIxIiB4bWxucz0iaHR0cDovL3d3dy53My5vcmcvMjAwMC9zdmciPjwvc3ZnPg==\" style=\"--smush-placeholder-width: 678px; --smush-placeholder-aspect-ratio: 678\/1024;\" \/><\/figure><div class=\"wp-block-media-text__content\">\n<h2 class=\"wp-block-heading has-heading-1-font-size\">Projet \u00e9ducatif<\/h2>\n\n\n\n<p class=\"wp-block-paragraph\">Le projet e\u0301ducatif est un outil strate\u0301gique permettant de de\u0301finir et de faire connai\u0302tre a\u0300 la communaute\u0301 e\u0301ducative d\u2019un e\u0301tablissement d\u2019enseignement des orientations, des priorite\u0301s d\u2019action et les re\u0301sultats attendus pour assurer la re\u0301ussite e\u0301ducative de tous les e\u0301le\u0300ves.<\/p>\n\n\n\n<div class=\"wp-block-buttons\">\n<div class=\"wp-block-button\"><a class=\"wp-block-button__link wp-element-button\" href=\"https:\/\/cssdn.gouv.qc.ca\/saintdominique\/projet-educatif\/\" target=\"_blank\" rel=\"noreferrer noopener\">En savoir plus sur notre projet \u00e9ducatif<img decoding=\"async\" class=\"wp-image-243 lazyload\" style=\"width: 0px\" data-src=\"https:\/\/cssdn.gouv.qc.ca\/wp-content\/uploads\/2022\/09\/Arrow_Left_SM.svg\" alt=\"\" src=\"data:image\/svg+xml;base64,PHN2ZyB3aWR0aD0iMSIgaGVpZ2h0PSIxIiB4bWxucz0iaHR0cDovL3d3dy53My5vcmcvMjAwMC9zdmciPjwvc3ZnPg==\"><\/a><\/div>\n<\/div>\n<\/div><\/div>\n\n\n\n<div class=\"wp-block-group alignfull has-white-background-color has-background\">\n<div class=\"wp-block-group alignfull has-white-background-color has-background\">\n<div class=\"wp-block-media-text alignwide is-stacked-on-mobile is-style-50-50\"><figure class=\"wp-block-media-text__media\"><img decoding=\"async\" width=\"300\" height=\"300\" data-src=\"https:\/\/cssdn.gouv.qc.ca\/saintdominique\/wp-content\/uploads\/sites\/56\/2022\/12\/logo_saintdominique_outline-300x300.png\" alt=\"\" class=\"wp-image-108 size-medium lazyload\" data-srcset=\"https:\/\/cssdn.gouv.qc.ca\/saintdominique\/wp-content\/uploads\/sites\/56\/2022\/12\/logo_saintdominique_outline-300x300.png 300w, https:\/\/cssdn.gouv.qc.ca\/saintdominique\/wp-content\/uploads\/sites\/56\/2022\/12\/logo_saintdominique_outline-1024x1024.png 1024w, https:\/\/cssdn.gouv.qc.ca\/saintdominique\/wp-content\/uploads\/sites\/56\/2022\/12\/logo_saintdominique_outline-150x150.png 150w, https:\/\/cssdn.gouv.qc.ca\/saintdominique\/wp-content\/uploads\/sites\/56\/2022\/12\/logo_saintdominique_outline-768x768.png 768w, https:\/\/cssdn.gouv.qc.ca\/saintdominique\/wp-content\/uploads\/sites\/56\/2022\/12\/logo_saintdominique_outline.png 1278w\" data-sizes=\"(max-width: 300px) 100vw, 300px\" src=\"data:image\/svg+xml;base64,PHN2ZyB3aWR0aD0iMSIgaGVpZ2h0PSIxIiB4bWxucz0iaHR0cDovL3d3dy53My5vcmcvMjAwMC9zdmciPjwvc3ZnPg==\" style=\"--smush-placeholder-width: 300px; --smush-placeholder-aspect-ratio: 300\/300;\" \/><\/figure><div class=\"wp-block-media-text__content\">\n<h2 class=\"wp-block-heading has-heading-1-font-size\">\u00c0 propos de l&rsquo;\u00e9cole<\/h2>\n\n\n\n<p class=\"wp-block-paragraph\">D\u00e9couvrez la mission, la vision ainsi que les valeurs de l\u2019\u00e9cole. Vous pouvez \u00e9galement consulter l\u2019horaire, le calendrier, notre \u00e9quipe, le conseil d\u2019\u00e9tablissement ainsi que notre rapport annuel.<\/p>\n\n\n\n<div class=\"wp-block-buttons\">\n<div class=\"wp-block-button\"><a class=\"wp-block-button__link wp-element-button\" href=\"https:\/\/cssdn.gouv.qc.ca\/saintdominique\/a-propos\/\" target=\"_blank\" rel=\"noreferrer noopener\">En savoir plus<img decoding=\"async\" class=\"wp-image-243 lazyload\" style=\"width: 0px\" data-src=\"https:\/\/cssdn.gouv.qc.ca\/wp-content\/uploads\/2022\/09\/Arrow_Left_SM.svg\" alt=\"\" src=\"data:image\/svg+xml;base64,PHN2ZyB3aWR0aD0iMSIgaGVpZ2h0PSIxIiB4bWxucz0iaHR0cDovL3d3dy53My5vcmcvMjAwMC9zdmciPjwvc3ZnPg==\"><\/a><\/div>\n<\/div>\n<\/div><\/div>\n<\/div>\n<\/div>\n","protected":false},"excerpt":{"rendered":"<p>Actualit\u00e9s Calendrier \u00c0 propos de l&rsquo;\u00e9cole D\u00e9couvrez la mission, la vision ainsi que les valeurs de l\u2019\u00e9cole. Vous pouvez \u00e9galement consulter l\u2019horaire, le calendrier, notre \u00e9quipe, le conseil d\u2019\u00e9tablissement ainsi que notre rapport annuel.<\/p>\n","protected":false},"author":1,"featured_media":0,"parent":0,"menu_order":10,"comment_status":"closed","ping_status":"closed","template":"","meta":{"_acf_changed":false,"_crdt_document":"","inline_featured_image":false,"footnotes":""},"categories":[],"tags":[],"class_list":["post-5","page","type-page","status-publish","hentry"],"acf":[],"yoast_head":"<!-- This site is optimized with the Yoast SEO plugin v27.5 - https:\/\/yoast.com\/product\/yoast-seo-wordpress\/ -->\n<title>Accueil - \u00c9cole Saint-Dominique<\/title>\n<meta name=\"robots\" content=\"index, follow, max-snippet:-1, max-image-preview:large, max-video-preview:-1\" \/>\n<link rel=\"canonical\" href=\"https:\/\/cssdn.gouv.qc.ca\/saintdominique\/\" \/>\n<meta property=\"og:locale\" content=\"fr_CA\" \/>\n<meta property=\"og:type\" content=\"article\" \/>\n<meta property=\"og:title\" content=\"Accueil - \u00c9cole Saint-Dominique\" \/>\n<meta property=\"og:description\" content=\"Actualit\u00e9s Calendrier \u00c0 propos de l&rsquo;\u00e9cole D\u00e9couvrez la mission, la vision ainsi que les valeurs de l\u2019\u00e9cole. Vous pouvez \u00e9galement consulter l\u2019horaire, le calendrier, notre \u00e9quipe, le conseil d\u2019\u00e9tablissement ainsi que notre rapport annuel.\" \/>\n<meta property=\"og:url\" content=\"https:\/\/cssdn.gouv.qc.ca\/saintdominique\/\" \/>\n<meta property=\"og:site_name\" content=\"\u00c9cole Saint-Dominique\" \/>\n<meta property=\"article:publisher\" content=\"https:\/\/www.facebook.com\/csdn.qc.ca\" \/>\n<meta property=\"article:modified_time\" content=\"2024-11-11T14:07:21+00:00\" \/>\n<meta property=\"og:image\" content=\"https:\/\/cssdn.gouv.qc.ca\/saintdominique\/wp-content\/uploads\/sites\/56\/2024\/05\/murale-1-e1716385817420.jpg\" \/>\n<meta name=\"twitter:card\" content=\"summary_large_image\" \/>\n<meta name=\"twitter:label1\" content=\"Estimation du temps de lecture\" \/>\n\t<meta name=\"twitter:data1\" content=\"2 minutes\" \/>\n<script type=\"application\/ld+json\" class=\"yoast-schema-graph\">{\"@context\":\"https:\\\/\\\/schema.org\",\"@graph\":[{\"@type\":\"WebPage\",\"@id\":\"https:\\\/\\\/cssdn.gouv.qc.ca\\\/saintdominique\\\/\",\"url\":\"https:\\\/\\\/cssdn.gouv.qc.ca\\\/saintdominique\\\/\",\"name\":\"Accueil - \u00c9cole Saint-Dominique\",\"isPartOf\":{\"@id\":\"https:\\\/\\\/cssdn.gouv.qc.ca\\\/saintdominique\\\/#website\"},\"primaryImageOfPage\":{\"@id\":\"https:\\\/\\\/cssdn.gouv.qc.ca\\\/saintdominique\\\/#primaryimage\"},\"image\":{\"@id\":\"https:\\\/\\\/cssdn.gouv.qc.ca\\\/saintdominique\\\/#primaryimage\"},\"thumbnailUrl\":\"https:\\\/\\\/cssdn.gouv.qc.ca\\\/saintdominique\\\/wp-content\\\/uploads\\\/sites\\\/56\\\/2024\\\/05\\\/murale-1-e1716385817420.jpg\",\"datePublished\":\"2022-11-08T21:07:53+00:00\",\"dateModified\":\"2024-11-11T14:07:21+00:00\",\"breadcrumb\":{\"@id\":\"https:\\\/\\\/cssdn.gouv.qc.ca\\\/saintdominique\\\/#breadcrumb\"},\"inLanguage\":\"fr-CA\",\"potentialAction\":[{\"@type\":\"ReadAction\",\"target\":[\"https:\\\/\\\/cssdn.gouv.qc.ca\\\/saintdominique\\\/\"]}]},{\"@type\":\"ImageObject\",\"inLanguage\":\"fr-CA\",\"@id\":\"https:\\\/\\\/cssdn.gouv.qc.ca\\\/saintdominique\\\/#primaryimage\",\"url\":\"https:\\\/\\\/cssdn.gouv.qc.ca\\\/saintdominique\\\/wp-content\\\/uploads\\\/sites\\\/56\\\/2024\\\/05\\\/murale-1-e1716385817420.jpg\",\"contentUrl\":\"https:\\\/\\\/cssdn.gouv.qc.ca\\\/saintdominique\\\/wp-content\\\/uploads\\\/sites\\\/56\\\/2024\\\/05\\\/murale-1-e1716385817420.jpg\",\"width\":1392,\"height\":1962},{\"@type\":\"BreadcrumbList\",\"@id\":\"https:\\\/\\\/cssdn.gouv.qc.ca\\\/saintdominique\\\/#breadcrumb\",\"itemListElement\":[{\"@type\":\"ListItem\",\"position\":1,\"name\":\"Accueil\",\"item\":\"https:\\\/\\\/cssdn.gouv.qc.ca\\\/saintdominique\\\/\"},{\"@type\":\"ListItem\",\"position\":2,\"name\":\"Accueil\"}]},{\"@type\":\"WebSite\",\"@id\":\"https:\\\/\\\/cssdn.gouv.qc.ca\\\/saintdominique\\\/#website\",\"url\":\"https:\\\/\\\/cssdn.gouv.qc.ca\\\/saintdominique\\\/\",\"name\":\"\u00c9cole Saint-Dominique\",\"description\":\"Un site des centres de services scolaires des Navigateurs\",\"publisher\":{\"@id\":\"https:\\\/\\\/cssdn.gouv.qc.ca\\\/saintdominique\\\/#organization\"},\"potentialAction\":[{\"@type\":\"SearchAction\",\"target\":{\"@type\":\"EntryPoint\",\"urlTemplate\":\"https:\\\/\\\/cssdn.gouv.qc.ca\\\/saintdominique\\\/?s={search_term_string}\"},\"query-input\":{\"@type\":\"PropertyValueSpecification\",\"valueRequired\":true,\"valueName\":\"search_term_string\"}}],\"inLanguage\":\"fr-CA\"},{\"@type\":\"Organization\",\"@id\":\"https:\\\/\\\/cssdn.gouv.qc.ca\\\/saintdominique\\\/#organization\",\"name\":\"\u00c9cole Saint-Dominique\",\"url\":\"https:\\\/\\\/cssdn.gouv.qc.ca\\\/saintdominique\\\/\",\"logo\":{\"@type\":\"ImageObject\",\"inLanguage\":\"fr-CA\",\"@id\":\"https:\\\/\\\/cssdn.gouv.qc.ca\\\/saintdominique\\\/#\\\/schema\\\/logo\\\/image\\\/\",\"url\":\"https:\\\/\\\/cssdn.gouv.qc.ca\\\/saintdominique\\\/wp-content\\\/uploads\\\/sites\\\/56\\\/2023\\\/01\\\/logo_quebec.svg\",\"contentUrl\":\"https:\\\/\\\/cssdn.gouv.qc.ca\\\/saintdominique\\\/wp-content\\\/uploads\\\/sites\\\/56\\\/2023\\\/01\\\/logo_quebec.svg\",\"width\":188,\"height\":41,\"caption\":\"\u00c9cole Saint-Dominique\"},\"image\":{\"@id\":\"https:\\\/\\\/cssdn.gouv.qc.ca\\\/saintdominique\\\/#\\\/schema\\\/logo\\\/image\\\/\"},\"sameAs\":[\"https:\\\/\\\/www.facebook.com\\\/csdn.qc.ca\"]}]}<\/script>\n<!-- \/ Yoast SEO plugin. -->","yoast_head_json":{"title":"Accueil - \u00c9cole Saint-Dominique","robots":{"index":"index","follow":"follow","max-snippet":"max-snippet:-1","max-image-preview":"max-image-preview:large","max-video-preview":"max-video-preview:-1"},"canonical":"https:\/\/cssdn.gouv.qc.ca\/saintdominique\/","og_locale":"fr_CA","og_type":"article","og_title":"Accueil - \u00c9cole Saint-Dominique","og_description":"Actualit\u00e9s Calendrier \u00c0 propos de l&rsquo;\u00e9cole D\u00e9couvrez la mission, la vision ainsi que les valeurs de l\u2019\u00e9cole. Vous pouvez \u00e9galement consulter l\u2019horaire, le calendrier, notre \u00e9quipe, le conseil d\u2019\u00e9tablissement ainsi que notre rapport annuel.","og_url":"https:\/\/cssdn.gouv.qc.ca\/saintdominique\/","og_site_name":"\u00c9cole Saint-Dominique","article_publisher":"https:\/\/www.facebook.com\/csdn.qc.ca","article_modified_time":"2024-11-11T14:07:21+00:00","og_image":[{"url":"https:\/\/cssdn.gouv.qc.ca\/saintdominique\/wp-content\/uploads\/sites\/56\/2024\/05\/murale-1-e1716385817420.jpg","type":"","width":"","height":""}],"twitter_card":"summary_large_image","twitter_misc":{"Estimation du temps de lecture":"2 minutes"},"schema":{"@context":"https:\/\/schema.org","@graph":[{"@type":"WebPage","@id":"https:\/\/cssdn.gouv.qc.ca\/saintdominique\/","url":"https:\/\/cssdn.gouv.qc.ca\/saintdominique\/","name":"Accueil - \u00c9cole Saint-Dominique","isPartOf":{"@id":"https:\/\/cssdn.gouv.qc.ca\/saintdominique\/#website"},"primaryImageOfPage":{"@id":"https:\/\/cssdn.gouv.qc.ca\/saintdominique\/#primaryimage"},"image":{"@id":"https:\/\/cssdn.gouv.qc.ca\/saintdominique\/#primaryimage"},"thumbnailUrl":"https:\/\/cssdn.gouv.qc.ca\/saintdominique\/wp-content\/uploads\/sites\/56\/2024\/05\/murale-1-e1716385817420.jpg","datePublished":"2022-11-08T21:07:53+00:00","dateModified":"2024-11-11T14:07:21+00:00","breadcrumb":{"@id":"https:\/\/cssdn.gouv.qc.ca\/saintdominique\/#breadcrumb"},"inLanguage":"fr-CA","potentialAction":[{"@type":"ReadAction","target":["https:\/\/cssdn.gouv.qc.ca\/saintdominique\/"]}]},{"@type":"ImageObject","inLanguage":"fr-CA","@id":"https:\/\/cssdn.gouv.qc.ca\/saintdominique\/#primaryimage","url":"https:\/\/cssdn.gouv.qc.ca\/saintdominique\/wp-content\/uploads\/sites\/56\/2024\/05\/murale-1-e1716385817420.jpg","contentUrl":"https:\/\/cssdn.gouv.qc.ca\/saintdominique\/wp-content\/uploads\/sites\/56\/2024\/05\/murale-1-e1716385817420.jpg","width":1392,"height":1962},{"@type":"BreadcrumbList","@id":"https:\/\/cssdn.gouv.qc.ca\/saintdominique\/#breadcrumb","itemListElement":[{"@type":"ListItem","position":1,"name":"Accueil","item":"https:\/\/cssdn.gouv.qc.ca\/saintdominique\/"},{"@type":"ListItem","position":2,"name":"Accueil"}]},{"@type":"WebSite","@id":"https:\/\/cssdn.gouv.qc.ca\/saintdominique\/#website","url":"https:\/\/cssdn.gouv.qc.ca\/saintdominique\/","name":"\u00c9cole Saint-Dominique","description":"Un site des centres de services scolaires des Navigateurs","publisher":{"@id":"https:\/\/cssdn.gouv.qc.ca\/saintdominique\/#organization"},"potentialAction":[{"@type":"SearchAction","target":{"@type":"EntryPoint","urlTemplate":"https:\/\/cssdn.gouv.qc.ca\/saintdominique\/?s={search_term_string}"},"query-input":{"@type":"PropertyValueSpecification","valueRequired":true,"valueName":"search_term_string"}}],"inLanguage":"fr-CA"},{"@type":"Organization","@id":"https:\/\/cssdn.gouv.qc.ca\/saintdominique\/#organization","name":"\u00c9cole Saint-Dominique","url":"https:\/\/cssdn.gouv.qc.ca\/saintdominique\/","logo":{"@type":"ImageObject","inLanguage":"fr-CA","@id":"https:\/\/cssdn.gouv.qc.ca\/saintdominique\/#\/schema\/logo\/image\/","url":"https:\/\/cssdn.gouv.qc.ca\/saintdominique\/wp-content\/uploads\/sites\/56\/2023\/01\/logo_quebec.svg","contentUrl":"https:\/\/cssdn.gouv.qc.ca\/saintdominique\/wp-content\/uploads\/sites\/56\/2023\/01\/logo_quebec.svg","width":188,"height":41,"caption":"\u00c9cole Saint-Dominique"},"image":{"@id":"https:\/\/cssdn.gouv.qc.ca\/saintdominique\/#\/schema\/logo\/image\/"},"sameAs":["https:\/\/www.facebook.com\/csdn.qc.ca"]}]}},"publishpress_future_action":{"enabled":false,"date":"2026-05-08 08:48:20","action":"change-status","newStatus":"draft","terms":[],"taxonomy":"category","extraData":[]},"publishpress_future_workflow_manual_trigger":{"enabledWorkflows":[]},"_links":{"self":[{"href":"https:\/\/cssdn.gouv.qc.ca\/saintdominique\/wp-json\/wp\/v2\/pages\/5","targetHints":{"allow":["GET"]}}],"collection":[{"href":"https:\/\/cssdn.gouv.qc.ca\/saintdominique\/wp-json\/wp\/v2\/pages"}],"about":[{"href":"https:\/\/cssdn.gouv.qc.ca\/saintdominique\/wp-json\/wp\/v2\/types\/page"}],"author":[{"embeddable":true,"href":"https:\/\/cssdn.gouv.qc.ca\/saintdominique\/wp-json\/wp\/v2\/users\/1"}],"replies":[{"embeddable":true,"href":"https:\/\/cssdn.gouv.qc.ca\/saintdominique\/wp-json\/wp\/v2\/comments?post=5"}],"version-history":[{"count":0,"href":"https:\/\/cssdn.gouv.qc.ca\/saintdominique\/wp-json\/wp\/v2\/pages\/5\/revisions"}],"wp:attachment":[{"href":"https:\/\/cssdn.gouv.qc.ca\/saintdominique\/wp-json\/wp\/v2\/media?parent=5"}],"wp:term":[{"taxonomy":"category","embeddable":true,"href":"https:\/\/cssdn.gouv.qc.ca\/saintdominique\/wp-json\/wp\/v2\/categories?post=5"},{"taxonomy":"post_tag","embeddable":true,"href":"https:\/\/cssdn.gouv.qc.ca\/saintdominique\/wp-json\/wp\/v2\/tags?post=5"}],"curies":[{"name":"wp","href":"https:\/\/api.w.org\/{rel}","templated":true}]}}