
{"id":9,"date":"2022-11-08T16:07:54","date_gmt":"2022-11-08T21:07:54","guid":{"rendered":"https:\/\/cssdn.gouv.qc.ca\/saintdominique\/a-propos\/notre-equipe\/"},"modified":"2026-02-19T13:28:37","modified_gmt":"2026-02-19T18:28:37","slug":"notre-equipe","status":"publish","type":"page","link":"https:\/\/cssdn.gouv.qc.ca\/saintdominique\/a-propos\/notre-equipe\/","title":{"rendered":"Notre \u00e9quipe"},"content":{"rendered":"\n<div class=\"wp-block-cover alignfull is-style-title-banner\"><img decoding=\"async\" width=\"1278\" height=\"1278\" class=\"wp-block-cover__image-background wp-image-108 lazyload\" alt=\"\" data-src=\"https:\/\/cssdn.gouv.qc.ca\/saintdominique\/wp-content\/uploads\/sites\/56\/2022\/12\/logo_saintdominique_outline.png\" data-object-fit=\"cover\" data-srcset=\"https:\/\/cssdn.gouv.qc.ca\/saintdominique\/wp-content\/uploads\/sites\/56\/2022\/12\/logo_saintdominique_outline.png 1278w, https:\/\/cssdn.gouv.qc.ca\/saintdominique\/wp-content\/uploads\/sites\/56\/2022\/12\/logo_saintdominique_outline-300x300.png 300w, https:\/\/cssdn.gouv.qc.ca\/saintdominique\/wp-content\/uploads\/sites\/56\/2022\/12\/logo_saintdominique_outline-1024x1024.png 1024w, https:\/\/cssdn.gouv.qc.ca\/saintdominique\/wp-content\/uploads\/sites\/56\/2022\/12\/logo_saintdominique_outline-150x150.png 150w, https:\/\/cssdn.gouv.qc.ca\/saintdominique\/wp-content\/uploads\/sites\/56\/2022\/12\/logo_saintdominique_outline-768x768.png 768w\" data-sizes=\"(max-width: 1278px) 100vw, 1278px\" src=\"data:image\/svg+xml;base64,PHN2ZyB3aWR0aD0iMSIgaGVpZ2h0PSIxIiB4bWxucz0iaHR0cDovL3d3dy53My5vcmcvMjAwMC9zdmciPjwvc3ZnPg==\" style=\"--smush-placeholder-width: 1278px; --smush-placeholder-aspect-ratio: 1278\/1278;\" \/><span aria-hidden=\"true\" class=\"wp-block-cover__background has-primary-background-color has-background-dim\"><\/span><div class=\"wp-block-cover__inner-container\"><h3 class=\"wp-block-post-title\">Notre \u00e9quipe<\/h3><\/div><\/div>\n\n\n\n<div class=\"wp-block-group alignfull has-padding-y-large has-secondary-background-color has-background\"><div class=\"yoast-breadcrumbs alignwide \"><span class=\"breadcrumbs\"><a href=\"https:\/\/cssdn.gouv.qc.ca\/saintdominique\/\" class=\"breadcrumbs__element\">Accueil<\/a> <span class=\"breadcrumbs__separator\">\n        <svg class=\"icon icon-breadcrumb__separator\"><use xlink:href=\"#icon-breadcrumb__separator\"><\/use><\/svg>\n    <\/span> <a href=\"https:\/\/cssdn.gouv.qc.ca\/saintdominique\/a-propos\/\" class=\"breadcrumbs__element\">\u00c0 propos<\/a> <span class=\"breadcrumbs__separator\">\n        <svg class=\"icon icon-breadcrumb__separator\"><use xlink:href=\"#icon-breadcrumb__separator\"><\/use><\/svg>\n    <\/span> <span class=\"breadcrumbs__element breadcrumbs__element-current\">Notre \u00e9quipe<\/span><\/span><\/div><\/div>\n\n\n\n<h2 class=\"wp-block-heading\">Administration<\/h2>\n\n\n\n<p class=\"wp-block-paragraph\"><strong>Directrice :<\/strong>&nbsp;St\u00e9phanie L\u00e9vesque<\/p>\n\n\n\n<p class=\"wp-block-paragraph\"><strong>Directeur adjoint<\/strong>: S\u00e9bastien Goulet<\/p>\n\n\n\n<p class=\"wp-block-paragraph\"><strong>Secr\u00e9taire :<\/strong>&nbsp;Karina Picard<\/p>\n\n\n\n<p class=\"wp-block-paragraph\"><strong>Secr\u00e9taire d&rsquo;\u00e9cole :<\/strong>&nbsp;Val\u00e9rie Barriault<\/p>\n\n\n\n<p class=\"wp-block-paragraph\"><\/p>\n\n\n\n<h2 class=\"wp-block-heading\"><strong>Personnel enseignant<\/strong><\/h2>\n\n\n\n<p class=\"wp-block-paragraph\"><strong><em>Pr\u00e9scolaire<\/em><\/strong><\/p>\n\n\n\n<ul class=\"wp-block-list\">\n<li>Maryse Darveau (M\u00e9lissa Morin)<\/li>\n\n\n\n<li>Dominique Dionne<\/li>\n\n\n\n<li>Genevi\u00e8ve Caron<\/li>\n\n\n\n<li>St\u00e9phanie Drouin (M\u00e9lissa Morin)<\/li>\n\n\n\n<li>Jacynthe C\u00f4t\u00e9<\/li>\n<\/ul>\n\n\n\n<p class=\"wp-block-paragraph\"><strong><em>1<sup>re&nbsp;<\/sup>ann\u00e9e<\/em><\/strong><\/p>\n\n\n\n<ul class=\"wp-block-list\">\n<li>Cyntia Lachance&nbsp;<\/li>\n\n\n\n<li>Sylvie Bouchard<\/li>\n\n\n\n<li>Florence Bouch\u00e9<\/li>\n<\/ul>\n\n\n\n<p class=\"wp-block-paragraph\"><strong><em>1<sup>re<\/sup>&#8211; 2<sup>e<\/sup>&nbsp;ann\u00e9e<\/em><\/strong><\/p>\n\n\n\n<ul class=\"wp-block-list\">\n<li>Marie-Pier Fournier (Marilou Gagn\u00e9-Lavall\u00e9e)<\/li>\n<\/ul>\n\n\n\n<p class=\"wp-block-paragraph\"><strong><em>2<sup>e<\/sup>&nbsp;ann\u00e9e<\/em><\/strong><\/p>\n\n\n\n<ul class=\"wp-block-list\">\n<li>Isabelle Ricard (Marilou Gagn\u00e9-Lavall\u00e9e)<\/li>\n\n\n\n<li>Annie Giroux<\/li>\n\n\n\n<li>Annie Gagn\u00e9<\/li>\n<\/ul>\n\n\n\n<p class=\"wp-block-paragraph\"><strong><em>3<sup>e<\/sup>&nbsp;ann\u00e9e<\/em><\/strong><\/p>\n\n\n\n<ul class=\"wp-block-list\">\n<li>France Lauzier (Marilou Gagn\u00e9-Lavall\u00e9e)<\/li>\n\n\n\n<li>Emanuelle Turgeon<\/li>\n\n\n\n<li>Josianne Lavall\u00e9e-Bouffard&nbsp;(Marilou Gagn\u00e9-Lavall\u00e9e)<\/li>\n<\/ul>\n\n\n\n<p class=\"wp-block-paragraph\"><strong><em>3<sup>e<\/sup>&#8211; 4<sup>e<\/sup>&nbsp;ann\u00e9e<\/em><\/strong><\/p>\n\n\n\n<ul class=\"wp-block-list\">\n<li>Sandrine Carrier<\/li>\n<\/ul>\n\n\n\n<p class=\"wp-block-paragraph\"><strong><em>4<sup>e<\/sup>&nbsp;ann\u00e9e<\/em><\/strong><\/p>\n\n\n\n<ul class=\"wp-block-list\">\n<li>Audrey L\u00e9tourneau<\/li>\n\n\n\n<li>Myl\u00e8ne Bouffard (Marilou Gagn\u00e9-Lavall\u00e9e)<\/li>\n\n\n\n<li>Sarah Kirouac (Marilou Gagn\u00e9-Lavall\u00e9e)<\/li>\n<\/ul>\n\n\n\n<ul class=\"wp-block-list\">\n<li><\/li>\n<\/ul>\n\n\n\n<p class=\"wp-block-paragraph\"><strong><em>5<sup>e<\/sup>&nbsp;ann\u00e9e<\/em><\/strong><\/p>\n\n\n\n<ul class=\"wp-block-list\">\n<li>Samuel Brissette<\/li>\n\n\n\n<li>\u00c9milie Dumas<\/li>\n\n\n\n<li>Sonia Martineau<\/li>\n<\/ul>\n\n\n\n<ul class=\"wp-block-list\">\n<li><\/li>\n<\/ul>\n\n\n\n<p class=\"wp-block-paragraph\"><strong><em>5<sup>e<\/sup>&#8211; 6<sup>e<\/sup>&nbsp;ann\u00e9e<\/em><\/strong><\/p>\n\n\n\n<ul class=\"wp-block-list\">\n<li>Gabrielle Simard<\/li>\n<\/ul>\n\n\n\n<p class=\"wp-block-paragraph\"><strong><em>6<sup>e<\/sup>&nbsp;ann\u00e9e<\/em><\/strong><\/p>\n\n\n\n<ul class=\"wp-block-list\">\n<li>\u00c9lise Bilodeau<\/li>\n\n\n\n<li>Justine Fortier<\/li>\n\n\n\n<li>Genevi\u00e8ve Guillemette<\/li>\n\n\n\n<li>Simon-Pierre Rivard (Marilou Gagn\u00e9-Lavall\u00e9e)<\/li>\n<\/ul>\n\n\n\n<ul class=\"wp-block-list\">\n<li><\/li>\n<\/ul>\n\n\n\n<p class=\"wp-block-paragraph\"><\/p>\n\n\n\n<h2 class=\"wp-block-heading\"><strong>Enseignants sp\u00e9cialistes<\/strong><\/h2>\n\n\n\n<ul class=\"wp-block-list\">\n<li><strong>Musique :<\/strong> Karine Bouchard et \u00c9lisabeth Larose<\/li>\n<\/ul>\n\n\n\n<ul class=\"wp-block-list\">\n<li><strong>\u00c9ducation physique :<\/strong> Maxime Boilard, Antoine Dallaire et Marie-Pier Paris\u00e9<\/li>\n<\/ul>\n\n\n\n<ul class=\"wp-block-list\">\n<li><strong>Anglais :<\/strong> Karen Grandbois et Laurence Poirier<\/li>\n<\/ul>\n\n\n\n<h2 class=\"wp-block-heading\">Professionnels<\/h2>\n\n\n\n<p class=\"wp-block-paragraph\"><strong>Agente de r\u00e9adaptation<\/strong><\/p>\n\n\n\n<ul class=\"wp-block-list\">\n<li>Kathyop\u00e9e Allen<\/li>\n<\/ul>\n\n\n\n<p class=\"wp-block-paragraph\"><\/p>\n\n\n\n<p class=\"wp-block-paragraph\"><strong>Services compl\u00e9mentaires<\/strong><\/p>\n\n\n\n<ul class=\"wp-block-list\">\n<li>Sandra Carbonneau, orthop\u00e9dagogue<\/li>\n\n\n\n<li>M\u00e9lissa Kirouac, enseignante-orthop\u00e9dagogue<\/li>\n\n\n\n<li>Lynn Dufour, enseignante-orthop\u00e9dagogue et francisation<\/li>\n\n\n\n<li>Danielle Levasseur \/ Annie B\u00e9langer, orthophonistes<\/li>\n<\/ul>\n\n\n\n<h2 class=\"wp-block-heading\">Soutien aux \u00e9l\u00e8ves<\/h2>\n\n\n\n<p class=\"wp-block-paragraph\"><strong>Techniciens en \u00e9ducation sp\u00e9cialis\u00e9e<\/strong><\/p>\n\n\n\n<ul class=\"wp-block-list\">\n<li>Vicky Martin<\/li>\n\n\n\n<li>Manon Morin<\/li>\n\n\n\n<li>Anne-Sophie Bernier<\/li>\n\n\n\n<li>Marie-Philippe Bouchard<\/li>\n\n\n\n<li>Robert C\u00f4t\u00e9<\/li>\n\n\n\n<li>H\u00e9l\u00e9na Roy<\/li>\n\n\n\n<li>Ma\u00efka Doyon<\/li>\n\n\n\n<li>Anne-Sophie B\u00e9gin<\/li>\n\n\n\n<li>Marion Plourde<\/li>\n<\/ul>\n\n\n\n<h2 class=\"wp-block-heading\"><strong>Service de garde<\/strong><\/h2>\n\n\n\n<p class=\"wp-block-paragraph\"><strong>Technicienne :<\/strong>&nbsp;M\u00e9lodie Murray<\/p>\n\n\n\n<p class=\"wp-block-paragraph\"><strong>Classe principale :<\/strong>&nbsp;Marie-Chantale Lemieux<\/p>\n\n\n\n<p class=\"wp-block-paragraph\"><strong>\u00c9ducateurs et \u00e9ducatrices<\/strong><\/p>\n\n\n\n<ul class=\"wp-block-list\">\n<li>Line Boulanger<\/li>\n\n\n\n<li>Solange Blais Gravel<\/li>\n\n\n\n<li>Genevi\u00e8ve Vall\u00e9e<\/li>\n\n\n\n<li>Sindy Corlay<\/li>\n\n\n\n<li>Chantale Gagn\u00e9<\/li>\n\n\n\n<li>\u00c9rika Campeau<\/li>\n\n\n\n<li>Isabelle Gagnon<\/li>\n\n\n\n<li>Vanessa Turpin<\/li>\n\n\n\n<li>Linda Fournier<\/li>\n\n\n\n<li>Judith Joncas<\/li>\n\n\n\n<li>Yvon Guay<\/li>\n\n\n\n<li>Martine Powers<\/li>\n\n\n\n<li>St\u00e9phanie St-Gelais<\/li>\n\n\n\n<li>Karina Gagn\u00e9<\/li>\n\n\n\n<li>Katherine Drouin<\/li>\n\n\n\n<li>Laurie Garon<\/li>\n\n\n\n<li>Sylvie Paquet<\/li>\n\n\n\n<li>Annie Pelletier<\/li>\n\n\n\n<li>M\u00e9lissa Lefebvre<\/li>\n\n\n\n<li>Anderson Simplice<\/li>\n\n\n\n<li>Marie-Pier Cotton<\/li>\n\n\n\n<li>Jessica Tapp<\/li>\n\n\n\n<li>Camille B\u00e9dard<\/li>\n<\/ul>\n\n\n\n<p class=\"wp-block-paragraph\"><strong>Concierge&nbsp;<\/strong><\/p>\n\n\n\n<ul class=\"wp-block-list\">\n<li>Steven Richard<\/li>\n<\/ul>\n","protected":false},"excerpt":{"rendered":"<p>Administration Directrice :&nbsp;St\u00e9phanie L\u00e9vesque Directeur adjoint: S\u00e9bastien Goulet Secr\u00e9taire :&nbsp;Karina Picard Secr\u00e9taire d&rsquo;\u00e9cole :&nbsp;Val\u00e9rie Barriault Personnel enseignant Pr\u00e9scolaire 1re&nbsp;ann\u00e9e 1re&#8211; 2e&nbsp;ann\u00e9e 2e&nbsp;ann\u00e9e 3e&nbsp;ann\u00e9e 3e&#8211; 4e&nbsp;ann\u00e9e 4e&nbsp;ann\u00e9e 5e&nbsp;ann\u00e9e 5e&#8211; 6e&nbsp;ann\u00e9e 6e&nbsp;ann\u00e9e Enseignants sp\u00e9cialistes Professionnels Agente de r\u00e9adaptation Services compl\u00e9mentaires Soutien aux \u00e9l\u00e8ves Techniciens en \u00e9ducation sp\u00e9cialis\u00e9e Service de garde Technicienne :&nbsp;M\u00e9lodie Murray Classe principale :&nbsp;Marie-Chantale Lemieux [&hellip;]<\/p>\n","protected":false},"author":1,"featured_media":0,"parent":6,"menu_order":0,"comment_status":"closed","ping_status":"closed","template":"","meta":{"_acf_changed":false,"_crdt_document":"","inline_featured_image":false,"footnotes":""},"categories":[],"tags":[],"class_list":["post-9","page","type-page","status-publish","hentry"],"acf":[],"yoast_head":"<!-- This site is optimized with the Yoast SEO plugin v27.4 - https:\/\/yoast.com\/product\/yoast-seo-wordpress\/ -->\n<title>Notre \u00e9quipe - \u00c9cole Saint-Dominique<\/title>\n<meta name=\"robots\" content=\"index, follow, max-snippet:-1, max-image-preview:large, max-video-preview:-1\" \/>\n<link rel=\"canonical\" href=\"https:\/\/cssdn.gouv.qc.ca\/saintdominique\/a-propos\/notre-equipe\/\" \/>\n<meta property=\"og:locale\" content=\"fr_CA\" \/>\n<meta property=\"og:type\" content=\"article\" \/>\n<meta property=\"og:title\" content=\"Notre \u00e9quipe - \u00c9cole Saint-Dominique\" \/>\n<meta property=\"og:description\" content=\"Administration Directrice :&nbsp;St\u00e9phanie L\u00e9vesque Directeur adjoint: S\u00e9bastien Goulet Secr\u00e9taire :&nbsp;Karina Picard Secr\u00e9taire d&rsquo;\u00e9cole :&nbsp;Val\u00e9rie Barriault Personnel enseignant Pr\u00e9scolaire 1re&nbsp;ann\u00e9e 1re&#8211; 2e&nbsp;ann\u00e9e 2e&nbsp;ann\u00e9e 3e&nbsp;ann\u00e9e 3e&#8211; 4e&nbsp;ann\u00e9e 4e&nbsp;ann\u00e9e 5e&nbsp;ann\u00e9e 5e&#8211; 6e&nbsp;ann\u00e9e 6e&nbsp;ann\u00e9e Enseignants sp\u00e9cialistes Professionnels Agente de r\u00e9adaptation Services compl\u00e9mentaires Soutien aux \u00e9l\u00e8ves Techniciens en \u00e9ducation sp\u00e9cialis\u00e9e Service de garde Technicienne :&nbsp;M\u00e9lodie Murray Classe principale :&nbsp;Marie-Chantale Lemieux [&hellip;]\" \/>\n<meta property=\"og:url\" content=\"https:\/\/cssdn.gouv.qc.ca\/saintdominique\/a-propos\/notre-equipe\/\" \/>\n<meta property=\"og:site_name\" content=\"\u00c9cole Saint-Dominique\" \/>\n<meta property=\"article:publisher\" content=\"https:\/\/www.facebook.com\/csdn.qc.ca\" \/>\n<meta property=\"article:modified_time\" content=\"2026-02-19T18:28:37+00:00\" \/>\n<meta property=\"og:image\" content=\"https:\/\/cssdn.gouv.qc.ca\/saintdominique\/wp-content\/uploads\/sites\/56\/2022\/12\/logo_saintdominique_outline.png\" \/>\n\t<meta property=\"og:image:width\" content=\"1278\" \/>\n\t<meta property=\"og:image:height\" content=\"1278\" \/>\n\t<meta property=\"og:image:type\" content=\"image\/png\" \/>\n<meta name=\"twitter:card\" content=\"summary_large_image\" \/>\n<meta name=\"twitter:label1\" content=\"Estimation du temps de lecture\" \/>\n\t<meta name=\"twitter:data1\" content=\"2 minutes\" \/>\n<script type=\"application\/ld+json\" class=\"yoast-schema-graph\">{\"@context\":\"https:\\\/\\\/schema.org\",\"@graph\":[{\"@type\":\"WebPage\",\"@id\":\"https:\\\/\\\/cssdn.gouv.qc.ca\\\/saintdominique\\\/a-propos\\\/notre-equipe\\\/\",\"url\":\"https:\\\/\\\/cssdn.gouv.qc.ca\\\/saintdominique\\\/a-propos\\\/notre-equipe\\\/\",\"name\":\"Notre \u00e9quipe - \u00c9cole Saint-Dominique\",\"isPartOf\":{\"@id\":\"https:\\\/\\\/cssdn.gouv.qc.ca\\\/saintdominique\\\/#website\"},\"primaryImageOfPage\":{\"@id\":\"https:\\\/\\\/cssdn.gouv.qc.ca\\\/saintdominique\\\/a-propos\\\/notre-equipe\\\/#primaryimage\"},\"image\":{\"@id\":\"https:\\\/\\\/cssdn.gouv.qc.ca\\\/saintdominique\\\/a-propos\\\/notre-equipe\\\/#primaryimage\"},\"thumbnailUrl\":\"https:\\\/\\\/cssdn.gouv.qc.ca\\\/saintdominique\\\/wp-content\\\/uploads\\\/sites\\\/56\\\/2022\\\/12\\\/logo_saintdominique_outline.png\",\"datePublished\":\"2022-11-08T21:07:54+00:00\",\"dateModified\":\"2026-02-19T18:28:37+00:00\",\"breadcrumb\":{\"@id\":\"https:\\\/\\\/cssdn.gouv.qc.ca\\\/saintdominique\\\/a-propos\\\/notre-equipe\\\/#breadcrumb\"},\"inLanguage\":\"fr-CA\",\"potentialAction\":[{\"@type\":\"ReadAction\",\"target\":[\"https:\\\/\\\/cssdn.gouv.qc.ca\\\/saintdominique\\\/a-propos\\\/notre-equipe\\\/\"]}]},{\"@type\":\"ImageObject\",\"inLanguage\":\"fr-CA\",\"@id\":\"https:\\\/\\\/cssdn.gouv.qc.ca\\\/saintdominique\\\/a-propos\\\/notre-equipe\\\/#primaryimage\",\"url\":\"https:\\\/\\\/cssdn.gouv.qc.ca\\\/saintdominique\\\/wp-content\\\/uploads\\\/sites\\\/56\\\/2022\\\/12\\\/logo_saintdominique_outline.png\",\"contentUrl\":\"https:\\\/\\\/cssdn.gouv.qc.ca\\\/saintdominique\\\/wp-content\\\/uploads\\\/sites\\\/56\\\/2022\\\/12\\\/logo_saintdominique_outline.png\",\"width\":1278,\"height\":1278},{\"@type\":\"BreadcrumbList\",\"@id\":\"https:\\\/\\\/cssdn.gouv.qc.ca\\\/saintdominique\\\/a-propos\\\/notre-equipe\\\/#breadcrumb\",\"itemListElement\":[{\"@type\":\"ListItem\",\"position\":1,\"name\":\"Accueil\",\"item\":\"https:\\\/\\\/cssdn.gouv.qc.ca\\\/saintdominique\\\/\"},{\"@type\":\"ListItem\",\"position\":2,\"name\":\"\u00c0 propos\",\"item\":\"https:\\\/\\\/cssdn.gouv.qc.ca\\\/saintdominique\\\/a-propos\\\/\"},{\"@type\":\"ListItem\",\"position\":3,\"name\":\"Notre \u00e9quipe\"}]},{\"@type\":\"WebSite\",\"@id\":\"https:\\\/\\\/cssdn.gouv.qc.ca\\\/saintdominique\\\/#website\",\"url\":\"https:\\\/\\\/cssdn.gouv.qc.ca\\\/saintdominique\\\/\",\"name\":\"\u00c9cole Saint-Dominique\",\"description\":\"Un site des centres de services scolaires des Navigateurs\",\"publisher\":{\"@id\":\"https:\\\/\\\/cssdn.gouv.qc.ca\\\/saintdominique\\\/#organization\"},\"potentialAction\":[{\"@type\":\"SearchAction\",\"target\":{\"@type\":\"EntryPoint\",\"urlTemplate\":\"https:\\\/\\\/cssdn.gouv.qc.ca\\\/saintdominique\\\/?s={search_term_string}\"},\"query-input\":{\"@type\":\"PropertyValueSpecification\",\"valueRequired\":true,\"valueName\":\"search_term_string\"}}],\"inLanguage\":\"fr-CA\"},{\"@type\":\"Organization\",\"@id\":\"https:\\\/\\\/cssdn.gouv.qc.ca\\\/saintdominique\\\/#organization\",\"name\":\"\u00c9cole Saint-Dominique\",\"url\":\"https:\\\/\\\/cssdn.gouv.qc.ca\\\/saintdominique\\\/\",\"logo\":{\"@type\":\"ImageObject\",\"inLanguage\":\"fr-CA\",\"@id\":\"https:\\\/\\\/cssdn.gouv.qc.ca\\\/saintdominique\\\/#\\\/schema\\\/logo\\\/image\\\/\",\"url\":\"https:\\\/\\\/cssdn.gouv.qc.ca\\\/saintdominique\\\/wp-content\\\/uploads\\\/sites\\\/56\\\/2023\\\/01\\\/logo_quebec.svg\",\"contentUrl\":\"https:\\\/\\\/cssdn.gouv.qc.ca\\\/saintdominique\\\/wp-content\\\/uploads\\\/sites\\\/56\\\/2023\\\/01\\\/logo_quebec.svg\",\"width\":188,\"height\":41,\"caption\":\"\u00c9cole Saint-Dominique\"},\"image\":{\"@id\":\"https:\\\/\\\/cssdn.gouv.qc.ca\\\/saintdominique\\\/#\\\/schema\\\/logo\\\/image\\\/\"},\"sameAs\":[\"https:\\\/\\\/www.facebook.com\\\/csdn.qc.ca\"]}]}<\/script>\n<!-- \/ Yoast SEO plugin. -->","yoast_head_json":{"title":"Notre \u00e9quipe - \u00c9cole Saint-Dominique","robots":{"index":"index","follow":"follow","max-snippet":"max-snippet:-1","max-image-preview":"max-image-preview:large","max-video-preview":"max-video-preview:-1"},"canonical":"https:\/\/cssdn.gouv.qc.ca\/saintdominique\/a-propos\/notre-equipe\/","og_locale":"fr_CA","og_type":"article","og_title":"Notre \u00e9quipe - \u00c9cole Saint-Dominique","og_description":"Administration Directrice :&nbsp;St\u00e9phanie L\u00e9vesque Directeur adjoint: S\u00e9bastien Goulet Secr\u00e9taire :&nbsp;Karina Picard Secr\u00e9taire d&rsquo;\u00e9cole :&nbsp;Val\u00e9rie Barriault Personnel enseignant Pr\u00e9scolaire 1re&nbsp;ann\u00e9e 1re&#8211; 2e&nbsp;ann\u00e9e 2e&nbsp;ann\u00e9e 3e&nbsp;ann\u00e9e 3e&#8211; 4e&nbsp;ann\u00e9e 4e&nbsp;ann\u00e9e 5e&nbsp;ann\u00e9e 5e&#8211; 6e&nbsp;ann\u00e9e 6e&nbsp;ann\u00e9e Enseignants sp\u00e9cialistes Professionnels Agente de r\u00e9adaptation Services compl\u00e9mentaires Soutien aux \u00e9l\u00e8ves Techniciens en \u00e9ducation sp\u00e9cialis\u00e9e Service de garde Technicienne :&nbsp;M\u00e9lodie Murray Classe principale :&nbsp;Marie-Chantale Lemieux [&hellip;]","og_url":"https:\/\/cssdn.gouv.qc.ca\/saintdominique\/a-propos\/notre-equipe\/","og_site_name":"\u00c9cole Saint-Dominique","article_publisher":"https:\/\/www.facebook.com\/csdn.qc.ca","article_modified_time":"2026-02-19T18:28:37+00:00","og_image":[{"width":1278,"height":1278,"url":"https:\/\/cssdn.gouv.qc.ca\/saintdominique\/wp-content\/uploads\/sites\/56\/2022\/12\/logo_saintdominique_outline.png","type":"image\/png"}],"twitter_card":"summary_large_image","twitter_misc":{"Estimation du temps de lecture":"2 minutes"},"schema":{"@context":"https:\/\/schema.org","@graph":[{"@type":"WebPage","@id":"https:\/\/cssdn.gouv.qc.ca\/saintdominique\/a-propos\/notre-equipe\/","url":"https:\/\/cssdn.gouv.qc.ca\/saintdominique\/a-propos\/notre-equipe\/","name":"Notre \u00e9quipe - \u00c9cole Saint-Dominique","isPartOf":{"@id":"https:\/\/cssdn.gouv.qc.ca\/saintdominique\/#website"},"primaryImageOfPage":{"@id":"https:\/\/cssdn.gouv.qc.ca\/saintdominique\/a-propos\/notre-equipe\/#primaryimage"},"image":{"@id":"https:\/\/cssdn.gouv.qc.ca\/saintdominique\/a-propos\/notre-equipe\/#primaryimage"},"thumbnailUrl":"https:\/\/cssdn.gouv.qc.ca\/saintdominique\/wp-content\/uploads\/sites\/56\/2022\/12\/logo_saintdominique_outline.png","datePublished":"2022-11-08T21:07:54+00:00","dateModified":"2026-02-19T18:28:37+00:00","breadcrumb":{"@id":"https:\/\/cssdn.gouv.qc.ca\/saintdominique\/a-propos\/notre-equipe\/#breadcrumb"},"inLanguage":"fr-CA","potentialAction":[{"@type":"ReadAction","target":["https:\/\/cssdn.gouv.qc.ca\/saintdominique\/a-propos\/notre-equipe\/"]}]},{"@type":"ImageObject","inLanguage":"fr-CA","@id":"https:\/\/cssdn.gouv.qc.ca\/saintdominique\/a-propos\/notre-equipe\/#primaryimage","url":"https:\/\/cssdn.gouv.qc.ca\/saintdominique\/wp-content\/uploads\/sites\/56\/2022\/12\/logo_saintdominique_outline.png","contentUrl":"https:\/\/cssdn.gouv.qc.ca\/saintdominique\/wp-content\/uploads\/sites\/56\/2022\/12\/logo_saintdominique_outline.png","width":1278,"height":1278},{"@type":"BreadcrumbList","@id":"https:\/\/cssdn.gouv.qc.ca\/saintdominique\/a-propos\/notre-equipe\/#breadcrumb","itemListElement":[{"@type":"ListItem","position":1,"name":"Accueil","item":"https:\/\/cssdn.gouv.qc.ca\/saintdominique\/"},{"@type":"ListItem","position":2,"name":"\u00c0 propos","item":"https:\/\/cssdn.gouv.qc.ca\/saintdominique\/a-propos\/"},{"@type":"ListItem","position":3,"name":"Notre \u00e9quipe"}]},{"@type":"WebSite","@id":"https:\/\/cssdn.gouv.qc.ca\/saintdominique\/#website","url":"https:\/\/cssdn.gouv.qc.ca\/saintdominique\/","name":"\u00c9cole Saint-Dominique","description":"Un site des centres de services scolaires des Navigateurs","publisher":{"@id":"https:\/\/cssdn.gouv.qc.ca\/saintdominique\/#organization"},"potentialAction":[{"@type":"SearchAction","target":{"@type":"EntryPoint","urlTemplate":"https:\/\/cssdn.gouv.qc.ca\/saintdominique\/?s={search_term_string}"},"query-input":{"@type":"PropertyValueSpecification","valueRequired":true,"valueName":"search_term_string"}}],"inLanguage":"fr-CA"},{"@type":"Organization","@id":"https:\/\/cssdn.gouv.qc.ca\/saintdominique\/#organization","name":"\u00c9cole Saint-Dominique","url":"https:\/\/cssdn.gouv.qc.ca\/saintdominique\/","logo":{"@type":"ImageObject","inLanguage":"fr-CA","@id":"https:\/\/cssdn.gouv.qc.ca\/saintdominique\/#\/schema\/logo\/image\/","url":"https:\/\/cssdn.gouv.qc.ca\/saintdominique\/wp-content\/uploads\/sites\/56\/2023\/01\/logo_quebec.svg","contentUrl":"https:\/\/cssdn.gouv.qc.ca\/saintdominique\/wp-content\/uploads\/sites\/56\/2023\/01\/logo_quebec.svg","width":188,"height":41,"caption":"\u00c9cole Saint-Dominique"},"image":{"@id":"https:\/\/cssdn.gouv.qc.ca\/saintdominique\/#\/schema\/logo\/image\/"},"sameAs":["https:\/\/www.facebook.com\/csdn.qc.ca"]}]}},"publishpress_future_action":{"enabled":false,"date":"2026-05-03 21:41:20","action":"change-status","newStatus":"draft","terms":[],"taxonomy":"category","extraData":[]},"publishpress_future_workflow_manual_trigger":{"enabledWorkflows":[]},"_links":{"self":[{"href":"https:\/\/cssdn.gouv.qc.ca\/saintdominique\/wp-json\/wp\/v2\/pages\/9","targetHints":{"allow":["GET"]}}],"collection":[{"href":"https:\/\/cssdn.gouv.qc.ca\/saintdominique\/wp-json\/wp\/v2\/pages"}],"about":[{"href":"https:\/\/cssdn.gouv.qc.ca\/saintdominique\/wp-json\/wp\/v2\/types\/page"}],"author":[{"embeddable":true,"href":"https:\/\/cssdn.gouv.qc.ca\/saintdominique\/wp-json\/wp\/v2\/users\/1"}],"replies":[{"embeddable":true,"href":"https:\/\/cssdn.gouv.qc.ca\/saintdominique\/wp-json\/wp\/v2\/comments?post=9"}],"version-history":[{"count":0,"href":"https:\/\/cssdn.gouv.qc.ca\/saintdominique\/wp-json\/wp\/v2\/pages\/9\/revisions"}],"up":[{"embeddable":true,"href":"https:\/\/cssdn.gouv.qc.ca\/saintdominique\/wp-json\/wp\/v2\/pages\/6"}],"wp:attachment":[{"href":"https:\/\/cssdn.gouv.qc.ca\/saintdominique\/wp-json\/wp\/v2\/media?parent=9"}],"wp:term":[{"taxonomy":"category","embeddable":true,"href":"https:\/\/cssdn.gouv.qc.ca\/saintdominique\/wp-json\/wp\/v2\/categories?post=9"},{"taxonomy":"post_tag","embeddable":true,"href":"https:\/\/cssdn.gouv.qc.ca\/saintdominique\/wp-json\/wp\/v2\/tags?post=9"}],"curies":[{"name":"wp","href":"https:\/\/api.w.org\/{rel}","templated":true}]}}